{"id":961,"date":"2024-05-28T09:53:32","date_gmt":"2024-05-28T07:53:32","guid":{"rendered":"https:\/\/www.athema.it\/catalogo_benedini\/?page_id=961"},"modified":"2024-10-25T18:35:49","modified_gmt":"2024-10-25T16:35:49","slug":"presentazione","status":"publish","type":"page","link":"https:\/\/www.athema.it\/catalogo_benedini\/presentazione\/","title":{"rendered":"Presentazione"},"content":{"rendered":"\n<h2>\n\t\tPresentazione\n\t<\/h2>\n\t<p>Il <b>Catalogo ragionato<\/b> dell&#8217;opera di Gabriella Benedini nasce come inevitabile conseguenza del lungo e costante lavoro di archiviazione della sua produzione ed \u00e8 uno degli obiettivi che si \u00e8 prefissata l&#8217;<i>Associazione Archivio Gabriella Benedini<\/i>, nata nel 2019.<\/p>\n<p>L&#8217;<b>Archivio Gabriella Benedini<\/b>, infatti, \u00e8 stato avviato nel 2007 con l&#8217;intento di ordinare, conservare e studiare la produzione dell&#8217;artista.\u00a0<\/p>\n<p>Una volta riordinati i materiali che l&#8217;artista aveva prodotto e raccolto negli anni &#8211; opere, fotografie delle opere e fotografie personali, materiali bibliografici, inviti, documenti, lettere -, si \u00e8 sentita la necessit\u00e0 di realizzare il <b>Catalogo ragionato<\/b>, che \u00e8 divenuto occasione per una approfondita rivisitazione dell&#8217;intensa attivit\u00e0 dell&#8217;artista.\u00a0<\/p>\n<p>La scelta di pubblicare il <b>Catalogo ragionato online <\/b>\u00e8 stata dettata da diverse considerazioni:<\/p>\n<p>&#8211; il desiderio di affidarsi a uno strumento dinamico e innovativo;<\/p>\n<p>&#8211; l&#8217;intenzione di raggiungere un pubblico molto vasto, dagli studiosi ai collezionisti, dagli appassionati agli studenti;<\/p>\n<p>&#8211; la possibilit\u00e0 di offrire molteplici letture grazie alle<i> query <\/i>che ciascuno, alla luce delle esigenze, degli interessi e delle curiosit\u00e0 personali, pu\u00f2 selezionare;<\/p>\n<p>&#8211; la possibilit\u00e0 di arricchire e integrare le schede caricando moltissimi materiali, fotografici e non solo;<\/p>\n<p>e soprattutto<\/p>\n<p>&#8211; la possibilit\u00e0 di un aggiornamento costante, in dialogo con la continua e quotidiana attivit\u00e0 di archiviazione da cui non pu\u00f2 prescindere.<\/p>\n\n","protected":false},"excerpt":{"rendered":"<p>Presentazione Il Catalogo ragionato dell&#8217;opera di Gabriella Benedini nasce come inevitabile conseguenza del lungo e costante lavoro di archiviazione della sua produzione ed \u00e8 uno degli obiettivi che si \u00e8 prefissata l&#8217;Associazione Archivio Gabriella Benedini, nata nel 2019. L&#8217;Archivio Gabriella Benedini, infatti, \u00e8 stato avviato nel 2007 con l&#8217;intento di ordinare, conservare e studiare la produzione dell&#8217;artista.\u00a0 Una volta riordinati i materiali che l&#8217;artista aveva prodotto e raccolto negli anni &#8211; opere, fotografie delle opere e fotografie personali, materiali bibliografici, inviti, documenti, lettere -, si \u00e8 sentita la necessit\u00e0 di realizzare il Catalogo ragionato, che \u00e8 divenuto occasione per una approfondita rivisitazione dell&#8217;intensa attivit\u00e0 dell&#8217;artista.\u00a0 La scelta di pubblicare il&hellip; <a class=\"read-more\" href=\"https:\/\/www.athema.it\/catalogo_benedini\/presentazione\/\">Read More<\/a><\/p>\n","protected":false},"author":1,"featured_media":0,"parent":0,"menu_order":0,"comment_status":"closed","ping_status":"closed","template":"","meta":{"footnotes":""},"class_list":["post-961","page","type-page","status-publish","hentry"],"_links":{"self":[{"href":"https:\/\/www.athema.it\/catalogo_benedini\/wp-json\/wp\/v2\/pages\/961","targetHints":{"allow":["GET"]}}],"collection":[{"href":"https:\/\/www.athema.it\/catalogo_benedini\/wp-json\/wp\/v2\/pages"}],"about":[{"href":"https:\/\/www.athema.it\/catalogo_benedini\/wp-json\/wp\/v2\/types\/page"}],"author":[{"embeddable":true,"href":"https:\/\/www.athema.it\/catalogo_benedini\/wp-json\/wp\/v2\/users\/1"}],"replies":[{"embeddable":true,"href":"https:\/\/www.athema.it\/catalogo_benedini\/wp-json\/wp\/v2\/comments?post=961"}],"version-history":[{"count":7,"href":"https:\/\/www.athema.it\/catalogo_benedini\/wp-json\/wp\/v2\/pages\/961\/revisions"}],"predecessor-version":[{"id":2045,"href":"https:\/\/www.athema.it\/catalogo_benedini\/wp-json\/wp\/v2\/pages\/961\/revisions\/2045"}],"wp:attachment":[{"href":"https:\/\/www.athema.it\/catalogo_benedini\/wp-json\/wp\/v2\/media?parent=961"}],"curies":[{"name":"wp","href":"https:\/\/api.w.org\/{rel}","templated":true}]}}