{"id":881,"date":"2023-11-30T09:18:05","date_gmt":"2023-11-30T08:18:05","guid":{"rendered":"https:\/\/www.athema.it\/catalogo_benedini\/?page_id=881"},"modified":"2024-11-18T13:44:49","modified_gmt":"2024-11-18T12:44:49","slug":"volumi-saggi","status":"publish","type":"page","link":"https:\/\/www.athema.it\/catalogo_benedini\/volumi-saggi\/","title":{"rendered":"VOLUMI\/SAGGI"},"content":{"rendered":"\n<h2>\n\t\tVolumi\/Saggi\n\t<\/h2>\n\t<form id=informazioni name=informazioni action=\"#\" method=\"post\">\r\n\t<!--iframe src='https:\/\/www.arcope.it\/benedini\/catalogo_bib.php?BIB_CODI=' style='border-color:#FFFFFF;' width=100% height=200px><\/iframe-->\r\n\t\r\n\t<script lang=javascript>\r\n\t\t\r\nfunction OnSelectionChange()\r\n {\r\n\r\n\t\/\/alert(\"OK IT WORKS\");\r\n\tcheAutore=document.getElementById(\"cbo_autori\").value;\r\n\t\/\/alert(cheAutore);\r\n\t \r\n\tdocument.informazioni.method=\"post\";\r\n\tdocument.informazioni.target=\"_self\";\r\n\tdocument.informazioni.action=\"https:\/\/www.athema.it\/catalogo_benedini\/bibliografia\/?cbo_autori=\" + cheAutore;\r\n\/\/\tdocument.informazioni.action=\"https:\/\/www.arcope.it\/benedini\/catalogo_bib.php?cbo_autori=\" + cheAutore;\r\n\r\n\t document.informazioni.submit();\r\n\r\n\t\r\n \/\/ alert(\"OK IT WORKS\");\r\n }\r\n\t<\/script>\r\n\t<table><tr>\r\n\t<td>Autore<\/td><td colspan=3><select name=bco_autori id=cbo_autori onchange='javascript:OnSelectionChange();'><option id=0><\/option><option id='284' value='284'>Abbate Nino<\/option><option id='40' value='40'>Abbiati Filippo<\/option><option id='370' value='370'>Agnello Chiara<\/option><option id='317' value='317'>Agosti Vera<\/option><option id='388' value='388'>Alpago Novello Adriano<\/option><option id='442' value='442'>Am\u00e9  Francesca<\/option><option id='454' value='454'>Andreotti Angelo<\/option><option id='47' value='47'>Andr\u00e8s Gabriel<\/option><option id='371' value='371'>Angelotti Martina<\/option><option id='291' value='291'>Artale Alessandra<\/option><option id='347' value='347'>Associazione Culturale Eidos Venezia Associazione Culturale Eidos Venezia<\/option><option id='48' value='48'>Avogadro Gina<\/option><option id='116' value='116'>B. (Baram) S.(Serge)<\/option><option id='426' value='426'>B. B.<\/option><option id='13' value='13'>Bag Bag<\/option><option id='117' value='117'>Baram Serge<\/option><option id='251' value='251'>Baratta Gino<\/option><option id='368' value='368'>Barbieri Gabriella<\/option><option id='407' value='407'>Barletta Riccardo<\/option><option id='82' value='82'>Barresi Maria<\/option><option id='341' value='341'>Bartolena Simona<\/option><option id='386' value='386'>Bartoli Francesco<\/option><option id='408' value='408'>Bartolon Liana<\/option><option id='163' value='163'>Bartsch Ingo<\/option><option id='268' value='268'>Battistini M<\/option><option id='158' value='158'>Bellini Rolando<\/option><option id='129' value='129'>Benedetto Umberto<\/option><option id='150' value='150'>Benedini Gabriella<\/option><option id='230' value='230'>Benini Carlotta<\/option><option id='83' value='83'>Bentivoglio Mirella<\/option><option id='439' value='439'>Bergamaschi Miriam<\/option><option id='49' value='49'>Beringheli Germano<\/option><option id='392' value='392'>Bianchi Pino<\/option><option id='307' value='307'>Bianchini Mauro<\/option><option id='115' value='115'>Biffi Rosanna<\/option><option id='428' value='428'>Biolchini Stefano<\/option><option id='250' value='250'>Biscottini Paolo<\/option><option id='314' value='314'>Bolpagni Paolo<\/option><option id='301' value='301'>Bonassina Maurizio<\/option><option id='210' value='210'>Bonazzoli Francesca<\/option><option id='273' value='273'>Bonini Giuseppe<\/option><option id='176' value='176'>Bonito Oliva Achille<\/option><option id='14' value='14'>Bonvicini Candido<\/option><option id='357' value='357'>Borrini Sergio<\/option><option id='79' value='79'>Bortolon Liana<\/option><option id='105' value='105'>Bos. (Bossaglia) Ro.(Rossana)<\/option><option id='238' value='238'>Bosio Silvia<\/option><option id='138' value='138'>Bossaglia Rossana<\/option><option id='207' value='207'>Bott M<\/option><option id='11' value='11'>Bouret Blandine<\/option><option id='26' value='26'>Bovo Elisabetta<\/option><option id='377' value='377'>Brembati Gabriella<\/option><option id='315' value='315'>Brevi Manuela<\/option><option id='118' value='118'>Busnelli Susanna<\/option><option id='21' value='21'>Buzzati Dino<\/option><option id='195' value='195'>C. (Cavadini) L.  (Luigi)<\/option><option id='65' value='65'>C. (Cavazzini) G. (Gianni)<\/option><option id='411' value='411'>C. F.<\/option><option id='220' value='220'>Caffi Barbara<\/option><option id='1' value='1'>Caggiano Antonio<\/option><option id='459' value='459'>Cambiaghi  Sergio<\/option><option id='457' value='457'>Camusso Susanna<\/option><option id='182' value='182'>Capiaghi Alice<\/option><option id='211' value='211'>Cappa Marina<\/option><option id='390' value='390'>Capra Raul<\/option><option id='167' value='167'>Capritti Lavinia<\/option><option id='22' value='22'>Cara Domenico<\/option><option id='196' value='196'>Carafa Rosa<\/option><option id='80' value='80'>Caramel Luciano<\/option><option id='221' value='221'>Carassi Clarice<\/option><option id='41' value='41'>Carbone Francesco<\/option><option id='380' value='380'>Cardini Maria Chiara<\/option><option id='404' value='404'>Careof<\/option><option id='255' value='255'>Caroli Flavio<\/option><option id='70' value='70'>Carpentier Julie<\/option><option id='372' value='372'>Carrer Alessandro<\/option><option id='153' value='153'>Carrozzini Stefania<\/option><option id='320' value='320'>Caruso Raffaella A.<\/option><option id='254' value='254'>Casarin Renata<\/option><option id='240' value='240'>Caserini Aldo<\/option><option id='311' value='311'>Casero Cristina<\/option><option id='236' value='236'>Casolari Pierluigi<\/option><option id='27' value='27'>Cassa Salvi Elvira<\/option><option id='350' value='350'>Catiri Carlo<\/option><option id='324' value='324'>Cattaneo Enrico<\/option><option id='468' value='468'>Cattaneo Marcella<\/option><option id='192' value='192'>Cavadini Luigi<\/option><option id='260' value='260'>Cavalchi Silvia<\/option><option id='302' value='302'>Cavallera Anna<\/option><option id='414' value='414'>Cavallo  Massimiliano<\/option><option id='50' value='50'>Cavazzini Gianni<\/option><option id='253' value='253'>Ceccato Silvio<\/option><option id='180' value='180'>Cecchetto Stefano<\/option><option id='437' value='437'>Cecconi Massimo<\/option><option id='434' value='434'>Cereda Marta<\/option><option id='71' value='71'>Ceresoli Jacqueline<\/option><option id='222' value='222'>Ceriani Ettore<\/option><option id='174' value='174'>Cerrato Giuliana<\/option><option id='137' value='137'>Cerritelli Claudio<\/option><option id='72' value='72'>Chabanon Jean<\/option><option id='141' value='141'>Cherchi Luciano<\/option><option id='239' value='239'>Cherubini Laura<\/option><option id='51' value='51'>Chiappino Giorgio<\/option><option id='293' value='293'>Chirico Mariateresa<\/option><option id='68' value='68'>Ciravegna Irene<\/option><option id='73' value='73'>Collard Jacques<\/option><option id='344' value='344'>Collegio dei docenti di teologia e centro pastrorale<\/option><option id='170' value='170'>Collina Carla<\/option><option id='235' value='235'>Coluccia Giuseppe L.<\/option><option id='309' value='309'>Comino Anna<\/option><option id='465' value='465'>Consenti Stefania<\/option><option id='216' value='216'>Conti Fiorenza<\/option><option id='132' value='132'>Conti Viana<\/option><option id='84' value='84'>Contini Mila<\/option><option id='266' value='266'>Cordani Tiziana<\/option><option id='171' value='171'>Corgnati Martina<\/option><option id='187' value='187'>Corradini Mauro<\/option><option id='361' value='361'>Corte Antonio<\/option><option id='360' value='360'>Coruzzi Giovanni<\/option><option id='218' value='218'>Cotelli Marina<\/option><option id='52' value='52'>Coviello Gennaro<\/option><option id='2' value='2'>Crespi Alberto<\/option><option id='436' value='436'>Crespi Laura<\/option><option id='351' value='351'>Crisanti Giulio<\/option><option id='28' value='28'>Crispolti Enrico<\/option><option id='53' value='53'>Curonici Giuseppe<\/option><option id='214' value='214'>Curto A.<\/option><option id='297' value='297'>Curto Guido<\/option><option id='391' value='391'>D'Agata  Giuseppe<\/option><option id='247' value='247'>D'Albisola Tullio<\/option><option id='328' value='328'>Dall'Asta Andrea<\/option><option id='199' value='199'>De Angelis Mariolina<\/option><option id='433' value='433'>De Angelis Stefano<\/option><option id='15' value='15'>De Carli Cecilia<\/option><option id='106' value='106'>De Grada Raffaele<\/option><option id='362' value='362'>De Marchi Oscar<\/option><option id='85' value='85'>De Micheli Mario<\/option><option id='249' value='249'>Del Buono Oreste<\/option><option id='336' value='336'>Del Giudice Piero<\/option><option id='432' value='432'>Delfino Michela<\/option><option id='202' value='202'>Dell'Orso Silvia<\/option><option id='86' value='86'>Denis Maurice<\/option><option id='281' value='281'>Di Genova Giorgio<\/option><option id='29' value='29'>Di Guida Enzo<\/option><option id='242' value='242'>Di Martino Enzo<\/option><option id='383' value='383'>Di Matteo Monica<\/option><option id='30' value='30'>Di Raddo Elena<\/option><option id='342' value='342'>Digiovanni Giulia<\/option><option id='16' value='16'>Don\u00e0 Claudia<\/option><option id='55' value='55'>Dorfles Gillo<\/option><option id='142' value='142'>Dragone Piergiorgio<\/option><option id='74' value='74'>Dustin Jo<\/option><option id='54' value='54'>d\u2019Agata Giuseppe<\/option><option id='139' value='139'>EIDAC Ente internazionale d\u2019arte e cultura<\/option><option id='17' value='17'>Elwes Catherine<\/option><option id='168' value='168'>Fagetti Livia<\/option><option id='159' value='159'>Fagone Vittorio<\/option><option id='206' value='206'>Fappanni Simone<\/option><option id='151' value='151'>Faravelli Giacobone Tersilla<\/option><option id='300' value='300'>Farina Rachele<\/option><option id='296' value='296'>Fazzini Marco<\/option><option id='381' value='381'>Federcasalinghe<\/option><option id='148' value='148'>Fedi Fernanda<\/option><option id='223' value='223'>Fellini Giulia<\/option><option id='215' value='215'>Ferraguti Maria Lucina<\/option><option id='298' value='298'>Ferrara Stella<\/option><option id='18' value='18'>Ferraresi Claudia<\/option><option id='289' value='289'>Ferrari Nicoletta<\/option><option id='267' value='267'>Ferrari Romanini Mariarosa<\/option><option id='107' value='107'>Ferrario Rachele<\/option><option id='286' value='286'>Ferrero Ernesto<\/option><option id='389' value='389'>Ferro Giuseppe<\/option><option id='385' value='385'>Fettolini Armando<\/option><option id='31' value='31'>Fezzi Elda<\/option><option id='359' value='359'>Fiori Pedro<\/option><option id='229' value='229'>Fiuzzi Cristina<\/option><option id='312' value='312'>Fontana Sara<\/option><option id='237' value='237'>Fontanarossa Raffaella<\/option><option id='280' value='280'>Fossati Paolo<\/option><option id='241' value='241'>Franceschetti Gianni<\/option><option id='354' value='354'>Franchi Anita<\/option><option id='322' value='322'>Francione Fabio<\/option><option id='397' value='397'>Fratelli Maria<\/option><option id='126' value='126'>Fumagalli Tiziana<\/option><option id='226' value='226'>G M<\/option><option id='155' value='155'>G. (Grossini) G. (Giancarlo)<\/option><option id='422' value='422'>Ga.<\/option><option id='303' value='303'>Gabelli Giancarlo<\/option><option id='329' value='329'>Galbiati Matteo<\/option><option id='212' value='212'>Gandini Manuela<\/option><option id='87' value='87'>Garzonio Melisa<\/option><option id='277' value='277'>Gatti Chiara<\/option><option id='435' value='435'>Ghezzi Rosella<\/option><option id='88' value='88'>Ghilardi Mario<\/option><option id='67' value='67'>Giani Gian Piero<\/option><option id='23' value='23'>Gillemon Daniele<\/option><option id='156' value='156'>Ginesi Armando<\/option><option id='56' value='56'>Ginex Giovanna<\/option><option id='256' value='256'>Gini Gino<\/option><option id='470' value='470'>Giudice Tino<\/option><option id='265' value='265'>Giudici Lorella<\/option><option id='32' value='32'>Giuffredi Enrico<\/option><option id='57' value='57'>Giuliani Gianfranco<\/option><option id='200' value='200'>Goldschmiedt Mariaclara<\/option><option id='290' value='290'>Gramiccia Roberto<\/option><option id='348' value='348'>Gramsci Antonio<\/option><option id='119' value='119'>Grasso Sebastiano<\/option><option id='462' value='462'>Gregolin Emanuele<\/option><option id='269' value='269'>Gribaudo Paola<\/option><option id='278' value='278'>Gros G. J.<\/option><option id='197' value='197'>Grossato Giovanna<\/option><option id='58' value='58'>Grossini G.<\/option><option id='42' value='42'>Gualdoni Flaminio<\/option><option id='345' value='345'>Guerra Cesare<\/option><option id='271' value='271'>Gusmini Pino<\/option><option id='108' value='108'>Hauser Rouve<\/option><option id='109' value='109'>Hermann Raymond<\/option><option id='419' value='419'>I. M.<\/option><option id='395' value='395'>Iaquinta Caterina<\/option><option id='413' value='413'>Icardi Marcella<\/option><option id='399' value='399'>IGAV Istituto Garuzzo per le Arti Visive<\/option><option id='469' value='469'>Iommi Cristiana<\/option><option id='264' value='264'>Iotti Leda<\/option><option id='69' value='69'>Janus Janus<\/option><option id='59' value='59'>Kaisserlian Giorgio<\/option><option id='75' value='75'>Knapen Jos<\/option><option id='161' value='161'>L. (Longari) E. (Elisabetta)<\/option><option id='292' value='292'>L. P.<\/option><option id='458' value='458'>La Fonte Edizioni Minime dArte<\/option><option id='318' value='318'>Lagazzi Paolo<\/option><option id='173' value='173'>Lambertini Luigi<\/option><option id='3' value='3'>Lanfranchi Andrea<\/option><option id='78' value='78'>Lara K.<\/option><option id='334' value='334'>Lasalvia Irene<\/option><option id='456' value='456'>Lazoi Patrizia<\/option><option id='279' value='279'>Lin Wang Ying<\/option><option id='130' value='130'>Lo Russo Ugo<\/option><option id='33' value='33'>Longari Elisabetta<\/option><option id='128' value='128'>M. (Marcheselli) T. (Tiziano)<\/option><option id='36' value='36'>M. (Muritti) E. (Elisabetta)<\/option><option id='194' value='194'>M. G.<\/option><option id='99' value='99'>M.D.S. <\/option><option id='34' value='34'>Ma. E.<\/option><option id='453' value='453'>Maccari Mino<\/option><option id='191' value='191'>Macconi G.<\/option><option id='160' value='160'>Madesani Angela<\/option><option id='143' value='143'>Maestrini Flavio<\/option><option id='283' value='283'>Maffei Giorgio<\/option><option id='308' value='308'>Maggio Serra Rosanna<\/option><option id='35' value='35'>Maglia Ezio<\/option><option id='287' value='287'>Magnetti Daniela<\/option><option id='147' value='147'>Magri Antenore<\/option><option id='343' value='343'>Maier Don Roberto<\/option><option id='369' value='369'>Malvezzi Jennifer<\/option><option id='443' value='443'>Manessi Jacopo<\/option><option id='127' value='127'>Marcheselli Tiziano<\/option><option id='337' value='337'>Mari Chiara<\/option><option id='12' value='12'>Marsano Beba<\/option><option id='444' value='444'>Martinelli Bianca<\/option><option id='261' value='261'>Marussi Garibaldo<\/option><option id='224' value='224'>Maruti Riccardo<\/option><option id='61' value='61'>Mascherpa Giorgio<\/option><option id='154' value='154'>Masoero Ada<\/option><option id='464' value='464'>Mastrolonardo Enotrio<\/option><option id='4' value='4'>Masu A.<\/option><option id='340' value='340'>Matitti Flavia<\/option><option id='186' value='186'>Matvejevic Predrag<\/option><option id='352' value='352'>Mazzotta Alfredo<\/option><option id='275' value='275'>Melzi Giuseppe<\/option><option id='259' value='259'>Meneguzzo Marco<\/option><option id='120' value='120'>Merzek Susanna<\/option><option id='101' value='101'>MG<\/option><option id='474' value='474'>Miccich\u00e8 Clemente<\/option><option id='321' value='321'>Migliore Donatella<\/option><option id='403' value='403'>Milan Lorenzo<\/option><option id='169' value='169'>Minarelli Maria Luisa<\/option><option id='393' value='393'>Minoli Lorenza<\/option><option id='366' value='366'>Mion Claudia<\/option><option id='274' value='274'>Miracco Riccardo<\/option><option id='421' value='421'>Mo. D.<\/option><option id='294' value='294'>Modesti Alberto<\/option><option id='295' value='295'>Modesti Giuliano<\/option><option id='111' value='111'>Modesti Renzo<\/option><option id='201' value='201'>Mojana Marina<\/option><option id='228' value='228'>Mondaini Cinzia<\/option><option id='384' value='384'>Mondini Maria Vittoria<\/option><option id='24' value='24'>Mori Domizio<\/option><option id='19' value='19'>Munari Carlo<\/option><option id='189' value='189'>Mur. (Muritti) E. (Elisabetta)<\/option><option id='37' value='37'>Muretti E.<\/option><option id='162' value='162'>Muritti Elisabetta<\/option><option id='5' value='5'>N. (Natali) A. (Aurelio)<\/option><option id='6' value='6'>Nardon Anita<\/option><option id='90' value='90'>Nash M.<\/option><option id='429' value='429'>Nasi Mirco<\/option><option id='248' value='248'>Natali Aurelio<\/option><option id='356' value='356'>Nava Nadia<\/option><option id='327' value='327'>Nicoletti Luca Pietro<\/option><option id='219' value='219'>Nicolin Paola<\/option><option id='270' value='270'>Nota Silvana<\/option><option id='367' value='367'>Occhipinti Angela<\/option><option id='164' value='164'>Orengo Nico<\/option><option id='420' value='420'>P. D.<\/option><option id='66' value='66'>P. G.<\/option><option id='423' value='423'>P. M.<\/option><option id='415' value='415'>P. V.<\/option><option id='376' value='376'>Paderni Marisa<\/option><option id='209' value='209'>Paglieri Marina<\/option><option id='203' value='203'>Palmieri Eda<\/option><option id='10' value='10'>Pansera Anty<\/option><option id='181' value='181'>Panzeri Lidia<\/option><option id='375' value='375'>Parente Elisabetta<\/option><option id='121' value='121'>Parmiggiani Sandro<\/option><option id='288' value='288'>Passarotto Nicola<\/option><option id='246' value='246'>Passoni Franco<\/option><option id='102' value='102'>Peduzzi Peppo<\/option><option id='165' value='165'>Peira Silvana<\/option><option id='416' value='416'>Pelle  Valeria<\/option><option id='184' value='184'>Pensa Francesca<\/option><option id='472' value='472'>Pescatori Anna<\/option><option id='76' value='76'>Pigeon Jean<\/option><option id='455' value='455'>Pipia Gabriele<\/option><option id='25' value='25'>Plescan Dimitri<\/option><option id='353' value='353'>Poldi Gianluca<\/option><option id='62' value='62'>Poletti Giovanna<\/option><option id='135' value='135'>Poli Francesco<\/option><option id='91' value='91'>Poma Basile Maria<\/option><option id='175' value='175'>Pontiggia Elena<\/option><option id='440' value='440'>Ponzoni Barbara<\/option><option id='92' value='92'>Portalupi Mario<\/option><option id='103' value='103'>Pozzi P.<\/option><option id='379' value='379'>Profeta Camilla<\/option><option id='319' value='319'>Proietti Melissa<\/option><option id='430' value='430'>Provinciali Stefania<\/option><option id='424' value='424'>Puttini  Sergio<\/option><option id='396' value='396'>Quaglia Giuseppe<\/option><option id='263' value='263'>Quaglino Piero<\/option><option id='412' value='412'>Quarto Michele<\/option><option id='100' value='100'>R. (Radice) M. (Mario)<\/option><option id='125' value='125'>R. (Rey) S. (St\u00e9phane)<\/option><option id='417' value='417'>R. A.<\/option><option id='110' value='110'>R. L.<\/option><option id='93' value='93'>Radice M.<\/option><option id='233' value='233'>Ravaglia Luca<\/option><option id='431' value='431'>Reb. G.<\/option><option id='8' value='8'>Redaelli Alessandra<\/option><option id='122' value='122'>Rey St\u00e9phane<\/option><option id='208' value='208'>Righi Cesare<\/option><option id='177' value='177'>Risaliti Sergio<\/option><option id='358' value='358'>Riscatto Rosalba<\/option><option id='425' value='425'>Rittatore Vonwiller Letizia<\/option><option id='172' value='172'>Riu Giovanna<\/option><option id='227' value='227'>Rocchi Claudia<\/option><option id='123' value='123'>Romani Stefania<\/option><option id='406' value='406'>Rossi Albano<\/option><option id='217' value='217'>Rossi Marica<\/option><option id='145' value='145'>Rossi Sala Pierangela<\/option><option id='231' value='231'>Rossi Simone<\/option><option id='43' value='43'>Rovesti Fabrizio<\/option><option id='20' value='20'>Ruggeri Cristina<\/option><option id='63' value='63'>Ruggeri Giorgio<\/option><option id='244' value='244'>Russoli Franco<\/option><option id='461' value='461'>S. G.<\/option><option id='306' value='306'>S. R.<\/option><option id='131' value='131'>S. U.<\/option><option id='441' value='441'>Sacchi  Marco<\/option><option id='374' value='374'>Sacchi Patrizia<\/option><option id='346' value='346'>Sacchini Paolo<\/option><option id='475' value='475'>Sansone Luigi<\/option><option id='183' value='183'>Santese Enzo<\/option><option id='316' value='316'>Savorelli Livia<\/option><option id='304' value='304'>Scardovi Lorenza<\/option><option id='418' value='418'>Schialvino Gianfranco<\/option><option id='157' value='157'>Schwarz Arturo<\/option><option id='225' value='225'>sdo [Silvia Dell'Orso]<\/option><option id='124' value='124'>Serangeli Simonetta<\/option><option id='104' value='104'>Serra Patrizia<\/option><option id='185' value='185'>Seveso Giorgio<\/option><option id='193' value='193'>Sigma <\/option><option id='112' value='112'>Signifredi Rodolfo<\/option><option id='38' value='38'>Silvi Enzo<\/option><option id='460' value='460'>Simonetti Gianni Emilio<\/option><option id='313' value='313'>Siviero Viviana<\/option><option id='405' value='405'>Sodalizio Amici dell'arte<\/option><option id='325' value='325'>Soddu Stefano<\/option><option id='276' value='276'>Soldini Simone<\/option><option id='44' value='44'>Solmi Franco<\/option><option id='401' value='401'>Somaini Luisa<\/option><option id='213' value='213'>Sotis Lina<\/option><option id='349' value='349'>Spadoni Claudio<\/option><option id='409' value='409'>Spagnesi  Licia<\/option><option id='339' value='339'>Stoppa Pericle<\/option><option id='152' value='152'>Storaci Enzo M.<\/option><option id='146' value='146'>Strano Carmelo<\/option><option id='252' value='252'>Stu Francesco<\/option><option id='382' value='382'>Studenti dell'Universit\u00e0 Cattolica<\/option><option id='178' value='178'>Surian Vittoria<\/option><option id='113' value='113'>Tacchella Rino<\/option><option id='243' value='243'>Tadini Emilio<\/option><option id='205' value='205'>Talpo Bruno<\/option><option id='198' value='198'>Tartagni Attilia<\/option><option id='232' value='232'>Tassi Massimo<\/option><option id='245' value='245'>Tassi Roberto<\/option><option id='473' value='473'>Tecce Angela<\/option><option id='338' value='338'>Tedeschi Ermanno<\/option><option id='45' value='45'>Tedeschi Francesco<\/option><option id='335' value='335'>Teschi Mariagrazia<\/option><option id='136' value='136'>Tesio Giovanni<\/option><option id='364' value='364'>Thompson Ann<\/option><option id='427' value='427'>Tirelli Selene<\/option><option id='94' value='94'>Tonelli Marco<\/option><option id='204' value='204'>Toschi Cavaliere Chiara<\/option><option id='77' value='77'>Trachsel Jacqueline<\/option><option id='144' value='144'>Trentin Giorgio<\/option><option id='394' value='394'>Troncana  Alessandra <\/option><option id='179' value='179'>Turola Carla<\/option><option id='452' value='452'>Vaccarone Manuela<\/option><option id='323' value='323'>Vallebona Susanna<\/option><option id='64' value='64'>Vallese Gloria<\/option><option id='95' value='95'>Valsecchi Marco<\/option><option id='332' value='332'>Vanzetto Chiara<\/option><option id='89' value='89'>Varga Miklos N.<\/option><option id='272' value='272'>Veca Alberto<\/option><option id='262' value='262'>Venturoli Marcello<\/option><option id='81' value='81'>Vergine Lea<\/option><option id='166' value='166'>Verlicchi Laura<\/option><option id='96' value='96'>Vescovo Marisa<\/option><option id='285' value='285'>Vettese Angela<\/option><option id='97' value='97'>Villa Massimo<\/option><option id='46' value='46'>Vincitorio Francesco<\/option><option id='258' value='258'>Visser Travagli Anna Maria<\/option><option id='98' value='98'>Vitta Maurizio<\/option><option id='114' value='114'>Vrinat Robert<\/option><option id='305' value='305'>Walch Gian Marco<\/option><option id='463' value='463'>Wang Pengpeng<\/option><option id='149' value='149'>Weller Simona<\/option><option id='438' value='438'>Z. L.<\/option><option id='234' value='234'>Zagnoli Vanni<\/option><option id='363' value='363'>Zanchi Pino<\/option><option id='257' value='257'>Zanella Manara Emma<\/option><option id='282' value='282'>Zanella Silvio<\/option><option id='467' value='467'>Zara Beatrice<\/option><option id='188' value='188'>Zattini Marisa<\/option><\/select><\/td><\/tr> \r\n\r\n\r\n\t\r\n\r\n\t<tr>\r\n\t\t<td>Testata\/Opera<\/td><td colspan=3><input type=\"text\" name=\"bib_titt\" size=\"350\" maxlength=\"50\" style=\"width:735px;\" value=\"\"><\/td>\r\n\t<\/tr>\r\n\t<tr>\r\n\t\t<td>Titolo<\/td><td colspan=3><input type=\"text\" name=\"bib_tita\" size=\"250\" maxlength=\"250\" style=\"width:500px;\" value=\"\"><\/td>\r\n\t<\/tr>\r\n\t<tr>\r\n\t\t<td >Sottotitolo<\/td><td colspan=3><input type=\"text\" name=\"bib_stit\" size=\"250\" maxlength=\"250\" style=\"width:500px;\" value=\"\"><\/td>\r\n\t<\/tr>\t\r\n\t<tr>\r\n\t\t<td>Dall'anno<\/td><td><input type=\"text\" name=\"dallanno\" size=\"50\" maxlength=\"50\" style=\"width:100px;\" value=\"\"><\/td>\r\n\t\t<td>All'anno<\/td><td><input type=\"text\" name=\"allanno\" size=\"50\" maxlength=\"50\" style=\"width:100px;\" value=\"\"><\/td>\r\n\t<\/tr>\r\n\t\t\t<tr>\r\n\t\t<td>\r\n\t<label>Ordine di data:<\/label>\r\n\t\t<\/td>\r\n\t\t<td>\r\n   <input type=\"radio\" name=\"ordine\" value=\"asc\" checked> Ascendente \u2193\r\n\t&nbsp;&nbsp;\r\n\t\t\t<input type=\"radio\" name=\"ordine\" value=\"desc\" > Discendente \u2191\r\n\t\t<\/td>\r\n\t\t<\/tr>\r\n\t<\/table>\r\n \r\n\r\n <input type=\"hidden\" name=\"risu\" size=\"6\" maxlength=\"6\" value=\"SELECT * FROM AOANABIB   WHERE BIB_CODI>'0' AND (BIB_TIB_CODI = 'Volume') ORDER BY BIB_DATA ASC\">\r\n <input type=\"submit\" value=\"Cerca\">\r\n <\/form>\r\n<br><br>\r\n<b><font size=6 color='#7F81FF'>1958<\/font><\/b><br>&nbsp;&nbsp;&nbsp;&nbsp;&nbsp;&nbsp;&nbsp;&nbsp;&nbsp;&nbsp;<a style='color:#000000' href=https:\/\/www.arcope.it\/benedini\/catalogo_bib.php?BIB_CODI=2 target=_self><i>Catalogue de la 69\u00b0 Exposition<\/i>, Parigi 1958<\/a><br \/><hr>&nbsp;&nbsp;&nbsp;&nbsp;&nbsp;&nbsp;&nbsp;&nbsp;&nbsp;&nbsp;<a style='color:#000000' href=https:\/\/www.arcope.it\/benedini\/catalogo_bib.php?BIB_CODI=1092 target=_self><i>IX me Grand prix international de peinture de Deauville. Catalogue officiel<\/i>, s.l. 1958<\/a><br \/><hr><b><font size=6 color='#7F81FF'>1961<\/font><\/b><br>&nbsp;&nbsp;&nbsp;&nbsp;&nbsp;&nbsp;&nbsp;&nbsp;&nbsp;&nbsp;<a style='color:#000000' href=https:\/\/www.arcope.it\/benedini\/catalogo_bib.php?BIB_CODI=3 target=_self><i>Premio Arezzo di pittura<\/i>, Arezzo 1961<\/a><br \/><hr>&nbsp;&nbsp;&nbsp;&nbsp;&nbsp;&nbsp;&nbsp;&nbsp;&nbsp;&nbsp;<a style='color:#000000' href=https:\/\/www.arcope.it\/benedini\/catalogo_bib.php?BIB_CODI=4 target=_self><i>Premio Marche 1961<\/i>, Ancona 1961<\/a><br \/><hr>&nbsp;&nbsp;&nbsp;&nbsp;&nbsp;&nbsp;&nbsp;&nbsp;&nbsp;&nbsp;<a style='color:#000000' href=https:\/\/www.arcope.it\/benedini\/catalogo_bib.php?BIB_CODI=5 target=_self><i>4\u00b0 Premio Bollate di Pittura Contemporanea<\/i>, Bollate (MI) 1961<\/a><br \/><hr>&nbsp;&nbsp;&nbsp;&nbsp;&nbsp;&nbsp;&nbsp;&nbsp;&nbsp;&nbsp;<a style='color:#000000' href=https:\/\/www.arcope.it\/benedini\/catalogo_bib.php?BIB_CODI=6 target=_self><i>Premio di pittura \"Cesare da Sesto\" 1961<\/i>, Sesto Calende (VA) 1961<\/a><br \/><hr>&nbsp;&nbsp;&nbsp;&nbsp;&nbsp;&nbsp;&nbsp;&nbsp;&nbsp;&nbsp;<a style='color:#000000' href=https:\/\/www.arcope.it\/benedini\/catalogo_bib.php?BIB_CODI=602 target=_self>Ente internazionale d\u2019arte e cultura EIDAC, <i>Premio di pittura \"Cesare da Sesto\" 1961<\/i>, Milano 1961<\/a><br \/><hr>&nbsp;&nbsp;&nbsp;&nbsp;&nbsp;&nbsp;&nbsp;&nbsp;&nbsp;&nbsp;<a style='color:#000000' href=https:\/\/www.arcope.it\/benedini\/catalogo_bib.php?BIB_CODI=7 target=_self><i>6 pittori di Milano<\/i>, presentazione di Franco Passoni, Milano 1961<\/a><br \/><hr><b><font size=6 color='#7F81FF'>1962<\/font><\/b><br>&nbsp;&nbsp;&nbsp;&nbsp;&nbsp;&nbsp;&nbsp;&nbsp;&nbsp;&nbsp;<a style='color:#000000' href=https:\/\/www.arcope.it\/benedini\/catalogo_bib.php?BIB_CODI=605 target=_self><i>1\u00b0 Mostra Nazionale di Pittura Premio Sicilia Industria 1962<\/i>, presentazione di Marcello Venturoli, Palermo 1962<\/a><br \/><hr>&nbsp;&nbsp;&nbsp;&nbsp;&nbsp;&nbsp;&nbsp;&nbsp;&nbsp;&nbsp;<a style='color:#000000' href=https:\/\/www.arcope.it\/benedini\/catalogo_bib.php?BIB_CODI=1030 target=_self><i>5\u00b0 Concorso di Pittura Citt\u00e0 di Abbiategrasso<\/i>, s.l. marzo 1962<\/a><br \/><hr>&nbsp;&nbsp;&nbsp;&nbsp;&nbsp;&nbsp;&nbsp;&nbsp;&nbsp;&nbsp;<a style='color:#000000' href=https:\/\/www.arcope.it\/benedini\/catalogo_bib.php?BIB_CODI=8 target=_self><i>Premio Arezzo di pittura<\/i>, presentazione di Mino Maccari, Arezzo 1962<\/a><br \/><hr>&nbsp;&nbsp;&nbsp;&nbsp;&nbsp;&nbsp;&nbsp;&nbsp;&nbsp;&nbsp;<a style='color:#000000' href=https:\/\/www.arcope.it\/benedini\/catalogo_bib.php?BIB_CODI=10 target=_self><i>Mostra personale della pittrice Benedini<\/i>, presentazione di Carlo Munari, Milano 1962<\/a><br \/><hr>&nbsp;&nbsp;&nbsp;&nbsp;&nbsp;&nbsp;&nbsp;&nbsp;&nbsp;&nbsp;<a style='color:#000000' href=https:\/\/www.arcope.it\/benedini\/catalogo_bib.php?BIB_CODI=9 target=_self><i>Panorama della giovane pittura italiana<\/i>, Milano 1962<\/a><br \/><hr>&nbsp;&nbsp;&nbsp;&nbsp;&nbsp;&nbsp;&nbsp;&nbsp;&nbsp;&nbsp;<a style='color:#000000' href=https:\/\/www.arcope.it\/benedini\/catalogo_bib.php?BIB_CODI=11 target=_self><i>Mostra d\u2019arte del cinquantenario 1912-1962<\/i>, presentazione di Franco Solmi, Bologna 1962<\/a><br \/><hr>&nbsp;&nbsp;&nbsp;&nbsp;&nbsp;&nbsp;&nbsp;&nbsp;&nbsp;&nbsp;<a style='color:#000000' href=https:\/\/www.arcope.it\/benedini\/catalogo_bib.php?BIB_CODI=621 target=_self><i>Baratella Benedini Borghi Maffi Ottria<\/i>, presentazione di Carlo Munari, Milano 1962<\/a><br \/><hr>&nbsp;&nbsp;&nbsp;&nbsp;&nbsp;&nbsp;&nbsp;&nbsp;&nbsp;&nbsp;<a style='color:#000000' href=https:\/\/www.arcope.it\/benedini\/catalogo_bib.php?BIB_CODI=963 target=_self><i>1\u00b0 mostra nazionale del \"piccolo dipinto\" premio \"chiodo d'oro\"<\/i>, presentazione di Albano Rossi, Priulla, Palermo 14 dicembre 1962<\/a><br \/><hr><b><font size=6 color='#7F81FF'>1963<\/font><\/b><br>&nbsp;&nbsp;&nbsp;&nbsp;&nbsp;&nbsp;&nbsp;&nbsp;&nbsp;&nbsp;<a style='color:#000000' href=https:\/\/www.arcope.it\/benedini\/catalogo_bib.php?BIB_CODI=809 target=_self><i>1\u00b0 Biennale Internazionale di pittura Arte 30 giorni<\/i>, s.l. 1963<\/a><br \/><hr>&nbsp;&nbsp;&nbsp;&nbsp;&nbsp;&nbsp;&nbsp;&nbsp;&nbsp;&nbsp;<a style='color:#000000' href=https:\/\/www.arcope.it\/benedini\/catalogo_bib.php?BIB_CODI=14 target=_self><i>Mostra di artisti partecipanti al concorso a premi di pittura, scultura e incisione 1963<\/i>, Roma 1963<\/a><br \/><hr>&nbsp;&nbsp;&nbsp;&nbsp;&nbsp;&nbsp;&nbsp;&nbsp;&nbsp;&nbsp;<a style='color:#000000' href=https:\/\/www.arcope.it\/benedini\/catalogo_bib.php?BIB_CODI=15 target=_self><i>6\u00b0 Mostra nazionale di pittura \"Vita e paesaggio di Capo d\u2019Orlando\"<\/i>, Palermo 1963<\/a><br \/><hr>&nbsp;&nbsp;&nbsp;&nbsp;&nbsp;&nbsp;&nbsp;&nbsp;&nbsp;&nbsp;<a style='color:#000000' href=https:\/\/www.arcope.it\/benedini\/catalogo_bib.php?BIB_CODI=16 target=_self><i>Erice Premio di pittura estemporanea \u201cProvincia di Trapani\u201d<\/i>, presentazione di Franco Solmi, Trapani 1963<\/a><br \/><hr>&nbsp;&nbsp;&nbsp;&nbsp;&nbsp;&nbsp;&nbsp;&nbsp;&nbsp;&nbsp;<a style='color:#000000' href=https:\/\/www.arcope.it\/benedini\/catalogo_bib.php?BIB_CODI=17 target=_self><i>Premio Marche 1963 7\u00b0 Mostra Nazionale di Arti Figurative<\/i>, Ancona 1963<\/a><br \/><hr>&nbsp;&nbsp;&nbsp;&nbsp;&nbsp;&nbsp;&nbsp;&nbsp;&nbsp;&nbsp;<a style='color:#000000' href=https:\/\/www.arcope.it\/benedini\/catalogo_bib.php?BIB_CODI=13 target=_self><i>Gabriella Benedini<\/i>, presentazione di Giorgio Kaisserlian, Palermo 1963<\/a><br \/><hr><b><font size=6 color='#7F81FF'>1964<\/font><\/b><br>&nbsp;&nbsp;&nbsp;&nbsp;&nbsp;&nbsp;&nbsp;&nbsp;&nbsp;&nbsp;<a style='color:#000000' href=https:\/\/www.arcope.it\/benedini\/catalogo_bib.php?BIB_CODI=19 target=_self><i>Gabriella Benedini<\/i>, presentazione di Giorgio Kaisserlian, Parma 1964<\/a><br \/><hr>&nbsp;&nbsp;&nbsp;&nbsp;&nbsp;&nbsp;&nbsp;&nbsp;&nbsp;&nbsp;<a style='color:#000000' href=https:\/\/www.arcope.it\/benedini\/catalogo_bib.php?BIB_CODI=20 target=_self><i>Oli e tempere di Gabriella Benedini<\/i>, presentazione di Emilio Tadini, Bologna 1964<\/a><br \/><hr>&nbsp;&nbsp;&nbsp;&nbsp;&nbsp;&nbsp;&nbsp;&nbsp;&nbsp;&nbsp;<a style='color:#000000' href=https:\/\/www.arcope.it\/benedini\/catalogo_bib.php?BIB_CODI=21 target=_self><i>I Premio Hotel delle Nazioni<\/i>, presentazione di Antenore Magri, Lido delle Nazioni (FE) 1964<\/a><br \/><hr>&nbsp;&nbsp;&nbsp;&nbsp;&nbsp;&nbsp;&nbsp;&nbsp;&nbsp;&nbsp;<a style='color:#000000' href=https:\/\/www.arcope.it\/benedini\/catalogo_bib.php?BIB_CODI=23 target=_self><i>Il piccolo dipinto in Tunisia Parte Seconda-Le opere<\/i>, s.l. 1964<\/a><br \/><hr>&nbsp;&nbsp;&nbsp;&nbsp;&nbsp;&nbsp;&nbsp;&nbsp;&nbsp;&nbsp;<a style='color:#000000' href=https:\/\/www.arcope.it\/benedini\/catalogo_bib.php?BIB_CODI=18 target=_self><i>Benedini<\/i>, presentazione di Elda Fezzi, Cremona 1964<\/a><br \/><hr>&nbsp;&nbsp;&nbsp;&nbsp;&nbsp;&nbsp;&nbsp;&nbsp;&nbsp;&nbsp;<a style='color:#000000' href=https:\/\/www.arcope.it\/benedini\/catalogo_bib.php?BIB_CODI=22 target=_self><i>Albisola \u201864<\/i>, presentazione di Tullio D'Albisola, Savona 1964<\/a><br \/><hr><b><font size=6 color='#7F81FF'>1965<\/font><\/b><br>&nbsp;&nbsp;&nbsp;&nbsp;&nbsp;&nbsp;&nbsp;&nbsp;&nbsp;&nbsp;<a style='color:#000000' href=https:\/\/www.arcope.it\/benedini\/catalogo_bib.php?BIB_CODI=26 target=_self><i>IV Premio del disegno<\/i>, Galleria delle Ore, Milano 1965<\/a><br \/><hr>&nbsp;&nbsp;&nbsp;&nbsp;&nbsp;&nbsp;&nbsp;&nbsp;&nbsp;&nbsp;<a style='color:#000000' href=https:\/\/www.arcope.it\/benedini\/catalogo_bib.php?BIB_CODI=31 target=_self><i>Arte Italiana a New York<\/i>, s.l. 1965<\/a><br \/><hr>&nbsp;&nbsp;&nbsp;&nbsp;&nbsp;&nbsp;&nbsp;&nbsp;&nbsp;&nbsp;<a style='color:#000000' href=https:\/\/www.arcope.it\/benedini\/catalogo_bib.php?BIB_CODI=25 target=_self><i>Proposte  figurative 1955-1965<\/i>, presentazione di Giorgio Kaisserlian, Milano 1965<\/a><br \/><hr>&nbsp;&nbsp;&nbsp;&nbsp;&nbsp;&nbsp;&nbsp;&nbsp;&nbsp;&nbsp;<a style='color:#000000' href=https:\/\/www.arcope.it\/benedini\/catalogo_bib.php?BIB_CODI=27 target=_self><i>Premio Nazionale del disegno<\/i>, Parma 1965<\/a><br \/><hr>&nbsp;&nbsp;&nbsp;&nbsp;&nbsp;&nbsp;&nbsp;&nbsp;&nbsp;&nbsp;<a style='color:#000000' href=https:\/\/www.arcope.it\/benedini\/catalogo_bib.php?BIB_CODI=1558 target=_self><i>Comune di Castelleone VI Mostra <\/i>, s.l. maggio 1965<\/a><br \/><hr>&nbsp;&nbsp;&nbsp;&nbsp;&nbsp;&nbsp;&nbsp;&nbsp;&nbsp;&nbsp;<a style='color:#000000' href=https:\/\/www.arcope.it\/benedini\/catalogo_bib.php?BIB_CODI=1559 target=_self><i>Il gallo d'oro di Auronzo 1965<\/i> <i>Premio nazionale di pittura contemporanea<\/i>, s.l. luglio 1965<\/a><br \/><hr>&nbsp;&nbsp;&nbsp;&nbsp;&nbsp;&nbsp;&nbsp;&nbsp;&nbsp;&nbsp;<a style='color:#000000' href=https:\/\/www.arcope.it\/benedini\/catalogo_bib.php?BIB_CODI=28 target=_self><i>Il muro dipinto. Concorso internazionale di pittura murale<\/i>, Dozza (BO) 1965<\/a><br \/><hr>&nbsp;&nbsp;&nbsp;&nbsp;&nbsp;&nbsp;&nbsp;&nbsp;&nbsp;&nbsp;<a style='color:#000000' href=https:\/\/www.arcope.it\/benedini\/catalogo_bib.php?BIB_CODI=1095 target=_self><i>6\u00b0 Premio Bollate di pittura contemporanea<\/i>, presentazione di Franco Passoni, Biblioteca Comunale Popolare, Bollate (MI) 12 settembre 1965<\/a><br \/><hr>&nbsp;&nbsp;&nbsp;&nbsp;&nbsp;&nbsp;&nbsp;&nbsp;&nbsp;&nbsp;<a style='color:#000000' href=https:\/\/www.arcope.it\/benedini\/catalogo_bib.php?BIB_CODI=24 target=_self><i>IX Quadriennale Nazionale d\u2019arte di Roma<\/i>, De Luca Editore, Roma 1965<\/a><br \/><hr>&nbsp;&nbsp;&nbsp;&nbsp;&nbsp;&nbsp;&nbsp;&nbsp;&nbsp;&nbsp;<a style='color:#000000' href=https:\/\/www.arcope.it\/benedini\/catalogo_bib.php?BIB_CODI=29 target=_self><i>3\u00b0 Premio Cinisello Balsamo Mostra Nazionale di pittura contemporanea e del bianco e nero<\/i>, presentazione di Dino Buzzati, Sesto S. Giovanni (MI) 1965<\/a><br \/><hr>&nbsp;&nbsp;&nbsp;&nbsp;&nbsp;&nbsp;&nbsp;&nbsp;&nbsp;&nbsp;<a style='color:#000000' href=https:\/\/www.arcope.it\/benedini\/catalogo_bib.php?BIB_CODI=30 target=_self><i>V Premio del disegno<\/i>, Galleria delle Ore, Milano 1965<\/a><br \/><hr><b><font size=6 color='#7F81FF'>1966<\/font><\/b><br>&nbsp;&nbsp;&nbsp;&nbsp;&nbsp;&nbsp;&nbsp;&nbsp;&nbsp;&nbsp;<a style='color:#000000' href=https:\/\/www.arcope.it\/benedini\/catalogo_bib.php?BIB_CODI=34 target=_self><i>XI Concorso nazionale di pittura Premio Ramazzotti<\/i>, Milano 1966<\/a><br \/><hr>&nbsp;&nbsp;&nbsp;&nbsp;&nbsp;&nbsp;&nbsp;&nbsp;&nbsp;&nbsp;<a style='color:#000000' href=https:\/\/www.arcope.it\/benedini\/catalogo_bib.php?BIB_CODI=1097 target=_self><i>1\u00b0 Premio di pittura Ottavio Cabiati<\/i>, presentazione di Giorgio Kaisserlian, Edizioni Stefanoni, Lecco 1966<\/a><br \/><hr>&nbsp;&nbsp;&nbsp;&nbsp;&nbsp;&nbsp;&nbsp;&nbsp;&nbsp;&nbsp;<a style='color:#000000' href=https:\/\/www.arcope.it\/benedini\/catalogo_bib.php?BIB_CODI=1550 target=_self><i>Premio Internazionale di arte contemporanea. Targa d'oro Hotel delle Nazioni 1966. Terza edizione - Bianco e nero<\/i>, s.l. maggio 1966<\/a><br \/><hr>&nbsp;&nbsp;&nbsp;&nbsp;&nbsp;&nbsp;&nbsp;&nbsp;&nbsp;&nbsp;<a style='color:#000000' href=https:\/\/www.arcope.it\/benedini\/catalogo_bib.php?BIB_CODI=1096 target=_self><i>1\u00b0 Premio di Pittura Viadana \"Uomo 66\"<\/i>, Viadana (MN) 1966<\/a><br \/><hr>&nbsp;&nbsp;&nbsp;&nbsp;&nbsp;&nbsp;&nbsp;&nbsp;&nbsp;&nbsp;<a style='color:#000000' href=https:\/\/www.arcope.it\/benedini\/catalogo_bib.php?BIB_CODI=1102 target=_self><i>4\u00b0 Premio Soragna di bianco e nero<\/i>, presentazione di Marco Valsecchi, s.l. 1966<\/a><br \/><hr>&nbsp;&nbsp;&nbsp;&nbsp;&nbsp;&nbsp;&nbsp;&nbsp;&nbsp;&nbsp;<a style='color:#000000' href=https:\/\/www.arcope.it\/benedini\/catalogo_bib.php?BIB_CODI=1565 target=_self><i>VIII Premio Nazionale di Pittura Silvestro Lega<\/i>, s.l. 1966<\/a><br \/><hr>&nbsp;&nbsp;&nbsp;&nbsp;&nbsp;&nbsp;&nbsp;&nbsp;&nbsp;&nbsp;<a style='color:#000000' href=https:\/\/www.arcope.it\/benedini\/catalogo_bib.php?BIB_CODI=32 target=_self><i>Mostre del settembre 1966<\/i> <i>VIII Premio Nazionale di pittura \"Silvestro Lega\"<\/i>, Faenza (RA) 1966<\/a><br \/><hr>&nbsp;&nbsp;&nbsp;&nbsp;&nbsp;&nbsp;&nbsp;&nbsp;&nbsp;&nbsp;<a style='color:#000000' href=https:\/\/www.arcope.it\/benedini\/catalogo_bib.php?BIB_CODI=808 target=_self><i>XIX Premio Suzzara Mostra nazionale pittura scultura bianconero<\/i> <i>\"Lavoro e lavoratori nell'arte\"<\/i>, s.l. 1966<\/a><br \/><hr>&nbsp;&nbsp;&nbsp;&nbsp;&nbsp;&nbsp;&nbsp;&nbsp;&nbsp;&nbsp;<a style='color:#000000' href=https:\/\/www.arcope.it\/benedini\/catalogo_bib.php?BIB_CODI=35 target=_self><i>VIII\u00b0 Premio Nazionale di pittura citt\u00e0 di Gallarate<\/i>, Gallarate (VA) 1966<\/a><br \/><hr>&nbsp;&nbsp;&nbsp;&nbsp;&nbsp;&nbsp;&nbsp;&nbsp;&nbsp;&nbsp;<a style='color:#000000' href=https:\/\/www.arcope.it\/benedini\/catalogo_bib.php?BIB_CODI=33 target=_self><i>Premio Nazionale di pittura Pordenone<\/i>, Pordenone 1966<\/a><br \/><hr><b><font size=6 color='#7F81FF'>1967<\/font><\/b><br>&nbsp;&nbsp;&nbsp;&nbsp;&nbsp;&nbsp;&nbsp;&nbsp;&nbsp;&nbsp;<a style='color:#000000' href=https:\/\/www.arcope.it\/benedini\/catalogo_bib.php?BIB_CODI=36 target=_self><i>XII Concorso nazionale di pittura Premio Ramazzotti<\/i>, Milano 1967<\/a><br \/><hr>&nbsp;&nbsp;&nbsp;&nbsp;&nbsp;&nbsp;&nbsp;&nbsp;&nbsp;&nbsp;<a style='color:#000000' href=https:\/\/www.arcope.it\/benedini\/catalogo_bib.php?BIB_CODI=38 target=_self><i>5\u00b0 Premio Soragna di bianco e nero e omaggio ad Atanasio Soldati<\/i>, a cura di Marco Valsecchi, presentazione di Marco Valsecchi, Parma 1967<\/a><br \/><hr>&nbsp;&nbsp;&nbsp;&nbsp;&nbsp;&nbsp;&nbsp;&nbsp;&nbsp;&nbsp;<a style='color:#000000' href=https:\/\/www.arcope.it\/benedini\/catalogo_bib.php?BIB_CODI=37 target=_self><i>18\u00b0 Mostra d\u2019arte contemporanea<\/i>, presentazione di Luciano Cherchi, Torre Pellice (TO) 1967<\/a><br \/><hr><b><font size=6 color='#7F81FF'>1968<\/font><\/b><br>&nbsp;&nbsp;&nbsp;&nbsp;&nbsp;&nbsp;&nbsp;&nbsp;&nbsp;&nbsp;<a style='color:#000000' href=https:\/\/www.arcope.it\/benedini\/catalogo_bib.php?BIB_CODI=39 target=_self><i>Benedini<\/i>, presentazione di Gabriella Benedini, Milano 1968<\/a><br \/><hr>&nbsp;&nbsp;&nbsp;&nbsp;&nbsp;&nbsp;&nbsp;&nbsp;&nbsp;&nbsp;<a style='color:#000000' href=https:\/\/www.arcope.it\/benedini\/catalogo_bib.php?BIB_CODI=604 target=_self><i>Gabriella Benedini. Mostra personale<\/i>, presentazione di Gabriella Benedini, Parma 1968<\/a><br \/><hr>&nbsp;&nbsp;&nbsp;&nbsp;&nbsp;&nbsp;&nbsp;&nbsp;&nbsp;&nbsp;<a style='color:#000000' href=https:\/\/www.arcope.it\/benedini\/catalogo_bib.php?BIB_CODI=70 target=_self>Garibaldo Marussi, <i>Senza titolo<\/i>, Milano maggio 1968<\/a><br \/><hr>&nbsp;&nbsp;&nbsp;&nbsp;&nbsp;&nbsp;&nbsp;&nbsp;&nbsp;&nbsp;<a style='color:#000000' href=https:\/\/www.arcope.it\/benedini\/catalogo_bib.php?BIB_CODI=40 target=_self><i>Benedini<\/i>, presentazione di Franco Russoli, Livorno 1968<\/a><br \/><hr>&nbsp;&nbsp;&nbsp;&nbsp;&nbsp;&nbsp;&nbsp;&nbsp;&nbsp;&nbsp;<a style='color:#000000' href=https:\/\/www.arcope.it\/benedini\/catalogo_bib.php?BIB_CODI=41 target=_self><i>Tredicesima rassegna nazionale di pittura Ramazzotti<\/i>, presentazione di Giorgio Kaisserlian, Milano 1968<\/a><br \/><hr>&nbsp;&nbsp;&nbsp;&nbsp;&nbsp;&nbsp;&nbsp;&nbsp;&nbsp;&nbsp;<a style='color:#000000' href=https:\/\/www.arcope.it\/benedini\/catalogo_bib.php?BIB_CODI=620 target=_self><i>Mostra personale di Benedini<\/i>, presentazione di Franco Russoli, s.l. 1968<\/a><br \/><hr><b><font size=6 color='#7F81FF'>1969<\/font><\/b><br>&nbsp;&nbsp;&nbsp;&nbsp;&nbsp;&nbsp;&nbsp;&nbsp;&nbsp;&nbsp;<a style='color:#000000' href=https:\/\/www.arcope.it\/benedini\/catalogo_bib.php?BIB_CODI=42 target=_self><i>G. Benedini A.<\/i>, Reggio Emilia 1969<\/a><br \/><hr>&nbsp;&nbsp;&nbsp;&nbsp;&nbsp;&nbsp;&nbsp;&nbsp;&nbsp;&nbsp;<a style='color:#000000' href=https:\/\/www.arcope.it\/benedini\/catalogo_bib.php?BIB_CODI=827 target=_self><i>G. Benedini A.<\/i>, presentazione di Mario De Micheli, Siro Teodorani, Milano 1969<\/a><br \/><hr>&nbsp;&nbsp;&nbsp;&nbsp;&nbsp;&nbsp;&nbsp;&nbsp;&nbsp;&nbsp;<a style='color:#000000' href=https:\/\/www.arcope.it\/benedini\/catalogo_bib.php?BIB_CODI=625 target=_self><i>G. Benedini A.<\/i>, presentazione di Franco Russoli, Brescia 1969<\/a><br \/><hr>&nbsp;&nbsp;&nbsp;&nbsp;&nbsp;&nbsp;&nbsp;&nbsp;&nbsp;&nbsp;<a style='color:#000000' href=https:\/\/www.arcope.it\/benedini\/catalogo_bib.php?BIB_CODI=626 target=_self><i>G. Benedini A.<\/i>, presentazione di Franco Russoli, Cremona 1969<\/a><br \/><hr><b><font size=6 color='#7F81FF'>1970<\/font><\/b><br>&nbsp;&nbsp;&nbsp;&nbsp;&nbsp;&nbsp;&nbsp;&nbsp;&nbsp;&nbsp;<a style='color:#000000' href=https:\/\/www.arcope.it\/benedini\/catalogo_bib.php?BIB_CODI=825 target=_self><i>G. Benedini A.<\/i>, presentazione di Gabriella Benedini, s.l. 1970<\/a><br \/><hr>&nbsp;&nbsp;&nbsp;&nbsp;&nbsp;&nbsp;&nbsp;&nbsp;&nbsp;&nbsp;<a style='color:#000000' href=https:\/\/www.arcope.it\/benedini\/catalogo_bib.php?BIB_CODI=43 target=_self><i>X Premio del disegno<\/i>, Galleria delle Ore, Milano 1970<\/a><br \/><hr><b><font size=6 color='#7F81FF'>1971<\/font><\/b><br>&nbsp;&nbsp;&nbsp;&nbsp;&nbsp;&nbsp;&nbsp;&nbsp;&nbsp;&nbsp;<a style='color:#000000' href=https:\/\/www.arcope.it\/benedini\/catalogo_bib.php?BIB_CODI=44 target=_self><i>G. Benedini A.<\/i>, presentazione di Mario De Micheli, Chiasso 1971<\/a><br \/><hr>&nbsp;&nbsp;&nbsp;&nbsp;&nbsp;&nbsp;&nbsp;&nbsp;&nbsp;&nbsp;<a style='color:#000000' href=https:\/\/www.arcope.it\/benedini\/catalogo_bib.php?BIB_CODI=842 target=_self>Gabriella Benedini, Alberto Modesti, <i>Parole e segni - Litografie<\/i>, La Spirale, Milano 1971<\/a><br \/><hr>&nbsp;&nbsp;&nbsp;&nbsp;&nbsp;&nbsp;&nbsp;&nbsp;&nbsp;&nbsp;<a style='color:#000000' href=https:\/\/www.arcope.it\/benedini\/catalogo_bib.php?BIB_CODI=603 target=_self><i>G. Benedini A.<\/i>, presentazione di Mario De Micheli, Ferrara 1971<\/a><br \/><hr><b><font size=6 color='#7F81FF'>1972<\/font><\/b><br>&nbsp;&nbsp;&nbsp;&nbsp;&nbsp;&nbsp;&nbsp;&nbsp;&nbsp;&nbsp;<a style='color:#000000' href=https:\/\/www.arcope.it\/benedini\/catalogo_bib.php?BIB_CODI=46 target=_self><i>XXVI Mostra nazionale di pittura F.P. Michetti<\/i>, presentazione di Marcello Venturoli, Francavilla al Mare (CH) 1972<\/a><br \/><hr>&nbsp;&nbsp;&nbsp;&nbsp;&nbsp;&nbsp;&nbsp;&nbsp;&nbsp;&nbsp;<a style='color:#000000' href=https:\/\/www.arcope.it\/benedini\/catalogo_bib.php?BIB_CODI=48 target=_self><i>IV Biennale di arte grafica italiana contemporanea<\/i>, Faenza (RA) 1972<\/a><br \/><hr>&nbsp;&nbsp;&nbsp;&nbsp;&nbsp;&nbsp;&nbsp;&nbsp;&nbsp;&nbsp;<a style='color:#000000' href=https:\/\/www.arcope.it\/benedini\/catalogo_bib.php?BIB_CODI=47 target=_self><i>LXXII Mostra annuale d\u2019arte della Regione Lombarda<\/i>, Milano 1972<\/a><br \/><hr>&nbsp;&nbsp;&nbsp;&nbsp;&nbsp;&nbsp;&nbsp;&nbsp;&nbsp;&nbsp;<a style='color:#000000' href=https:\/\/www.arcope.it\/benedini\/catalogo_bib.php?BIB_CODI=45 target=_self><i>Gabriella Benedini<\/i>, presentazione di Gianni Cavazzini, Parma 1972<\/a><br \/><hr><b><font size=6 color='#7F81FF'>1973<\/font><\/b><br>&nbsp;&nbsp;&nbsp;&nbsp;&nbsp;&nbsp;&nbsp;&nbsp;&nbsp;&nbsp;<a style='color:#000000' href=https:\/\/www.arcope.it\/benedini\/catalogo_bib.php?BIB_CODI=49 target=_self><i>Premio Nazionale di pittura citt\u00e0 di Gallarate 9 edizione<\/i>, Gallarate (VA) 1973<\/a><br \/><hr><b><font size=6 color='#7F81FF'>1974<\/font><\/b><br>&nbsp;&nbsp;&nbsp;&nbsp;&nbsp;&nbsp;&nbsp;&nbsp;&nbsp;&nbsp;<a style='color:#000000' href=https:\/\/www.arcope.it\/benedini\/catalogo_bib.php?BIB_CODI=1051 target=_self><i>Cinema d'artista programma delle proiezioni 31 gennaio - 10 febbraio 1974<\/i>, s.l. 1974<\/a><br \/><hr>&nbsp;&nbsp;&nbsp;&nbsp;&nbsp;&nbsp;&nbsp;&nbsp;&nbsp;&nbsp;<a style='color:#000000' href=https:\/\/www.arcope.it\/benedini\/catalogo_bib.php?BIB_CODI=885 target=_self><i>Benedini Lucchini Pescador<\/i>, Milano 1974<\/a><br \/><hr>&nbsp;&nbsp;&nbsp;&nbsp;&nbsp;&nbsp;&nbsp;&nbsp;&nbsp;&nbsp;<a style='color:#000000' href=https:\/\/www.arcope.it\/benedini\/catalogo_bib.php?BIB_CODI=50 target=_self><i>Omaggio all\u2019Ariosto In occasione del quinto centenario della nascita<\/i>, Ferrara 1974<\/a><br \/><hr><b><font size=6 color='#7F81FF'>1975<\/font><\/b><br>&nbsp;&nbsp;&nbsp;&nbsp;&nbsp;&nbsp;&nbsp;&nbsp;&nbsp;&nbsp;<a style='color:#000000' href=https:\/\/www.arcope.it\/benedini\/catalogo_bib.php?BIB_CODI=983 target=_self><i>Benedini Lucchini Pescador<\/i>, Cremona 1975<\/a><br \/><hr>&nbsp;&nbsp;&nbsp;&nbsp;&nbsp;&nbsp;&nbsp;&nbsp;&nbsp;&nbsp;<a style='color:#000000' href=https:\/\/www.arcope.it\/benedini\/catalogo_bib.php?BIB_CODI=51 target=_self><i>Gabriella Benedini A.<\/i>, presentazione di Roberto Tassi, Milano 1975<\/a><br \/><hr>&nbsp;&nbsp;&nbsp;&nbsp;&nbsp;&nbsp;&nbsp;&nbsp;&nbsp;&nbsp;<a style='color:#000000' href=https:\/\/www.arcope.it\/benedini\/catalogo_bib.php?BIB_CODI=606 target=_self><i>Terza triennale dell'incisione<\/i>, presentazione di Roberto Tassi, Milano 1975<\/a><br \/><hr><b><font size=6 color='#7F81FF'>1976<\/font><\/b><br>&nbsp;&nbsp;&nbsp;&nbsp;&nbsp;&nbsp;&nbsp;&nbsp;&nbsp;&nbsp;<a style='color:#000000' href=https:\/\/www.arcope.it\/benedini\/catalogo_bib.php?BIB_CODI=52 target=_self><i>Disegno e piccola scultura<\/i>, Milano 1976<\/a><br \/><hr>&nbsp;&nbsp;&nbsp;&nbsp;&nbsp;&nbsp;&nbsp;&nbsp;&nbsp;&nbsp;<a style='color:#000000' href=https:\/\/www.arcope.it\/benedini\/catalogo_bib.php?BIB_CODI=53 target=_self><i>Un rilevamento a Milano. Dieci donne artiste<\/i>, presentazione di Anty Pansera, Grafiche Alfa Editrice, Torino 1976<\/a><br \/><hr><b><font size=6 color='#7F81FF'>1977<\/font><\/b><br>&nbsp;&nbsp;&nbsp;&nbsp;&nbsp;&nbsp;&nbsp;&nbsp;&nbsp;&nbsp;<a style='color:#000000' href=https:\/\/www.arcope.it\/benedini\/catalogo_bib.php?BIB_CODI=54 target=_self><i>Gabriella Benedini<\/i> <i>L'itinerario artistico e il percorso del linguaggio figurativo<\/i>, a cura di Anty Pansera, Edizioni Grafis, Sesto Ulteriano (MI) 1977<\/a><br \/><hr>&nbsp;&nbsp;&nbsp;&nbsp;&nbsp;&nbsp;&nbsp;&nbsp;&nbsp;&nbsp;<a style='color:#000000' href=https:\/\/www.arcope.it\/benedini\/catalogo_bib.php?BIB_CODI=57 target=_self><i>Grafici italiani contemporanei<\/i>, Milano (1977)<\/a><br \/><hr>&nbsp;&nbsp;&nbsp;&nbsp;&nbsp;&nbsp;&nbsp;&nbsp;&nbsp;&nbsp;<a style='color:#000000' href=https:\/\/www.arcope.it\/benedini\/catalogo_bib.php?BIB_CODI=627 target=_self><i>Arte e cinema. Per un catalogo di cinema d'artista in Italia 1965\/1977<\/i>, a cura di Vittorio Fagone, Marsilio Editore, Venezia 1977<\/a><br \/><hr>&nbsp;&nbsp;&nbsp;&nbsp;&nbsp;&nbsp;&nbsp;&nbsp;&nbsp;&nbsp;<a style='color:#000000' href=https:\/\/www.arcope.it\/benedini\/catalogo_bib.php?BIB_CODI=55 target=_self>Anty Pansera, <i>Benedini<\/i>, presentazione di Aurelio Natali, Lodi 1977<\/a><br \/><hr>&nbsp;&nbsp;&nbsp;&nbsp;&nbsp;&nbsp;&nbsp;&nbsp;&nbsp;&nbsp;<a style='color:#000000' href=https:\/\/www.arcope.it\/benedini\/catalogo_bib.php?BIB_CODI=59 target=_self><i>Rilevamento a Milano Momenti di creativit\u00e0 femminile<\/i>, presentazione di Anty Pansera, Milano 1977<\/a><br \/><hr>&nbsp;&nbsp;&nbsp;&nbsp;&nbsp;&nbsp;&nbsp;&nbsp;&nbsp;&nbsp;<a style='color:#000000' href=https:\/\/www.arcope.it\/benedini\/catalogo_bib.php?BIB_CODI=56 target=_self><i>Gabriella Benedini<\/i>, Parma 1977<\/a><br \/><hr>&nbsp;&nbsp;&nbsp;&nbsp;&nbsp;&nbsp;&nbsp;&nbsp;&nbsp;&nbsp;<a style='color:#000000' href=https:\/\/www.arcope.it\/benedini\/catalogo_bib.php?BIB_CODI=985 target=_self><i>Benedini Bisio Cottini Dragoni Leddi Plescan Tenconi<\/i>, presentazione di Roberto Tassi, Tortona (AL) 1977<\/a><br \/><hr>&nbsp;&nbsp;&nbsp;&nbsp;&nbsp;&nbsp;&nbsp;&nbsp;&nbsp;&nbsp;<a style='color:#000000' href=https:\/\/www.arcope.it\/benedini\/catalogo_bib.php?BIB_CODI=58 target=_self><i>Metamorfosi: dalla natura alla \"ragione\"<\/i>, presentazione di Anty Pansera, Magma  Editore 1977<\/a><br \/><hr><b><font size=6 color='#7F81FF'>1978<\/font><\/b><br>&nbsp;&nbsp;&nbsp;&nbsp;&nbsp;&nbsp;&nbsp;&nbsp;&nbsp;&nbsp;<a style='color:#000000' href=https:\/\/www.arcope.it\/benedini\/catalogo_bib.php?BIB_CODI=61 target=_self><i>Premio Nazionale di Pittura Citt\u00e0\u00a0 di Gallarate 10\u00b0 edizione- 5\u00b0 Mostra L'arte degli anni '60<\/i>, Gallarate (VA) 1978<\/a><br \/><hr>&nbsp;&nbsp;&nbsp;&nbsp;&nbsp;&nbsp;&nbsp;&nbsp;&nbsp;&nbsp;<a style='color:#000000' href=https:\/\/www.arcope.it\/benedini\/catalogo_bib.php?BIB_CODI=1050 target=_self><i>Coop 77 Arti visive<\/i>, La Spezia 1978<\/a><br \/><hr>&nbsp;&nbsp;&nbsp;&nbsp;&nbsp;&nbsp;&nbsp;&nbsp;&nbsp;&nbsp;<a style='color:#000000' href=https:\/\/www.arcope.it\/benedini\/catalogo_bib.php?BIB_CODI=60 target=_self><i>Mezzo cielo<\/i>, Milano 1978<\/a><br \/><hr>&nbsp;&nbsp;&nbsp;&nbsp;&nbsp;&nbsp;&nbsp;&nbsp;&nbsp;&nbsp;<a style='color:#000000' href=https:\/\/www.arcope.it\/benedini\/catalogo_bib.php?BIB_CODI=62 target=_self><i>Coop 77 arti visive<\/i>, Sesto S. Giovanni (MI) 1978<\/a><br \/><hr><b><font size=6 color='#7F81FF'>1979<\/font><\/b><br>&nbsp;&nbsp;&nbsp;&nbsp;&nbsp;&nbsp;&nbsp;&nbsp;&nbsp;&nbsp;<a style='color:#000000' href=https:\/\/www.arcope.it\/benedini\/catalogo_bib.php?BIB_CODI=811 target=_self><i>Le radici dell'arte contemporanea dall'informale<\/i>, a cura di Anty Pansera e Marco Meneguzzo, Milano 1979<\/a><br \/><hr>&nbsp;&nbsp;&nbsp;&nbsp;&nbsp;&nbsp;&nbsp;&nbsp;&nbsp;&nbsp;<a style='color:#000000' href=https:\/\/www.arcope.it\/benedini\/catalogo_bib.php?BIB_CODI=987 target=_self><i>Autoritratto\/ semiologia della memoria<\/i>, a cura di Pedro Fiori, Milano 1979<\/a><br \/><hr>&nbsp;&nbsp;&nbsp;&nbsp;&nbsp;&nbsp;&nbsp;&nbsp;&nbsp;&nbsp;<a style='color:#000000' href=https:\/\/www.arcope.it\/benedini\/catalogo_bib.php?BIB_CODI=984 target=_self><i>Gabriella Benedini Alesandra Bonelli Lucia Pescador Lucia Sterlocchi<\/i>, presentazione di Aurelio Natali, Piacenza 1979<\/a><br \/><hr>&nbsp;&nbsp;&nbsp;&nbsp;&nbsp;&nbsp;&nbsp;&nbsp;&nbsp;&nbsp;<a style='color:#000000' href=https:\/\/www.arcope.it\/benedini\/catalogo_bib.php?BIB_CODI=986 target=_self><i>Le trascrizioni elettive<\/i>, Milano 1979<\/a><br \/><hr>&nbsp;&nbsp;&nbsp;&nbsp;&nbsp;&nbsp;&nbsp;&nbsp;&nbsp;&nbsp;<a style='color:#000000' href=https:\/\/www.arcope.it\/benedini\/catalogo_bib.php?BIB_CODI=64 target=_self><i>L\u2019altra satira<\/i>, presentazione di Oreste Del Buono, Milano 1979<\/a><br \/><hr>&nbsp;&nbsp;&nbsp;&nbsp;&nbsp;&nbsp;&nbsp;&nbsp;&nbsp;&nbsp;<a style='color:#000000' href=https:\/\/www.arcope.it\/benedini\/catalogo_bib.php?BIB_CODI=65 target=_self><i>Coop 77 Arti visive Milano<\/i>, a cura di Giorgio Trentin, Venezia 1979<\/a><br \/><hr>&nbsp;&nbsp;&nbsp;&nbsp;&nbsp;&nbsp;&nbsp;&nbsp;&nbsp;&nbsp;<a style='color:#000000' href=https:\/\/www.arcope.it\/benedini\/catalogo_bib.php?BIB_CODI=63 target=_self><i>Genesi e processo dell\u2019immagine<\/i>, presentazione di Roberto Tassi, Milano 1979<\/a><br \/><hr><b><font size=6 color='#7F81FF'>1980<\/font><\/b><br>&nbsp;&nbsp;&nbsp;&nbsp;&nbsp;&nbsp;&nbsp;&nbsp;&nbsp;&nbsp;<a style='color:#000000' href=https:\/\/www.arcope.it\/benedini\/catalogo_bib.php?BIB_CODI=683 target=_self><i>Mail-art ambiente<\/i> <i>40 artisti propongono idee per il centro storico di Vertova<\/i>, a cura di Bruno Talpo e Pino Gusmini, presentazione di Adriano Alpago Novello, Milano 1980<\/a><br \/><hr>&nbsp;&nbsp;&nbsp;&nbsp;&nbsp;&nbsp;&nbsp;&nbsp;&nbsp;&nbsp;<a style='color:#000000' href=https:\/\/www.arcope.it\/benedini\/catalogo_bib.php?BIB_CODI=611 target=_self><i>Gabriella Benedini Storie della terra - Mutazione 1977'80<\/i>, Torino 1980<\/a><br \/><hr>&nbsp;&nbsp;&nbsp;&nbsp;&nbsp;&nbsp;&nbsp;&nbsp;&nbsp;&nbsp;<a style='color:#000000' href=https:\/\/www.arcope.it\/benedini\/catalogo_bib.php?BIB_CODI=66 target=_self><i>Sogno, bisogno. Analisi al soggetto<\/i>, Milano 1980<\/a><br \/><hr>&nbsp;&nbsp;&nbsp;&nbsp;&nbsp;&nbsp;&nbsp;&nbsp;&nbsp;&nbsp;<a style='color:#000000' href=https:\/\/www.arcope.it\/benedini\/catalogo_bib.php?BIB_CODI=67 target=_self><i>Il pomo della discordia<\/i>, a cura di Pierangela Rossi Sala e Carmelo Strano, Edizioni Bonaparte, Milano 1980<\/a><br \/><hr><b><font size=6 color='#7F81FF'>1981<\/font><\/b><br>&nbsp;&nbsp;&nbsp;&nbsp;&nbsp;&nbsp;&nbsp;&nbsp;&nbsp;&nbsp;<a style='color:#000000' href=https:\/\/www.arcope.it\/benedini\/catalogo_bib.php?BIB_CODI=68 target=_self><i>Groep Metamorfosi<\/i>, Vlietje 1981<\/a><br \/><hr>&nbsp;&nbsp;&nbsp;&nbsp;&nbsp;&nbsp;&nbsp;&nbsp;&nbsp;&nbsp;<a style='color:#000000' href=https:\/\/www.arcope.it\/benedini\/catalogo_bib.php?BIB_CODI=608 target=_self><i>Deserto. Aspetti  della condizione umana attraverso l'arte<\/i>, s.l. 1981<\/a><br \/><hr><b><font size=6 color='#7F81FF'>1982<\/font><\/b><br>&nbsp;&nbsp;&nbsp;&nbsp;&nbsp;&nbsp;&nbsp;&nbsp;&nbsp;&nbsp;<a style='color:#000000' href=https:\/\/www.arcope.it\/benedini\/catalogo_bib.php?BIB_CODI=69 target=_self><i>Interfolio all\u2019Encyclopedie<\/i>, a cura di Anty Pansera, s.l. 1982<\/a><br \/><hr>&nbsp;&nbsp;&nbsp;&nbsp;&nbsp;&nbsp;&nbsp;&nbsp;&nbsp;&nbsp;<a style='color:#000000' href=https:\/\/www.arcope.it\/benedini\/catalogo_bib.php?BIB_CODI=84 target=_self>Luigi Lambertini, <i> R.A.I. 2<\/i>, Roma aprile 1982<\/a><br \/><hr><b><font size=6 color='#7F81FF'>1983<\/font><\/b><br>&nbsp;&nbsp;&nbsp;&nbsp;&nbsp;&nbsp;&nbsp;&nbsp;&nbsp;&nbsp;<a style='color:#000000' href=https:\/\/www.arcope.it\/benedini\/catalogo_bib.php?BIB_CODI=818 target=_self>Silvio Zanella, <i>Civica Galleria d'arte moderna di Gallarate<\/i> <i>Catalogo ragionato didattico<\/i>, Ask Edizioni, Varese 1983<\/a><br \/><hr>&nbsp;&nbsp;&nbsp;&nbsp;&nbsp;&nbsp;&nbsp;&nbsp;&nbsp;&nbsp;<a style='color:#000000' href=https:\/\/www.arcope.it\/benedini\/catalogo_bib.php?BIB_CODI=71 target=_self><i>L\u2019Aleph. Benedini Bonelli Parrocchetti Pescador Sironi Sterlocchi<\/i>, presentazione di Patrizia Serra, Intra (VB) 1983<\/a><br \/><hr>&nbsp;&nbsp;&nbsp;&nbsp;&nbsp;&nbsp;&nbsp;&nbsp;&nbsp;&nbsp;<a style='color:#000000' href=https:\/\/www.arcope.it\/benedini\/catalogo_bib.php?BIB_CODI=848 target=_self><i>Civetteria 33 artisti + 1 per Rossana Bossaglia<\/i>, Edizioni Can Bianco Niccolai, Pistoia 1983<\/a><br \/><hr><b><font size=6 color='#7F81FF'>1984<\/font><\/b><br>&nbsp;&nbsp;&nbsp;&nbsp;&nbsp;&nbsp;&nbsp;&nbsp;&nbsp;&nbsp;<a style='color:#000000' href=https:\/\/www.arcope.it\/benedini\/catalogo_bib.php?BIB_CODI=74 target=_self><i>XXIX Biennale Nazionale d\u2019arte Citt\u00e0 di Milano<\/i>, Milano 1984<\/a><br \/><hr>&nbsp;&nbsp;&nbsp;&nbsp;&nbsp;&nbsp;&nbsp;&nbsp;&nbsp;&nbsp;<a style='color:#000000' href=https:\/\/www.arcope.it\/benedini\/catalogo_bib.php?BIB_CODI=72 target=_self><i>Mostra nazionale di pittura \u201cCitt\u00e0 di Monza\u201d 1984<\/i>, presentazione di Paolo Biscottini, Milano 1984<\/a><br \/><hr>&nbsp;&nbsp;&nbsp;&nbsp;&nbsp;&nbsp;&nbsp;&nbsp;&nbsp;&nbsp;<a style='color:#000000' href=https:\/\/www.arcope.it\/benedini\/catalogo_bib.php?BIB_CODI=73 target=_self>Gino Baratta, Francesco Bartoli, <i>I mesi mancanti (da Schifanoia 1984)<\/i>, presentazione di Patrizia Serra, Ferrara 1984<\/a><br \/><hr>&nbsp;&nbsp;&nbsp;&nbsp;&nbsp;&nbsp;&nbsp;&nbsp;&nbsp;&nbsp;<a style='color:#000000' href=https:\/\/www.arcope.it\/benedini\/catalogo_bib.php?BIB_CODI=1555 target=_self><i>Venti artisti per Manzoni. Dramma e speranza ne \"I Promessi Sposi\"<\/i>, Centro Culturale San Fedele, Milano novembre 1984<\/a><br \/><hr><b><font size=6 color='#7F81FF'>1985<\/font><\/b><br>&nbsp;&nbsp;&nbsp;&nbsp;&nbsp;&nbsp;&nbsp;&nbsp;&nbsp;&nbsp;<a style='color:#000000' href=https:\/\/www.arcope.it\/benedini\/catalogo_bib.php?BIB_CODI=76 target=_self>Patrizia Serra, <i>Sulla linea dell\u2019orizzonte. Attraversare gli spazi<\/i>, presentazione di Renata Casarin, Mantova 1985<\/a><br \/><hr>&nbsp;&nbsp;&nbsp;&nbsp;&nbsp;&nbsp;&nbsp;&nbsp;&nbsp;&nbsp;<a style='color:#000000' href=https:\/\/www.arcope.it\/benedini\/catalogo_bib.php?BIB_CODI=75 target=_self>Giorgio Mascherpa, <i>\"Carte cielesti\" (Astronomia come provocazione estetica)<\/i> <i>Borrini Pescador Benedini<\/i>, presentazione di Silvio Ceccato, Milano 1985<\/a><br \/><hr><b><font size=6 color='#7F81FF'>1986<\/font><\/b><br>&nbsp;&nbsp;&nbsp;&nbsp;&nbsp;&nbsp;&nbsp;&nbsp;&nbsp;&nbsp;<a style='color:#000000' href=https:\/\/www.arcope.it\/benedini\/catalogo_bib.php?BIB_CODI=81 target=_self>Flavio Maestrini, <i>Dieci artisti da copertina<\/i>, RIMA Editrice, Milano 1986<\/a><br \/><hr>&nbsp;&nbsp;&nbsp;&nbsp;&nbsp;&nbsp;&nbsp;&nbsp;&nbsp;&nbsp;<a style='color:#000000' href=https:\/\/www.arcope.it\/benedini\/catalogo_bib.php?BIB_CODI=83 target=_self>Fernanda Fedi, <i>Collettivi e gruppi artistici a Milano Ideologie e percorsi 1968-1985<\/i>, Edizioni ENDAS, Milano 1986<\/a><br \/><hr>&nbsp;&nbsp;&nbsp;&nbsp;&nbsp;&nbsp;&nbsp;&nbsp;&nbsp;&nbsp;<a style='color:#000000' href=https:\/\/www.arcope.it\/benedini\/catalogo_bib.php?BIB_CODI=812 target=_self>Anty Pansera, Maurizio Vitta, <i>Guida all'arte contemporanea<\/i>, Marietti Editore, Casale Monferrato (AL) 1986<\/a><br \/><hr>&nbsp;&nbsp;&nbsp;&nbsp;&nbsp;&nbsp;&nbsp;&nbsp;&nbsp;&nbsp;<a style='color:#000000' href=https:\/\/www.arcope.it\/benedini\/catalogo_bib.php?BIB_CODI=78 target=_self>Patrizia Serra, <i>Gabriella Benedini  Teatri della \u201cmelanconia\u201d<\/i>, presentazione di Francesco Bartoli, Edizioni \"Spazio Temporaneo\", Milano 1986<\/a><br \/><hr>&nbsp;&nbsp;&nbsp;&nbsp;&nbsp;&nbsp;&nbsp;&nbsp;&nbsp;&nbsp;<a style='color:#000000' href=https:\/\/www.arcope.it\/benedini\/catalogo_bib.php?BIB_CODI=80 target=_self><i>Arte e Scienza. Arte e alchimia<\/i> <i>XLII Esposizione Internazionale d'Arte La Biennale di Venezia<\/i>, a cura di Arturo Schwarz, La Biennale-Electa, Milano 1986<\/a><br \/><hr>&nbsp;&nbsp;&nbsp;&nbsp;&nbsp;&nbsp;&nbsp;&nbsp;&nbsp;&nbsp;<a style='color:#000000' href=https:\/\/www.arcope.it\/benedini\/catalogo_bib.php?BIB_CODI=82 target=_self><i>Projeto Vermelho\/Progetto Rosso Operacao Experimental FAAP 86<\/i>, San Paolo del Brasile 1986<\/a><br \/><hr>&nbsp;&nbsp;&nbsp;&nbsp;&nbsp;&nbsp;&nbsp;&nbsp;&nbsp;&nbsp;<a style='color:#000000' href=https:\/\/www.arcope.it\/benedini\/catalogo_bib.php?BIB_CODI=79 target=_self><i>Quinta Triennale dell\u2019Incisione<\/i>, Milano 1986<\/a><br \/><hr><b><font size=6 color='#7F81FF'>1987<\/font><\/b><br>&nbsp;&nbsp;&nbsp;&nbsp;&nbsp;&nbsp;&nbsp;&nbsp;&nbsp;&nbsp;<a style='color:#000000' href=https:\/\/www.arcope.it\/benedini\/catalogo_bib.php?BIB_CODI=85 target=_self><i>Poesia per la vita Venti artisti per i villaggi SOS<\/i>, presentazione di Luciano Caramel, Milano 1987<\/a><br \/><hr>&nbsp;&nbsp;&nbsp;&nbsp;&nbsp;&nbsp;&nbsp;&nbsp;&nbsp;&nbsp;<a style='color:#000000' href=https:\/\/www.arcope.it\/benedini\/catalogo_bib.php?BIB_CODI=77 target=_self><i>La Favorita e il Coccodrillo. Gabriella Benedini Lucia Pescador<\/i>, presentazione di Rossana Bossaglia, Mantova 1987<\/a><br \/><hr>&nbsp;&nbsp;&nbsp;&nbsp;&nbsp;&nbsp;&nbsp;&nbsp;&nbsp;&nbsp;<a style='color:#000000' href=https:\/\/www.arcope.it\/benedini\/catalogo_bib.php?BIB_CODI=824 target=_self><i>Calendrier des expositions a L'autre Musee \/Viaduc. Saison 87-88<\/i> 1987-1988<\/a><br \/><hr><b><font size=6 color='#7F81FF'>1988<\/font><\/b><br>&nbsp;&nbsp;&nbsp;&nbsp;&nbsp;&nbsp;&nbsp;&nbsp;&nbsp;&nbsp;<a style='color:#000000' href=https:\/\/www.arcope.it\/benedini\/catalogo_bib.php?BIB_CODI=90 target=_self><i>Volto spirituale di Maria Testimonianze di teologia e arte contemporanea<\/i>, EDB Edizioni Dehoniane Bologna, Bologna 1988<\/a><br \/><hr>&nbsp;&nbsp;&nbsp;&nbsp;&nbsp;&nbsp;&nbsp;&nbsp;&nbsp;&nbsp;<a style='color:#000000' href=https:\/\/www.arcope.it\/benedini\/catalogo_bib.php?BIB_CODI=86 target=_self><i>XXXVIII Mostra d\u2019arte contemporanea. Dedicata alla civica galleria d\u2019arte moderna di Gallarate<\/i>, a cura di Piergiorgio Dragone, Torre Pellice (TO) 1988<\/a><br \/><hr>&nbsp;&nbsp;&nbsp;&nbsp;&nbsp;&nbsp;&nbsp;&nbsp;&nbsp;&nbsp;<a style='color:#000000' href=https:\/\/www.arcope.it\/benedini\/catalogo_bib.php?BIB_CODI=87 target=_self><i>Exposition Les miroirs de la scene<\/i>, Bruxelles 1988<\/a><br \/><hr>&nbsp;&nbsp;&nbsp;&nbsp;&nbsp;&nbsp;&nbsp;&nbsp;&nbsp;&nbsp;<a style='color:#000000' href=https:\/\/www.arcope.it\/benedini\/catalogo_bib.php?BIB_CODI=89 target=_self><i>Carta X carta rassegna di opere in carta di 80 artiste europee<\/i>, a cura di Simona Weller, Roma 1988<\/a><br \/><hr>&nbsp;&nbsp;&nbsp;&nbsp;&nbsp;&nbsp;&nbsp;&nbsp;&nbsp;&nbsp;<a style='color:#000000' href=https:\/\/www.arcope.it\/benedini\/catalogo_bib.php?BIB_CODI=88 target=_self><i>Textilia Interpretazioni tessili e trame nell\u2019arte. Primo confronto europeo<\/i>, a cura di Tersilla Faravelli Giacobone e Anty Pansera, Stocchiero Editrice, Vicenza 1988<\/a><br \/><hr><b><font size=6 color='#7F81FF'>1989<\/font><\/b><br>&nbsp;&nbsp;&nbsp;&nbsp;&nbsp;&nbsp;&nbsp;&nbsp;&nbsp;&nbsp;<a style='color:#000000' href=https:\/\/www.arcope.it\/benedini\/catalogo_bib.php?BIB_CODI=1042 target=_self><i>Trentadue ex - libri e dieci testimonianze critiche per Elda Fezzi<\/i>, Centro Internazionale della grafica, Venezia 1989<\/a><br \/><hr>&nbsp;&nbsp;&nbsp;&nbsp;&nbsp;&nbsp;&nbsp;&nbsp;&nbsp;&nbsp;<a style='color:#000000' href=https:\/\/www.arcope.it\/benedini\/catalogo_bib.php?BIB_CODI=607 target=_self><i>Prima Biennale di Cremona. Mostra d'arte padana<\/i> <i>Mostra d'arte padana<\/i>, presentazione di Giorgio Mascherpa, s.l. 1989<\/a><br \/><hr>&nbsp;&nbsp;&nbsp;&nbsp;&nbsp;&nbsp;&nbsp;&nbsp;&nbsp;&nbsp;<a style='color:#000000' href=https:\/\/www.arcope.it\/benedini\/catalogo_bib.php?BIB_CODI=92 target=_self><i>Grandi firme dell\u2019arte a favore del villaggio SOS di Morosolo Asta di grafica di artisti famosi per collezionisti ed amatori<\/i>, presentazione di Flavio Caroli, Varese 1989<\/a><br \/><hr>&nbsp;&nbsp;&nbsp;&nbsp;&nbsp;&nbsp;&nbsp;&nbsp;&nbsp;&nbsp;<a style='color:#000000' href=https:\/\/www.arcope.it\/benedini\/catalogo_bib.php?BIB_CODI=91 target=_self><i>Gabriella Benedini<\/i>, a cura di Luciano Caramel, Milano 1989<\/a><br \/><hr><b><font size=6 color='#7F81FF'>1990<\/font><\/b><br>&nbsp;&nbsp;&nbsp;&nbsp;&nbsp;&nbsp;&nbsp;&nbsp;&nbsp;&nbsp;<a style='color:#000000' href=https:\/\/www.arcope.it\/benedini\/catalogo_bib.php?BIB_CODI=93 target=_self><i>Gabriella Benedini Bibliotheca<\/i>, a cura di Elena Pontiggia, Officina del cherubo, Bergamo 1990<\/a><br \/><hr>&nbsp;&nbsp;&nbsp;&nbsp;&nbsp;&nbsp;&nbsp;&nbsp;&nbsp;&nbsp;<a style='color:#000000' href=https:\/\/www.arcope.it\/benedini\/catalogo_bib.php?BIB_CODI=94 target=_self><i>Orangerie Italiana 1990<\/i> <i>An international fair of italian art and antiques<\/i>, Londra 1990<\/a><br \/><hr><b><font size=6 color='#7F81FF'>1991<\/font><\/b><br>&nbsp;&nbsp;&nbsp;&nbsp;&nbsp;&nbsp;&nbsp;&nbsp;&nbsp;&nbsp;<a style='color:#000000' href=https:\/\/www.arcope.it\/benedini\/catalogo_bib.php?BIB_CODI=97 target=_self>Emma Zanella Manara, <i>Pagine e dintorni Libri d\u2019artista Rassegna internazionale<\/i>, presentazione di Gino Gini, Gallarate (VA) 1991<\/a><br \/><hr>&nbsp;&nbsp;&nbsp;&nbsp;&nbsp;&nbsp;&nbsp;&nbsp;&nbsp;&nbsp;<a style='color:#000000' href=https:\/\/www.arcope.it\/benedini\/catalogo_bib.php?BIB_CODI=96 target=_self><i>Objekte und Bilder von Gabriella Benedini Mailand<\/i>, Grenchen 1991<\/a><br \/><hr><b><font size=6 color='#7F81FF'>1992<\/font><\/b><br>&nbsp;&nbsp;&nbsp;&nbsp;&nbsp;&nbsp;&nbsp;&nbsp;&nbsp;&nbsp;<a style='color:#000000' href=https:\/\/www.arcope.it\/benedini\/catalogo_bib.php?BIB_CODI=102 target=_self><i>1992: artisti in galleria<\/i>, Edizioni C.E.L.I., Faenza (RA) 1992<\/a><br \/><hr>&nbsp;&nbsp;&nbsp;&nbsp;&nbsp;&nbsp;&nbsp;&nbsp;&nbsp;&nbsp;<a style='color:#000000' href=https:\/\/www.arcope.it\/benedini\/catalogo_bib.php?BIB_CODI=99 target=_self><i>La grimace napolitaine 30 artistes italiens de Paris<\/i>, Parigi 1992<\/a><br \/><hr>&nbsp;&nbsp;&nbsp;&nbsp;&nbsp;&nbsp;&nbsp;&nbsp;&nbsp;&nbsp;<a style='color:#000000' href=https:\/\/www.arcope.it\/benedini\/catalogo_bib.php?BIB_CODI=98 target=_self><i>Gabriella Benedini<\/i>, a cura di Gillo Dorfles, Milano 1992<\/a><br \/><hr>&nbsp;&nbsp;&nbsp;&nbsp;&nbsp;&nbsp;&nbsp;&nbsp;&nbsp;&nbsp;<a style='color:#000000' href=https:\/\/www.arcope.it\/benedini\/catalogo_bib.php?BIB_CODI=100 target=_self><i>Salone di settembre Prima Rassegna di Gallerie Italiane di Arte Contemporanea<\/i>, Venezia 1992<\/a><br \/><hr>&nbsp;&nbsp;&nbsp;&nbsp;&nbsp;&nbsp;&nbsp;&nbsp;&nbsp;&nbsp;<a style='color:#000000' href=https:\/\/www.arcope.it\/benedini\/catalogo_bib.php?BIB_CODI=101 target=_self><i>Lineart 1992<\/i>, Gent 1992<\/a><br \/><hr><b><font size=6 color='#7F81FF'>1993<\/font><\/b><br>&nbsp;&nbsp;&nbsp;&nbsp;&nbsp;&nbsp;&nbsp;&nbsp;&nbsp;&nbsp;<a style='color:#000000' href=https:\/\/www.arcope.it\/benedini\/catalogo_bib.php?BIB_CODI=797 target=_self><i>Cinque pittori per Elda Fezzi<\/i> <i>Mario Benedetti. Gabriella Benedini. Enrico Della Torre. Luigi Dragoni. Fabrizio Merisi<\/i>, a cura di Mariarosa Ferrari Romanini, Cremona 1993<\/a><br \/><hr>&nbsp;&nbsp;&nbsp;&nbsp;&nbsp;&nbsp;&nbsp;&nbsp;&nbsp;&nbsp;<a style='color:#000000' href=https:\/\/www.arcope.it\/benedini\/catalogo_bib.php?BIB_CODI=103 target=_self>Luigi Cavadini, Patrizia Serra, <i>Gabriella Benedini<\/i>, Fidia edizioni d'arte, Milano 1993<\/a><br \/><hr>&nbsp;&nbsp;&nbsp;&nbsp;&nbsp;&nbsp;&nbsp;&nbsp;&nbsp;&nbsp;<a style='color:#000000' href=https:\/\/www.arcope.it\/benedini\/catalogo_bib.php?BIB_CODI=104 target=_self><i>Lineart 1993<\/i>, Gent 1993<\/a><br \/><hr><b><font size=6 color='#7F81FF'>1994<\/font><\/b><br>&nbsp;&nbsp;&nbsp;&nbsp;&nbsp;&nbsp;&nbsp;&nbsp;&nbsp;&nbsp;<a style='color:#000000' href=https:\/\/www.arcope.it\/benedini\/catalogo_bib.php?BIB_CODI=110 target=_self>Enzo Santese, <i>Cento e pi\u00f9 opere nella prospettiva di un museo<\/i>, Biblioteca Cominiana, Padova 1994<\/a><br \/><hr>&nbsp;&nbsp;&nbsp;&nbsp;&nbsp;&nbsp;&nbsp;&nbsp;&nbsp;&nbsp;<a style='color:#000000' href=https:\/\/www.arcope.it\/benedini\/catalogo_bib.php?BIB_CODI=106 target=_self><i>Coscienza della realt\u00e0<\/i>, a cura di Francesco Tedeschi, Milano 1994<\/a><br \/><hr>&nbsp;&nbsp;&nbsp;&nbsp;&nbsp;&nbsp;&nbsp;&nbsp;&nbsp;&nbsp;<a style='color:#000000' href=https:\/\/www.arcope.it\/benedini\/catalogo_bib.php?BIB_CODI=108 target=_self><i>Arbeiten auf Papier. Lavori su carta<\/i>, a cura di Ingo Bartsch, Nuova Editrice Delta, Como 1994<\/a><br \/><hr>&nbsp;&nbsp;&nbsp;&nbsp;&nbsp;&nbsp;&nbsp;&nbsp;&nbsp;&nbsp;<a style='color:#000000' href=https:\/\/www.arcope.it\/benedini\/catalogo_bib.php?BIB_CODI=109 target=_self><i>Gabriella Benedini Equinozi Equinoxes Equinox<\/i>, a cura di Luciano Caramel, presentazione di  Janus, Musumeci Editore, Aosta 1994<\/a><br \/><hr><b><font size=6 color='#7F81FF'>1995<\/font><\/b><br>&nbsp;&nbsp;&nbsp;&nbsp;&nbsp;&nbsp;&nbsp;&nbsp;&nbsp;&nbsp;<a style='color:#000000' href=https:\/\/www.arcope.it\/benedini\/catalogo_bib.php?BIB_CODI=111 target=_self><i>Milano Cento artisti per la citt\u00e0<\/i>, a cura di Rossana Bossaglia, Edizioni  Mazzotta, Milano 1995<\/a><br \/><hr>&nbsp;&nbsp;&nbsp;&nbsp;&nbsp;&nbsp;&nbsp;&nbsp;&nbsp;&nbsp;<a style='color:#000000' href=https:\/\/www.arcope.it\/benedini\/catalogo_bib.php?BIB_CODI=114 target=_self><i>La raccolta d\u2019arte della Camera del Lavoro di Reggio Emilia<\/i>, a cura di Sandro Parmiggiani, Edizioni  Mazzotta, Milano 1995<\/a><br \/><hr>&nbsp;&nbsp;&nbsp;&nbsp;&nbsp;&nbsp;&nbsp;&nbsp;&nbsp;&nbsp;<a style='color:#000000' href=https:\/\/www.arcope.it\/benedini\/catalogo_bib.php?BIB_CODI=116 target=_self><i>Omaggio a Isabella Morra<\/i> <i>31 artisti contemporanei per Isabella<\/i>, a cura di Stefania Carrozzini, D'Ars Edizioni, Milano 1995<\/a><br \/><hr>&nbsp;&nbsp;&nbsp;&nbsp;&nbsp;&nbsp;&nbsp;&nbsp;&nbsp;&nbsp;<a style='color:#000000' href=https:\/\/www.arcope.it\/benedini\/catalogo_bib.php?BIB_CODI=822 target=_self><i>Saga. Salon de l'\u00e9dition d'art \u00e0 tirage limit\u00e9 estampes-photographies<\/i>, Paris 1995<\/a><br \/><hr>&nbsp;&nbsp;&nbsp;&nbsp;&nbsp;&nbsp;&nbsp;&nbsp;&nbsp;&nbsp;<a style='color:#000000' href=https:\/\/www.arcope.it\/benedini\/catalogo_bib.php?BIB_CODI=115 target=_self><i>Anni \u201890 Arte a Milano Artisti e artisti designer nella citt\u00e0<\/i>, a cura di Rolando Bellini, Abitare Segesta Cataloghi, Milano 1995<\/a><br \/><hr>&nbsp;&nbsp;&nbsp;&nbsp;&nbsp;&nbsp;&nbsp;&nbsp;&nbsp;&nbsp;<a style='color:#000000' href=https:\/\/www.arcope.it\/benedini\/catalogo_bib.php?BIB_CODI=113 target=_self><i>Per contro<\/i>, a cura di Sandro Parmiggiani, Trezzo sull\u2019Adda (MI) 1995<\/a><br \/><hr>&nbsp;&nbsp;&nbsp;&nbsp;&nbsp;&nbsp;&nbsp;&nbsp;&nbsp;&nbsp;<a style='color:#000000' href=https:\/\/www.arcope.it\/benedini\/catalogo_bib.php?BIB_CODI=112 target=_self><i>Gabriella Benedini \u201cIl viaggio\u201d<\/i>, a cura di Martina Corgnati, Milano 1995<\/a><br \/><hr><b><font size=6 color='#7F81FF'>1996<\/font><\/b><br>&nbsp;&nbsp;&nbsp;&nbsp;&nbsp;&nbsp;&nbsp;&nbsp;&nbsp;&nbsp;<a style='color:#000000' href=https:\/\/www.arcope.it\/benedini\/catalogo_bib.php?BIB_CODI=122 target=_self><i>Catalogo ovali rotariani<\/i> <i>Arte come progetto di vita<\/i>, a cura di Luciano Caramel, Milano 1996<\/a><br \/><hr>&nbsp;&nbsp;&nbsp;&nbsp;&nbsp;&nbsp;&nbsp;&nbsp;&nbsp;&nbsp;<a style='color:#000000' href=https:\/\/www.arcope.it\/benedini\/catalogo_bib.php?BIB_CODI=118 target=_self><i>Gabriella Benedini \"Il suono del silenzio\"<\/i>, presentazione di Francesco Poli, Trieste 1996<\/a><br \/><hr>&nbsp;&nbsp;&nbsp;&nbsp;&nbsp;&nbsp;&nbsp;&nbsp;&nbsp;&nbsp;<a style='color:#000000' href=https:\/\/www.arcope.it\/benedini\/catalogo_bib.php?BIB_CODI=121 target=_self><i>MIART Fiera d\u2019arte moderna e contemporanea 96<\/i>, Milano 1996<\/a><br \/><hr>&nbsp;&nbsp;&nbsp;&nbsp;&nbsp;&nbsp;&nbsp;&nbsp;&nbsp;&nbsp;<a style='color:#000000' href=https:\/\/www.arcope.it\/benedini\/catalogo_bib.php?BIB_CODI=117 target=_self><i>Gabriella Bendini Bibliotheca Le mutazioni<\/i>, presentazione di Giuseppe Curonici, Milano 1996<\/a><br \/><hr>&nbsp;&nbsp;&nbsp;&nbsp;&nbsp;&nbsp;&nbsp;&nbsp;&nbsp;&nbsp;<a style='color:#000000' href=https:\/\/www.arcope.it\/benedini\/catalogo_bib.php?BIB_CODI=119 target=_self>Giuliana Cerrato, <i>Libra Donne d\u2019arte e di carta<\/i>, a cura di Paola Gribaudo e Silvana Nota, Edizioni d\u2019Arte Fratelli Pozzo, Moncalieri (TO) 1996<\/a><br \/><hr>&nbsp;&nbsp;&nbsp;&nbsp;&nbsp;&nbsp;&nbsp;&nbsp;&nbsp;&nbsp;<a style='color:#000000' href=https:\/\/www.arcope.it\/benedini\/catalogo_bib.php?BIB_CODI=637 target=_self><i>Premio Marche 1995-96<\/i> <i>Biennale d'Arte Contemporanea Edizione nazionale<\/i>, Edizioni  Mazzotta, Milano 1996<\/a><br \/><hr>&nbsp;&nbsp;&nbsp;&nbsp;&nbsp;&nbsp;&nbsp;&nbsp;&nbsp;&nbsp;<a style='color:#000000' href=https:\/\/www.arcope.it\/benedini\/catalogo_bib.php?BIB_CODI=120 target=_self><i>Escatologica<\/i>, a cura di Patrizia Serra, Viterbo 1996<\/a><br \/><hr><b><font size=6 color='#7F81FF'>1997<\/font><\/b><br>&nbsp;&nbsp;&nbsp;&nbsp;&nbsp;&nbsp;&nbsp;&nbsp;&nbsp;&nbsp;<a style='color:#000000' href=https:\/\/www.arcope.it\/benedini\/catalogo_bib.php?BIB_CODI=123 target=_self><i>Moby Art<\/i>, a cura di Anty Pansera, Electa, Milano 1997<\/a><br \/><hr>&nbsp;&nbsp;&nbsp;&nbsp;&nbsp;&nbsp;&nbsp;&nbsp;&nbsp;&nbsp;<a style='color:#000000' href=https:\/\/www.arcope.it\/benedini\/catalogo_bib.php?BIB_CODI=124 target=_self>Martina Corgnati, Gabriella Benedini, <i>Contrappunto<\/i>, Electa, Milano 1997<\/a><br \/><hr>&nbsp;&nbsp;&nbsp;&nbsp;&nbsp;&nbsp;&nbsp;&nbsp;&nbsp;&nbsp;<a style='color:#000000' href=https:\/\/www.arcope.it\/benedini\/catalogo_bib.php?BIB_CODI=125 target=_self><i>Premio Kiwanis Villa S. Giovanni di pittura - 4\u00b0 edizione<\/i> 1997<\/a><br \/><hr>&nbsp;&nbsp;&nbsp;&nbsp;&nbsp;&nbsp;&nbsp;&nbsp;&nbsp;&nbsp;<a style='color:#000000' href=https:\/\/www.arcope.it\/benedini\/catalogo_bib.php?BIB_CODI=816 target=_self><i>Trash. Quando i rifiuti diventano arte<\/i>, a cura di Lea Vergine, Electa, Milano 1997<\/a><br \/><hr>&nbsp;&nbsp;&nbsp;&nbsp;&nbsp;&nbsp;&nbsp;&nbsp;&nbsp;&nbsp;<a style='color:#000000' href=https:\/\/www.arcope.it\/benedini\/catalogo_bib.php?BIB_CODI=126 target=_self><i>Absolut Mail Art<\/i>, a cura di Martina Corgnati, Electa, Milano 1997<\/a><br \/><hr><b><font size=6 color='#7F81FF'>1998<\/font><\/b><br>&nbsp;&nbsp;&nbsp;&nbsp;&nbsp;&nbsp;&nbsp;&nbsp;&nbsp;&nbsp;<a style='color:#000000' href=https:\/\/www.arcope.it\/benedini\/catalogo_bib.php?BIB_CODI=823 target=_self><i>Arte fiera 98<\/i> <i>Mosrta mercato internazionale d'arte contemporanea<\/i>, Umberto Allemandi & C, Torino 1998<\/a><br \/><hr>&nbsp;&nbsp;&nbsp;&nbsp;&nbsp;&nbsp;&nbsp;&nbsp;&nbsp;&nbsp;<a style='color:#000000' href=https:\/\/www.arcope.it\/benedini\/catalogo_bib.php?BIB_CODI=127 target=_self><i>Trasparenze Opere su vetro di artisti contemporanei<\/i>, a cura di Claudio Cerritelli e Anty Pansera, Publiriviera-Cote d'Azur Editore, Finale Ligure (SV) 1998<\/a><br \/><hr>&nbsp;&nbsp;&nbsp;&nbsp;&nbsp;&nbsp;&nbsp;&nbsp;&nbsp;&nbsp;<a style='color:#000000' href=https:\/\/www.arcope.it\/benedini\/catalogo_bib.php?BIB_CODI=131 target=_self><i>Miart 1998<\/i>, Milano 1998<\/a><br \/><hr>&nbsp;&nbsp;&nbsp;&nbsp;&nbsp;&nbsp;&nbsp;&nbsp;&nbsp;&nbsp;<a style='color:#000000' href=https:\/\/www.arcope.it\/benedini\/catalogo_bib.php?BIB_CODI=646 target=_self><i>Escatologica<\/i>, a cura di Patrizia Serra, s.l. 1998<\/a><br \/><hr>&nbsp;&nbsp;&nbsp;&nbsp;&nbsp;&nbsp;&nbsp;&nbsp;&nbsp;&nbsp;<a style='color:#000000' href=https:\/\/www.arcope.it\/benedini\/catalogo_bib.php?BIB_CODI=725 target=_self><i>Asta di oggetti d'arte. A favore del Museo d'Israele di Gerusalemme<\/i>, Milano 21 maggio 1998<\/a><br \/><hr>&nbsp;&nbsp;&nbsp;&nbsp;&nbsp;&nbsp;&nbsp;&nbsp;&nbsp;&nbsp;<a style='color:#000000' href=https:\/\/www.arcope.it\/benedini\/catalogo_bib.php?BIB_CODI=128 target=_self><i>XXV Premio Sulmona Rassegna Internazionale d\u2019arte contemporanea. Omaggio a Renzo Vespignani<\/i>, s.l. 1998<\/a><br \/><hr>&nbsp;&nbsp;&nbsp;&nbsp;&nbsp;&nbsp;&nbsp;&nbsp;&nbsp;&nbsp;<a style='color:#000000' href=https:\/\/www.arcope.it\/benedini\/catalogo_bib.php?BIB_CODI=129 target=_self><i>Arteopen millenovecento98 Meeting multimediale di arte contemporanea internazionale<\/i>, Staranzano (GO) 1998<\/a><br \/><hr>&nbsp;&nbsp;&nbsp;&nbsp;&nbsp;&nbsp;&nbsp;&nbsp;&nbsp;&nbsp;<a style='color:#000000' href=https:\/\/www.arcope.it\/benedini\/catalogo_bib.php?BIB_CODI=130 target=_self>Martina Corgnati, <i>Buon compleanno GAC<\/i>, Edizioni di l\u00e0 dal fiume e tra gli alberi, Concesio San Vigilio (BS) 1998<\/a><br \/><hr><b><font size=6 color='#7F81FF'>1999<\/font><\/b><br>&nbsp;&nbsp;&nbsp;&nbsp;&nbsp;&nbsp;&nbsp;&nbsp;&nbsp;&nbsp;<a style='color:#000000' href=https:\/\/www.arcope.it\/benedini\/catalogo_bib.php?BIB_CODI=134 target=_self><i>Ovazione Collezione Aprile di Cimia<\/i>, presentazione di M Battistini, Electa, Milano 1999<\/a><br \/><hr>&nbsp;&nbsp;&nbsp;&nbsp;&nbsp;&nbsp;&nbsp;&nbsp;&nbsp;&nbsp;<a style='color:#000000' href=https:\/\/www.arcope.it\/benedini\/catalogo_bib.php?BIB_CODI=132 target=_self><i>Artiste Presenze femminili nei movimenti artistici a Milano 1928-1968<\/i>, a cura di Eda Palmieri e Elena Pontiggia, Viennepierre edizioni, Milano 1999<\/a><br \/><hr>&nbsp;&nbsp;&nbsp;&nbsp;&nbsp;&nbsp;&nbsp;&nbsp;&nbsp;&nbsp;<a style='color:#000000' href=https:\/\/www.arcope.it\/benedini\/catalogo_bib.php?BIB_CODI=133 target=_self><i>Gabriella Benedini Misurare il tempo<\/i>, presentazione di Marco Meneguzzo, Sesto San Giovanni (MI) 1999<\/a><br \/><hr>&nbsp;&nbsp;&nbsp;&nbsp;&nbsp;&nbsp;&nbsp;&nbsp;&nbsp;&nbsp;<a style='color:#000000' href=https:\/\/www.arcope.it\/benedini\/catalogo_bib.php?BIB_CODI=1115 target=_self><i>Artisti per l'Epicentro<\/i> <i>VI Esposizione Nazionale Artisti per l'Epcicentro<\/i>, a cura di Nino Abbate, presentazione di Giuseppe Quaglia, s.l. 1999<\/a><br \/><hr>&nbsp;&nbsp;&nbsp;&nbsp;&nbsp;&nbsp;&nbsp;&nbsp;&nbsp;&nbsp;<a style='color:#000000' href=https:\/\/www.arcope.it\/benedini\/catalogo_bib.php?BIB_CODI=644 target=_self><i>VI Biennale di Cremona<\/i> <i>Sezione B Sviluppo della materia<\/i>, a cura di Mauro Corradini, APIC, Cremona 1999<\/a><br \/><hr><b><font size=6 color='#7F81FF'>2000<\/font><\/b><br>&nbsp;&nbsp;&nbsp;&nbsp;&nbsp;&nbsp;&nbsp;&nbsp;&nbsp;&nbsp;<a style='color:#000000' href=https:\/\/www.arcope.it\/benedini\/catalogo_bib.php?BIB_CODI=815 target=_self>Giorgio Di Genova, <i>Generazione anni Trenta<\/i> <i>Storia dell'arte italiana del '900 per generazioni<\/i>, Edizioni Bora, Bologna 2000<\/a><br \/><hr>&nbsp;&nbsp;&nbsp;&nbsp;&nbsp;&nbsp;&nbsp;&nbsp;&nbsp;&nbsp;<a style='color:#000000' href=https:\/\/www.arcope.it\/benedini\/catalogo_bib.php?BIB_CODI=135 target=_self><i>Gabriella Benedini.<\/i>, a cura di Rossana Bossaglia, Milano 2000<\/a><br \/><hr>&nbsp;&nbsp;&nbsp;&nbsp;&nbsp;&nbsp;&nbsp;&nbsp;&nbsp;&nbsp;<a style='color:#000000' href=https:\/\/www.arcope.it\/benedini\/catalogo_bib.php?BIB_CODI=777 target=_self><i>Arte italiana 2000<\/i>, J.J. Brookings Gallery, San Francisco 2000<\/a><br \/><hr>&nbsp;&nbsp;&nbsp;&nbsp;&nbsp;&nbsp;&nbsp;&nbsp;&nbsp;&nbsp;<a style='color:#000000' href=https:\/\/www.arcope.it\/benedini\/catalogo_bib.php?BIB_CODI=136 target=_self><i>Le mani pensano<\/i>, a cura di Sandro Parmiggiani e Silvia Cavalchi, Palazzo Magnani, Reggio Emilia 2000<\/a><br \/><hr>&nbsp;&nbsp;&nbsp;&nbsp;&nbsp;&nbsp;&nbsp;&nbsp;&nbsp;&nbsp;<a style='color:#000000' href=https:\/\/www.arcope.it\/benedini\/catalogo_bib.php?BIB_CODI=137 target=_self><i>Arte come comunicazione di vita Immagini alla soglia del nuovo millennio<\/i>, Franco Maria Ricci, Milano 2000<\/a><br \/><hr>&nbsp;&nbsp;&nbsp;&nbsp;&nbsp;&nbsp;&nbsp;&nbsp;&nbsp;&nbsp;<a style='color:#000000' href=https:\/\/www.arcope.it\/benedini\/catalogo_bib.php?BIB_CODI=642 target=_self><i>Saletta Galaverni 1960-2000<\/i>, a cura di Sandro Parmiggiani, Galaverni, Reggio Emilia 2000<\/a><br \/><hr><b><font size=6 color='#7F81FF'>2001<\/font><\/b><br>&nbsp;&nbsp;&nbsp;&nbsp;&nbsp;&nbsp;&nbsp;&nbsp;&nbsp;&nbsp;<a style='color:#000000' href=https:\/\/www.arcope.it\/benedini\/catalogo_bib.php?BIB_CODI=844 target=_self><i>Catalogo delle collezioni permanenti<\/i> <i>Generazione anni trenta<\/i>, presentazione di Giorgio Di Genova, Edizioni Bora, Bologna 2001<\/a><br \/><hr>&nbsp;&nbsp;&nbsp;&nbsp;&nbsp;&nbsp;&nbsp;&nbsp;&nbsp;&nbsp;<a style='color:#000000' href=https:\/\/www.arcope.it\/benedini\/catalogo_bib.php?BIB_CODI=1100 target=_self><i>Premio di Pittura Citt\u00e0 di Busto Arsizio 2001<\/i> <i>Seconda edizione<\/i>, Busto Arsizio (VA) 2001<\/a><br \/><hr>&nbsp;&nbsp;&nbsp;&nbsp;&nbsp;&nbsp;&nbsp;&nbsp;&nbsp;&nbsp;<a style='color:#000000' href=https:\/\/www.arcope.it\/benedini\/catalogo_bib.php?BIB_CODI=138 target=_self><i>Tra Oriente e Occidente. Gabriela Benedini - Daniela Nenciulescu<\/i>, a cura di Armando Ginesi, Venezia 2001<\/a><br \/><hr>&nbsp;&nbsp;&nbsp;&nbsp;&nbsp;&nbsp;&nbsp;&nbsp;&nbsp;&nbsp;<a style='color:#000000' href=https:\/\/www.arcope.it\/benedini\/catalogo_bib.php?BIB_CODI=139 target=_self><i>Gabriella Benedini Bibliotheca Spartiti<\/i>, a cura di Sandro Parmiggiani, Tipolitografia Emiliana, Reggio Emilia 2001<\/a><br \/><hr>&nbsp;&nbsp;&nbsp;&nbsp;&nbsp;&nbsp;&nbsp;&nbsp;&nbsp;&nbsp;<a style='color:#000000' href=https:\/\/www.arcope.it\/benedini\/catalogo_bib.php?BIB_CODI=684 target=_self><i>L'arte verso il domani. Benedini, Calzavacca, Fedi, Gini, Valentini<\/i>, presentazione di Rossana Bossaglia, Samarate 2001<\/a><br \/><hr>&nbsp;&nbsp;&nbsp;&nbsp;&nbsp;&nbsp;&nbsp;&nbsp;&nbsp;&nbsp;<a style='color:#000000' href=https:\/\/www.arcope.it\/benedini\/catalogo_bib.php?BIB_CODI=828 target=_self>Ernesto Ferrero, Daniela Magnetti, <i>Liberazione Collezione Aprile di Cimia<\/i>, Pea Produzioni Editoriali Aprile, San Mauro Torinese (TO) 2001<\/a><br \/><hr><b><font size=6 color='#7F81FF'>2002<\/font><\/b><br>&nbsp;&nbsp;&nbsp;&nbsp;&nbsp;&nbsp;&nbsp;&nbsp;&nbsp;&nbsp;<a style='color:#000000' href=https:\/\/www.arcope.it\/benedini\/catalogo_bib.php?BIB_CODI=628 target=_self>Angela Madesani, <i>Le icone fluttuanti<\/i> <i>Storia del cinema d'artista e della videoarte in Italia<\/i>, presentazione di Vittorio Fagone, Bruno Mondadori, Milano 2002<\/a><br \/><hr>&nbsp;&nbsp;&nbsp;&nbsp;&nbsp;&nbsp;&nbsp;&nbsp;&nbsp;&nbsp;<a style='color:#000000' href=https:\/\/www.arcope.it\/benedini\/catalogo_bib.php?BIB_CODI=640 target=_self><i>Europe  art languages<\/i> <i>Identit\u00e0 Europa: linguaggi e artisti a confronto<\/i>, a cura di Francesca Pensa e Giorgio Seveso, Milano 2002<\/a><br \/><hr>&nbsp;&nbsp;&nbsp;&nbsp;&nbsp;&nbsp;&nbsp;&nbsp;&nbsp;&nbsp;<a style='color:#000000' href=https:\/\/www.arcope.it\/benedini\/catalogo_bib.php?BIB_CODI=634 target=_self><i>De Gustibus. Collezione privata Italia<\/i>, a cura di Achille Bonito Oliva e Sergio Risaliti, m & m, Pistoia 2002<\/a><br \/><hr>&nbsp;&nbsp;&nbsp;&nbsp;&nbsp;&nbsp;&nbsp;&nbsp;&nbsp;&nbsp;<a style='color:#000000' href=https:\/\/www.arcope.it\/benedini\/catalogo_bib.php?BIB_CODI=810 target=_self><i>Foeminilia memorie ferraresi e invenzioni d'autore<\/i> <i>Mostra e asta a fini benefici<\/i>, Edisal s.r.l., Ferrara 2002<\/a><br \/><hr>&nbsp;&nbsp;&nbsp;&nbsp;&nbsp;&nbsp;&nbsp;&nbsp;&nbsp;&nbsp;<a style='color:#000000' href=https:\/\/www.arcope.it\/benedini\/catalogo_bib.php?BIB_CODI=639 target=_self><i>SOS colours of peace<\/i> <i>Arte contemporanea italiana a Montecarlo a favore degli orfani delle vittime delle Twin Towers<\/i>, Libri Scheiwiller, Milano 2002<\/a><br \/><hr>&nbsp;&nbsp;&nbsp;&nbsp;&nbsp;&nbsp;&nbsp;&nbsp;&nbsp;&nbsp;<a style='color:#000000' href=https:\/\/www.arcope.it\/benedini\/catalogo_bib.php?BIB_CODI=623 target=_self><i>Dedicato a Silvio d'Arzo<\/i>, a cura di Sandro Parmiggiani e Leda Iotti, Reggio Emilia 2002<\/a><br \/><hr>&nbsp;&nbsp;&nbsp;&nbsp;&nbsp;&nbsp;&nbsp;&nbsp;&nbsp;&nbsp;<a style='color:#000000' href=https:\/\/www.arcope.it\/benedini\/catalogo_bib.php?BIB_CODI=612 target=_self><i>Materiamadre Lignea Gabriella Benedini. Giuliano Mauri. Salvatore Scarpitta<\/i>, a cura di Claudio Cerritelli e Piero Quaglino, Edizioni  Mazzotta, Milano 2002<\/a><br \/><hr>&nbsp;&nbsp;&nbsp;&nbsp;&nbsp;&nbsp;&nbsp;&nbsp;&nbsp;&nbsp;<a style='color:#000000' href=https:\/\/www.arcope.it\/benedini\/catalogo_bib.php?BIB_CODI=649 target=_self><i>Gabriella Benendini. Altre navigazioni<\/i>, a cura di Claudio Cerritelli, Milano 2002<\/a><br \/><hr>&nbsp;&nbsp;&nbsp;&nbsp;&nbsp;&nbsp;&nbsp;&nbsp;&nbsp;&nbsp;<a style='color:#000000' href=https:\/\/www.arcope.it\/benedini\/catalogo_bib.php?BIB_CODI=674 target=_self><i>Arteopenduemiladue-Itinerari possibili<\/i> <i>Ottava Performance Multimediale di Arte Ccontemporanea Internazionale-arteopen  2002.<\/i>, Editoriale Ergon, Ronchi dei Legionari (GO) 2002<\/a><br \/><hr><b><font size=6 color='#7F81FF'>2003<\/font><\/b><br>&nbsp;&nbsp;&nbsp;&nbsp;&nbsp;&nbsp;&nbsp;&nbsp;&nbsp;&nbsp;<a style='color:#000000' href=https:\/\/www.arcope.it\/benedini\/catalogo_bib.php?BIB_CODI=633 target=_self><i>Gabriella Benedini \"Altre navigazioni\"<\/i>, presentazione di Claudio Cerritelli, Galaverni, Reggio Emilia 2003<\/a><br \/><hr>&nbsp;&nbsp;&nbsp;&nbsp;&nbsp;&nbsp;&nbsp;&nbsp;&nbsp;&nbsp;<a style='color:#000000' href=https:\/\/www.arcope.it\/benedini\/catalogo_bib.php?BIB_CODI=601 target=_self><i>Mostre a castello: l'artista al lavoro Gabriella Benedini \"Testo a Fronte\"<\/i>, Pitagora Editrice, Bologna 2003<\/a><br \/><hr>&nbsp;&nbsp;&nbsp;&nbsp;&nbsp;&nbsp;&nbsp;&nbsp;&nbsp;&nbsp;<a style='color:#000000' href=https:\/\/www.arcope.it\/benedini\/catalogo_bib.php?BIB_CODI=638 target=_self><i>Nella materia<\/i> <i>Dal Futurismo a Kiefer alfabeti nell'arte del Novecento. Da Burri a Kounellis metalli e ossidazioni<\/i>, a cura di Rachele Ferrario e Lorella Giudici, Silvia Editrice, Cologno Milanese (MI) 2003<\/a><br \/><hr>&nbsp;&nbsp;&nbsp;&nbsp;&nbsp;&nbsp;&nbsp;&nbsp;&nbsp;&nbsp;<a style='color:#000000' href=https:\/\/www.arcope.it\/benedini\/catalogo_bib.php?BIB_CODI=630 target=_self><i>Nove artisti sulla via del sale<\/i>, a cura di Nico Orengo e Silvana Peira, Il Fondaco Edizioni, Bra (CN) 2003<\/a><br \/><hr>&nbsp;&nbsp;&nbsp;&nbsp;&nbsp;&nbsp;&nbsp;&nbsp;&nbsp;&nbsp;<a style='color:#000000' href=https:\/\/www.arcope.it\/benedini\/catalogo_bib.php?BIB_CODI=682 target=_self><i>Il si dei protagonisti dagli anni '60 ad oggi<\/i>, presentazione di Sergio Cambiaghi, Sesto San Giovanni (MI) 2003<\/a><br \/><hr>&nbsp;&nbsp;&nbsp;&nbsp;&nbsp;&nbsp;&nbsp;&nbsp;&nbsp;&nbsp;<a style='color:#000000' href=https:\/\/www.arcope.it\/benedini\/catalogo_bib.php?BIB_CODI=673 target=_self><i>Premio Niccolini VIII edizione. Concorso per Opere di Pittura, Scultura e Progettazione Architettonica<\/i>, a cura di Chiara Toschi Cavaliere, s.l. 2003<\/a><br \/><hr>&nbsp;&nbsp;&nbsp;&nbsp;&nbsp;&nbsp;&nbsp;&nbsp;&nbsp;&nbsp;<a style='color:#000000' href=https:\/\/www.arcope.it\/benedini\/catalogo_bib.php?BIB_CODI=677 target=_self><i>Pigotte d'autore<\/i> <i>101 artisti e stilisti vestono ed interpretano  la bambola dell'Unicef<\/i>, Tecnograf, Bologna 2003<\/a><br \/><hr>&nbsp;&nbsp;&nbsp;&nbsp;&nbsp;&nbsp;&nbsp;&nbsp;&nbsp;&nbsp;<a style='color:#000000' href=https:\/\/www.arcope.it\/benedini\/catalogo_bib.php?BIB_CODI=675 target=_self><i>arteopenduemilatre. Itineraripossibili<\/i> <i>Meeting Multimediale di Arte Contemporanea Internazionale<\/i>, Editoriale Lloyd, S. Dorligo della Valle (TS) 2003<\/a><br \/><hr><b><font size=6 color='#7F81FF'>2004<\/font><\/b><br>&nbsp;&nbsp;&nbsp;&nbsp;&nbsp;&nbsp;&nbsp;&nbsp;&nbsp;&nbsp;<a style='color:#000000' href=https:\/\/www.arcope.it\/benedini\/catalogo_bib.php?BIB_CODI=669 target=_self><i>First International Biennale fot the Artists Book<\/i>, s.l. 2004<\/a><br \/><hr>&nbsp;&nbsp;&nbsp;&nbsp;&nbsp;&nbsp;&nbsp;&nbsp;&nbsp;&nbsp;<a style='color:#000000' href=https:\/\/www.arcope.it\/benedini\/catalogo_bib.php?BIB_CODI=631 target=_self>Giovanna Riu, Flaminio Gualdoni, <i>Gabriella Benedini L'orecchio di Dioniso<\/i>, a cura di Giovanna Riu, La Spezia 2004<\/a><br \/><hr><b><font size=6 color='#7F81FF'>2005<\/font><\/b><br>&nbsp;&nbsp;&nbsp;&nbsp;&nbsp;&nbsp;&nbsp;&nbsp;&nbsp;&nbsp;<a style='color:#000000' href=https:\/\/www.arcope.it\/benedini\/catalogo_bib.php?BIB_CODI=679 target=_self><i>111 +3 artisti e Madreterra per la Casa della Carit\u00e0<\/i>, Skira, Milano 2005<\/a><br \/><hr>&nbsp;&nbsp;&nbsp;&nbsp;&nbsp;&nbsp;&nbsp;&nbsp;&nbsp;&nbsp;<a style='color:#000000' href=https:\/\/www.arcope.it\/benedini\/catalogo_bib.php?BIB_CODI=819 target=_self><i>Il novecento padano: Cremona, Parma e Piacenza si confrontano<\/i> <i>Opere dalle collezioni di Cariparma e Piacenza e cento autori cremonesi nella collezione permanente della Fondazione Citt\u00e0 di Cremona<\/i>, Fondazione Citt\u00e0 di Cremona, Cremona 2005<\/a><br \/><hr>&nbsp;&nbsp;&nbsp;&nbsp;&nbsp;&nbsp;&nbsp;&nbsp;&nbsp;&nbsp;<a style='color:#000000' href=https:\/\/www.arcope.it\/benedini\/catalogo_bib.php?BIB_CODI=615 target=_self><i>La Saletta Reale si racconta 2001-2005<\/i>, a cura di Alberto Crespi, Monza 2005<\/a><br \/><hr>&nbsp;&nbsp;&nbsp;&nbsp;&nbsp;&nbsp;&nbsp;&nbsp;&nbsp;&nbsp;<a style='color:#000000' href=https:\/\/www.arcope.it\/benedini\/catalogo_bib.php?BIB_CODI=617 target=_self><i>Per-turbamenti<\/i> <i>Artiste in Italia tra gli anni Sessanta e Settanta<\/i>, a cura di Angela Madesani, Nicolodi Editore, Rovereto (TN) 2005<\/a><br \/><hr>&nbsp;&nbsp;&nbsp;&nbsp;&nbsp;&nbsp;&nbsp;&nbsp;&nbsp;&nbsp;<a style='color:#000000' href=https:\/\/www.arcope.it\/benedini\/catalogo_bib.php?BIB_CODI=622 target=_self><i>Dedicato a Silvio d'Arzo<\/i>, a cura di Sandro Parmiggiani e Leda Iotti, Felina (RE) 2005<\/a><br \/><hr>&nbsp;&nbsp;&nbsp;&nbsp;&nbsp;&nbsp;&nbsp;&nbsp;&nbsp;&nbsp;<a style='color:#000000' href=https:\/\/www.arcope.it\/benedini\/catalogo_bib.php?BIB_CODI=805 target=_self>Alberto Veca, <i>Dedicate 2<\/i>, Cavenaghi Arte, Milano 2005<\/a><br \/><hr><b><font size=6 color='#7F81FF'>2006<\/font><\/b><br>&nbsp;&nbsp;&nbsp;&nbsp;&nbsp;&nbsp;&nbsp;&nbsp;&nbsp;&nbsp;<a style='color:#000000' href=https:\/\/www.arcope.it\/benedini\/catalogo_bib.php?BIB_CODI=801 target=_self>Riccardo Miracco, <i>Mythos Miti e archetipi nel mare della conoscenza<\/i>, presentazione di Claudio Cerritelli, Mazzotta, Milano 2006<\/a><br \/><hr>&nbsp;&nbsp;&nbsp;&nbsp;&nbsp;&nbsp;&nbsp;&nbsp;&nbsp;&nbsp;<a style='color:#000000' href=https:\/\/www.arcope.it\/benedini\/catalogo_bib.php?BIB_CODI=829 target=_self><i>Nube di Magellano Gabriella Benedini<\/i>, presentazione di Giovanna Riu, La Marrana, Montemarcello (SP) 2006<\/a><br \/><hr>&nbsp;&nbsp;&nbsp;&nbsp;&nbsp;&nbsp;&nbsp;&nbsp;&nbsp;&nbsp;<a style='color:#000000' href=https:\/\/www.arcope.it\/benedini\/catalogo_bib.php?BIB_CODI=618 target=_self><i>La collezione Cesare da Sesto<\/i>, Arona (NO) 2006<\/a><br \/><hr>&nbsp;&nbsp;&nbsp;&nbsp;&nbsp;&nbsp;&nbsp;&nbsp;&nbsp;&nbsp;<a style='color:#000000' href=https:\/\/www.arcope.it\/benedini\/catalogo_bib.php?BIB_CODI=676 target=_self><i>Arteopenduemilacinque. Itineraripossibili<\/i> <i>Meeting multimediale di arte contemporanea internazionale<\/i>, Graphart, San Dorligo della Valle (TS) 2006<\/a><br \/><hr>&nbsp;&nbsp;&nbsp;&nbsp;&nbsp;&nbsp;&nbsp;&nbsp;&nbsp;&nbsp;<a style='color:#000000' href=https:\/\/www.arcope.it\/benedini\/catalogo_bib.php?BIB_CODI=598 target=_self><i>Gabriella Benedini Le arpe di Ninive<\/i>, a cura di Sandro Parmiggiani, Skira, Milano 2006<\/a><br \/><hr>&nbsp;&nbsp;&nbsp;&nbsp;&nbsp;&nbsp;&nbsp;&nbsp;&nbsp;&nbsp;<a style='color:#000000' href=https:\/\/www.arcope.it\/benedini\/catalogo_bib.php?BIB_CODI=613 target=_self><i>Naturarte 2006. Percorsi artistici nel territorio lodigiano IX edizione<\/i>, s.l. 2006<\/a><br \/><hr>&nbsp;&nbsp;&nbsp;&nbsp;&nbsp;&nbsp;&nbsp;&nbsp;&nbsp;&nbsp;<a style='color:#000000' href=https:\/\/www.arcope.it\/benedini\/catalogo_bib.php?BIB_CODI=678 target=_self><i>Premio Marina di Ravenna Rassegna di pittura<\/i>, Edizioni Capit, Ravenna 2006<\/a><br \/><hr>&nbsp;&nbsp;&nbsp;&nbsp;&nbsp;&nbsp;&nbsp;&nbsp;&nbsp;&nbsp;<a style='color:#000000' href=https:\/\/www.arcope.it\/benedini\/catalogo_bib.php?BIB_CODI=671 target=_self>Lea Vergine, <i>Quando i rifiuti diventano arte Trash rubbish mongo<\/i>, Skira, Milano 2006<\/a><br \/><hr>&nbsp;&nbsp;&nbsp;&nbsp;&nbsp;&nbsp;&nbsp;&nbsp;&nbsp;&nbsp;<a style='color:#000000' href=https:\/\/www.arcope.it\/benedini\/catalogo_bib.php?BIB_CODI=600 target=_self>Claudio Cerritelli, Angela Madesani, <i>Gabriella Benedini. Ritorno a Itaca 1970-2006<\/i>, presentazione di Claudio Cerritelli, Silvana Editoriale, Cinisello Balsamo (MI) 2006<\/a><br \/><hr>&nbsp;&nbsp;&nbsp;&nbsp;&nbsp;&nbsp;&nbsp;&nbsp;&nbsp;&nbsp;<a style='color:#000000' href=https:\/\/www.arcope.it\/benedini\/catalogo_bib.php?BIB_CODI=648 target=_self>Lea Vergine, <i>Tuttollibri Una mostra di Lea Vergine<\/i>, Milano 2006<\/a><br \/><hr><b><font size=6 color='#7F81FF'>2007<\/font><\/b><br>&nbsp;&nbsp;&nbsp;&nbsp;&nbsp;&nbsp;&nbsp;&nbsp;&nbsp;&nbsp;<a style='color:#000000' href=https:\/\/www.arcope.it\/benedini\/catalogo_bib.php?BIB_CODI=619 target=_self><i>Alfabeti<\/i>, a cura di Patrizia Serra, Milano 2007<\/a><br \/><hr>&nbsp;&nbsp;&nbsp;&nbsp;&nbsp;&nbsp;&nbsp;&nbsp;&nbsp;&nbsp;<a style='color:#000000' href=https:\/\/www.arcope.it\/benedini\/catalogo_bib.php?BIB_CODI=647 target=_self><i>Colori per  vincere l'egoismo<\/i>, presentazione di Giuseppe Melzi, Skira, Milano 2007<\/a><br \/><hr>&nbsp;&nbsp;&nbsp;&nbsp;&nbsp;&nbsp;&nbsp;&nbsp;&nbsp;&nbsp;<a style='color:#000000' href=https:\/\/www.arcope.it\/benedini\/catalogo_bib.php?BIB_CODI=641 target=_self><i>ArtVerona<\/i> <i>Fiera d'arte moderna e contemporanea<\/i>, Sona (VR) 2007<\/a><br \/><hr>&nbsp;&nbsp;&nbsp;&nbsp;&nbsp;&nbsp;&nbsp;&nbsp;&nbsp;&nbsp;<a style='color:#000000' href=https:\/\/www.arcope.it\/benedini\/catalogo_bib.php?BIB_CODI=680 target=_self><i>I 40 anni della Mosaico di Gino Macconi<\/i>, presentazione di Chiara Gatti, Galleria Mosaico, Chiasso 2007<\/a><br \/><hr>&nbsp;&nbsp;&nbsp;&nbsp;&nbsp;&nbsp;&nbsp;&nbsp;&nbsp;&nbsp;<a style='color:#000000' href=https:\/\/www.arcope.it\/benedini\/catalogo_bib.php?BIB_CODI=670 target=_self><i>Mongarte. Racconti plurimi del Riciclaggio Gabriella Benedini<\/i>, a cura di Marisa Zattini, Il Vicolo, Cesena (FC) 2007<\/a><br \/><hr>&nbsp;&nbsp;&nbsp;&nbsp;&nbsp;&nbsp;&nbsp;&nbsp;&nbsp;&nbsp;<a style='color:#000000' href=https:\/\/www.arcope.it\/benedini\/catalogo_bib.php?BIB_CODI=616 target=_self><i>Artisti al quadrato<\/i> <i>Mostra mercato d'arte contemporanea<\/i>, Milano 2007<\/a><br \/><hr><b><font size=6 color='#7F81FF'>2008<\/font><\/b><br>&nbsp;&nbsp;&nbsp;&nbsp;&nbsp;&nbsp;&nbsp;&nbsp;&nbsp;&nbsp;<a style='color:#000000' href=https:\/\/www.arcope.it\/benedini\/catalogo_bib.php?BIB_CODI=614 target=_self><i>Memorie e materiali.   MIART 2008<\/i>, a cura di Patrizia Serra, Milano 2008<\/a><br \/><hr>&nbsp;&nbsp;&nbsp;&nbsp;&nbsp;&nbsp;&nbsp;&nbsp;&nbsp;&nbsp;<a style='color:#000000' href=https:\/\/www.arcope.it\/benedini\/catalogo_bib.php?BIB_CODI=793 target=_self><i>Gabriella Benedini. Mappe e Reperti<\/i>, a cura di Angela Madesani, Milano 2008<\/a><br \/><hr>&nbsp;&nbsp;&nbsp;&nbsp;&nbsp;&nbsp;&nbsp;&nbsp;&nbsp;&nbsp;<a style='color:#000000' href=https:\/\/www.arcope.it\/benedini\/catalogo_bib.php?BIB_CODI=599 target=_self><i>Gabriella Benedini I relitti o la memoria dell'essere<\/i>, presentazione di Giovanni Tesio, Milano 2008<\/a><br \/><hr>&nbsp;&nbsp;&nbsp;&nbsp;&nbsp;&nbsp;&nbsp;&nbsp;&nbsp;&nbsp;<a style='color:#000000' href=https:\/\/www.arcope.it\/benedini\/catalogo_bib.php?BIB_CODI=891 target=_self><i>Nerazzurra 100 artisti per 100 anni di inter<\/i>, Seregno (MB) 2008<\/a><br \/><hr>&nbsp;&nbsp;&nbsp;&nbsp;&nbsp;&nbsp;&nbsp;&nbsp;&nbsp;&nbsp;<a style='color:#000000' href=https:\/\/www.arcope.it\/benedini\/catalogo_bib.php?BIB_CODI=636 target=_self><i>The (he)art of pin<\/i>, a cura di Alice Capiaghi, Milano 2008<\/a><br \/><hr><b><font size=6 color='#7F81FF'>2009<\/font><\/b><br>&nbsp;&nbsp;&nbsp;&nbsp;&nbsp;&nbsp;&nbsp;&nbsp;&nbsp;&nbsp;<a style='color:#000000' href=https:\/\/www.arcope.it\/benedini\/catalogo_bib.php?BIB_CODI=813 target=_self><i>Arte Cremona<\/i> <i>Fiera d'arte moderna e contemporanea<\/i> 2009<\/a><br \/><hr>&nbsp;&nbsp;&nbsp;&nbsp;&nbsp;&nbsp;&nbsp;&nbsp;&nbsp;&nbsp;<a style='color:#000000' href=https:\/\/www.arcope.it\/benedini\/catalogo_bib.php?BIB_CODI=791 target=_self><i>Scultura nella citt\u00e0. Progetti per Milano<\/i>, Skira, Milano 2009<\/a><br \/><hr>&nbsp;&nbsp;&nbsp;&nbsp;&nbsp;&nbsp;&nbsp;&nbsp;&nbsp;&nbsp;<a style='color:#000000' href=https:\/\/www.arcope.it\/benedini\/catalogo_bib.php?BIB_CODI=792 target=_self><i>Gabriella Benedini Circumnavigare<\/i>, Edizioni Capit Ravenna - Edizioni Essegi, Ravenna 2009<\/a><br \/><hr>&nbsp;&nbsp;&nbsp;&nbsp;&nbsp;&nbsp;&nbsp;&nbsp;&nbsp;&nbsp;<a style='color:#000000' href=https:\/\/www.arcope.it\/benedini\/catalogo_bib.php?BIB_CODI=635 target=_self><i>Venezia salva Omaggio a Simone Weil. 53 Esposizione Internazionale d'Arte. Eventi collaterali<\/i>, Editrice Eidos, Mirano-Venezia 2009<\/a><br \/><hr><b><font size=6 color='#7F81FF'>2010<\/font><\/b><br>&nbsp;&nbsp;&nbsp;&nbsp;&nbsp;&nbsp;&nbsp;&nbsp;&nbsp;&nbsp;<a style='color:#000000' href=https:\/\/www.arcope.it\/benedini\/catalogo_bib.php?BIB_CODI=843 target=_self><i>Apocalisse<\/i> <i>Profezia della storia. Rivelazione per il tempo presente<\/i>, Milano 2010<\/a><br \/><hr>&nbsp;&nbsp;&nbsp;&nbsp;&nbsp;&nbsp;&nbsp;&nbsp;&nbsp;&nbsp;<a style='color:#000000' href=https:\/\/www.arcope.it\/benedini\/catalogo_bib.php?BIB_CODI=814 target=_self><i>Arte Cremona<\/i> 2010<\/a><br \/><hr>&nbsp;&nbsp;&nbsp;&nbsp;&nbsp;&nbsp;&nbsp;&nbsp;&nbsp;&nbsp;<a style='color:#000000' href=https:\/\/www.arcope.it\/benedini\/catalogo_bib.php?BIB_CODI=821 target=_self><i>Libri d'artista dalla collezione Consolandi 1919-2009<\/i>, a cura di Giorgio Maffei e Angela Vettese, Charta, Milano 2010<\/a><br \/><hr>&nbsp;&nbsp;&nbsp;&nbsp;&nbsp;&nbsp;&nbsp;&nbsp;&nbsp;&nbsp;<a style='color:#000000' href=https:\/\/www.arcope.it\/benedini\/catalogo_bib.php?BIB_CODI=826 target=_self><i>Quinto di luna. Milena Barberis Gabriella Benedini Irma Blank Lucia Pescador Elisabeth Scherffig<\/i>, a cura di Alberto Crespi, Grezzago (MI) 2010<\/a><br \/><hr>&nbsp;&nbsp;&nbsp;&nbsp;&nbsp;&nbsp;&nbsp;&nbsp;&nbsp;&nbsp;<a style='color:#000000' href=https:\/\/www.arcope.it\/benedini\/catalogo_bib.php?BIB_CODI=841 target=_self>Claudio Cerritelli, Sandro Parmiggiani, <i>Saletta Galaverni, 1960-2010<\/i> <i>Cinquant'anni di passione per l'arte<\/i>, Reggio Emilia 2010<\/a><br \/><hr>&nbsp;&nbsp;&nbsp;&nbsp;&nbsp;&nbsp;&nbsp;&nbsp;&nbsp;&nbsp;<a style='color:#000000' href=https:\/\/www.arcope.it\/benedini\/catalogo_bib.php?BIB_CODI=845 target=_self>Marco Fazzini, <i>Collezione 7 x 11 La poesia degli artisti<\/i>, Amos edizioni, Venezia Mestre 2010<\/a><br \/><hr><b><font size=6 color='#7F81FF'>2011<\/font><\/b><br>&nbsp;&nbsp;&nbsp;&nbsp;&nbsp;&nbsp;&nbsp;&nbsp;&nbsp;&nbsp;<a style='color:#000000' href=https:\/\/www.arcope.it\/benedini\/catalogo_bib.php?BIB_CODI=1060 target=_self>Francesco Tedeschi, <i>Diario critico bisestile dell'anno 2000<\/i> <i>Gabriella Benedini (ad vocem)<\/i>, Editore Campanotto, Pasian di Prato (UD) 2011<\/a><br \/><hr>&nbsp;&nbsp;&nbsp;&nbsp;&nbsp;&nbsp;&nbsp;&nbsp;&nbsp;&nbsp;<a style='color:#000000' href=https:\/\/www.arcope.it\/benedini\/catalogo_bib.php?BIB_CODI=846 target=_self><i>10 anni di Museo a Lissone Una collezione che cresce. 2000-2010<\/i>, presentazione di Luigi Cavadini, Oggiono (LC) 2011<\/a><br \/><hr>&nbsp;&nbsp;&nbsp;&nbsp;&nbsp;&nbsp;&nbsp;&nbsp;&nbsp;&nbsp;<a style='color:#000000' href=https:\/\/www.arcope.it\/benedini\/catalogo_bib.php?BIB_CODI=847 target=_self><i>L'arte contemporanea per UNA Onlus<\/i> <i>62 Artisti per un charity event a favore di UNA Onlus, Associazione Genitori Oncologia Pediatrica Milano<\/i>, Milano 2011<\/a><br \/><hr>&nbsp;&nbsp;&nbsp;&nbsp;&nbsp;&nbsp;&nbsp;&nbsp;&nbsp;&nbsp;<a style='color:#000000' href=https:\/\/www.arcope.it\/benedini\/catalogo_bib.php?BIB_CODI=855 target=_self>Arturo Schwarz, <i>Asta di Arte Contemporanea a favore di Amig - Onlus<\/i> <i>Amici Italiani del Museo d'Israele di Gerusalemme<\/i>, Carlo Cambi Editore, Poggibonsi (SI) 2011<\/a><br \/><hr>&nbsp;&nbsp;&nbsp;&nbsp;&nbsp;&nbsp;&nbsp;&nbsp;&nbsp;&nbsp;<a style='color:#000000' href=https:\/\/www.arcope.it\/benedini\/catalogo_bib.php?BIB_CODI=850 target=_self><i>XLIV Premio Vasto di arte contemporanea<\/i> <i>Vitalit\u00e0 dell'arte<\/i>, a cura di Sandro Parmiggiani 2011<\/a><br \/><hr>&nbsp;&nbsp;&nbsp;&nbsp;&nbsp;&nbsp;&nbsp;&nbsp;&nbsp;&nbsp;<a style='color:#000000' href=https:\/\/www.arcope.it\/benedini\/catalogo_bib.php?BIB_CODI=851 target=_self><i>Mailart uno sguardo sull'arte moderna<\/i>, presentazione di Giuseppe Ferro 2011<\/a><br \/><hr>&nbsp;&nbsp;&nbsp;&nbsp;&nbsp;&nbsp;&nbsp;&nbsp;&nbsp;&nbsp;<a style='color:#000000' href=https:\/\/www.arcope.it\/benedini\/catalogo_bib.php?BIB_CODI=849 target=_self><i>2011-8\u00b0 edizione Via del sale arte contemporanea dal Roero alla Langa fino al mare.<\/i> <i>Omaggio a Nico Orengo<\/i>, a cura di Silvana Peira, presentazione di Guido Curto, Il Fondaco Edizioni, Bra (CN) 2011<\/a><br \/><hr>&nbsp;&nbsp;&nbsp;&nbsp;&nbsp;&nbsp;&nbsp;&nbsp;&nbsp;&nbsp;<a style='color:#000000' href=https:\/\/www.arcope.it\/benedini\/catalogo_bib.php?BIB_CODI=1064 target=_self>Francesco Tedeschi, <i>Il mondo ridisegnato<\/i> <i>Arte e geografia nella contemporaneit\u00e0<\/i>, Vita e Pensiero, Milano 2011<\/a><br \/><hr>&nbsp;&nbsp;&nbsp;&nbsp;&nbsp;&nbsp;&nbsp;&nbsp;&nbsp;&nbsp;<a style='color:#000000' href=https:\/\/www.arcope.it\/benedini\/catalogo_bib.php?BIB_CODI=853 target=_self><i>Museo Diocesano Catalogo<\/i>, Mondadori - Electa, Milano 2011<\/a><br \/><hr><b><font size=6 color='#7F81FF'>2012<\/font><\/b><br>&nbsp;&nbsp;&nbsp;&nbsp;&nbsp;&nbsp;&nbsp;&nbsp;&nbsp;&nbsp;<a style='color:#000000' href=https:\/\/www.arcope.it\/benedini\/catalogo_bib.php?BIB_CODI=852 target=_self><i>Arte per la vita<\/i>, Milano 2012<\/a><br \/><hr>&nbsp;&nbsp;&nbsp;&nbsp;&nbsp;&nbsp;&nbsp;&nbsp;&nbsp;&nbsp;<a style='color:#000000' href=https:\/\/www.arcope.it\/benedini\/catalogo_bib.php?BIB_CODI=856 target=_self>Arturo Schwarz, <i>Asta d'Arte Contemporanea per CIPMO Centro Italiano per la Pace in Medio Oriente<\/i>, Moretti & Vitali Editori, Bergamo 2012<\/a><br \/><hr>&nbsp;&nbsp;&nbsp;&nbsp;&nbsp;&nbsp;&nbsp;&nbsp;&nbsp;&nbsp;<a style='color:#000000' href=https:\/\/www.arcope.it\/benedini\/catalogo_bib.php?BIB_CODI=857 target=_self><i>Terra madre<\/i>, a cura di Vittoria Surian, Edizioni Colorama, San Don\u00e0 di Piave (VE) 2012<\/a><br \/><hr>&nbsp;&nbsp;&nbsp;&nbsp;&nbsp;&nbsp;&nbsp;&nbsp;&nbsp;&nbsp;<a style='color:#000000' href=https:\/\/www.arcope.it\/benedini\/catalogo_bib.php?BIB_CODI=859 target=_self><i>Asta benefica Rotary Aquaplus<\/i> <i>Arte contro la sete nel mondo<\/i>, s.l. 2012<\/a><br \/><hr>&nbsp;&nbsp;&nbsp;&nbsp;&nbsp;&nbsp;&nbsp;&nbsp;&nbsp;&nbsp;<a style='color:#000000' href=https:\/\/www.arcope.it\/benedini\/catalogo_bib.php?BIB_CODI=889 target=_self><i>Siamo tutti greci<\/i> <i> 112 artisti italiani<\/i>, s.l. 2012<\/a><br \/><hr>&nbsp;&nbsp;&nbsp;&nbsp;&nbsp;&nbsp;&nbsp;&nbsp;&nbsp;&nbsp;<a style='color:#000000' href=https:\/\/www.arcope.it\/benedini\/catalogo_bib.php?BIB_CODI=860 target=_self><i>Remote sensing<\/i> <i>Italian artist reflect on Armenia<\/i>, a cura di Martina Corgnati, s.l. 2012<\/a><br \/><hr>&nbsp;&nbsp;&nbsp;&nbsp;&nbsp;&nbsp;&nbsp;&nbsp;&nbsp;&nbsp;<a style='color:#000000' href=https:\/\/www.arcope.it\/benedini\/catalogo_bib.php?BIB_CODI=861 target=_self><i>Harmonia Plantarum<\/i>, Venezia 2012<\/a><br \/><hr>&nbsp;&nbsp;&nbsp;&nbsp;&nbsp;&nbsp;&nbsp;&nbsp;&nbsp;&nbsp;<a style='color:#000000' href=https:\/\/www.arcope.it\/benedini\/catalogo_bib.php?BIB_CODI=874 target=_self><i>Gabriella Benedini Opere 1972-2012<\/i>, a cura di Martina Corgnati, Skira, Milano 2012<\/a><br \/><hr>&nbsp;&nbsp;&nbsp;&nbsp;&nbsp;&nbsp;&nbsp;&nbsp;&nbsp;&nbsp;<a style='color:#000000' href=https:\/\/www.arcope.it\/benedini\/catalogo_bib.php?BIB_CODI=875 target=_self><i>Gabriella Benedini Non si riposa il mare<\/i>, a cura di Martina Corgnati, Skira, Milano 2012<\/a><br \/><hr>&nbsp;&nbsp;&nbsp;&nbsp;&nbsp;&nbsp;&nbsp;&nbsp;&nbsp;&nbsp;<a style='color:#000000' href=https:\/\/www.arcope.it\/benedini\/catalogo_bib.php?BIB_CODI=878 target=_self><i>Gabriella Benedini Non si riposa il mare Bibliotheca<\/i>, Cento Amici del Libro, Milano 2012<\/a><br \/><hr>&nbsp;&nbsp;&nbsp;&nbsp;&nbsp;&nbsp;&nbsp;&nbsp;&nbsp;&nbsp;<a style='color:#000000' href=https:\/\/www.arcope.it\/benedini\/catalogo_bib.php?BIB_CODI=886 target=_self><i>Non si riposa il mare Maria Luisa Spaziani - Gabriella Benedini<\/i> <i>Presentazione<\/i>, Cento Amici del Libro, Milano 2012<\/a><br \/><hr>&nbsp;&nbsp;&nbsp;&nbsp;&nbsp;&nbsp;&nbsp;&nbsp;&nbsp;&nbsp;<a style='color:#000000' href=https:\/\/www.arcope.it\/benedini\/catalogo_bib.php?BIB_CODI=896 target=_self><i>Castello Gamba Arte moderna e contemporanea in Valle d'Aosta<\/i>, a cura di Rosanna Maggio Serra, Silvana Editoriale, Cinisello Balsamo (MI) 2012<\/a><br \/><hr>&nbsp;&nbsp;&nbsp;&nbsp;&nbsp;&nbsp;&nbsp;&nbsp;&nbsp;&nbsp;<a style='color:#000000' href=https:\/\/www.arcope.it\/benedini\/catalogo_bib.php?BIB_CODI=978 target=_self><i>Castello Gamba. Arte moderna e contemporanea in Valle d'Aosta<\/i>, Silvana Editoriale, Cinisello Balsamo (MI) 2012<\/a><br \/><hr>&nbsp;&nbsp;&nbsp;&nbsp;&nbsp;&nbsp;&nbsp;&nbsp;&nbsp;&nbsp;<a style='color:#000000' href=https:\/\/www.arcope.it\/benedini\/catalogo_bib.php?BIB_CODI=921 target=_self><i>Voci della scultura<\/i> <i>Poetiche del contemporaneo Linee di ricerca dell'arte italiana<\/i>, a cura di Claudio Cerritelli, Milano 2012<\/a><br \/><hr><b><font size=6 color='#7F81FF'>2013<\/font><\/b><br>&nbsp;&nbsp;&nbsp;&nbsp;&nbsp;&nbsp;&nbsp;&nbsp;&nbsp;&nbsp;<a style='color:#000000' href=https:\/\/www.arcope.it\/benedini\/catalogo_bib.php?BIB_CODI=890 target=_self><i>Novanta artisti per una bandiera<\/i> <i>Una mostra per il nuovo Ospedale della Donna e del Bambino di Reggio Emilia<\/i>, a cura di Sandro Parmiggiani, Corsiero Editore, Reggio Emilia 2013<\/a><br \/><hr>&nbsp;&nbsp;&nbsp;&nbsp;&nbsp;&nbsp;&nbsp;&nbsp;&nbsp;&nbsp;<a style='color:#000000' href=https:\/\/www.arcope.it\/benedini\/catalogo_bib.php?BIB_CODI=892 target=_self><i>Mid Industry capital<\/i> <i>Progetto di relazioni e bilanci 2012<\/i>, Milano 2013<\/a><br \/><hr>&nbsp;&nbsp;&nbsp;&nbsp;&nbsp;&nbsp;&nbsp;&nbsp;&nbsp;&nbsp;<a style='color:#000000' href=https:\/\/www.arcope.it\/benedini\/catalogo_bib.php?BIB_CODI=893 target=_self><i>Mid Industru capital<\/i> <i>relazione dell'anno 2012<\/i>, Milano 2013<\/a><br \/><hr>&nbsp;&nbsp;&nbsp;&nbsp;&nbsp;&nbsp;&nbsp;&nbsp;&nbsp;&nbsp;<a style='color:#000000' href=https:\/\/www.arcope.it\/benedini\/catalogo_bib.php?BIB_CODI=895 target=_self>Claudio Cerritelli, <i>Biennale Internazionale di scultura Racconigi 2013<\/i> <i>Pensare lo spazio: dialoghi tra natura e immaginazione<\/i>, Allemandi & C., Torino 2013<\/a><br \/><hr>&nbsp;&nbsp;&nbsp;&nbsp;&nbsp;&nbsp;&nbsp;&nbsp;&nbsp;&nbsp;<a style='color:#000000' href=https:\/\/www.arcope.it\/benedini\/catalogo_bib.php?BIB_CODI=862 target=_self><i>With a little help from my friends<\/i> <i>Artisti per il MAGA<\/i>, s.l. 2013<\/a><br \/><hr>&nbsp;&nbsp;&nbsp;&nbsp;&nbsp;&nbsp;&nbsp;&nbsp;&nbsp;&nbsp;<a style='color:#000000' href=https:\/\/www.arcope.it\/benedini\/catalogo_bib.php?BIB_CODI=901 target=_self><i>Rito, costume, paradosso<\/i> <i>Il cammino del pane<\/i>, Edizioni esseblu, Milano 2013<\/a><br \/><hr>&nbsp;&nbsp;&nbsp;&nbsp;&nbsp;&nbsp;&nbsp;&nbsp;&nbsp;&nbsp;<a style='color:#000000' href=https:\/\/www.arcope.it\/benedini\/catalogo_bib.php?BIB_CODI=898 target=_self><i>Gabriella Benedini Scritti a mano<\/i> <i>Inventario<\/i>, Milano 2013<\/a><br \/><hr>&nbsp;&nbsp;&nbsp;&nbsp;&nbsp;&nbsp;&nbsp;&nbsp;&nbsp;&nbsp;<a style='color:#000000' href=https:\/\/www.arcope.it\/benedini\/catalogo_bib.php?BIB_CODI=902 target=_self><i>Gabriella Benedini Scritti a mano<\/i>, a cura di Giovanna Grossato, s.l. 2013<\/a><br \/><hr><b><font size=6 color='#7F81FF'>2014<\/font><\/b><br>&nbsp;&nbsp;&nbsp;&nbsp;&nbsp;&nbsp;&nbsp;&nbsp;&nbsp;&nbsp;<a style='color:#000000' href=https:\/\/www.arcope.it\/benedini\/catalogo_bib.php?BIB_CODI=903 target=_self><i>La citt\u00e0 salvata. Omaggio a Simone Weil<\/i>, a cura di Vittoria Surian, Eidos, Mirano (VE) 2014<\/a><br \/><hr>&nbsp;&nbsp;&nbsp;&nbsp;&nbsp;&nbsp;&nbsp;&nbsp;&nbsp;&nbsp;<a style='color:#000000' href=https:\/\/www.arcope.it\/benedini\/catalogo_bib.php?BIB_CODI=906 target=_self>Elena Pontiggia, Cristina Casero, <i>Nati nei '30<\/i> <i>Milano e la generazione di Piero Manzoni<\/i>, Skira, Milano 2014<\/a><br \/><hr>&nbsp;&nbsp;&nbsp;&nbsp;&nbsp;&nbsp;&nbsp;&nbsp;&nbsp;&nbsp;<a style='color:#000000' href=https:\/\/www.arcope.it\/benedini\/catalogo_bib.php?BIB_CODI=908 target=_self><i>Nutrire la pace energia della vita<\/i> <i>Asta di arte contemporanea<\/i>, a cura di Arturo Schwarz, Milano 2014<\/a><br \/><hr>&nbsp;&nbsp;&nbsp;&nbsp;&nbsp;&nbsp;&nbsp;&nbsp;&nbsp;&nbsp;<a style='color:#000000' href=https:\/\/www.arcope.it\/benedini\/catalogo_bib.php?BIB_CODI=909 target=_self><i>Ricognizione sulla scultura \/2 scritti di Alberto Veca<\/i> <i>Anni novanta e duemila quaderno 4<\/i>, Milano 2014<\/a><br \/><hr>&nbsp;&nbsp;&nbsp;&nbsp;&nbsp;&nbsp;&nbsp;&nbsp;&nbsp;&nbsp;<a style='color:#000000' href=https:\/\/www.arcope.it\/benedini\/catalogo_bib.php?BIB_CODI=914 target=_self>Silvana Peira, <i>Via del sale. Arte contemporanea dalla langa al mare 2014<\/i>, presentazione di Viviana Siviero, Il Fondaco Edizioni, Bra (CN) 2014<\/a><br \/><hr>&nbsp;&nbsp;&nbsp;&nbsp;&nbsp;&nbsp;&nbsp;&nbsp;&nbsp;&nbsp;<a style='color:#000000' href=https:\/\/www.arcope.it\/benedini\/catalogo_bib.php?BIB_CODI=907 target=_self><i>Gabriella Benedini 1984-2014 Transiti e incontri<\/i>, a cura di Paolo Biscottini, presentazione di Paolo Bolpagni, Galli Tierry stampa, Milano 2014<\/a><br \/><hr>&nbsp;&nbsp;&nbsp;&nbsp;&nbsp;&nbsp;&nbsp;&nbsp;&nbsp;&nbsp;<a style='color:#000000' href=https:\/\/www.arcope.it\/benedini\/catalogo_bib.php?BIB_CODI=918 target=_self>Melissa Proietti, Raffaella A. Caruso, <i>I have a dream<\/i> <i>50 artisti pi\u00f9 uno a sostegno dei diritti umani<\/i>, Mondadori, Milano 2014<\/a><br \/><hr>&nbsp;&nbsp;&nbsp;&nbsp;&nbsp;&nbsp;&nbsp;&nbsp;&nbsp;&nbsp;<a style='color:#000000' href=https:\/\/www.arcope.it\/benedini\/catalogo_bib.php?BIB_CODI=919 target=_self><i>L'Orlando furioso<\/i> <i>L'arte contemporanea legge l'Ariosto. Incantamenti, passioni e follie<\/i>, a cura di Sandro Parmiggiani, Silvana Editoriale, Cinisello Balsamo (MI) 2014<\/a><br \/><hr>&nbsp;&nbsp;&nbsp;&nbsp;&nbsp;&nbsp;&nbsp;&nbsp;&nbsp;&nbsp;<a style='color:#000000' href=https:\/\/www.arcope.it\/benedini\/catalogo_bib.php?BIB_CODI=920 target=_self><i>Appunti di viaggio<\/i> <i>Il paesaggio alpino nelle inciisoni di Federica Galli\/I libri materici di Gabriella Benedini<\/i>, San Bernardino 2014<\/a><br \/><hr><b><font size=6 color='#7F81FF'>2015<\/font><\/b><br>&nbsp;&nbsp;&nbsp;&nbsp;&nbsp;&nbsp;&nbsp;&nbsp;&nbsp;&nbsp;<a style='color:#000000' href=https:\/\/www.arcope.it\/benedini\/catalogo_bib.php?BIB_CODI=973 target=_self>Anita Franchi, <i>Gabriella Benedini: l'arte di dar forma ai ricordi di viaggio<\/i> <i>Tesi di laurea<\/i> 2015-2016<\/a><br \/><hr>&nbsp;&nbsp;&nbsp;&nbsp;&nbsp;&nbsp;&nbsp;&nbsp;&nbsp;&nbsp;<a style='color:#000000' href=https:\/\/www.arcope.it\/benedini\/catalogo_bib.php?BIB_CODI=924 target=_self><i>Corrispondenze<\/i>, presentazione di Patrizia Serra, Milano 2015<\/a><br \/><hr>&nbsp;&nbsp;&nbsp;&nbsp;&nbsp;&nbsp;&nbsp;&nbsp;&nbsp;&nbsp;<a style='color:#000000' href=https:\/\/www.arcope.it\/benedini\/catalogo_bib.php?BIB_CODI=925 target=_self>Vittoria Surian, <i>Il gusto della visione<\/i>, s.l. 2015<\/a><br \/><hr>&nbsp;&nbsp;&nbsp;&nbsp;&nbsp;&nbsp;&nbsp;&nbsp;&nbsp;&nbsp;<a style='color:#000000' href=https:\/\/www.arcope.it\/benedini\/catalogo_bib.php?BIB_CODI=931 target=_self>Enrico Cattaneo, Stefano Soddu, <i>Ritratti di studio 3<\/i>, Scoglio di Quarto, Milano 2015<\/a><br \/><hr>&nbsp;&nbsp;&nbsp;&nbsp;&nbsp;&nbsp;&nbsp;&nbsp;&nbsp;&nbsp;<a style='color:#000000' href=https:\/\/www.arcope.it\/benedini\/catalogo_bib.php?BIB_CODI=926 target=_self><i>Pagine di pane<\/i> <i>Libri d'artista e divagazioni<\/i>, a cura di Susanna Vallebona, Milano 2015<\/a><br \/><hr>&nbsp;&nbsp;&nbsp;&nbsp;&nbsp;&nbsp;&nbsp;&nbsp;&nbsp;&nbsp;<a style='color:#000000' href=https:\/\/www.arcope.it\/benedini\/catalogo_bib.php?BIB_CODI=927 target=_self><i>Il gusto della visione<\/i> <i>Artiste in Expo 2015<\/i>, a cura di Vittoria Surian, Eidos, Mirano (VE) settembre 2015<\/a><br \/><hr>&nbsp;&nbsp;&nbsp;&nbsp;&nbsp;&nbsp;&nbsp;&nbsp;&nbsp;&nbsp;<a style='color:#000000' href=https:\/\/www.arcope.it\/benedini\/catalogo_bib.php?BIB_CODI=928 target=_self><i>La pace nutre la vita. Asta d'arte contemporanea<\/i>, a cura di Arturo Schwarz, Milano 2015<\/a><br \/><hr>&nbsp;&nbsp;&nbsp;&nbsp;&nbsp;&nbsp;&nbsp;&nbsp;&nbsp;&nbsp;<a style='color:#000000' href=https:\/\/www.arcope.it\/benedini\/catalogo_bib.php?BIB_CODI=933 target=_self>Paolo Biscottini, <i>L'immagine Diario del silenzio<\/i>, Mimesis  Edizioni, Milano 2015<\/a><br \/><hr>&nbsp;&nbsp;&nbsp;&nbsp;&nbsp;&nbsp;&nbsp;&nbsp;&nbsp;&nbsp;<a style='color:#000000' href=https:\/\/www.arcope.it\/benedini\/catalogo_bib.php?BIB_CODI=929 target=_self><i>Generazioni a colloquio<\/i> <i>Gabriella Benedini - Marco La Rosa<\/i>, a cura di Paolo Bolpagni, Milano 2015<\/a><br \/><hr><b><font size=6 color='#7F81FF'>2016<\/font><\/b><br>&nbsp;&nbsp;&nbsp;&nbsp;&nbsp;&nbsp;&nbsp;&nbsp;&nbsp;&nbsp;<a style='color:#000000' href=https:\/\/www.arcope.it\/benedini\/catalogo_bib.php?BIB_CODI=937 target=_self>Giulia Digiovanni, <i>Il film d'artista in Italia: lo sguardo femminile di Gabriella Benedini Valentina Berardinone e Anna Valeria Borsari<\/i>, Milano 2016<\/a><br \/><hr>&nbsp;&nbsp;&nbsp;&nbsp;&nbsp;&nbsp;&nbsp;&nbsp;&nbsp;&nbsp;<a style='color:#000000' href=https:\/\/www.arcope.it\/benedini\/catalogo_bib.php?BIB_CODI=934 target=_self>Paolo Bolpagni, <i>Gabriella Benedini Concerto per Sofonisba<\/i>, Cremona 2016<\/a><br \/><hr>&nbsp;&nbsp;&nbsp;&nbsp;&nbsp;&nbsp;&nbsp;&nbsp;&nbsp;&nbsp;<a style='color:#000000' href=https:\/\/www.arcope.it\/benedini\/catalogo_bib.php?BIB_CODI=950 target=_self><i>Asta d'arte contemporanea<\/i>, a cura di Arturo Schwarz e Ermanno Tedeschi, Milano 2016<\/a><br \/><hr>&nbsp;&nbsp;&nbsp;&nbsp;&nbsp;&nbsp;&nbsp;&nbsp;&nbsp;&nbsp;<a style='color:#000000' href=https:\/\/www.arcope.it\/benedini\/catalogo_bib.php?BIB_CODI=951 target=_self><i>Omaggio al Premio Marina di Ravenna- 60\u00b0 edizione<\/i>, a cura di Pericle Stoppa, Edizioni  Capit Ravenna, Ravenna 2016<\/a><br \/><hr>&nbsp;&nbsp;&nbsp;&nbsp;&nbsp;&nbsp;&nbsp;&nbsp;&nbsp;&nbsp;<a style='color:#000000' href=https:\/\/www.arcope.it\/benedini\/catalogo_bib.php?BIB_CODI=952 target=_self>Cristina Casero, Elena Di Raddo, <i>La parola agli artisti<\/i> <i>Arte e impegno a Milano negli anni Settanta<\/i>, Postmedia book, Milano 2016<\/a><br \/><hr>&nbsp;&nbsp;&nbsp;&nbsp;&nbsp;&nbsp;&nbsp;&nbsp;&nbsp;&nbsp;<a style='color:#000000' href=https:\/\/www.arcope.it\/benedini\/catalogo_bib.php?BIB_CODI=12 target=_self><i>Artiste al lavoro. Il lavoro delle donne Capolavori dalle Raccolte d'arte della CGIL\r\n<\/i>, a cura di Patrizia Lazoi e Flavia Matitti, presentazione di Susanna Camusso, Casa editrice Ediesse, Roma 2016<\/a><br \/><hr>&nbsp;&nbsp;&nbsp;&nbsp;&nbsp;&nbsp;&nbsp;&nbsp;&nbsp;&nbsp;<a style='color:#000000' href=https:\/\/www.arcope.it\/benedini\/catalogo_bib.php?BIB_CODI=911 target=_self><i>Violenza. L'arte ne d\u00e0 coscienza<\/i>, Allemandi & C., Torino 17 novembre 2016<\/a><br \/><hr><b><font size=6 color='#7F81FF'>2017<\/font><\/b><br>&nbsp;&nbsp;&nbsp;&nbsp;&nbsp;&nbsp;&nbsp;&nbsp;&nbsp;&nbsp;<a style='color:#000000' href=https:\/\/www.arcope.it\/benedini\/catalogo_bib.php?BIB_CODI=976 target=_self>Rosalba Riscatto, <i>Gabriella Benedini Fare per conoscere. Conoscere per cambiare<\/i> <i>Tesi di Laurea<\/i> 2016-2017<\/a><br \/><hr>&nbsp;&nbsp;&nbsp;&nbsp;&nbsp;&nbsp;&nbsp;&nbsp;&nbsp;&nbsp;<a style='color:#000000' href=https:\/\/www.arcope.it\/benedini\/catalogo_bib.php?BIB_CODI=960 target=_self> Collegio dei docenti di teologia e centro pastrorale, <i>L'Ombra e la Grazie. Itinerario tra arte e teologia nell'Universit\u00e0 Cattolica<\/i>, Milano 2017<\/a><br \/><hr>&nbsp;&nbsp;&nbsp;&nbsp;&nbsp;&nbsp;&nbsp;&nbsp;&nbsp;&nbsp;<a style='color:#000000' href=https:\/\/www.arcope.it\/benedini\/catalogo_bib.php?BIB_CODI=956 target=_self>Paolo Bolpagni, <i>Gabriella Benedini Leggere frammenti Ascoltare silenzi<\/i>, Arte 92, Milano 2017<\/a><br \/><hr>&nbsp;&nbsp;&nbsp;&nbsp;&nbsp;&nbsp;&nbsp;&nbsp;&nbsp;&nbsp;<a style='color:#000000' href=https:\/\/www.arcope.it\/benedini\/catalogo_bib.php?BIB_CODI=1564 target=_self><i>Artiste al lavoro. Il lavoro delle donne\r\nCapolavori dalle Raccolte darte della CGIL<\/i>, a cura di Patrizia Lazoi e Flavia Matitti, presentazione di Susanna Camusso, Casa editrice Ediesse, Roma 2017<\/a><br \/><hr>&nbsp;&nbsp;&nbsp;&nbsp;&nbsp;&nbsp;&nbsp;&nbsp;&nbsp;&nbsp;<a style='color:#000000' href=https:\/\/www.arcope.it\/benedini\/catalogo_bib.php?BIB_CODI=962 target=_self><i>Art Spaces gli spazi dell'arte<\/i>, a cura di Sandro Parmiggiani, La Tipografica Varese srl, Varese 2017<\/a><br \/><hr>&nbsp;&nbsp;&nbsp;&nbsp;&nbsp;&nbsp;&nbsp;&nbsp;&nbsp;&nbsp;<a style='color:#000000' href=https:\/\/www.arcope.it\/benedini\/catalogo_bib.php?BIB_CODI=961 target=_self><i>Lo sguardo oltre. Francesco Bartoli (1933-1997)<\/i> <i>Lettere ad amici artisti<\/i>, a cura di Cesare Guerra, Publi Paoloini, Mantova 2017<\/a><br \/><hr>&nbsp;&nbsp;&nbsp;&nbsp;&nbsp;&nbsp;&nbsp;&nbsp;&nbsp;&nbsp;<a style='color:#000000' href=https:\/\/www.arcope.it\/benedini\/catalogo_bib.php?BIB_CODI=982 target=_self><i>1987-2017 Il Triangolo nero<\/i> <i>Trent'anni di Grafica Pittura Scultura ad Alessandria<\/i>, LineLab Edizioni, Alessandria 2017<\/a><br \/><hr>&nbsp;&nbsp;&nbsp;&nbsp;&nbsp;&nbsp;&nbsp;&nbsp;&nbsp;&nbsp;<a style='color:#000000' href=https:\/\/www.arcope.it\/benedini\/catalogo_bib.php?BIB_CODI=966 target=_self>Antonio Gramsci, <i>Il teatro lancia bombe nei cervelli<\/i> <i>Articoli, critiche, recensioni 1915-1920<\/i>, a cura di Fabio Francione, Mimesis  Edizioni, Sesto San Giovanni (MI) 2017<\/a><br \/><hr>&nbsp;&nbsp;&nbsp;&nbsp;&nbsp;&nbsp;&nbsp;&nbsp;&nbsp;&nbsp;<a style='color:#000000' href=https:\/\/www.arcope.it\/benedini\/catalogo_bib.php?BIB_CODI=968 target=_self><i>Storia del Premio di Pittura Marina di ravenna 1955-2016<\/i>, a cura di Pericle Stoppa, presentazione di Claudio Spadoni, Edizioni  Capit Ravenna, Ravenna 2017<\/a><br \/><hr>&nbsp;&nbsp;&nbsp;&nbsp;&nbsp;&nbsp;&nbsp;&nbsp;&nbsp;&nbsp;<a style='color:#000000' href=https:\/\/www.arcope.it\/benedini\/catalogo_bib.php?BIB_CODI=969 target=_self><i>Gabriella Benedini I tempi del cielo<\/i>, Concesio (BS) 2017<\/a><br \/><hr>&nbsp;&nbsp;&nbsp;&nbsp;&nbsp;&nbsp;&nbsp;&nbsp;&nbsp;&nbsp;<a style='color:#000000' href=https:\/\/www.arcope.it\/benedini\/catalogo_bib.php?BIB_CODI=965 target=_self><i>Violenza, l'arte ne d\u00e0 coscienza<\/i>, a cura di Associazione Culturale Eidos Venezia Associazione Culturale Eidos Venezia, s.l. 2017<\/a><br \/><hr>&nbsp;&nbsp;&nbsp;&nbsp;&nbsp;&nbsp;&nbsp;&nbsp;&nbsp;&nbsp;<a style='color:#000000' href=https:\/\/www.arcope.it\/benedini\/catalogo_bib.php?BIB_CODI=967 target=_self><i>I libri d'artista dei Cento Amici del Libro Aggiornamento 2017<\/i>, Milano 2017<\/a><br \/><hr>&nbsp;&nbsp;&nbsp;&nbsp;&nbsp;&nbsp;&nbsp;&nbsp;&nbsp;&nbsp;<a style='color:#000000' href=https:\/\/www.arcope.it\/benedini\/catalogo_bib.php?BIB_CODI=971 target=_self><i>Purezza<\/i> <i>XXII Edizione di Arte da mangiare mangiare Arte festival internazionale dei Depuratori<\/i>, Milano 2017<\/a><br \/><hr><b><font size=6 color='#7F81FF'>2018<\/font><\/b><br>&nbsp;&nbsp;&nbsp;&nbsp;&nbsp;&nbsp;&nbsp;&nbsp;&nbsp;&nbsp;<a style='color:#000000' href=https:\/\/www.arcope.it\/benedini\/catalogo_bib.php?BIB_CODI=972 target=_self>Carlo Catiri, Giulio Crisanti, <i>Urbanart colore\/materia\/luce<\/i> <i>Mostra degli artisti contemporanei della Permanente<\/i> e Alfredo Mazzotta, Rodano Millepini (MI) 2018<\/a><br \/><hr>&nbsp;&nbsp;&nbsp;&nbsp;&nbsp;&nbsp;&nbsp;&nbsp;&nbsp;&nbsp;<a style='color:#000000' href=https:\/\/www.arcope.it\/benedini\/catalogo_bib.php?BIB_CODI=977 target=_self><i>Nuove immagini nuovi segni<\/i> <i>Opere del secondo novecento dal Museo della Permanente<\/i>, a cura di Luca Pietro Nicoletti e Gianluca Poldi, Edizioni Antiga, Crocetta del Montello (TV) 2018<\/a><br \/><hr>&nbsp;&nbsp;&nbsp;&nbsp;&nbsp;&nbsp;&nbsp;&nbsp;&nbsp;&nbsp;<a style='color:#000000' href=https:\/\/www.arcope.it\/benedini\/catalogo_bib.php?BIB_CODI=979 target=_self>Patrizia Serra, <i>Risonanze Gabriella Benedini<\/i>, Milano 2018<\/a><br \/><hr>&nbsp;&nbsp;&nbsp;&nbsp;&nbsp;&nbsp;&nbsp;&nbsp;&nbsp;&nbsp;<a style='color:#000000' href=https:\/\/www.arcope.it\/benedini\/catalogo_bib.php?BIB_CODI=980 target=_self><i>L'arte \u00e8 rosa. Artiste donne del Novecento italiano<\/i>, presentazione di Luigi Cavadini, s.l. 2018<\/a><br \/><hr><b><font size=6 color='#7F81FF'>2019<\/font><\/b><br>&nbsp;&nbsp;&nbsp;&nbsp;&nbsp;&nbsp;&nbsp;&nbsp;&nbsp;&nbsp;<a style='color:#000000' href=https:\/\/www.arcope.it\/benedini\/catalogo_bib.php?BIB_CODI=1041 target=_self><i>2da Muestra Cultural Artistas Contamporaneos Italianos y Dominicanos<\/i> <i>Celebramos el V Centenario de Leonardo Da Vinci y la Llegada de Alessandro Geraldini<\/i>, a cura di Angela Occhipinti e Marco Meneguzzo 2019<\/a><br \/><hr><b><font size=6 color='#7F81FF'>2020<\/font><\/b><br>&nbsp;&nbsp;&nbsp;&nbsp;&nbsp;&nbsp;&nbsp;&nbsp;&nbsp;&nbsp;<a style='color:#000000' href=https:\/\/www.arcope.it\/benedini\/catalogo_bib.php?BIB_CODI=1036 target=_self>Cristina Casero, <i>Gesti di rivolta<\/i> <i>Arte, fotografia e femminismo a Milano 1975-1980<\/i>, i libri di enciclopedia delle donne, Milano marzo 2020<\/a><br \/><hr><b><font size=6 color='#7F81FF'>2021<\/font><\/b><br>&nbsp;&nbsp;&nbsp;&nbsp;&nbsp;&nbsp;&nbsp;&nbsp;&nbsp;&nbsp;<a style='color:#000000' href=https:\/\/www.arcope.it\/benedini\/catalogo_bib.php?BIB_CODI=1063 target=_self><i>Sono tazza di te!<\/i> <i>100 smashing women designer<\/i>, a cura di Anty Pansera e Patrizia Sacchi, DcomeDesign, Milano 2021<\/a><br \/><hr>&nbsp;&nbsp;&nbsp;&nbsp;&nbsp;&nbsp;&nbsp;&nbsp;&nbsp;&nbsp;<a style='color:#000000' href=https:\/\/www.arcope.it\/benedini\/catalogo_bib.php?BIB_CODI=1065 target=_self><i>Nulla dies sine linea<\/i> <i>XVII Edizione Itinerario di Arte e Spiritualit\u00e0<\/i>, EDUCatt, Milano ottobre 2021<\/a><br \/><hr>&nbsp;&nbsp;&nbsp;&nbsp;&nbsp;&nbsp;&nbsp;&nbsp;&nbsp;&nbsp;<a style='color:#000000' href=https:\/\/www.arcope.it\/benedini\/catalogo_bib.php?BIB_CODI=1070 target=_self><i>La porte rouge<\/i> <i>Petite hiostoire d'une collection<\/i>, Sonia de Waillet, Bruxelles 2021<\/a><br \/><hr>&nbsp;&nbsp;&nbsp;&nbsp;&nbsp;&nbsp;&nbsp;&nbsp;&nbsp;&nbsp;<a style='color:#000000' href=https:\/\/www.arcope.it\/benedini\/catalogo_bib.php?BIB_CODI=1071 target=_self><i>Collezione Paolo VI Arte contemporanea 100 artisti, 100 opere<\/i>, a cura di Paolo Sacchini e Marisa Paderni, Silvana Editoriale, Cinisello Balsamo (MI) dicembre 2021<\/a><br \/><hr><b><font size=6 color='#7F81FF'>2022<\/font><\/b><br>&nbsp;&nbsp;&nbsp;&nbsp;&nbsp;&nbsp;&nbsp;&nbsp;&nbsp;&nbsp;<a style='color:#000000' href=https:\/\/www.arcope.it\/benedini\/catalogo_bib.php?BIB_CODI=1571 target=_self><i>Annuario d'arte Contemporane Cina-Italia<\/i>, a cura di Pengpeng Wang, Edizioni A60, Novate Milanese (MI) 2022<\/a><br \/><hr>&nbsp;&nbsp;&nbsp;&nbsp;&nbsp;&nbsp;&nbsp;&nbsp;&nbsp;&nbsp;<a style='color:#000000' href=https:\/\/www.arcope.it\/benedini\/catalogo_bib.php?BIB_CODI=1072 target=_self><i>Astratte Donne e astrazione in Italia 1930-2000,<\/i>, a cura di Elena Di Raddo, Antiga Edizioni, Crocetta del Montello (TV) 2022<\/a><br \/><hr>&nbsp;&nbsp;&nbsp;&nbsp;&nbsp;&nbsp;&nbsp;&nbsp;&nbsp;&nbsp;<a style='color:#000000' href=https:\/\/www.arcope.it\/benedini\/catalogo_bib.php?BIB_CODI=1570 target=_self><i>Utopia quieta<\/i>, a cura di Emanuele Gregolin e Pengpeng Wang, Edizioni A60, Novate Milanese (Mi) 2022<\/a><br \/><hr>&nbsp;&nbsp;&nbsp;&nbsp;&nbsp;&nbsp;&nbsp;&nbsp;&nbsp;&nbsp;<a style='color:#000000' href=https:\/\/www.arcope.it\/benedini\/catalogo_bib.php?BIB_CODI=1080 target=_self><i>C'era una volta Bergamo...La Galleria 72\r\n<\/i>, A.S.A.V. Associazione Seriatese Arti Visive, Seriate 2022<\/a><br \/><hr>&nbsp;&nbsp;&nbsp;&nbsp;&nbsp;&nbsp;&nbsp;&nbsp;&nbsp;&nbsp;<a style='color:#000000' href=https:\/\/www.arcope.it\/benedini\/catalogo_bib.php?BIB_CODI=1079 target=_self>Gabriella Benedini, <i>Deserto bianco<\/i>, presentazione di Flaminio Gualdoni, Arti Grafiche Castello, Viadana (MN) 2022<\/a><br \/><hr>&nbsp;&nbsp;&nbsp;&nbsp;&nbsp;&nbsp;&nbsp;&nbsp;&nbsp;&nbsp;<a style='color:#000000' href=https:\/\/www.arcope.it\/benedini\/catalogo_bib.php?BIB_CODI=1090 target=_self><i>Gabiella Benedini Un viaggio<\/i>, a cura di Francesco Tedeschi, Danilo Montanari Editore, Ravenna maggio 2022<\/a><br \/><hr>&nbsp;&nbsp;&nbsp;&nbsp;&nbsp;&nbsp;&nbsp;&nbsp;&nbsp;&nbsp;<a style='color:#000000' href=https:\/\/www.arcope.it\/benedini\/catalogo_bib.php?BIB_CODI=1078 target=_self><i>Gabriella Benedini Biblioteca<\/i>, Associazione Archivio Gabriella Benedini, Milano 2022<\/a><br \/><hr>&nbsp;&nbsp;&nbsp;&nbsp;&nbsp;&nbsp;&nbsp;&nbsp;&nbsp;&nbsp;<a style='color:#000000' href=https:\/\/www.arcope.it\/benedini\/catalogo_bib.php?BIB_CODI=1084 target=_self><i>Rosa alchemico<\/i>, Antiga Edizioni, Crocetta del Montello (TV) 2022<\/a><br \/><hr><b><font size=6 color='#7F81FF'>2023<\/font><\/b><br>&nbsp;&nbsp;&nbsp;&nbsp;&nbsp;&nbsp;&nbsp;&nbsp;&nbsp;&nbsp;<a style='color:#000000' href=https:\/\/www.arcope.it\/benedini\/catalogo_bib.php?BIB_CODI=1093 target=_self><i>1970\/2023 Un percorso nell'arte italiana degli anni settanta<\/i>, a cura di Simona Bartolena e Armando Fettolini, Art Center, Bernareggio (MB) 2023<\/a><br \/><hr>&nbsp;&nbsp;&nbsp;&nbsp;&nbsp;&nbsp;&nbsp;&nbsp;&nbsp;&nbsp;<a style='color:#000000' href=https:\/\/www.arcope.it\/benedini\/catalogo_bib.php?BIB_CODI=1091 target=_self><i>Gabriella Benedini Navigare Cieli<\/i>, a cura di Monica Di Matteo e Maria Vittoria Mondini, Universit\u00e0 Cattolica del Sacro Cuore, Milano 2023<\/a><br \/><hr>&nbsp;&nbsp;&nbsp;&nbsp;&nbsp;&nbsp;&nbsp;&nbsp;&nbsp;&nbsp;<a style='color:#000000' href=https:\/\/www.arcope.it\/benedini\/catalogo_bib.php?BIB_CODI=1099 target=_self><i>DiSegni carte del '900 italiano<\/i>, a cura di Luigi Cavadini e Simona Bartolena, Heart book 68 - Pulsazioni culturali, Vimercate (MB) 2023<\/a><br \/><hr><b><font size=6 color='#7F81FF'>2024<\/font><\/b><br>&nbsp;&nbsp;&nbsp;&nbsp;&nbsp;&nbsp;&nbsp;&nbsp;&nbsp;&nbsp;<a style='color:#000000' href=https:\/\/www.arcope.it\/benedini\/catalogo_bib.php?BIB_CODI=904 target=_self><i>Gabriella Benedini Open studio. Il tempo si era fermato<\/i>, a cura di Anty Pansera, presentazione di Maria Fratelli, s.l. febbraio 2024<\/a><br \/><hr>&nbsp;&nbsp;&nbsp;&nbsp;&nbsp;&nbsp;&nbsp;&nbsp;&nbsp;&nbsp;<a style='color:#000000' href=https:\/\/www.arcope.it\/benedini\/catalogo_bib.php?BIB_CODI=1569 target=_self><i>Diciottesima edizione Premio Morlotti - Imbersago maggio 2024<\/i>, a cura di Giorgio Seveso e Simona Bartolena, Imbersago (LC) 2024<\/a><br \/><hr><b><font size=6 color='#7F81FF'>2025<\/font><\/b><br>&nbsp;&nbsp;&nbsp;&nbsp;&nbsp;&nbsp;&nbsp;&nbsp;&nbsp;&nbsp;<a style='color:#000000' href=https:\/\/www.arcope.it\/benedini\/catalogo_bib.php?BIB_CODI=1577 target=_self><i>Gabriella Benedini. Poesie nuove<\/i>, a cura di Marcella Cattaneo e Cristiana Iommi, Danilo Montanari Editore, Milano 2025<\/a><br \/><hr>&nbsp;&nbsp;&nbsp;&nbsp;&nbsp;&nbsp;&nbsp;&nbsp;&nbsp;&nbsp;<a style='color:#000000' href=https:\/\/www.arcope.it\/benedini\/catalogo_bib.php?BIB_CODI=1617 target=_self><i>Premio Marche 2025 Biennale d'arte contemporanea<\/i>, Silvana Editoriale, Cinisello Balsamo  2025<\/a><br \/><hr><b><font size=6 color='#7F81FF'>2026<\/font><\/b><br>&nbsp;&nbsp;&nbsp;&nbsp;&nbsp;&nbsp;&nbsp;&nbsp;&nbsp;&nbsp;<a style='color:#000000' href=https:\/\/www.arcope.it\/benedini\/catalogo_bib.php?BIB_CODI=1590 target=_self><i>Cinque artisti per cinque materiali Benedini - Coletta - Cuschera - de Marchi - Oki<\/i>, a cura di Luigi Sansone, Milano 2026<\/a><br \/><hr>\n\n","protected":false},"excerpt":{"rendered":"<p>Volumi\/Saggi<\/p>\n","protected":false},"author":1,"featured_media":0,"parent":0,"menu_order":0,"comment_status":"closed","ping_status":"closed","template":"","meta":{"footnotes":""},"class_list":["post-881","page","type-page","status-publish","hentry"],"_links":{"self":[{"href":"https:\/\/www.athema.it\/catalogo_benedini\/wp-json\/wp\/v2\/pages\/881","targetHints":{"allow":["GET"]}}],"collection":[{"href":"https:\/\/www.athema.it\/catalogo_benedini\/wp-json\/wp\/v2\/pages"}],"about":[{"href":"https:\/\/www.athema.it\/catalogo_benedini\/wp-json\/wp\/v2\/types\/page"}],"author":[{"embeddable":true,"href":"https:\/\/www.athema.it\/catalogo_benedini\/wp-json\/wp\/v2\/users\/1"}],"replies":[{"embeddable":true,"href":"https:\/\/www.athema.it\/catalogo_benedini\/wp-json\/wp\/v2\/comments?post=881"}],"version-history":[{"count":5,"href":"https:\/\/www.athema.it\/catalogo_benedini\/wp-json\/wp\/v2\/pages\/881\/revisions"}],"predecessor-version":[{"id":2187,"href":"https:\/\/www.athema.it\/catalogo_benedini\/wp-json\/wp\/v2\/pages\/881\/revisions\/2187"}],"wp:attachment":[{"href":"https:\/\/www.athema.it\/catalogo_benedini\/wp-json\/wp\/v2\/media?parent=881"}],"curies":[{"name":"wp","href":"https:\/\/api.w.org\/{rel}","templated":true}]}}