{"id":870,"date":"2023-11-30T09:13:11","date_gmt":"2023-11-30T08:13:11","guid":{"rendered":"https:\/\/www.athema.it\/catalogo_benedini\/?page_id=870"},"modified":"2024-11-19T17:45:31","modified_gmt":"2024-11-19T16:45:31","slug":"esposizioni","status":"publish","type":"page","link":"https:\/\/www.athema.it\/catalogo_benedini\/esposizioni\/","title":{"rendered":"ESPOSIZIONI"},"content":{"rendered":"\n<h2>\n\t\tEsposizioni\n\t<\/h2>\n\t\n\t \r\n\r\n<form id=informazioni name=informazioni action=\"#\" method=\"post\">\r\n\t\t<script lang=javascript>\r\n\t\t\r\nfunction OnSelectionChange()\r\n {\r\n\r\n\t\/\/alert(\"OK IT WORKS\");\r\n\tcheAutore=document.getElementById(\"cbo_autori\").value;\r\n\t\/\/alert(cheAutore);\r\n\t \r\n\tdocument.informazioni.method=\"post\";\r\n\tdocument.informazioni.target=\"_self\";\r\n\tdocument.informazioni.action=\"https:\/\/www.athema.it\/catalogo_benedini\/esposizioni\/?cbo_autori=\" + cheAutore;\r\n    document.informazioni.submit();\r\n\r\n\t\r\n \/\/ alert(\"OK IT WORKS\");\r\n }\r\n\t<\/script>\r\n<table>\r\n\t<tr> \r\n<td>Curatore<\/td><td colspan=3><select name=bco_autori id=cbo_autori onchange='javascript:OnSelectionChange();'><option id='0'><\/option><option id='284' value='284'>Abbate Nino<\/option><option id='40' value='40'>Abbiati Filippo<\/option><option id='370' value='370'>Agnello Chiara<\/option><option id='317' value='317'>Agosti Vera<\/option><option id='388' value='388'>Alpago Novello Adriano<\/option><option id='442' value='442'>Am\u00e9  Francesca<\/option><option id='454' value='454'>Andreotti Angelo<\/option><option id='47' value='47'>Andr\u00e8s Gabriel<\/option><option id='371' value='371'>Angelotti Martina<\/option><option id='291' value='291'>Artale Alessandra<\/option><option id='347' value='347'>Associazione Culturale Eidos Venezia Associazione Culturale Eidos Venezia<\/option><option id='48' value='48'>Avogadro Gina<\/option><option id='116' value='116'>B. (Baram) S.(Serge)<\/option><option id='426' value='426'>B. B.<\/option><option id='13' value='13'>Bag Bag<\/option><option id='117' value='117'>Baram Serge<\/option><option id='251' value='251'>Baratta Gino<\/option><option id='368' value='368'>Barbieri Gabriella<\/option><option id='407' value='407'>Barletta Riccardo<\/option><option id='82' value='82'>Barresi Maria<\/option><option id='341' value='341'>Bartolena Simona<\/option><option id='386' value='386'>Bartoli Francesco<\/option><option id='408' value='408'>Bartolon Liana<\/option><option id='163' value='163'>Bartsch Ingo<\/option><option id='268' value='268'>Battistini M<\/option><option id='158' value='158'>Bellini Rolando<\/option><option id='129' value='129'>Benedetto Umberto<\/option><option id='150' value='150'>Benedini Gabriella<\/option><option id='230' value='230'>Benini Carlotta<\/option><option id='83' value='83'>Bentivoglio Mirella<\/option><option id='439' value='439'>Bergamaschi Miriam<\/option><option id='49' value='49'>Beringheli Germano<\/option><option id='392' value='392'>Bianchi Pino<\/option><option id='307' value='307'>Bianchini Mauro<\/option><option id='115' value='115'>Biffi Rosanna<\/option><option id='428' value='428'>Biolchini Stefano<\/option><option id='250' value='250'>Biscottini Paolo<\/option><option id='314' value='314'>Bolpagni Paolo<\/option><option id='301' value='301'>Bonassina Maurizio<\/option><option id='210' value='210'>Bonazzoli Francesca<\/option><option id='273' value='273'>Bonini Giuseppe<\/option><option id='176' value='176'>Bonito Oliva Achille<\/option><option id='14' value='14'>Bonvicini Candido<\/option><option id='357' value='357'>Borrini Sergio<\/option><option id='79' value='79'>Bortolon Liana<\/option><option id='105' value='105'>Bos. (Bossaglia) Ro.(Rossana)<\/option><option id='238' value='238'>Bosio Silvia<\/option><option id='138' value='138'>Bossaglia Rossana<\/option><option id='207' value='207'>Bott M<\/option><option id='11' value='11'>Bouret Blandine<\/option><option id='26' value='26'>Bovo Elisabetta<\/option><option id='377' value='377'>Brembati Gabriella<\/option><option id='315' value='315'>Brevi Manuela<\/option><option id='118' value='118'>Busnelli Susanna<\/option><option id='21' value='21'>Buzzati Dino<\/option><option id='195' value='195'>C. (Cavadini) L.  (Luigi)<\/option><option id='65' value='65'>C. (Cavazzini) G. (Gianni)<\/option><option id='411' value='411'>C. F.<\/option><option id='220' value='220'>Caffi Barbara<\/option><option id='1' value='1'>Caggiano Antonio<\/option><option id='459' value='459'>Cambiaghi  Sergio<\/option><option id='457' value='457'>Camusso Susanna<\/option><option id='182' value='182'>Capiaghi Alice<\/option><option id='211' value='211'>Cappa Marina<\/option><option id='390' value='390'>Capra Raul<\/option><option id='167' value='167'>Capritti Lavinia<\/option><option id='22' value='22'>Cara Domenico<\/option><option id='196' value='196'>Carafa Rosa<\/option><option id='80' value='80'>Caramel Luciano<\/option><option id='221' value='221'>Carassi Clarice<\/option><option id='41' value='41'>Carbone Francesco<\/option><option id='380' value='380'>Cardini Maria Chiara<\/option><option id='404' value='404'>Careof<\/option><option id='255' value='255'>Caroli Flavio<\/option><option id='70' value='70'>Carpentier Julie<\/option><option id='372' value='372'>Carrer Alessandro<\/option><option id='153' value='153'>Carrozzini Stefania<\/option><option id='320' value='320'>Caruso Raffaella A.<\/option><option id='254' value='254'>Casarin Renata<\/option><option id='240' value='240'>Caserini Aldo<\/option><option id='311' value='311'>Casero Cristina<\/option><option id='236' value='236'>Casolari Pierluigi<\/option><option id='27' value='27'>Cassa Salvi Elvira<\/option><option id='350' value='350'>Catiri Carlo<\/option><option id='324' value='324'>Cattaneo Enrico<\/option><option id='468' value='468'>Cattaneo Marcella<\/option><option id='192' value='192'>Cavadini Luigi<\/option><option id='260' value='260'>Cavalchi Silvia<\/option><option id='302' value='302'>Cavallera Anna<\/option><option id='414' value='414'>Cavallo  Massimiliano<\/option><option id='50' value='50'>Cavazzini Gianni<\/option><option id='253' value='253'>Ceccato Silvio<\/option><option id='180' value='180'>Cecchetto Stefano<\/option><option id='437' value='437'>Cecconi Massimo<\/option><option id='434' value='434'>Cereda Marta<\/option><option id='71' value='71'>Ceresoli Jacqueline<\/option><option id='222' value='222'>Ceriani Ettore<\/option><option id='174' value='174'>Cerrato Giuliana<\/option><option id='137' value='137'>Cerritelli Claudio<\/option><option id='72' value='72'>Chabanon Jean<\/option><option id='141' value='141'>Cherchi Luciano<\/option><option id='239' value='239'>Cherubini Laura<\/option><option id='51' value='51'>Chiappino Giorgio<\/option><option id='293' value='293'>Chirico Mariateresa<\/option><option id='68' value='68'>Ciravegna Irene<\/option><option id='73' value='73'>Collard Jacques<\/option><option id='344' value='344'>Collegio dei docenti di teologia e centro pastrorale<\/option><option id='170' value='170'>Collina Carla<\/option><option id='235' value='235'>Coluccia Giuseppe L.<\/option><option id='309' value='309'>Comino Anna<\/option><option id='465' value='465'>Consenti Stefania<\/option><option id='216' value='216'>Conti Fiorenza<\/option><option id='132' value='132'>Conti Viana<\/option><option id='84' value='84'>Contini Mila<\/option><option id='266' value='266'>Cordani Tiziana<\/option><option id='171' value='171'>Corgnati Martina<\/option><option id='187' value='187'>Corradini Mauro<\/option><option id='361' value='361'>Corte Antonio<\/option><option id='360' value='360'>Coruzzi Giovanni<\/option><option id='218' value='218'>Cotelli Marina<\/option><option id='52' value='52'>Coviello Gennaro<\/option><option id='2' value='2'>Crespi Alberto<\/option><option id='436' value='436'>Crespi Laura<\/option><option id='351' value='351'>Crisanti Giulio<\/option><option id='28' value='28'>Crispolti Enrico<\/option><option id='53' value='53'>Curonici Giuseppe<\/option><option id='214' value='214'>Curto A.<\/option><option id='297' value='297'>Curto Guido<\/option><option id='391' value='391'>D'Agata  Giuseppe<\/option><option id='247' value='247'>D'Albisola Tullio<\/option><option id='328' value='328'>Dall'Asta Andrea<\/option><option id='199' value='199'>De Angelis Mariolina<\/option><option id='433' value='433'>De Angelis Stefano<\/option><option id='15' value='15'>De Carli Cecilia<\/option><option id='106' value='106'>De Grada Raffaele<\/option><option id='362' value='362'>De Marchi Oscar<\/option><option id='85' value='85'>De Micheli Mario<\/option><option id='249' value='249'>Del Buono Oreste<\/option><option id='336' value='336'>Del Giudice Piero<\/option><option id='432' value='432'>Delfino Michela<\/option><option id='202' value='202'>Dell'Orso Silvia<\/option><option id='86' value='86'>Denis Maurice<\/option><option id='281' value='281'>Di Genova Giorgio<\/option><option id='29' value='29'>Di Guida Enzo<\/option><option id='242' value='242'>Di Martino Enzo<\/option><option id='383' value='383'>Di Matteo Monica<\/option><option id='30' value='30'>Di Raddo Elena<\/option><option id='342' value='342'>Digiovanni Giulia<\/option><option id='16' value='16'>Don\u00e0 Claudia<\/option><option id='55' value='55'>Dorfles Gillo<\/option><option id='142' value='142'>Dragone Piergiorgio<\/option><option id='74' value='74'>Dustin Jo<\/option><option id='54' value='54'>d\u2019Agata Giuseppe<\/option><option id='139' value='139'>EIDAC Ente internazionale d\u2019arte e cultura<\/option><option id='17' value='17'>Elwes Catherine<\/option><option id='168' value='168'>Fagetti Livia<\/option><option id='159' value='159'>Fagone Vittorio<\/option><option id='206' value='206'>Fappanni Simone<\/option><option id='151' value='151'>Faravelli Giacobone Tersilla<\/option><option id='300' value='300'>Farina Rachele<\/option><option id='296' value='296'>Fazzini Marco<\/option><option id='381' value='381'>Federcasalinghe<\/option><option id='148' value='148'>Fedi Fernanda<\/option><option id='223' value='223'>Fellini Giulia<\/option><option id='215' value='215'>Ferraguti Maria Lucina<\/option><option id='298' value='298'>Ferrara Stella<\/option><option id='18' value='18'>Ferraresi Claudia<\/option><option id='289' value='289'>Ferrari Nicoletta<\/option><option id='267' value='267'>Ferrari Romanini Mariarosa<\/option><option id='107' value='107'>Ferrario Rachele<\/option><option id='286' value='286'>Ferrero Ernesto<\/option><option id='389' value='389'>Ferro Giuseppe<\/option><option id='385' value='385'>Fettolini Armando<\/option><option id='31' value='31'>Fezzi Elda<\/option><option id='359' value='359'>Fiori Pedro<\/option><option id='229' value='229'>Fiuzzi Cristina<\/option><option id='312' value='312'>Fontana Sara<\/option><option id='237' value='237'>Fontanarossa Raffaella<\/option><option id='280' value='280'>Fossati Paolo<\/option><option id='241' value='241'>Franceschetti Gianni<\/option><option id='354' value='354'>Franchi Anita<\/option><option id='322' value='322'>Francione Fabio<\/option><option id='397' value='397'>Fratelli Maria<\/option><option id='126' value='126'>Fumagalli Tiziana<\/option><option id='226' value='226'>G M<\/option><option id='155' value='155'>G. (Grossini) G. (Giancarlo)<\/option><option id='422' value='422'>Ga.<\/option><option id='303' value='303'>Gabelli Giancarlo<\/option><option id='329' value='329'>Galbiati Matteo<\/option><option id='212' value='212'>Gandini Manuela<\/option><option id='87' value='87'>Garzonio Melisa<\/option><option id='277' value='277'>Gatti Chiara<\/option><option id='435' value='435'>Ghezzi Rosella<\/option><option id='88' value='88'>Ghilardi Mario<\/option><option id='67' value='67'>Giani Gian Piero<\/option><option id='23' value='23'>Gillemon Daniele<\/option><option id='156' value='156'>Ginesi Armando<\/option><option id='56' value='56'>Ginex Giovanna<\/option><option id='256' value='256'>Gini Gino<\/option><option id='470' value='470'>Giudice Tino<\/option><option id='265' value='265'>Giudici Lorella<\/option><option id='32' value='32'>Giuffredi Enrico<\/option><option id='57' value='57'>Giuliani Gianfranco<\/option><option id='200' value='200'>Goldschmiedt Mariaclara<\/option><option id='290' value='290'>Gramiccia Roberto<\/option><option id='348' value='348'>Gramsci Antonio<\/option><option id='119' value='119'>Grasso Sebastiano<\/option><option id='462' value='462'>Gregolin Emanuele<\/option><option id='269' value='269'>Gribaudo Paola<\/option><option id='278' value='278'>Gros G. J.<\/option><option id='197' value='197'>Grossato Giovanna<\/option><option id='58' value='58'>Grossini G.<\/option><option id='42' value='42'>Gualdoni Flaminio<\/option><option id='345' value='345'>Guerra Cesare<\/option><option id='271' value='271'>Gusmini Pino<\/option><option id='108' value='108'>Hauser Rouve<\/option><option id='109' value='109'>Hermann Raymond<\/option><option id='419' value='419'>I. M.<\/option><option id='395' value='395'>Iaquinta Caterina<\/option><option id='413' value='413'>Icardi Marcella<\/option><option id='399' value='399'>IGAV Istituto Garuzzo per le Arti Visive<\/option><option id='469' value='469'>Iommi Cristiana<\/option><option id='264' value='264'>Iotti Leda<\/option><option id='69' value='69'>Janus Janus<\/option><option id='59' value='59'>Kaisserlian Giorgio<\/option><option id='75' value='75'>Knapen Jos<\/option><option id='161' value='161'>L. (Longari) E. (Elisabetta)<\/option><option id='292' value='292'>L. P.<\/option><option id='458' value='458'>La Fonte Edizioni Minime dArte<\/option><option id='318' value='318'>Lagazzi Paolo<\/option><option id='173' value='173'>Lambertini Luigi<\/option><option id='3' value='3'>Lanfranchi Andrea<\/option><option id='78' value='78'>Lara K.<\/option><option id='334' value='334'>Lasalvia Irene<\/option><option id='456' value='456'>Lazoi Patrizia<\/option><option id='279' value='279'>Lin Wang Ying<\/option><option id='130' value='130'>Lo Russo Ugo<\/option><option id='33' value='33'>Longari Elisabetta<\/option><option id='128' value='128'>M. (Marcheselli) T. (Tiziano)<\/option><option id='36' value='36'>M. (Muritti) E. (Elisabetta)<\/option><option id='194' value='194'>M. G.<\/option><option id='99' value='99'>M.D.S. <\/option><option id='34' value='34'>Ma. E.<\/option><option id='453' value='453'>Maccari Mino<\/option><option id='191' value='191'>Macconi G.<\/option><option id='160' value='160'>Madesani Angela<\/option><option id='143' value='143'>Maestrini Flavio<\/option><option id='283' value='283'>Maffei Giorgio<\/option><option id='308' value='308'>Maggio Serra Rosanna<\/option><option id='35' value='35'>Maglia Ezio<\/option><option id='287' value='287'>Magnetti Daniela<\/option><option id='147' value='147'>Magri Antenore<\/option><option id='343' value='343'>Maier Don Roberto<\/option><option id='369' value='369'>Malvezzi Jennifer<\/option><option id='443' value='443'>Manessi Jacopo<\/option><option id='127' value='127'>Marcheselli Tiziano<\/option><option id='337' value='337'>Mari Chiara<\/option><option id='12' value='12'>Marsano Beba<\/option><option id='444' value='444'>Martinelli Bianca<\/option><option id='261' value='261'>Marussi Garibaldo<\/option><option id='224' value='224'>Maruti Riccardo<\/option><option id='61' value='61'>Mascherpa Giorgio<\/option><option id='154' value='154'>Masoero Ada<\/option><option id='464' value='464'>Mastrolonardo Enotrio<\/option><option id='4' value='4'>Masu A.<\/option><option id='340' value='340'>Matitti Flavia<\/option><option id='186' value='186'>Matvejevic Predrag<\/option><option id='352' value='352'>Mazzotta Alfredo<\/option><option id='275' value='275'>Melzi Giuseppe<\/option><option id='259' value='259'>Meneguzzo Marco<\/option><option id='120' value='120'>Merzek Susanna<\/option><option id='101' value='101'>MG<\/option><option id='474' value='474'>Miccich\u00e8 Clemente<\/option><option id='321' value='321'>Migliore Donatella<\/option><option id='403' value='403'>Milan Lorenzo<\/option><option id='169' value='169'>Minarelli Maria Luisa<\/option><option id='393' value='393'>Minoli Lorenza<\/option><option id='366' value='366'>Mion Claudia<\/option><option id='274' value='274'>Miracco Riccardo<\/option><option id='421' value='421'>Mo. D.<\/option><option id='294' value='294'>Modesti Alberto<\/option><option id='295' value='295'>Modesti Giuliano<\/option><option id='111' value='111'>Modesti Renzo<\/option><option id='201' value='201'>Mojana Marina<\/option><option id='228' value='228'>Mondaini Cinzia<\/option><option id='384' value='384'>Mondini Maria Vittoria<\/option><option id='24' value='24'>Mori Domizio<\/option><option id='19' value='19'>Munari Carlo<\/option><option id='189' value='189'>Mur. (Muritti) E. (Elisabetta)<\/option><option id='37' value='37'>Muretti E.<\/option><option id='162' value='162'>Muritti Elisabetta<\/option><option id='5' value='5'>N. (Natali) A. (Aurelio)<\/option><option id='6' value='6'>Nardon Anita<\/option><option id='90' value='90'>Nash M.<\/option><option id='429' value='429'>Nasi Mirco<\/option><option id='248' value='248'>Natali Aurelio<\/option><option id='356' value='356'>Nava Nadia<\/option><option id='327' value='327'>Nicoletti Luca Pietro<\/option><option id='219' value='219'>Nicolin Paola<\/option><option id='270' value='270'>Nota Silvana<\/option><option id='367' value='367'>Occhipinti Angela<\/option><option id='164' value='164'>Orengo Nico<\/option><option id='420' value='420'>P. D.<\/option><option id='66' value='66'>P. G.<\/option><option id='423' value='423'>P. M.<\/option><option id='415' value='415'>P. V.<\/option><option id='376' value='376'>Paderni Marisa<\/option><option id='209' value='209'>Paglieri Marina<\/option><option id='203' value='203'>Palmieri Eda<\/option><option id='10' value='10'>Pansera Anty<\/option><option id='181' value='181'>Panzeri Lidia<\/option><option id='375' value='375'>Parente Elisabetta<\/option><option id='121' value='121'>Parmiggiani Sandro<\/option><option id='288' value='288'>Passarotto Nicola<\/option><option id='246' value='246'>Passoni Franco<\/option><option id='102' value='102'>Peduzzi Peppo<\/option><option id='165' value='165'>Peira Silvana<\/option><option id='416' value='416'>Pelle  Valeria<\/option><option id='184' value='184'>Pensa Francesca<\/option><option id='472' value='472'>Pescatori Anna<\/option><option id='76' value='76'>Pigeon Jean<\/option><option id='455' value='455'>Pipia Gabriele<\/option><option id='25' value='25'>Plescan Dimitri<\/option><option id='353' value='353'>Poldi Gianluca<\/option><option id='62' value='62'>Poletti Giovanna<\/option><option id='135' value='135'>Poli Francesco<\/option><option id='91' value='91'>Poma Basile Maria<\/option><option id='175' value='175'>Pontiggia Elena<\/option><option id='440' value='440'>Ponzoni Barbara<\/option><option id='92' value='92'>Portalupi Mario<\/option><option id='103' value='103'>Pozzi P.<\/option><option id='379' value='379'>Profeta Camilla<\/option><option id='319' value='319'>Proietti Melissa<\/option><option id='430' value='430'>Provinciali Stefania<\/option><option id='424' value='424'>Puttini  Sergio<\/option><option id='396' value='396'>Quaglia Giuseppe<\/option><option id='263' value='263'>Quaglino Piero<\/option><option id='412' value='412'>Quarto Michele<\/option><option id='100' value='100'>R. (Radice) M. (Mario)<\/option><option id='125' value='125'>R. (Rey) S. (St\u00e9phane)<\/option><option id='417' value='417'>R. A.<\/option><option id='110' value='110'>R. L.<\/option><option id='93' value='93'>Radice M.<\/option><option id='233' value='233'>Ravaglia Luca<\/option><option id='431' value='431'>Reb. G.<\/option><option id='8' value='8'>Redaelli Alessandra<\/option><option id='122' value='122'>Rey St\u00e9phane<\/option><option id='208' value='208'>Righi Cesare<\/option><option id='177' value='177'>Risaliti Sergio<\/option><option id='358' value='358'>Riscatto Rosalba<\/option><option id='425' value='425'>Rittatore Vonwiller Letizia<\/option><option id='172' value='172'>Riu Giovanna<\/option><option id='227' value='227'>Rocchi Claudia<\/option><option id='123' value='123'>Romani Stefania<\/option><option id='406' value='406'>Rossi Albano<\/option><option id='217' value='217'>Rossi Marica<\/option><option id='145' value='145'>Rossi Sala Pierangela<\/option><option id='231' value='231'>Rossi Simone<\/option><option id='43' value='43'>Rovesti Fabrizio<\/option><option id='20' value='20'>Ruggeri Cristina<\/option><option id='63' value='63'>Ruggeri Giorgio<\/option><option id='244' value='244'>Russoli Franco<\/option><option id='461' value='461'>S. G.<\/option><option id='306' value='306'>S. R.<\/option><option id='131' value='131'>S. U.<\/option><option id='441' value='441'>Sacchi  Marco<\/option><option id='374' value='374'>Sacchi Patrizia<\/option><option id='346' value='346'>Sacchini Paolo<\/option><option id='475' value='475'>Sansone Luigi<\/option><option id='183' value='183'>Santese Enzo<\/option><option id='316' value='316'>Savorelli Livia<\/option><option id='304' value='304'>Scardovi Lorenza<\/option><option id='418' value='418'>Schialvino Gianfranco<\/option><option id='157' value='157'>Schwarz Arturo<\/option><option id='225' value='225'>sdo [Silvia Dell'Orso]<\/option><option id='124' value='124'>Serangeli Simonetta<\/option><option id='104' value='104'>Serra Patrizia<\/option><option id='185' value='185'>Seveso Giorgio<\/option><option id='193' value='193'>Sigma <\/option><option id='112' value='112'>Signifredi Rodolfo<\/option><option id='38' value='38'>Silvi Enzo<\/option><option id='460' value='460'>Simonetti Gianni Emilio<\/option><option id='313' value='313'>Siviero Viviana<\/option><option id='405' value='405'>Sodalizio Amici dell'arte<\/option><option id='325' value='325'>Soddu Stefano<\/option><option id='276' value='276'>Soldini Simone<\/option><option id='44' value='44'>Solmi Franco<\/option><option id='401' value='401'>Somaini Luisa<\/option><option id='213' value='213'>Sotis Lina<\/option><option id='349' value='349'>Spadoni Claudio<\/option><option id='409' value='409'>Spagnesi  Licia<\/option><option id='339' value='339'>Stoppa Pericle<\/option><option id='152' value='152'>Storaci Enzo M.<\/option><option id='146' value='146'>Strano Carmelo<\/option><option id='252' value='252'>Stu Francesco<\/option><option id='382' value='382'>Studenti dell'Universit\u00e0 Cattolica<\/option><option id='178' value='178'>Surian Vittoria<\/option><option id='113' value='113'>Tacchella Rino<\/option><option id='243' value='243'>Tadini Emilio<\/option><option id='205' value='205'>Talpo Bruno<\/option><option id='198' value='198'>Tartagni Attilia<\/option><option id='232' value='232'>Tassi Massimo<\/option><option id='245' value='245'>Tassi Roberto<\/option><option id='473' value='473'>Tecce Angela<\/option><option id='338' value='338'>Tedeschi Ermanno<\/option><option id='45' value='45'>Tedeschi Francesco<\/option><option id='335' value='335'>Teschi Mariagrazia<\/option><option id='136' value='136'>Tesio Giovanni<\/option><option id='364' value='364'>Thompson Ann<\/option><option id='427' value='427'>Tirelli Selene<\/option><option id='94' value='94'>Tonelli Marco<\/option><option id='204' value='204'>Toschi Cavaliere Chiara<\/option><option id='77' value='77'>Trachsel Jacqueline<\/option><option id='144' value='144'>Trentin Giorgio<\/option><option id='394' value='394'>Troncana  Alessandra <\/option><option id='179' value='179'>Turola Carla<\/option><option id='452' value='452'>Vaccarone Manuela<\/option><option id='323' value='323'>Vallebona Susanna<\/option><option id='64' value='64'>Vallese Gloria<\/option><option id='95' value='95'>Valsecchi Marco<\/option><option id='332' value='332'>Vanzetto Chiara<\/option><option id='89' value='89'>Varga Miklos N.<\/option><option id='272' value='272'>Veca Alberto<\/option><option id='262' value='262'>Venturoli Marcello<\/option><option id='81' value='81'>Vergine Lea<\/option><option id='166' value='166'>Verlicchi Laura<\/option><option id='96' value='96'>Vescovo Marisa<\/option><option id='285' value='285'>Vettese Angela<\/option><option id='97' value='97'>Villa Massimo<\/option><option id='46' value='46'>Vincitorio Francesco<\/option><option id='258' value='258'>Visser Travagli Anna Maria<\/option><option id='98' value='98'>Vitta Maurizio<\/option><option id='114' value='114'>Vrinat Robert<\/option><option id='305' value='305'>Walch Gian Marco<\/option><option id='463' value='463'>Wang Pengpeng<\/option><option id='149' value='149'>Weller Simona<\/option><option id='438' value='438'>Z. L.<\/option><option id='234' value='234'>Zagnoli Vanni<\/option><option id='363' value='363'>Zanchi Pino<\/option><option id='257' value='257'>Zanella Manara Emma<\/option><option id='282' value='282'>Zanella Silvio<\/option><option id='467' value='467'>Zara Beatrice<\/option><option id='188' value='188'>Zattini Marisa<\/option><\/select><\/td><\/tr>\t\t\r\n\t<tr> \r\n\t\t<td>Titolo<\/td><td colspan=3><input type=\"text\" name=\"esp_tit\" size=\"350\" maxlength=\"50\" style=\"width:735px;\" value=\"\"><\/td>\r\n\t<\/tr>\r\n\t<tr>\r\n\t\t<td>Citt\u00e0\/Luogo<\/td><td><input type=\"text\" name=\"esp_cit\" size=\"50\" maxlength=\"50\" style=\"width:200px;\" value=\"\"><\/td>\r\n\t<\/tr>\r\n\t<tr>\r\n\t\t<td>Dall'anno<\/td><td><input type=\"text\" name=\"dallanno\" size=\"50\" maxlength=\"50\" style=\"width:100px;\" value=\"\"><\/td>\r\n\t\t<td> All'anno<\/td><td><input type=\"text\" name=\"allanno\" size=\"50\" maxlength=\"50\" style=\"width:100px;\" value=\"\"><\/td>\r\n\t<\/tr>\r\n\t\t<tr>\r\n\t\t<td>\r\n\t<label>Ordine di data:<\/label>\r\n\t\t<\/td>\r\n\t\t<td>\r\n   <input type=\"radio\" name=\"ordine\" value=\"asc\" checked> Ascendente \u2193\r\n\t&nbsp;&nbsp;\r\n\t\t\t<input type=\"radio\" name=\"ordine\" value=\"desc\" > Discendente \u2191\r\n\t\t<\/td>\r\n\t\t<\/tr>\r\n\t<\/table>\r\n \r\n\r\n <input type=\"hidden\" name=\"risu\" size=\"6\" maxlength=\"6\" value=\"SELECT * FROM AOANAESP   WHERE ESP_CODI>'0'  ORDER BY ESP_DATA ASC\">\r\n <input type=\"submit\" value=\"Cerca\">\r\n <\/form>\r\n<br><br>\r\n<b><font size=6 color='#7F81FF'>1958<\/font><\/b><br>&nbsp;&nbsp;&nbsp;&nbsp;&nbsp;&nbsp;&nbsp;&nbsp;&nbsp;&nbsp;<a style='color:#000000' href=https:\/\/www.arcope.it\/benedini\/catalogo_esp.php?ESP_CODI=145 target=_blank><i>Prix d'Amerique<\/i> 1958<\/a><br \/><hr>&nbsp;&nbsp;&nbsp;&nbsp;&nbsp;&nbsp;&nbsp;&nbsp;&nbsp;&nbsp;<a style='color:#000000' href=https:\/\/www.arcope.it\/benedini\/catalogo_esp.php?ESP_CODI=1 target=_blank><i>4  Peintres<\/i>, Cimaise de Paris, Parigi 21 gennaio-1 febbraio 1958<\/a><br \/><hr>&nbsp;&nbsp;&nbsp;&nbsp;&nbsp;&nbsp;&nbsp;&nbsp;&nbsp;&nbsp;<a style='color:#000000' href=https:\/\/www.arcope.it\/benedini\/catalogo_esp.php?ESP_CODI=195 target=_blank><i>Gabriella B\u00e9n\u00e9dini - peintures<\/i>, Galerie A.G., Parigi 1-14 marzo 1958<\/a><br \/><hr>&nbsp;&nbsp;&nbsp;&nbsp;&nbsp;&nbsp;&nbsp;&nbsp;&nbsp;&nbsp;<a style='color:#000000' href=https:\/\/www.arcope.it\/benedini\/catalogo_esp.php?ESP_CODI=2 target=_blank><i>69\u00b0 Salon des Ind\u00e9pendants<\/i>, Grand Palais, Parigi 18 aprile-11 maggio 1958<\/a><br \/><hr>&nbsp;&nbsp;&nbsp;&nbsp;&nbsp;&nbsp;&nbsp;&nbsp;&nbsp;&nbsp;<a style='color:#000000' href=https:\/\/www.arcope.it\/benedini\/catalogo_esp.php?ESP_CODI=3 target=_blank><i>Jeunes Peintres<\/i>, Galerie A.G., Parigi maggio 1958<\/a><br \/><hr>&nbsp;&nbsp;&nbsp;&nbsp;&nbsp;&nbsp;&nbsp;&nbsp;&nbsp;&nbsp;<a style='color:#000000' href=https:\/\/www.arcope.it\/benedini\/catalogo_esp.php?ESP_CODI=434 target=_blank><i>IXme Grand Prix international de peinture de Deauville<\/i>, Hotel Continental, Deauville 12 agosto 1958<\/a><br \/><hr>&nbsp;&nbsp;&nbsp;&nbsp;&nbsp;&nbsp;&nbsp;&nbsp;&nbsp;&nbsp;<a style='color:#000000' href=https:\/\/www.arcope.it\/benedini\/catalogo_esp.php?ESP_CODI=196 target=_blank><i>Benedini. Oeuvres R\u00e9centes<\/i>, Galerie Ror Volmar - Salle hypgo\u00e9e, Parigi 29 ottobre-16 novembre  1958<\/a><br \/><hr>&nbsp;&nbsp;&nbsp;&nbsp;&nbsp;&nbsp;&nbsp;&nbsp;&nbsp;&nbsp;<a style='color:#000000' href=https:\/\/www.arcope.it\/benedini\/catalogo_esp.php?ESP_CODI=438 target=_blank><i>Prix Bruxelles-Expo<\/i>, Bruxelles 1 novembre 1958<\/a><br \/><hr><b><font size=6 color='#7F81FF'>1961<\/font><\/b><br>&nbsp;&nbsp;&nbsp;&nbsp;&nbsp;&nbsp;&nbsp;&nbsp;&nbsp;&nbsp;<a style='color:#000000' href=https:\/\/www.arcope.it\/benedini\/catalogo_esp.php?ESP_CODI=4 target=_blank><i>Premio Arezzo di pittura<\/i>, Arezzo 26 marzo-19 aprile 1961<\/a><br \/><hr>&nbsp;&nbsp;&nbsp;&nbsp;&nbsp;&nbsp;&nbsp;&nbsp;&nbsp;&nbsp;<a style='color:#000000' href=https:\/\/www.arcope.it\/benedini\/catalogo_esp.php?ESP_CODI=5 target=_blank><i>Premio Marche 1961<\/i>, Ancona 2-23 luglio 1961<\/a><br \/><hr>&nbsp;&nbsp;&nbsp;&nbsp;&nbsp;&nbsp;&nbsp;&nbsp;&nbsp;&nbsp;<a style='color:#000000' href=https:\/\/www.arcope.it\/benedini\/catalogo_esp.php?ESP_CODI=6 target=_blank><i>4\u00b0 Premio Bollate di Pittura Contemporanea<\/i>, Bollate (MI) 17 settembre-1 ottobre 1961<\/a><br \/><hr>&nbsp;&nbsp;&nbsp;&nbsp;&nbsp;&nbsp;&nbsp;&nbsp;&nbsp;&nbsp;<a style='color:#000000' href=https:\/\/www.arcope.it\/benedini\/catalogo_esp.php?ESP_CODI=7 target=_blank><i>Premio di pittura \u201cCesare da Sesto\u201d1961<\/i>, Palazzo Comunale, Sesto Calende (VA) 22 ottobre-5 novembre 1961<\/a><br \/><hr>&nbsp;&nbsp;&nbsp;&nbsp;&nbsp;&nbsp;&nbsp;&nbsp;&nbsp;&nbsp;<a style='color:#000000' href=https:\/\/www.arcope.it\/benedini\/catalogo_esp.php?ESP_CODI=317 target=_blank><i>Premio di pittura \"Cesare da Sesto\" 1961<\/i>, Ente Internazionale d'arte e cultura, Milano 18 novembre-1 dicembre 1961<\/a><br \/><hr>&nbsp;&nbsp;&nbsp;&nbsp;&nbsp;&nbsp;&nbsp;&nbsp;&nbsp;&nbsp;<a style='color:#000000' href=https:\/\/www.arcope.it\/benedini\/catalogo_esp.php?ESP_CODI=8 target=_blank><i>6 pittori di Milano<\/i>, Circolo Culturale Italiano of Denver (Colorado-U.S.A.), Denver dicembre  1961<\/a><br \/><hr><b><font size=6 color='#7F81FF'>1962<\/font><\/b><br>&nbsp;&nbsp;&nbsp;&nbsp;&nbsp;&nbsp;&nbsp;&nbsp;&nbsp;&nbsp;<a style='color:#000000' href=https:\/\/www.arcope.it\/benedini\/catalogo_esp.php?ESP_CODI=9 target=_blank><i>Premio Arezzo di pittura<\/i>, Arezzo 15 aprile-13 maggio 1962<\/a><br \/><hr>&nbsp;&nbsp;&nbsp;&nbsp;&nbsp;&nbsp;&nbsp;&nbsp;&nbsp;&nbsp;<a style='color:#000000' href=https:\/\/www.arcope.it\/benedini\/catalogo_esp.php?ESP_CODI=10 target=_blank><i>5\u00b0 Concorso di Pittura Citt\u00e0 di Abbiategrasso<\/i>, Castello Visconteo, Abbiategrasso (MI) 17-25 maggio 1962<\/a><br \/><hr>&nbsp;&nbsp;&nbsp;&nbsp;&nbsp;&nbsp;&nbsp;&nbsp;&nbsp;&nbsp;<a style='color:#000000' href=https:\/\/www.arcope.it\/benedini\/catalogo_esp.php?ESP_CODI=197 target=_blank><i>Benedini<\/i>, Galleria Bergamini, Milano 19 maggio-8 giugno 1962<\/a><br \/><hr>&nbsp;&nbsp;&nbsp;&nbsp;&nbsp;&nbsp;&nbsp;&nbsp;&nbsp;&nbsp;<a style='color:#000000' href=https:\/\/www.arcope.it\/benedini\/catalogo_esp.php?ESP_CODI=11 target=_blank><i>Panorama giovane pittura italiana<\/i>, Ente Internazionale d'arte e cultura, Milano 9 giugno-3 luglio 1962<\/a><br \/><hr>&nbsp;&nbsp;&nbsp;&nbsp;&nbsp;&nbsp;&nbsp;&nbsp;&nbsp;&nbsp;<a style='color:#000000' href=https:\/\/www.arcope.it\/benedini\/catalogo_esp.php?ESP_CODI=247 target=_blank><i>1\u00b0 Mostra Nazionale di Pittura Premio Sicilia Industria 1962<\/i>, Palermo settembre 1962<\/a><br \/><hr>&nbsp;&nbsp;&nbsp;&nbsp;&nbsp;&nbsp;&nbsp;&nbsp;&nbsp;&nbsp;<a style='color:#000000' href=https:\/\/www.arcope.it\/benedini\/catalogo_esp.php?ESP_CODI=13 target=_blank><i>Mostra d\u2019arte del cinquantenario 1912-1962<\/i>, Circolo di Cultura, Bologna 13-30 ottobre  1962<\/a><br \/><hr>&nbsp;&nbsp;&nbsp;&nbsp;&nbsp;&nbsp;&nbsp;&nbsp;&nbsp;&nbsp;<a style='color:#000000' href=https:\/\/www.arcope.it\/benedini\/catalogo_esp.php?ESP_CODI=259 target=_blank><i>Baratella Benedini Borghi Maffi Ottria<\/i>, EIDAC, Milano 18 ottobre-4 novembre 1962<\/a><br \/><hr>&nbsp;&nbsp;&nbsp;&nbsp;&nbsp;&nbsp;&nbsp;&nbsp;&nbsp;&nbsp;<a style='color:#000000' href=https:\/\/www.arcope.it\/benedini\/catalogo_esp.php?ESP_CODI=448 target=_blank><i>1\u00b0 Premio Nazionale del Piccolo Dipinto \"Il chiodo d'oro\"<\/i>, Il Chiodo Centro d'Arte, Palermo 16 dicembre 1962 - 6 gennaio 1963<\/a><br \/><hr><b><font size=6 color='#7F81FF'>1963<\/font><\/b><br>&nbsp;&nbsp;&nbsp;&nbsp;&nbsp;&nbsp;&nbsp;&nbsp;&nbsp;&nbsp;<a style='color:#000000' href=https:\/\/www.arcope.it\/benedini\/catalogo_esp.php?ESP_CODI=15 target=_blank><i>1\u00b0 Biennale Internazionale di pittura. Arte 30 giorni<\/i>, Macerata 16-31 marzo 1963<\/a><br \/><hr>&nbsp;&nbsp;&nbsp;&nbsp;&nbsp;&nbsp;&nbsp;&nbsp;&nbsp;&nbsp;<a style='color:#000000' href=https:\/\/www.arcope.it\/benedini\/catalogo_esp.php?ESP_CODI=16 target=_blank><i>Mostra di artisti partecipanti al concorso a premi di pittura, scultura e incisione 1963<\/i>, Galleria Nazionale d\u2019Arte Moderna, Roma giugno-luglio 1963<\/a><br \/><hr>&nbsp;&nbsp;&nbsp;&nbsp;&nbsp;&nbsp;&nbsp;&nbsp;&nbsp;&nbsp;<a style='color:#000000' href=https:\/\/www.arcope.it\/benedini\/catalogo_esp.php?ESP_CODI=17 target=_blank><i>6\u00b0 Mostra nazionale di pittura \"Vita e paesaggio di Capo d\u2019Orlando\"<\/i>, Capo d\u2019Orlando (ME) 28 luglio-16 agosto 1963<\/a><br \/><hr>&nbsp;&nbsp;&nbsp;&nbsp;&nbsp;&nbsp;&nbsp;&nbsp;&nbsp;&nbsp;<a style='color:#000000' href=https:\/\/www.arcope.it\/benedini\/catalogo_esp.php?ESP_CODI=19 target=_blank><i>Erice Premio di pittura estemporanea \u201cProvincia di Trapani\u201d<\/i>, Erice (TP) settembre 1963<\/a><br \/><hr>&nbsp;&nbsp;&nbsp;&nbsp;&nbsp;&nbsp;&nbsp;&nbsp;&nbsp;&nbsp;<a style='color:#000000' href=https:\/\/www.arcope.it\/benedini\/catalogo_esp.php?ESP_CODI=18 target=_blank><i>Premio Marche 1963 VII Mostra Nazionale di Arti Figurative<\/i>, Ancona 8-29 settembre 1963<\/a><br \/><hr>&nbsp;&nbsp;&nbsp;&nbsp;&nbsp;&nbsp;&nbsp;&nbsp;&nbsp;&nbsp;<a style='color:#000000' href=https:\/\/www.arcope.it\/benedini\/catalogo_esp.php?ESP_CODI=20 target=_blank><i>Biennale di Palermo. Il piccolo dipinto<\/i>, Palermo 11  dicembre 1963- 6 gennaio 1964<\/a><br \/><hr>&nbsp;&nbsp;&nbsp;&nbsp;&nbsp;&nbsp;&nbsp;&nbsp;&nbsp;&nbsp;<a style='color:#000000' href=https:\/\/www.arcope.it\/benedini\/catalogo_esp.php?ESP_CODI=198 target=_blank><i>Gabriella Benedini<\/i>, Galleria La Parete, Palermo 28 dicembre 1963-11 gennaio 1964<\/a><br \/><hr><b><font size=6 color='#7F81FF'>1964<\/font><\/b><br>&nbsp;&nbsp;&nbsp;&nbsp;&nbsp;&nbsp;&nbsp;&nbsp;&nbsp;&nbsp;<a style='color:#000000' href=https:\/\/www.arcope.it\/benedini\/catalogo_esp.php?ESP_CODI=21 target=_blank><i>Prima Mostra Nazionale \u201cIl Paladino d\u2019oro\u201d<\/i>, Palermo aprile 1964<\/a><br \/><hr>&nbsp;&nbsp;&nbsp;&nbsp;&nbsp;&nbsp;&nbsp;&nbsp;&nbsp;&nbsp;<a style='color:#000000' href=https:\/\/www.arcope.it\/benedini\/catalogo_esp.php?ESP_CODI=201 target=_blank><i>Oli e tempere di Gabriella Benedini<\/i>, Galleria De Foscherari, Bologna 9-22 maggio  1964<\/a><br \/><hr>&nbsp;&nbsp;&nbsp;&nbsp;&nbsp;&nbsp;&nbsp;&nbsp;&nbsp;&nbsp;<a style='color:#000000' href=https:\/\/www.arcope.it\/benedini\/catalogo_esp.php?ESP_CODI=199 target=_blank><i>Gabriella Benedini<\/i>, Galleria del Teatro, Parma 25 maggio-1 giugno 1964<\/a><br \/><hr>&nbsp;&nbsp;&nbsp;&nbsp;&nbsp;&nbsp;&nbsp;&nbsp;&nbsp;&nbsp;<a style='color:#000000' href=https:\/\/www.arcope.it\/benedini\/catalogo_esp.php?ESP_CODI=22 target=_blank><i>I Premio Hotel delle Nazioni<\/i>, Hotel delle Nazioni, Lido delle Nazioni (FE) 5-20 settembre 1964<\/a><br \/><hr>&nbsp;&nbsp;&nbsp;&nbsp;&nbsp;&nbsp;&nbsp;&nbsp;&nbsp;&nbsp;<a style='color:#000000' href=https:\/\/www.arcope.it\/benedini\/catalogo_esp.php?ESP_CODI=25 target=_blank><i>Il piccolo dipinto in Tunisia<\/i>, Galleria della Biennale di Palermo, Tunisi autunno 1964<\/a><br \/><hr>&nbsp;&nbsp;&nbsp;&nbsp;&nbsp;&nbsp;&nbsp;&nbsp;&nbsp;&nbsp;<a style='color:#000000' href=https:\/\/www.arcope.it\/benedini\/catalogo_esp.php?ESP_CODI=23 target=_blank><i>Albisola \u201864<\/i>, Galleria La Fontana, Savona da 10 ottobre 1964<\/a><br \/><hr>&nbsp;&nbsp;&nbsp;&nbsp;&nbsp;&nbsp;&nbsp;&nbsp;&nbsp;&nbsp;<a style='color:#000000' href=https:\/\/www.arcope.it\/benedini\/catalogo_esp.php?ESP_CODI=200 target=_blank><i>Benedini<\/i>, Circolo Filodrammatici, Cremona 31 ottobre-15 novembre 1964<\/a><br \/><hr><b><font size=6 color='#7F81FF'>1965<\/font><\/b><br>&nbsp;&nbsp;&nbsp;&nbsp;&nbsp;&nbsp;&nbsp;&nbsp;&nbsp;&nbsp;<a style='color:#000000' href=https:\/\/www.arcope.it\/benedini\/catalogo_esp.php?ESP_CODI=484 target=_blank><i>IV Premio del disegno<\/i>, Galleria L'Arco, Macerata<\/a><br \/><hr>&nbsp;&nbsp;&nbsp;&nbsp;&nbsp;&nbsp;&nbsp;&nbsp;&nbsp;&nbsp;<a style='color:#000000' href=https:\/\/www.arcope.it\/benedini\/catalogo_esp.php?ESP_CODI=26 target=_blank><i>IV Premio del disegno<\/i>, Galleria delle Ore, Milano 2-14 gennaio 1965<\/a><br \/><hr>&nbsp;&nbsp;&nbsp;&nbsp;&nbsp;&nbsp;&nbsp;&nbsp;&nbsp;&nbsp;<a style='color:#000000' href=https:\/\/www.arcope.it\/benedini\/catalogo_esp.php?ESP_CODI=37 target=_blank><i> IV Premio del Disegno<\/i>, Galleria L\u2019Arco, Macerata 23-30 gennaio 1965<\/a><br \/><hr>&nbsp;&nbsp;&nbsp;&nbsp;&nbsp;&nbsp;&nbsp;&nbsp;&nbsp;&nbsp;<a style='color:#000000' href=https:\/\/www.arcope.it\/benedini\/catalogo_esp.php?ESP_CODI=27 target=_blank><i>Arte italiana a New York<\/i>, Hotel Vanderbilt, New York 26 febbraio-4 marzo 1965<\/a><br \/><hr>&nbsp;&nbsp;&nbsp;&nbsp;&nbsp;&nbsp;&nbsp;&nbsp;&nbsp;&nbsp;<a style='color:#000000' href=https:\/\/www.arcope.it\/benedini\/catalogo_esp.php?ESP_CODI=28 target=_blank><i>Proposte figurative 1955-1965<\/i>, Galleria Nuova Milano, Milano da 8 maggio 1965<\/a><br \/><hr>&nbsp;&nbsp;&nbsp;&nbsp;&nbsp;&nbsp;&nbsp;&nbsp;&nbsp;&nbsp;<a style='color:#000000' href=https:\/\/www.arcope.it\/benedini\/catalogo_esp.php?ESP_CODI=472 target=_blank><i>VI Mostra Nazionale di Pittura. Premio Comune di Castelleone<\/i>, Castelleone (CR) 9-25 maggio 1965<\/a><br \/><hr>&nbsp;&nbsp;&nbsp;&nbsp;&nbsp;&nbsp;&nbsp;&nbsp;&nbsp;&nbsp;<a style='color:#000000' href=https:\/\/www.arcope.it\/benedini\/catalogo_esp.php?ESP_CODI=29 target=_blank><i>Premio Nazionale del disegno<\/i>, Galleria della Steccata, Parma da 13 maggio 1965<\/a><br \/><hr>&nbsp;&nbsp;&nbsp;&nbsp;&nbsp;&nbsp;&nbsp;&nbsp;&nbsp;&nbsp;<a style='color:#000000' href=https:\/\/www.arcope.it\/benedini\/catalogo_esp.php?ESP_CODI=30 target=_blank><i>Targa d\u2019oro delle Nazioni <\/i>, Lido delle Nazioni (FE) giugno 1965<\/a><br \/><hr>&nbsp;&nbsp;&nbsp;&nbsp;&nbsp;&nbsp;&nbsp;&nbsp;&nbsp;&nbsp;<a style='color:#000000' href=https:\/\/www.arcope.it\/benedini\/catalogo_esp.php?ESP_CODI=471 target=_blank><i>Premio Il gallo d'oro di Auronzo 1965<\/i>, Auronzo (BL) 28 luglio-25 agosto 1965<\/a><br \/><hr>&nbsp;&nbsp;&nbsp;&nbsp;&nbsp;&nbsp;&nbsp;&nbsp;&nbsp;&nbsp;<a style='color:#000000' href=https:\/\/www.arcope.it\/benedini\/catalogo_esp.php?ESP_CODI=32 target=_blank><i>6\u00b0 Premio Bollate<\/i>, Bollate (MI) settembre 1965<\/a><br \/><hr>&nbsp;&nbsp;&nbsp;&nbsp;&nbsp;&nbsp;&nbsp;&nbsp;&nbsp;&nbsp;<a style='color:#000000' href=https:\/\/www.arcope.it\/benedini\/catalogo_esp.php?ESP_CODI=31 target=_blank><i>Il muro dipinto. Concorso internazionale di pittura murale<\/i>, Dozza (BO) 17-19 settembre 1965<\/a><br \/><hr>&nbsp;&nbsp;&nbsp;&nbsp;&nbsp;&nbsp;&nbsp;&nbsp;&nbsp;&nbsp;<a style='color:#000000' href=https:\/\/www.arcope.it\/benedini\/catalogo_esp.php?ESP_CODI=34 target=_blank><i>Collettiva Pittori partecipanti al 1\u00b0 Concorso Internazionale \u201cMuro dipinto Dozza\u201d<\/i>, Castel San Pietro Terme (BO) novembre-dicembre 1965<\/a><br \/><hr>&nbsp;&nbsp;&nbsp;&nbsp;&nbsp;&nbsp;&nbsp;&nbsp;&nbsp;&nbsp;<a style='color:#000000' href=https:\/\/www.arcope.it\/benedini\/catalogo_esp.php?ESP_CODI=36 target=_blank><i> IX Quadriennale Nazionale d\u2019arte di Roma<\/i>, Roma 22 novembre 1965- marzo 1966<\/a><br \/><hr>&nbsp;&nbsp;&nbsp;&nbsp;&nbsp;&nbsp;&nbsp;&nbsp;&nbsp;&nbsp;<a style='color:#000000' href=https:\/\/www.arcope.it\/benedini\/catalogo_esp.php?ESP_CODI=33 target=_blank><i>3\u00b0 Premio Cinisello Balsamo Mostra Nazionale di pittura contemporanea e del bianco e nero<\/i>, Cinisello Balsamo (MI) 27 novembre-19 dicembre 1965<\/a><br \/><hr>&nbsp;&nbsp;&nbsp;&nbsp;&nbsp;&nbsp;&nbsp;&nbsp;&nbsp;&nbsp;<a style='color:#000000' href=https:\/\/www.arcope.it\/benedini\/catalogo_esp.php?ESP_CODI=35 target=_blank><i> V Premio del disegno<\/i>, Galleria delle Ore, Milano 29 dicembre 1965- 13 gennaio 1966<\/a><br \/><hr><b><font size=6 color='#7F81FF'>1966<\/font><\/b><br>&nbsp;&nbsp;&nbsp;&nbsp;&nbsp;&nbsp;&nbsp;&nbsp;&nbsp;&nbsp;<a style='color:#000000' href=https:\/\/www.arcope.it\/benedini\/catalogo_esp.php?ESP_CODI=38 target=_blank><i> XI Concorso Nazionale di Pittura Premio Ramazzotti<\/i>, Palazzo Reale-Sala delle Cariatidi, Milano 15-30 gennaio 1966<\/a><br \/><hr>&nbsp;&nbsp;&nbsp;&nbsp;&nbsp;&nbsp;&nbsp;&nbsp;&nbsp;&nbsp;<a style='color:#000000' href=https:\/\/www.arcope.it\/benedini\/catalogo_esp.php?ESP_CODI=39 target=_blank><i> Premio di Pittura Ottavio Cabiati<\/i>, Biblioteca Capitolare, Seregno (MI) 19  marzo-11 aprile 1966<\/a><br \/><hr>&nbsp;&nbsp;&nbsp;&nbsp;&nbsp;&nbsp;&nbsp;&nbsp;&nbsp;&nbsp;<a style='color:#000000' href=https:\/\/www.arcope.it\/benedini\/catalogo_esp.php?ESP_CODI=41 target=_blank><i>IV Premio Soragna. Premio Soragna di bianco e nero<\/i>, Soragna (PR) 4-29 maggio 1966<\/a><br \/><hr>&nbsp;&nbsp;&nbsp;&nbsp;&nbsp;&nbsp;&nbsp;&nbsp;&nbsp;&nbsp;<a style='color:#000000' href=https:\/\/www.arcope.it\/benedini\/catalogo_esp.php?ESP_CODI=40 target=_blank><i>Targa d\u2019Oro Hotel delle Nazioni 1966. Terza edizione<\/i>, Chiostrino di San Romano, Ferrara 14-28 maggio 1966<\/a><br \/><hr>&nbsp;&nbsp;&nbsp;&nbsp;&nbsp;&nbsp;&nbsp;&nbsp;&nbsp;&nbsp;<a style='color:#000000' href=https:\/\/www.arcope.it\/benedini\/catalogo_esp.php?ESP_CODI=46 target=_blank><i> Uomo 66 <\/i>, Viadana (MN) 26 giugno-10 luglio 1966<\/a><br \/><hr>&nbsp;&nbsp;&nbsp;&nbsp;&nbsp;&nbsp;&nbsp;&nbsp;&nbsp;&nbsp;<a style='color:#000000' href=https:\/\/www.arcope.it\/benedini\/catalogo_esp.php?ESP_CODI=42 target=_blank><i> VIII Premio Nazionale Silvestro Lega<\/i>, Modigliana (FC) 30 luglio-15 agosto 1966<\/a><br \/><hr>&nbsp;&nbsp;&nbsp;&nbsp;&nbsp;&nbsp;&nbsp;&nbsp;&nbsp;&nbsp;<a style='color:#000000' href=https:\/\/www.arcope.it\/benedini\/catalogo_esp.php?ESP_CODI=43 target=_blank><i> VIII Premio Nazionale di pittura \u201cSilvestro Lega\u201d Selezione<\/i>, Galleria La Pavona, Faenza (RA) 11-22 settembre 1966<\/a><br \/><hr>&nbsp;&nbsp;&nbsp;&nbsp;&nbsp;&nbsp;&nbsp;&nbsp;&nbsp;&nbsp;<a style='color:#000000' href=https:\/\/www.arcope.it\/benedini\/catalogo_esp.php?ESP_CODI=44 target=_blank><i> XIX Premio Suzzara. Mostra nazionale pittura scultura bianconero<\/i>, Suzzara (MN) 11-25  settembre 1966<\/a><br \/><hr>&nbsp;&nbsp;&nbsp;&nbsp;&nbsp;&nbsp;&nbsp;&nbsp;&nbsp;&nbsp;<a style='color:#000000' href=https:\/\/www.arcope.it\/benedini\/catalogo_esp.php?ESP_CODI=45 target=_blank><i>VIII\u00b0 Premio Nazionale di pittura Citt\u00e0 di Gallarate<\/i>, Civica Galleria d'Arte Moderna, Gallarate (VA) 15 ottobre-6 novembre 1966<\/a><br \/><hr>&nbsp;&nbsp;&nbsp;&nbsp;&nbsp;&nbsp;&nbsp;&nbsp;&nbsp;&nbsp;<a style='color:#000000' href=https:\/\/www.arcope.it\/benedini\/catalogo_esp.php?ESP_CODI=47 target=_blank><i> Premio Nazionale di pittura Pordenone<\/i>, Nuovo Tribunale, Pordenone 18 dicembre 1966 - 19 gennaio 1967<\/a><br \/><hr><b><font size=6 color='#7F81FF'>1967<\/font><\/b><br>&nbsp;&nbsp;&nbsp;&nbsp;&nbsp;&nbsp;&nbsp;&nbsp;&nbsp;&nbsp;<a style='color:#000000' href=https:\/\/www.arcope.it\/benedini\/catalogo_esp.php?ESP_CODI=48 target=_blank><i> XII Concorso Nazionale di pittura Premio Ramazzotti<\/i>,  Palazzo Reale, Milano 14 aprile-1 maggio 1967<\/a><br \/><hr>&nbsp;&nbsp;&nbsp;&nbsp;&nbsp;&nbsp;&nbsp;&nbsp;&nbsp;&nbsp;<a style='color:#000000' href=https:\/\/www.arcope.it\/benedini\/catalogo_esp.php?ESP_CODI=49 target=_blank><i>5\u00b0 Premio Soragna di bianco e nero e omaggio ad Atanasio Soldati<\/i>, Rocca dei Principi Meli Lupi, Soragna (PR) 3-29 giugno 1967<\/a><br \/><hr>&nbsp;&nbsp;&nbsp;&nbsp;&nbsp;&nbsp;&nbsp;&nbsp;&nbsp;&nbsp;<a style='color:#000000' href=https:\/\/www.arcope.it\/benedini\/catalogo_esp.php?ESP_CODI=50 target=_blank><i>18\u00b0 Mostra d\u2019arte contemporanea<\/i>, Collegio Valdese, Torre Pellice (TO) 10-30 agosto 1967<\/a><br \/><hr><b><font size=6 color='#7F81FF'>1968<\/font><\/b><br>&nbsp;&nbsp;&nbsp;&nbsp;&nbsp;&nbsp;&nbsp;&nbsp;&nbsp;&nbsp;<a style='color:#000000' href=https:\/\/www.arcope.it\/benedini\/catalogo_esp.php?ESP_CODI=202 target=_blank><i>Benedini<\/i>, Galleria Bergamini, Milano 8-27 febbraio 1968<\/a><br \/><hr>&nbsp;&nbsp;&nbsp;&nbsp;&nbsp;&nbsp;&nbsp;&nbsp;&nbsp;&nbsp;<a style='color:#000000' href=https:\/\/www.arcope.it\/benedini\/catalogo_esp.php?ESP_CODI=203 target=_blank><i>Gabriella Benedini Azzoni<\/i>, Galleria La Ruota, Parma 30 marzo-13 aprile 1968<\/a><br \/><hr>&nbsp;&nbsp;&nbsp;&nbsp;&nbsp;&nbsp;&nbsp;&nbsp;&nbsp;&nbsp;<a style='color:#000000' href=https:\/\/www.arcope.it\/benedini\/catalogo_esp.php?ESP_CODI=51 target=_blank><i> V Premio Citt\u00e0 di Saronno<\/i>, Saronno (VA) 29 settembre - 13 ottobre  1968<\/a><br \/><hr>&nbsp;&nbsp;&nbsp;&nbsp;&nbsp;&nbsp;&nbsp;&nbsp;&nbsp;&nbsp;<a style='color:#000000' href=https:\/\/www.arcope.it\/benedini\/catalogo_esp.php?ESP_CODI=205 target=_blank><i>Benedini<\/i>, Galleria Il Minotauro, Livorno da 23 novembre  1968<\/a><br \/><hr>&nbsp;&nbsp;&nbsp;&nbsp;&nbsp;&nbsp;&nbsp;&nbsp;&nbsp;&nbsp;<a style='color:#000000' href=https:\/\/www.arcope.it\/benedini\/catalogo_esp.php?ESP_CODI=258 target=_blank><i>Mostra personale di Benedini<\/i>, Biblioteca Civica di Saronno, Saronno (VA) 22 dicembre 1968-7 gennaio 1969<\/a><br \/><hr><b><font size=6 color='#7F81FF'>1969<\/font><\/b><br>&nbsp;&nbsp;&nbsp;&nbsp;&nbsp;&nbsp;&nbsp;&nbsp;&nbsp;&nbsp;<a style='color:#000000' href=https:\/\/www.arcope.it\/benedini\/catalogo_esp.php?ESP_CODI=53 target=_blank><i>Proposta per una manifestazione\/incontro<\/i>,  Museo Civico, Bologna gennaio 1969<\/a><br \/><hr>&nbsp;&nbsp;&nbsp;&nbsp;&nbsp;&nbsp;&nbsp;&nbsp;&nbsp;&nbsp;<a style='color:#000000' href=https:\/\/www.arcope.it\/benedini\/catalogo_esp.php?ESP_CODI=206 target=_blank><i>G. Benedini A.<\/i>,  Galleria d\u2019arte Rinascita, Reggio Emilia  29 marzo-12 aprile 1969<\/a><br \/><hr>&nbsp;&nbsp;&nbsp;&nbsp;&nbsp;&nbsp;&nbsp;&nbsp;&nbsp;&nbsp;<a style='color:#000000' href=https:\/\/www.arcope.it\/benedini\/catalogo_esp.php?ESP_CODI=208 target=_blank><i>G. Benedini A.<\/i>,  Galleria d'Arte  Cavalletto, Brescia 19 aprile-2 maggio 1969<\/a><br \/><hr>&nbsp;&nbsp;&nbsp;&nbsp;&nbsp;&nbsp;&nbsp;&nbsp;&nbsp;&nbsp;<a style='color:#000000' href=https:\/\/www.arcope.it\/benedini\/catalogo_esp.php?ESP_CODI=52 target=_blank><i>XIII Rassegna Nazionale di pittura Ramazzotti<\/i>, Palazzo Reale, Milano  6-22  dicembre 1968<\/a><br \/><hr>&nbsp;&nbsp;&nbsp;&nbsp;&nbsp;&nbsp;&nbsp;&nbsp;&nbsp;&nbsp;<a style='color:#000000' href=https:\/\/www.arcope.it\/benedini\/catalogo_esp.php?ESP_CODI=207 target=_blank><i>G. Benedini A.<\/i>, Galleria d'arte La Cornice, Cremona 7-20  dicembre 1969<\/a><br \/><hr><b><font size=6 color='#7F81FF'>1970<\/font><\/b><br>&nbsp;&nbsp;&nbsp;&nbsp;&nbsp;&nbsp;&nbsp;&nbsp;&nbsp;&nbsp;<a style='color:#000000' href=https:\/\/www.arcope.it\/benedini\/catalogo_esp.php?ESP_CODI=56 target=_blank><i>G. Benedini A.<\/i>, Istituti Culturali Galleria della Sala di Cultura, Modena 4-15 aprile 1970<\/a><br \/><hr>&nbsp;&nbsp;&nbsp;&nbsp;&nbsp;&nbsp;&nbsp;&nbsp;&nbsp;&nbsp;<a style='color:#000000' href=https:\/\/www.arcope.it\/benedini\/catalogo_esp.php?ESP_CODI=446 target=_blank><i>II Premio Nazionale di Pittura Mario Benassi<\/i>, Sorbolo (PR) 28 maggio-2 giugno 1970<\/a><br \/><hr>&nbsp;&nbsp;&nbsp;&nbsp;&nbsp;&nbsp;&nbsp;&nbsp;&nbsp;&nbsp;<a style='color:#000000' href=https:\/\/www.arcope.it\/benedini\/catalogo_esp.php?ESP_CODI=54 target=_blank><i> X Premio del disegno<\/i>, Galleria delle Ore, Milano 29 dicembre 1970 -21 gennaio 1971<\/a><br \/><hr><b><font size=6 color='#7F81FF'>1971<\/font><\/b><br>&nbsp;&nbsp;&nbsp;&nbsp;&nbsp;&nbsp;&nbsp;&nbsp;&nbsp;&nbsp;<a style='color:#000000' href=https:\/\/www.arcope.it\/benedini\/catalogo_esp.php?ESP_CODI=210 target=_blank><i>G. Benedini A.<\/i>,  Galleria Mosaico, Chiasso da 11 marzo 1971<\/a><br \/><hr>&nbsp;&nbsp;&nbsp;&nbsp;&nbsp;&nbsp;&nbsp;&nbsp;&nbsp;&nbsp;<a style='color:#000000' href=https:\/\/www.arcope.it\/benedini\/catalogo_esp.php?ESP_CODI=211 target=_blank><i>G. Benedini A.<\/i>, Centro attivit\u00e0 visive-Palazzo dei Diamanti, Ferrara 12 dicembre 1971 - 6 gennaio 1972<\/a><br \/><hr><b><font size=6 color='#7F81FF'>1972<\/font><\/b><br>&nbsp;&nbsp;&nbsp;&nbsp;&nbsp;&nbsp;&nbsp;&nbsp;&nbsp;&nbsp;<a style='color:#000000' href=https:\/\/www.arcope.it\/benedini\/catalogo_esp.php?ESP_CODI=57 target=_blank><i> XXVI Mostra Nazionale di Pittura \u201cPremio Michetti\u201d<\/i>, Francavilla al Mare (CH) aprile  1972<\/a><br \/><hr>&nbsp;&nbsp;&nbsp;&nbsp;&nbsp;&nbsp;&nbsp;&nbsp;&nbsp;&nbsp;<a style='color:#000000' href=https:\/\/www.arcope.it\/benedini\/catalogo_esp.php?ESP_CODI=58 target=_blank><i> IV Biennale di arte grafica italiana contemporanea<\/i>, Palazzo delle Esposizioni, Faenza (RA) 16 aprile-11 maggio 1972<\/a><br \/><hr>&nbsp;&nbsp;&nbsp;&nbsp;&nbsp;&nbsp;&nbsp;&nbsp;&nbsp;&nbsp;<a style='color:#000000' href=https:\/\/www.arcope.it\/benedini\/catalogo_esp.php?ESP_CODI=59 target=_blank><i> LXXII Mostra d\u2019arte della Regione Lombarda<\/i>,  Palazzo della Permanente, Milano  giugno-luglio 1972<\/a><br \/><hr>&nbsp;&nbsp;&nbsp;&nbsp;&nbsp;&nbsp;&nbsp;&nbsp;&nbsp;&nbsp;<a style='color:#000000' href=https:\/\/www.arcope.it\/benedini\/catalogo_esp.php?ESP_CODI=212 target=_blank><i>Benedini<\/i>, Galleria Correggio, Parma 4-22 novembre 1972<\/a><br \/><hr><b><font size=6 color='#7F81FF'>1973<\/font><\/b><br>&nbsp;&nbsp;&nbsp;&nbsp;&nbsp;&nbsp;&nbsp;&nbsp;&nbsp;&nbsp;<a style='color:#000000' href=https:\/\/www.arcope.it\/benedini\/catalogo_esp.php?ESP_CODI=60 target=_blank><i>Premio Nazionale Citt\u00e0 di Gallarate 9\u00b0 edizione<\/i>, Civica Galleria d\u2019Arte Moderna, Gallarate (VA) 11-25 febbraio 1973<\/a><br \/><hr><b><font size=6 color='#7F81FF'>1974<\/font><\/b><br>&nbsp;&nbsp;&nbsp;&nbsp;&nbsp;&nbsp;&nbsp;&nbsp;&nbsp;&nbsp;<a style='color:#000000' href=https:\/\/www.arcope.it\/benedini\/catalogo_esp.php?ESP_CODI=61 target=_blank><i>XXVIII Biennale Nazionale d\u2019arte Presenza e tendenza della Giovane Arte Italiana<\/i>, Palazzo della Permanente, Milano 10 gennaio-10 marzo 1974<\/a><br \/><hr>&nbsp;&nbsp;&nbsp;&nbsp;&nbsp;&nbsp;&nbsp;&nbsp;&nbsp;&nbsp;<a style='color:#000000' href=https:\/\/www.arcope.it\/benedini\/catalogo_esp.php?ESP_CODI=64 target=_blank><i>La donna oggi<\/i>, Galleria Boccioni, Milano 1974<\/a><br \/><hr>&nbsp;&nbsp;&nbsp;&nbsp;&nbsp;&nbsp;&nbsp;&nbsp;&nbsp;&nbsp;<a style='color:#000000' href=https:\/\/www.arcope.it\/benedini\/catalogo_esp.php?ESP_CODI=366 target=_blank><i>Benedini Lucchini Pescador<\/i>, L'agrifoglio Galleria d'arte, Milano 4-18 maggio 1974<\/a><br \/><hr>&nbsp;&nbsp;&nbsp;&nbsp;&nbsp;&nbsp;&nbsp;&nbsp;&nbsp;&nbsp;<a style='color:#000000' href=https:\/\/www.arcope.it\/benedini\/catalogo_esp.php?ESP_CODI=62 target=_blank><i>La donna nella Resistenza<\/i>,  Circolo De Amicis, Milano giugno 1974<\/a><br \/><hr>&nbsp;&nbsp;&nbsp;&nbsp;&nbsp;&nbsp;&nbsp;&nbsp;&nbsp;&nbsp;<a style='color:#000000' href=https:\/\/www.arcope.it\/benedini\/catalogo_esp.php?ESP_CODI=63 target=_blank><i> Omaggio all\u2019Ariosto<\/i>, Palazzo dei Diamanti, Ferrara  29 giugno-30 settembre 1974<\/a><br \/><hr><b><font size=6 color='#7F81FF'>1975<\/font><\/b><br>&nbsp;&nbsp;&nbsp;&nbsp;&nbsp;&nbsp;&nbsp;&nbsp;&nbsp;&nbsp;<a style='color:#000000' href=https:\/\/www.arcope.it\/benedini\/catalogo_esp.php?ESP_CODI=432 target=_blank><i>Benedini Lucchini Pescador<\/i>, Sala mostre \"Il Poliedro\", Cremona 18-30 gennaio 1975<\/a><br \/><hr>&nbsp;&nbsp;&nbsp;&nbsp;&nbsp;&nbsp;&nbsp;&nbsp;&nbsp;&nbsp;<a style='color:#000000' href=https:\/\/www.arcope.it\/benedini\/catalogo_esp.php?ESP_CODI=213 target=_blank><i>Gabriella Benedini A.<\/i>, Galleria Bergamini, Milano da  8 aprile 1975<\/a><br \/><hr>&nbsp;&nbsp;&nbsp;&nbsp;&nbsp;&nbsp;&nbsp;&nbsp;&nbsp;&nbsp;<a style='color:#000000' href=https:\/\/www.arcope.it\/benedini\/catalogo_esp.php?ESP_CODI=65 target=_blank><i>Arte per la stampa libera<\/i>, Galleria Schubert, Milano giugno 1975<\/a><br \/><hr>&nbsp;&nbsp;&nbsp;&nbsp;&nbsp;&nbsp;&nbsp;&nbsp;&nbsp;&nbsp;<a style='color:#000000' href=https:\/\/www.arcope.it\/benedini\/catalogo_esp.php?ESP_CODI=66 target=_blank><i>INSEA<\/i>, Centre International d\u2019\u00e9tudes p\u00e9dagogiques, S\u00e8vres luglio 1975<\/a><br \/><hr>&nbsp;&nbsp;&nbsp;&nbsp;&nbsp;&nbsp;&nbsp;&nbsp;&nbsp;&nbsp;<a style='color:#000000' href=https:\/\/www.arcope.it\/benedini\/catalogo_esp.php?ESP_CODI=67 target=_blank><i>Terza Triennale dell\u2019incisione<\/i>,  Palazzo della Permanente, Milano dicembre 1975 -gennaio 1976<\/a><br \/><hr><b><font size=6 color='#7F81FF'>1976<\/font><\/b><br>&nbsp;&nbsp;&nbsp;&nbsp;&nbsp;&nbsp;&nbsp;&nbsp;&nbsp;&nbsp;<a style='color:#000000' href=https:\/\/www.arcope.it\/benedini\/catalogo_esp.php?ESP_CODI=68 target=_blank><i>500 artisti per le fabbriche in lotta<\/i>, Palazzo della Permanente, Milano 19  maggio 1976<\/a><br \/><hr>&nbsp;&nbsp;&nbsp;&nbsp;&nbsp;&nbsp;&nbsp;&nbsp;&nbsp;&nbsp;<a style='color:#000000' href=https:\/\/www.arcope.it\/benedini\/catalogo_esp.php?ESP_CODI=69 target=_blank><i>Disegno e piccola scultura<\/i>,  Palazzo della Permanente, Milano settembre-ottobre 1976<\/a><br \/><hr>&nbsp;&nbsp;&nbsp;&nbsp;&nbsp;&nbsp;&nbsp;&nbsp;&nbsp;&nbsp;<a style='color:#000000' href=https:\/\/www.arcope.it\/benedini\/catalogo_esp.php?ESP_CODI=214 target=_blank><i>Gabriella Benedini<\/i>, Galleria 72, Bergamo 14-26 settembre 1976<\/a><br \/><hr>&nbsp;&nbsp;&nbsp;&nbsp;&nbsp;&nbsp;&nbsp;&nbsp;&nbsp;&nbsp;<a style='color:#000000' href=https:\/\/www.arcope.it\/benedini\/catalogo_esp.php?ESP_CODI=71 target=_blank><i>Vedere a Milano<\/i>, Galleria Solferino, Milano dicembre 1976<\/a><br \/><hr>&nbsp;&nbsp;&nbsp;&nbsp;&nbsp;&nbsp;&nbsp;&nbsp;&nbsp;&nbsp;<a style='color:#000000' href=https:\/\/www.arcope.it\/benedini\/catalogo_esp.php?ESP_CODI=70 target=_blank><i>Venti per venti 10 donne artiste Un rilevamento a Milano<\/i>, Galleria Arte Structura, Milano da 13 dicembre 1976<\/a><br \/><hr><b><font size=6 color='#7F81FF'>1977<\/font><\/b><br>&nbsp;&nbsp;&nbsp;&nbsp;&nbsp;&nbsp;&nbsp;&nbsp;&nbsp;&nbsp;<a style='color:#000000' href=https:\/\/www.arcope.it\/benedini\/catalogo_esp.php?ESP_CODI=76 target=_blank><i>Grafici italiani contemporanei<\/i>, Museo d\u2019Arte Moderna, Ljubijana (1977)<\/a><br \/><hr>&nbsp;&nbsp;&nbsp;&nbsp;&nbsp;&nbsp;&nbsp;&nbsp;&nbsp;&nbsp;<a style='color:#000000' href=https:\/\/www.arcope.it\/benedini\/catalogo_esp.php?ESP_CODI=72 target=_blank><i>Rilevamento a Milano Momenti di creativit\u00e0 femminile<\/i>,  Libreria Sapere, Milano febbraio  1977<\/a><br \/><hr>&nbsp;&nbsp;&nbsp;&nbsp;&nbsp;&nbsp;&nbsp;&nbsp;&nbsp;&nbsp;<a style='color:#000000' href=https:\/\/www.arcope.it\/benedini\/catalogo_esp.php?ESP_CODI=216 target=_blank><i>Gabriella Benedini e Lucia Sterlocchi<\/i>, Il Gelso Arte Moderna, Lodi 20 febbraio-4 marzo 1977<\/a><br \/><hr>&nbsp;&nbsp;&nbsp;&nbsp;&nbsp;&nbsp;&nbsp;&nbsp;&nbsp;&nbsp;<a style='color:#000000' href=https:\/\/www.arcope.it\/benedini\/catalogo_esp.php?ESP_CODI=215 target=_blank><i>Gabriella Benedini<\/i>, Galleria Correggio, Parma 12-30 marzo 1977<\/a><br \/><hr>&nbsp;&nbsp;&nbsp;&nbsp;&nbsp;&nbsp;&nbsp;&nbsp;&nbsp;&nbsp;<a style='color:#000000' href=https:\/\/www.arcope.it\/benedini\/catalogo_esp.php?ESP_CODI=433 target=_blank><i>Benedini Bisio Cottini Dragoni Leddi Plescan Tenconi<\/i>, Universit\u00e0 degli studi di Pavia \"Collegio Cairoli\", Pavia 9-21 maggio 1977<\/a><br \/><hr>&nbsp;&nbsp;&nbsp;&nbsp;&nbsp;&nbsp;&nbsp;&nbsp;&nbsp;&nbsp;<a style='color:#000000' href=https:\/\/www.arcope.it\/benedini\/catalogo_esp.php?ESP_CODI=444 target=_blank><i>Arte e Cinema. Festival del cinema d'artista - 2\u00b0 edizione<\/i>, Circolo Formentini, Milano 17-25 giugno 1977<\/a><br \/><hr>&nbsp;&nbsp;&nbsp;&nbsp;&nbsp;&nbsp;&nbsp;&nbsp;&nbsp;&nbsp;<a style='color:#000000' href=https:\/\/www.arcope.it\/benedini\/catalogo_esp.php?ESP_CODI=74 target=_blank><i>Metamorfosi: dalla natura alla \u201cragione\u201d (Gruppo Metamorfosi)<\/i>, Palazzo dei Diamanti-Centro di attivit\u00e0 visive, Ferrara 4 dicembre 1977-9 gennaio 1978<\/a><br \/><hr><b><font size=6 color='#7F81FF'>1978<\/font><\/b><br>&nbsp;&nbsp;&nbsp;&nbsp;&nbsp;&nbsp;&nbsp;&nbsp;&nbsp;&nbsp;<a style='color:#000000' href=https:\/\/www.arcope.it\/benedini\/catalogo_esp.php?ESP_CODI=77 target=_blank><i>Premio Nazionale di pittura Citt\u00e0 di Gallarate - L\u2019arte degli anni \u201860<\/i>, Civica Galleria d\u2019arte moderna, Gallarate (VA) 2-23 aprile 1978<\/a><br \/><hr>&nbsp;&nbsp;&nbsp;&nbsp;&nbsp;&nbsp;&nbsp;&nbsp;&nbsp;&nbsp;<a style='color:#000000' href=https:\/\/www.arcope.it\/benedini\/catalogo_esp.php?ESP_CODI=78 target=_blank><i>Coop 77 Arti Visive<\/i>, Centro Allende, La Spezia 12-30 aprile 1978<\/a><br \/><hr>&nbsp;&nbsp;&nbsp;&nbsp;&nbsp;&nbsp;&nbsp;&nbsp;&nbsp;&nbsp;<a style='color:#000000' href=https:\/\/www.arcope.it\/benedini\/catalogo_esp.php?ESP_CODI=75 target=_blank><i>Mezzo cielo<\/i>, Galleria di Porta Ticinese, Milano 2 maggio - 6 giugno 1978<\/a><br \/><hr>&nbsp;&nbsp;&nbsp;&nbsp;&nbsp;&nbsp;&nbsp;&nbsp;&nbsp;&nbsp;<a style='color:#000000' href=https:\/\/www.arcope.it\/benedini\/catalogo_esp.php?ESP_CODI=79 target=_blank><i>Il trasparente<\/i>, Galleria di Porta Ticinese, Milano dopo 9 maggio 1978<\/a><br \/><hr>&nbsp;&nbsp;&nbsp;&nbsp;&nbsp;&nbsp;&nbsp;&nbsp;&nbsp;&nbsp;<a style='color:#000000' href=https:\/\/www.arcope.it\/benedini\/catalogo_esp.php?ESP_CODI=73 target=_blank><i>Coop 77 Arti visive<\/i>, ARCI-UISP Circolo Culturale \u201cLa Nuova Torretta\u201d, Sesto S. Giovanni (MI) 7-3 novembre 1978<\/a><br \/><hr><b><font size=6 color='#7F81FF'>1979<\/font><\/b><br>&nbsp;&nbsp;&nbsp;&nbsp;&nbsp;&nbsp;&nbsp;&nbsp;&nbsp;&nbsp;<a style='color:#000000' href=https:\/\/www.arcope.it\/benedini\/catalogo_esp.php?ESP_CODI=87 target=_blank><i> Nouvelles tendances Italiens (Gruppo Metamorfosi)<\/i>, Macon 1979<\/a><br \/><hr>&nbsp;&nbsp;&nbsp;&nbsp;&nbsp;&nbsp;&nbsp;&nbsp;&nbsp;&nbsp;<a style='color:#000000' href=https:\/\/www.arcope.it\/benedini\/catalogo_esp.php?ESP_CODI=90 target=_blank><i> Mostra seminario \"Un poetico politico\"<\/i>,  Collegio Cairoli, Pavia 1979<\/a><br \/><hr>&nbsp;&nbsp;&nbsp;&nbsp;&nbsp;&nbsp;&nbsp;&nbsp;&nbsp;&nbsp;<a style='color:#000000' href=https:\/\/www.arcope.it\/benedini\/catalogo_esp.php?ESP_CODI=80 target=_blank><i>Le radici dell\u2019arte contemporanea: dall\u2019informale<\/i>,  Biblioteca Civica, Monza  20 gennaio-10 febbraio 1979<\/a><br \/><hr>&nbsp;&nbsp;&nbsp;&nbsp;&nbsp;&nbsp;&nbsp;&nbsp;&nbsp;&nbsp;<a style='color:#000000' href=https:\/\/www.arcope.it\/benedini\/catalogo_esp.php?ESP_CODI=88 target=_blank><i> Autoritratto \/ Semiologia della memoria<\/i>, Collettivo Lavoro A, Milano marzo - aprile 1979<\/a><br \/><hr>&nbsp;&nbsp;&nbsp;&nbsp;&nbsp;&nbsp;&nbsp;&nbsp;&nbsp;&nbsp;<a style='color:#000000' href=https:\/\/www.arcope.it\/benedini\/catalogo_esp.php?ESP_CODI=85 target=_blank><i>Gabriella Benedini Alesandra Bonelli Lucia Pescador Lucia Sterlocchi<\/i>, Galleria l\u2019Angolo, Piacenza 24 marzo - 5 aprile1979<\/a><br \/><hr>&nbsp;&nbsp;&nbsp;&nbsp;&nbsp;&nbsp;&nbsp;&nbsp;&nbsp;&nbsp;<a style='color:#000000' href=https:\/\/www.arcope.it\/benedini\/catalogo_esp.php?ESP_CODI=86 target=_blank><i> Le trascrizioni elettive (Gruppo Metamorfosi)<\/i>, Libreria Internazionale Einaudi, Milano 3-18 aprile 1979<\/a><br \/><hr>&nbsp;&nbsp;&nbsp;&nbsp;&nbsp;&nbsp;&nbsp;&nbsp;&nbsp;&nbsp;<a style='color:#000000' href=https:\/\/www.arcope.it\/benedini\/catalogo_esp.php?ESP_CODI=473 target=_blank><i> Le trascrizioni elettive (Gruppo Metamorfosi)<\/i>, Galleria Correggio, Parma fino a 31 maggio 1979<\/a><br \/><hr>&nbsp;&nbsp;&nbsp;&nbsp;&nbsp;&nbsp;&nbsp;&nbsp;&nbsp;&nbsp;<a style='color:#000000' href=https:\/\/www.arcope.it\/benedini\/catalogo_esp.php?ESP_CODI=81 target=_blank><i> L\u2019altra satira<\/i>, Galleria Bergamini, Milano da 23 maggio 1979<\/a><br \/><hr>&nbsp;&nbsp;&nbsp;&nbsp;&nbsp;&nbsp;&nbsp;&nbsp;&nbsp;&nbsp;<a style='color:#000000' href=https:\/\/www.arcope.it\/benedini\/catalogo_esp.php?ESP_CODI=82 target=_blank><i>COOP 77 Arti visive Milano<\/i>,  Galleria  Bevilacqua La Masa, Venezia 21 giugno-4 luglio 1979<\/a><br \/><hr>&nbsp;&nbsp;&nbsp;&nbsp;&nbsp;&nbsp;&nbsp;&nbsp;&nbsp;&nbsp;<a style='color:#000000' href=https:\/\/www.arcope.it\/benedini\/catalogo_esp.php?ESP_CODI=84 target=_blank><i>Genesi e processo dell\u2019immagine<\/i>,  Palazzo della Permanente, Milano 30 novembre-30 dicembre 1979<\/a><br \/><hr><b><font size=6 color='#7F81FF'>1980<\/font><\/b><br>&nbsp;&nbsp;&nbsp;&nbsp;&nbsp;&nbsp;&nbsp;&nbsp;&nbsp;&nbsp;<a style='color:#000000' href=https:\/\/www.arcope.it\/benedini\/catalogo_esp.php?ESP_CODI=92 target=_blank><i> Mostra Nazionale di Grafica<\/i>, Cremona 1980<\/a><br \/><hr>&nbsp;&nbsp;&nbsp;&nbsp;&nbsp;&nbsp;&nbsp;&nbsp;&nbsp;&nbsp;<a style='color:#000000' href=https:\/\/www.arcope.it\/benedini\/catalogo_esp.php?ESP_CODI=217 target=_blank><i> Sogno, bisogno. Analisi al soggetto<\/i>, Galleria d'arte di Porta Ticinese, Milano dal 12 marzo 1980<\/a><br \/><hr>&nbsp;&nbsp;&nbsp;&nbsp;&nbsp;&nbsp;&nbsp;&nbsp;&nbsp;&nbsp;<a style='color:#000000' href=https:\/\/www.arcope.it\/benedini\/catalogo_esp.php?ESP_CODI=262 target=_blank><i>Gabriella Benedini Storie della terra - Mutazione 1977'80<\/i>, Galleria Bergamini, Milano 8 maggio-3 giugno 1980<\/a><br \/><hr>&nbsp;&nbsp;&nbsp;&nbsp;&nbsp;&nbsp;&nbsp;&nbsp;&nbsp;&nbsp;<a style='color:#000000' href=https:\/\/www.arcope.it\/benedini\/catalogo_esp.php?ESP_CODI=91 target=_blank><i> Il pomo della discordia<\/i>, Galleria Bonaparte, Milano novembre - dicembre  1980<\/a><br \/><hr>&nbsp;&nbsp;&nbsp;&nbsp;&nbsp;&nbsp;&nbsp;&nbsp;&nbsp;&nbsp;<a style='color:#000000' href=https:\/\/www.arcope.it\/benedini\/catalogo_esp.php?ESP_CODI=83 target=_blank><i>Mail art ambiente 40 artisti propongono idee per il centro storico di Vertova<\/i>, Vertova (BG) 11-25 novembre 1980<\/a><br \/><hr>&nbsp;&nbsp;&nbsp;&nbsp;&nbsp;&nbsp;&nbsp;&nbsp;&nbsp;&nbsp;<a style='color:#000000' href=https:\/\/www.arcope.it\/benedini\/catalogo_esp.php?ESP_CODI=219 target=_blank><i>Tras-mutazioni<\/i>,  Galleria Il Salotto, Como 30 novembre-12 dicembre 1980<\/a><br \/><hr><b><font size=6 color='#7F81FF'>1981<\/font><\/b><br>&nbsp;&nbsp;&nbsp;&nbsp;&nbsp;&nbsp;&nbsp;&nbsp;&nbsp;&nbsp;<a style='color:#000000' href=https:\/\/www.arcope.it\/benedini\/catalogo_esp.php?ESP_CODI=97 target=_blank><i>Gruppo Metamorfosi<\/i>, Galleria Xavier Berg, Londra 1981<\/a><br \/><hr>&nbsp;&nbsp;&nbsp;&nbsp;&nbsp;&nbsp;&nbsp;&nbsp;&nbsp;&nbsp;<a style='color:#000000' href=https:\/\/www.arcope.it\/benedini\/catalogo_esp.php?ESP_CODI=93 target=_blank><i> Groep Metamorfosi<\/i>,  Galleria 25, Vlietje  6 marzo-1 aprile 1981<\/a><br \/><hr>&nbsp;&nbsp;&nbsp;&nbsp;&nbsp;&nbsp;&nbsp;&nbsp;&nbsp;&nbsp;<a style='color:#000000' href=https:\/\/www.arcope.it\/benedini\/catalogo_esp.php?ESP_CODI=94 target=_blank><i>L\u2019autre mus\u00e9e Gruppo Metamorfosi<\/i>, Bruxelles 23 aprile-16 maggio 1981<\/a><br \/><hr>&nbsp;&nbsp;&nbsp;&nbsp;&nbsp;&nbsp;&nbsp;&nbsp;&nbsp;&nbsp;<a style='color:#000000' href=https:\/\/www.arcope.it\/benedini\/catalogo_esp.php?ESP_CODI=95 target=_blank><i> Mail-Art The mythical image<\/i>, Galleria Apollinaire, Milano 23-26 giugno 1981<\/a><br \/><hr>&nbsp;&nbsp;&nbsp;&nbsp;&nbsp;&nbsp;&nbsp;&nbsp;&nbsp;&nbsp;<a style='color:#000000' href=https:\/\/www.arcope.it\/benedini\/catalogo_esp.php?ESP_CODI=96 target=_blank><i>Deserto Aspetti della condizione umana attraverso l\u2019arte<\/i>, Chiesa di Sant\u2019Agostino, Bergamo 26 settembre-31 ottobre 1981<\/a><br \/><hr><b><font size=6 color='#7F81FF'>1982<\/font><\/b><br>&nbsp;&nbsp;&nbsp;&nbsp;&nbsp;&nbsp;&nbsp;&nbsp;&nbsp;&nbsp;<a style='color:#000000' href=https:\/\/www.arcope.it\/benedini\/catalogo_esp.php?ESP_CODI=101 target=_blank><i>Portes et fenetres (Gruppo Metamorfosi)<\/i>, Galleria Alexandra Monett, Bruxelles 1982<\/a><br \/><hr>&nbsp;&nbsp;&nbsp;&nbsp;&nbsp;&nbsp;&nbsp;&nbsp;&nbsp;&nbsp;<a style='color:#000000' href=https:\/\/www.arcope.it\/benedini\/catalogo_esp.php?ESP_CODI=98 target=_blank><i> Interfolio all\u2019Encyclopedie<\/i>,  Chiostro di Voltorre, Gavirate (VA) 14 marzo-12 aprile  1982<\/a><br \/><hr>&nbsp;&nbsp;&nbsp;&nbsp;&nbsp;&nbsp;&nbsp;&nbsp;&nbsp;&nbsp;<a style='color:#000000' href=https:\/\/www.arcope.it\/benedini\/catalogo_esp.php?ESP_CODI=102 target=_blank><i>Quattro venti Benedini Bonelli Pescador Sterlocchi \"Gruppo Metamorfosi\"<\/i>, Galleria Arte Centro, Milano 21 aprile-17 maggio 1983<\/a><br \/><hr>&nbsp;&nbsp;&nbsp;&nbsp;&nbsp;&nbsp;&nbsp;&nbsp;&nbsp;&nbsp;<a style='color:#000000' href=https:\/\/www.arcope.it\/benedini\/catalogo_esp.php?ESP_CODI=99 target=_blank><i> Mises en boite<\/i>,  La Maison de la Culture, Namur 23 aprile-23 maggio 1982<\/a><br \/><hr>&nbsp;&nbsp;&nbsp;&nbsp;&nbsp;&nbsp;&nbsp;&nbsp;&nbsp;&nbsp;<a style='color:#000000' href=https:\/\/www.arcope.it\/benedini\/catalogo_esp.php?ESP_CODI=100 target=_blank><i> In-comunicabile\/inter-comunicavel<\/i>, Museu de Arte Contemporaneea da Universidade de Sao Paulo, San Paolo del Brasile da 22 maggio 1982<\/a><br \/><hr><b><font size=6 color='#7F81FF'>1983<\/font><\/b><br>&nbsp;&nbsp;&nbsp;&nbsp;&nbsp;&nbsp;&nbsp;&nbsp;&nbsp;&nbsp;<a style='color:#000000' href=https:\/\/www.arcope.it\/benedini\/catalogo_esp.php?ESP_CODI=104 target=_blank><i>Traces (Gruppo Metamorfosi)<\/i>, Galleria Alexandra Monett, Bruxelles 1983<\/a><br \/><hr>&nbsp;&nbsp;&nbsp;&nbsp;&nbsp;&nbsp;&nbsp;&nbsp;&nbsp;&nbsp;<a style='color:#000000' href=https:\/\/www.arcope.it\/benedini\/catalogo_esp.php?ESP_CODI=105 target=_blank><i> Premio Cassa Rurale e Artigiana <\/i>, Carate Brianza (MB) 1983<\/a><br \/><hr>&nbsp;&nbsp;&nbsp;&nbsp;&nbsp;&nbsp;&nbsp;&nbsp;&nbsp;&nbsp;<a style='color:#000000' href=https:\/\/www.arcope.it\/benedini\/catalogo_esp.php?ESP_CODI=106 target=_blank><i>(Senza titolo)<\/i>,  Nuovo spazio metropolitano-Metropolitana Gioia, Milano 1983<\/a><br \/><hr>&nbsp;&nbsp;&nbsp;&nbsp;&nbsp;&nbsp;&nbsp;&nbsp;&nbsp;&nbsp;<a style='color:#000000' href=https:\/\/www.arcope.it\/benedini\/catalogo_esp.php?ESP_CODI=107 target=_blank><i> Gruppo Metamorfosi<\/i>,  City Bank, Milano 1983<\/a><br \/><hr>&nbsp;&nbsp;&nbsp;&nbsp;&nbsp;&nbsp;&nbsp;&nbsp;&nbsp;&nbsp;<a style='color:#000000' href=https:\/\/www.arcope.it\/benedini\/catalogo_esp.php?ESP_CODI=103 target=_blank><i> L\u2019Aleph. Benedini Bonelli Parrocchetti Pescador Sironi Sterlocchi<\/i>, Galleria Corsini, Intra (VB) agosto--ottobre 1983<\/a><br \/><hr><b><font size=6 color='#7F81FF'>1984<\/font><\/b><br>&nbsp;&nbsp;&nbsp;&nbsp;&nbsp;&nbsp;&nbsp;&nbsp;&nbsp;&nbsp;<a style='color:#000000' href=https:\/\/www.arcope.it\/benedini\/catalogo_esp.php?ESP_CODI=111 target=_blank><i> Regala con arte<\/i>, Bottega del Quadro-Galleria Casati, Bergamo 1984<\/a><br \/><hr>&nbsp;&nbsp;&nbsp;&nbsp;&nbsp;&nbsp;&nbsp;&nbsp;&nbsp;&nbsp;<a style='color:#000000' href=https:\/\/www.arcope.it\/benedini\/catalogo_esp.php?ESP_CODI=108 target=_blank><i> XXIX Biennale Nazionale d\u2019arte Citt\u00e0 di Milano<\/i>,  Palazzo della Permanente, Milano  4 aprile-20 maggio 1984<\/a><br \/><hr>&nbsp;&nbsp;&nbsp;&nbsp;&nbsp;&nbsp;&nbsp;&nbsp;&nbsp;&nbsp;<a style='color:#000000' href=https:\/\/www.arcope.it\/benedini\/catalogo_esp.php?ESP_CODI=109 target=_blank><i> Mostra Nazionale di pittura \u201cCitt\u00e0 di Monza\u201d 1984<\/i>,  Villa Reale, Monza 10-30 giugno 1984<\/a><br \/><hr>&nbsp;&nbsp;&nbsp;&nbsp;&nbsp;&nbsp;&nbsp;&nbsp;&nbsp;&nbsp;<a style='color:#000000' href=https:\/\/www.arcope.it\/benedini\/catalogo_esp.php?ESP_CODI=110 target=_blank><i> I mesi mancanti (da Schifanoia 1984) (Gruppo Metamorfosi)<\/i>,  Galleria  Massari 1, Palazzo Massari, Ferrara 16 settembre-21 ottobre 1984<\/a><br \/><hr>&nbsp;&nbsp;&nbsp;&nbsp;&nbsp;&nbsp;&nbsp;&nbsp;&nbsp;&nbsp;<a style='color:#000000' href=https:\/\/www.arcope.it\/benedini\/catalogo_esp.php?ESP_CODI=112 target=_blank><i>Dramma e speranza nei Promessi Sposi<\/i>, Centro Culturale San Fedele, Milano 22 novembre 1984<\/a><br \/><hr>&nbsp;&nbsp;&nbsp;&nbsp;&nbsp;&nbsp;&nbsp;&nbsp;&nbsp;&nbsp;<a style='color:#000000' href=https:\/\/www.arcope.it\/benedini\/catalogo_esp.php?ESP_CODI=116 target=_blank><i> Spiragine<\/i>, Galleria Immagine Koo.I.Noor, Milano 11 dicembre 1984 - 11 gennaio 1985<\/a><br \/><hr><b><font size=6 color='#7F81FF'>1985<\/font><\/b><br>&nbsp;&nbsp;&nbsp;&nbsp;&nbsp;&nbsp;&nbsp;&nbsp;&nbsp;&nbsp;<a style='color:#000000' href=https:\/\/www.arcope.it\/benedini\/catalogo_esp.php?ESP_CODI=113 target=_blank><i> Il bell\u2019oggetto arte per l\u2019industria<\/i>, Galleria Arte Centro, Milano 1984<\/a><br \/><hr>&nbsp;&nbsp;&nbsp;&nbsp;&nbsp;&nbsp;&nbsp;&nbsp;&nbsp;&nbsp;<a style='color:#000000' href=https:\/\/www.arcope.it\/benedini\/catalogo_esp.php?ESP_CODI=114 target=_blank><i> Sulla linea dell\u2019orizzonte. Attraversare gli spazi<\/i>, Casa del Mantegna, Mantova  2-31 marzo 1985<\/a><br \/><hr>&nbsp;&nbsp;&nbsp;&nbsp;&nbsp;&nbsp;&nbsp;&nbsp;&nbsp;&nbsp;<a style='color:#000000' href=https:\/\/www.arcope.it\/benedini\/catalogo_esp.php?ESP_CODI=115 target=_blank><i> \u201cCarte cielesti\u201d(Astronomia come provocazione estetica)<\/i>, Galleria d'Arte  San Fedele, Milano 16 ottobre-16 novembre 1985<\/a><br \/><hr>&nbsp;&nbsp;&nbsp;&nbsp;&nbsp;&nbsp;&nbsp;&nbsp;&nbsp;&nbsp;<a style='color:#000000' href=https:\/\/www.arcope.it\/benedini\/catalogo_esp.php?ESP_CODI=117 target=_blank><i> Naturalmente <\/i>, Castello di Moncalvo, Moncalvo (AT) 27 ottobre-10 novembre 1985<\/a><br \/><hr><b><font size=6 color='#7F81FF'>1986<\/font><\/b><br>&nbsp;&nbsp;&nbsp;&nbsp;&nbsp;&nbsp;&nbsp;&nbsp;&nbsp;&nbsp;<a style='color:#000000' href=https:\/\/www.arcope.it\/benedini\/catalogo_esp.php?ESP_CODI=118 target=_blank><i> Dieci artisti da copertina<\/i>,  Palazzo della Permanente, Milano  23 gennaio-23 febbraio 1986<\/a><br \/><hr>&nbsp;&nbsp;&nbsp;&nbsp;&nbsp;&nbsp;&nbsp;&nbsp;&nbsp;&nbsp;<a style='color:#000000' href=https:\/\/www.arcope.it\/benedini\/catalogo_esp.php?ESP_CODI=220 target=_blank><i> Gabriella Benedini  Teatri della \u201cmelanconia\u201d<\/i>, Galleria Spazio Temporaneo, Milano marzo-aprile 1986<\/a><br \/><hr>&nbsp;&nbsp;&nbsp;&nbsp;&nbsp;&nbsp;&nbsp;&nbsp;&nbsp;&nbsp;<a style='color:#000000' href=https:\/\/www.arcope.it\/benedini\/catalogo_esp.php?ESP_CODI=121 target=_blank><i> Arte e scienza. Arte e alchimia<\/i>, Venezia giugno-settembre 1986<\/a><br \/><hr>&nbsp;&nbsp;&nbsp;&nbsp;&nbsp;&nbsp;&nbsp;&nbsp;&nbsp;&nbsp;<a style='color:#000000' href=https:\/\/www.arcope.it\/benedini\/catalogo_esp.php?ESP_CODI=122 target=_blank><i> Matrimonio nella torre. Mostra internazionale d'arte e di costume<\/i>, Museo della citt\u00e0, Udine 27 giugno-24 agosto 1986<\/a><br \/><hr>&nbsp;&nbsp;&nbsp;&nbsp;&nbsp;&nbsp;&nbsp;&nbsp;&nbsp;&nbsp;<a style='color:#000000' href=https:\/\/www.arcope.it\/benedini\/catalogo_esp.php?ESP_CODI=119 target=_blank><i> Projeto Vermelho-Progetto Rosso  Operacao Experimental<\/i>, Museu de Arte Brasileira e Instituto de Pesquisa, San Paolo del Brasile 19 novembre-30 dicembre  1986<\/a><br \/><hr>&nbsp;&nbsp;&nbsp;&nbsp;&nbsp;&nbsp;&nbsp;&nbsp;&nbsp;&nbsp;<a style='color:#000000' href=https:\/\/www.arcope.it\/benedini\/catalogo_esp.php?ESP_CODI=120 target=_blank><i> Quinta Triennale dell\u2019Incisione<\/i>,  Palazzo della Permanente, Milano  dicembre 1986 -febbraio 1987<\/a><br \/><hr><b><font size=6 color='#7F81FF'>1987<\/font><\/b><br>&nbsp;&nbsp;&nbsp;&nbsp;&nbsp;&nbsp;&nbsp;&nbsp;&nbsp;&nbsp;<a style='color:#000000' href=https:\/\/www.arcope.it\/benedini\/catalogo_esp.php?ESP_CODI=125 target=_blank><i>Gli enigmi del melograno<\/i>, Galleria Il Gelso, Lodi 1987<\/a><br \/><hr>&nbsp;&nbsp;&nbsp;&nbsp;&nbsp;&nbsp;&nbsp;&nbsp;&nbsp;&nbsp;<a style='color:#000000' href=https:\/\/www.arcope.it\/benedini\/catalogo_esp.php?ESP_CODI=123 target=_blank><i>Poesia per la vita Venti artisti per i Villaggi SOS<\/i>, Galleria San Fedele, Milano 10-28 febbraio 1987<\/a><br \/><hr>&nbsp;&nbsp;&nbsp;&nbsp;&nbsp;&nbsp;&nbsp;&nbsp;&nbsp;&nbsp;<a style='color:#000000' href=https:\/\/www.arcope.it\/benedini\/catalogo_esp.php?ESP_CODI=124 target=_blank><i> La Favorita e il Coccodrillo. Gabriella Benedini Lucia Pescador<\/i>,  Palazzo Te, Mantova da 23 maggio 1987<\/a><br \/><hr>&nbsp;&nbsp;&nbsp;&nbsp;&nbsp;&nbsp;&nbsp;&nbsp;&nbsp;&nbsp;<a style='color:#000000' href=https:\/\/www.arcope.it\/benedini\/catalogo_esp.php?ESP_CODI=221 target=_blank><i>Gabriella Benedini - Th\u00e9atre de la m\u00e9lancolie<\/i>,  Galerie \u201cL\u2019Autre Mus\u00e9e\u201d, Bruxelles 27 ottobre-28 novembre 1987<\/a><br \/><hr>&nbsp;&nbsp;&nbsp;&nbsp;&nbsp;&nbsp;&nbsp;&nbsp;&nbsp;&nbsp;<a style='color:#000000' href=https:\/\/www.arcope.it\/benedini\/catalogo_esp.php?ESP_CODI=130 target=_blank><i>Sulle orme di Orlando. I celebranti nel tempio d'Orlando<\/i>, Chiesa di San Romano, Ferrara 31 ottobre-27 novembre 1987<\/a><br \/><hr><b><font size=6 color='#7F81FF'>1988<\/font><\/b><br>&nbsp;&nbsp;&nbsp;&nbsp;&nbsp;&nbsp;&nbsp;&nbsp;&nbsp;&nbsp;<a style='color:#000000' href=https:\/\/www.arcope.it\/benedini\/catalogo_esp.php?ESP_CODI=479 target=_blank><i>Sulle orme di Orlando. I celebranti nel tempio d'Orlando<\/i>, Palazzo della Penna , Perugia 30 gennaio-26 marzo 1988<\/a><br \/><hr>&nbsp;&nbsp;&nbsp;&nbsp;&nbsp;&nbsp;&nbsp;&nbsp;&nbsp;&nbsp;<a style='color:#000000' href=https:\/\/www.arcope.it\/benedini\/catalogo_esp.php?ESP_CODI=222 target=_blank><i>Gabriella Benedini<\/i>, Studio Sonia Berryer, Bruxelles marzo  1988<\/a><br \/><hr>&nbsp;&nbsp;&nbsp;&nbsp;&nbsp;&nbsp;&nbsp;&nbsp;&nbsp;&nbsp;<a style='color:#000000' href=https:\/\/www.arcope.it\/benedini\/catalogo_esp.php?ESP_CODI=316 target=_blank><i>4th International Triennale of Drawing<\/i>, \t\r\nAwangarda Gallery, Wroclaw 16 aprile - 12 giugno 1988<\/a><br \/><hr>&nbsp;&nbsp;&nbsp;&nbsp;&nbsp;&nbsp;&nbsp;&nbsp;&nbsp;&nbsp;<a style='color:#000000' href=https:\/\/www.arcope.it\/benedini\/catalogo_esp.php?ESP_CODI=132 target=_blank><i>Terza Biennale Arte sacra \"La Croce\"<\/i>, Archivio di Stato, Pescara 23 aprile-10 giugno 1988<\/a><br \/><hr>&nbsp;&nbsp;&nbsp;&nbsp;&nbsp;&nbsp;&nbsp;&nbsp;&nbsp;&nbsp;<a style='color:#000000' href=https:\/\/www.arcope.it\/benedini\/catalogo_esp.php?ESP_CODI=249 target=_blank><i>Volto spirituale di Maria. Testimonianze di teologia e arte contemporanea<\/i>, Centro Culturale San Fedele, Milano maggio 1988<\/a><br \/><hr>&nbsp;&nbsp;&nbsp;&nbsp;&nbsp;&nbsp;&nbsp;&nbsp;&nbsp;&nbsp;<a style='color:#000000' href=https:\/\/www.arcope.it\/benedini\/catalogo_esp.php?ESP_CODI=127 target=_blank><i>XXXVIII Mostra d\u2019arte contemporanea Opere dalle collezioni della  Civica Galleria d\u2019Arte Moderna di Gallarate<\/i>,  Comunit\u00e0 Montana  Torre Pellice, Torre Pellice (TO) 5 agosto-10 settembre 1988<\/a><br \/><hr>&nbsp;&nbsp;&nbsp;&nbsp;&nbsp;&nbsp;&nbsp;&nbsp;&nbsp;&nbsp;<a style='color:#000000' href=https:\/\/www.arcope.it\/benedini\/catalogo_esp.php?ESP_CODI=131 target=_blank><i> Carta X carta rassegna di opere in carta di 80 artiste europee<\/i>, Narni (TR) autunno 1988<\/a><br \/><hr>&nbsp;&nbsp;&nbsp;&nbsp;&nbsp;&nbsp;&nbsp;&nbsp;&nbsp;&nbsp;<a style='color:#000000' href=https:\/\/www.arcope.it\/benedini\/catalogo_esp.php?ESP_CODI=128 target=_blank><i> Les miroirs de la scene Le spectacle dans les arts plastiques<\/i>, Th\u00e9atre National de la Communaut\u00e9 Francaise de Belgique, Bruxelles  27 settembre-27 ottobre 1988<\/a><br \/><hr>&nbsp;&nbsp;&nbsp;&nbsp;&nbsp;&nbsp;&nbsp;&nbsp;&nbsp;&nbsp;<a style='color:#000000' href=https:\/\/www.arcope.it\/benedini\/catalogo_esp.php?ESP_CODI=129 target=_blank><i> Textilia Interpretazioni tessili e trame nell\u2019arte. Primo confronto europeo<\/i>,  Basilica Palladiana, Vicenza 29 ottobre-11 dicembre 1988<\/a><br \/><hr>&nbsp;&nbsp;&nbsp;&nbsp;&nbsp;&nbsp;&nbsp;&nbsp;&nbsp;&nbsp;<a style='color:#000000' href=https:\/\/www.arcope.it\/benedini\/catalogo_esp.php?ESP_CODI=315 target=_blank><i>Convegno 12 al 2000. Donna-arte<\/i>, Palazzo Stelline, Milano 3 dicembre 1988<\/a><br \/><hr><b><font size=6 color='#7F81FF'>1989<\/font><\/b><br>&nbsp;&nbsp;&nbsp;&nbsp;&nbsp;&nbsp;&nbsp;&nbsp;&nbsp;&nbsp;<a style='color:#000000' href=https:\/\/www.arcope.it\/benedini\/catalogo_esp.php?ESP_CODI=248 target=_blank><i>Prima Biennale di Cremona Mostra d'arte padana<\/i>, Centro culturale \"Citt\u00e0 di Cremona\", Cremona 25 aprile-21 maggio 1989<\/a><br \/><hr>&nbsp;&nbsp;&nbsp;&nbsp;&nbsp;&nbsp;&nbsp;&nbsp;&nbsp;&nbsp;<a style='color:#000000' href=https:\/\/www.arcope.it\/benedini\/catalogo_esp.php?ESP_CODI=491 target=_blank><i>Grandi firme dell\u2019arte a favore del villaggio SOS di Morosolo Asta di grafica di artisti famosi per collezionisti ed amatori<\/i>, Villa Panza, Varese 3-4 luglio 1989<\/a><br \/><hr>&nbsp;&nbsp;&nbsp;&nbsp;&nbsp;&nbsp;&nbsp;&nbsp;&nbsp;&nbsp;<a style='color:#000000' href=https:\/\/www.arcope.it\/benedini\/catalogo_esp.php?ESP_CODI=223 target=_blank><i>Gabriella Benedini<\/i>, Galleria Spazio Temporaneo, Milano 5 ottobre-3 novembre 1989<\/a><br \/><hr><b><font size=6 color='#7F81FF'>1990<\/font><\/b><br>&nbsp;&nbsp;&nbsp;&nbsp;&nbsp;&nbsp;&nbsp;&nbsp;&nbsp;&nbsp;<a style='color:#000000' href=https:\/\/www.arcope.it\/benedini\/catalogo_esp.php?ESP_CODI=224 target=_blank><i>\" I libri\" di Gabriella Benedini<\/i>,  Bottega del Quadro-Galleria Casati, Bergamo da 14 ottobre 1990<\/a><br \/><hr>&nbsp;&nbsp;&nbsp;&nbsp;&nbsp;&nbsp;&nbsp;&nbsp;&nbsp;&nbsp;<a style='color:#000000' href=https:\/\/www.arcope.it\/benedini\/catalogo_esp.php?ESP_CODI=225 target=_blank><i>Gabriella Benedini<\/i>, Galleria Sonia Berryer, Bruxelles 27 novembre 1990 - 2 febbraio 1991<\/a><br \/><hr>&nbsp;&nbsp;&nbsp;&nbsp;&nbsp;&nbsp;&nbsp;&nbsp;&nbsp;&nbsp;<a style='color:#000000' href=https:\/\/www.arcope.it\/benedini\/catalogo_esp.php?ESP_CODI=134 target=_blank><i> Orangerie Italiana 1990<\/i>,  Accademia Italiana delle arti e delle arti applicate, Londra 4-13 dicembre 1990<\/a><br \/><hr><b><font size=6 color='#7F81FF'>1991<\/font><\/b><br>&nbsp;&nbsp;&nbsp;&nbsp;&nbsp;&nbsp;&nbsp;&nbsp;&nbsp;&nbsp;<a style='color:#000000' href=https:\/\/www.arcope.it\/benedini\/catalogo_esp.php?ESP_CODI=136 target=_blank><i>Artisti della Galleria Spazio Temporaneo di Milano<\/i>, Galerie R. Werle, Strasburgo 13 gennaio-2 febbraio 1991<\/a><br \/><hr>&nbsp;&nbsp;&nbsp;&nbsp;&nbsp;&nbsp;&nbsp;&nbsp;&nbsp;&nbsp;<a style='color:#000000' href=https:\/\/www.arcope.it\/benedini\/catalogo_esp.php?ESP_CODI=299 target=_blank><i>Internazionale d'Arte  Contemporanea<\/i>, Fiera di Milano, Milano 12-16 aprile 1991<\/a><br \/><hr>&nbsp;&nbsp;&nbsp;&nbsp;&nbsp;&nbsp;&nbsp;&nbsp;&nbsp;&nbsp;<a style='color:#000000' href=https:\/\/www.arcope.it\/benedini\/catalogo_esp.php?ESP_CODI=139 target=_blank><i>Deuxi\u00e8me Festival du livre d\u2019art<\/i>, Galerie Caroline Corre, Cagnes sur Mer 17 maggio-2 giugno 1991<\/a><br \/><hr>&nbsp;&nbsp;&nbsp;&nbsp;&nbsp;&nbsp;&nbsp;&nbsp;&nbsp;&nbsp;<a style='color:#000000' href=https:\/\/www.arcope.it\/benedini\/catalogo_esp.php?ESP_CODI=137 target=_blank><i> Pagine e dintorni Rassegna internazionale di libri d\u2019artista<\/i>, Civica Galleria d'Arte Moderna, Gallarate (VA)  22 settembre-26 ottobre 1991<\/a><br \/><hr>&nbsp;&nbsp;&nbsp;&nbsp;&nbsp;&nbsp;&nbsp;&nbsp;&nbsp;&nbsp;<a style='color:#000000' href=https:\/\/www.arcope.it\/benedini\/catalogo_esp.php?ESP_CODI=138 target=_blank><i> Flanders Expo Lineart<\/i>, Gand 2-10 novembre 1991<\/a><br \/><hr>&nbsp;&nbsp;&nbsp;&nbsp;&nbsp;&nbsp;&nbsp;&nbsp;&nbsp;&nbsp;<a style='color:#000000' href=https:\/\/www.arcope.it\/benedini\/catalogo_esp.php?ESP_CODI=226 target=_blank><i>Objekte und Bilder von Gabriella Benedini Mailand<\/i>,  Galerie Brechbuehl, Granchen (Svizzera) 30 novembre-23 dicembre 1991<\/a><br \/><hr><b><font size=6 color='#7F81FF'>1992<\/font><\/b><br>&nbsp;&nbsp;&nbsp;&nbsp;&nbsp;&nbsp;&nbsp;&nbsp;&nbsp;&nbsp;<a style='color:#000000' href=https:\/\/www.arcope.it\/benedini\/catalogo_esp.php?ESP_CODI=89 target=_blank><i> Arte fiera 92<\/i>, Bologna 24-27 gennaio 1992<\/a><br \/><hr>&nbsp;&nbsp;&nbsp;&nbsp;&nbsp;&nbsp;&nbsp;&nbsp;&nbsp;&nbsp;<a style='color:#000000' href=https:\/\/www.arcope.it\/benedini\/catalogo_esp.php?ESP_CODI=141 target=_blank><i> Altre espressioni di segni e colori attraverso le opere di 8 artiste<\/i>,  Studio Rino Tacchella, Alessandria 7-28 marzo 1992<\/a><br \/><hr>&nbsp;&nbsp;&nbsp;&nbsp;&nbsp;&nbsp;&nbsp;&nbsp;&nbsp;&nbsp;<a style='color:#000000' href=https:\/\/www.arcope.it\/benedini\/catalogo_esp.php?ESP_CODI=142 target=_blank><i> Anni \u201890. Protagonisti a Milano<\/i>,  Frea Arte, Milano 10-15 marzo 1992<\/a><br \/><hr>&nbsp;&nbsp;&nbsp;&nbsp;&nbsp;&nbsp;&nbsp;&nbsp;&nbsp;&nbsp;<a style='color:#000000' href=https:\/\/www.arcope.it\/benedini\/catalogo_esp.php?ESP_CODI=143 target=_blank><i> Smorfia napoletana. La grimace napolitaine 30 peintres italiens contemporains<\/i>,  Mus\u00e9e-Galerie de La Seite, Parigi 26  marzo-23 maggio  1992<\/a><br \/><hr>&nbsp;&nbsp;&nbsp;&nbsp;&nbsp;&nbsp;&nbsp;&nbsp;&nbsp;&nbsp;<a style='color:#000000' href=https:\/\/www.arcope.it\/benedini\/catalogo_esp.php?ESP_CODI=227 target=_blank><i>Gabriella Benedini<\/i>,  Galleria Spazio Temporaneo, Milano 5 maggio-10 giugno 1992<\/a><br \/><hr>&nbsp;&nbsp;&nbsp;&nbsp;&nbsp;&nbsp;&nbsp;&nbsp;&nbsp;&nbsp;<a style='color:#000000' href=https:\/\/www.arcope.it\/benedini\/catalogo_esp.php?ESP_CODI=144 target=_blank><i> Premi di pittura \"Cesare da Sesto\" 1961-1968<\/i>,  Palazzo Comunale, Sesto Calende (VA) 16 maggio-7 giugno 1992<\/a><br \/><hr>&nbsp;&nbsp;&nbsp;&nbsp;&nbsp;&nbsp;&nbsp;&nbsp;&nbsp;&nbsp;<a style='color:#000000' href=https:\/\/www.arcope.it\/benedini\/catalogo_esp.php?ESP_CODI=146 target=_blank><i> Dialogo sulla scultura<\/i>,  Castello di Sartirana, Sartirana Lomellina (PV) 30 maggio-30 agosto 1992<\/a><br \/><hr>&nbsp;&nbsp;&nbsp;&nbsp;&nbsp;&nbsp;&nbsp;&nbsp;&nbsp;&nbsp;<a style='color:#000000' href=https:\/\/www.arcope.it\/benedini\/catalogo_esp.php?ESP_CODI=147 target=_blank><i> Pittura a Milano 1945-1990<\/i>,  Palazzo della Permanente, Milano 1 giugno-19 luglio 1992<\/a><br \/><hr>&nbsp;&nbsp;&nbsp;&nbsp;&nbsp;&nbsp;&nbsp;&nbsp;&nbsp;&nbsp;<a style='color:#000000' href=https:\/\/www.arcope.it\/benedini\/catalogo_esp.php?ESP_CODI=228 target=_blank><i>Gabriella Benedini \u201cMateriali\u201d dalla memoria all\u2019immaginazione<\/i>, Galleria d'arte Nino Sindoni, Asiago (VI) 15 luglio-31 agosto 1992<\/a><br \/><hr>&nbsp;&nbsp;&nbsp;&nbsp;&nbsp;&nbsp;&nbsp;&nbsp;&nbsp;&nbsp;<a style='color:#000000' href=https:\/\/www.arcope.it\/benedini\/catalogo_esp.php?ESP_CODI=148 target=_blank><i> Salone di settembre Prima Rassegna di Gallerie Italiane di Arte Contemporanea<\/i>,  Zitelle, Venezia 12-20 settembre 1992<\/a><br \/><hr>&nbsp;&nbsp;&nbsp;&nbsp;&nbsp;&nbsp;&nbsp;&nbsp;&nbsp;&nbsp;<a style='color:#000000' href=https:\/\/www.arcope.it\/benedini\/catalogo_esp.php?ESP_CODI=149 target=_blank><i> Lineart 92. Fiera d\u2019arte internazionale del XX secolo<\/i>, Flanders Expo, Gand 5-9 novembre  1992<\/a><br \/><hr><b><font size=6 color='#7F81FF'>1993<\/font><\/b><br>&nbsp;&nbsp;&nbsp;&nbsp;&nbsp;&nbsp;&nbsp;&nbsp;&nbsp;&nbsp;<a style='color:#000000' href=https:\/\/www.arcope.it\/benedini\/catalogo_esp.php?ESP_CODI=151 target=_blank><i> Per Elda Fezzi Cinque pittori per Elda Fezzi<\/i>, Galleria Il Triangolo, Cremona 13 febbraio-10 marzo 1993<\/a><br \/><hr>&nbsp;&nbsp;&nbsp;&nbsp;&nbsp;&nbsp;&nbsp;&nbsp;&nbsp;&nbsp;<a style='color:#000000' href=https:\/\/www.arcope.it\/benedini\/catalogo_esp.php?ESP_CODI=229 target=_blank><i>Gabriella Benedini<\/i>, Centro Polifunzionale \u201cG. Arpino\u201d, Bra (CN) 6-28 marzo 1993<\/a><br \/><hr>&nbsp;&nbsp;&nbsp;&nbsp;&nbsp;&nbsp;&nbsp;&nbsp;&nbsp;&nbsp;<a style='color:#000000' href=https:\/\/www.arcope.it\/benedini\/catalogo_esp.php?ESP_CODI=269 target=_blank><i>Gabriella Benendini<\/i>, Sala Comunale delle mostre, Cavriago (RE) 3-25 aprile 1993<\/a><br \/><hr>&nbsp;&nbsp;&nbsp;&nbsp;&nbsp;&nbsp;&nbsp;&nbsp;&nbsp;&nbsp;<a style='color:#000000' href=https:\/\/www.arcope.it\/benedini\/catalogo_esp.php?ESP_CODI=295 target=_blank><i>Gabriella Benedini Opere recenti<\/i>, Pinacoteca Civica, Como 27 maggio-18 luglio 1993<\/a><br \/><hr>&nbsp;&nbsp;&nbsp;&nbsp;&nbsp;&nbsp;&nbsp;&nbsp;&nbsp;&nbsp;<a style='color:#000000' href=https:\/\/www.arcope.it\/benedini\/catalogo_esp.php?ESP_CODI=474 target=_blank><i>Opere di piccola dimensione di Mantovani, Fiannacca, Mulazzani, Benedini, Corbani, Bahrani<\/i>, Gallerie Sindoni, Asiago (VI) fino 21 giugno 1993<\/a><br \/><hr>&nbsp;&nbsp;&nbsp;&nbsp;&nbsp;&nbsp;&nbsp;&nbsp;&nbsp;&nbsp;<a style='color:#000000' href=https:\/\/www.arcope.it\/benedini\/catalogo_esp.php?ESP_CODI=152 target=_blank><i>Omaggio a  Mir\u00f2<\/i>, Teatro Valli, Reggio Emilia 18 settembre-14 novembre 1993<\/a><br \/><hr>&nbsp;&nbsp;&nbsp;&nbsp;&nbsp;&nbsp;&nbsp;&nbsp;&nbsp;&nbsp;<a style='color:#000000' href=https:\/\/www.arcope.it\/benedini\/catalogo_esp.php?ESP_CODI=153 target=_blank><i> Arte \u201893<\/i>, Fiera di Padova, Padova 21-25 ottobre 1993<\/a><br \/><hr>&nbsp;&nbsp;&nbsp;&nbsp;&nbsp;&nbsp;&nbsp;&nbsp;&nbsp;&nbsp;<a style='color:#000000' href=https:\/\/www.arcope.it\/benedini\/catalogo_esp.php?ESP_CODI=154 target=_blank><i> Lineart 93. Fiera d\u2019arte internazionale del XX secolo <\/i>, Flanders expo, Gand 30 ottobre-7 novembre 1993<\/a><br \/><hr><b><font size=6 color='#7F81FF'>1994<\/font><\/b><br>&nbsp;&nbsp;&nbsp;&nbsp;&nbsp;&nbsp;&nbsp;&nbsp;&nbsp;&nbsp;<a style='color:#000000' href=https:\/\/www.arcope.it\/benedini\/catalogo_esp.php?ESP_CODI=163 target=_blank><i> Donne e creativit\u00e0: tra routine domestica e sogno<\/i>, Fiera di Milano, Milano 1994<\/a><br \/><hr>&nbsp;&nbsp;&nbsp;&nbsp;&nbsp;&nbsp;&nbsp;&nbsp;&nbsp;&nbsp;<a style='color:#000000' href=https:\/\/www.arcope.it\/benedini\/catalogo_esp.php?ESP_CODI=156 target=_blank><i> Saga<\/i>, Parc des expositions de Paris, Parigi 22-28 marzo 1994<\/a><br \/><hr>&nbsp;&nbsp;&nbsp;&nbsp;&nbsp;&nbsp;&nbsp;&nbsp;&nbsp;&nbsp;<a style='color:#000000' href=https:\/\/www.arcope.it\/benedini\/catalogo_esp.php?ESP_CODI=157 target=_blank><i> Il tempo del ventaglio Memorie ferraresi e invenzioni d\u2019autore<\/i>, Palazzina Marfisa, Ferrara 26 marzo-22 maggio 1994<\/a><br \/><hr>&nbsp;&nbsp;&nbsp;&nbsp;&nbsp;&nbsp;&nbsp;&nbsp;&nbsp;&nbsp;<a style='color:#000000' href=https:\/\/www.arcope.it\/benedini\/catalogo_esp.php?ESP_CODI=158 target=_blank><i> Coscienza della realt\u00e0<\/i>, Centro Culturale Bertolt Brecht, Milano 12-29 aprile 1994<\/a><br \/><hr>&nbsp;&nbsp;&nbsp;&nbsp;&nbsp;&nbsp;&nbsp;&nbsp;&nbsp;&nbsp;<a style='color:#000000' href=https:\/\/www.arcope.it\/benedini\/catalogo_esp.php?ESP_CODI=159 target=_blank><i> Arbeiten auf Papier Lavori su carta<\/i>, Torhaus Rombergpark, Dortmund 6-29 maggio 1994<\/a><br \/><hr>&nbsp;&nbsp;&nbsp;&nbsp;&nbsp;&nbsp;&nbsp;&nbsp;&nbsp;&nbsp;<a style='color:#000000' href=https:\/\/www.arcope.it\/benedini\/catalogo_esp.php?ESP_CODI=480 target=_blank><i>Arbeiten auf Papier. Lavori su carta<\/i>, Centro Polifunzionale G. Arpino, Bra (CN) luglio 1994<\/a><br \/><hr>&nbsp;&nbsp;&nbsp;&nbsp;&nbsp;&nbsp;&nbsp;&nbsp;&nbsp;&nbsp;<a style='color:#000000' href=https:\/\/www.arcope.it\/benedini\/catalogo_esp.php?ESP_CODI=160 target=_blank><i> Quadreria parmense Arte a Parma dal 1945 ad oggi<\/i>, Palazzo Ducale, Colorno (PR) da 7 luglio 1994<\/a><br \/><hr>&nbsp;&nbsp;&nbsp;&nbsp;&nbsp;&nbsp;&nbsp;&nbsp;&nbsp;&nbsp;<a style='color:#000000' href=https:\/\/www.arcope.it\/benedini\/catalogo_esp.php?ESP_CODI=161 target=_blank><i> Carte Fiera itinerante di opere in carta<\/i>, Quartiere fieristico, Ferrara 30 settembre-3 ottobre 1994<\/a><br \/><hr>&nbsp;&nbsp;&nbsp;&nbsp;&nbsp;&nbsp;&nbsp;&nbsp;&nbsp;&nbsp;<a style='color:#000000' href=https:\/\/www.arcope.it\/benedini\/catalogo_esp.php?ESP_CODI=230 target=_blank><i> Gabriella Benedini Equinozi<\/i>,  Torre del Lebbroso, Aosta 3 novembre 1994 - 15 gennaio 1995<\/a><br \/><hr>&nbsp;&nbsp;&nbsp;&nbsp;&nbsp;&nbsp;&nbsp;&nbsp;&nbsp;&nbsp;<a style='color:#000000' href=https:\/\/www.arcope.it\/benedini\/catalogo_esp.php?ESP_CODI=162 target=_blank><i> Art Cologne Internationaler Kunstmarket<\/i>, Colonia 10-16 novembre 1994<\/a><br \/><hr><b><font size=6 color='#7F81FF'>1995<\/font><\/b><br>&nbsp;&nbsp;&nbsp;&nbsp;&nbsp;&nbsp;&nbsp;&nbsp;&nbsp;&nbsp;<a style='color:#000000' href=https:\/\/www.arcope.it\/benedini\/catalogo_esp.php?ESP_CODI=167 target=_blank><i> La carta dell\u2019artista<\/i>, Castello Belgioioso, Belgioioso (PV) 1995<\/a><br \/><hr>&nbsp;&nbsp;&nbsp;&nbsp;&nbsp;&nbsp;&nbsp;&nbsp;&nbsp;&nbsp;<a style='color:#000000' href=https:\/\/www.arcope.it\/benedini\/catalogo_esp.php?ESP_CODI=169 target=_blank><i> Omaggio a Isabella Morra 31 artisti contemporanei per Isabella<\/i>, Milano, Roma, Recanati, Matera, Valsinni 1995<\/a><br \/><hr>&nbsp;&nbsp;&nbsp;&nbsp;&nbsp;&nbsp;&nbsp;&nbsp;&nbsp;&nbsp;<a style='color:#000000' href=https:\/\/www.arcope.it\/benedini\/catalogo_esp.php?ESP_CODI=164 target=_blank><i> Milano Cento artisti per la citt\u00e0<\/i>, Palazzo della Permanente, Milano 13 gennaio-5 febbraio 1995<\/a><br \/><hr>&nbsp;&nbsp;&nbsp;&nbsp;&nbsp;&nbsp;&nbsp;&nbsp;&nbsp;&nbsp;<a style='color:#000000' href=https:\/\/www.arcope.it\/benedini\/catalogo_esp.php?ESP_CODI=165 target=_blank><i> Arte Fiera 95<\/i>, Quartiere Fieristico, Bologna 26-30 gennaio 1995<\/a><br \/><hr>&nbsp;&nbsp;&nbsp;&nbsp;&nbsp;&nbsp;&nbsp;&nbsp;&nbsp;&nbsp;<a style='color:#000000' href=https:\/\/www.arcope.it\/benedini\/catalogo_esp.php?ESP_CODI=341 target=_blank><i>Saga. Salon de l'\u00e9dition d'art \u00e0 tirage limit\u00e9 estampes-photografhies<\/i>,  Parc des expositions de Paris, Porte de Versailles (Paris) 17-22 marzo 1995<\/a><br \/><hr>&nbsp;&nbsp;&nbsp;&nbsp;&nbsp;&nbsp;&nbsp;&nbsp;&nbsp;&nbsp;<a style='color:#000000' href=https:\/\/www.arcope.it\/benedini\/catalogo_esp.php?ESP_CODI=300 target=_blank><i>Anni '90 arte a Milano. Mai pi\u00f9 ripararsi dietro le virgole. Editori d'arte e libri d'artista. Milano 1940-95<\/i>, Galleria Credito Valtellinese; Biblioteca Nazionale Braidense; Spazio Vigentina; IED; Sala Napoleonica Accademia di Belle Arti di Brera, Milano 27 aprile-14 maggio 1995<\/a><br \/><hr>&nbsp;&nbsp;&nbsp;&nbsp;&nbsp;&nbsp;&nbsp;&nbsp;&nbsp;&nbsp;<a style='color:#000000' href=https:\/\/www.arcope.it\/benedini\/catalogo_esp.php?ESP_CODI=231 target=_blank><i>Per contro\r\nGabriella Benedini Valdi Spagnulo<\/i>, Villa del  Castello Visconteo, Trezzo sull\u2019Adda (MI) 4-25 giugno 1995<\/a><br \/><hr>&nbsp;&nbsp;&nbsp;&nbsp;&nbsp;&nbsp;&nbsp;&nbsp;&nbsp;&nbsp;<a style='color:#000000' href=https:\/\/www.arcope.it\/benedini\/catalogo_esp.php?ESP_CODI=264 target=_blank><i> Gabriella Benedini \"Il viaggio\"<\/i>, Galleria Spaziotemporaneo, Milano 7 novembre 1995-8 gennaio 1996<\/a><br \/><hr><b><font size=6 color='#7F81FF'>1996<\/font><\/b><br>&nbsp;&nbsp;&nbsp;&nbsp;&nbsp;&nbsp;&nbsp;&nbsp;&nbsp;&nbsp;<a style='color:#000000' href=https:\/\/www.arcope.it\/benedini\/catalogo_esp.php?ESP_CODI=232 target=_blank><i> Gabriella Benedini.  Il suono del silenzio<\/i>, Galleria Poduie d\u2019Arte Moderna, Trieste 1 febbraio-31 marzo 1996<\/a><br \/><hr>&nbsp;&nbsp;&nbsp;&nbsp;&nbsp;&nbsp;&nbsp;&nbsp;&nbsp;&nbsp;<a style='color:#000000' href=https:\/\/www.arcope.it\/benedini\/catalogo_esp.php?ESP_CODI=485 target=_blank><i>Gabriella Benedini Il viaggio<\/i>, Galleria L'Ariete, Bologna 1996<\/a><br \/><hr>&nbsp;&nbsp;&nbsp;&nbsp;&nbsp;&nbsp;&nbsp;&nbsp;&nbsp;&nbsp;<a style='color:#000000' href=https:\/\/www.arcope.it\/benedini\/catalogo_esp.php?ESP_CODI=170 target=_blank><i> MIART Fiera d\u2019arte moderna e contemporanea 96<\/i>,  Fiera di Milano, Milano  da 23 marzo 1996<\/a><br \/><hr>&nbsp;&nbsp;&nbsp;&nbsp;&nbsp;&nbsp;&nbsp;&nbsp;&nbsp;&nbsp;<a style='color:#000000' href=https:\/\/www.arcope.it\/benedini\/catalogo_esp.php?ESP_CODI=171 target=_blank><i> Libra Donne d\u2019arte e di carta<\/i>,  Biblioteca Civica \"A. Arduino\", Moncalieri (TO) 15 maggio-8 giugno 1996<\/a><br \/><hr>&nbsp;&nbsp;&nbsp;&nbsp;&nbsp;&nbsp;&nbsp;&nbsp;&nbsp;&nbsp;<a style='color:#000000' href=https:\/\/www.arcope.it\/benedini\/catalogo_esp.php?ESP_CODI=233 target=_blank><i> Gabriella Benedini  Bibliotheca \"Le mutazioni\"<\/i>, Biblioteca Cantonale, Lugano 15 maggio-15 giugno 1996<\/a><br \/><hr>&nbsp;&nbsp;&nbsp;&nbsp;&nbsp;&nbsp;&nbsp;&nbsp;&nbsp;&nbsp;<a style='color:#000000' href=https:\/\/www.arcope.it\/benedini\/catalogo_esp.php?ESP_CODI=492 target=_blank><i>Ovali Rotariani Uno, Arte come progetto di vita,<\/i>, Teatro Manzoni, Milano 16-20 maggio 1996<\/a><br \/><hr>&nbsp;&nbsp;&nbsp;&nbsp;&nbsp;&nbsp;&nbsp;&nbsp;&nbsp;&nbsp;<a style='color:#000000' href=https:\/\/www.arcope.it\/benedini\/catalogo_esp.php?ESP_CODI=172 target=_blank><i>Premio Marche 1995-96 Biennale d\u2019Arte contemporanea<\/i>, Mole Vanvitelliana, Ancona 19 maggio-14 luglio 1996<\/a><br \/><hr>&nbsp;&nbsp;&nbsp;&nbsp;&nbsp;&nbsp;&nbsp;&nbsp;&nbsp;&nbsp;<a style='color:#000000' href=https:\/\/www.arcope.it\/benedini\/catalogo_esp.php?ESP_CODI=475 target=_blank><i>Gabriella Benedini Il viaggio<\/i>, Galerie H\u00e9lios, Honfleur 29 giugno-27 luglio 1996<\/a><br \/><hr>&nbsp;&nbsp;&nbsp;&nbsp;&nbsp;&nbsp;&nbsp;&nbsp;&nbsp;&nbsp;<a style='color:#000000' href=https:\/\/www.arcope.it\/benedini\/catalogo_esp.php?ESP_CODI=476 target=_blank><i>Gabriella Benedini Bibliotheca Le mutazioni<\/i>, Stadtbibliothek, Baden Baden settembre 1996<\/a><br \/><hr>&nbsp;&nbsp;&nbsp;&nbsp;&nbsp;&nbsp;&nbsp;&nbsp;&nbsp;&nbsp;<a style='color:#000000' href=https:\/\/www.arcope.it\/benedini\/catalogo_esp.php?ESP_CODI=234 target=_blank><i>Gabriella Benedini \"Palomar\"<\/i>, Daniele Romere Arte, Malo (Vicenza) 19 ottobre-17 novembre 1996<\/a><br \/><hr>&nbsp;&nbsp;&nbsp;&nbsp;&nbsp;&nbsp;&nbsp;&nbsp;&nbsp;&nbsp;<a style='color:#000000' href=https:\/\/www.arcope.it\/benedini\/catalogo_esp.php?ESP_CODI=173 target=_blank><i> Arte \u201896<\/i>, Fiera di Padova, Padova  24-28 ottobre 1996<\/a><br \/><hr>&nbsp;&nbsp;&nbsp;&nbsp;&nbsp;&nbsp;&nbsp;&nbsp;&nbsp;&nbsp;<a style='color:#000000' href=https:\/\/www.arcope.it\/benedini\/catalogo_esp.php?ESP_CODI=174 target=_blank><i> Escatologica<\/i>, Galleria Spaziotemporaneo, Milano 13 dicembre 1996 -20 gennaio 1997<\/a><br \/><hr><b><font size=6 color='#7F81FF'>1997<\/font><\/b><br>&nbsp;&nbsp;&nbsp;&nbsp;&nbsp;&nbsp;&nbsp;&nbsp;&nbsp;&nbsp;<a style='color:#000000' href=https:\/\/www.arcope.it\/benedini\/catalogo_esp.php?ESP_CODI=478 target=_blank><i>Escatologica<\/i>, Centro Documentazione Riceca artistica Contemporanea Luigi Di Sarro, Roma 1997<\/a><br \/><hr>&nbsp;&nbsp;&nbsp;&nbsp;&nbsp;&nbsp;&nbsp;&nbsp;&nbsp;&nbsp;<a style='color:#000000' href=https:\/\/www.arcope.it\/benedini\/catalogo_esp.php?ESP_CODI=175 target=_blank><i> MIART Fiera d\u2019arte moderna e contemporanea 97<\/i>, Fiera di Milano, Milano  21-24 marzo 1997<\/a><br \/><hr>&nbsp;&nbsp;&nbsp;&nbsp;&nbsp;&nbsp;&nbsp;&nbsp;&nbsp;&nbsp;<a style='color:#000000' href=https:\/\/www.arcope.it\/benedini\/catalogo_esp.php?ESP_CODI=176 target=_blank><i> Moby Art<\/i>, Triennale di Milano-Salone d'onore, Milano 20 marzo-2 aprile 1997<\/a><br \/><hr>&nbsp;&nbsp;&nbsp;&nbsp;&nbsp;&nbsp;&nbsp;&nbsp;&nbsp;&nbsp;<a style='color:#000000' href=https:\/\/www.arcope.it\/benedini\/catalogo_esp.php?ESP_CODI=477 target=_blank><i>Gabriella Benedini Bibliotheca Le Mutazioni<\/i>, Biblioteca Ariostea , Ferrara 5-26 aprile 1997<\/a><br \/><hr>&nbsp;&nbsp;&nbsp;&nbsp;&nbsp;&nbsp;&nbsp;&nbsp;&nbsp;&nbsp;<a style='color:#000000' href=https:\/\/www.arcope.it\/benedini\/catalogo_esp.php?ESP_CODI=177 target=_blank><i>Un libro da appendere Rassegna di Libri d\u2019artista<\/i>, Atelier arti visive \u201cDucale\u201d, Mantova 24 maggio-settembre 1997<\/a><br \/><hr>&nbsp;&nbsp;&nbsp;&nbsp;&nbsp;&nbsp;&nbsp;&nbsp;&nbsp;&nbsp;<a style='color:#000000' href=https:\/\/www.arcope.it\/benedini\/catalogo_esp.php?ESP_CODI=235 target=_blank><i> Gabriella Benedini Contrappunto<\/i>, Galleria Comunale d'Arte Moderna - Palazzo Racani Arroni, Spoleto (PG)  20 luglio-31 agosto 1997<\/a><br \/><hr>&nbsp;&nbsp;&nbsp;&nbsp;&nbsp;&nbsp;&nbsp;&nbsp;&nbsp;&nbsp;<a style='color:#000000' href=https:\/\/www.arcope.it\/benedini\/catalogo_esp.php?ESP_CODI=179 target=_blank><i> Trash Quando i rifiuti diventano arte<\/i>,  Palazzo delle Albere, Trento 11 settembre 1997- 11 gennaio 1998<\/a><br \/><hr>&nbsp;&nbsp;&nbsp;&nbsp;&nbsp;&nbsp;&nbsp;&nbsp;&nbsp;&nbsp;<a style='color:#000000' href=https:\/\/www.arcope.it\/benedini\/catalogo_esp.php?ESP_CODI=178 target=_blank><i>Premio Kiwanis Villa S. Giovanni di pittura - 4\u00b0 edizione<\/i>,  Grand Hotel de La Ville, Villa San Giovanni (RC)  21 settembre - 18 dicembre 1997<\/a><br \/><hr>&nbsp;&nbsp;&nbsp;&nbsp;&nbsp;&nbsp;&nbsp;&nbsp;&nbsp;&nbsp;<a style='color:#000000' href=https:\/\/www.arcope.it\/benedini\/catalogo_esp.php?ESP_CODI=481 target=_blank><i>Escatologica<\/i>, Galleria Peccolo, Livorno 11 ototbre-15 novembre 1997<\/a><br \/><hr>&nbsp;&nbsp;&nbsp;&nbsp;&nbsp;&nbsp;&nbsp;&nbsp;&nbsp;&nbsp;<a style='color:#000000' href=https:\/\/www.arcope.it\/benedini\/catalogo_esp.php?ESP_CODI=236 target=_blank><i> Gabriella Benedini<\/i>,  Galleria Orti Sauli Arte, Genova  30 ottobre-22 novembre 1997<\/a><br \/><hr>&nbsp;&nbsp;&nbsp;&nbsp;&nbsp;&nbsp;&nbsp;&nbsp;&nbsp;&nbsp;<a style='color:#000000' href=https:\/\/www.arcope.it\/benedini\/catalogo_esp.php?ESP_CODI=237 target=_blank><i> Contrappunto<\/i>, Galleria Spaziotemporaneo, Milano da 20 novembre 1997<\/a><br \/><hr><b><font size=6 color='#7F81FF'>1998<\/font><\/b><br>&nbsp;&nbsp;&nbsp;&nbsp;&nbsp;&nbsp;&nbsp;&nbsp;&nbsp;&nbsp;<a style='color:#000000' href=https:\/\/www.arcope.it\/benedini\/catalogo_esp.php?ESP_CODI=180 target=_blank><i> Absolut Mail Art<\/i>, Arte e Civilt\u00e0 Fondazione Culturale Lombarda, Milano 1 gennaio-15 febbraio 1998<\/a><br \/><hr>&nbsp;&nbsp;&nbsp;&nbsp;&nbsp;&nbsp;&nbsp;&nbsp;&nbsp;&nbsp;<a style='color:#000000' href=https:\/\/www.arcope.it\/benedini\/catalogo_esp.php?ESP_CODI=342 target=_blank><i>Arte fiera 98<\/i>, Fiera, Bologna 22-26 gennaio 1998<\/a><br \/><hr>&nbsp;&nbsp;&nbsp;&nbsp;&nbsp;&nbsp;&nbsp;&nbsp;&nbsp;&nbsp;<a style='color:#000000' href=https:\/\/www.arcope.it\/benedini\/catalogo_esp.php?ESP_CODI=181 target=_blank><i>Trasparenze Opere su vetro di artisti contemporanei<\/i>, Palazzo Ducale, Genova 27 marzo-30 aprile 1998<\/a><br \/><hr>&nbsp;&nbsp;&nbsp;&nbsp;&nbsp;&nbsp;&nbsp;&nbsp;&nbsp;&nbsp;<a style='color:#000000' href=https:\/\/www.arcope.it\/benedini\/catalogo_esp.php?ESP_CODI=182 target=_blank><i> SAGA  <\/i>, Parc des Expositions, Parigi 23-27 aprile 1998<\/a><br \/><hr>&nbsp;&nbsp;&nbsp;&nbsp;&nbsp;&nbsp;&nbsp;&nbsp;&nbsp;&nbsp;<a style='color:#000000' href=https:\/\/www.arcope.it\/benedini\/catalogo_esp.php?ESP_CODI=183 target=_blank><i> Miart 1998<\/i>,  Fiera di Milano, Milano 8-11 maggio 1998<\/a><br \/><hr>&nbsp;&nbsp;&nbsp;&nbsp;&nbsp;&nbsp;&nbsp;&nbsp;&nbsp;&nbsp;<a style='color:#000000' href=https:\/\/www.arcope.it\/benedini\/catalogo_esp.php?ESP_CODI=273 target=_blank><i>Escatologica<\/i>, Palazzo pubblico - Magazzini del sale, Siena 20 maggio - 14 giugno 1998<\/a><br \/><hr>&nbsp;&nbsp;&nbsp;&nbsp;&nbsp;&nbsp;&nbsp;&nbsp;&nbsp;&nbsp;<a style='color:#000000' href=https:\/\/www.arcope.it\/benedini\/catalogo_esp.php?ESP_CODI=184 target=_blank><i>Arteopen millenovecento98 Meeting Multimediale di Arte Contemporanea Internazionale<\/i>, Centro Espositivo Multimediale, Staranzano (GO) 3-20 settembre 1998<\/a><br \/><hr>&nbsp;&nbsp;&nbsp;&nbsp;&nbsp;&nbsp;&nbsp;&nbsp;&nbsp;&nbsp;<a style='color:#000000' href=https:\/\/www.arcope.it\/benedini\/catalogo_esp.php?ESP_CODI=185 target=_blank><i> Buon compleanno GAC<\/i>, Spazio Espositivo per l\u2019arte, Concesio San Vigilio (BS) 11-27 settembre 1998<\/a><br \/><hr>&nbsp;&nbsp;&nbsp;&nbsp;&nbsp;&nbsp;&nbsp;&nbsp;&nbsp;&nbsp;<a style='color:#000000' href=https:\/\/www.arcope.it\/benedini\/catalogo_esp.php?ESP_CODI=186 target=_blank><i> XXV Premio Sulmona Rassegna Internazionale d\u2019Arte Contemporanea. Omaggio a Renzo Vespignani<\/i>,  Ex Convento di Santa Chiara, Sulmona (AQ) 12 settembre-3 ottobre 1998<\/a><br \/><hr><b><font size=6 color='#7F81FF'>1999<\/font><\/b><br>&nbsp;&nbsp;&nbsp;&nbsp;&nbsp;&nbsp;&nbsp;&nbsp;&nbsp;&nbsp;<a style='color:#000000' href=https:\/\/www.arcope.it\/benedini\/catalogo_esp.php?ESP_CODI=187 target=_blank><i>Artiste Presenze femminili nei movimenti artistici a Milano 1928-1968<\/i>, Sala Viscontea - Castello Sforzesco, Milano 12 marzo-5 aprile 1999<\/a><br \/><hr>&nbsp;&nbsp;&nbsp;&nbsp;&nbsp;&nbsp;&nbsp;&nbsp;&nbsp;&nbsp;<a style='color:#000000' href=https:\/\/www.arcope.it\/benedini\/catalogo_esp.php?ESP_CODI=324 target=_blank><i>Ovazione Collezione Aprile di Cimia<\/i>, Castello D'Albertis, Genova 17 marzo-26 giugno 1999<\/a><br \/><hr>&nbsp;&nbsp;&nbsp;&nbsp;&nbsp;&nbsp;&nbsp;&nbsp;&nbsp;&nbsp;<a style='color:#000000' href=https:\/\/www.arcope.it\/benedini\/catalogo_esp.php?ESP_CODI=238 target=_blank><i> Gabriella Benedini Misurare il tempo<\/i>,  Salone di Palazzo Patrizi, Siena 20 maggio-6 giugno 1999<\/a><br \/><hr>&nbsp;&nbsp;&nbsp;&nbsp;&nbsp;&nbsp;&nbsp;&nbsp;&nbsp;&nbsp;<a style='color:#000000' href=https:\/\/www.arcope.it\/benedini\/catalogo_esp.php?ESP_CODI=331 target=_blank><i>Arteopen millenovecento99<\/i>, Centro espositivo multimediale, Staranzano (GO) 2-15 settembre 1999<\/a><br \/><hr>&nbsp;&nbsp;&nbsp;&nbsp;&nbsp;&nbsp;&nbsp;&nbsp;&nbsp;&nbsp;<a style='color:#000000' href=https:\/\/www.arcope.it\/benedini\/catalogo_esp.php?ESP_CODI=336 target=_blank><i>VI esposizione nazionale artisti per l'Epicentro<\/i>, Galleria d'arte Epicentro, Gala di Barcellona (ME) 19-30 settembre 1999<\/a><br \/><hr>&nbsp;&nbsp;&nbsp;&nbsp;&nbsp;&nbsp;&nbsp;&nbsp;&nbsp;&nbsp;<a style='color:#000000' href=https:\/\/www.arcope.it\/benedini\/catalogo_esp.php?ESP_CODI=188 target=_blank><i>Artissima Fiera d\u2019Arte Moderna e Contemporanea<\/i>,  Palazzo del Lavoro, Torino 7-10 ottobre 1999<\/a><br \/><hr>&nbsp;&nbsp;&nbsp;&nbsp;&nbsp;&nbsp;&nbsp;&nbsp;&nbsp;&nbsp;<a style='color:#000000' href=https:\/\/www.arcope.it\/benedini\/catalogo_esp.php?ESP_CODI=282 target=_blank><i>VI Biennale di Cremona<\/i>, Santa Maria della Piet\u00e0, Cremona 18 dicembre 1999 - 13 febbraio 2000<\/a><br \/><hr><b><font size=6 color='#7F81FF'>2000<\/font><\/b><br>&nbsp;&nbsp;&nbsp;&nbsp;&nbsp;&nbsp;&nbsp;&nbsp;&nbsp;&nbsp;<a style='color:#000000' href=https:\/\/www.arcope.it\/benedini\/catalogo_esp.php?ESP_CODI=239 target=_blank><i>Gabriella Benedini. Le ciotole della meditazione<\/i>, Galleria Spaziotemporaneo, Milano 18 aprile-27 maggio 2000<\/a><br \/><hr>&nbsp;&nbsp;&nbsp;&nbsp;&nbsp;&nbsp;&nbsp;&nbsp;&nbsp;&nbsp;<a style='color:#000000' href=https:\/\/www.arcope.it\/benedini\/catalogo_esp.php?ESP_CODI=190 target=_blank><i>Arte italiana 2000<\/i>, J.J. Bookings Gallery, San Francisco 1 settembre-5 ottobre  2000<\/a><br \/><hr>&nbsp;&nbsp;&nbsp;&nbsp;&nbsp;&nbsp;&nbsp;&nbsp;&nbsp;&nbsp;<a style='color:#000000' href=https:\/\/www.arcope.it\/benedini\/catalogo_esp.php?ESP_CODI=191 target=_blank><i>Le mani pensano<\/i>,  Palazzo Magnani, Reggio Emilia 14 ottobre-26 novembre 2000<\/a><br \/><hr>&nbsp;&nbsp;&nbsp;&nbsp;&nbsp;&nbsp;&nbsp;&nbsp;&nbsp;&nbsp;<a style='color:#000000' href=https:\/\/www.arcope.it\/benedini\/catalogo_esp.php?ESP_CODI=310 target=_blank><i>Ovali rotariani II<\/i>, Via Montenapoleone 6A, Milano 17-19 novembre 2000<\/a><br \/><hr>&nbsp;&nbsp;&nbsp;&nbsp;&nbsp;&nbsp;&nbsp;&nbsp;&nbsp;&nbsp;<a style='color:#000000' href=https:\/\/www.arcope.it\/benedini\/catalogo_esp.php?ESP_CODI=281 target=_blank><i>Saletta Galaverni 1960-2000<\/i>, Saletta Galaverni, Reggio Emilia 25 novembre 2000-6 gennaio 2001<\/a><br \/><hr><b><font size=6 color='#7F81FF'>2001<\/font><\/b><br>&nbsp;&nbsp;&nbsp;&nbsp;&nbsp;&nbsp;&nbsp;&nbsp;&nbsp;&nbsp;<a style='color:#000000' href=https:\/\/www.arcope.it\/benedini\/catalogo_esp.php?ESP_CODI=193 target=_blank><i>Woman Painting Lib<\/i>, Galleria Galica Arte Contemporanea, Miano 15 febbraio-15 marzo 2001<\/a><br \/><hr>&nbsp;&nbsp;&nbsp;&nbsp;&nbsp;&nbsp;&nbsp;&nbsp;&nbsp;&nbsp;<a style='color:#000000' href=https:\/\/www.arcope.it\/benedini\/catalogo_esp.php?ESP_CODI=194 target=_blank><i>Premio di pittura \"Citt\u00e0 di Busto Arsizio\"<\/i>,  Palazzo Cicogna, Busto Arsizio (VA) 24 febbraio-22 aprile 2001<\/a><br \/><hr>&nbsp;&nbsp;&nbsp;&nbsp;&nbsp;&nbsp;&nbsp;&nbsp;&nbsp;&nbsp;<a style='color:#000000' href=https:\/\/www.arcope.it\/benedini\/catalogo_esp.php?ESP_CODI=240 target=_blank><i>Gabriella Benedini Molti orizzonti<\/i>, a cura di  , Galleria Bedoli, Viadana (MN) 4-25 marzo 2001<\/a><br \/><hr>&nbsp;&nbsp;&nbsp;&nbsp;&nbsp;&nbsp;&nbsp;&nbsp;&nbsp;&nbsp;<a style='color:#000000' href=https:\/\/www.arcope.it\/benedini\/catalogo_esp.php?ESP_CODI=241 target=_blank><i>Tra Oriente e Occidente Gabriella Benedini - Daniela Nenciulescu<\/i>,  Palazzo Correr - Istituto Romeno di Cultura e Ricerca Umanistica Romena, Venezia 29 marzo-14 aprile 2001<\/a><br \/><hr>&nbsp;&nbsp;&nbsp;&nbsp;&nbsp;&nbsp;&nbsp;&nbsp;&nbsp;&nbsp;<a style='color:#000000' href=https:\/\/www.arcope.it\/benedini\/catalogo_esp.php?ESP_CODI=242 target=_blank><i>Gabriella Benedini Spartiti<\/i>, Le carceri, Asiago (VI) 8 aprile-13 maggio 2001<\/a><br \/><hr>&nbsp;&nbsp;&nbsp;&nbsp;&nbsp;&nbsp;&nbsp;&nbsp;&nbsp;&nbsp;<a style='color:#000000' href=https:\/\/www.arcope.it\/benedini\/catalogo_esp.php?ESP_CODI=302 target=_blank><i>Arteopen 2001 Meeting multimediale di arte contemporanea<\/i>, Staranzano (GO) 8-15 aprile 2001<\/a><br \/><hr>&nbsp;&nbsp;&nbsp;&nbsp;&nbsp;&nbsp;&nbsp;&nbsp;&nbsp;&nbsp;<a style='color:#000000' href=https:\/\/www.arcope.it\/benedini\/catalogo_esp.php?ESP_CODI=344 target=_blank><i>Liberazione Collezione Aprile di Cimia<\/i>, Palazzo Bricherasio, Torino 18-21 maggio 2001<\/a><br \/><hr>&nbsp;&nbsp;&nbsp;&nbsp;&nbsp;&nbsp;&nbsp;&nbsp;&nbsp;&nbsp;<a style='color:#000000' href=https:\/\/www.arcope.it\/benedini\/catalogo_esp.php?ESP_CODI=304 target=_blank><i>L'arte verso il domani Benedini, Calzavacca, Fedi, Gini, Valentini<\/i>, Villa Montevecchio, Samarate (VA) 20 maggio-4 giugno 2001<\/a><br \/><hr>&nbsp;&nbsp;&nbsp;&nbsp;&nbsp;&nbsp;&nbsp;&nbsp;&nbsp;&nbsp;<a style='color:#000000' href=https:\/\/www.arcope.it\/benedini\/catalogo_esp.php?ESP_CODI=309 target=_blank><i>Carte dipinte<\/i>, Saletta corniceria Galaverni, Reggio Emilia 27 settembre-25 novembre 2001<\/a><br \/><hr>&nbsp;&nbsp;&nbsp;&nbsp;&nbsp;&nbsp;&nbsp;&nbsp;&nbsp;&nbsp;<a style='color:#000000' href=https:\/\/www.arcope.it\/benedini\/catalogo_esp.php?ESP_CODI=494 target=_blank><i>Ambiente : le aree non protette<\/i>, Palazzo Sertoli - Galleria Credito Valtellinese; Palazzo Pretorio, Sondrio 12 ottobre-10 novembre 2001<\/a><br \/><hr>&nbsp;&nbsp;&nbsp;&nbsp;&nbsp;&nbsp;&nbsp;&nbsp;&nbsp;&nbsp;<a style='color:#000000' href=https:\/\/www.arcope.it\/benedini\/catalogo_esp.php?ESP_CODI=347 target=_blank><i>Generazione anni trenta<\/i>, Museo d'arte delle generaioni italiane del '900 G. Bargellini, Pieve di Cento 24 novembre 2001-10 febbraio 2002<\/a><br \/><hr>&nbsp;&nbsp;&nbsp;&nbsp;&nbsp;&nbsp;&nbsp;&nbsp;&nbsp;&nbsp;<a style='color:#000000' href=https:\/\/www.arcope.it\/benedini\/catalogo_esp.php?ESP_CODI=308 target=_blank><i>Proposte per una collezione<\/i>, Saletta corniceria Galaverni, Reggio Emilia 1-31 dicembre 2001<\/a><br \/><hr><b><font size=6 color='#7F81FF'>2002<\/font><\/b><br>&nbsp;&nbsp;&nbsp;&nbsp;&nbsp;&nbsp;&nbsp;&nbsp;&nbsp;&nbsp;<a style='color:#000000' href=https:\/\/www.arcope.it\/benedini\/catalogo_esp.php?ESP_CODI=279 target=_blank><i>Europe art languages. Identit\u00e0 Europa: linguaggi e artisti a confronto<\/i>, Castello Mediceo, Melegnano (MI) 2002<\/a><br \/><hr>&nbsp;&nbsp;&nbsp;&nbsp;&nbsp;&nbsp;&nbsp;&nbsp;&nbsp;&nbsp;<a style='color:#000000' href=https:\/\/www.arcope.it\/benedini\/catalogo_esp.php?ESP_CODI=274 target=_blank><i>De Gustibus<\/i>, Palazzo delle Papesse, Siena 3 marzo-12 maggio 2002<\/a><br \/><hr>&nbsp;&nbsp;&nbsp;&nbsp;&nbsp;&nbsp;&nbsp;&nbsp;&nbsp;&nbsp;<a style='color:#000000' href=https:\/\/www.arcope.it\/benedini\/catalogo_esp.php?ESP_CODI=334 target=_blank><i>Arte grafica contemporanea a Bengasi<\/i>, Consolato Generale d'Italia, Bengasi marzo 2002<\/a><br \/><hr>&nbsp;&nbsp;&nbsp;&nbsp;&nbsp;&nbsp;&nbsp;&nbsp;&nbsp;&nbsp;<a style='color:#000000' href=https:\/\/www.arcope.it\/benedini\/catalogo_esp.php?ESP_CODI=305 target=_blank><i>Foeminilia Memorie ferraresi e invenzioni d'autore<\/i>, Palazzina Marfisa d'Este, Ferrara 27 aprile-9 giugno 2002<\/a><br \/><hr>&nbsp;&nbsp;&nbsp;&nbsp;&nbsp;&nbsp;&nbsp;&nbsp;&nbsp;&nbsp;<a style='color:#000000' href=https:\/\/www.arcope.it\/benedini\/catalogo_esp.php?ESP_CODI=278 target=_blank><i>SOS colours of peace<\/i>, Casin\u00f2, Sala Atrium, Foyer de l'Op\u00e9ra, Montecarlo 1-4 settembre 2002<\/a><br \/><hr>&nbsp;&nbsp;&nbsp;&nbsp;&nbsp;&nbsp;&nbsp;&nbsp;&nbsp;&nbsp;<a style='color:#000000' href=https:\/\/www.arcope.it\/benedini\/catalogo_esp.php?ESP_CODI=261 target=_blank><i>Dedicato a Silvio D'Arzo<\/i>, Palazzo Magnani, Reggio Emilia 3-8 settembre 2002; 29 ottobre-9 novembre 2002<\/a><br \/><hr>&nbsp;&nbsp;&nbsp;&nbsp;&nbsp;&nbsp;&nbsp;&nbsp;&nbsp;&nbsp;<a style='color:#000000' href=https:\/\/www.arcope.it\/benedini\/catalogo_esp.php?ESP_CODI=250 target=_blank><i>Materiamadre 5 Lignea Benedini, Mauri, Scarpitta<\/i>, Torre Colombera, Gorla Maggiore (VA) 22 settembre-27 ottobre 2002<\/a><br \/><hr>&nbsp;&nbsp;&nbsp;&nbsp;&nbsp;&nbsp;&nbsp;&nbsp;&nbsp;&nbsp;<a style='color:#000000' href=https:\/\/www.arcope.it\/benedini\/catalogo_esp.php?ESP_CODI=285 target=_blank><i>Gabriella Benedini<\/i>, Galleria Arte 92, Milano 26 settembre- 9 novembre 2002<\/a><br \/><hr>&nbsp;&nbsp;&nbsp;&nbsp;&nbsp;&nbsp;&nbsp;&nbsp;&nbsp;&nbsp;<a style='color:#000000' href=https:\/\/www.arcope.it\/benedini\/catalogo_esp.php?ESP_CODI=335 target=_blank><i>Asta per la scuola per i bambini disabili<\/i>, Christie's - Piazza S. Maria delle Grazie, Milano 10 novembre 2002<\/a><br \/><hr><b><font size=6 color='#7F81FF'>2003<\/font><\/b><br>&nbsp;&nbsp;&nbsp;&nbsp;&nbsp;&nbsp;&nbsp;&nbsp;&nbsp;&nbsp;<a style='color:#000000' href=https:\/\/www.arcope.it\/benedini\/catalogo_esp.php?ESP_CODI=267 target=_blank><i>Gabriella Benedini \"Altre navigazioni\"<\/i>, Saletta Galaverni, Reggio Emilia 15 marzo - 16 aprile 2003<\/a><br \/><hr>&nbsp;&nbsp;&nbsp;&nbsp;&nbsp;&nbsp;&nbsp;&nbsp;&nbsp;&nbsp;<a style='color:#000000' href=https:\/\/www.arcope.it\/benedini\/catalogo_esp.php?ESP_CODI=268 target=_blank><i>Mostre a castello: l'artista al lavoro Gabriella Benedini \"Testo a Fronte\"<\/i>, Galleria Comunale d'Arte Contemporanea, San Pietro Terme (BO) 17 maggio-15 giugno 2003<\/a><br \/><hr>&nbsp;&nbsp;&nbsp;&nbsp;&nbsp;&nbsp;&nbsp;&nbsp;&nbsp;&nbsp;<a style='color:#000000' href=https:\/\/www.arcope.it\/benedini\/catalogo_esp.php?ESP_CODI=307 target=_blank><i>Artisti per i bambini Saharawi<\/i>, Castello di Lerici, Lerici (SP) 23 maggio 2003<\/a><br \/><hr>&nbsp;&nbsp;&nbsp;&nbsp;&nbsp;&nbsp;&nbsp;&nbsp;&nbsp;&nbsp;<a style='color:#000000' href=https:\/\/www.arcope.it\/benedini\/catalogo_esp.php?ESP_CODI=277 target=_blank><i>Nella materia. Dal Futurismo a Kiefer alfabeti nell'arte del Novecento. Da Burri a Kounellis metalli e ossidazioni<\/i>, Societ\u00e0 per le Belle Arti ed Esposizone Permanente Spazio Atelier, Milano 27 maggio-29 giugno 2003<\/a><br \/><hr>&nbsp;&nbsp;&nbsp;&nbsp;&nbsp;&nbsp;&nbsp;&nbsp;&nbsp;&nbsp;<a style='color:#000000' href=https:\/\/www.arcope.it\/benedini\/catalogo_esp.php?ESP_CODI=55 target=_blank><i>Ipotesi Bertolt Brecht. \"Figura\/Volume\"<\/i>, Centro Culturale Betolt Brecht, Milano 2-12 giugno 2003<\/a><br \/><hr>&nbsp;&nbsp;&nbsp;&nbsp;&nbsp;&nbsp;&nbsp;&nbsp;&nbsp;&nbsp;<a style='color:#000000' href=https:\/\/www.arcope.it\/benedini\/catalogo_esp.php?ESP_CODI=303 target=_blank><i>Il si dei protagonisti dagli anni '60 ad oggi<\/i>, ex Scuderie de' Borbone, Camaiore (LU) 17-31 luglio 2003<\/a><br \/><hr>&nbsp;&nbsp;&nbsp;&nbsp;&nbsp;&nbsp;&nbsp;&nbsp;&nbsp;&nbsp;<a style='color:#000000' href=https:\/\/www.arcope.it\/benedini\/catalogo_esp.php?ESP_CODI=263 target=_blank><i>Nove artisti sulla via del sale<\/i>, Chiesa di Sant'Antonio, Contrada (CN) 26 luglio-28 settembre 2003<\/a><br \/><hr>&nbsp;&nbsp;&nbsp;&nbsp;&nbsp;&nbsp;&nbsp;&nbsp;&nbsp;&nbsp;<a style='color:#000000' href=https:\/\/www.arcope.it\/benedini\/catalogo_esp.php?ESP_CODI=290 target=_blank><i>Premio Niccolini VIII edizione Concorso per opere di Pittura, Scultura e Progettazione Architettonica<\/i>, Sale di Palazzo Paradiso- Biblioteca Ariostea, Ferrara 15 novembre-6 dicembre 2003<\/a><br \/><hr>&nbsp;&nbsp;&nbsp;&nbsp;&nbsp;&nbsp;&nbsp;&nbsp;&nbsp;&nbsp;<a style='color:#000000' href=https:\/\/www.arcope.it\/benedini\/catalogo_esp.php?ESP_CODI=428 target=_blank><i>Proposte per una Collezione<\/i>, Saletta Corniceria Galaverni, Reggio Emilia 15 novembre-31 dicembre 2003<\/a><br \/><hr>&nbsp;&nbsp;&nbsp;&nbsp;&nbsp;&nbsp;&nbsp;&nbsp;&nbsp;&nbsp;<a style='color:#000000' href=https:\/\/www.arcope.it\/benedini\/catalogo_esp.php?ESP_CODI=306 target=_blank><i>Emozione-segno-gesto-colore<\/i>, Galleria Arte 92, Milano 20 novembre 2003-17 gennaio 2004<\/a><br \/><hr>&nbsp;&nbsp;&nbsp;&nbsp;&nbsp;&nbsp;&nbsp;&nbsp;&nbsp;&nbsp;<a style='color:#000000' href=https:\/\/www.arcope.it\/benedini\/catalogo_esp.php?ESP_CODI=291 target=_blank><i>Pigotte d'autore. 101 artisti e stilisti vestono e interpretano la bambola dell'UNICEF<\/i>, Bologna 22 novembre 2003<\/a><br \/><hr>&nbsp;&nbsp;&nbsp;&nbsp;&nbsp;&nbsp;&nbsp;&nbsp;&nbsp;&nbsp;<a style='color:#000000' href=https:\/\/www.arcope.it\/benedini\/catalogo_esp.php?ESP_CODI=486 target=_blank><i>Gabriella Benedini \"Collezione\"<\/i>, Il Fondaco, Bra (CN) 29 novembre-24 dicmenre 2003<\/a><br \/><hr>&nbsp;&nbsp;&nbsp;&nbsp;&nbsp;&nbsp;&nbsp;&nbsp;&nbsp;&nbsp;<a style='color:#000000' href=https:\/\/www.arcope.it\/benedini\/catalogo_esp.php?ESP_CODI=359 target=_blank><i>Collezione<\/i>, Galleria Spaziotemporaneo, Milano 12 dicembre-2003 12 gennaio 2004<\/a><br \/><hr><b><font size=6 color='#7F81FF'>2004<\/font><\/b><br>&nbsp;&nbsp;&nbsp;&nbsp;&nbsp;&nbsp;&nbsp;&nbsp;&nbsp;&nbsp;<a style='color:#000000' href=https:\/\/www.arcope.it\/benedini\/catalogo_esp.php?ESP_CODI=289 target=_blank><i>First International Biennale for the Artists Book<\/i>, Biblioteca Alessandrina, Alessandria d'Egitto 22 aprile - 5 giugno 2004<\/a><br \/><hr>&nbsp;&nbsp;&nbsp;&nbsp;&nbsp;&nbsp;&nbsp;&nbsp;&nbsp;&nbsp;<a style='color:#000000' href=https:\/\/www.arcope.it\/benedini\/catalogo_esp.php?ESP_CODI=265 target=_blank><i>Gabriella Benedini L'orecchio di Dioniso<\/i>, Base navale; Conservatorio di Musica \"G. Puccini\"; Fortezza Firmafede, La Spezia- Sarzana 4-26 settembre 2004<\/a><br \/><hr>&nbsp;&nbsp;&nbsp;&nbsp;&nbsp;&nbsp;&nbsp;&nbsp;&nbsp;&nbsp;<a style='color:#000000' href=https:\/\/www.arcope.it\/benedini\/catalogo_esp.php?ESP_CODI=429 target=_blank><i>Proposte per una collezione<\/i>, Saletta Galaverni, Reggio Emilia 27 novembre-31 dicembre 2004<\/a><br \/><hr>&nbsp;&nbsp;&nbsp;&nbsp;&nbsp;&nbsp;&nbsp;&nbsp;&nbsp;&nbsp;<a style='color:#000000' href=https:\/\/www.arcope.it\/benedini\/catalogo_esp.php?ESP_CODI=270 target=_blank><i>Gabriella Benedini<\/i>, Galleria Arte 92, Milano 25 novembre 2004-22 gennaio 2005<\/a><br \/><hr><b><font size=6 color='#7F81FF'>2005<\/font><\/b><br>&nbsp;&nbsp;&nbsp;&nbsp;&nbsp;&nbsp;&nbsp;&nbsp;&nbsp;&nbsp;<a style='color:#000000' href=https:\/\/www.arcope.it\/benedini\/catalogo_esp.php?ESP_CODI=292 target=_blank><i>111 +3 artisti e Madreterra per la Casa della Carit\u00e0<\/i>, Pirelli RE Haedquarter, Milano 29 gennaio-2 febbraio 2005<\/a><br \/><hr>&nbsp;&nbsp;&nbsp;&nbsp;&nbsp;&nbsp;&nbsp;&nbsp;&nbsp;&nbsp;<a style='color:#000000' href=https:\/\/www.arcope.it\/benedini\/catalogo_esp.php?ESP_CODI=255 target=_blank><i>Per-turbamenti. Artiste in Italia tra gli anni Sessanta e Settanta<\/i>, Galleria d'Arte Contemporanea-Cascina Roma, San Donato Milanese (MI) 5 marzo-2 maggio 2005<\/a><br \/><hr>&nbsp;&nbsp;&nbsp;&nbsp;&nbsp;&nbsp;&nbsp;&nbsp;&nbsp;&nbsp;<a style='color:#000000' href=https:\/\/www.arcope.it\/benedini\/catalogo_esp.php?ESP_CODI=253 target=_blank><i>La Saletta Reale si racconta 2001-2005- Gabriella Benedini Memorie del vento<\/i>, Villa Reale, Monza 17 marzo-21 aprile 2005<\/a><br \/><hr>&nbsp;&nbsp;&nbsp;&nbsp;&nbsp;&nbsp;&nbsp;&nbsp;&nbsp;&nbsp;<a style='color:#000000' href=https:\/\/www.arcope.it\/benedini\/catalogo_esp.php?ESP_CODI=260 target=_blank><i>Dedicato a Silvio D'Arzo<\/i>, Palazzo Ducale, Castelnovo ne'  Monti (RE) 30 luglio-28 agosto 2005<\/a><br \/><hr>&nbsp;&nbsp;&nbsp;&nbsp;&nbsp;&nbsp;&nbsp;&nbsp;&nbsp;&nbsp;<a style='color:#000000' href=https:\/\/www.arcope.it\/benedini\/catalogo_esp.php?ESP_CODI=297 target=_blank><i>Un alfabeto con radici lontane<\/i>, Palazzo Verbania, Luino (VA) 8 ottobre-27 novembre 2005<\/a><br \/><hr>&nbsp;&nbsp;&nbsp;&nbsp;&nbsp;&nbsp;&nbsp;&nbsp;&nbsp;&nbsp;<a style='color:#000000' href=https:\/\/www.arcope.it\/benedini\/catalogo_esp.php?ESP_CODI=332 target=_blank><i>Il Novecento padano Cremona, Parma e Piacenza si confrontano<\/i>, Fondazione Citt\u00e0 di Cremona, Cremona da 20 dicembre 2005<\/a><br \/><hr><b><font size=6 color='#7F81FF'>2006<\/font><\/b><br>&nbsp;&nbsp;&nbsp;&nbsp;&nbsp;&nbsp;&nbsp;&nbsp;&nbsp;&nbsp;<a style='color:#000000' href=https:\/\/www.arcope.it\/benedini\/catalogo_esp.php?ESP_CODI=321 target=_blank><i>Dedicate 2<\/i>, Cavenaghi Arte, Milano 14-20 gennaio 2006<\/a><br \/><hr>&nbsp;&nbsp;&nbsp;&nbsp;&nbsp;&nbsp;&nbsp;&nbsp;&nbsp;&nbsp;<a style='color:#000000' href=https:\/\/www.arcope.it\/benedini\/catalogo_esp.php?ESP_CODI=256 target=_blank><i>La collezione Cesare da Sesto 1949-2005<\/i>, Spazio Cesare da Sesto, Sesto Calende (VA) 11 febbraio-5 marzo 2006<\/a><br \/><hr>&nbsp;&nbsp;&nbsp;&nbsp;&nbsp;&nbsp;&nbsp;&nbsp;&nbsp;&nbsp;<a style='color:#000000' href=https:\/\/www.arcope.it\/benedini\/catalogo_esp.php?ESP_CODI=243 target=_blank><i>Gabriella Benedini Le arpe di Ninive<\/i>, Palazzo Magnani, Reggio Emilia 14 aprile-4 giugno 2006<\/a><br \/><hr>&nbsp;&nbsp;&nbsp;&nbsp;&nbsp;&nbsp;&nbsp;&nbsp;&nbsp;&nbsp;<a style='color:#000000' href=https:\/\/www.arcope.it\/benedini\/catalogo_esp.php?ESP_CODI=251 target=_blank><i>Naturarte 2006. Percorsi artistici nel territorio lodigiano IX edizione<\/i>, Castello Morando-Bolognini, Sant'Angelo Lodigiano (LO) giugno-luglio 2006<\/a><br \/><hr>&nbsp;&nbsp;&nbsp;&nbsp;&nbsp;&nbsp;&nbsp;&nbsp;&nbsp;&nbsp;<a style='color:#000000' href=https:\/\/www.arcope.it\/benedini\/catalogo_esp.php?ESP_CODI=298 target=_blank><i>Nube di Magellano<\/i>, Arte ambientale, Montemarcello- Loc. Marrana (SP) 1-30 luglio 2006<\/a><br \/><hr>&nbsp;&nbsp;&nbsp;&nbsp;&nbsp;&nbsp;&nbsp;&nbsp;&nbsp;&nbsp;<a style='color:#000000' href=https:\/\/www.arcope.it\/benedini\/catalogo_esp.php?ESP_CODI=293 target=_blank><i>Premio Marina di Ravenna Rassegna di Pittura<\/i>, Park Hotel Ravenna, Marina di Ravenna (RA) 26-27 agosto 2006<\/a><br \/><hr>&nbsp;&nbsp;&nbsp;&nbsp;&nbsp;&nbsp;&nbsp;&nbsp;&nbsp;&nbsp;<a style='color:#000000' href=https:\/\/www.arcope.it\/benedini\/catalogo_esp.php?ESP_CODI=245 target=_blank><i>Gabriella Benedini. Ritorno a Itaca  1970-2006<\/i>, Museo Civico \"Ala Ponzone\", Cremona 28 ottobre 2006-14 gennaio 2007<\/a><br \/><hr>&nbsp;&nbsp;&nbsp;&nbsp;&nbsp;&nbsp;&nbsp;&nbsp;&nbsp;&nbsp;<a style='color:#000000' href=https:\/\/www.arcope.it\/benedini\/catalogo_esp.php?ESP_CODI=339 target=_blank><i>Asta per l'arte<\/i>, Fondazione Cassa di Risparmio della Spezia, La Spezia 13-17 novembre 2006<\/a><br \/><hr>&nbsp;&nbsp;&nbsp;&nbsp;&nbsp;&nbsp;&nbsp;&nbsp;&nbsp;&nbsp;<a style='color:#000000' href=https:\/\/www.arcope.it\/benedini\/catalogo_esp.php?ESP_CODI=284 target=_blank><i>Tuttolibri. Una mostra di Lea Vergine<\/i>, Galleria Milano, Milano 12 dicembre 2006 - 10 febbraio 2007<\/a><br \/><hr><b><font size=6 color='#7F81FF'>2007<\/font><\/b><br>&nbsp;&nbsp;&nbsp;&nbsp;&nbsp;&nbsp;&nbsp;&nbsp;&nbsp;&nbsp;<a style='color:#000000' href=https:\/\/www.arcope.it\/benedini\/catalogo_esp.php?ESP_CODI=257 target=_blank><i>Afabeti<\/i>, MIART, Milano 30 marzo - 2 aprile 2007<\/a><br \/><hr>&nbsp;&nbsp;&nbsp;&nbsp;&nbsp;&nbsp;&nbsp;&nbsp;&nbsp;&nbsp;<a style='color:#000000' href=https:\/\/www.arcope.it\/benedini\/catalogo_esp.php?ESP_CODI=283 target=_blank><i>Colori per vincere l'egoismo<\/i>, Societ\u00e0 per le Belle Arti ed Esposizione Permanente, Milano 2-7 maggio 2007<\/a><br \/><hr>&nbsp;&nbsp;&nbsp;&nbsp;&nbsp;&nbsp;&nbsp;&nbsp;&nbsp;&nbsp;<a style='color:#000000' href=https:\/\/www.arcope.it\/benedini\/catalogo_esp.php?ESP_CODI=286 target=_blank><i>Mongarte. Racconti plurimi del Riciclaggio Gabriella Benedini Seconda edizione 2007<\/i>, Ex Pescheria e Loggiato, Sogliano al Rubicone (FC) 22 settembre-25 novembre 2007<\/a><br \/><hr>&nbsp;&nbsp;&nbsp;&nbsp;&nbsp;&nbsp;&nbsp;&nbsp;&nbsp;&nbsp;<a style='color:#000000' href=https:\/\/www.arcope.it\/benedini\/catalogo_esp.php?ESP_CODI=294 target=_blank><i>Artisti della collezione Macconi<\/i>, Galleria Mosaico, Chiasso 4 ottobre-24 novembre 2007<\/a><br \/><hr>&nbsp;&nbsp;&nbsp;&nbsp;&nbsp;&nbsp;&nbsp;&nbsp;&nbsp;&nbsp;<a style='color:#000000' href=https:\/\/www.arcope.it\/benedini\/catalogo_esp.php?ESP_CODI=301 target=_blank><i>ArtVerona<\/i>, Verona Fiere, Verona 18-22 ottobre 2007<\/a><br \/><hr>&nbsp;&nbsp;&nbsp;&nbsp;&nbsp;&nbsp;&nbsp;&nbsp;&nbsp;&nbsp;<a style='color:#000000' href=https:\/\/www.arcope.it\/benedini\/catalogo_esp.php?ESP_CODI=271 target=_blank><i>Due stanze per un progetto. Gabriella Benedini<\/i>, Cavenaghi Arte, Milano 25 ottobre-24 novembre 2007<\/a><br \/><hr>&nbsp;&nbsp;&nbsp;&nbsp;&nbsp;&nbsp;&nbsp;&nbsp;&nbsp;&nbsp;<a style='color:#000000' href=https:\/\/www.arcope.it\/benedini\/catalogo_esp.php?ESP_CODI=254 target=_blank><i>Artisti al quadrato<\/i>, Showroom Alulife, Milano 28 novembre-18 dicembre 2007<\/a><br \/><hr><b><font size=6 color='#7F81FF'>2008<\/font><\/b><br>&nbsp;&nbsp;&nbsp;&nbsp;&nbsp;&nbsp;&nbsp;&nbsp;&nbsp;&nbsp;<a style='color:#000000' href=https:\/\/www.arcope.it\/benedini\/catalogo_esp.php?ESP_CODI=252 target=_blank><i>Memorie e materiali. MIART<\/i>, Spaziotemporaneo, Milano 2008<\/a><br \/><hr>&nbsp;&nbsp;&nbsp;&nbsp;&nbsp;&nbsp;&nbsp;&nbsp;&nbsp;&nbsp;<a style='color:#000000' href=https:\/\/www.arcope.it\/benedini\/catalogo_esp.php?ESP_CODI=313 target=_blank><i>Gabriella Benedini Collezione<\/i>, Castello e Parco del Roccolo, Busca (CN) 4 maggio - 15 giugno 2008<\/a><br \/><hr>&nbsp;&nbsp;&nbsp;&nbsp;&nbsp;&nbsp;&nbsp;&nbsp;&nbsp;&nbsp;<a style='color:#000000' href=https:\/\/www.arcope.it\/benedini\/catalogo_esp.php?ESP_CODI=266 target=_blank><i>Artist-e-design. Letto e riflesso<\/i>, Il Fondaco, Bra (CN) 9 maggio-21 giugno 2008<\/a><br \/><hr>&nbsp;&nbsp;&nbsp;&nbsp;&nbsp;&nbsp;&nbsp;&nbsp;&nbsp;&nbsp;<a style='color:#000000' href=https:\/\/www.arcope.it\/benedini\/catalogo_esp.php?ESP_CODI=337 target=_blank><i>\"Confininfranti - una collezione permanente\". Acquisizioni 2007- 1997<\/i>, Palazzo Forti, Verona da 20 giugno 2008<\/a><br \/><hr>&nbsp;&nbsp;&nbsp;&nbsp;&nbsp;&nbsp;&nbsp;&nbsp;&nbsp;&nbsp;<a style='color:#000000' href=https:\/\/www.arcope.it\/benedini\/catalogo_esp.php?ESP_CODI=368 target=_blank><i>Nerazzurra<\/i>, Mandelli arte contemporanea, Seregno (MB) 13 settembre-31 ottobre 2008<\/a><br \/><hr>&nbsp;&nbsp;&nbsp;&nbsp;&nbsp;&nbsp;&nbsp;&nbsp;&nbsp;&nbsp;<a style='color:#000000' href=https:\/\/www.arcope.it\/benedini\/catalogo_esp.php?ESP_CODI=312 target=_blank><i>Gabriella Benedini . Mappe e Reperti<\/i>, Spaziotemporaneo, Milano 2 ottobre-8 novembre 2008<\/a><br \/><hr>&nbsp;&nbsp;&nbsp;&nbsp;&nbsp;&nbsp;&nbsp;&nbsp;&nbsp;&nbsp;<a style='color:#000000' href=https:\/\/www.arcope.it\/benedini\/catalogo_esp.php?ESP_CODI=244 target=_blank><i>Gabriella Benedini I relitti o la memoria dell'essere<\/i>, Galleria Arte 92, Milano 2 ottobre-8 novembre 2008<\/a><br \/><hr>&nbsp;&nbsp;&nbsp;&nbsp;&nbsp;&nbsp;&nbsp;&nbsp;&nbsp;&nbsp;<a style='color:#000000' href=https:\/\/www.arcope.it\/benedini\/catalogo_esp.php?ESP_CODI=327 target=_blank><i>Diciassette autori<\/i>, Cavenaghi Arte, Milano 10 ottobre-3 novembre 2008<\/a><br \/><hr>&nbsp;&nbsp;&nbsp;&nbsp;&nbsp;&nbsp;&nbsp;&nbsp;&nbsp;&nbsp;<a style='color:#000000' href=https:\/\/www.arcope.it\/benedini\/catalogo_esp.php?ESP_CODI=276 target=_blank><i>The (he)art of pin<\/i>, Galleria Spaziotemporaneo, Milano dicembre 2008-gennaio 2009<\/a><br \/><hr><b><font size=6 color='#7F81FF'>2009<\/font><\/b><br>&nbsp;&nbsp;&nbsp;&nbsp;&nbsp;&nbsp;&nbsp;&nbsp;&nbsp;&nbsp;<a style='color:#000000' href=https:\/\/www.arcope.it\/benedini\/catalogo_esp.php?ESP_CODI=325 target=_blank><i>Arte Cremona<\/i>, Cremona Fiere, Cremona 14-16 febbraio 2009<\/a><br \/><hr>&nbsp;&nbsp;&nbsp;&nbsp;&nbsp;&nbsp;&nbsp;&nbsp;&nbsp;&nbsp;<a style='color:#000000' href=https:\/\/www.arcope.it\/benedini\/catalogo_esp.php?ESP_CODI=328 target=_blank><i>MIART Fiera Internazionale d'Arte Moderna e Contemporanea<\/i>, Fieramilanocity, Milano 17-20 aprile 2009<\/a><br \/><hr>&nbsp;&nbsp;&nbsp;&nbsp;&nbsp;&nbsp;&nbsp;&nbsp;&nbsp;&nbsp;<a style='color:#000000' href=https:\/\/www.arcope.it\/benedini\/catalogo_esp.php?ESP_CODI=288 target=_blank><i>Scultura nella citt\u00e0. Progetti per Milano<\/i>, Societ\u00e0 per le Belle Arti ed Esposizione Permanente, Milano 7 maggio-14 giugno 2009<\/a><br \/><hr>&nbsp;&nbsp;&nbsp;&nbsp;&nbsp;&nbsp;&nbsp;&nbsp;&nbsp;&nbsp;<a style='color:#000000' href=https:\/\/www.arcope.it\/benedini\/catalogo_esp.php?ESP_CODI=287 target=_blank><i>Gabriella Benedini Circumnavigare<\/i>, Yacht Club Dellapasqua, Marina di Ravenna (RA) 30 maggio-5 luglio 2009<\/a><br \/><hr>&nbsp;&nbsp;&nbsp;&nbsp;&nbsp;&nbsp;&nbsp;&nbsp;&nbsp;&nbsp;<a style='color:#000000' href=https:\/\/www.arcope.it\/benedini\/catalogo_esp.php?ESP_CODI=275 target=_blank><i>Venezia salva Omaggio a Simone Weil<\/i>, Magazzini del sale, Zattere-Punta della Dogana, Venezia 7 giugno-20 settembre 2009<\/a><br \/><hr><b><font size=6 color='#7F81FF'>2010<\/font><\/b><br>&nbsp;&nbsp;&nbsp;&nbsp;&nbsp;&nbsp;&nbsp;&nbsp;&nbsp;&nbsp;<a style='color:#000000' href=https:\/\/www.arcope.it\/benedini\/catalogo_esp.php?ESP_CODI=330 target=_blank><i>BAF Mostra Mercato d'Arte Moderna e Contemporanea<\/i>, Bergamo 15-18 gennaio 2010<\/a><br \/><hr>&nbsp;&nbsp;&nbsp;&nbsp;&nbsp;&nbsp;&nbsp;&nbsp;&nbsp;&nbsp;<a style='color:#000000' href=https:\/\/www.arcope.it\/benedini\/catalogo_esp.php?ESP_CODI=319 target=_blank><i>Venezia salva. Omaggio a Simone Weil nel centenario della nascita<\/i>, Villa Comunale Giustinian Morosini, Mirano (VE) 30 gennaio-28 febbraio 2010<\/a><br \/><hr>&nbsp;&nbsp;&nbsp;&nbsp;&nbsp;&nbsp;&nbsp;&nbsp;&nbsp;&nbsp;<a style='color:#000000' href=https:\/\/www.arcope.it\/benedini\/catalogo_esp.php?ESP_CODI=322 target=_blank><i>Gabriella Benedini \"Costellazioni\"<\/i>, Sala dei decurioni - Palazzo Comunale, Cremona 13-21 febbraio 2010<\/a><br \/><hr>&nbsp;&nbsp;&nbsp;&nbsp;&nbsp;&nbsp;&nbsp;&nbsp;&nbsp;&nbsp;<a style='color:#000000' href=https:\/\/www.arcope.it\/benedini\/catalogo_esp.php?ESP_CODI=323 target=_blank><i>Arte Cremona Fiera d'arte moderna e contemporanea<\/i>, Cremona Fiere, Cremona 13-15 febbraio 2010<\/a><br \/><hr>&nbsp;&nbsp;&nbsp;&nbsp;&nbsp;&nbsp;&nbsp;&nbsp;&nbsp;&nbsp;<a style='color:#000000' href=https:\/\/www.arcope.it\/benedini\/catalogo_esp.php?ESP_CODI=338 target=_blank><i>Libri d'artista dalla collezione Consolandi 1919 - 2009<\/i>, Palazzo Reale, Milano 23 marzo-23 maggio 2010<\/a><br \/><hr>&nbsp;&nbsp;&nbsp;&nbsp;&nbsp;&nbsp;&nbsp;&nbsp;&nbsp;&nbsp;<a style='color:#000000' href=https:\/\/www.arcope.it\/benedini\/catalogo_esp.php?ESP_CODI=340 target=_blank><i>Apocalisse. Profezia della storia. Rivelazione per il tempo presente<\/i>, Universit\u00e0 Cattolica del Sacro Cuore, Milano 22 marzo-9 maggio 2010<\/a><br \/><hr>&nbsp;&nbsp;&nbsp;&nbsp;&nbsp;&nbsp;&nbsp;&nbsp;&nbsp;&nbsp;<a style='color:#000000' href=https:\/\/www.arcope.it\/benedini\/catalogo_esp.php?ESP_CODI=442 target=_blank><i>Sorsi di pace 2010<\/i>, Circolo degli Artisti \u2013 Palazzo Granieri della Roccia, Torino 22 maggio 2010<\/a><br \/><hr>&nbsp;&nbsp;&nbsp;&nbsp;&nbsp;&nbsp;&nbsp;&nbsp;&nbsp;&nbsp;<a style='color:#000000' href=https:\/\/www.arcope.it\/benedini\/catalogo_esp.php?ESP_CODI=343 target=_blank><i>Quinto di luna Milena Barberis Gabriella Benedini Irma Blank Lucia Pescador Elisabeth Scherffig<\/i>, Castello Visconteo, Trezzo d'Adda (MI) 13 giugno-25 luglio 2010<\/a><br \/><hr>&nbsp;&nbsp;&nbsp;&nbsp;&nbsp;&nbsp;&nbsp;&nbsp;&nbsp;&nbsp;<a style='color:#000000' href=https:\/\/www.arcope.it\/benedini\/catalogo_esp.php?ESP_CODI=346 target=_blank><i>Collezione 7 x 11 La poesia degli artisti<\/i>, Palazzo Gregoris; Show room l'ambiente, Pordenone 15-19 settembre 2010<\/a><br \/><hr>&nbsp;&nbsp;&nbsp;&nbsp;&nbsp;&nbsp;&nbsp;&nbsp;&nbsp;&nbsp;<a style='color:#000000' href=https:\/\/www.arcope.it\/benedini\/catalogo_esp.php?ESP_CODI=345 target=_blank><i>Saletta Galaverni 1960-2010<\/i>, Saletta Galaverni e Sinagoga, Reggio Emilia 18 settembre-30 ottobre 2010<\/a><br \/><hr>&nbsp;&nbsp;&nbsp;&nbsp;&nbsp;&nbsp;&nbsp;&nbsp;&nbsp;&nbsp;<a style='color:#000000' href=https:\/\/www.arcope.it\/benedini\/catalogo_esp.php?ESP_CODI=482 target=_blank><i>Collezione 7 x 11 La poesia degli artisti<\/i>, Valcucine Milano-Brera, Milano 11-19 novembre 2010<\/a><br \/><hr><b><font size=6 color='#7F81FF'>2011<\/font><\/b><br>&nbsp;&nbsp;&nbsp;&nbsp;&nbsp;&nbsp;&nbsp;&nbsp;&nbsp;&nbsp;<a style='color:#000000' href=https:\/\/www.arcope.it\/benedini\/catalogo_esp.php?ESP_CODI=348 target=_blank><i>10 anni di museo a Lissone. Una collezione che cresce 2000-2010<\/i>, Museo d'arte contemporanea, Lissone (MB) 27 febbraio-27 marzo 2011<\/a><br \/><hr>&nbsp;&nbsp;&nbsp;&nbsp;&nbsp;&nbsp;&nbsp;&nbsp;&nbsp;&nbsp;<a style='color:#000000' href=https:\/\/www.arcope.it\/benedini\/catalogo_esp.php?ESP_CODI=493 target=_blank><i>L'arte contemporanea per UNA Onlus. 62 Artisti per un charity event a favore di UNA Onlus, Associazione Genitori Oncologia Pediatrica Milano<\/i>, Societ\u00e0 Umanitaria, Milano 24-25 marzo 2011<\/a><br \/><hr>&nbsp;&nbsp;&nbsp;&nbsp;&nbsp;&nbsp;&nbsp;&nbsp;&nbsp;&nbsp;<a style='color:#000000' href=https:\/\/www.arcope.it\/benedini\/catalogo_esp.php?ESP_CODI=349 target=_blank><i>Gabriella Benedini Mutazioni<\/i>, Spazio Sporting Resort, Asiago (VI) 16 luglio-16 agosto 2011<\/a><br \/><hr>&nbsp;&nbsp;&nbsp;&nbsp;&nbsp;&nbsp;&nbsp;&nbsp;&nbsp;&nbsp;<a style='color:#000000' href=https:\/\/www.arcope.it\/benedini\/catalogo_esp.php?ESP_CODI=351 target=_blank><i>XLIV Premio Vasto di arte contemporanea Vitalit\u00e0 dell'arte<\/i>, Scuderie di Palazzo Aragona, Vasto (CH) 24 luglio-30 ottobre 2011<\/a><br \/><hr>&nbsp;&nbsp;&nbsp;&nbsp;&nbsp;&nbsp;&nbsp;&nbsp;&nbsp;&nbsp;<a style='color:#000000' href=https:\/\/www.arcope.it\/benedini\/catalogo_esp.php?ESP_CODI=350 target=_blank><i>2011 - 8\u00b0 edizione Via del sale Arte contemporanea dal Roero alla Langa fino al mare. Omaggio a Nico Orengo<\/i>, Chiesa di San Rocco, Levice (CN) 3 settembre-16 ottobre 2011<\/a><br \/><hr>&nbsp;&nbsp;&nbsp;&nbsp;&nbsp;&nbsp;&nbsp;&nbsp;&nbsp;&nbsp;<a style='color:#000000' href=https:\/\/www.arcope.it\/benedini\/catalogo_esp.php?ESP_CODI=352 target=_blank><i>Mailart uno sguardo sull'arte moderna<\/i>, Villa Mazzarosa, Capannori (LU) 3 settembre-9 ottobre 2011<\/a><br \/><hr>&nbsp;&nbsp;&nbsp;&nbsp;&nbsp;&nbsp;&nbsp;&nbsp;&nbsp;&nbsp;<a style='color:#000000' href=https:\/\/www.arcope.it\/benedini\/catalogo_esp.php?ESP_CODI=354 target=_blank><i>Arteopen duemila11 Itinerari possibili<\/i>, Municipio - Sala \u201cDel Bianco\u201d, Staranzano (GO) 11-18 dicembre 2011<\/a><br \/><hr><b><font size=6 color='#7F81FF'>2012<\/font><\/b><br>&nbsp;&nbsp;&nbsp;&nbsp;&nbsp;&nbsp;&nbsp;&nbsp;&nbsp;&nbsp;<a style='color:#000000' href=https:\/\/www.arcope.it\/benedini\/catalogo_esp.php?ESP_CODI=353 target=_blank><i>Arte per la vita<\/i>, Fondazione Mudima, Milano 9-12 gennaio 2012<\/a><br \/><hr>&nbsp;&nbsp;&nbsp;&nbsp;&nbsp;&nbsp;&nbsp;&nbsp;&nbsp;&nbsp;<a style='color:#000000' href=https:\/\/www.arcope.it\/benedini\/catalogo_esp.php?ESP_CODI=355 target=_blank><i>Gioco di specchi<\/i>, Galleria Maria Cilena, Milano 6-30 marzo 2012<\/a><br \/><hr>&nbsp;&nbsp;&nbsp;&nbsp;&nbsp;&nbsp;&nbsp;&nbsp;&nbsp;&nbsp;<a style='color:#000000' href=https:\/\/www.arcope.it\/benedini\/catalogo_esp.php?ESP_CODI=356 target=_blank><i>Terra madre<\/i>, Museo del paesaggio, Torre di Mosto (VE) 22 aprile-17 giugno 2012<\/a><br \/><hr>&nbsp;&nbsp;&nbsp;&nbsp;&nbsp;&nbsp;&nbsp;&nbsp;&nbsp;&nbsp;<a style='color:#000000' href=https:\/\/www.arcope.it\/benedini\/catalogo_esp.php?ESP_CODI=357 target=_blank><i>Siamo tutti greci 112 artisti italiani<\/i>, Museo Benaki, Atene 2012<\/a><br \/><hr>&nbsp;&nbsp;&nbsp;&nbsp;&nbsp;&nbsp;&nbsp;&nbsp;&nbsp;&nbsp;<a style='color:#000000' href=https:\/\/www.arcope.it\/benedini\/catalogo_esp.php?ESP_CODI=358 target=_blank><i>Remote sensing- Italian artist reflect on Armenia<\/i>, Armenian Center for Contemporary Experimental Art (ACCEA), Jeravan 12-28 giugno 2012<\/a><br \/><hr>&nbsp;&nbsp;&nbsp;&nbsp;&nbsp;&nbsp;&nbsp;&nbsp;&nbsp;&nbsp;<a style='color:#000000' href=https:\/\/www.arcope.it\/benedini\/catalogo_esp.php?ESP_CODI=360 target=_blank><i>Harmonia Plantarum<\/i>, Ex convento dei Serviti, Venezia - Sant'Elena 29 agosto-30 settembre 2012<\/a><br \/><hr>&nbsp;&nbsp;&nbsp;&nbsp;&nbsp;&nbsp;&nbsp;&nbsp;&nbsp;&nbsp;<a style='color:#000000' href=https:\/\/www.arcope.it\/benedini\/catalogo_esp.php?ESP_CODI=361 target=_blank><i>Gabriella Benedini Opere 1972-2012<\/i>, Castiglia, Saluzzo (CN) 16 settembre-14 ottobre 2012<\/a><br \/><hr>&nbsp;&nbsp;&nbsp;&nbsp;&nbsp;&nbsp;&nbsp;&nbsp;&nbsp;&nbsp;<a style='color:#000000' href=https:\/\/www.arcope.it\/benedini\/catalogo_esp.php?ESP_CODI=362 target=_blank><i>Gabriella Benedini Non si riposa il mare<\/i>, Spazio Oberdan, Milano 20 settembre-4 novembre 2012<\/a><br \/><hr>&nbsp;&nbsp;&nbsp;&nbsp;&nbsp;&nbsp;&nbsp;&nbsp;&nbsp;&nbsp;<a style='color:#000000' href=https:\/\/www.arcope.it\/benedini\/catalogo_esp.php?ESP_CODI=372 target=_blank><i>Gabriella Benedini Scritti a mano<\/i>, Galleria d'Arte Nino Sindoni, Asiago (VI) 26 novembre 2013-2014<\/a><br \/><hr>&nbsp;&nbsp;&nbsp;&nbsp;&nbsp;&nbsp;&nbsp;&nbsp;&nbsp;&nbsp;<a style='color:#000000' href=https:\/\/www.arcope.it\/benedini\/catalogo_esp.php?ESP_CODI=364 target=_blank><i>Proposte per una collezione<\/i>, Saletta Galaverni, Reggio Emilia 1-31 dicembre 2012<\/a><br \/><hr>&nbsp;&nbsp;&nbsp;&nbsp;&nbsp;&nbsp;&nbsp;&nbsp;&nbsp;&nbsp;<a style='color:#000000' href=https:\/\/www.arcope.it\/benedini\/catalogo_esp.php?ESP_CODI=363 target=_blank><i>Steli: arcani enigmi<\/i>, Spaziocrispitre, Milano 17 dicembre 2012-17 gennaio 2013<\/a><br \/><hr><b><font size=6 color='#7F81FF'>2013<\/font><\/b><br>&nbsp;&nbsp;&nbsp;&nbsp;&nbsp;&nbsp;&nbsp;&nbsp;&nbsp;&nbsp;<a style='color:#000000' href=https:\/\/www.arcope.it\/benedini\/catalogo_esp.php?ESP_CODI=367 target=_blank><i>Novanta artisti per una bandiera<\/i>, Chiostro di San Domenico, Reggio Emilia 17 marzo-25 aprile 2013<\/a><br \/><hr>&nbsp;&nbsp;&nbsp;&nbsp;&nbsp;&nbsp;&nbsp;&nbsp;&nbsp;&nbsp;<a style='color:#000000' href=https:\/\/www.arcope.it\/benedini\/catalogo_esp.php?ESP_CODI=374 target=_blank><i>Arte e antropologia: opere ed esperienze negli anni Settanta<\/i>, Il Chiostro arte contemporanea, Saronno (VA) 5 maggio-16 giugno 2013<\/a><br \/><hr>&nbsp;&nbsp;&nbsp;&nbsp;&nbsp;&nbsp;&nbsp;&nbsp;&nbsp;&nbsp;<a style='color:#000000' href=https:\/\/www.arcope.it\/benedini\/catalogo_esp.php?ESP_CODI=487 target=_blank><i>Harmonia plantarum - Verso la Casa delle Muse<\/i>, Barchessa Giustinian Morosini XXV Aprile, Mirano (VE) 11 maggio-16 giugno 2013<\/a><br \/><hr>&nbsp;&nbsp;&nbsp;&nbsp;&nbsp;&nbsp;&nbsp;&nbsp;&nbsp;&nbsp;<a style='color:#000000' href=https:\/\/www.arcope.it\/benedini\/catalogo_esp.php?ESP_CODI=369 target=_blank><i>Biennale Internazionale di Scultura Racconigi 2013 Pensare lo Spazio: dialogo tra Natura e Immaginazione<\/i>, Real Castello di Racconigi, Racconigi (CN) 15 giugno-13 ottobre 2013<\/a><br \/><hr>&nbsp;&nbsp;&nbsp;&nbsp;&nbsp;&nbsp;&nbsp;&nbsp;&nbsp;&nbsp;<a style='color:#000000' href=https:\/\/www.arcope.it\/benedini\/catalogo_esp.php?ESP_CODI=365 target=_blank><i>With a little help from my friends<\/i>, MAGA, Gallarate (VA) 23 novembre-22 dicembre 2013<\/a><br \/><hr>&nbsp;&nbsp;&nbsp;&nbsp;&nbsp;&nbsp;&nbsp;&nbsp;&nbsp;&nbsp;<a style='color:#000000' href=https:\/\/www.arcope.it\/benedini\/catalogo_esp.php?ESP_CODI=371 target=_blank><i>Gabriella Benedini Scritti a mano<\/i>, Galla Caff\u00e8, Vicenza 27 novembre 2013-4 gennaio 2014<\/a><br \/><hr>&nbsp;&nbsp;&nbsp;&nbsp;&nbsp;&nbsp;&nbsp;&nbsp;&nbsp;&nbsp;<a style='color:#000000' href=https:\/\/www.arcope.it\/benedini\/catalogo_esp.php?ESP_CODI=373 target=_blank><i>Rito, costume, paradosso. Il cammino del pane<\/i>, Spazio Oberdan, Milano 27 novembre 2013-26 gennaio 2014<\/a><br \/><hr>&nbsp;&nbsp;&nbsp;&nbsp;&nbsp;&nbsp;&nbsp;&nbsp;&nbsp;&nbsp;<a style='color:#000000' href=https:\/\/www.arcope.it\/benedini\/catalogo_esp.php?ESP_CODI=377 target=_blank><i>Proposte per una collezione<\/i>, Saletta Galaverni, Reggio Emilia 30 novembre-31 dicembre 2013<\/a><br \/><hr><b><font size=6 color='#7F81FF'>2014<\/font><\/b><br>&nbsp;&nbsp;&nbsp;&nbsp;&nbsp;&nbsp;&nbsp;&nbsp;&nbsp;&nbsp;<a style='color:#000000' href=https:\/\/www.arcope.it\/benedini\/catalogo_esp.php?ESP_CODI=375 target=_blank><i>La citt\u00e0 salvata. Omaggio a Simone Weil<\/i>, Archivio Storico Comunale, Palermo 11-27 gennaio 2014<\/a><br \/><hr>&nbsp;&nbsp;&nbsp;&nbsp;&nbsp;&nbsp;&nbsp;&nbsp;&nbsp;&nbsp;<a style='color:#000000' href=https:\/\/www.arcope.it\/benedini\/catalogo_esp.php?ESP_CODI=376 target=_blank><i>I libri salvati dalle donne, Omaggio a Simone Weil<\/i>, Biblioteca Civica d'arte Luigi Poletti, Modena 8 febbraio-8 marzo 2014<\/a><br \/><hr>&nbsp;&nbsp;&nbsp;&nbsp;&nbsp;&nbsp;&nbsp;&nbsp;&nbsp;&nbsp;<a style='color:#000000' href=https:\/\/www.arcope.it\/benedini\/catalogo_esp.php?ESP_CODI=378 target=_blank><i>8 sguardi al femminile<\/i>, Il Fondaco, Bra (CN) 8-29 marzo 2014<\/a><br \/><hr>&nbsp;&nbsp;&nbsp;&nbsp;&nbsp;&nbsp;&nbsp;&nbsp;&nbsp;&nbsp;<a style='color:#000000' href=https:\/\/www.arcope.it\/benedini\/catalogo_esp.php?ESP_CODI=379 target=_blank><i>Nati nei '30. Milano e la generazione di Piero Manzoni<\/i>, Palazzo della Permanente, Milano 8 aprile-15 giugno 2014<\/a><br \/><hr>&nbsp;&nbsp;&nbsp;&nbsp;&nbsp;&nbsp;&nbsp;&nbsp;&nbsp;&nbsp;<a style='color:#000000' href=https:\/\/www.arcope.it\/benedini\/catalogo_esp.php?ESP_CODI=382 target=_blank><i>Cantiere del '900. Forma spazio materia colore. Un percorso nella scultura del secondo Novecento<\/i>, Gallerie d'Italia, Milano 11 giugno-21 settembre 2014<\/a><br \/><hr>&nbsp;&nbsp;&nbsp;&nbsp;&nbsp;&nbsp;&nbsp;&nbsp;&nbsp;&nbsp;<a style='color:#000000' href=https:\/\/www.arcope.it\/benedini\/catalogo_esp.php?ESP_CODI=381 target=_blank><i>Gabriella Benedini 1984-2014 Transiti e incontri<\/i>, Museo Diocesano, Milano 24 giugno-30 agosto 2014<\/a><br \/><hr>&nbsp;&nbsp;&nbsp;&nbsp;&nbsp;&nbsp;&nbsp;&nbsp;&nbsp;&nbsp;<a style='color:#000000' href=https:\/\/www.arcope.it\/benedini\/catalogo_esp.php?ESP_CODI=383 target=_blank><i>La via del sale. Nona edizione<\/i>, Castello dei Del Carretto, Saliceto (CN) 29 giugno-27 luglio 2014<\/a><br \/><hr>&nbsp;&nbsp;&nbsp;&nbsp;&nbsp;&nbsp;&nbsp;&nbsp;&nbsp;&nbsp;<a style='color:#000000' href=https:\/\/www.arcope.it\/benedini\/catalogo_esp.php?ESP_CODI=386 target=_blank><i>L'Orlando furioso. L'arte contemporanea legge l'Ariosto. Incantamenti, passioni e follie<\/i>, Palazzo Magnani, Reggio Emilia 4 ottobre 2014-11 gennaio 2015<\/a><br \/><hr>&nbsp;&nbsp;&nbsp;&nbsp;&nbsp;&nbsp;&nbsp;&nbsp;&nbsp;&nbsp;<a style='color:#000000' href=https:\/\/www.arcope.it\/benedini\/catalogo_esp.php?ESP_CODI=385 target=_blank><i>I have a dream<\/i>, Palazzo Reale, Milano 8-10 ottobre 2014<\/a><br \/><hr>&nbsp;&nbsp;&nbsp;&nbsp;&nbsp;&nbsp;&nbsp;&nbsp;&nbsp;&nbsp;<a style='color:#000000' href=https:\/\/www.arcope.it\/benedini\/catalogo_esp.php?ESP_CODI=445 target=_blank><i>Diamanti \r\nAbbandonare l'ingombrante<\/i>, Fabbrica del Vapore, Milano 14 novembre-17 dicembre 2014<\/a><br \/><hr>&nbsp;&nbsp;&nbsp;&nbsp;&nbsp;&nbsp;&nbsp;&nbsp;&nbsp;&nbsp;<a style='color:#000000' href=https:\/\/www.arcope.it\/benedini\/catalogo_esp.php?ESP_CODI=387 target=_blank><i>Proposte per una collezione<\/i>, Saletta Galaverni, Reggio Emilia 6-31 dicembre 2014<\/a><br \/><hr><b><font size=6 color='#7F81FF'>2015<\/font><\/b><br>&nbsp;&nbsp;&nbsp;&nbsp;&nbsp;&nbsp;&nbsp;&nbsp;&nbsp;&nbsp;<a style='color:#000000' href=https:\/\/www.arcope.it\/benedini\/catalogo_esp.php?ESP_CODI=394 target=_blank><i>La pace nutre la vita. Asta d'arte contemporanea<\/i>, Unicredit Pavillon, Milano 19-22 ottobre 2015<\/a><br \/><hr>&nbsp;&nbsp;&nbsp;&nbsp;&nbsp;&nbsp;&nbsp;&nbsp;&nbsp;&nbsp;<a style='color:#000000' href=https:\/\/www.arcope.it\/benedini\/catalogo_esp.php?ESP_CODI=389 target=_blank><i>Corrispondenze<\/i>, Il triangolo nero, Alessandria 18 aprile-21 maggio 2015<\/a><br \/><hr>&nbsp;&nbsp;&nbsp;&nbsp;&nbsp;&nbsp;&nbsp;&nbsp;&nbsp;&nbsp;<a style='color:#000000' href=https:\/\/www.arcope.it\/benedini\/catalogo_esp.php?ESP_CODI=390 target=_blank><i>Corrispondenze<\/i>, Spoziotemporaneo, Milano 21 aprile-17 maggio 2015<\/a><br \/><hr>&nbsp;&nbsp;&nbsp;&nbsp;&nbsp;&nbsp;&nbsp;&nbsp;&nbsp;&nbsp;<a style='color:#000000' href=https:\/\/www.arcope.it\/benedini\/catalogo_esp.php?ESP_CODI=391 target=_blank><i>Il gusto della visione<\/i>, Expo 2015, Ristoranti CIR Food Decumano, Milano 1 maggio-31 ottobre 2015 <\/a><br \/><hr>&nbsp;&nbsp;&nbsp;&nbsp;&nbsp;&nbsp;&nbsp;&nbsp;&nbsp;&nbsp;<a style='color:#000000' href=https:\/\/www.arcope.it\/benedini\/catalogo_esp.php?ESP_CODI=393 target=_blank><i>Pagine di pane<\/i>, Biblioteca Nazionale Braidense, Milano 8-22 settembre 2015<\/a><br \/><hr>&nbsp;&nbsp;&nbsp;&nbsp;&nbsp;&nbsp;&nbsp;&nbsp;&nbsp;&nbsp;<a style='color:#000000' href=https:\/\/www.arcope.it\/benedini\/catalogo_esp.php?ESP_CODI=396 target=_blank><i>Generazioni a colloquio. Gabriella Benedini - Marco La Rosa<\/i>, Museo della Permanente, Milano 27 novembre-8 dicembre 2015<\/a><br \/><hr>&nbsp;&nbsp;&nbsp;&nbsp;&nbsp;&nbsp;&nbsp;&nbsp;&nbsp;&nbsp;<a style='color:#000000' href=https:\/\/www.arcope.it\/benedini\/catalogo_esp.php?ESP_CODI=395 target=_blank><i>Dialoghi visivi<\/i>, Saletta Galaverni, Reggio Emilia 5-31 dicembre 2015<\/a><br \/><hr>&nbsp;&nbsp;&nbsp;&nbsp;&nbsp;&nbsp;&nbsp;&nbsp;&nbsp;&nbsp;<a style='color:#000000' href=https:\/\/www.arcope.it\/benedini\/catalogo_esp.php?ESP_CODI=388 target=_blank><i>Appunti di viaggio. Federica Galli e Gabriella Benedini<\/i>, Galleria Spazio 28, San Bernardino 6 dicembre 2014-22 febbraio 2015<\/a><br \/><hr><b><font size=6 color='#7F81FF'>2016<\/font><\/b><br>&nbsp;&nbsp;&nbsp;&nbsp;&nbsp;&nbsp;&nbsp;&nbsp;&nbsp;&nbsp;<a style='color:#000000' href=https:\/\/www.arcope.it\/benedini\/catalogo_esp.php?ESP_CODI=397 target=_blank><i>Gabriella Benedini Concerto per Sofonisba<\/i>, Museo del Violino, Cremona 8 aprile-5 giugno 2016<\/a><br \/><hr>&nbsp;&nbsp;&nbsp;&nbsp;&nbsp;&nbsp;&nbsp;&nbsp;&nbsp;&nbsp;<a style='color:#000000' href=https:\/\/www.arcope.it\/benedini\/catalogo_esp.php?ESP_CODI=398 target=_blank><i>Sotto un altro cielo. Benedini Costantini Modorati Squatriti<\/i>, Galleria San Fedele, Milano 20 aprile-21 maggio 2016<\/a><br \/><hr>&nbsp;&nbsp;&nbsp;&nbsp;&nbsp;&nbsp;&nbsp;&nbsp;&nbsp;&nbsp;<a style='color:#000000' href=https:\/\/www.arcope.it\/benedini\/catalogo_esp.php?ESP_CODI=399 target=_blank><i>Arti Design Impresa. Territori e confini tra Arti applicate-Design e Artigianato-Impresa. Sezione Translazioni<\/i>, Filanda ex opificio, Soncino (CR) 20-26 giugno 2016<\/a><br \/><hr>&nbsp;&nbsp;&nbsp;&nbsp;&nbsp;&nbsp;&nbsp;&nbsp;&nbsp;&nbsp;<a style='color:#000000' href=https:\/\/www.arcope.it\/benedini\/catalogo_esp.php?ESP_CODI=495 target=_blank><i>Di incanti e di follia. L'arte contemporanea legge l'Ariosto<\/i>, Palazzo Pretorio, Sondrio 7-31 luglio 2016<\/a><br \/><hr>&nbsp;&nbsp;&nbsp;&nbsp;&nbsp;&nbsp;&nbsp;&nbsp;&nbsp;&nbsp;<a style='color:#000000' href=https:\/\/www.arcope.it\/benedini\/catalogo_esp.php?ESP_CODI=400 target=_blank><i>Gabriella Benedini D'Acqua, di musica, di cielo<\/i>, Villa Carlotta, Tremezzo (CO) 24 luglio-19 settembre 2016<\/a><br \/><hr>&nbsp;&nbsp;&nbsp;&nbsp;&nbsp;&nbsp;&nbsp;&nbsp;&nbsp;&nbsp;<a style='color:#000000' href=https:\/\/www.arcope.it\/benedini\/catalogo_esp.php?ESP_CODI=405 target=_blank><i>Di incanti e di follia. L'arte contemporanea legge l'Ariosto<\/i>, Palazzo Andres Flematti, Chiuro (SO) 10 agosto-16 ottobre 2016<\/a><br \/><hr>&nbsp;&nbsp;&nbsp;&nbsp;&nbsp;&nbsp;&nbsp;&nbsp;&nbsp;&nbsp;<a style='color:#000000' href=https:\/\/www.arcope.it\/benedini\/catalogo_esp.php?ESP_CODI=401 target=_blank><i>Omaggio al Premio di Ravenna 2016<\/i>, Galleria FaroArte, Ravenna 28 agosto-30 settembre 2016<\/a><br \/><hr>&nbsp;&nbsp;&nbsp;&nbsp;&nbsp;&nbsp;&nbsp;&nbsp;&nbsp;&nbsp;<a style='color:#000000' href=https:\/\/www.arcope.it\/benedini\/catalogo_esp.php?ESP_CODI=402 target=_blank><i>La parola agli artisti. Arte e impegno a Milano negli anni Settanta<\/i>, Museo d'arte contemporanea, Lissone (MB) 24 settembre-27 novembre 2016<\/a><br \/><hr>&nbsp;&nbsp;&nbsp;&nbsp;&nbsp;&nbsp;&nbsp;&nbsp;&nbsp;&nbsp;<a style='color:#000000' href=https:\/\/www.arcope.it\/benedini\/catalogo_esp.php?ESP_CODI=404 target=_blank><i>Artiste al lavoro. Il lavoro delle donne. Capolavori dalle Raccolte d'arte della CGIL<\/i>, Palazzo della Ragione, Mantova 5 novembre 2016-10 gennaio 2017<\/a><br \/><hr>&nbsp;&nbsp;&nbsp;&nbsp;&nbsp;&nbsp;&nbsp;&nbsp;&nbsp;&nbsp;<a style='color:#000000' href=https:\/\/www.arcope.it\/benedini\/catalogo_esp.php?ESP_CODI=403 target=_blank><i>Le vesti violente<\/i>, Sala San Leonardo, Venezia 17-20 novembre 2016<\/a><br \/><hr><b><font size=6 color='#7F81FF'>2017<\/font><\/b><br>&nbsp;&nbsp;&nbsp;&nbsp;&nbsp;&nbsp;&nbsp;&nbsp;&nbsp;&nbsp;<a style='color:#000000' href=https:\/\/www.arcope.it\/benedini\/catalogo_esp.php?ESP_CODI=412 target=_blank><i>Trame. Intrecci d'arte. Omaggio a otto artiste contemporanee<\/i>, Il Fondaco, Bra (CN) 8 marzo-8 aprile 2017<\/a><br \/><hr>&nbsp;&nbsp;&nbsp;&nbsp;&nbsp;&nbsp;&nbsp;&nbsp;&nbsp;&nbsp;<a style='color:#000000' href=https:\/\/www.arcope.it\/benedini\/catalogo_esp.php?ESP_CODI=407 target=_blank><i>Gabriella Benedini Leggere frammenti Ascoltare silenzi<\/i>, Galleria Arte 92, Milano 6 aprile-24 giugno 2017<\/a><br \/><hr>&nbsp;&nbsp;&nbsp;&nbsp;&nbsp;&nbsp;&nbsp;&nbsp;&nbsp;&nbsp;<a style='color:#000000' href=https:\/\/www.arcope.it\/benedini\/catalogo_esp.php?ESP_CODI=406 target=_blank><i>L'Ombra e la Grazia. Itinerario tra arte e teologia nell'Universit\u00e0 Cattolica<\/i>, Centro Pastorale Universit\u00e0 Cattolica, Piacenza 8 marzo-14 aprile 2017<\/a><br \/><hr>&nbsp;&nbsp;&nbsp;&nbsp;&nbsp;&nbsp;&nbsp;&nbsp;&nbsp;&nbsp;<a style='color:#000000' href=https:\/\/www.arcope.it\/benedini\/catalogo_esp.php?ESP_CODI=408 target=_blank><i>Gabriella Benedini<\/i>, Libreria Antiquaria Pontremoli, Milano da 20 aprile 2017<\/a><br \/><hr>&nbsp;&nbsp;&nbsp;&nbsp;&nbsp;&nbsp;&nbsp;&nbsp;&nbsp;&nbsp;<a style='color:#000000' href=https:\/\/www.arcope.it\/benedini\/catalogo_esp.php?ESP_CODI=409 target=_blank><i>3\u00b0 Festival internazionale dei depuratori - Libro dell'acqua<\/i>, Depuratore di Milano San Rocco, Milano 6-8 maggio 2017<\/a><br \/><hr>&nbsp;&nbsp;&nbsp;&nbsp;&nbsp;&nbsp;&nbsp;&nbsp;&nbsp;&nbsp;<a style='color:#000000' href=https:\/\/www.arcope.it\/benedini\/catalogo_esp.php?ESP_CODI=329 target=_blank><i>Artiste al lavoro. Il lavoro delle donne\r\nCapolavori dalle Raccolte darte della CGIL<\/i>, \"La Cattedrale\" (ex Breda), Pistoia 3 luglio-27 agosto 2017<\/a><br \/><hr>&nbsp;&nbsp;&nbsp;&nbsp;&nbsp;&nbsp;&nbsp;&nbsp;&nbsp;&nbsp;<a style='color:#000000' href=https:\/\/www.arcope.it\/benedini\/catalogo_esp.php?ESP_CODI=418 target=_blank><i>Fly Art<\/i>, Aeroporto Sandro Pertini di Caselle, Torino luglio-agosto-settembre<\/a><br \/><hr>&nbsp;&nbsp;&nbsp;&nbsp;&nbsp;&nbsp;&nbsp;&nbsp;&nbsp;&nbsp;<a style='color:#000000' href=https:\/\/www.arcope.it\/benedini\/catalogo_esp.php?ESP_CODI=415 target=_blank><i>Gli spazi dell'arte<\/i>, Jrc-Joint Research Center, Ispra (VA) 29 settembre-14 ottobre 2017<\/a><br \/><hr>&nbsp;&nbsp;&nbsp;&nbsp;&nbsp;&nbsp;&nbsp;&nbsp;&nbsp;&nbsp;<a style='color:#000000' href=https:\/\/www.arcope.it\/benedini\/catalogo_esp.php?ESP_CODI=414 target=_blank><i>Lo sguardo oltre Francesco Bartoli (1933-1997). Lettere ad amici artisti<\/i>, Palazzo Te e Madonna della Vittoria, Mantova 7 ottobre-12 novembre 2017<\/a><br \/><hr>&nbsp;&nbsp;&nbsp;&nbsp;&nbsp;&nbsp;&nbsp;&nbsp;&nbsp;&nbsp;<a style='color:#000000' href=https:\/\/www.arcope.it\/benedini\/catalogo_esp.php?ESP_CODI=416 target=_blank><i>I tempi del cielo<\/i>, Collezione Paolo VI - arte contemporanea, Concesio (BS) 4 novembre 2017-20 gennaio 2018<\/a><br \/><hr>&nbsp;&nbsp;&nbsp;&nbsp;&nbsp;&nbsp;&nbsp;&nbsp;&nbsp;&nbsp;<a style='color:#000000' href=https:\/\/www.arcope.it\/benedini\/catalogo_esp.php?ESP_CODI=417 target=_blank><i>7 Artisti  con Gramsci a San Vittore<\/i>, Fondazione Corrente, Milano 9-21 novembre 2017<\/a><br \/><hr>&nbsp;&nbsp;&nbsp;&nbsp;&nbsp;&nbsp;&nbsp;&nbsp;&nbsp;&nbsp;<a style='color:#000000' href=https:\/\/www.arcope.it\/benedini\/catalogo_esp.php?ESP_CODI=419 target=_blank><i>Violenza.L'arte ne d\u00e0 coscienza<\/i>, Chiesetta dell'Abbazia della Misericordia, Venezia 25-26 novembre 2017<\/a><br \/><hr><b><font size=6 color='#7F81FF'>2018<\/font><\/b><br>&nbsp;&nbsp;&nbsp;&nbsp;&nbsp;&nbsp;&nbsp;&nbsp;&nbsp;&nbsp;<a style='color:#000000' href=https:\/\/www.arcope.it\/benedini\/catalogo_esp.php?ESP_CODI=421 target=_blank><i>Urbanart colore\/materia\/luce<\/i>, Museo della Permanente, Milano 4-15 marzo 2018<\/a><br \/><hr>&nbsp;&nbsp;&nbsp;&nbsp;&nbsp;&nbsp;&nbsp;&nbsp;&nbsp;&nbsp;<a style='color:#000000' href=https:\/\/www.arcope.it\/benedini\/catalogo_esp.php?ESP_CODI=422 target=_blank><i>Flussi d'arte. Nuove immagini, nuovi segni. Opere del secondo Novecento della Permanente<\/i>, Centro Culturale G. Verdi, Segrate (MI) 14 aprile-6 maggio 2018<\/a><br \/><hr>&nbsp;&nbsp;&nbsp;&nbsp;&nbsp;&nbsp;&nbsp;&nbsp;&nbsp;&nbsp;<a style='color:#000000' href=https:\/\/www.arcope.it\/benedini\/catalogo_esp.php?ESP_CODI=423 target=_blank><i>Kokin. Libri d'artista<\/i>, Paraventi giapponesi Galleria Nobili, Milano 25 maggio-23 giugno 2018<\/a><br \/><hr>&nbsp;&nbsp;&nbsp;&nbsp;&nbsp;&nbsp;&nbsp;&nbsp;&nbsp;&nbsp;<a style='color:#000000' href=https:\/\/www.arcope.it\/benedini\/catalogo_esp.php?ESP_CODI=426 target=_blank><i>Risonanze Gabriella Benedini<\/i>, Galleria Spaziotemporaneo, Milano 18 ottobre-17 novembre 2018<\/a><br \/><hr>&nbsp;&nbsp;&nbsp;&nbsp;&nbsp;&nbsp;&nbsp;&nbsp;&nbsp;&nbsp;<a style='color:#000000' href=https:\/\/www.arcope.it\/benedini\/catalogo_esp.php?ESP_CODI=427 target=_blank><i>L'arte \u00e8 rosa. Artiste donne del Novecento italiano<\/i>, Il Filandone, Martinengo (BG) 24 novembre-9 dicembre 2018<\/a><br \/><hr><b><font size=6 color='#7F81FF'>2019<\/font><\/b><br>&nbsp;&nbsp;&nbsp;&nbsp;&nbsp;&nbsp;&nbsp;&nbsp;&nbsp;&nbsp;<a style='color:#000000' href=https:\/\/www.arcope.it\/benedini\/catalogo_esp.php?ESP_CODI=488 target=_blank><i>Nube di Magellano (2006-2019) Gabriella Benedini<\/i>, La Marrana arteambientale, Montemarcello  (SP) 12 agosto 2019<\/a><br \/><hr>&nbsp;&nbsp;&nbsp;&nbsp;&nbsp;&nbsp;&nbsp;&nbsp;&nbsp;&nbsp;<a style='color:#000000' href=https:\/\/www.arcope.it\/benedini\/catalogo_esp.php?ESP_CODI=435 target=_blank><i>Storie perdute<\/i>, Centro San Fedele, Milano 24 settembre-19 ottobre 2019<\/a><br \/><hr>&nbsp;&nbsp;&nbsp;&nbsp;&nbsp;&nbsp;&nbsp;&nbsp;&nbsp;&nbsp;<a style='color:#000000' href=https:\/\/www.arcope.it\/benedini\/catalogo_esp.php?ESP_CODI=437 target=_blank><i>E salii suso a riveder le stelle<\/i>, Fondazione Citt\u00e0 di Cremona, Cremona 8 novembre 2019-10 gennaio 2020<\/a><br \/><hr>&nbsp;&nbsp;&nbsp;&nbsp;&nbsp;&nbsp;&nbsp;&nbsp;&nbsp;&nbsp;<a style='color:#000000' href=https:\/\/www.arcope.it\/benedini\/catalogo_esp.php?ESP_CODI=443 target=_blank><i>2da Muestra Cultural Artistas Contamporaneos Italianos y Dominicanos<\/i>, Centro Cultural Banreservas,, Santo Domingo 14 novembre 2019<\/a><br \/><hr>&nbsp;&nbsp;&nbsp;&nbsp;&nbsp;&nbsp;&nbsp;&nbsp;&nbsp;&nbsp;<a style='color:#000000' href=https:\/\/www.arcope.it\/benedini\/catalogo_esp.php?ESP_CODI=447 target=_blank><i>Gibson: The sound of art<\/i>, Spaziotemporaneo, Milano 19-24 novembre 2019<\/a><br \/><hr><b><font size=6 color='#7F81FF'>2020<\/font><\/b><br>&nbsp;&nbsp;&nbsp;&nbsp;&nbsp;&nbsp;&nbsp;&nbsp;&nbsp;&nbsp;<a style='color:#000000' href=https:\/\/www.arcope.it\/benedini\/catalogo_esp.php?ESP_CODI=439 target=_blank><i>Arte moderna & contemporanea Asta n. 45<\/i>, Studio d'Arte Borromeo, Senago (MI) 7-23 luglio 2020<\/a><br \/><hr>&nbsp;&nbsp;&nbsp;&nbsp;&nbsp;&nbsp;&nbsp;&nbsp;&nbsp;&nbsp;<a style='color:#000000' href=https:\/\/www.arcope.it\/benedini\/catalogo_esp.php?ESP_CODI=441 target=_blank><i>Gesti di rivolta. Arte, fotografia e femminismo a Milano 1975-1980<\/i>, Nuova Galleria Morone, Milano 9 settembre-31 ottobre 2020<\/a><br \/><hr><b><font size=6 color='#7F81FF'>2021<\/font><\/b><br>&nbsp;&nbsp;&nbsp;&nbsp;&nbsp;&nbsp;&nbsp;&nbsp;&nbsp;&nbsp;<a style='color:#000000' href=https:\/\/www.arcope.it\/benedini\/catalogo_esp.php?ESP_CODI=449 target=_blank><i>Gabriella Benedini Risonanze in blu<\/i>, La Galleria dello Studio, Morbegno (SO) da 22 maggio 2021<\/a><br \/><hr>&nbsp;&nbsp;&nbsp;&nbsp;&nbsp;&nbsp;&nbsp;&nbsp;&nbsp;&nbsp;<a style='color:#000000' href=https:\/\/www.arcope.it\/benedini\/catalogo_esp.php?ESP_CODI=454 target=_blank><i>Passione arte. Gabriella Benedini Ambiguit\u00e0<\/i>, online da 14 giugno 2021<\/a><br \/><hr>&nbsp;&nbsp;&nbsp;&nbsp;&nbsp;&nbsp;&nbsp;&nbsp;&nbsp;&nbsp;<a style='color:#000000' href=https:\/\/www.arcope.it\/benedini\/catalogo_esp.php?ESP_CODI=450 target=_blank><i>Nuove intersezioni e altri dialoghi nella Collezione dell'Istituto Garuzzo<\/i>, Istituto Garuzzo per le Arti Visive, Castiglia di Saluzzo (CN) da 19 giugno 2021<\/a><br \/><hr>&nbsp;&nbsp;&nbsp;&nbsp;&nbsp;&nbsp;&nbsp;&nbsp;&nbsp;&nbsp;<a style='color:#000000' href=https:\/\/www.arcope.it\/benedini\/catalogo_esp.php?ESP_CODI=451 target=_blank><i>Sono tazza di te! 100 smashing women designer<\/i>, Casa Boschi Di Stefano, Milano 5-10 settembre 2021<\/a><br \/><hr>&nbsp;&nbsp;&nbsp;&nbsp;&nbsp;&nbsp;&nbsp;&nbsp;&nbsp;&nbsp;<a style='color:#000000' href=https:\/\/www.arcope.it\/benedini\/catalogo_esp.php?ESP_CODI=452 target=_blank><i>Lasciare il segno 2021. Calendario d'artista<\/i>, Masseria di Villa Petrolo-Filippi, Luino (Varese) 25-26 settembre 2021<\/a><br \/><hr>&nbsp;&nbsp;&nbsp;&nbsp;&nbsp;&nbsp;&nbsp;&nbsp;&nbsp;&nbsp;<a style='color:#000000' href=https:\/\/www.arcope.it\/benedini\/catalogo_esp.php?ESP_CODI=453 target=_blank><i>Nulla dies sine linea. XVII Edizione Itinerario di Arte e Spiritualit\u00e0<\/i>, Universit\u00e0 Cattolica, Cremona e Milano 27 ottobre-26 novembre 2021<\/a><br \/><hr><b><font size=6 color='#7F81FF'>2022<\/font><\/b><br>&nbsp;&nbsp;&nbsp;&nbsp;&nbsp;&nbsp;&nbsp;&nbsp;&nbsp;&nbsp;<a style='color:#000000' href=https:\/\/www.arcope.it\/benedini\/catalogo_esp.php?ESP_CODI=455 target=_blank><i>Arte al tempo del virus. Espressioni di libert\u00e0 creativa<\/i>, Villa Confalonieri, Merate (LC) 15 gennaio-6 febbraio 2022<\/a><br \/><hr>&nbsp;&nbsp;&nbsp;&nbsp;&nbsp;&nbsp;&nbsp;&nbsp;&nbsp;&nbsp;<a style='color:#000000' href=https:\/\/www.arcope.it\/benedini\/catalogo_esp.php?ESP_CODI=496 target=_blank><i>Utopia quieta Mostra Internazionale<\/i>, A60 Contemporary Art Space, Firenze marzo 2022<\/a><br \/><hr>&nbsp;&nbsp;&nbsp;&nbsp;&nbsp;&nbsp;&nbsp;&nbsp;&nbsp;&nbsp;<a style='color:#000000' href=https:\/\/www.arcope.it\/benedini\/catalogo_esp.php?ESP_CODI=456 target=_blank><i>Cento Artiste solidali con le donne afghane<\/i>, Galleria Scoglio di Quarto, Milano 5-8 marzo 2022<\/a><br \/><hr>&nbsp;&nbsp;&nbsp;&nbsp;&nbsp;&nbsp;&nbsp;&nbsp;&nbsp;&nbsp;<a style='color:#000000' href=https:\/\/www.arcope.it\/benedini\/catalogo_esp.php?ESP_CODI=457 target=_blank><i>Astratte. Donne e astrazione in Italia 1930-2000<\/i>, Villa Olmo, Como 18 marzo-29 maggio 2022<\/a><br \/><hr>&nbsp;&nbsp;&nbsp;&nbsp;&nbsp;&nbsp;&nbsp;&nbsp;&nbsp;&nbsp;<a style='color:#000000' href=https:\/\/www.arcope.it\/benedini\/catalogo_esp.php?ESP_CODI=461 target=_blank><i>Gabriella Benedini. Un viaggio<\/i>, Fondazione Sabe per l'arte, Ravenna 26 marzo-16 luglio 2022<\/a><br \/><hr>&nbsp;&nbsp;&nbsp;&nbsp;&nbsp;&nbsp;&nbsp;&nbsp;&nbsp;&nbsp;<a style='color:#000000' href=https:\/\/www.arcope.it\/benedini\/catalogo_esp.php?ESP_CODI=462 target=_blank><i>C'era una volta a Bergamo<\/i>, Palazzo municipale, Seriate (BG) 10-30 aprile 2022<\/a><br \/><hr>&nbsp;&nbsp;&nbsp;&nbsp;&nbsp;&nbsp;&nbsp;&nbsp;&nbsp;&nbsp;<a style='color:#000000' href=https:\/\/www.arcope.it\/benedini\/catalogo_esp.php?ESP_CODI=467 target=_blank><i>Pane e rose: artiste solidali per le donne afghane<\/i>, Casa della Memoria, Milano 1-26 giugno 2022<\/a><br \/><hr>&nbsp;&nbsp;&nbsp;&nbsp;&nbsp;&nbsp;&nbsp;&nbsp;&nbsp;&nbsp;<a style='color:#000000' href=https:\/\/www.arcope.it\/benedini\/catalogo_esp.php?ESP_CODI=458 target=_blank><i>Variazioni. Gabriella Benedini Paolo Borrelli Rebecca Forster Nanni Varale<\/i>, Spaziotemporaneo, Milano 18 maggio-30 giugno 2022<\/a><br \/><hr>&nbsp;&nbsp;&nbsp;&nbsp;&nbsp;&nbsp;&nbsp;&nbsp;&nbsp;&nbsp;<a style='color:#000000' href=https:\/\/www.arcope.it\/benedini\/catalogo_esp.php?ESP_CODI=490 target=_blank><i>Gabriella Benedini<\/i>, Chiesa di Sant'Antonio, Camerana Contrada (CN) 18 giugno-10 luglio 2022<\/a><br \/><hr>&nbsp;&nbsp;&nbsp;&nbsp;&nbsp;&nbsp;&nbsp;&nbsp;&nbsp;&nbsp;<a style='color:#000000' href=https:\/\/www.arcope.it\/benedini\/catalogo_esp.php?ESP_CODI=460 target=_blank><i>Gabriella Benedini  Athanor<\/i>, Gallerie d'Italia, Milano 14 settembre-6 novembre 2022<\/a><br \/><hr>&nbsp;&nbsp;&nbsp;&nbsp;&nbsp;&nbsp;&nbsp;&nbsp;&nbsp;&nbsp;<a style='color:#000000' href=https:\/\/www.arcope.it\/benedini\/catalogo_esp.php?ESP_CODI=483 target=_blank><i>La donna e l'Afghanistan<\/i>, Archivio di Stato , Cuneo 8-21 ottobre 2022<\/a><br \/><hr>&nbsp;&nbsp;&nbsp;&nbsp;&nbsp;&nbsp;&nbsp;&nbsp;&nbsp;&nbsp;<a style='color:#000000' href=https:\/\/www.arcope.it\/benedini\/catalogo_esp.php?ESP_CODI=463 target=_blank><i>Rosa alchemico 31\u00b0 edizione di Miniartextil\r\n<\/i>, Villa Olmo, Como 16 ottobre 2022-8 gennaio 2023<\/a><br \/><hr>&nbsp;&nbsp;&nbsp;&nbsp;&nbsp;&nbsp;&nbsp;&nbsp;&nbsp;&nbsp;<a style='color:#000000' href=https:\/\/www.arcope.it\/benedini\/catalogo_esp.php?ESP_CODI=464 target=_blank><i>Dio nasce. Riflessi del Natale nell'arte contemporanea<\/i>, Galleria San Fedele, Milano 16 dicembre 2022<\/a><br \/><hr><b><font size=6 color='#7F81FF'>2023<\/font><\/b><br>&nbsp;&nbsp;&nbsp;&nbsp;&nbsp;&nbsp;&nbsp;&nbsp;&nbsp;&nbsp;<a style='color:#000000' href=https:\/\/www.arcope.it\/benedini\/catalogo_esp.php?ESP_CODI=466 target=_blank><i>1970\/1923 Un percorso nell'arte italiana degli anni settanta<\/i>, Teatro Binario 7 - Vasca espositiva, Monza 11 maggio-9 luglio 2023<\/a><br \/><hr>&nbsp;&nbsp;&nbsp;&nbsp;&nbsp;&nbsp;&nbsp;&nbsp;&nbsp;&nbsp;<a style='color:#000000' href=https:\/\/www.arcope.it\/benedini\/catalogo_esp.php?ESP_CODI=465 target=_blank><i>Gabriella Benedini. Navigare Cieli<\/i>, Universit\u00e0 Cattolica del Sacro Cuore Campus Cremona - aula Magna, Cremona 6 ottobre-17 novembre 2023<\/a><br \/><hr>&nbsp;&nbsp;&nbsp;&nbsp;&nbsp;&nbsp;&nbsp;&nbsp;&nbsp;&nbsp;<a style='color:#000000' href=https:\/\/www.arcope.it\/benedini\/catalogo_esp.php?ESP_CODI=468 target=_blank><i>Ieri, oggi e domani<\/i>, Ex cartiera Paolo Pigna, Alzano Lombardo (BG) 4 novembre-6 gennaio 2024<\/a><br \/><hr>&nbsp;&nbsp;&nbsp;&nbsp;&nbsp;&nbsp;&nbsp;&nbsp;&nbsp;&nbsp;<a style='color:#000000' href=https:\/\/www.arcope.it\/benedini\/catalogo_esp.php?ESP_CODI=469 target=_blank><i>DiSegni carte del '900 italiano<\/i>, Spazio Heart, Vimercate (MB) 5 novembre 2023-22 gennaio 2024<\/a><br \/><hr><b><font size=6 color='#7F81FF'>2024<\/font><\/b><br>&nbsp;&nbsp;&nbsp;&nbsp;&nbsp;&nbsp;&nbsp;&nbsp;&nbsp;&nbsp;<a style='color:#000000' href=https:\/\/www.arcope.it\/benedini\/catalogo_esp.php?ESP_CODI=470 target=_blank><i>Gabriella Benedini Open studio Il tempo si era fermato<\/i>, Fabbrica del Vapore - sala colonne, Milano 29 febbraio- 11 marzo 2024<\/a><br \/><hr>&nbsp;&nbsp;&nbsp;&nbsp;&nbsp;&nbsp;&nbsp;&nbsp;&nbsp;&nbsp;<a style='color:#000000' href=https:\/\/www.arcope.it\/benedini\/catalogo_esp.php?ESP_CODI=489 target=_blank><i>Inventario viaggio nell'arte contemporanea italiana<\/i>, Sala Auditorium, Milano 15 marzo-29 aprile <\/a><br \/><hr>&nbsp;&nbsp;&nbsp;&nbsp;&nbsp;&nbsp;&nbsp;&nbsp;&nbsp;&nbsp;<a style='color:#000000' href=https:\/\/www.arcope.it\/benedini\/catalogo_esp.php?ESP_CODI=436 target=_blank><i>18\u00b0 Premio Morlotti-Imbersago Corpo a corpo. Il corpo in pittura. La pittura in corpo <\/i>, Sala Consiliare - Municipio, Imbersago (LC) 19 maggio- 10 novembre 2024<\/a><br \/><hr>&nbsp;&nbsp;&nbsp;&nbsp;&nbsp;&nbsp;&nbsp;&nbsp;&nbsp;&nbsp;<a style='color:#000000' href=https:\/\/www.arcope.it\/benedini\/catalogo_esp.php?ESP_CODI=497 target=_blank><i>Sono tazza di te! 2\u00b0 edizione coi baffi<\/i>, Fabbrica dle Vapore - Sala colonne, Milano 16-30 ottobre 2024<\/a><br \/><hr><b><font size=6 color='#7F81FF'>2025<\/font><\/b><br>&nbsp;&nbsp;&nbsp;&nbsp;&nbsp;&nbsp;&nbsp;&nbsp;&nbsp;&nbsp;<a style='color:#000000' href=https:\/\/www.arcope.it\/benedini\/catalogo_esp.php?ESP_CODI=499 target=_blank><i>Gabriella Benedini. Poesie nuove<\/i>, Biblioteca Angelo Mai, Bergamo 11 aprile-29 giugno 2025<\/a><br \/><hr>&nbsp;&nbsp;&nbsp;&nbsp;&nbsp;&nbsp;&nbsp;&nbsp;&nbsp;&nbsp;<a style='color:#000000' href=https:\/\/www.arcope.it\/benedini\/catalogo_esp.php?ESP_CODI=500 target=_blank><i>Le divisament dou monde: disegni italiani sull\u2019Estremo Oriente<\/i>, China Academy of Art, Hangzhou 8 maggio-31 luglio 2025<\/a><br \/><hr>&nbsp;&nbsp;&nbsp;&nbsp;&nbsp;&nbsp;&nbsp;&nbsp;&nbsp;&nbsp;<a style='color:#000000' href=https:\/\/www.arcope.it\/benedini\/catalogo_esp.php?ESP_CODI=498 target=_blank><i>L'inverno di Persefone.\r\nMito e cultura del contemporaneo\r\nGabriella Benedini<\/i>, Castiglia, Saluzzo (CN) 4 ottobre-2 novembre 2025<\/a><br \/><hr>&nbsp;&nbsp;&nbsp;&nbsp;&nbsp;&nbsp;&nbsp;&nbsp;&nbsp;&nbsp;<a style='color:#000000' href=https:\/\/www.arcope.it\/benedini\/catalogo_esp.php?ESP_CODI=504 target=_blank><i>Erratica Viaggio nell'arte italiana tra XX e XXi secolo. Premio Marche 2025 Biennale d'arte contemporanea <\/i>, Mole Vanvitelliana, Ancona 22 novembre 2025-28 febbraio 2026<\/a><br \/><hr><b><font size=6 color='#7F81FF'>2026<\/font><\/b><br>&nbsp;&nbsp;&nbsp;&nbsp;&nbsp;&nbsp;&nbsp;&nbsp;&nbsp;&nbsp;<a style='color:#000000' href=https:\/\/www.arcope.it\/benedini\/catalogo_esp.php?ESP_CODI=501 target=_blank><i>18\u00b0 Premio Morlotti Imbersago Corpo a corpo. Il corpo in pittura \/ La pittura in corpo<\/i>, Museo della Permanente, Milano 13 - 25 gennaio 2026<\/a><br \/><hr>&nbsp;&nbsp;&nbsp;&nbsp;&nbsp;&nbsp;&nbsp;&nbsp;&nbsp;&nbsp;<a style='color:#000000' href=https:\/\/www.arcope.it\/benedini\/catalogo_esp.php?ESP_CODI=502 target=_blank><i>Cinque artisti per cinque materiali Benedini - Coiletta - Cuschera - De Marchi - Oki<\/i>, Paula Seegy Gallery, Milano 5 febbraio - 19 marzo 2026<\/a><br \/><hr>&nbsp;&nbsp;&nbsp;&nbsp;&nbsp;&nbsp;&nbsp;&nbsp;&nbsp;&nbsp;<a style='color:#000000' href=https:\/\/www.arcope.it\/benedini\/catalogo_esp.php?ESP_CODI=503 target=_blank><i>Gabriella Benedini Orientarsi nel tempo<\/i>, LeoGalleries, Monza 28 febbraio - 21 marzo 2026<\/a><br \/><hr>&nbsp;&nbsp;&nbsp;&nbsp;&nbsp;&nbsp;&nbsp;&nbsp;&nbsp;&nbsp;<a style='color:#000000' href=https:\/\/www.arcope.it\/benedini\/catalogo_esp.php?ESP_CODI=505 target=_blank><i>Luce - Light<\/i>, Villa Arconati, Castellazzo 19 aprile-5 luglio 2026<\/a><br \/><hr>\n\n","protected":false},"excerpt":{"rendered":"<p>Esposizioni<\/p>\n","protected":false},"author":1,"featured_media":0,"parent":0,"menu_order":0,"comment_status":"closed","ping_status":"closed","template":"","meta":{"footnotes":""},"class_list":["post-870","page","type-page","status-publish","hentry"],"_links":{"self":[{"href":"https:\/\/www.athema.it\/catalogo_benedini\/wp-json\/wp\/v2\/pages\/870","targetHints":{"allow":["GET"]}}],"collection":[{"href":"https:\/\/www.athema.it\/catalogo_benedini\/wp-json\/wp\/v2\/pages"}],"about":[{"href":"https:\/\/www.athema.it\/catalogo_benedini\/wp-json\/wp\/v2\/types\/page"}],"author":[{"embeddable":true,"href":"https:\/\/www.athema.it\/catalogo_benedini\/wp-json\/wp\/v2\/users\/1"}],"replies":[{"embeddable":true,"href":"https:\/\/www.athema.it\/catalogo_benedini\/wp-json\/wp\/v2\/comments?post=870"}],"version-history":[{"count":6,"href":"https:\/\/www.athema.it\/catalogo_benedini\/wp-json\/wp\/v2\/pages\/870\/revisions"}],"predecessor-version":[{"id":2203,"href":"https:\/\/www.athema.it\/catalogo_benedini\/wp-json\/wp\/v2\/pages\/870\/revisions\/2203"}],"wp:attachment":[{"href":"https:\/\/www.athema.it\/catalogo_benedini\/wp-json\/wp\/v2\/media?parent=870"}],"curies":[{"name":"wp","href":"https:\/\/api.w.org\/{rel}","templated":true}]}}