{"id":867,"date":"2023-11-30T09:12:55","date_gmt":"2023-11-30T08:12:55","guid":{"rendered":"https:\/\/www.athema.it\/catalogo_benedini\/?page_id=867"},"modified":"2024-11-07T12:18:46","modified_gmt":"2024-11-07T11:18:46","slug":"bibliografia","status":"publish","type":"page","link":"https:\/\/www.athema.it\/catalogo_benedini\/bibliografia\/","title":{"rendered":"BIBLIOGRAFIA"},"content":{"rendered":"\n<h2>\n\t\tBibliografia\n\t<\/h2>\n\t<form id=informazioni name=informazioni action=\"#\" method=\"post\">\r\n\t<!--iframe src='https:\/\/www.arcope.it\/benedini\/catalogo_bib.php?BIB_CODI='' style='border-color:#FFFFFF;' width=100% height=200px><\/iframe-->\r\n\t\r\n\t<script lang=javascript>\r\n\t\t\r\nfunction OnSelectionChange()\r\n {\r\n\r\n\t\/\/alert(\"OK IT WORKS\");\r\n\tcheAutore=document.getElementById(\"cbo_autori\").value;\r\n\t\/\/alert(cheAutore);\r\n\t \r\n\tdocument.informazioni.method=\"post\";\r\n\tdocument.informazioni.target=\"_self\";\r\n\tdocument.informazioni.action=\"https:\/\/www.athema.it\/catalogo_benedini\/bibliografia\/?cbo_autori=\" + cheAutore;\r\n\/\/\tdocument.informazioni.action=\"https:\/\/www.arcope.it\/benedini\/catalogo_bib.php?cbo_autori=\" + cheAutore;\r\n\r\n\t document.informazioni.submit();\r\n\r\n\t\r\n \/\/ alert(\"OK IT WORKS\");\r\n }\r\n\t<\/script>\r\n\t<table><tr>\r\n\t<td>Autore<\/td><td colspan=3><select name=bco_autori id=cbo_autori onchange='javascript:OnSelectionChange();'><option id=0><\/option><option id='284' value='284'>Abbate Nino<\/option><option id='40' value='40'>Abbiati Filippo<\/option><option id='370' value='370'>Agnello Chiara<\/option><option id='317' value='317'>Agosti Vera<\/option><option id='388' value='388'>Alpago Novello Adriano<\/option><option id='442' value='442'>Am\u00e9  Francesca<\/option><option id='454' value='454'>Andreotti Angelo<\/option><option id='47' value='47'>Andr\u00e8s Gabriel<\/option><option id='371' value='371'>Angelotti Martina<\/option><option id='291' value='291'>Artale Alessandra<\/option><option id='347' value='347'>Associazione Culturale Eidos Venezia Associazione Culturale Eidos Venezia<\/option><option id='48' value='48'>Avogadro Gina<\/option><option id='116' value='116'>B. (Baram) S.(Serge)<\/option><option id='426' value='426'>B. B.<\/option><option id='13' value='13'>Bag Bag<\/option><option id='117' value='117'>Baram Serge<\/option><option id='251' value='251'>Baratta Gino<\/option><option id='368' value='368'>Barbieri Gabriella<\/option><option id='407' value='407'>Barletta Riccardo<\/option><option id='82' value='82'>Barresi Maria<\/option><option id='341' value='341'>Bartolena Simona<\/option><option id='386' value='386'>Bartoli Francesco<\/option><option id='408' value='408'>Bartolon Liana<\/option><option id='163' value='163'>Bartsch Ingo<\/option><option id='268' value='268'>Battistini M<\/option><option id='158' value='158'>Bellini Rolando<\/option><option id='129' value='129'>Benedetto Umberto<\/option><option id='150' value='150'>Benedini Gabriella<\/option><option id='230' value='230'>Benini Carlotta<\/option><option id='83' value='83'>Bentivoglio Mirella<\/option><option id='439' value='439'>Bergamaschi Miriam<\/option><option id='49' value='49'>Beringheli Germano<\/option><option id='392' value='392'>Bianchi Pino<\/option><option id='307' value='307'>Bianchini Mauro<\/option><option id='115' value='115'>Biffi Rosanna<\/option><option id='428' value='428'>Biolchini Stefano<\/option><option id='250' value='250'>Biscottini Paolo<\/option><option id='314' value='314'>Bolpagni Paolo<\/option><option id='301' value='301'>Bonassina Maurizio<\/option><option id='210' value='210'>Bonazzoli Francesca<\/option><option id='273' value='273'>Bonini Giuseppe<\/option><option id='176' value='176'>Bonito Oliva Achille<\/option><option id='14' value='14'>Bonvicini Candido<\/option><option id='357' value='357'>Borrini Sergio<\/option><option id='79' value='79'>Bortolon Liana<\/option><option id='105' value='105'>Bos. (Bossaglia) Ro.(Rossana)<\/option><option id='238' value='238'>Bosio Silvia<\/option><option id='138' value='138'>Bossaglia Rossana<\/option><option id='207' value='207'>Bott M<\/option><option id='11' value='11'>Bouret Blandine<\/option><option id='26' value='26'>Bovo Elisabetta<\/option><option id='377' value='377'>Brembati Gabriella<\/option><option id='315' value='315'>Brevi Manuela<\/option><option id='118' value='118'>Busnelli Susanna<\/option><option id='21' value='21'>Buzzati Dino<\/option><option id='195' value='195'>C. (Cavadini) L.  (Luigi)<\/option><option id='65' value='65'>C. (Cavazzini) G. (Gianni)<\/option><option id='411' value='411'>C. F.<\/option><option id='220' value='220'>Caffi Barbara<\/option><option id='1' value='1'>Caggiano Antonio<\/option><option id='459' value='459'>Cambiaghi  Sergio<\/option><option id='457' value='457'>Camusso Susanna<\/option><option id='182' value='182'>Capiaghi Alice<\/option><option id='211' value='211'>Cappa Marina<\/option><option id='390' value='390'>Capra Raul<\/option><option id='167' value='167'>Capritti Lavinia<\/option><option id='22' value='22'>Cara Domenico<\/option><option id='196' value='196'>Carafa Rosa<\/option><option id='80' value='80'>Caramel Luciano<\/option><option id='221' value='221'>Carassi Clarice<\/option><option id='41' value='41'>Carbone Francesco<\/option><option id='380' value='380'>Cardini Maria Chiara<\/option><option id='404' value='404'>Careof<\/option><option id='255' value='255'>Caroli Flavio<\/option><option id='70' value='70'>Carpentier Julie<\/option><option id='372' value='372'>Carrer Alessandro<\/option><option id='153' value='153'>Carrozzini Stefania<\/option><option id='320' value='320'>Caruso Raffaella A.<\/option><option id='254' value='254'>Casarin Renata<\/option><option id='240' value='240'>Caserini Aldo<\/option><option id='311' value='311'>Casero Cristina<\/option><option id='236' value='236'>Casolari Pierluigi<\/option><option id='27' value='27'>Cassa Salvi Elvira<\/option><option id='350' value='350'>Catiri Carlo<\/option><option id='324' value='324'>Cattaneo Enrico<\/option><option id='468' value='468'>Cattaneo Marcella<\/option><option id='192' value='192'>Cavadini Luigi<\/option><option id='260' value='260'>Cavalchi Silvia<\/option><option id='302' value='302'>Cavallera Anna<\/option><option id='414' value='414'>Cavallo  Massimiliano<\/option><option id='50' value='50'>Cavazzini Gianni<\/option><option id='253' value='253'>Ceccato Silvio<\/option><option id='180' value='180'>Cecchetto Stefano<\/option><option id='437' value='437'>Cecconi Massimo<\/option><option id='434' value='434'>Cereda Marta<\/option><option id='71' value='71'>Ceresoli Jacqueline<\/option><option id='222' value='222'>Ceriani Ettore<\/option><option id='174' value='174'>Cerrato Giuliana<\/option><option id='137' value='137'>Cerritelli Claudio<\/option><option id='72' value='72'>Chabanon Jean<\/option><option id='141' value='141'>Cherchi Luciano<\/option><option id='239' value='239'>Cherubini Laura<\/option><option id='51' value='51'>Chiappino Giorgio<\/option><option id='293' value='293'>Chirico Mariateresa<\/option><option id='68' value='68'>Ciravegna Irene<\/option><option id='73' value='73'>Collard Jacques<\/option><option id='344' value='344'>Collegio dei docenti di teologia e centro pastrorale<\/option><option id='170' value='170'>Collina Carla<\/option><option id='235' value='235'>Coluccia Giuseppe L.<\/option><option id='309' value='309'>Comino Anna<\/option><option id='465' value='465'>Consenti Stefania<\/option><option id='216' value='216'>Conti Fiorenza<\/option><option id='132' value='132'>Conti Viana<\/option><option id='84' value='84'>Contini Mila<\/option><option id='266' value='266'>Cordani Tiziana<\/option><option id='171' value='171'>Corgnati Martina<\/option><option id='187' value='187'>Corradini Mauro<\/option><option id='361' value='361'>Corte Antonio<\/option><option id='360' value='360'>Coruzzi Giovanni<\/option><option id='218' value='218'>Cotelli Marina<\/option><option id='52' value='52'>Coviello Gennaro<\/option><option id='2' value='2'>Crespi Alberto<\/option><option id='436' value='436'>Crespi Laura<\/option><option id='351' value='351'>Crisanti Giulio<\/option><option id='28' value='28'>Crispolti Enrico<\/option><option id='53' value='53'>Curonici Giuseppe<\/option><option id='214' value='214'>Curto A.<\/option><option id='297' value='297'>Curto Guido<\/option><option id='391' value='391'>D'Agata  Giuseppe<\/option><option id='247' value='247'>D'Albisola Tullio<\/option><option id='328' value='328'>Dall'Asta Andrea<\/option><option id='199' value='199'>De Angelis Mariolina<\/option><option id='433' value='433'>De Angelis Stefano<\/option><option id='15' value='15'>De Carli Cecilia<\/option><option id='106' value='106'>De Grada Raffaele<\/option><option id='362' value='362'>De Marchi Oscar<\/option><option id='85' value='85'>De Micheli Mario<\/option><option id='249' value='249'>Del Buono Oreste<\/option><option id='336' value='336'>Del Giudice Piero<\/option><option id='432' value='432'>Delfino Michela<\/option><option id='202' value='202'>Dell'Orso Silvia<\/option><option id='86' value='86'>Denis Maurice<\/option><option id='281' value='281'>Di Genova Giorgio<\/option><option id='29' value='29'>Di Guida Enzo<\/option><option id='242' value='242'>Di Martino Enzo<\/option><option id='383' value='383'>Di Matteo Monica<\/option><option id='30' value='30'>Di Raddo Elena<\/option><option id='342' value='342'>Digiovanni Giulia<\/option><option id='16' value='16'>Don\u00e0 Claudia<\/option><option id='55' value='55'>Dorfles Gillo<\/option><option id='142' value='142'>Dragone Piergiorgio<\/option><option id='74' value='74'>Dustin Jo<\/option><option id='54' value='54'>d\u2019Agata Giuseppe<\/option><option id='139' value='139'>EIDAC Ente internazionale d\u2019arte e cultura<\/option><option id='17' value='17'>Elwes Catherine<\/option><option id='168' value='168'>Fagetti Livia<\/option><option id='159' value='159'>Fagone Vittorio<\/option><option id='206' value='206'>Fappanni Simone<\/option><option id='151' value='151'>Faravelli Giacobone Tersilla<\/option><option id='300' value='300'>Farina Rachele<\/option><option id='296' value='296'>Fazzini Marco<\/option><option id='381' value='381'>Federcasalinghe<\/option><option id='148' value='148'>Fedi Fernanda<\/option><option id='223' value='223'>Fellini Giulia<\/option><option id='215' value='215'>Ferraguti Maria Lucina<\/option><option id='298' value='298'>Ferrara Stella<\/option><option id='18' value='18'>Ferraresi Claudia<\/option><option id='289' value='289'>Ferrari Nicoletta<\/option><option id='267' value='267'>Ferrari Romanini Mariarosa<\/option><option id='107' value='107'>Ferrario Rachele<\/option><option id='286' value='286'>Ferrero Ernesto<\/option><option id='389' value='389'>Ferro Giuseppe<\/option><option id='385' value='385'>Fettolini Armando<\/option><option id='31' value='31'>Fezzi Elda<\/option><option id='359' value='359'>Fiori Pedro<\/option><option id='229' value='229'>Fiuzzi Cristina<\/option><option id='312' value='312'>Fontana Sara<\/option><option id='237' value='237'>Fontanarossa Raffaella<\/option><option id='280' value='280'>Fossati Paolo<\/option><option id='241' value='241'>Franceschetti Gianni<\/option><option id='354' value='354'>Franchi Anita<\/option><option id='322' value='322'>Francione Fabio<\/option><option id='397' value='397'>Fratelli Maria<\/option><option id='126' value='126'>Fumagalli Tiziana<\/option><option id='226' value='226'>G M<\/option><option id='155' value='155'>G. (Grossini) G. (Giancarlo)<\/option><option id='422' value='422'>Ga.<\/option><option id='303' value='303'>Gabelli Giancarlo<\/option><option id='329' value='329'>Galbiati Matteo<\/option><option id='212' value='212'>Gandini Manuela<\/option><option id='87' value='87'>Garzonio Melisa<\/option><option id='277' value='277'>Gatti Chiara<\/option><option id='435' value='435'>Ghezzi Rosella<\/option><option id='88' value='88'>Ghilardi Mario<\/option><option id='67' value='67'>Giani Gian Piero<\/option><option id='23' value='23'>Gillemon Daniele<\/option><option id='156' value='156'>Ginesi Armando<\/option><option id='56' value='56'>Ginex Giovanna<\/option><option id='256' value='256'>Gini Gino<\/option><option id='470' value='470'>Giudice Tino<\/option><option id='265' value='265'>Giudici Lorella<\/option><option id='32' value='32'>Giuffredi Enrico<\/option><option id='57' value='57'>Giuliani Gianfranco<\/option><option id='200' value='200'>Goldschmiedt Mariaclara<\/option><option id='290' value='290'>Gramiccia Roberto<\/option><option id='348' value='348'>Gramsci Antonio<\/option><option id='119' value='119'>Grasso Sebastiano<\/option><option id='462' value='462'>Gregolin Emanuele<\/option><option id='269' value='269'>Gribaudo Paola<\/option><option id='278' value='278'>Gros G. J.<\/option><option id='197' value='197'>Grossato Giovanna<\/option><option id='58' value='58'>Grossini G.<\/option><option id='42' value='42'>Gualdoni Flaminio<\/option><option id='345' value='345'>Guerra Cesare<\/option><option id='271' value='271'>Gusmini Pino<\/option><option id='108' value='108'>Hauser Rouve<\/option><option id='109' value='109'>Hermann Raymond<\/option><option id='419' value='419'>I. M.<\/option><option id='395' value='395'>Iaquinta Caterina<\/option><option id='413' value='413'>Icardi Marcella<\/option><option id='399' value='399'>IGAV Istituto Garuzzo per le Arti Visive<\/option><option id='469' value='469'>Iommi Cristiana<\/option><option id='264' value='264'>Iotti Leda<\/option><option id='69' value='69'>Janus Janus<\/option><option id='59' value='59'>Kaisserlian Giorgio<\/option><option id='75' value='75'>Knapen Jos<\/option><option id='161' value='161'>L. (Longari) E. (Elisabetta)<\/option><option id='292' value='292'>L. P.<\/option><option id='458' value='458'>La Fonte Edizioni Minime dArte<\/option><option id='318' value='318'>Lagazzi Paolo<\/option><option id='173' value='173'>Lambertini Luigi<\/option><option id='3' value='3'>Lanfranchi Andrea<\/option><option id='78' value='78'>Lara K.<\/option><option id='334' value='334'>Lasalvia Irene<\/option><option id='456' value='456'>Lazoi Patrizia<\/option><option id='279' value='279'>Lin Wang Ying<\/option><option id='130' value='130'>Lo Russo Ugo<\/option><option id='33' value='33'>Longari Elisabetta<\/option><option id='128' value='128'>M. (Marcheselli) T. (Tiziano)<\/option><option id='36' value='36'>M. (Muritti) E. (Elisabetta)<\/option><option id='194' value='194'>M. G.<\/option><option id='99' value='99'>M.D.S. <\/option><option id='34' value='34'>Ma. E.<\/option><option id='453' value='453'>Maccari Mino<\/option><option id='191' value='191'>Macconi G.<\/option><option id='160' value='160'>Madesani Angela<\/option><option id='143' value='143'>Maestrini Flavio<\/option><option id='283' value='283'>Maffei Giorgio<\/option><option id='308' value='308'>Maggio Serra Rosanna<\/option><option id='35' value='35'>Maglia Ezio<\/option><option id='287' value='287'>Magnetti Daniela<\/option><option id='147' value='147'>Magri Antenore<\/option><option id='343' value='343'>Maier Don Roberto<\/option><option id='369' value='369'>Malvezzi Jennifer<\/option><option id='443' value='443'>Manessi Jacopo<\/option><option id='127' value='127'>Marcheselli Tiziano<\/option><option id='337' value='337'>Mari Chiara<\/option><option id='12' value='12'>Marsano Beba<\/option><option id='444' value='444'>Martinelli Bianca<\/option><option id='261' value='261'>Marussi Garibaldo<\/option><option id='224' value='224'>Maruti Riccardo<\/option><option id='61' value='61'>Mascherpa Giorgio<\/option><option id='154' value='154'>Masoero Ada<\/option><option id='464' value='464'>Mastrolonardo Enotrio<\/option><option id='4' value='4'>Masu A.<\/option><option id='340' value='340'>Matitti Flavia<\/option><option id='186' value='186'>Matvejevic Predrag<\/option><option id='352' value='352'>Mazzotta Alfredo<\/option><option id='275' value='275'>Melzi Giuseppe<\/option><option id='259' value='259'>Meneguzzo Marco<\/option><option id='120' value='120'>Merzek Susanna<\/option><option id='101' value='101'>MG<\/option><option id='474' value='474'>Miccich\u00e8 Clemente<\/option><option id='321' value='321'>Migliore Donatella<\/option><option id='403' value='403'>Milan Lorenzo<\/option><option id='169' value='169'>Minarelli Maria Luisa<\/option><option id='393' value='393'>Minoli Lorenza<\/option><option id='366' value='366'>Mion Claudia<\/option><option id='274' value='274'>Miracco Riccardo<\/option><option id='421' value='421'>Mo. D.<\/option><option id='294' value='294'>Modesti Alberto<\/option><option id='295' value='295'>Modesti Giuliano<\/option><option id='111' value='111'>Modesti Renzo<\/option><option id='201' value='201'>Mojana Marina<\/option><option id='228' value='228'>Mondaini Cinzia<\/option><option id='384' value='384'>Mondini Maria Vittoria<\/option><option id='24' value='24'>Mori Domizio<\/option><option id='19' value='19'>Munari Carlo<\/option><option id='189' value='189'>Mur. (Muritti) E. (Elisabetta)<\/option><option id='37' value='37'>Muretti E.<\/option><option id='162' value='162'>Muritti Elisabetta<\/option><option id='5' value='5'>N. (Natali) A. (Aurelio)<\/option><option id='6' value='6'>Nardon Anita<\/option><option id='90' value='90'>Nash M.<\/option><option id='429' value='429'>Nasi Mirco<\/option><option id='248' value='248'>Natali Aurelio<\/option><option id='356' value='356'>Nava Nadia<\/option><option id='327' value='327'>Nicoletti Luca Pietro<\/option><option id='219' value='219'>Nicolin Paola<\/option><option id='270' value='270'>Nota Silvana<\/option><option id='367' value='367'>Occhipinti Angela<\/option><option id='164' value='164'>Orengo Nico<\/option><option id='420' value='420'>P. D.<\/option><option id='66' value='66'>P. G.<\/option><option id='423' value='423'>P. M.<\/option><option id='415' value='415'>P. V.<\/option><option id='376' value='376'>Paderni Marisa<\/option><option id='209' value='209'>Paglieri Marina<\/option><option id='203' value='203'>Palmieri Eda<\/option><option id='10' value='10'>Pansera Anty<\/option><option id='181' value='181'>Panzeri Lidia<\/option><option id='375' value='375'>Parente Elisabetta<\/option><option id='121' value='121'>Parmiggiani Sandro<\/option><option id='288' value='288'>Passarotto Nicola<\/option><option id='246' value='246'>Passoni Franco<\/option><option id='102' value='102'>Peduzzi Peppo<\/option><option id='165' value='165'>Peira Silvana<\/option><option id='416' value='416'>Pelle  Valeria<\/option><option id='184' value='184'>Pensa Francesca<\/option><option id='472' value='472'>Pescatori Anna<\/option><option id='76' value='76'>Pigeon Jean<\/option><option id='455' value='455'>Pipia Gabriele<\/option><option id='25' value='25'>Plescan Dimitri<\/option><option id='353' value='353'>Poldi Gianluca<\/option><option id='62' value='62'>Poletti Giovanna<\/option><option id='135' value='135'>Poli Francesco<\/option><option id='91' value='91'>Poma Basile Maria<\/option><option id='175' value='175'>Pontiggia Elena<\/option><option id='440' value='440'>Ponzoni Barbara<\/option><option id='92' value='92'>Portalupi Mario<\/option><option id='103' value='103'>Pozzi P.<\/option><option id='379' value='379'>Profeta Camilla<\/option><option id='319' value='319'>Proietti Melissa<\/option><option id='430' value='430'>Provinciali Stefania<\/option><option id='424' value='424'>Puttini  Sergio<\/option><option id='396' value='396'>Quaglia Giuseppe<\/option><option id='263' value='263'>Quaglino Piero<\/option><option id='412' value='412'>Quarto Michele<\/option><option id='100' value='100'>R. (Radice) M. (Mario)<\/option><option id='125' value='125'>R. (Rey) S. (St\u00e9phane)<\/option><option id='417' value='417'>R. A.<\/option><option id='110' value='110'>R. L.<\/option><option id='93' value='93'>Radice M.<\/option><option id='233' value='233'>Ravaglia Luca<\/option><option id='431' value='431'>Reb. G.<\/option><option id='8' value='8'>Redaelli Alessandra<\/option><option id='122' value='122'>Rey St\u00e9phane<\/option><option id='208' value='208'>Righi Cesare<\/option><option id='177' value='177'>Risaliti Sergio<\/option><option id='358' value='358'>Riscatto Rosalba<\/option><option id='425' value='425'>Rittatore Vonwiller Letizia<\/option><option id='172' value='172'>Riu Giovanna<\/option><option id='227' value='227'>Rocchi Claudia<\/option><option id='123' value='123'>Romani Stefania<\/option><option id='406' value='406'>Rossi Albano<\/option><option id='217' value='217'>Rossi Marica<\/option><option id='145' value='145'>Rossi Sala Pierangela<\/option><option id='231' value='231'>Rossi Simone<\/option><option id='43' value='43'>Rovesti Fabrizio<\/option><option id='20' value='20'>Ruggeri Cristina<\/option><option id='63' value='63'>Ruggeri Giorgio<\/option><option id='244' value='244'>Russoli Franco<\/option><option id='461' value='461'>S. G.<\/option><option id='306' value='306'>S. R.<\/option><option id='131' value='131'>S. U.<\/option><option id='441' value='441'>Sacchi  Marco<\/option><option id='374' value='374'>Sacchi Patrizia<\/option><option id='346' value='346'>Sacchini Paolo<\/option><option id='475' value='475'>Sansone Luigi<\/option><option id='183' value='183'>Santese Enzo<\/option><option id='316' value='316'>Savorelli Livia<\/option><option id='304' value='304'>Scardovi Lorenza<\/option><option id='418' value='418'>Schialvino Gianfranco<\/option><option id='157' value='157'>Schwarz Arturo<\/option><option id='225' value='225'>sdo [Silvia Dell'Orso]<\/option><option id='124' value='124'>Serangeli Simonetta<\/option><option id='104' value='104'>Serra Patrizia<\/option><option id='185' value='185'>Seveso Giorgio<\/option><option id='193' value='193'>Sigma <\/option><option id='112' value='112'>Signifredi Rodolfo<\/option><option id='38' value='38'>Silvi Enzo<\/option><option id='460' value='460'>Simonetti Gianni Emilio<\/option><option id='313' value='313'>Siviero Viviana<\/option><option id='405' value='405'>Sodalizio Amici dell'arte<\/option><option id='325' value='325'>Soddu Stefano<\/option><option id='276' value='276'>Soldini Simone<\/option><option id='44' value='44'>Solmi Franco<\/option><option id='401' value='401'>Somaini Luisa<\/option><option id='213' value='213'>Sotis Lina<\/option><option id='349' value='349'>Spadoni Claudio<\/option><option id='409' value='409'>Spagnesi  Licia<\/option><option id='339' value='339'>Stoppa Pericle<\/option><option id='152' value='152'>Storaci Enzo M.<\/option><option id='146' value='146'>Strano Carmelo<\/option><option id='252' value='252'>Stu Francesco<\/option><option id='382' value='382'>Studenti dell'Universit\u00e0 Cattolica<\/option><option id='178' value='178'>Surian Vittoria<\/option><option id='113' value='113'>Tacchella Rino<\/option><option id='243' value='243'>Tadini Emilio<\/option><option id='205' value='205'>Talpo Bruno<\/option><option id='198' value='198'>Tartagni Attilia<\/option><option id='232' value='232'>Tassi Massimo<\/option><option id='245' value='245'>Tassi Roberto<\/option><option id='473' value='473'>Tecce Angela<\/option><option id='338' value='338'>Tedeschi Ermanno<\/option><option id='45' value='45'>Tedeschi Francesco<\/option><option id='335' value='335'>Teschi Mariagrazia<\/option><option id='136' value='136'>Tesio Giovanni<\/option><option id='364' value='364'>Thompson Ann<\/option><option id='427' value='427'>Tirelli Selene<\/option><option id='94' value='94'>Tonelli Marco<\/option><option id='204' value='204'>Toschi Cavaliere Chiara<\/option><option id='77' value='77'>Trachsel Jacqueline<\/option><option id='144' value='144'>Trentin Giorgio<\/option><option id='394' value='394'>Troncana  Alessandra <\/option><option id='179' value='179'>Turola Carla<\/option><option id='452' value='452'>Vaccarone Manuela<\/option><option id='323' value='323'>Vallebona Susanna<\/option><option id='64' value='64'>Vallese Gloria<\/option><option id='95' value='95'>Valsecchi Marco<\/option><option id='332' value='332'>Vanzetto Chiara<\/option><option id='89' value='89'>Varga Miklos N.<\/option><option id='272' value='272'>Veca Alberto<\/option><option id='262' value='262'>Venturoli Marcello<\/option><option id='81' value='81'>Vergine Lea<\/option><option id='166' value='166'>Verlicchi Laura<\/option><option id='96' value='96'>Vescovo Marisa<\/option><option id='285' value='285'>Vettese Angela<\/option><option id='97' value='97'>Villa Massimo<\/option><option id='46' value='46'>Vincitorio Francesco<\/option><option id='258' value='258'>Visser Travagli Anna Maria<\/option><option id='98' value='98'>Vitta Maurizio<\/option><option id='114' value='114'>Vrinat Robert<\/option><option id='305' value='305'>Walch Gian Marco<\/option><option id='463' value='463'>Wang Pengpeng<\/option><option id='149' value='149'>Weller Simona<\/option><option id='438' value='438'>Z. L.<\/option><option id='234' value='234'>Zagnoli Vanni<\/option><option id='363' value='363'>Zanchi Pino<\/option><option id='257' value='257'>Zanella Manara Emma<\/option><option id='282' value='282'>Zanella Silvio<\/option><option id='467' value='467'>Zara Beatrice<\/option><option id='188' value='188'>Zattini Marisa<\/option><\/select><\/td><\/tr> \r\n\r\n\r\n\t\r\n\r\n\t<tr>\r\n\t\t<td>Testata\/Opera<\/td><td colspan=3><input type=\"text\" name=\"bib_titt\" size=\"350\" maxlength=\"50\" style=\"width:735px;\" value=\"\"><\/td>\r\n\t<\/tr>\r\n\t<tr>\r\n\t\t<td>Titolo<\/td><td colspan=3><input type=\"text\" name=\"bib_tita\" size=\"250\" maxlength=\"250\" style=\"width:500px;\" value=\"\"><\/td>\r\n\t<\/tr>\r\n\t<tr>\r\n\t\t<td >Sottotitolo<\/td><td colspan=3><input type=\"text\" name=\"bib_stit\" size=\"250\" maxlength=\"250\" style=\"width:500px;\" value=\"\"><\/td>\r\n\t<\/tr>\t\r\n\t<tr>\r\n\t\t<td>Dall'anno<\/td><td><input type=\"text\" name=\"dallanno\" size=\"50\" maxlength=\"50\" style=\"width:100px;\" value=\"\"><\/td>\r\n\t\t<td>All'anno<\/td><td><input type=\"text\" name=\"allanno\" size=\"50\" maxlength=\"50\" style=\"width:100px;\" value=\"\"><\/td>\r\n\t<\/tr>\r\n\t\t\t<tr>\r\n\t\t<td>\r\n\t<label>Ordine di data:<\/label>\r\n\t\t<\/td>\r\n\t\t<td>\r\n   <input type=\"radio\" name=\"ordine\" value=\"asc\" checked> Ascendente \u2193\r\n\t&nbsp;&nbsp;\r\n\t\t\t<input type=\"radio\" name=\"ordine\" value=\"desc\" > Discendente \u2191\r\n\t\t<\/td>\r\n\t\t<\/tr>\r\n\t<\/table>\r\n \r\n\r\n <input type=\"hidden\" name=\"risu\" size=\"6\" maxlength=\"6\" value=\"SELECT * FROM AOANABIB   WHERE BIB_CODI>'0'  ORDER BY BIB_DATA ASC\">\r\n <input type=\"submit\" value=\"Cerca\">\r\n <\/form>\r\n<br><br>\r\n<b><font size=6 color='#7F81FF'>1958<\/font><\/b><br>&nbsp;&nbsp;&nbsp;&nbsp;&nbsp;&nbsp;&nbsp;&nbsp;&nbsp;&nbsp;<a style='color:#000000' href=https:\/\/www.arcope.it\/benedini\/catalogo_bib.php?BIB_CODI=315 target=_self><i>Ottanta artisti italiani al Salon des Ind\u00e9pendants<\/i>, in \"La voix d\u2019Italie La voce d'Italia\", Parigi (1958)<\/a><br \/><hr>&nbsp;&nbsp;&nbsp;&nbsp;&nbsp;&nbsp;&nbsp;&nbsp;&nbsp;&nbsp;<a style='color:#000000' href=https:\/\/www.arcope.it\/benedini\/catalogo_bib.php?BIB_CODI=316 target=_self><i>Arte, fortuna e Francoise Sagan per la \u201cGrande Lotteria Italiana\u201d<\/i>, in \"La voix d'Italie La voce d'Italia\", Parigi (1958)<\/a><br \/><hr>&nbsp;&nbsp;&nbsp;&nbsp;&nbsp;&nbsp;&nbsp;&nbsp;&nbsp;&nbsp;<a style='color:#000000' href=https:\/\/www.arcope.it\/benedini\/catalogo_bib.php?BIB_CODI=318 target=_self><i>Espone per la seconda volta a Parigi la pittrice Gabriella Benedini<\/i>, in \"Provincia\", Cremona (1958)<\/a><br \/><hr>&nbsp;&nbsp;&nbsp;&nbsp;&nbsp;&nbsp;&nbsp;&nbsp;&nbsp;&nbsp;<a style='color:#000000' href=https:\/\/www.arcope.it\/benedini\/catalogo_bib.php?BIB_CODI=310 target=_self>Serge Baram, <i>Senza titolo<\/i>, in \"Arts\", Parigi 29 gennaio-4 febbraio 1958<\/a><br \/><hr>&nbsp;&nbsp;&nbsp;&nbsp;&nbsp;&nbsp;&nbsp;&nbsp;&nbsp;&nbsp;<a style='color:#000000' href=https:\/\/www.arcope.it\/benedini\/catalogo_bib.php?BIB_CODI=321 target=_self>Robert Vrinat, <i>Galeries La Cimaise de Paris<\/i>, in \"Artban\", Parigi 31 gennaio 1958<\/a><br \/><hr>&nbsp;&nbsp;&nbsp;&nbsp;&nbsp;&nbsp;&nbsp;&nbsp;&nbsp;&nbsp;<a style='color:#000000' href=https:\/\/www.arcope.it\/benedini\/catalogo_bib.php?BIB_CODI=314 target=_self>Jean Chabanon, <i>Quatre peintres (Cimaise de Paris)<\/i>, in \"Le peintre\", Parigi 1 febbraio 1958<\/a><br \/><hr>&nbsp;&nbsp;&nbsp;&nbsp;&nbsp;&nbsp;&nbsp;&nbsp;&nbsp;&nbsp;<a style='color:#000000' href=https:\/\/www.arcope.it\/benedini\/catalogo_bib.php?BIB_CODI=317 target=_self><i>Artisti italiani all\u2019estero Gabriella Benedini<\/i>, in periodico non identificato (1958)<\/a><br \/><hr>&nbsp;&nbsp;&nbsp;&nbsp;&nbsp;&nbsp;&nbsp;&nbsp;&nbsp;&nbsp;<a style='color:#000000' href=https:\/\/www.arcope.it\/benedini\/catalogo_bib.php?BIB_CODI=803 target=_self>G. J. Gros, <i>Quatre peintres (Cimaise de Paris)<\/i>, in \"Carrefour\", Parigi 5 febbraio 1958<\/a><br \/><hr>&nbsp;&nbsp;&nbsp;&nbsp;&nbsp;&nbsp;&nbsp;&nbsp;&nbsp;&nbsp;<a style='color:#000000' href=https:\/\/www.arcope.it\/benedini\/catalogo_bib.php?BIB_CODI=1024 target=_self><i>Senza titolo<\/i>, in \"Aux \u00e9coutes du monde\", Parigi 7 febbraio 1958<\/a><br \/><hr>&nbsp;&nbsp;&nbsp;&nbsp;&nbsp;&nbsp;&nbsp;&nbsp;&nbsp;&nbsp;<a style='color:#000000' href=https:\/\/www.arcope.it\/benedini\/catalogo_bib.php?BIB_CODI=1004 target=_self><i>Espone a Parigi una giovane pittrice cremonese<\/i>, in periodico non identificato (1958)<\/a><br \/><hr>&nbsp;&nbsp;&nbsp;&nbsp;&nbsp;&nbsp;&nbsp;&nbsp;&nbsp;&nbsp;<a style='color:#000000' href=https:\/\/www.arcope.it\/benedini\/catalogo_bib.php?BIB_CODI=994 target=_self>Giovanni Coruzzi, <i>Espone a Parigi una pittrice uscita dal nostro Istituto d'Arte<\/i>, in periodico non identificato 6 marzo (1958)<\/a><br \/><hr>&nbsp;&nbsp;&nbsp;&nbsp;&nbsp;&nbsp;&nbsp;&nbsp;&nbsp;&nbsp;<a style='color:#000000' href=https:\/\/www.arcope.it\/benedini\/catalogo_bib.php?BIB_CODI=802 target=_self><i>Galeries - Galerie A.G.<\/i>, in \"Aux \u00e9coutes\", Parigi 14 marzo 1958<\/a><br \/><hr>&nbsp;&nbsp;&nbsp;&nbsp;&nbsp;&nbsp;&nbsp;&nbsp;&nbsp;&nbsp;<a style='color:#000000' href=https:\/\/www.arcope.it\/benedini\/catalogo_bib.php?BIB_CODI=1020 target=_self><i>Notevoli successi parigini della giovane pittrice cremonese<\/i>, in \"Provincia\", Cremona (14 marzo 1958)<\/a><br \/><hr>&nbsp;&nbsp;&nbsp;&nbsp;&nbsp;&nbsp;&nbsp;&nbsp;&nbsp;&nbsp;<a style='color:#000000' href=https:\/\/www.arcope.it\/benedini\/catalogo_bib.php?BIB_CODI=1023 target=_self><i>Senza titolo<\/i>, in \"La voix d'Italie La voce d'Italia\", Parigi 14 marzo 1958<\/a><br \/><hr>&nbsp;&nbsp;&nbsp;&nbsp;&nbsp;&nbsp;&nbsp;&nbsp;&nbsp;&nbsp;<a style='color:#000000' href=https:\/\/www.arcope.it\/benedini\/catalogo_bib.php?BIB_CODI=308 target=_self>Serge Baram, <i>Les Galeries de Paris - Benedini<\/i>, in \"Arts\", Parigi 19-25 marzo 1958<\/a><br \/><hr>&nbsp;&nbsp;&nbsp;&nbsp;&nbsp;&nbsp;&nbsp;&nbsp;&nbsp;&nbsp;<a style='color:#000000' href=https:\/\/www.arcope.it\/benedini\/catalogo_bib.php?BIB_CODI=2 target=_self><i>Catalogue de la 69\u00b0 Exposition<\/i>, Parigi 1958<\/a><br \/><hr>&nbsp;&nbsp;&nbsp;&nbsp;&nbsp;&nbsp;&nbsp;&nbsp;&nbsp;&nbsp;<a style='color:#000000' href=https:\/\/www.arcope.it\/benedini\/catalogo_bib.php?BIB_CODI=312 target=_self>Rodolfo Signifredi, <i>E\u2019 finita al \u201cSalon des Independants\u201d marinando le lezioni all\u2019Istituto d\u2019Arte<\/i>, in \"Il Resto del Carlino\", Bologna 8 aprile 1958<\/a><br \/><hr>&nbsp;&nbsp;&nbsp;&nbsp;&nbsp;&nbsp;&nbsp;&nbsp;&nbsp;&nbsp;<a style='color:#000000' href=https:\/\/www.arcope.it\/benedini\/catalogo_bib.php?BIB_CODI=1106 target=_self><i>Al \"Salon des Ind\u00e9pendants\"<\/i>, in \"La voix d'Italie La voce d'Italia\", Parigi 18 aprile 1958<\/a><br \/><hr>&nbsp;&nbsp;&nbsp;&nbsp;&nbsp;&nbsp;&nbsp;&nbsp;&nbsp;&nbsp;<a style='color:#000000' href=https:\/\/www.arcope.it\/benedini\/catalogo_bib.php?BIB_CODI=1021 target=_self><i>Giovanissimi artisti italiani a Parigi. Una grigia vita di boh\u00e8me ricca di volont\u00e0 e di speranza<\/i>, in \"La voix d'Italie La voce d'Italia\", Novara 25 aprile 1958<\/a><br \/><hr>&nbsp;&nbsp;&nbsp;&nbsp;&nbsp;&nbsp;&nbsp;&nbsp;&nbsp;&nbsp;<a style='color:#000000' href=https:\/\/www.arcope.it\/benedini\/catalogo_bib.php?BIB_CODI=1092 target=_self><i>IX me Grand prix international de peinture de Deauville. Catalogue officiel<\/i>, s.l. 1958<\/a><br \/><hr>&nbsp;&nbsp;&nbsp;&nbsp;&nbsp;&nbsp;&nbsp;&nbsp;&nbsp;&nbsp;<a style='color:#000000' href=https:\/\/www.arcope.it\/benedini\/catalogo_bib.php?BIB_CODI=993 target=_self><i>Un'italiana a Parigi<\/i>, in \"Corriere d'informazione\", Milano 1-2 novembre 1958<\/a><br \/><hr>&nbsp;&nbsp;&nbsp;&nbsp;&nbsp;&nbsp;&nbsp;&nbsp;&nbsp;&nbsp;<a style='color:#000000' href=https:\/\/www.arcope.it\/benedini\/catalogo_bib.php?BIB_CODI=313 target=_self>U. S., <i>Una pittrice dell\u2019Istituto d\u2019arte Paolo Toschi Gabriella Benedini espone alla Galleria Ror Volmar di Parigi<\/i>, in \"Gazetta di Parma\", Milano 2 novembre (1958)<\/a><br \/><hr>&nbsp;&nbsp;&nbsp;&nbsp;&nbsp;&nbsp;&nbsp;&nbsp;&nbsp;&nbsp;<a style='color:#000000' href=https:\/\/www.arcope.it\/benedini\/catalogo_bib.php?BIB_CODI=1022 target=_self><i>Cocktail e successo per Gabriella Benedini. Una pittrice cremonese espone in una galleria parigina<\/i>, in periodico non identificato (novembre 1958)<\/a><br \/><hr>&nbsp;&nbsp;&nbsp;&nbsp;&nbsp;&nbsp;&nbsp;&nbsp;&nbsp;&nbsp;<a style='color:#000000' href=https:\/\/www.arcope.it\/benedini\/catalogo_bib.php?BIB_CODI=309 target=_self>Raymond Hermann, <i>Des deux rives<\/i>, in \"La croix\", Parigi 21 novembre 1958<\/a><br \/><hr>&nbsp;&nbsp;&nbsp;&nbsp;&nbsp;&nbsp;&nbsp;&nbsp;&nbsp;&nbsp;<a style='color:#000000' href=https:\/\/www.arcope.it\/benedini\/catalogo_bib.php?BIB_CODI=992 target=_self>U. S., <i>Lusinghiero successo a Parigi della pittrice Gabriella Benedini<\/i>, in \"Gazzetta di Parma\", Milano 30 novembre 1958<\/a><br \/><hr>&nbsp;&nbsp;&nbsp;&nbsp;&nbsp;&nbsp;&nbsp;&nbsp;&nbsp;&nbsp;<a style='color:#000000' href=https:\/\/www.arcope.it\/benedini\/catalogo_bib.php?BIB_CODI=999 target=_self>Antonio Corte, <i>Una giovane pittrice italiana a Parigi. Gabriella Benedini<\/i>, in \"La zagara\", Milano dicembre 1958<\/a><br \/><hr>&nbsp;&nbsp;&nbsp;&nbsp;&nbsp;&nbsp;&nbsp;&nbsp;&nbsp;&nbsp;<a style='color:#000000' href=https:\/\/www.arcope.it\/benedini\/catalogo_bib.php?BIB_CODI=311 target=_self>S.(Serge) B. (Baram), <i>Rive gauche - Benedini<\/i>, in \"Arts\", Parigi 3-9 dicembre 1958<\/a><br \/><hr><b><font size=6 color='#7F81FF'>1959<\/font><\/b><br>&nbsp;&nbsp;&nbsp;&nbsp;&nbsp;&nbsp;&nbsp;&nbsp;&nbsp;&nbsp;<a style='color:#000000' href=https:\/\/www.arcope.it\/benedini\/catalogo_bib.php?BIB_CODI=1109 target=_self>Jean Chabanon, <i>Senza titolo<\/i>, in \"Carrefour\", Parigi 5 febbraio 1959<\/a><br \/><hr>&nbsp;&nbsp;&nbsp;&nbsp;&nbsp;&nbsp;&nbsp;&nbsp;&nbsp;&nbsp;<a style='color:#000000' href=https:\/\/www.arcope.it\/benedini\/catalogo_bib.php?BIB_CODI=323 target=_self>Maurice Denis, <i>Senza titolo<\/i>, in \"Aux \u00e9coutes\", Parigi 7 febbraio 1959<\/a><br \/><hr>&nbsp;&nbsp;&nbsp;&nbsp;&nbsp;&nbsp;&nbsp;&nbsp;&nbsp;&nbsp;<a style='color:#000000' href=https:\/\/www.arcope.it\/benedini\/catalogo_bib.php?BIB_CODI=325 target=_self>Enrico Giuffredi, <i>Senza titolo<\/i>, in \"La voce degli italiani\", Parigi  marzo 1959<\/a><br \/><hr>&nbsp;&nbsp;&nbsp;&nbsp;&nbsp;&nbsp;&nbsp;&nbsp;&nbsp;&nbsp;<a style='color:#000000' href=https:\/\/www.arcope.it\/benedini\/catalogo_bib.php?BIB_CODI=324 target=_self>Enzo Di Guida, <i>Il secondo \u201cmestiere\" degli artisti a Parigi. Sono i benvenuti se sanno recitare<\/i>, in \"Corriere Lombardo\", Milano 24-25 marzo 1959<\/a><br \/><hr><b><font size=6 color='#7F81FF'>1961<\/font><\/b><br>&nbsp;&nbsp;&nbsp;&nbsp;&nbsp;&nbsp;&nbsp;&nbsp;&nbsp;&nbsp;<a style='color:#000000' href=https:\/\/www.arcope.it\/benedini\/catalogo_bib.php?BIB_CODI=1026 target=_self><i>Italian Abstracts at Beaux Arts<\/i>, in periodico non identificato (1961)<\/a><br \/><hr>&nbsp;&nbsp;&nbsp;&nbsp;&nbsp;&nbsp;&nbsp;&nbsp;&nbsp;&nbsp;<a style='color:#000000' href=https:\/\/www.arcope.it\/benedini\/catalogo_bib.php?BIB_CODI=3 target=_self><i>Premio Arezzo di pittura<\/i>, Arezzo 1961<\/a><br \/><hr>&nbsp;&nbsp;&nbsp;&nbsp;&nbsp;&nbsp;&nbsp;&nbsp;&nbsp;&nbsp;<a style='color:#000000' href=https:\/\/www.arcope.it\/benedini\/catalogo_bib.php?BIB_CODI=4 target=_self><i>Premio Marche 1961<\/i>, Ancona 1961<\/a><br \/><hr>&nbsp;&nbsp;&nbsp;&nbsp;&nbsp;&nbsp;&nbsp;&nbsp;&nbsp;&nbsp;<a style='color:#000000' href=https:\/\/www.arcope.it\/benedini\/catalogo_bib.php?BIB_CODI=5 target=_self><i>4\u00b0 Premio Bollate di Pittura Contemporanea<\/i>, Bollate (MI) 1961<\/a><br \/><hr>&nbsp;&nbsp;&nbsp;&nbsp;&nbsp;&nbsp;&nbsp;&nbsp;&nbsp;&nbsp;<a style='color:#000000' href=https:\/\/www.arcope.it\/benedini\/catalogo_bib.php?BIB_CODI=6 target=_self><i>Premio di pittura \"Cesare da Sesto\" 1961<\/i>, Sesto Calende (VA) 1961<\/a><br \/><hr>&nbsp;&nbsp;&nbsp;&nbsp;&nbsp;&nbsp;&nbsp;&nbsp;&nbsp;&nbsp;<a style='color:#000000' href=https:\/\/www.arcope.it\/benedini\/catalogo_bib.php?BIB_CODI=1019 target=_self><i>Secondo premio<\/i>, in \"L'Italia\", Milano 28 ottobre 1961<\/a><br \/><hr>&nbsp;&nbsp;&nbsp;&nbsp;&nbsp;&nbsp;&nbsp;&nbsp;&nbsp;&nbsp;<a style='color:#000000' href=https:\/\/www.arcope.it\/benedini\/catalogo_bib.php?BIB_CODI=602 target=_self>Ente internazionale d\u2019arte e cultura EIDAC, <i>Premio di pittura \"Cesare da Sesto\" 1961<\/i>, Milano 1961<\/a><br \/><hr>&nbsp;&nbsp;&nbsp;&nbsp;&nbsp;&nbsp;&nbsp;&nbsp;&nbsp;&nbsp;<a style='color:#000000' href=https:\/\/www.arcope.it\/benedini\/catalogo_bib.php?BIB_CODI=328 target=_self>Elda Fezzi, <i>Senza titolo<\/i>, in \"La Provincia\", Cremona 7 novembre 1961<\/a><br \/><hr>&nbsp;&nbsp;&nbsp;&nbsp;&nbsp;&nbsp;&nbsp;&nbsp;&nbsp;&nbsp;<a style='color:#000000' href=https:\/\/www.arcope.it\/benedini\/catalogo_bib.php?BIB_CODI=997 target=_self><i>Senza titolo<\/i>, in \"Gazzetta di Parma\", Parma 10 novembre 1961<\/a><br \/><hr>&nbsp;&nbsp;&nbsp;&nbsp;&nbsp;&nbsp;&nbsp;&nbsp;&nbsp;&nbsp;<a style='color:#000000' href=https:\/\/www.arcope.it\/benedini\/catalogo_bib.php?BIB_CODI=7 target=_self><i>6 pittori di Milano<\/i>, presentazione di Franco Passoni, Milano 1961<\/a><br \/><hr>&nbsp;&nbsp;&nbsp;&nbsp;&nbsp;&nbsp;&nbsp;&nbsp;&nbsp;&nbsp;<a style='color:#000000' href=https:\/\/www.arcope.it\/benedini\/catalogo_bib.php?BIB_CODI=996 target=_self><i>Premio di pittura a Gabriella Benedini<\/i>, in \"La Notte\", Milano 1-2 dicembre 1961<\/a><br \/><hr><b><font size=6 color='#7F81FF'>1962<\/font><\/b><br>&nbsp;&nbsp;&nbsp;&nbsp;&nbsp;&nbsp;&nbsp;&nbsp;&nbsp;&nbsp;<a style='color:#000000' href=https:\/\/www.arcope.it\/benedini\/catalogo_bib.php?BIB_CODI=605 target=_self><i>1\u00b0 Mostra Nazionale di Pittura Premio Sicilia Industria 1962<\/i>, presentazione di Marcello Venturoli, Palermo 1962<\/a><br \/><hr>&nbsp;&nbsp;&nbsp;&nbsp;&nbsp;&nbsp;&nbsp;&nbsp;&nbsp;&nbsp;<a style='color:#000000' href=https:\/\/www.arcope.it\/benedini\/catalogo_bib.php?BIB_CODI=1030 target=_self><i>5\u00b0 Concorso di Pittura Citt\u00e0 di Abbiategrasso<\/i>, s.l. marzo 1962<\/a><br \/><hr>&nbsp;&nbsp;&nbsp;&nbsp;&nbsp;&nbsp;&nbsp;&nbsp;&nbsp;&nbsp;<a style='color:#000000' href=https:\/\/www.arcope.it\/benedini\/catalogo_bib.php?BIB_CODI=8 target=_self><i>Premio Arezzo di pittura<\/i>, presentazione di Mino Maccari, Arezzo 1962<\/a><br \/><hr>&nbsp;&nbsp;&nbsp;&nbsp;&nbsp;&nbsp;&nbsp;&nbsp;&nbsp;&nbsp;<a style='color:#000000' href=https:\/\/www.arcope.it\/benedini\/catalogo_bib.php?BIB_CODI=10 target=_self><i>Mostra personale della pittrice Benedini<\/i>, presentazione di Carlo Munari, Milano 1962<\/a><br \/><hr>&nbsp;&nbsp;&nbsp;&nbsp;&nbsp;&nbsp;&nbsp;&nbsp;&nbsp;&nbsp;<a style='color:#000000' href=https:\/\/www.arcope.it\/benedini\/catalogo_bib.php?BIB_CODI=1006 target=_self>A. (Aurelio) N. (Natali), <i>Mostre d'arte Benedini<\/i>, in (\"L'Unit\u00e0\"), Milano (1962)<\/a><br \/><hr>&nbsp;&nbsp;&nbsp;&nbsp;&nbsp;&nbsp;&nbsp;&nbsp;&nbsp;&nbsp;<a style='color:#000000' href=https:\/\/www.arcope.it\/benedini\/catalogo_bib.php?BIB_CODI=1001 target=_self>Raffaele De Grada, <i>Arti plastiche e figurative<\/i>, in RAI  23 maggio 1962<\/a><br \/><hr>&nbsp;&nbsp;&nbsp;&nbsp;&nbsp;&nbsp;&nbsp;&nbsp;&nbsp;&nbsp;<a style='color:#000000' href=https:\/\/www.arcope.it\/benedini\/catalogo_bib.php?BIB_CODI=1002 target=_self><i>Gallerie milanesi<\/i>, in \"La Notte\", Milano 26 maggio 1962<\/a><br \/><hr>&nbsp;&nbsp;&nbsp;&nbsp;&nbsp;&nbsp;&nbsp;&nbsp;&nbsp;&nbsp;<a style='color:#000000' href=https:\/\/www.arcope.it\/benedini\/catalogo_bib.php?BIB_CODI=1017 target=_self><i>Senza titolo<\/i>, in \"Paese sera\", Roma 30 maggio 1962<\/a><br \/><hr>&nbsp;&nbsp;&nbsp;&nbsp;&nbsp;&nbsp;&nbsp;&nbsp;&nbsp;&nbsp;<a style='color:#000000' href=https:\/\/www.arcope.it\/benedini\/catalogo_bib.php?BIB_CODI=9 target=_self><i>Panorama della giovane pittura italiana<\/i>, Milano 1962<\/a><br \/><hr>&nbsp;&nbsp;&nbsp;&nbsp;&nbsp;&nbsp;&nbsp;&nbsp;&nbsp;&nbsp;<a style='color:#000000' href=https:\/\/www.arcope.it\/benedini\/catalogo_bib.php?BIB_CODI=331 target=_self>Mario Portalupi, <i>Senza titolo<\/i>, in \"Notiziario d\u2019Arte\", Roma giugno 1962<\/a><br \/><hr>&nbsp;&nbsp;&nbsp;&nbsp;&nbsp;&nbsp;&nbsp;&nbsp;&nbsp;&nbsp;<a style='color:#000000' href=https:\/\/www.arcope.it\/benedini\/catalogo_bib.php?BIB_CODI=1018 target=_self>Oscar De Marchi, <i>Alla Galleria Bergamini di Milano Espone Gabriella Benedini<\/i>, in \"La Provincia\", Cremona 1 giugno 1962<\/a><br \/><hr>&nbsp;&nbsp;&nbsp;&nbsp;&nbsp;&nbsp;&nbsp;&nbsp;&nbsp;&nbsp;<a style='color:#000000' href=https:\/\/www.arcope.it\/benedini\/catalogo_bib.php?BIB_CODI=1025 target=_self>Ann Thompson, <i>Segment of 6 Pittori di Milano Paintings on view at Gondolier<\/i>, in \"Boulder Camera\", Denver 28 luglio 1962<\/a><br \/><hr>&nbsp;&nbsp;&nbsp;&nbsp;&nbsp;&nbsp;&nbsp;&nbsp;&nbsp;&nbsp;<a style='color:#000000' href=https:\/\/www.arcope.it\/benedini\/catalogo_bib.php?BIB_CODI=11 target=_self><i>Mostra d\u2019arte del cinquantenario 1912-1962<\/i>, presentazione di Franco Solmi, Bologna 1962<\/a><br \/><hr>&nbsp;&nbsp;&nbsp;&nbsp;&nbsp;&nbsp;&nbsp;&nbsp;&nbsp;&nbsp;<a style='color:#000000' href=https:\/\/www.arcope.it\/benedini\/catalogo_bib.php?BIB_CODI=332 target=_self>Raul Capra, <i>Cinque giovani<\/i>, in \"Il Corriere di Novara\", Novara (1962)<\/a><br \/><hr>&nbsp;&nbsp;&nbsp;&nbsp;&nbsp;&nbsp;&nbsp;&nbsp;&nbsp;&nbsp;<a style='color:#000000' href=https:\/\/www.arcope.it\/benedini\/catalogo_bib.php?BIB_CODI=621 target=_self><i>Baratella Benedini Borghi Maffi Ottria<\/i>, presentazione di Carlo Munari, Milano 1962<\/a><br \/><hr>&nbsp;&nbsp;&nbsp;&nbsp;&nbsp;&nbsp;&nbsp;&nbsp;&nbsp;&nbsp;<a style='color:#000000' href=https:\/\/www.arcope.it\/benedini\/catalogo_bib.php?BIB_CODI=333 target=_self>Gian Piero Giani, <i>Mostre d'arte C'\u00e8 chi tenta di uscire dall'astratto<\/i>, in \"L\u2019Avanti\", <i>Cinque pittori, con le loro inquietudini e le loro speranze<\/i>, Milano 26 ottobre 1962<\/a><br \/><hr>&nbsp;&nbsp;&nbsp;&nbsp;&nbsp;&nbsp;&nbsp;&nbsp;&nbsp;&nbsp;<a style='color:#000000' href=https:\/\/www.arcope.it\/benedini\/catalogo_bib.php?BIB_CODI=334 target=_self>Giorgio Kaisserlian, <i>Mostre d'arte. Mostra dei premiati dell'EIDAC<\/i>, in \"Il Popolo\", Milano 27 ottobre 1962<\/a><br \/><hr>&nbsp;&nbsp;&nbsp;&nbsp;&nbsp;&nbsp;&nbsp;&nbsp;&nbsp;&nbsp;<a style='color:#000000' href=https:\/\/www.arcope.it\/benedini\/catalogo_bib.php?BIB_CODI=335 target=_self>Domenico Cara, <i>Gabriella Benedini<\/i>, in \"Il Mercato d\u2019Arte\", Milano novembre 1962<\/a><br \/><hr>&nbsp;&nbsp;&nbsp;&nbsp;&nbsp;&nbsp;&nbsp;&nbsp;&nbsp;&nbsp;<a style='color:#000000' href=https:\/\/www.arcope.it\/benedini\/catalogo_bib.php?BIB_CODI=1116 target=_self>Albano Rossi, <i>Il Premio Sicilia Industria: un successo oltre ogni aspettativa<\/i>, in periodico non identificato, Palermo 1962<\/a><br \/><hr>&nbsp;&nbsp;&nbsp;&nbsp;&nbsp;&nbsp;&nbsp;&nbsp;&nbsp;&nbsp;<a style='color:#000000' href=https:\/\/www.arcope.it\/benedini\/catalogo_bib.php?BIB_CODI=1094 target=_self>Elda Fezzi, <i>il \"Chiodo d'Argento\" alla pittrice cremonese Gabriella Benedini<\/i>, in \"La Provincia\", Cremona 13 dicembre 1962<\/a><br \/><hr>&nbsp;&nbsp;&nbsp;&nbsp;&nbsp;&nbsp;&nbsp;&nbsp;&nbsp;&nbsp;<a style='color:#000000' href=https:\/\/www.arcope.it\/benedini\/catalogo_bib.php?BIB_CODI=963 target=_self><i>1\u00b0 mostra nazionale del \"piccolo dipinto\" premio \"chiodo d'oro\"<\/i>, presentazione di Albano Rossi, Priulla, Palermo 14 dicembre 1962<\/a><br \/><hr><b><font size=6 color='#7F81FF'>1963<\/font><\/b><br>&nbsp;&nbsp;&nbsp;&nbsp;&nbsp;&nbsp;&nbsp;&nbsp;&nbsp;&nbsp;<a style='color:#000000' href=https:\/\/www.arcope.it\/benedini\/catalogo_bib.php?BIB_CODI=337 target=_self>Domenico Cara, <i>Giovane pittura italiana<\/i>, in \"Arte 30 giorni\", Roma gennaio-febbraio 1963<\/a><br \/><hr>&nbsp;&nbsp;&nbsp;&nbsp;&nbsp;&nbsp;&nbsp;&nbsp;&nbsp;&nbsp;<a style='color:#000000' href=https:\/\/www.arcope.it\/benedini\/catalogo_bib.php?BIB_CODI=338 target=_self>Raffaele De Grada, <i>Benedini<\/i>, in \"Arte 30 giorni\", Roma gennaio-febbraio 1963<\/a><br \/><hr>&nbsp;&nbsp;&nbsp;&nbsp;&nbsp;&nbsp;&nbsp;&nbsp;&nbsp;&nbsp;<a style='color:#000000' href=https:\/\/www.arcope.it\/benedini\/catalogo_bib.php?BIB_CODI=339 target=_self>Francesco Carbone, <i>Espone a \"La Parete\" Gabriella Benedini<\/i>, in \"Telestar\", Palermo 11 gennaio 1963<\/a><br \/><hr>&nbsp;&nbsp;&nbsp;&nbsp;&nbsp;&nbsp;&nbsp;&nbsp;&nbsp;&nbsp;<a style='color:#000000' href=https:\/\/www.arcope.it\/benedini\/catalogo_bib.php?BIB_CODI=809 target=_self><i>1\u00b0 Biennale Internazionale di pittura Arte 30 giorni<\/i>, s.l. 1963<\/a><br \/><hr>&nbsp;&nbsp;&nbsp;&nbsp;&nbsp;&nbsp;&nbsp;&nbsp;&nbsp;&nbsp;<a style='color:#000000' href=https:\/\/www.arcope.it\/benedini\/catalogo_bib.php?BIB_CODI=330 target=_self>Carlo Munari, <i>Le mostre Benedini<\/i>, in \"L\u2019Avanti\", Milano 26 maggio 1962<\/a><br \/><hr>&nbsp;&nbsp;&nbsp;&nbsp;&nbsp;&nbsp;&nbsp;&nbsp;&nbsp;&nbsp;<a style='color:#000000' href=https:\/\/www.arcope.it\/benedini\/catalogo_bib.php?BIB_CODI=14 target=_self><i>Mostra di artisti partecipanti al concorso a premi di pittura, scultura e incisione 1963<\/i>, Roma 1963<\/a><br \/><hr>&nbsp;&nbsp;&nbsp;&nbsp;&nbsp;&nbsp;&nbsp;&nbsp;&nbsp;&nbsp;<a style='color:#000000' href=https:\/\/www.arcope.it\/benedini\/catalogo_bib.php?BIB_CODI=15 target=_self><i>6\u00b0 Mostra nazionale di pittura \"Vita e paesaggio di Capo d\u2019Orlando\"<\/i>, Palermo 1963<\/a><br \/><hr>&nbsp;&nbsp;&nbsp;&nbsp;&nbsp;&nbsp;&nbsp;&nbsp;&nbsp;&nbsp;<a style='color:#000000' href=https:\/\/www.arcope.it\/benedini\/catalogo_bib.php?BIB_CODI=16 target=_self><i>Erice Premio di pittura estemporanea \u201cProvincia di Trapani\u201d<\/i>, presentazione di Franco Solmi, Trapani 1963<\/a><br \/><hr>&nbsp;&nbsp;&nbsp;&nbsp;&nbsp;&nbsp;&nbsp;&nbsp;&nbsp;&nbsp;<a style='color:#000000' href=https:\/\/www.arcope.it\/benedini\/catalogo_bib.php?BIB_CODI=17 target=_self><i>Premio Marche 1963 7\u00b0 Mostra Nazionale di Arti Figurative<\/i>, Ancona 1963<\/a><br \/><hr>&nbsp;&nbsp;&nbsp;&nbsp;&nbsp;&nbsp;&nbsp;&nbsp;&nbsp;&nbsp;<a style='color:#000000' href=https:\/\/www.arcope.it\/benedini\/catalogo_bib.php?BIB_CODI=13 target=_self><i>Gabriella Benedini<\/i>, presentazione di Giorgio Kaisserlian, Palermo 1963<\/a><br \/><hr>&nbsp;&nbsp;&nbsp;&nbsp;&nbsp;&nbsp;&nbsp;&nbsp;&nbsp;&nbsp;<a style='color:#000000' href=https:\/\/www.arcope.it\/benedini\/catalogo_bib.php?BIB_CODI=351 target=_self>Maria Poma Basile, <i>Le mostre d'arte a Palermo. Benedini a \"La Parete\"<\/i>, in \"L\u2019Ora di Palermo\", Palermo 30 dicembre 1963<\/a><br \/><hr>&nbsp;&nbsp;&nbsp;&nbsp;&nbsp;&nbsp;&nbsp;&nbsp;&nbsp;&nbsp;<a style='color:#000000' href=https:\/\/www.arcope.it\/benedini\/catalogo_bib.php?BIB_CODI=1014 target=_self><i>La pittrice milanese<\/i>, in periodico non identificato (1963-1964)<\/a><br \/><hr><b><font size=6 color='#7F81FF'>1964<\/font><\/b><br>&nbsp;&nbsp;&nbsp;&nbsp;&nbsp;&nbsp;&nbsp;&nbsp;&nbsp;&nbsp;<a style='color:#000000' href=https:\/\/www.arcope.it\/benedini\/catalogo_bib.php?BIB_CODI=1027 target=_self>Elda Fezzi, <i>Cremonesi alla ribalta A Palermo una personale della pittrice Gabriella Benedini<\/i>, in \"La Provincia\", Cremona 7 gennaio 1964<\/a><br \/><hr>&nbsp;&nbsp;&nbsp;&nbsp;&nbsp;&nbsp;&nbsp;&nbsp;&nbsp;&nbsp;<a style='color:#000000' href=https:\/\/www.arcope.it\/benedini\/catalogo_bib.php?BIB_CODI=19 target=_self><i>Gabriella Benedini<\/i>, presentazione di Giorgio Kaisserlian, Parma 1964<\/a><br \/><hr>&nbsp;&nbsp;&nbsp;&nbsp;&nbsp;&nbsp;&nbsp;&nbsp;&nbsp;&nbsp;<a style='color:#000000' href=https:\/\/www.arcope.it\/benedini\/catalogo_bib.php?BIB_CODI=20 target=_self><i>Oli e tempere di Gabriella Benedini<\/i>, presentazione di Emilio Tadini, Bologna 1964<\/a><br \/><hr>&nbsp;&nbsp;&nbsp;&nbsp;&nbsp;&nbsp;&nbsp;&nbsp;&nbsp;&nbsp;<a style='color:#000000' href=https:\/\/www.arcope.it\/benedini\/catalogo_bib.php?BIB_CODI=343 target=_self>A. (Aurelio) N. (Natali), <i>Mostre d'arte Benedini<\/i>, in \"L'Unit\u00e0\", Milano 20 maggio 1964<\/a><br \/><hr>&nbsp;&nbsp;&nbsp;&nbsp;&nbsp;&nbsp;&nbsp;&nbsp;&nbsp;&nbsp;<a style='color:#000000' href=https:\/\/www.arcope.it\/benedini\/catalogo_bib.php?BIB_CODI=344 target=_self>Franco Solmi, <i>Artisti e Gallerie Benedini<\/i>, in \"Il Resto del Carlino\", Bologna 20 maggio 1964<\/a><br \/><hr>&nbsp;&nbsp;&nbsp;&nbsp;&nbsp;&nbsp;&nbsp;&nbsp;&nbsp;&nbsp;<a style='color:#000000' href=https:\/\/www.arcope.it\/benedini\/catalogo_bib.php?BIB_CODI=347 target=_self>Elda Fezzi, <i>Mostre d'arte. La personale di Gabriella Benedini presentata a Bologna da Emilio Tadini<\/i>, in \"La Provincia\", Cremona 20 maggio 1964<\/a><br \/><hr>&nbsp;&nbsp;&nbsp;&nbsp;&nbsp;&nbsp;&nbsp;&nbsp;&nbsp;&nbsp;<a style='color:#000000' href=https:\/\/www.arcope.it\/benedini\/catalogo_bib.php?BIB_CODI=995 target=_self><i>Pittrice alla ribalta<\/i>, in periodico non identificato (1964)<\/a><br \/><hr>&nbsp;&nbsp;&nbsp;&nbsp;&nbsp;&nbsp;&nbsp;&nbsp;&nbsp;&nbsp;<a style='color:#000000' href=https:\/\/www.arcope.it\/benedini\/catalogo_bib.php?BIB_CODI=1015 target=_self>Tiziano Marcheselli, <i>Chi sono gli artisti di Parma. Benedini, l'\"organica\"\r\n<\/i>, in periodico non identificato (1964)<\/a><br \/><hr>&nbsp;&nbsp;&nbsp;&nbsp;&nbsp;&nbsp;&nbsp;&nbsp;&nbsp;&nbsp;<a style='color:#000000' href=https:\/\/www.arcope.it\/benedini\/catalogo_bib.php?BIB_CODI=346 target=_self>Tiziano Marcheselli, <i>Le mostra d'arte. Gabriella Benedini al \"Teatro\"<\/i>, in \"La Gazzetta di Parma\", Parma 31 maggio 1964<\/a><br \/><hr>&nbsp;&nbsp;&nbsp;&nbsp;&nbsp;&nbsp;&nbsp;&nbsp;&nbsp;&nbsp;<a style='color:#000000' href=https:\/\/www.arcope.it\/benedini\/catalogo_bib.php?BIB_CODI=21 target=_self><i>I Premio Hotel delle Nazioni<\/i>, presentazione di Antenore Magri, Lido delle Nazioni (FE) 1964<\/a><br \/><hr>&nbsp;&nbsp;&nbsp;&nbsp;&nbsp;&nbsp;&nbsp;&nbsp;&nbsp;&nbsp;<a style='color:#000000' href=https:\/\/www.arcope.it\/benedini\/catalogo_bib.php?BIB_CODI=23 target=_self><i>Il piccolo dipinto in Tunisia Parte Seconda-Le opere<\/i>, s.l. 1964<\/a><br \/><hr>&nbsp;&nbsp;&nbsp;&nbsp;&nbsp;&nbsp;&nbsp;&nbsp;&nbsp;&nbsp;<a style='color:#000000' href=https:\/\/www.arcope.it\/benedini\/catalogo_bib.php?BIB_CODI=18 target=_self><i>Benedini<\/i>, presentazione di Elda Fezzi, Cremona 1964<\/a><br \/><hr>&nbsp;&nbsp;&nbsp;&nbsp;&nbsp;&nbsp;&nbsp;&nbsp;&nbsp;&nbsp;<a style='color:#000000' href=https:\/\/www.arcope.it\/benedini\/catalogo_bib.php?BIB_CODI=22 target=_self><i>Albisola \u201864<\/i>, presentazione di Tullio D'Albisola, Savona 1964<\/a><br \/><hr>&nbsp;&nbsp;&nbsp;&nbsp;&nbsp;&nbsp;&nbsp;&nbsp;&nbsp;&nbsp;<a style='color:#000000' href=https:\/\/www.arcope.it\/benedini\/catalogo_bib.php?BIB_CODI=1000 target=_self><i>Incontri: Gabriella Benedini<\/i>, in periodico non identificato (ottobre-novembre 1964)<\/a><br \/><hr>&nbsp;&nbsp;&nbsp;&nbsp;&nbsp;&nbsp;&nbsp;&nbsp;&nbsp;&nbsp;<a style='color:#000000' href=https:\/\/www.arcope.it\/benedini\/catalogo_bib.php?BIB_CODI=1005 target=_self>Elda Fezzi, <i>Mostre d'arte Gabriella Benedini espone al Filodrammatici<\/i>, in (\"La Provincia\") 1964<\/a><br \/><hr>&nbsp;&nbsp;&nbsp;&nbsp;&nbsp;&nbsp;&nbsp;&nbsp;&nbsp;&nbsp;<a style='color:#000000' href=https:\/\/www.arcope.it\/benedini\/catalogo_bib.php?BIB_CODI=1031 target=_self><i>Personali di Cubi e Benedini<\/i>, in (\"La Provincia\"), Cremona [31 ottobre 1964]<\/a><br \/><hr>&nbsp;&nbsp;&nbsp;&nbsp;&nbsp;&nbsp;&nbsp;&nbsp;&nbsp;&nbsp;<a style='color:#000000' href=https:\/\/www.arcope.it\/benedini\/catalogo_bib.php?BIB_CODI=348 target=_self>Mario Ghilardi, <i>Cronache d'arte. Gabriella Benedini al \"Filodrammatici\"<\/i>, in \"La vita cattolica\", Udine 27 dicembre 1964<\/a><br \/><hr><b><font size=6 color='#7F81FF'>1965<\/font><\/b><br>&nbsp;&nbsp;&nbsp;&nbsp;&nbsp;&nbsp;&nbsp;&nbsp;&nbsp;&nbsp;<a style='color:#000000' href=https:\/\/www.arcope.it\/benedini\/catalogo_bib.php?BIB_CODI=26 target=_self><i>IV Premio del disegno<\/i>, Galleria delle Ore, Milano 1965<\/a><br \/><hr>&nbsp;&nbsp;&nbsp;&nbsp;&nbsp;&nbsp;&nbsp;&nbsp;&nbsp;&nbsp;<a style='color:#000000' href=https:\/\/www.arcope.it\/benedini\/catalogo_bib.php?BIB_CODI=31 target=_self><i>Arte Italiana a New York<\/i>, s.l. 1965<\/a><br \/><hr>&nbsp;&nbsp;&nbsp;&nbsp;&nbsp;&nbsp;&nbsp;&nbsp;&nbsp;&nbsp;<a style='color:#000000' href=https:\/\/www.arcope.it\/benedini\/catalogo_bib.php?BIB_CODI=350 target=_self>Giorgio Kaisserlian, <i>Senza titolo<\/i>, in \"Il Popolo\", Roma febbraio 1965<\/a><br \/><hr>&nbsp;&nbsp;&nbsp;&nbsp;&nbsp;&nbsp;&nbsp;&nbsp;&nbsp;&nbsp;<a style='color:#000000' href=https:\/\/www.arcope.it\/benedini\/catalogo_bib.php?BIB_CODI=1110 target=_self>Marco Valsecchi, <i>Senza titolo<\/i>, in \"Il Giorno\", Milano febbario 1965<\/a><br \/><hr>&nbsp;&nbsp;&nbsp;&nbsp;&nbsp;&nbsp;&nbsp;&nbsp;&nbsp;&nbsp;<a style='color:#000000' href=https:\/\/www.arcope.it\/benedini\/catalogo_bib.php?BIB_CODI=25 target=_self><i>Proposte  figurative 1955-1965<\/i>, presentazione di Giorgio Kaisserlian, Milano 1965<\/a><br \/><hr>&nbsp;&nbsp;&nbsp;&nbsp;&nbsp;&nbsp;&nbsp;&nbsp;&nbsp;&nbsp;<a style='color:#000000' href=https:\/\/www.arcope.it\/benedini\/catalogo_bib.php?BIB_CODI=27 target=_self><i>Premio Nazionale del disegno<\/i>, Parma 1965<\/a><br \/><hr>&nbsp;&nbsp;&nbsp;&nbsp;&nbsp;&nbsp;&nbsp;&nbsp;&nbsp;&nbsp;<a style='color:#000000' href=https:\/\/www.arcope.it\/benedini\/catalogo_bib.php?BIB_CODI=1558 target=_self><i>Comune di Castelleone VI Mostra <\/i>, s.l. maggio 1965<\/a><br \/><hr>&nbsp;&nbsp;&nbsp;&nbsp;&nbsp;&nbsp;&nbsp;&nbsp;&nbsp;&nbsp;<a style='color:#000000' href=https:\/\/www.arcope.it\/benedini\/catalogo_bib.php?BIB_CODI=1559 target=_self><i>Il gallo d'oro di Auronzo 1965<\/i> <i>Premio nazionale di pittura contemporanea<\/i>, s.l. luglio 1965<\/a><br \/><hr>&nbsp;&nbsp;&nbsp;&nbsp;&nbsp;&nbsp;&nbsp;&nbsp;&nbsp;&nbsp;<a style='color:#000000' href=https:\/\/www.arcope.it\/benedini\/catalogo_bib.php?BIB_CODI=28 target=_self><i>Il muro dipinto. Concorso internazionale di pittura murale<\/i>, Dozza (BO) 1965<\/a><br \/><hr>&nbsp;&nbsp;&nbsp;&nbsp;&nbsp;&nbsp;&nbsp;&nbsp;&nbsp;&nbsp;<a style='color:#000000' href=https:\/\/www.arcope.it\/benedini\/catalogo_bib.php?BIB_CODI=1095 target=_self><i>6\u00b0 Premio Bollate di pittura contemporanea<\/i>, presentazione di Franco Passoni, Biblioteca Comunale Popolare, Bollate (MI) 12 settembre 1965<\/a><br \/><hr>&nbsp;&nbsp;&nbsp;&nbsp;&nbsp;&nbsp;&nbsp;&nbsp;&nbsp;&nbsp;<a style='color:#000000' href=https:\/\/www.arcope.it\/benedini\/catalogo_bib.php?BIB_CODI=650 target=_self><i>Gabtriella Benedini affermazione a Dozza<\/i>, in periodico non identificato (1965)<\/a><br \/><hr>&nbsp;&nbsp;&nbsp;&nbsp;&nbsp;&nbsp;&nbsp;&nbsp;&nbsp;&nbsp;<a style='color:#000000' href=https:\/\/www.arcope.it\/benedini\/catalogo_bib.php?BIB_CODI=24 target=_self><i>IX Quadriennale Nazionale d\u2019arte di Roma<\/i>, De Luca Editore, Roma 1965<\/a><br \/><hr>&nbsp;&nbsp;&nbsp;&nbsp;&nbsp;&nbsp;&nbsp;&nbsp;&nbsp;&nbsp;<a style='color:#000000' href=https:\/\/www.arcope.it\/benedini\/catalogo_bib.php?BIB_CODI=29 target=_self><i>3\u00b0 Premio Cinisello Balsamo Mostra Nazionale di pittura contemporanea e del bianco e nero<\/i>, presentazione di Dino Buzzati, Sesto S. Giovanni (MI) 1965<\/a><br \/><hr>&nbsp;&nbsp;&nbsp;&nbsp;&nbsp;&nbsp;&nbsp;&nbsp;&nbsp;&nbsp;<a style='color:#000000' href=https:\/\/www.arcope.it\/benedini\/catalogo_bib.php?BIB_CODI=30 target=_self><i>V Premio del disegno<\/i>, Galleria delle Ore, Milano 1965<\/a><br \/><hr>&nbsp;&nbsp;&nbsp;&nbsp;&nbsp;&nbsp;&nbsp;&nbsp;&nbsp;&nbsp;<a style='color:#000000' href=https:\/\/www.arcope.it\/benedini\/catalogo_bib.php?BIB_CODI=1572 target=_self>Enotrio Mastrolonardo, <i>3\u00b0 Premio Cinisello Balsamo Mostra nazionale di pittura contemporanea e del bianco e nero<\/i>, in \"D'Ars Agency\", Milano 1965<\/a><br \/><hr><b><font size=6 color='#7F81FF'>1966<\/font><\/b><br>&nbsp;&nbsp;&nbsp;&nbsp;&nbsp;&nbsp;&nbsp;&nbsp;&nbsp;&nbsp;<a style='color:#000000' href=https:\/\/www.arcope.it\/benedini\/catalogo_bib.php?BIB_CODI=34 target=_self><i>XI Concorso nazionale di pittura Premio Ramazzotti<\/i>, Milano 1966<\/a><br \/><hr>&nbsp;&nbsp;&nbsp;&nbsp;&nbsp;&nbsp;&nbsp;&nbsp;&nbsp;&nbsp;<a style='color:#000000' href=https:\/\/www.arcope.it\/benedini\/catalogo_bib.php?BIB_CODI=1013 target=_self><i>Premiata G. Benedini all'XI concorso Ramazzotti<\/i>, in periodico non identificato (gennaio 1966)<\/a><br \/><hr>&nbsp;&nbsp;&nbsp;&nbsp;&nbsp;&nbsp;&nbsp;&nbsp;&nbsp;&nbsp;<a style='color:#000000' href=https:\/\/www.arcope.it\/benedini\/catalogo_bib.php?BIB_CODI=354 target=_self>Marco Valsecchi, <i>Nei saloni di Palazzo Reale la mostra del Premio Ramazzotti \u201865. Panorama della \u201cnuova figurazione\u201d nelle opere di 127 giovani pittori<\/i>, in \"Il Giorno\",  Milano 18 gennaio 1966<\/a><br \/><hr>&nbsp;&nbsp;&nbsp;&nbsp;&nbsp;&nbsp;&nbsp;&nbsp;&nbsp;&nbsp;<a style='color:#000000' href=https:\/\/www.arcope.it\/benedini\/catalogo_bib.php?BIB_CODI=1097 target=_self><i>1\u00b0 Premio di pittura Ottavio Cabiati<\/i>, presentazione di Giorgio Kaisserlian, Edizioni Stefanoni, Lecco 1966<\/a><br \/><hr>&nbsp;&nbsp;&nbsp;&nbsp;&nbsp;&nbsp;&nbsp;&nbsp;&nbsp;&nbsp;<a style='color:#000000' href=https:\/\/www.arcope.it\/benedini\/catalogo_bib.php?BIB_CODI=1550 target=_self><i>Premio Internazionale di arte contemporanea. Targa d'oro Hotel delle Nazioni 1966. Terza edizione - Bianco e nero<\/i>, s.l. maggio 1966<\/a><br \/><hr>&nbsp;&nbsp;&nbsp;&nbsp;&nbsp;&nbsp;&nbsp;&nbsp;&nbsp;&nbsp;<a style='color:#000000' href=https:\/\/www.arcope.it\/benedini\/catalogo_bib.php?BIB_CODI=1096 target=_self><i>1\u00b0 Premio di Pittura Viadana \"Uomo 66\"<\/i>, Viadana (MN) 1966<\/a><br \/><hr>&nbsp;&nbsp;&nbsp;&nbsp;&nbsp;&nbsp;&nbsp;&nbsp;&nbsp;&nbsp;<a style='color:#000000' href=https:\/\/www.arcope.it\/benedini\/catalogo_bib.php?BIB_CODI=1102 target=_self><i>4\u00b0 Premio Soragna di bianco e nero<\/i>, presentazione di Marco Valsecchi, s.l. 1966<\/a><br \/><hr>&nbsp;&nbsp;&nbsp;&nbsp;&nbsp;&nbsp;&nbsp;&nbsp;&nbsp;&nbsp;<a style='color:#000000' href=https:\/\/www.arcope.it\/benedini\/catalogo_bib.php?BIB_CODI=1565 target=_self><i>VIII Premio Nazionale di Pittura Silvestro Lega<\/i>, s.l. 1966<\/a><br \/><hr>&nbsp;&nbsp;&nbsp;&nbsp;&nbsp;&nbsp;&nbsp;&nbsp;&nbsp;&nbsp;<a style='color:#000000' href=https:\/\/www.arcope.it\/benedini\/catalogo_bib.php?BIB_CODI=32 target=_self><i>Mostre del settembre 1966<\/i> <i>VIII Premio Nazionale di pittura \"Silvestro Lega\"<\/i>, Faenza (RA) 1966<\/a><br \/><hr>&nbsp;&nbsp;&nbsp;&nbsp;&nbsp;&nbsp;&nbsp;&nbsp;&nbsp;&nbsp;<a style='color:#000000' href=https:\/\/www.arcope.it\/benedini\/catalogo_bib.php?BIB_CODI=808 target=_self><i>XIX Premio Suzzara Mostra nazionale pittura scultura bianconero<\/i> <i>\"Lavoro e lavoratori nell'arte\"<\/i>, s.l. 1966<\/a><br \/><hr>&nbsp;&nbsp;&nbsp;&nbsp;&nbsp;&nbsp;&nbsp;&nbsp;&nbsp;&nbsp;<a style='color:#000000' href=https:\/\/www.arcope.it\/benedini\/catalogo_bib.php?BIB_CODI=35 target=_self><i>VIII\u00b0 Premio Nazionale di pittura citt\u00e0 di Gallarate<\/i>, Gallarate (VA) 1966<\/a><br \/><hr>&nbsp;&nbsp;&nbsp;&nbsp;&nbsp;&nbsp;&nbsp;&nbsp;&nbsp;&nbsp;<a style='color:#000000' href=https:\/\/www.arcope.it\/benedini\/catalogo_bib.php?BIB_CODI=33 target=_self><i>Premio Nazionale di pittura Pordenone<\/i>, Pordenone 1966<\/a><br \/><hr><b><font size=6 color='#7F81FF'>1967<\/font><\/b><br>&nbsp;&nbsp;&nbsp;&nbsp;&nbsp;&nbsp;&nbsp;&nbsp;&nbsp;&nbsp;<a style='color:#000000' href=https:\/\/www.arcope.it\/benedini\/catalogo_bib.php?BIB_CODI=36 target=_self><i>XII Concorso nazionale di pittura Premio Ramazzotti<\/i>, Milano 1967<\/a><br \/><hr>&nbsp;&nbsp;&nbsp;&nbsp;&nbsp;&nbsp;&nbsp;&nbsp;&nbsp;&nbsp;<a style='color:#000000' href=https:\/\/www.arcope.it\/benedini\/catalogo_bib.php?BIB_CODI=38 target=_self><i>5\u00b0 Premio Soragna di bianco e nero e omaggio ad Atanasio Soldati<\/i>, a cura di Marco Valsecchi, presentazione di Marco Valsecchi, Parma 1967<\/a><br \/><hr>&nbsp;&nbsp;&nbsp;&nbsp;&nbsp;&nbsp;&nbsp;&nbsp;&nbsp;&nbsp;<a style='color:#000000' href=https:\/\/www.arcope.it\/benedini\/catalogo_bib.php?BIB_CODI=37 target=_self><i>18\u00b0 Mostra d\u2019arte contemporanea<\/i>, presentazione di Luciano Cherchi, Torre Pellice (TO) 1967<\/a><br \/><hr>&nbsp;&nbsp;&nbsp;&nbsp;&nbsp;&nbsp;&nbsp;&nbsp;&nbsp;&nbsp;<a style='color:#000000' href=https:\/\/www.arcope.it\/benedini\/catalogo_bib.php?BIB_CODI=357 target=_self>Elda Fezzi, <i>Senza titolo<\/i>, in \"Le Arti\", Milano dicembre 1967<\/a><br \/><hr><b><font size=6 color='#7F81FF'>1968<\/font><\/b><br>&nbsp;&nbsp;&nbsp;&nbsp;&nbsp;&nbsp;&nbsp;&nbsp;&nbsp;&nbsp;<a style='color:#000000' href=https:\/\/www.arcope.it\/benedini\/catalogo_bib.php?BIB_CODI=39 target=_self><i>Benedini<\/i>, presentazione di Gabriella Benedini, Milano 1968<\/a><br \/><hr>&nbsp;&nbsp;&nbsp;&nbsp;&nbsp;&nbsp;&nbsp;&nbsp;&nbsp;&nbsp;<a style='color:#000000' href=https:\/\/www.arcope.it\/benedini\/catalogo_bib.php?BIB_CODI=604 target=_self><i>Gabriella Benedini. Mostra personale<\/i>, presentazione di Gabriella Benedini, Parma 1968<\/a><br \/><hr>&nbsp;&nbsp;&nbsp;&nbsp;&nbsp;&nbsp;&nbsp;&nbsp;&nbsp;&nbsp;<a style='color:#000000' href=https:\/\/www.arcope.it\/benedini\/catalogo_bib.php?BIB_CODI=1107 target=_self><i>Milano Gabriella Benedini alla Bergamini<\/i>, in \"Nazione sera\", Firenze 16 febbraio 1968<\/a><br \/><hr>&nbsp;&nbsp;&nbsp;&nbsp;&nbsp;&nbsp;&nbsp;&nbsp;&nbsp;&nbsp;<a style='color:#000000' href=https:\/\/www.arcope.it\/benedini\/catalogo_bib.php?BIB_CODI=359 target=_self>Dino Buzzati, <i>Mostre d'arte Gabriella Benedini<\/i>, in \"Corriere della Sera\", Milano 15 febbraio 1968<\/a><br \/><hr>&nbsp;&nbsp;&nbsp;&nbsp;&nbsp;&nbsp;&nbsp;&nbsp;&nbsp;&nbsp;<a style='color:#000000' href=https:\/\/www.arcope.it\/benedini\/catalogo_bib.php?BIB_CODI=360 target=_self>Marco Valsecchi, <i>Gli spazi allusivi Gabriella Benedini<\/i>, in \"Il Giorno\", Milano 15 febbraio 1968<\/a><br \/><hr>&nbsp;&nbsp;&nbsp;&nbsp;&nbsp;&nbsp;&nbsp;&nbsp;&nbsp;&nbsp;<a style='color:#000000' href=https:\/\/www.arcope.it\/benedini\/catalogo_bib.php?BIB_CODI=1052 target=_self>Franco Passoni, <i>Senza titolo<\/i>, in \"Avanti\", Milano 15 febbraio 1968<\/a><br \/><hr>&nbsp;&nbsp;&nbsp;&nbsp;&nbsp;&nbsp;&nbsp;&nbsp;&nbsp;&nbsp;<a style='color:#000000' href=https:\/\/www.arcope.it\/benedini\/catalogo_bib.php?BIB_CODI=361 target=_self>Gianni Cavazzini, <i>Le mostre d'arte a Milano la pittura della Benedini<\/i>, in \"La Gazzetta di Parma\", Parma 17 febbraio 1968<\/a><br \/><hr>&nbsp;&nbsp;&nbsp;&nbsp;&nbsp;&nbsp;&nbsp;&nbsp;&nbsp;&nbsp;<a style='color:#000000' href=https:\/\/www.arcope.it\/benedini\/catalogo_bib.php?BIB_CODI=362 target=_self>Mario De Micheli, <i>Mostre d'arte Benedini<\/i>, in \"L\u2019Unit\u00e0\", Milano 18 febbraio 1968<\/a><br \/><hr>&nbsp;&nbsp;&nbsp;&nbsp;&nbsp;&nbsp;&nbsp;&nbsp;&nbsp;&nbsp;<a style='color:#000000' href=https:\/\/www.arcope.it\/benedini\/catalogo_bib.php?BIB_CODI=1240 target=_self>Mario Portalupi, <i>Senza titolo<\/i>, in \"La notte\", Milano 20 febbraio 1968<\/a><br \/><hr>&nbsp;&nbsp;&nbsp;&nbsp;&nbsp;&nbsp;&nbsp;&nbsp;&nbsp;&nbsp;<a style='color:#000000' href=https:\/\/www.arcope.it\/benedini\/catalogo_bib.php?BIB_CODI=1009 target=_self>Giorgio Kaisserlian, <i>Mostre milanesi. Secondo Futurismo e avanguardia. Gabriela Benedini dal surrealismo al neo-figurativo G. Benedinii<\/i>, in \"Il popolo di Roma\", Roma 22 febbraio 1968<\/a><br \/><hr>&nbsp;&nbsp;&nbsp;&nbsp;&nbsp;&nbsp;&nbsp;&nbsp;&nbsp;&nbsp;<a style='color:#000000' href=https:\/\/www.arcope.it\/benedini\/catalogo_bib.php?BIB_CODI=1011 target=_self><i>Cronache d'arte<\/i>, in \"Gazzetta di Vigevano\", Vigevano (PV) 28 febbraio 1968<\/a><br \/><hr>&nbsp;&nbsp;&nbsp;&nbsp;&nbsp;&nbsp;&nbsp;&nbsp;&nbsp;&nbsp;<a style='color:#000000' href=https:\/\/www.arcope.it\/benedini\/catalogo_bib.php?BIB_CODI=363 target=_self>Filippo Abbiati, <i>Arte. Gabriella Benedini<\/i>, in \"Panorama\", Milano 29 febbraio 1968<\/a><br \/><hr>&nbsp;&nbsp;&nbsp;&nbsp;&nbsp;&nbsp;&nbsp;&nbsp;&nbsp;&nbsp;<a style='color:#000000' href=https:\/\/www.arcope.it\/benedini\/catalogo_bib.php?BIB_CODI=1010 target=_self><i>Gabriella Benedini ha esposto a Milano<\/i>, in \"La Provicnia di Cremona\", Cremona 7 marzo 1968<\/a><br \/><hr>&nbsp;&nbsp;&nbsp;&nbsp;&nbsp;&nbsp;&nbsp;&nbsp;&nbsp;&nbsp;<a style='color:#000000' href=https:\/\/www.arcope.it\/benedini\/catalogo_bib.php?BIB_CODI=364 target=_self>Gianni Cavazzini, <i>Le mostre d'arte. Gabriella Benedini alla \"Ruota\"<\/i>, in \"La Gazzetta di Parma\", Parma 3 aprile 1968<\/a><br \/><hr>&nbsp;&nbsp;&nbsp;&nbsp;&nbsp;&nbsp;&nbsp;&nbsp;&nbsp;&nbsp;<a style='color:#000000' href=https:\/\/www.arcope.it\/benedini\/catalogo_bib.php?BIB_CODI=70 target=_self>Garibaldo Marussi, <i>Senza titolo<\/i>, Milano maggio 1968<\/a><br \/><hr>&nbsp;&nbsp;&nbsp;&nbsp;&nbsp;&nbsp;&nbsp;&nbsp;&nbsp;&nbsp;<a style='color:#000000' href=https:\/\/www.arcope.it\/benedini\/catalogo_bib.php?BIB_CODI=40 target=_self><i>Benedini<\/i>, presentazione di Franco Russoli, Livorno 1968<\/a><br \/><hr>&nbsp;&nbsp;&nbsp;&nbsp;&nbsp;&nbsp;&nbsp;&nbsp;&nbsp;&nbsp;<a style='color:#000000' href=https:\/\/www.arcope.it\/benedini\/catalogo_bib.php?BIB_CODI=41 target=_self><i>Tredicesima rassegna nazionale di pittura Ramazzotti<\/i>, presentazione di Giorgio Kaisserlian, Milano 1968<\/a><br \/><hr>&nbsp;&nbsp;&nbsp;&nbsp;&nbsp;&nbsp;&nbsp;&nbsp;&nbsp;&nbsp;<a style='color:#000000' href=https:\/\/www.arcope.it\/benedini\/catalogo_bib.php?BIB_CODI=1012 target=_self><i>Aperta la mostra a Palazzo Reale di Milno. \"Ramazzotti\" modificato: acquisti anzich\u00e9 premi<\/i>, in periodico non identificato dicembre 1968<\/a><br \/><hr>&nbsp;&nbsp;&nbsp;&nbsp;&nbsp;&nbsp;&nbsp;&nbsp;&nbsp;&nbsp;<a style='color:#000000' href=https:\/\/www.arcope.it\/benedini\/catalogo_bib.php?BIB_CODI=620 target=_self><i>Mostra personale di Benedini<\/i>, presentazione di Franco Russoli, s.l. 1968<\/a><br \/><hr><b><font size=6 color='#7F81FF'>1969<\/font><\/b><br>&nbsp;&nbsp;&nbsp;&nbsp;&nbsp;&nbsp;&nbsp;&nbsp;&nbsp;&nbsp;<a style='color:#000000' href=https:\/\/www.arcope.it\/benedini\/catalogo_bib.php?BIB_CODI=42 target=_self><i>G. Benedini A.<\/i>, Reggio Emilia 1969<\/a><br \/><hr>&nbsp;&nbsp;&nbsp;&nbsp;&nbsp;&nbsp;&nbsp;&nbsp;&nbsp;&nbsp;<a style='color:#000000' href=https:\/\/www.arcope.it\/benedini\/catalogo_bib.php?BIB_CODI=827 target=_self><i>G. Benedini A.<\/i>, presentazione di Mario De Micheli, Siro Teodorani, Milano 1969<\/a><br \/><hr>&nbsp;&nbsp;&nbsp;&nbsp;&nbsp;&nbsp;&nbsp;&nbsp;&nbsp;&nbsp;<a style='color:#000000' href=https:\/\/www.arcope.it\/benedini\/catalogo_bib.php?BIB_CODI=366 target=_self>Umberto Benedetto, <i>Reazioni immediate al futuro G. Benedini<\/i>, in \"La Strada\", Brescia aprile 1969<\/a><br \/><hr>&nbsp;&nbsp;&nbsp;&nbsp;&nbsp;&nbsp;&nbsp;&nbsp;&nbsp;&nbsp;<a style='color:#000000' href=https:\/\/www.arcope.it\/benedini\/catalogo_bib.php?BIB_CODI=368 target=_self><i>Gabriella Benedini al Cavalletto di Brescia<\/i>, in periodico non identificato, Brescia aprile 1969<\/a><br \/><hr>&nbsp;&nbsp;&nbsp;&nbsp;&nbsp;&nbsp;&nbsp;&nbsp;&nbsp;&nbsp;<a style='color:#000000' href=https:\/\/www.arcope.it\/benedini\/catalogo_bib.php?BIB_CODI=367 target=_self><i>Mostre d'arte Gabriella Benedini alla \"Rinascita\"<\/i>, in \"L'Unit\u00e0\", Milano 11 aprile 1969<\/a><br \/><hr>&nbsp;&nbsp;&nbsp;&nbsp;&nbsp;&nbsp;&nbsp;&nbsp;&nbsp;&nbsp;<a style='color:#000000' href=https:\/\/www.arcope.it\/benedini\/catalogo_bib.php?BIB_CODI=1028 target=_self>Elvira Cassa Salvi, <i>Mostre d'arte. G. Benedini A.<\/i>, in \"Giornale di Brescia\", Brescia 25 aprile 1969<\/a><br \/><hr>&nbsp;&nbsp;&nbsp;&nbsp;&nbsp;&nbsp;&nbsp;&nbsp;&nbsp;&nbsp;<a style='color:#000000' href=https:\/\/www.arcope.it\/benedini\/catalogo_bib.php?BIB_CODI=625 target=_self><i>G. Benedini A.<\/i>, presentazione di Franco Russoli, Brescia 1969<\/a><br \/><hr>&nbsp;&nbsp;&nbsp;&nbsp;&nbsp;&nbsp;&nbsp;&nbsp;&nbsp;&nbsp;<a style='color:#000000' href=https:\/\/www.arcope.it\/benedini\/catalogo_bib.php?BIB_CODI=1029 target=_self><i>Benedini Azzoni alla \"Cavalletto\"<\/i>, in \"La voce del popolo\" 3 maggio 1969<\/a><br \/><hr>&nbsp;&nbsp;&nbsp;&nbsp;&nbsp;&nbsp;&nbsp;&nbsp;&nbsp;&nbsp;<a style='color:#000000' href=https:\/\/www.arcope.it\/benedini\/catalogo_bib.php?BIB_CODI=1566 target=_self>G. S., <i>Senza titolo<\/i>, in \"La Voce\" 3 maggio 1969<\/a><br \/><hr>&nbsp;&nbsp;&nbsp;&nbsp;&nbsp;&nbsp;&nbsp;&nbsp;&nbsp;&nbsp;<a style='color:#000000' href=https:\/\/www.arcope.it\/benedini\/catalogo_bib.php?BIB_CODI=626 target=_self><i>G. Benedini A.<\/i>, presentazione di Franco Russoli, Cremona 1969<\/a><br \/><hr>&nbsp;&nbsp;&nbsp;&nbsp;&nbsp;&nbsp;&nbsp;&nbsp;&nbsp;&nbsp;<a style='color:#000000' href=https:\/\/www.arcope.it\/benedini\/catalogo_bib.php?BIB_CODI=369 target=_self>Elda Fezzi, <i>Gabriella Benendini alla \"Cornice\"<\/i>, in \"La Provincia\", Cremona 17 dicembre 1969<\/a><br \/><hr><b><font size=6 color='#7F81FF'>1970<\/font><\/b><br>&nbsp;&nbsp;&nbsp;&nbsp;&nbsp;&nbsp;&nbsp;&nbsp;&nbsp;&nbsp;<a style='color:#000000' href=https:\/\/www.arcope.it\/benedini\/catalogo_bib.php?BIB_CODI=1057 target=_self>Elda Fezzi, <i>Cremona Galleria Cornice: Gabriella Benedini<\/i>, in \"NAC\", Milano 1 gennaio 1970<\/a><br \/><hr>&nbsp;&nbsp;&nbsp;&nbsp;&nbsp;&nbsp;&nbsp;&nbsp;&nbsp;&nbsp;<a style='color:#000000' href=https:\/\/www.arcope.it\/benedini\/catalogo_bib.php?BIB_CODI=1567 target=_self>Elda Fezzi, <i>Senza titolo<\/i>, in \"La Provincia\", Cremona gennaio 1970<\/a><br \/><hr>&nbsp;&nbsp;&nbsp;&nbsp;&nbsp;&nbsp;&nbsp;&nbsp;&nbsp;&nbsp;<a style='color:#000000' href=https:\/\/www.arcope.it\/benedini\/catalogo_bib.php?BIB_CODI=825 target=_self><i>G. Benedini A.<\/i>, presentazione di Gabriella Benedini, s.l. 1970<\/a><br \/><hr>&nbsp;&nbsp;&nbsp;&nbsp;&nbsp;&nbsp;&nbsp;&nbsp;&nbsp;&nbsp;<a style='color:#000000' href=https:\/\/www.arcope.it\/benedini\/catalogo_bib.php?BIB_CODI=1111 target=_self>Giorgio Ruggeri, <i>Senza titolo<\/i>, in \"Il Resto del Carlino\", Bologna aprile 1970<\/a><br \/><hr>&nbsp;&nbsp;&nbsp;&nbsp;&nbsp;&nbsp;&nbsp;&nbsp;&nbsp;&nbsp;<a style='color:#000000' href=https:\/\/www.arcope.it\/benedini\/catalogo_bib.php?BIB_CODI=372 target=_self>Candido Bonvicini, <i>Andiamo in galleria. La simbologia di Gabriella Benedini<\/i>, in \"Il Resto del Carlino\", Bologna 13 aprile 1970<\/a><br \/><hr>&nbsp;&nbsp;&nbsp;&nbsp;&nbsp;&nbsp;&nbsp;&nbsp;&nbsp;&nbsp;<a style='color:#000000' href=https:\/\/www.arcope.it\/benedini\/catalogo_bib.php?BIB_CODI=373 target=_self>Carlo Munari, <i>Senza titolo<\/i>, in \"Linea Grafica\",  Milano  luglio 1970<\/a><br \/><hr>&nbsp;&nbsp;&nbsp;&nbsp;&nbsp;&nbsp;&nbsp;&nbsp;&nbsp;&nbsp;<a style='color:#000000' href=https:\/\/www.arcope.it\/benedini\/catalogo_bib.php?BIB_CODI=374 target=_self>Renzo Modesti, <i>Senza titolo<\/i>, in \"Notizie d\u2019Arte\", Milano  novembre 1970<\/a><br \/><hr>&nbsp;&nbsp;&nbsp;&nbsp;&nbsp;&nbsp;&nbsp;&nbsp;&nbsp;&nbsp;<a style='color:#000000' href=https:\/\/www.arcope.it\/benedini\/catalogo_bib.php?BIB_CODI=43 target=_self><i>X Premio del disegno<\/i>, Galleria delle Ore, Milano 1970<\/a><br \/><hr><b><font size=6 color='#7F81FF'>1971<\/font><\/b><br>&nbsp;&nbsp;&nbsp;&nbsp;&nbsp;&nbsp;&nbsp;&nbsp;&nbsp;&nbsp;<a style='color:#000000' href=https:\/\/www.arcope.it\/benedini\/catalogo_bib.php?BIB_CODI=44 target=_self><i>G. Benedini A.<\/i>, presentazione di Mario De Micheli, Chiasso 1971<\/a><br \/><hr>&nbsp;&nbsp;&nbsp;&nbsp;&nbsp;&nbsp;&nbsp;&nbsp;&nbsp;&nbsp;<a style='color:#000000' href=https:\/\/www.arcope.it\/benedini\/catalogo_bib.php?BIB_CODI=1008 target=_self><i>Aperta alla \"Mosaico\" di Chiasso la mostra della pitrice Benedini<\/i>, in periodico non identificato ([1971)<\/a><br \/><hr>&nbsp;&nbsp;&nbsp;&nbsp;&nbsp;&nbsp;&nbsp;&nbsp;&nbsp;&nbsp;<a style='color:#000000' href=https:\/\/www.arcope.it\/benedini\/catalogo_bib.php?BIB_CODI=377 target=_self>G. Macconi, <i>Inaugurata ieri sera alla \"Mosaico\" la mostra della pittrice Gabriella Benedini<\/i>, in \"Corriere del Ticino\", Lugano (12 marzo 1971)<\/a><br \/><hr>&nbsp;&nbsp;&nbsp;&nbsp;&nbsp;&nbsp;&nbsp;&nbsp;&nbsp;&nbsp;<a style='color:#000000' href=https:\/\/www.arcope.it\/benedini\/catalogo_bib.php?BIB_CODI=1007 target=_self><i>Gioved\u00ec alla Mosaico. di Chiasso La \"vernice della mostra di Gabriella Benedini<\/i>, in \"Corriere del Ticino\", Lugano 13 marzo 1971<\/a><br \/><hr>&nbsp;&nbsp;&nbsp;&nbsp;&nbsp;&nbsp;&nbsp;&nbsp;&nbsp;&nbsp;<a style='color:#000000' href=https:\/\/www.arcope.it\/benedini\/catalogo_bib.php?BIB_CODI=842 target=_self>Gabriella Benedini, Alberto Modesti, <i>Parole e segni - Litografie<\/i>, La Spirale, Milano 1971<\/a><br \/><hr>&nbsp;&nbsp;&nbsp;&nbsp;&nbsp;&nbsp;&nbsp;&nbsp;&nbsp;&nbsp;<a style='color:#000000' href=https:\/\/www.arcope.it\/benedini\/catalogo_bib.php?BIB_CODI=603 target=_self><i>G. Benedini A.<\/i>, presentazione di Mario De Micheli, Ferrara 1971<\/a><br \/><hr><b><font size=6 color='#7F81FF'>1972<\/font><\/b><br>&nbsp;&nbsp;&nbsp;&nbsp;&nbsp;&nbsp;&nbsp;&nbsp;&nbsp;&nbsp;<a style='color:#000000' href=https:\/\/www.arcope.it\/benedini\/catalogo_bib.php?BIB_CODI=379 target=_self>Elda Fezzi, <i>Gabriella Benedini a Ferrara<\/i>, in \"La Provincia\", Cremona gennaio 1972<\/a><br \/><hr>&nbsp;&nbsp;&nbsp;&nbsp;&nbsp;&nbsp;&nbsp;&nbsp;&nbsp;&nbsp;<a style='color:#000000' href=https:\/\/www.arcope.it\/benedini\/catalogo_bib.php?BIB_CODI=817 target=_self><i>Senza titolo<\/i>, in \"Il conoscitore di stampe\", Milano marzo-aprile 1972<\/a><br \/><hr>&nbsp;&nbsp;&nbsp;&nbsp;&nbsp;&nbsp;&nbsp;&nbsp;&nbsp;&nbsp;<a style='color:#000000' href=https:\/\/www.arcope.it\/benedini\/catalogo_bib.php?BIB_CODI=46 target=_self><i>XXVI Mostra nazionale di pittura F.P. Michetti<\/i>, presentazione di Marcello Venturoli, Francavilla al Mare (CH) 1972<\/a><br \/><hr>&nbsp;&nbsp;&nbsp;&nbsp;&nbsp;&nbsp;&nbsp;&nbsp;&nbsp;&nbsp;<a style='color:#000000' href=https:\/\/www.arcope.it\/benedini\/catalogo_bib.php?BIB_CODI=48 target=_self><i>IV Biennale di arte grafica italiana contemporanea<\/i>, Faenza (RA) 1972<\/a><br \/><hr>&nbsp;&nbsp;&nbsp;&nbsp;&nbsp;&nbsp;&nbsp;&nbsp;&nbsp;&nbsp;<a style='color:#000000' href=https:\/\/www.arcope.it\/benedini\/catalogo_bib.php?BIB_CODI=380 target=_self>Gianni Cavazzini, <i>Ferrara-Gabriella Benedini<\/i>, in \"NAC\",  Milano aprile  1972<\/a><br \/><hr>&nbsp;&nbsp;&nbsp;&nbsp;&nbsp;&nbsp;&nbsp;&nbsp;&nbsp;&nbsp;<a style='color:#000000' href=https:\/\/www.arcope.it\/benedini\/catalogo_bib.php?BIB_CODI=47 target=_self><i>LXXII Mostra annuale d\u2019arte della Regione Lombarda<\/i>, Milano 1972<\/a><br \/><hr>&nbsp;&nbsp;&nbsp;&nbsp;&nbsp;&nbsp;&nbsp;&nbsp;&nbsp;&nbsp;<a style='color:#000000' href=https:\/\/www.arcope.it\/benedini\/catalogo_bib.php?BIB_CODI=45 target=_self><i>Gabriella Benedini<\/i>, presentazione di Gianni Cavazzini, Parma 1972<\/a><br \/><hr>&nbsp;&nbsp;&nbsp;&nbsp;&nbsp;&nbsp;&nbsp;&nbsp;&nbsp;&nbsp;<a style='color:#000000' href=https:\/\/www.arcope.it\/benedini\/catalogo_bib.php?BIB_CODI=1426 target=_self>Gianni Cavazzini, <i>Senza titolo<\/i>, in \"Gazzetta di Parma\", Parma novembre 1972<\/a><br \/><hr><b><font size=6 color='#7F81FF'>1973<\/font><\/b><br>&nbsp;&nbsp;&nbsp;&nbsp;&nbsp;&nbsp;&nbsp;&nbsp;&nbsp;&nbsp;<a style='color:#000000' href=https:\/\/www.arcope.it\/benedini\/catalogo_bib.php?BIB_CODI=49 target=_self><i>Premio Nazionale di pittura citt\u00e0 di Gallarate 9 edizione<\/i>, Gallarate (VA) 1973<\/a><br \/><hr>&nbsp;&nbsp;&nbsp;&nbsp;&nbsp;&nbsp;&nbsp;&nbsp;&nbsp;&nbsp;<a style='color:#000000' href=https:\/\/www.arcope.it\/benedini\/catalogo_bib.php?BIB_CODI=1568 target=_self>Giorgio Mascherpa, <i>Senza titolo<\/i>, in \"Avanti\", Milano maggio 1973<\/a><br \/><hr><b><font size=6 color='#7F81FF'>1974<\/font><\/b><br>&nbsp;&nbsp;&nbsp;&nbsp;&nbsp;&nbsp;&nbsp;&nbsp;&nbsp;&nbsp;<a style='color:#000000' href=https:\/\/www.arcope.it\/benedini\/catalogo_bib.php?BIB_CODI=1051 target=_self><i>Cinema d'artista programma delle proiezioni 31 gennaio - 10 febbraio 1974<\/i>, s.l. 1974<\/a><br \/><hr>&nbsp;&nbsp;&nbsp;&nbsp;&nbsp;&nbsp;&nbsp;&nbsp;&nbsp;&nbsp;<a style='color:#000000' href=https:\/\/www.arcope.it\/benedini\/catalogo_bib.php?BIB_CODI=885 target=_self><i>Benedini Lucchini Pescador<\/i>, Milano 1974<\/a><br \/><hr>&nbsp;&nbsp;&nbsp;&nbsp;&nbsp;&nbsp;&nbsp;&nbsp;&nbsp;&nbsp;<a style='color:#000000' href=https:\/\/www.arcope.it\/benedini\/catalogo_bib.php?BIB_CODI=50 target=_self><i>Omaggio all\u2019Ariosto In occasione del quinto centenario della nascita<\/i>, Ferrara 1974<\/a><br \/><hr><b><font size=6 color='#7F81FF'>1975<\/font><\/b><br>&nbsp;&nbsp;&nbsp;&nbsp;&nbsp;&nbsp;&nbsp;&nbsp;&nbsp;&nbsp;<a style='color:#000000' href=https:\/\/www.arcope.it\/benedini\/catalogo_bib.php?BIB_CODI=983 target=_self><i>Benedini Lucchini Pescador<\/i>, Cremona 1975<\/a><br \/><hr>&nbsp;&nbsp;&nbsp;&nbsp;&nbsp;&nbsp;&nbsp;&nbsp;&nbsp;&nbsp;<a style='color:#000000' href=https:\/\/www.arcope.it\/benedini\/catalogo_bib.php?BIB_CODI=382 target=_self>Elda Fezzi, <i>Cronache d'arte. Benedini, Lucchini e Pescador espongono al \"Poliedro\"<\/i>, in \"La Provincia\", Cremona 25 gennaio 1975<\/a><br \/><hr>&nbsp;&nbsp;&nbsp;&nbsp;&nbsp;&nbsp;&nbsp;&nbsp;&nbsp;&nbsp;<a style='color:#000000' href=https:\/\/www.arcope.it\/benedini\/catalogo_bib.php?BIB_CODI=51 target=_self><i>Gabriella Benedini A.<\/i>, presentazione di Roberto Tassi, Milano 1975<\/a><br \/><hr>&nbsp;&nbsp;&nbsp;&nbsp;&nbsp;&nbsp;&nbsp;&nbsp;&nbsp;&nbsp;<a style='color:#000000' href=https:\/\/www.arcope.it\/benedini\/catalogo_bib.php?BIB_CODI=383 target=_self>Gianni Cavazzini, <i>Una mostra alla Bergamini di Milano La terra desolata di Gabriella Benedini<\/i>, in \"La Gazzetta di Parma\", Parma 16 aprile 1975<\/a><br \/><hr>&nbsp;&nbsp;&nbsp;&nbsp;&nbsp;&nbsp;&nbsp;&nbsp;&nbsp;&nbsp;<a style='color:#000000' href=https:\/\/www.arcope.it\/benedini\/catalogo_bib.php?BIB_CODI=384 target=_self>Giorgio Mascherpa, <i>Alle origini dell'esistere. Benedini<\/i>, in \"L\u2019Avvenire\", Milano 18 aprile 1975<\/a><br \/><hr>&nbsp;&nbsp;&nbsp;&nbsp;&nbsp;&nbsp;&nbsp;&nbsp;&nbsp;&nbsp;<a style='color:#000000' href=https:\/\/www.arcope.it\/benedini\/catalogo_bib.php?BIB_CODI=606 target=_self><i>Terza triennale dell'incisione<\/i>, presentazione di Roberto Tassi, Milano 1975<\/a><br \/><hr><b><font size=6 color='#7F81FF'>1976<\/font><\/b><br>&nbsp;&nbsp;&nbsp;&nbsp;&nbsp;&nbsp;&nbsp;&nbsp;&nbsp;&nbsp;<a style='color:#000000' href=https:\/\/www.arcope.it\/benedini\/catalogo_bib.php?BIB_CODI=387 target=_self>Anty Pansera, <i>Un rilevamento a Milano. Tredici donne artista<\/i>, in \"Graphicus\", Torino gennaio-febbraio 1976<\/a><br \/><hr>&nbsp;&nbsp;&nbsp;&nbsp;&nbsp;&nbsp;&nbsp;&nbsp;&nbsp;&nbsp;<a style='color:#000000' href=https:\/\/www.arcope.it\/benedini\/catalogo_bib.php?BIB_CODI=52 target=_self><i>Disegno e piccola scultura<\/i>, Milano 1976<\/a><br \/><hr>&nbsp;&nbsp;&nbsp;&nbsp;&nbsp;&nbsp;&nbsp;&nbsp;&nbsp;&nbsp;<a style='color:#000000' href=https:\/\/www.arcope.it\/benedini\/catalogo_bib.php?BIB_CODI=53 target=_self><i>Un rilevamento a Milano. Dieci donne artiste<\/i>, presentazione di Anty Pansera, Grafiche Alfa Editrice, Torino 1976<\/a><br \/><hr><b><font size=6 color='#7F81FF'>1977<\/font><\/b><br>&nbsp;&nbsp;&nbsp;&nbsp;&nbsp;&nbsp;&nbsp;&nbsp;&nbsp;&nbsp;<a style='color:#000000' href=https:\/\/www.arcope.it\/benedini\/catalogo_bib.php?BIB_CODI=54 target=_self><i>Gabriella Benedini<\/i> <i>L'itinerario artistico e il percorso del linguaggio figurativo<\/i>, a cura di Anty Pansera, Edizioni Grafis, Sesto Ulteriano (MI) 1977<\/a><br \/><hr>&nbsp;&nbsp;&nbsp;&nbsp;&nbsp;&nbsp;&nbsp;&nbsp;&nbsp;&nbsp;<a style='color:#000000' href=https:\/\/www.arcope.it\/benedini\/catalogo_bib.php?BIB_CODI=57 target=_self><i>Grafici italiani contemporanei<\/i>, Milano (1977)<\/a><br \/><hr>&nbsp;&nbsp;&nbsp;&nbsp;&nbsp;&nbsp;&nbsp;&nbsp;&nbsp;&nbsp;<a style='color:#000000' href=https:\/\/www.arcope.it\/benedini\/catalogo_bib.php?BIB_CODI=389 target=_self><i>Una cremonese a Parma. Un libro e una mostra per Gabriella Benedini<\/i>, in \"Gazzetta di Parma\",  Parma 1977<\/a><br \/><hr>&nbsp;&nbsp;&nbsp;&nbsp;&nbsp;&nbsp;&nbsp;&nbsp;&nbsp;&nbsp;<a style='color:#000000' href=https:\/\/www.arcope.it\/benedini\/catalogo_bib.php?BIB_CODI=627 target=_self><i>Arte e cinema. Per un catalogo di cinema d'artista in Italia 1965\/1977<\/i>, a cura di Vittorio Fagone, Marsilio Editore, Venezia 1977<\/a><br \/><hr>&nbsp;&nbsp;&nbsp;&nbsp;&nbsp;&nbsp;&nbsp;&nbsp;&nbsp;&nbsp;<a style='color:#000000' href=https:\/\/www.arcope.it\/benedini\/catalogo_bib.php?BIB_CODI=55 target=_self>Anty Pansera, <i>Benedini<\/i>, presentazione di Aurelio Natali, Lodi 1977<\/a><br \/><hr>&nbsp;&nbsp;&nbsp;&nbsp;&nbsp;&nbsp;&nbsp;&nbsp;&nbsp;&nbsp;<a style='color:#000000' href=https:\/\/www.arcope.it\/benedini\/catalogo_bib.php?BIB_CODI=59 target=_self><i>Rilevamento a Milano Momenti di creativit\u00e0 femminile<\/i>, presentazione di Anty Pansera, Milano 1977<\/a><br \/><hr>&nbsp;&nbsp;&nbsp;&nbsp;&nbsp;&nbsp;&nbsp;&nbsp;&nbsp;&nbsp;<a style='color:#000000' href=https:\/\/www.arcope.it\/benedini\/catalogo_bib.php?BIB_CODI=56 target=_self><i>Gabriella Benedini<\/i>, Parma 1977<\/a><br \/><hr>&nbsp;&nbsp;&nbsp;&nbsp;&nbsp;&nbsp;&nbsp;&nbsp;&nbsp;&nbsp;<a style='color:#000000' href=https:\/\/www.arcope.it\/benedini\/catalogo_bib.php?BIB_CODI=1108 target=_self>Tiziano Marcheselli, <i>Le arti a Parma. Gabriella Benedini alla Galleria Correggio<\/i>, in Radio Parma TV, Parma 15 marzo 1977<\/a><br \/><hr>&nbsp;&nbsp;&nbsp;&nbsp;&nbsp;&nbsp;&nbsp;&nbsp;&nbsp;&nbsp;<a style='color:#000000' href=https:\/\/www.arcope.it\/benedini\/catalogo_bib.php?BIB_CODI=390 target=_self>Gianni Cavazzini, <i>Forme come pittura di Gabriella Benedini<\/i>, in \"Gazzetta di Parma\", Parma 17 marzo 1977<\/a><br \/><hr>&nbsp;&nbsp;&nbsp;&nbsp;&nbsp;&nbsp;&nbsp;&nbsp;&nbsp;&nbsp;<a style='color:#000000' href=https:\/\/www.arcope.it\/benedini\/catalogo_bib.php?BIB_CODI=391 target=_self>Anty Pansera, <i>Milano 1977: momenti di creativit\u00e0 femminile<\/i>, in \"D\u2019Ars\", Milano aprile 1977<\/a><br \/><hr>&nbsp;&nbsp;&nbsp;&nbsp;&nbsp;&nbsp;&nbsp;&nbsp;&nbsp;&nbsp;<a style='color:#000000' href=https:\/\/www.arcope.it\/benedini\/catalogo_bib.php?BIB_CODI=392 target=_self><i>Terza generazione del \u2018900<\/i>, in \"Rassegna clinico-scientifica\", Milano maggio-giugno 1977<\/a><br \/><hr>&nbsp;&nbsp;&nbsp;&nbsp;&nbsp;&nbsp;&nbsp;&nbsp;&nbsp;&nbsp;<a style='color:#000000' href=https:\/\/www.arcope.it\/benedini\/catalogo_bib.php?BIB_CODI=985 target=_self><i>Benedini Bisio Cottini Dragoni Leddi Plescan Tenconi<\/i>, presentazione di Roberto Tassi, Tortona (AL) 1977<\/a><br \/><hr>&nbsp;&nbsp;&nbsp;&nbsp;&nbsp;&nbsp;&nbsp;&nbsp;&nbsp;&nbsp;<a style='color:#000000' href=https:\/\/www.arcope.it\/benedini\/catalogo_bib.php?BIB_CODI=58 target=_self><i>Metamorfosi: dalla natura alla \"ragione\"<\/i>, presentazione di Anty Pansera, Magma  Editore 1977<\/a><br \/><hr><b><font size=6 color='#7F81FF'>1978<\/font><\/b><br>&nbsp;&nbsp;&nbsp;&nbsp;&nbsp;&nbsp;&nbsp;&nbsp;&nbsp;&nbsp;<a style='color:#000000' href=https:\/\/www.arcope.it\/benedini\/catalogo_bib.php?BIB_CODI=61 target=_self><i>Premio Nazionale di Pittura Citt\u00e0\u00a0 di Gallarate 10\u00b0 edizione- 5\u00b0 Mostra L'arte degli anni '60<\/i>, Gallarate (VA) 1978<\/a><br \/><hr>&nbsp;&nbsp;&nbsp;&nbsp;&nbsp;&nbsp;&nbsp;&nbsp;&nbsp;&nbsp;<a style='color:#000000' href=https:\/\/www.arcope.it\/benedini\/catalogo_bib.php?BIB_CODI=1050 target=_self><i>Coop 77 Arti visive<\/i>, La Spezia 1978<\/a><br \/><hr>&nbsp;&nbsp;&nbsp;&nbsp;&nbsp;&nbsp;&nbsp;&nbsp;&nbsp;&nbsp;<a style='color:#000000' href=https:\/\/www.arcope.it\/benedini\/catalogo_bib.php?BIB_CODI=60 target=_self><i>Mezzo cielo<\/i>, Milano 1978<\/a><br \/><hr>&nbsp;&nbsp;&nbsp;&nbsp;&nbsp;&nbsp;&nbsp;&nbsp;&nbsp;&nbsp;<a style='color:#000000' href=https:\/\/www.arcope.it\/benedini\/catalogo_bib.php?BIB_CODI=62 target=_self><i>Coop 77 arti visive<\/i>, Sesto S. Giovanni (MI) 1978<\/a><br \/><hr><b><font size=6 color='#7F81FF'>1979<\/font><\/b><br>&nbsp;&nbsp;&nbsp;&nbsp;&nbsp;&nbsp;&nbsp;&nbsp;&nbsp;&nbsp;<a style='color:#000000' href=https:\/\/www.arcope.it\/benedini\/catalogo_bib.php?BIB_CODI=811 target=_self><i>Le radici dell'arte contemporanea dall'informale<\/i>, a cura di Anty Pansera e Marco Meneguzzo, Milano 1979<\/a><br \/><hr>&nbsp;&nbsp;&nbsp;&nbsp;&nbsp;&nbsp;&nbsp;&nbsp;&nbsp;&nbsp;<a style='color:#000000' href=https:\/\/www.arcope.it\/benedini\/catalogo_bib.php?BIB_CODI=394 target=_self>Claudia Don\u00e0, <i>Alla biblioteca di Monza le radici dell\u2019arte contemporanea. Novecento italiano formato nell\u2019informale<\/i>, in \"La Repubblica\", <i>Novecento italiano formato nell'informale<\/i>, Milano  20 gennaio 1979<\/a><br \/><hr>&nbsp;&nbsp;&nbsp;&nbsp;&nbsp;&nbsp;&nbsp;&nbsp;&nbsp;&nbsp;<a style='color:#000000' href=https:\/\/www.arcope.it\/benedini\/catalogo_bib.php?BIB_CODI=987 target=_self><i>Autoritratto\/ semiologia della memoria<\/i>, a cura di Pedro Fiori, Milano 1979<\/a><br \/><hr>&nbsp;&nbsp;&nbsp;&nbsp;&nbsp;&nbsp;&nbsp;&nbsp;&nbsp;&nbsp;<a style='color:#000000' href=https:\/\/www.arcope.it\/benedini\/catalogo_bib.php?BIB_CODI=984 target=_self><i>Gabriella Benedini Alesandra Bonelli Lucia Pescador Lucia Sterlocchi<\/i>, presentazione di Aurelio Natali, Piacenza 1979<\/a><br \/><hr>&nbsp;&nbsp;&nbsp;&nbsp;&nbsp;&nbsp;&nbsp;&nbsp;&nbsp;&nbsp;<a style='color:#000000' href=https:\/\/www.arcope.it\/benedini\/catalogo_bib.php?BIB_CODI=395 target=_self>Bag Bag, <i>Sviscerano la natura per ricercarne i simboli<\/i>, in \"Libert\u00e0\", Piacenza 31 marzo 1979<\/a><br \/><hr>&nbsp;&nbsp;&nbsp;&nbsp;&nbsp;&nbsp;&nbsp;&nbsp;&nbsp;&nbsp;<a style='color:#000000' href=https:\/\/www.arcope.it\/benedini\/catalogo_bib.php?BIB_CODI=986 target=_self><i>Le trascrizioni elettive<\/i>, Milano 1979<\/a><br \/><hr>&nbsp;&nbsp;&nbsp;&nbsp;&nbsp;&nbsp;&nbsp;&nbsp;&nbsp;&nbsp;<a style='color:#000000' href=https:\/\/www.arcope.it\/benedini\/catalogo_bib.php?BIB_CODI=396 target=_self>Susanna Merzek, <i>Metamorfosi della natura<\/i>, in \"La Repubblica\",  Milano  24 aprile 1979<\/a><br \/><hr>&nbsp;&nbsp;&nbsp;&nbsp;&nbsp;&nbsp;&nbsp;&nbsp;&nbsp;&nbsp;<a style='color:#000000' href=https:\/\/www.arcope.it\/benedini\/catalogo_bib.php?BIB_CODI=64 target=_self><i>L\u2019altra satira<\/i>, presentazione di Oreste Del Buono, Milano 1979<\/a><br \/><hr>&nbsp;&nbsp;&nbsp;&nbsp;&nbsp;&nbsp;&nbsp;&nbsp;&nbsp;&nbsp;<a style='color:#000000' href=https:\/\/www.arcope.it\/benedini\/catalogo_bib.php?BIB_CODI=398 target=_self>Susanna Merzek, <i>Metamorfosi di quattro artiste<\/i>, in \"Amica\",  Milano  maggio 1979<\/a><br \/><hr>&nbsp;&nbsp;&nbsp;&nbsp;&nbsp;&nbsp;&nbsp;&nbsp;&nbsp;&nbsp;<a style='color:#000000' href=https:\/\/www.arcope.it\/benedini\/catalogo_bib.php?BIB_CODI=397 target=_self>Francesco Vincitorio, <i>Senza titolo<\/i>, in \"L\u2019Espresso\", Roma  26 maggio 1979<\/a><br \/><hr>&nbsp;&nbsp;&nbsp;&nbsp;&nbsp;&nbsp;&nbsp;&nbsp;&nbsp;&nbsp;<a style='color:#000000' href=https:\/\/www.arcope.it\/benedini\/catalogo_bib.php?BIB_CODI=65 target=_self><i>Coop 77 Arti visive Milano<\/i>, a cura di Giorgio Trentin, Venezia 1979<\/a><br \/><hr>&nbsp;&nbsp;&nbsp;&nbsp;&nbsp;&nbsp;&nbsp;&nbsp;&nbsp;&nbsp;<a style='color:#000000' href=https:\/\/www.arcope.it\/benedini\/catalogo_bib.php?BIB_CODI=399 target=_self><i>La satira come hobby d\u2019artista<\/i>, in \"Il Giorno\",  Milano  1 luglio 1979<\/a><br \/><hr>&nbsp;&nbsp;&nbsp;&nbsp;&nbsp;&nbsp;&nbsp;&nbsp;&nbsp;&nbsp;<a style='color:#000000' href=https:\/\/www.arcope.it\/benedini\/catalogo_bib.php?BIB_CODI=63 target=_self><i>Genesi e processo dell\u2019immagine<\/i>, presentazione di Roberto Tassi, Milano 1979<\/a><br \/><hr><b><font size=6 color='#7F81FF'>1980<\/font><\/b><br>&nbsp;&nbsp;&nbsp;&nbsp;&nbsp;&nbsp;&nbsp;&nbsp;&nbsp;&nbsp;<a style='color:#000000' href=https:\/\/www.arcope.it\/benedini\/catalogo_bib.php?BIB_CODI=393 target=_self><i>Recenti mostre<\/i>, in \"Rassegna clinico-scientifica\", Milano 1980<\/a><br \/><hr>&nbsp;&nbsp;&nbsp;&nbsp;&nbsp;&nbsp;&nbsp;&nbsp;&nbsp;&nbsp;<a style='color:#000000' href=https:\/\/www.arcope.it\/benedini\/catalogo_bib.php?BIB_CODI=403 target=_self>Jacques Collard, <i>Senza titolo<\/i>, in \"A.I.C.A.\", Bruxelles 1980<\/a><br \/><hr>&nbsp;&nbsp;&nbsp;&nbsp;&nbsp;&nbsp;&nbsp;&nbsp;&nbsp;&nbsp;<a style='color:#000000' href=https:\/\/www.arcope.it\/benedini\/catalogo_bib.php?BIB_CODI=683 target=_self><i>Mail-art ambiente<\/i> <i>40 artisti propongono idee per il centro storico di Vertova<\/i>, a cura di Bruno Talpo e Pino Gusmini, presentazione di Adriano Alpago Novello, Milano 1980<\/a><br \/><hr>&nbsp;&nbsp;&nbsp;&nbsp;&nbsp;&nbsp;&nbsp;&nbsp;&nbsp;&nbsp;<a style='color:#000000' href=https:\/\/www.arcope.it\/benedini\/catalogo_bib.php?BIB_CODI=611 target=_self><i>Gabriella Benedini Storie della terra - Mutazione 1977'80<\/i>, Torino 1980<\/a><br \/><hr>&nbsp;&nbsp;&nbsp;&nbsp;&nbsp;&nbsp;&nbsp;&nbsp;&nbsp;&nbsp;<a style='color:#000000' href=https:\/\/www.arcope.it\/benedini\/catalogo_bib.php?BIB_CODI=66 target=_self><i>Sogno, bisogno. Analisi al soggetto<\/i>, Milano 1980<\/a><br \/><hr>&nbsp;&nbsp;&nbsp;&nbsp;&nbsp;&nbsp;&nbsp;&nbsp;&nbsp;&nbsp;<a style='color:#000000' href=https:\/\/www.arcope.it\/benedini\/catalogo_bib.php?BIB_CODI=402 target=_self><i>Calendario - Milano<\/i>, in \"Corriere della Sera\", Milano (maggio 1980)<\/a><br \/><hr>&nbsp;&nbsp;&nbsp;&nbsp;&nbsp;&nbsp;&nbsp;&nbsp;&nbsp;&nbsp;<a style='color:#000000' href=https:\/\/www.arcope.it\/benedini\/catalogo_bib.php?BIB_CODI=406 target=_self><i>Una mostra di Benedini<\/i>, in \"Corriere della Sera\", Milano (maggio 1980)<\/a><br \/><hr>&nbsp;&nbsp;&nbsp;&nbsp;&nbsp;&nbsp;&nbsp;&nbsp;&nbsp;&nbsp;<a style='color:#000000' href=https:\/\/www.arcope.it\/benedini\/catalogo_bib.php?BIB_CODI=404 target=_self><i>La parte dell\u2019occhio Mostre in Italia<\/i>, in \"L\u2019Espresso\", Roma 25 maggio 1980<\/a><br \/><hr>&nbsp;&nbsp;&nbsp;&nbsp;&nbsp;&nbsp;&nbsp;&nbsp;&nbsp;&nbsp;<a style='color:#000000' href=https:\/\/www.arcope.it\/benedini\/catalogo_bib.php?BIB_CODI=405 target=_self>Gianni Cavazzini, <i>Alla Bergamini di Milano. Le storie della terra di Gabriella Benedini<\/i>, in \"Gazzetta di Parma\", Parma 30 maggio 1980<\/a><br \/><hr>&nbsp;&nbsp;&nbsp;&nbsp;&nbsp;&nbsp;&nbsp;&nbsp;&nbsp;&nbsp;<a style='color:#000000' href=https:\/\/www.arcope.it\/benedini\/catalogo_bib.php?BIB_CODI=67 target=_self><i>Il pomo della discordia<\/i>, a cura di Pierangela Rossi Sala e Carmelo Strano, Edizioni Bonaparte, Milano 1980<\/a><br \/><hr>&nbsp;&nbsp;&nbsp;&nbsp;&nbsp;&nbsp;&nbsp;&nbsp;&nbsp;&nbsp;<a style='color:#000000' href=https:\/\/www.arcope.it\/benedini\/catalogo_bib.php?BIB_CODI=609 target=_self>Gabriella Benedini, <i>Storie della terra - Mutazione<\/i>, in \"Bollettino n. 1 Galleria d'arte di Porta Ticinese\", Milano 1980<\/a><br \/><hr>&nbsp;&nbsp;&nbsp;&nbsp;&nbsp;&nbsp;&nbsp;&nbsp;&nbsp;&nbsp;<a style='color:#000000' href=https:\/\/www.arcope.it\/benedini\/catalogo_bib.php?BIB_CODI=407 target=_self>Ugo Lo Russo, <i>Una variabile femminile<\/i>, in \"La Provincia\", Como  6 dicembre 1980<\/a><br \/><hr>&nbsp;&nbsp;&nbsp;&nbsp;&nbsp;&nbsp;&nbsp;&nbsp;&nbsp;&nbsp;<a style='color:#000000' href=https:\/\/www.arcope.it\/benedini\/catalogo_bib.php?BIB_CODI=408 target=_self>M. (Mario) R. (Radice), <i>In una mostra intitolata \u201cMutazioni\u201d Gabriella Benedini espone al \u201cSalotto\u201d<\/i>, in \"La Provincia\", Como  7 dicembre 1980<\/a><br \/><hr>&nbsp;&nbsp;&nbsp;&nbsp;&nbsp;&nbsp;&nbsp;&nbsp;&nbsp;&nbsp;<a style='color:#000000' href=https:\/\/www.arcope.it\/benedini\/catalogo_bib.php?BIB_CODI=409 target=_self>Giovanna Ginex, <i>Guardare una donna come \u201cvariabile costante\u201d<\/i>, in \"L\u2019umanit\u00e0\", Milano 12 dicembre 1980<\/a><br \/><hr><b><font size=6 color='#7F81FF'>1981<\/font><\/b><br>&nbsp;&nbsp;&nbsp;&nbsp;&nbsp;&nbsp;&nbsp;&nbsp;&nbsp;&nbsp;<a style='color:#000000' href=https:\/\/www.arcope.it\/benedini\/catalogo_bib.php?BIB_CODI=420 target=_self>Jo Dustin, <i>G\u00e9ographie po\u00e9tique<\/i>, in \"Drapeau Rouge\",  Bruxelles 1981<\/a><br \/><hr>&nbsp;&nbsp;&nbsp;&nbsp;&nbsp;&nbsp;&nbsp;&nbsp;&nbsp;&nbsp;<a style='color:#000000' href=https:\/\/www.arcope.it\/benedini\/catalogo_bib.php?BIB_CODI=421 target=_self>M. Nash, <i>Un \u00e9v\u00e9nement artistique de grande qualit\u00e9<\/i>, in \"Petit Courrier\",  Bruxelles 1981<\/a><br \/><hr>&nbsp;&nbsp;&nbsp;&nbsp;&nbsp;&nbsp;&nbsp;&nbsp;&nbsp;&nbsp;<a style='color:#000000' href=https:\/\/www.arcope.it\/benedini\/catalogo_bib.php?BIB_CODI=68 target=_self><i>Groep Metamorfosi<\/i>, Vlietje 1981<\/a><br \/><hr>&nbsp;&nbsp;&nbsp;&nbsp;&nbsp;&nbsp;&nbsp;&nbsp;&nbsp;&nbsp;<a style='color:#000000' href=https:\/\/www.arcope.it\/benedini\/catalogo_bib.php?BIB_CODI=958 target=_self>Anty Pansera, <i>Benedini Mutazioni\/Trasmutazioni<\/i>, in \"D'Ars\", Milano aprile 1981<\/a><br \/><hr>&nbsp;&nbsp;&nbsp;&nbsp;&nbsp;&nbsp;&nbsp;&nbsp;&nbsp;&nbsp;<a style='color:#000000' href=https:\/\/www.arcope.it\/benedini\/catalogo_bib.php?BIB_CODI=412 target=_self>St\u00e9phane Rey, <i>L\u2019actualit\u00e9 des beaux-arts. Gabriella Benedini<\/i>, in \"L\u2019echo de la bourse\", Bruxelles 24-26 aprile  1981<\/a><br \/><hr>&nbsp;&nbsp;&nbsp;&nbsp;&nbsp;&nbsp;&nbsp;&nbsp;&nbsp;&nbsp;<a style='color:#000000' href=https:\/\/www.arcope.it\/benedini\/catalogo_bib.php?BIB_CODI=413 target=_self>Jean Pigeon, <i>\u201cMetamorfosi\u201d: quatre Italiens \u00e9l\u00e9gamment sp\u00e9culatives<\/i>, in \"Arts\", Bruxelles 30 aprile 1981<\/a><br \/><hr>&nbsp;&nbsp;&nbsp;&nbsp;&nbsp;&nbsp;&nbsp;&nbsp;&nbsp;&nbsp;<a style='color:#000000' href=https:\/\/www.arcope.it\/benedini\/catalogo_bib.php?BIB_CODI=416 target=_self>Rouve Hauser, <i>M\u00e9tamorfosi<\/i>, in \"Artribune\", Bruxelles maggio 1981<\/a><br \/><hr>&nbsp;&nbsp;&nbsp;&nbsp;&nbsp;&nbsp;&nbsp;&nbsp;&nbsp;&nbsp;<a style='color:#000000' href=https:\/\/www.arcope.it\/benedini\/catalogo_bib.php?BIB_CODI=417 target=_self>L. R., <i>Le groupe italien \u201cMetamorfosi\u201d \u00e0 \u201cL\u2019Autre Mus\u00e9e\u201d<\/i>, in \"Jalons des arts\", Bruxelles maggio-giugno 1981<\/a><br \/><hr>&nbsp;&nbsp;&nbsp;&nbsp;&nbsp;&nbsp;&nbsp;&nbsp;&nbsp;&nbsp;<a style='color:#000000' href=https:\/\/www.arcope.it\/benedini\/catalogo_bib.php?BIB_CODI=414 target=_self>Jos Knapen, <i>Gallery Round-up<\/i>, in \"The Bulletin\",  Bruxelles  8 maggio 1981<\/a><br \/><hr>&nbsp;&nbsp;&nbsp;&nbsp;&nbsp;&nbsp;&nbsp;&nbsp;&nbsp;&nbsp;<a style='color:#000000' href=https:\/\/www.arcope.it\/benedini\/catalogo_bib.php?BIB_CODI=415 target=_self>K. Lara, <i>A l\u2019\u201dAutre mus\u00e9e\u201d le groupe f\u00e9minin italien Metamorphosi<\/i>, in periodico non identificato 14  maggio 1981<\/a><br \/><hr>&nbsp;&nbsp;&nbsp;&nbsp;&nbsp;&nbsp;&nbsp;&nbsp;&nbsp;&nbsp;<a style='color:#000000' href=https:\/\/www.arcope.it\/benedini\/catalogo_bib.php?BIB_CODI=608 target=_self><i>Deserto. Aspetti  della condizione umana attraverso l'arte<\/i>, s.l. 1981<\/a><br \/><hr>&nbsp;&nbsp;&nbsp;&nbsp;&nbsp;&nbsp;&nbsp;&nbsp;&nbsp;&nbsp;<a style='color:#000000' href=https:\/\/www.arcope.it\/benedini\/catalogo_bib.php?BIB_CODI=418 target=_self>Catherine Elwes, <i>Senza titolo<\/i>, in \"Time out\", Londra 4-10 dicembre 1981<\/a><br \/><hr>&nbsp;&nbsp;&nbsp;&nbsp;&nbsp;&nbsp;&nbsp;&nbsp;&nbsp;&nbsp;<a style='color:#000000' href=https:\/\/www.arcope.it\/benedini\/catalogo_bib.php?BIB_CODI=419 target=_self>Patrizia Serra, <i>Metamorfosi: una presenza<\/i>, in \"Gala International\",  Milano dicembre 1981<\/a><br \/><hr><b><font size=6 color='#7F81FF'>1982<\/font><\/b><br>&nbsp;&nbsp;&nbsp;&nbsp;&nbsp;&nbsp;&nbsp;&nbsp;&nbsp;&nbsp;<a style='color:#000000' href=https:\/\/www.arcope.it\/benedini\/catalogo_bib.php?BIB_CODI=69 target=_self><i>Interfolio all\u2019Encyclopedie<\/i>, a cura di Anty Pansera, s.l. 1982<\/a><br \/><hr>&nbsp;&nbsp;&nbsp;&nbsp;&nbsp;&nbsp;&nbsp;&nbsp;&nbsp;&nbsp;<a style='color:#000000' href=https:\/\/www.arcope.it\/benedini\/catalogo_bib.php?BIB_CODI=424 target=_self><i>Riprende l'attivit\u00e0 al chiostro di Voltorre. Interfolio all\u2019Encyclopedie<\/i>, in \"La Prealpina\",  Como 1 marzo 1982<\/a><br \/><hr>&nbsp;&nbsp;&nbsp;&nbsp;&nbsp;&nbsp;&nbsp;&nbsp;&nbsp;&nbsp;<a style='color:#000000' href=https:\/\/www.arcope.it\/benedini\/catalogo_bib.php?BIB_CODI=425 target=_self><i>Interessante rilettura dell\u2019enciclopedia di Diderot e D\u2019Alembert<\/i>, in \"La Prealpina\",  Como 9 marzo 1982<\/a><br \/><hr>&nbsp;&nbsp;&nbsp;&nbsp;&nbsp;&nbsp;&nbsp;&nbsp;&nbsp;&nbsp;<a style='color:#000000' href=https:\/\/www.arcope.it\/benedini\/catalogo_bib.php?BIB_CODI=426 target=_self>Mila Contini, <i>Sei voci femminili al Chiostro sfoglieranno \u201cL\u2019Enciclopedia\u201d<\/i>, in \"La Prealpina\",  Como 12 marzo 1982<\/a><br \/><hr>&nbsp;&nbsp;&nbsp;&nbsp;&nbsp;&nbsp;&nbsp;&nbsp;&nbsp;&nbsp;<a style='color:#000000' href=https:\/\/www.arcope.it\/benedini\/catalogo_bib.php?BIB_CODI=427 target=_self>Gianfranco Giuliani, <i>Sei artiste rileggono Diderot<\/i>, in \"La Prealpina del luned\u00ec\",  Como 15 marzo 1982<\/a><br \/><hr>&nbsp;&nbsp;&nbsp;&nbsp;&nbsp;&nbsp;&nbsp;&nbsp;&nbsp;&nbsp;<a style='color:#000000' href=https:\/\/www.arcope.it\/benedini\/catalogo_bib.php?BIB_CODI=84 target=_self>Luigi Lambertini, <i> R.A.I. 2<\/i>, Roma aprile 1982<\/a><br \/><hr><b><font size=6 color='#7F81FF'>1983<\/font><\/b><br>&nbsp;&nbsp;&nbsp;&nbsp;&nbsp;&nbsp;&nbsp;&nbsp;&nbsp;&nbsp;<a style='color:#000000' href=https:\/\/www.arcope.it\/benedini\/catalogo_bib.php?BIB_CODI=818 target=_self>Silvio Zanella, <i>Civica Galleria d'arte moderna di Gallarate<\/i> <i>Catalogo ragionato didattico<\/i>, Ask Edizioni, Varese 1983<\/a><br \/><hr>&nbsp;&nbsp;&nbsp;&nbsp;&nbsp;&nbsp;&nbsp;&nbsp;&nbsp;&nbsp;<a style='color:#000000' href=https:\/\/www.arcope.it\/benedini\/catalogo_bib.php?BIB_CODI=430 target=_self>Anty Pansera, <i>Il gruppo Metamorfosi a Milano<\/i>, in \"La mia casa\", Milano luglio-agosto 1983<\/a><br \/><hr>&nbsp;&nbsp;&nbsp;&nbsp;&nbsp;&nbsp;&nbsp;&nbsp;&nbsp;&nbsp;<a style='color:#000000' href=https:\/\/www.arcope.it\/benedini\/catalogo_bib.php?BIB_CODI=71 target=_self><i>L\u2019Aleph. Benedini Bonelli Parrocchetti Pescador Sironi Sterlocchi<\/i>, presentazione di Patrizia Serra, Intra (VB) 1983<\/a><br \/><hr>&nbsp;&nbsp;&nbsp;&nbsp;&nbsp;&nbsp;&nbsp;&nbsp;&nbsp;&nbsp;<a style='color:#000000' href=https:\/\/www.arcope.it\/benedini\/catalogo_bib.php?BIB_CODI=848 target=_self><i>Civetteria 33 artisti + 1 per Rossana Bossaglia<\/i>, Edizioni Can Bianco Niccolai, Pistoia 1983<\/a><br \/><hr><b><font size=6 color='#7F81FF'>1984<\/font><\/b><br>&nbsp;&nbsp;&nbsp;&nbsp;&nbsp;&nbsp;&nbsp;&nbsp;&nbsp;&nbsp;<a style='color:#000000' href=https:\/\/www.arcope.it\/benedini\/catalogo_bib.php?BIB_CODI=74 target=_self><i>XXIX Biennale Nazionale d\u2019arte Citt\u00e0 di Milano<\/i>, Milano 1984<\/a><br \/><hr>&nbsp;&nbsp;&nbsp;&nbsp;&nbsp;&nbsp;&nbsp;&nbsp;&nbsp;&nbsp;<a style='color:#000000' href=https:\/\/www.arcope.it\/benedini\/catalogo_bib.php?BIB_CODI=434 target=_self>Miklos N. Varga, <i>Le \u201clettere italiane\u201d di Gabriella Benedini<\/i>, in \"Rassegna Clinico Scientifica\"  Fondazione Lorenzini, Milano maggio 1984<\/a><br \/><hr>&nbsp;&nbsp;&nbsp;&nbsp;&nbsp;&nbsp;&nbsp;&nbsp;&nbsp;&nbsp;<a style='color:#000000' href=https:\/\/www.arcope.it\/benedini\/catalogo_bib.php?BIB_CODI=72 target=_self><i>Mostra nazionale di pittura \u201cCitt\u00e0 di Monza\u201d 1984<\/i>, presentazione di Paolo Biscottini, Milano 1984<\/a><br \/><hr>&nbsp;&nbsp;&nbsp;&nbsp;&nbsp;&nbsp;&nbsp;&nbsp;&nbsp;&nbsp;<a style='color:#000000' href=https:\/\/www.arcope.it\/benedini\/catalogo_bib.php?BIB_CODI=73 target=_self>Gino Baratta, Francesco Bartoli, <i>I mesi mancanti (da Schifanoia 1984)<\/i>, presentazione di Patrizia Serra, Ferrara 1984<\/a><br \/><hr>&nbsp;&nbsp;&nbsp;&nbsp;&nbsp;&nbsp;&nbsp;&nbsp;&nbsp;&nbsp;<a style='color:#000000' href=https:\/\/www.arcope.it\/benedini\/catalogo_bib.php?BIB_CODI=435 target=_self>Domizio Mori, <i>Senza titolo<\/i>, in \"Rassegna Clinico Scientifica\",  Milano  novembre 1984<\/a><br \/><hr>&nbsp;&nbsp;&nbsp;&nbsp;&nbsp;&nbsp;&nbsp;&nbsp;&nbsp;&nbsp;<a style='color:#000000' href=https:\/\/www.arcope.it\/benedini\/catalogo_bib.php?BIB_CODI=1555 target=_self><i>Venti artisti per Manzoni. Dramma e speranza ne \"I Promessi Sposi\"<\/i>, Centro Culturale San Fedele, Milano novembre 1984<\/a><br \/><hr><b><font size=6 color='#7F81FF'>1985<\/font><\/b><br>&nbsp;&nbsp;&nbsp;&nbsp;&nbsp;&nbsp;&nbsp;&nbsp;&nbsp;&nbsp;<a style='color:#000000' href=https:\/\/www.arcope.it\/benedini\/catalogo_bib.php?BIB_CODI=438 target=_self><i>La casa classica vista da Gabriella Benedini<\/i>, in \"Casa classica\", Milano  marzo 1985<\/a><br \/><hr>&nbsp;&nbsp;&nbsp;&nbsp;&nbsp;&nbsp;&nbsp;&nbsp;&nbsp;&nbsp;<a style='color:#000000' href=https:\/\/www.arcope.it\/benedini\/catalogo_bib.php?BIB_CODI=76 target=_self>Patrizia Serra, <i>Sulla linea dell\u2019orizzonte. Attraversare gli spazi<\/i>, presentazione di Renata Casarin, Mantova 1985<\/a><br \/><hr>&nbsp;&nbsp;&nbsp;&nbsp;&nbsp;&nbsp;&nbsp;&nbsp;&nbsp;&nbsp;<a style='color:#000000' href=https:\/\/www.arcope.it\/benedini\/catalogo_bib.php?BIB_CODI=75 target=_self>Giorgio Mascherpa, <i>\"Carte cielesti\" (Astronomia come provocazione estetica)<\/i> <i>Borrini Pescador Benedini<\/i>, presentazione di Silvio Ceccato, Milano 1985<\/a><br \/><hr>&nbsp;&nbsp;&nbsp;&nbsp;&nbsp;&nbsp;&nbsp;&nbsp;&nbsp;&nbsp;<a style='color:#000000' href=https:\/\/www.arcope.it\/benedini\/catalogo_bib.php?BIB_CODI=439 target=_self> M.D.S., <i>Il ritorno di Halley L\u2019arte \u201castronomica\u201d ama i cieli nuvolosi<\/i>, in \"L\u2019Unit\u00e0\",  Milano  29 ottobre 1985<\/a><br \/><hr>&nbsp;&nbsp;&nbsp;&nbsp;&nbsp;&nbsp;&nbsp;&nbsp;&nbsp;&nbsp;<a style='color:#000000' href=https:\/\/www.arcope.it\/benedini\/catalogo_bib.php?BIB_CODI=440 target=_self>Alberto Crespi, <i>L\u2019osservatorio del pittore<\/i>, in \"Il Cittadino\",  Monza 2 novembre 1985<\/a><br \/><hr>&nbsp;&nbsp;&nbsp;&nbsp;&nbsp;&nbsp;&nbsp;&nbsp;&nbsp;&nbsp;<a style='color:#000000' href=https:\/\/www.arcope.it\/benedini\/catalogo_bib.php?BIB_CODI=441 target=_self>E. (Elisabetta) Mur. (Muritti), <i>Sogni e ricordi nell\u2019universo<\/i>, in \"Il Giornale\", Milano 2 novembre 1985<\/a><br \/><hr>&nbsp;&nbsp;&nbsp;&nbsp;&nbsp;&nbsp;&nbsp;&nbsp;&nbsp;&nbsp;<a style='color:#000000' href=https:\/\/www.arcope.it\/benedini\/catalogo_bib.php?BIB_CODI=442 target=_self>Cecilia De Carli, <i>Meditando sulla cometa<\/i>, in \"L\u2019Avvenire\", Milano 15 novembre 1985<\/a><br \/><hr><b><font size=6 color='#7F81FF'>1986<\/font><\/b><br>&nbsp;&nbsp;&nbsp;&nbsp;&nbsp;&nbsp;&nbsp;&nbsp;&nbsp;&nbsp;<a style='color:#000000' href=https:\/\/www.arcope.it\/benedini\/catalogo_bib.php?BIB_CODI=81 target=_self>Flavio Maestrini, <i>Dieci artisti da copertina<\/i>, RIMA Editrice, Milano 1986<\/a><br \/><hr>&nbsp;&nbsp;&nbsp;&nbsp;&nbsp;&nbsp;&nbsp;&nbsp;&nbsp;&nbsp;<a style='color:#000000' href=https:\/\/www.arcope.it\/benedini\/catalogo_bib.php?BIB_CODI=83 target=_self>Fernanda Fedi, <i>Collettivi e gruppi artistici a Milano Ideologie e percorsi 1968-1985<\/i>, Edizioni ENDAS, Milano 1986<\/a><br \/><hr>&nbsp;&nbsp;&nbsp;&nbsp;&nbsp;&nbsp;&nbsp;&nbsp;&nbsp;&nbsp;<a style='color:#000000' href=https:\/\/www.arcope.it\/benedini\/catalogo_bib.php?BIB_CODI=446 target=_self>Ro.(Rossana) Bos. (Bossaglia), <i>Incredibile: sono proprio tutti bravi<\/i>, in \"Corriere della Sera\",  Milano  gennaio 1986<\/a><br \/><hr>&nbsp;&nbsp;&nbsp;&nbsp;&nbsp;&nbsp;&nbsp;&nbsp;&nbsp;&nbsp;<a style='color:#000000' href=https:\/\/www.arcope.it\/benedini\/catalogo_bib.php?BIB_CODI=453 target=_self>E. (Elisabetta) Mur. (Muritti), <i>Allo \"Spazio Temporaneo\". Sipari di carta e magici attori<\/i>, in \"Il Giornale\",  Milano (1986)<\/a><br \/><hr>&nbsp;&nbsp;&nbsp;&nbsp;&nbsp;&nbsp;&nbsp;&nbsp;&nbsp;&nbsp;<a style='color:#000000' href=https:\/\/www.arcope.it\/benedini\/catalogo_bib.php?BIB_CODI=812 target=_self>Anty Pansera, Maurizio Vitta, <i>Guida all'arte contemporanea<\/i>, Marietti Editore, Casale Monferrato (AL) 1986<\/a><br \/><hr>&nbsp;&nbsp;&nbsp;&nbsp;&nbsp;&nbsp;&nbsp;&nbsp;&nbsp;&nbsp;<a style='color:#000000' href=https:\/\/www.arcope.it\/benedini\/catalogo_bib.php?BIB_CODI=78 target=_self>Patrizia Serra, <i>Gabriella Benedini  Teatri della \u201cmelanconia\u201d<\/i>, presentazione di Francesco Bartoli, Edizioni \"Spazio Temporaneo\", Milano 1986<\/a><br \/><hr>&nbsp;&nbsp;&nbsp;&nbsp;&nbsp;&nbsp;&nbsp;&nbsp;&nbsp;&nbsp;<a style='color:#000000' href=https:\/\/www.arcope.it\/benedini\/catalogo_bib.php?BIB_CODI=447 target=_self><i>Gabriella Benedini<\/i>, in \"Rassegna Clinico Scientifica\"  Fondazione Lorenzini,  Milano marzo-aprile 1986<\/a><br \/><hr>&nbsp;&nbsp;&nbsp;&nbsp;&nbsp;&nbsp;&nbsp;&nbsp;&nbsp;&nbsp;<a style='color:#000000' href=https:\/\/www.arcope.it\/benedini\/catalogo_bib.php?BIB_CODI=656 target=_self>L.  (Luigi) C. (Cavadini), <i>Da vedere a Milano- Gabriella Benedini<\/i>, in \"La Provincia\", Como 27 marzo 1986<\/a><br \/><hr>&nbsp;&nbsp;&nbsp;&nbsp;&nbsp;&nbsp;&nbsp;&nbsp;&nbsp;&nbsp;<a style='color:#000000' href=https:\/\/www.arcope.it\/benedini\/catalogo_bib.php?BIB_CODI=1119 target=_self>Liana Bortolon, <i>Senza titolo<\/i>, in \"Grazia\", Milano aprile 1986<\/a><br \/><hr>&nbsp;&nbsp;&nbsp;&nbsp;&nbsp;&nbsp;&nbsp;&nbsp;&nbsp;&nbsp;<a style='color:#000000' href=https:\/\/www.arcope.it\/benedini\/catalogo_bib.php?BIB_CODI=448 target=_self>Alberto Crespi, <i>Artista  al femminile Gabriella Benedini<\/i>, in \"Il Cittadino\",  Monza  10 aprile 1986<\/a><br \/><hr>&nbsp;&nbsp;&nbsp;&nbsp;&nbsp;&nbsp;&nbsp;&nbsp;&nbsp;&nbsp;<a style='color:#000000' href=https:\/\/www.arcope.it\/benedini\/catalogo_bib.php?BIB_CODI=449 target=_self>G. (Gianni) C. (Cavazzini), <i>I \u201cteatri chimici\u201d di Gabriella Benedini<\/i>, in \"La Gazzetta di Parma\",  Parma  19 aprile 1986<\/a><br \/><hr>&nbsp;&nbsp;&nbsp;&nbsp;&nbsp;&nbsp;&nbsp;&nbsp;&nbsp;&nbsp;<a style='color:#000000' href=https:\/\/www.arcope.it\/benedini\/catalogo_bib.php?BIB_CODI=80 target=_self><i>Arte e Scienza. Arte e alchimia<\/i> <i>XLII Esposizione Internazionale d'Arte La Biennale di Venezia<\/i>, a cura di Arturo Schwarz, La Biennale-Electa, Milano 1986<\/a><br \/><hr>&nbsp;&nbsp;&nbsp;&nbsp;&nbsp;&nbsp;&nbsp;&nbsp;&nbsp;&nbsp;<a style='color:#000000' href=https:\/\/www.arcope.it\/benedini\/catalogo_bib.php?BIB_CODI=452 target=_self>Dimitri Plescan, <i>Senza titolo<\/i>, in \"Rassegna Clinico Scientifica\"  Fondazione Lorenzini,  Milano  giugno 1986<\/a><br \/><hr>&nbsp;&nbsp;&nbsp;&nbsp;&nbsp;&nbsp;&nbsp;&nbsp;&nbsp;&nbsp;<a style='color:#000000' href=https:\/\/www.arcope.it\/benedini\/catalogo_bib.php?BIB_CODI=451 target=_self>G. (Giancarlo) G. (Grossini), <i>Sar\u00e0 vero quel proscenio?<\/i>, in \"Il Corriere Medico\",  Milano  11 giugno 1986<\/a><br \/><hr>&nbsp;&nbsp;&nbsp;&nbsp;&nbsp;&nbsp;&nbsp;&nbsp;&nbsp;&nbsp;<a style='color:#000000' href=https:\/\/www.arcope.it\/benedini\/catalogo_bib.php?BIB_CODI=82 target=_self><i>Projeto Vermelho\/Progetto Rosso Operacao Experimental FAAP 86<\/i>, San Paolo del Brasile 1986<\/a><br \/><hr>&nbsp;&nbsp;&nbsp;&nbsp;&nbsp;&nbsp;&nbsp;&nbsp;&nbsp;&nbsp;<a style='color:#000000' href=https:\/\/www.arcope.it\/benedini\/catalogo_bib.php?BIB_CODI=443 target=_self>Liana Bortolon, <i>Senza titolo<\/i>, in \"Le Arti\", Milano novembre 1985<\/a><br \/><hr>&nbsp;&nbsp;&nbsp;&nbsp;&nbsp;&nbsp;&nbsp;&nbsp;&nbsp;&nbsp;<a style='color:#000000' href=https:\/\/www.arcope.it\/benedini\/catalogo_bib.php?BIB_CODI=798 target=_self>Liana Bortolon, <i>Altre 12 artiste<\/i>, in \"Arte\", Milano 1986<\/a><br \/><hr>&nbsp;&nbsp;&nbsp;&nbsp;&nbsp;&nbsp;&nbsp;&nbsp;&nbsp;&nbsp;<a style='color:#000000' href=https:\/\/www.arcope.it\/benedini\/catalogo_bib.php?BIB_CODI=79 target=_self><i>Quinta Triennale dell\u2019Incisione<\/i>, Milano 1986<\/a><br \/><hr><b><font size=6 color='#7F81FF'>1987<\/font><\/b><br>&nbsp;&nbsp;&nbsp;&nbsp;&nbsp;&nbsp;&nbsp;&nbsp;&nbsp;&nbsp;<a style='color:#000000' href=https:\/\/www.arcope.it\/benedini\/catalogo_bib.php?BIB_CODI=85 target=_self><i>Poesia per la vita Venti artisti per i villaggi SOS<\/i>, presentazione di Luciano Caramel, Milano 1987<\/a><br \/><hr>&nbsp;&nbsp;&nbsp;&nbsp;&nbsp;&nbsp;&nbsp;&nbsp;&nbsp;&nbsp;<a style='color:#000000' href=https:\/\/www.arcope.it\/benedini\/catalogo_bib.php?BIB_CODI=77 target=_self><i>La Favorita e il Coccodrillo. Gabriella Benedini Lucia Pescador<\/i>, presentazione di Rossana Bossaglia, Mantova 1987<\/a><br \/><hr>&nbsp;&nbsp;&nbsp;&nbsp;&nbsp;&nbsp;&nbsp;&nbsp;&nbsp;&nbsp;<a style='color:#000000' href=https:\/\/www.arcope.it\/benedini\/catalogo_bib.php?BIB_CODI=1557 target=_self><i>Expositions L'Autre Mus\u00e9e\/Viaduc<\/i>, in \"Info-Viaduc\" ottobre 1987<\/a><br \/><hr>&nbsp;&nbsp;&nbsp;&nbsp;&nbsp;&nbsp;&nbsp;&nbsp;&nbsp;&nbsp;<a style='color:#000000' href=https:\/\/www.arcope.it\/benedini\/catalogo_bib.php?BIB_CODI=460 target=_self><i>redazionale<\/i>, in \"Arts-antiques-auctions\", Bruxelles  novembre 1987<\/a><br \/><hr>&nbsp;&nbsp;&nbsp;&nbsp;&nbsp;&nbsp;&nbsp;&nbsp;&nbsp;&nbsp;<a style='color:#000000' href=https:\/\/www.arcope.it\/benedini\/catalogo_bib.php?BIB_CODI=456 target=_self>S. (St\u00e9phane) R. (Rey), <i>Le th\u00e9atre de Gabriella Benedini<\/i>, in \"Libre Belgique\",  Bruxelles  6 novembre 1987<\/a><br \/><hr>&nbsp;&nbsp;&nbsp;&nbsp;&nbsp;&nbsp;&nbsp;&nbsp;&nbsp;&nbsp;<a style='color:#000000' href=https:\/\/www.arcope.it\/benedini\/catalogo_bib.php?BIB_CODI=457 target=_self>Jo Dustin, <i>Th\u00e9atre du temps<\/i>, in \"Le Drapeau rouge\",  Bruxelles  13 novembre 1987<\/a><br \/><hr>&nbsp;&nbsp;&nbsp;&nbsp;&nbsp;&nbsp;&nbsp;&nbsp;&nbsp;&nbsp;<a style='color:#000000' href=https:\/\/www.arcope.it\/benedini\/catalogo_bib.php?BIB_CODI=458 target=_self><i>...et contemporaines m\u00e9lancolies<\/i>, in \"Interm\u00e9diaire\",  Bruxelles  13 novembre 1987<\/a><br \/><hr>&nbsp;&nbsp;&nbsp;&nbsp;&nbsp;&nbsp;&nbsp;&nbsp;&nbsp;&nbsp;<a style='color:#000000' href=https:\/\/www.arcope.it\/benedini\/catalogo_bib.php?BIB_CODI=459 target=_self>Daniele Gillemon, <i>La candeur d\u2019Abram Topor ou l\u2019\u00e9nigme Benedini<\/i>, in \"Le soir\",  Bruxelles  25 novembre 1987<\/a><br \/><hr>&nbsp;&nbsp;&nbsp;&nbsp;&nbsp;&nbsp;&nbsp;&nbsp;&nbsp;&nbsp;<a style='color:#000000' href=https:\/\/www.arcope.it\/benedini\/catalogo_bib.php?BIB_CODI=652 target=_self><i>Derni\u00e8re minute<\/i>, in \"Le soir\", Bruxelles (?) 26 novembre 1987<\/a><br \/><hr>&nbsp;&nbsp;&nbsp;&nbsp;&nbsp;&nbsp;&nbsp;&nbsp;&nbsp;&nbsp;<a style='color:#000000' href=https:\/\/www.arcope.it\/benedini\/catalogo_bib.php?BIB_CODI=462 target=_self><i>redazionale<\/i>, in \"Bruxelles Europe\", Bruxelles  dicembre 1987<\/a><br \/><hr>&nbsp;&nbsp;&nbsp;&nbsp;&nbsp;&nbsp;&nbsp;&nbsp;&nbsp;&nbsp;<a style='color:#000000' href=https:\/\/www.arcope.it\/benedini\/catalogo_bib.php?BIB_CODI=461 target=_self><i>Gabriella Benedini<\/i>, in \"L\u2019Ev\u00e9nement\",  Bruxelles  15 dicembre 1987<\/a><br \/><hr>&nbsp;&nbsp;&nbsp;&nbsp;&nbsp;&nbsp;&nbsp;&nbsp;&nbsp;&nbsp;<a style='color:#000000' href=https:\/\/www.arcope.it\/benedini\/catalogo_bib.php?BIB_CODI=824 target=_self><i>Calendrier des expositions a L'autre Musee \/Viaduc. Saison 87-88<\/i> 1987-1988<\/a><br \/><hr><b><font size=6 color='#7F81FF'>1988<\/font><\/b><br>&nbsp;&nbsp;&nbsp;&nbsp;&nbsp;&nbsp;&nbsp;&nbsp;&nbsp;&nbsp;<a style='color:#000000' href=https:\/\/www.arcope.it\/benedini\/catalogo_bib.php?BIB_CODI=90 target=_self><i>Volto spirituale di Maria Testimonianze di teologia e arte contemporanea<\/i>, EDB Edizioni Dehoniane Bologna, Bologna 1988<\/a><br \/><hr>&nbsp;&nbsp;&nbsp;&nbsp;&nbsp;&nbsp;&nbsp;&nbsp;&nbsp;&nbsp;<a style='color:#000000' href=https:\/\/www.arcope.it\/benedini\/catalogo_bib.php?BIB_CODI=86 target=_self><i>XXXVIII Mostra d\u2019arte contemporanea. Dedicata alla civica galleria d\u2019arte moderna di Gallarate<\/i>, a cura di Piergiorgio Dragone, Torre Pellice (TO) 1988<\/a><br \/><hr>&nbsp;&nbsp;&nbsp;&nbsp;&nbsp;&nbsp;&nbsp;&nbsp;&nbsp;&nbsp;<a style='color:#000000' href=https:\/\/www.arcope.it\/benedini\/catalogo_bib.php?BIB_CODI=87 target=_self><i>Exposition Les miroirs de la scene<\/i>, Bruxelles 1988<\/a><br \/><hr>&nbsp;&nbsp;&nbsp;&nbsp;&nbsp;&nbsp;&nbsp;&nbsp;&nbsp;&nbsp;<a style='color:#000000' href=https:\/\/www.arcope.it\/benedini\/catalogo_bib.php?BIB_CODI=89 target=_self><i>Carta X carta rassegna di opere in carta di 80 artiste europee<\/i>, a cura di Simona Weller, Roma 1988<\/a><br \/><hr>&nbsp;&nbsp;&nbsp;&nbsp;&nbsp;&nbsp;&nbsp;&nbsp;&nbsp;&nbsp;<a style='color:#000000' href=https:\/\/www.arcope.it\/benedini\/catalogo_bib.php?BIB_CODI=88 target=_self><i>Textilia Interpretazioni tessili e trame nell\u2019arte. Primo confronto europeo<\/i>, a cura di Tersilla Faravelli Giacobone e Anty Pansera, Stocchiero Editrice, Vicenza 1988<\/a><br \/><hr>&nbsp;&nbsp;&nbsp;&nbsp;&nbsp;&nbsp;&nbsp;&nbsp;&nbsp;&nbsp;<a style='color:#000000' href=https:\/\/www.arcope.it\/benedini\/catalogo_bib.php?BIB_CODI=465 target=_self>Gina Avogadro, <i>Il tramonto della trama femminista<\/i>, in \"Il Giorno\", Milano 29 ottobre 1988<\/a><br \/><hr>&nbsp;&nbsp;&nbsp;&nbsp;&nbsp;&nbsp;&nbsp;&nbsp;&nbsp;&nbsp;<a style='color:#000000' href=https:\/\/www.arcope.it\/benedini\/catalogo_bib.php?BIB_CODI=466 target=_self>Liana Bortolon, <i>Con il filo di Arianna le nuove trame dell\u2019arte<\/i>, in \"Grazia\",  Milano  27 novembre 1988<\/a><br \/><hr><b><font size=6 color='#7F81FF'>1989<\/font><\/b><br>&nbsp;&nbsp;&nbsp;&nbsp;&nbsp;&nbsp;&nbsp;&nbsp;&nbsp;&nbsp;<a style='color:#000000' href=https:\/\/www.arcope.it\/benedini\/catalogo_bib.php?BIB_CODI=1042 target=_self><i>Trentadue ex - libri e dieci testimonianze critiche per Elda Fezzi<\/i>, Centro Internazionale della grafica, Venezia 1989<\/a><br \/><hr>&nbsp;&nbsp;&nbsp;&nbsp;&nbsp;&nbsp;&nbsp;&nbsp;&nbsp;&nbsp;<a style='color:#000000' href=https:\/\/www.arcope.it\/benedini\/catalogo_bib.php?BIB_CODI=1118 target=_self>Riccardo Barletta, <i>Senza titolo<\/i>, in \"Quartieri alti\", Milano 10 gennaio 1989<\/a><br \/><hr>&nbsp;&nbsp;&nbsp;&nbsp;&nbsp;&nbsp;&nbsp;&nbsp;&nbsp;&nbsp;<a style='color:#000000' href=https:\/\/www.arcope.it\/benedini\/catalogo_bib.php?BIB_CODI=468 target=_self>Mirella Bentivoglio, <i>Textilia<\/i>, in \"Arte e Cornice\",  Milano  marzo 1989<\/a><br \/><hr>&nbsp;&nbsp;&nbsp;&nbsp;&nbsp;&nbsp;&nbsp;&nbsp;&nbsp;&nbsp;<a style='color:#000000' href=https:\/\/www.arcope.it\/benedini\/catalogo_bib.php?BIB_CODI=607 target=_self><i>Prima Biennale di Cremona. Mostra d'arte padana<\/i> <i>Mostra d'arte padana<\/i>, presentazione di Giorgio Mascherpa, s.l. 1989<\/a><br \/><hr>&nbsp;&nbsp;&nbsp;&nbsp;&nbsp;&nbsp;&nbsp;&nbsp;&nbsp;&nbsp;<a style='color:#000000' href=https:\/\/www.arcope.it\/benedini\/catalogo_bib.php?BIB_CODI=92 target=_self><i>Grandi firme dell\u2019arte a favore del villaggio SOS di Morosolo Asta di grafica di artisti famosi per collezionisti ed amatori<\/i>, presentazione di Flavio Caroli, Varese 1989<\/a><br \/><hr>&nbsp;&nbsp;&nbsp;&nbsp;&nbsp;&nbsp;&nbsp;&nbsp;&nbsp;&nbsp;<a style='color:#000000' href=https:\/\/www.arcope.it\/benedini\/catalogo_bib.php?BIB_CODI=91 target=_self><i>Gabriella Benedini<\/i>, a cura di Luciano Caramel, Milano 1989<\/a><br \/><hr>&nbsp;&nbsp;&nbsp;&nbsp;&nbsp;&nbsp;&nbsp;&nbsp;&nbsp;&nbsp;<a style='color:#000000' href=https:\/\/www.arcope.it\/benedini\/catalogo_bib.php?BIB_CODI=1117 target=_self><i>pubblicit\u00e0 Spazio Temporaneo con mostra Benedini<\/i>, in \"Flash art\", Milano ottobre-novembre 1989<\/a><br \/><hr>&nbsp;&nbsp;&nbsp;&nbsp;&nbsp;&nbsp;&nbsp;&nbsp;&nbsp;&nbsp;<a style='color:#000000' href=https:\/\/www.arcope.it\/benedini\/catalogo_bib.php?BIB_CODI=469 target=_self>Gillo Dorfles, <i>Collage, magica tecnica per frammenti disparati<\/i>, in \"Corriere della Sera\",  Milano  20 ottobre 1989<\/a><br \/><hr>&nbsp;&nbsp;&nbsp;&nbsp;&nbsp;&nbsp;&nbsp;&nbsp;&nbsp;&nbsp;<a style='color:#000000' href=https:\/\/www.arcope.it\/benedini\/catalogo_bib.php?BIB_CODI=470 target=_self><i>Personale a Milano di Gabriella Benedini. Quei materiali dalla memoria<\/i>, in \"Gazzetta di Parma\", Parma  25 ottobre 1989<\/a><br \/><hr>&nbsp;&nbsp;&nbsp;&nbsp;&nbsp;&nbsp;&nbsp;&nbsp;&nbsp;&nbsp;<a style='color:#000000' href=https:\/\/www.arcope.it\/benedini\/catalogo_bib.php?BIB_CODI=471 target=_self>Francesco Vincitorio, <i>Milano Gabriella Benedini<\/i>, in \"La Stampa - Tutto Libri\",  Torino  4 novembre 1989<\/a><br \/><hr>&nbsp;&nbsp;&nbsp;&nbsp;&nbsp;&nbsp;&nbsp;&nbsp;&nbsp;&nbsp;<a style='color:#000000' href=https:\/\/www.arcope.it\/benedini\/catalogo_bib.php?BIB_CODI=472 target=_self>Liana Bortolon, <i>Pittura e scultura: alla ricerca della terza dimensione Gabriella Benedini<\/i>, in \"Grazia\",  Milano  5 novembre 1989<\/a><br \/><hr><b><font size=6 color='#7F81FF'>1990<\/font><\/b><br>&nbsp;&nbsp;&nbsp;&nbsp;&nbsp;&nbsp;&nbsp;&nbsp;&nbsp;&nbsp;<a style='color:#000000' href=https:\/\/www.arcope.it\/benedini\/catalogo_bib.php?BIB_CODI=475 target=_self>Maurizio Vitta, <i>Il presente degli altri<\/i>, in \"D\u2019Ars\",  Milano  gennaio 1990<\/a><br \/><hr>&nbsp;&nbsp;&nbsp;&nbsp;&nbsp;&nbsp;&nbsp;&nbsp;&nbsp;&nbsp;<a style='color:#000000' href=https:\/\/www.arcope.it\/benedini\/catalogo_bib.php?BIB_CODI=476 target=_self><i>Varie<\/i>, in \"Rassegna clinico-scientifica\"  Fondazione Lorenzini,  Milano  marzo-aprile-maggio 1990<\/a><br \/><hr>&nbsp;&nbsp;&nbsp;&nbsp;&nbsp;&nbsp;&nbsp;&nbsp;&nbsp;&nbsp;<a style='color:#000000' href=https:\/\/www.arcope.it\/benedini\/catalogo_bib.php?BIB_CODI=93 target=_self><i>Gabriella Benedini Bibliotheca<\/i>, a cura di Elena Pontiggia, Officina del cherubo, Bergamo 1990<\/a><br \/><hr>&nbsp;&nbsp;&nbsp;&nbsp;&nbsp;&nbsp;&nbsp;&nbsp;&nbsp;&nbsp;<a style='color:#000000' href=https:\/\/www.arcope.it\/benedini\/catalogo_bib.php?BIB_CODI=477 target=_self><i>Arts plastiques Benedini<\/i>, in \"Art et Culture\",  Bruxelles  ottobre 1990<\/a><br \/><hr>&nbsp;&nbsp;&nbsp;&nbsp;&nbsp;&nbsp;&nbsp;&nbsp;&nbsp;&nbsp;<a style='color:#000000' href=https:\/\/www.arcope.it\/benedini\/catalogo_bib.php?BIB_CODI=478 target=_self>T. (Tiziano) M. (Marcheselli), <i>Quei libri misteriori.  Materiali insoliti e inquietanti<\/i>, in \"La Gazzetta di Parma\",  Parma ottobre 1990<\/a><br \/><hr>&nbsp;&nbsp;&nbsp;&nbsp;&nbsp;&nbsp;&nbsp;&nbsp;&nbsp;&nbsp;<a style='color:#000000' href=https:\/\/www.arcope.it\/benedini\/catalogo_bib.php?BIB_CODI=94 target=_self><i>Orangerie Italiana 1990<\/i> <i>An international fair of italian art and antiques<\/i>, Londra 1990<\/a><br \/><hr><b><font size=6 color='#7F81FF'>1991<\/font><\/b><br>&nbsp;&nbsp;&nbsp;&nbsp;&nbsp;&nbsp;&nbsp;&nbsp;&nbsp;&nbsp;<a style='color:#000000' href=https:\/\/www.arcope.it\/benedini\/catalogo_bib.php?BIB_CODI=485 target=_self>Anita Nardon, <i>Info Galeries sp\u00e9cial Belgique Pour commencer 1991 A Bruxelles<\/i>, in periodico non identificato, Bruxelles 1991<\/a><br \/><hr>&nbsp;&nbsp;&nbsp;&nbsp;&nbsp;&nbsp;&nbsp;&nbsp;&nbsp;&nbsp;<a style='color:#000000' href=https:\/\/www.arcope.it\/benedini\/catalogo_bib.php?BIB_CODI=481 target=_self>Julie Carpentier, <i>Senza titolo<\/i>, in \"Derni\u00e8res Nouvelles d\u2019Alsace\",  Strasburgo 15 gennaio 1991<\/a><br \/><hr>&nbsp;&nbsp;&nbsp;&nbsp;&nbsp;&nbsp;&nbsp;&nbsp;&nbsp;&nbsp;<a style='color:#000000' href=https:\/\/www.arcope.it\/benedini\/catalogo_bib.php?BIB_CODI=482 target=_self>Gabriel Andr\u00e8s, <i>L'art contemporain \u00e0 Strasbourg<\/i>, in \"Hebdoscope\",  Strasburgo 23 gennaio 1991<\/a><br \/><hr>&nbsp;&nbsp;&nbsp;&nbsp;&nbsp;&nbsp;&nbsp;&nbsp;&nbsp;&nbsp;<a style='color:#000000' href=https:\/\/www.arcope.it\/benedini\/catalogo_bib.php?BIB_CODI=483 target=_self>Anita Nardon, <i>Au fil du temps et de l\u2019espace. Gabriella Benedini<\/i>, in periodico non identificato 29 gennaio 1991<\/a><br \/><hr>&nbsp;&nbsp;&nbsp;&nbsp;&nbsp;&nbsp;&nbsp;&nbsp;&nbsp;&nbsp;<a style='color:#000000' href=https:\/\/www.arcope.it\/benedini\/catalogo_bib.php?BIB_CODI=97 target=_self>Emma Zanella Manara, <i>Pagine e dintorni Libri d\u2019artista Rassegna internazionale<\/i>, presentazione di Gino Gini, Gallarate (VA) 1991<\/a><br \/><hr>&nbsp;&nbsp;&nbsp;&nbsp;&nbsp;&nbsp;&nbsp;&nbsp;&nbsp;&nbsp;<a style='color:#000000' href=https:\/\/www.arcope.it\/benedini\/catalogo_bib.php?BIB_CODI=96 target=_self><i>Objekte und Bilder von Gabriella Benedini Mailand<\/i>, Grenchen 1991<\/a><br \/><hr>&nbsp;&nbsp;&nbsp;&nbsp;&nbsp;&nbsp;&nbsp;&nbsp;&nbsp;&nbsp;<a style='color:#000000' href=https:\/\/www.arcope.it\/benedini\/catalogo_bib.php?BIB_CODI=629 target=_self><i>I cento artisti dell'anno<\/i>, in \"Arte\", Milano dicembre 1991<\/a><br \/><hr>&nbsp;&nbsp;&nbsp;&nbsp;&nbsp;&nbsp;&nbsp;&nbsp;&nbsp;&nbsp;<a style='color:#000000' href=https:\/\/www.arcope.it\/benedini\/catalogo_bib.php?BIB_CODI=473 target=_self><i>Dreier-Austellung in der Galerie Brechbuhl. Bekanntes und eine Entdeckung<\/i>, in periodico non identificato 14 dicembre 1991<\/a><br \/><hr>&nbsp;&nbsp;&nbsp;&nbsp;&nbsp;&nbsp;&nbsp;&nbsp;&nbsp;&nbsp;<a style='color:#000000' href=https:\/\/www.arcope.it\/benedini\/catalogo_bib.php?BIB_CODI=484 target=_self>Jacqueline Trachsel, <i>Senza titolo<\/i>, in \"Solothurner Nachrichten\",  Grenchen 14 dicembre 1991<\/a><br \/><hr><b><font size=6 color='#7F81FF'>1992<\/font><\/b><br>&nbsp;&nbsp;&nbsp;&nbsp;&nbsp;&nbsp;&nbsp;&nbsp;&nbsp;&nbsp;<a style='color:#000000' href=https:\/\/www.arcope.it\/benedini\/catalogo_bib.php?BIB_CODI=102 target=_self><i>1992: artisti in galleria<\/i>, Edizioni C.E.L.I., Faenza (RA) 1992<\/a><br \/><hr>&nbsp;&nbsp;&nbsp;&nbsp;&nbsp;&nbsp;&nbsp;&nbsp;&nbsp;&nbsp;<a style='color:#000000' href=https:\/\/www.arcope.it\/benedini\/catalogo_bib.php?BIB_CODI=99 target=_self><i>La grimace napolitaine 30 artistes italiens de Paris<\/i>, Parigi 1992<\/a><br \/><hr>&nbsp;&nbsp;&nbsp;&nbsp;&nbsp;&nbsp;&nbsp;&nbsp;&nbsp;&nbsp;<a style='color:#000000' href=https:\/\/www.arcope.it\/benedini\/catalogo_bib.php?BIB_CODI=488 target=_self>Rino Tacchella, <i>Omaggio alla creativit\u00e0 delle donne artiste<\/i>, in \"Panorama di Novi\", Novi Ligure (AL)  21 marzo 1992<\/a><br \/><hr>&nbsp;&nbsp;&nbsp;&nbsp;&nbsp;&nbsp;&nbsp;&nbsp;&nbsp;&nbsp;<a style='color:#000000' href=https:\/\/www.arcope.it\/benedini\/catalogo_bib.php?BIB_CODI=98 target=_self><i>Gabriella Benedini<\/i>, a cura di Gillo Dorfles, Milano 1992<\/a><br \/><hr>&nbsp;&nbsp;&nbsp;&nbsp;&nbsp;&nbsp;&nbsp;&nbsp;&nbsp;&nbsp;<a style='color:#000000' href=https:\/\/www.arcope.it\/benedini\/catalogo_bib.php?BIB_CODI=487 target=_self><i>L'arte Gabriella Benedini<\/i>, in \"Corriere della Sera\", Milano 14 maggio 1992<\/a><br \/><hr>&nbsp;&nbsp;&nbsp;&nbsp;&nbsp;&nbsp;&nbsp;&nbsp;&nbsp;&nbsp;<a style='color:#000000' href=https:\/\/www.arcope.it\/benedini\/catalogo_bib.php?BIB_CODI=489 target=_self>Francesco Tedeschi, <i>\u201cArpe\u201d spaziali<\/i>, in \"Il Giornale\", Milano  24 maggio 1992<\/a><br \/><hr>&nbsp;&nbsp;&nbsp;&nbsp;&nbsp;&nbsp;&nbsp;&nbsp;&nbsp;&nbsp;<a style='color:#000000' href=https:\/\/www.arcope.it\/benedini\/catalogo_bib.php?BIB_CODI=490 target=_self>Elisabetta Muritti, <i>Mostre Tancredi,  geniale e sofferente<\/i>, in \"Il Giornale\",  Milano 28 maggio 1992<\/a><br \/><hr>&nbsp;&nbsp;&nbsp;&nbsp;&nbsp;&nbsp;&nbsp;&nbsp;&nbsp;&nbsp;<a style='color:#000000' href=https:\/\/www.arcope.it\/benedini\/catalogo_bib.php?BIB_CODI=492 target=_self>E. (Elisabetta) L. (Longari), <i>Gabriella Benedini - Le arpe. Spazio Temporaneo<\/i>, in \"Terzocchio\",  Bologna  giugno 1992<\/a><br \/><hr>&nbsp;&nbsp;&nbsp;&nbsp;&nbsp;&nbsp;&nbsp;&nbsp;&nbsp;&nbsp;<a style='color:#000000' href=https:\/\/www.arcope.it\/benedini\/catalogo_bib.php?BIB_CODI=491 target=_self>Giovanna Poletti, <i>Gabriella Benedini e le arpe per una musica senza suoni<\/i>, in \"Corriere della Sera\",  Milano  9 giugno 1992<\/a><br \/><hr>&nbsp;&nbsp;&nbsp;&nbsp;&nbsp;&nbsp;&nbsp;&nbsp;&nbsp;&nbsp;<a style='color:#000000' href=https:\/\/www.arcope.it\/benedini\/catalogo_bib.php?BIB_CODI=493 target=_self>Giovanna Poletti, <i>Ricerca senza rete - Le costruzioni materiche di Gabriella Benedini alla Galleria Sindoni di Asiago (Vi)<\/i>, in \"Il corso\"  luglio-agosto 1992<\/a><br \/><hr>&nbsp;&nbsp;&nbsp;&nbsp;&nbsp;&nbsp;&nbsp;&nbsp;&nbsp;&nbsp;<a style='color:#000000' href=https:\/\/www.arcope.it\/benedini\/catalogo_bib.php?BIB_CODI=494 target=_self>Liana Bortolon, <i>Le arpe di pietra<\/i>, in \"Grazia\",  Milano  9 agosto 1992<\/a><br \/><hr>&nbsp;&nbsp;&nbsp;&nbsp;&nbsp;&nbsp;&nbsp;&nbsp;&nbsp;&nbsp;<a style='color:#000000' href=https:\/\/www.arcope.it\/benedini\/catalogo_bib.php?BIB_CODI=100 target=_self><i>Salone di settembre Prima Rassegna di Gallerie Italiane di Arte Contemporanea<\/i>, Venezia 1992<\/a><br \/><hr>&nbsp;&nbsp;&nbsp;&nbsp;&nbsp;&nbsp;&nbsp;&nbsp;&nbsp;&nbsp;<a style='color:#000000' href=https:\/\/www.arcope.it\/benedini\/catalogo_bib.php?BIB_CODI=101 target=_self><i>Lineart 1992<\/i>, Gent 1992<\/a><br \/><hr><b><font size=6 color='#7F81FF'>1993<\/font><\/b><br>&nbsp;&nbsp;&nbsp;&nbsp;&nbsp;&nbsp;&nbsp;&nbsp;&nbsp;&nbsp;<a style='color:#000000' href=https:\/\/www.arcope.it\/benedini\/catalogo_bib.php?BIB_CODI=517 target=_self>Claudia Ferraresi, <i>Bra Enigmatici dipinti<\/i>, in \"La Stampa\",  Torino [1993]<\/a><br \/><hr>&nbsp;&nbsp;&nbsp;&nbsp;&nbsp;&nbsp;&nbsp;&nbsp;&nbsp;&nbsp;<a style='color:#000000' href=https:\/\/www.arcope.it\/benedini\/catalogo_bib.php?BIB_CODI=797 target=_self><i>Cinque pittori per Elda Fezzi<\/i> <i>Mario Benedetti. Gabriella Benedini. Enrico Della Torre. Luigi Dragoni. Fabrizio Merisi<\/i>, a cura di Mariarosa Ferrari Romanini, Cremona 1993<\/a><br \/><hr>&nbsp;&nbsp;&nbsp;&nbsp;&nbsp;&nbsp;&nbsp;&nbsp;&nbsp;&nbsp;<a style='color:#000000' href=https:\/\/www.arcope.it\/benedini\/catalogo_bib.php?BIB_CODI=103 target=_self>Luigi Cavadini, Patrizia Serra, <i>Gabriella Benedini<\/i>, Fidia edizioni d'arte, Milano 1993<\/a><br \/><hr>&nbsp;&nbsp;&nbsp;&nbsp;&nbsp;&nbsp;&nbsp;&nbsp;&nbsp;&nbsp;<a style='color:#000000' href=https:\/\/www.arcope.it\/benedini\/catalogo_bib.php?BIB_CODI=804 target=_self><i>Bra Rigori geometrici<\/i>, in \"La Stampa\", Torino 1993<\/a><br \/><hr>&nbsp;&nbsp;&nbsp;&nbsp;&nbsp;&nbsp;&nbsp;&nbsp;&nbsp;&nbsp;<a style='color:#000000' href=https:\/\/www.arcope.it\/benedini\/catalogo_bib.php?BIB_CODI=480 target=_self><i>Domani al Centro polifunzionale Mostra di Gabriella Benedini<\/i>, in periodico non identificato 5 marzo 1993<\/a><br \/><hr>&nbsp;&nbsp;&nbsp;&nbsp;&nbsp;&nbsp;&nbsp;&nbsp;&nbsp;&nbsp;<a style='color:#000000' href=https:\/\/www.arcope.it\/benedini\/catalogo_bib.php?BIB_CODI=497 target=_self>Irene Ciravegna, <i>Arte, scienza e alchimia<\/i>, in \"Brasette\", Bra (CN)  12 marzo 1993<\/a><br \/><hr>&nbsp;&nbsp;&nbsp;&nbsp;&nbsp;&nbsp;&nbsp;&nbsp;&nbsp;&nbsp;<a style='color:#000000' href=https:\/\/www.arcope.it\/benedini\/catalogo_bib.php?BIB_CODI=498 target=_self>Liana Bortolon, <i>Antologica di Benedini<\/i>, in \"Grazia\",  Milano  31 marzo 1993<\/a><br \/><hr>&nbsp;&nbsp;&nbsp;&nbsp;&nbsp;&nbsp;&nbsp;&nbsp;&nbsp;&nbsp;<a style='color:#000000' href=https:\/\/www.arcope.it\/benedini\/catalogo_bib.php?BIB_CODI=499 target=_self>Sandro Parmiggiani, <i>Il trionfo della memoria<\/i>, in \"La Gazzetta di Reggio\",  Reggio Emilia  3 aprile 1993<\/a><br \/><hr>&nbsp;&nbsp;&nbsp;&nbsp;&nbsp;&nbsp;&nbsp;&nbsp;&nbsp;&nbsp;<a style='color:#000000' href=https:\/\/www.arcope.it\/benedini\/catalogo_bib.php?BIB_CODI=663 target=_self><i>Mostre e gallerie<\/i>, in \"Il 2000\", Vicenza 25 aprile 1993<\/a><br \/><hr>&nbsp;&nbsp;&nbsp;&nbsp;&nbsp;&nbsp;&nbsp;&nbsp;&nbsp;&nbsp;<a style='color:#000000' href=https:\/\/www.arcope.it\/benedini\/catalogo_bib.php?BIB_CODI=500 target=_self>Massimo Villa, <i>In galleria Gabriella Benedini<\/i>, in \"Flash Art\",  Milano  maggio 1993<\/a><br \/><hr>&nbsp;&nbsp;&nbsp;&nbsp;&nbsp;&nbsp;&nbsp;&nbsp;&nbsp;&nbsp;<a style='color:#000000' href=https:\/\/www.arcope.it\/benedini\/catalogo_bib.php?BIB_CODI=518 target=_self>Francesco Tedeschi, <i>Como Gabriella Benedini<\/i>, in \"Terzocchio\",  Bologna maggio 1993<\/a><br \/><hr>&nbsp;&nbsp;&nbsp;&nbsp;&nbsp;&nbsp;&nbsp;&nbsp;&nbsp;&nbsp;<a style='color:#000000' href=https:\/\/www.arcope.it\/benedini\/catalogo_bib.php?BIB_CODI=1596 target=_self><i>Gabriella Benendini Opere recenti<\/i>, in \"Terza pagina\", Bergamo maggio 1993<\/a><br \/><hr>&nbsp;&nbsp;&nbsp;&nbsp;&nbsp;&nbsp;&nbsp;&nbsp;&nbsp;&nbsp;<a style='color:#000000' href=https:\/\/www.arcope.it\/benedini\/catalogo_bib.php?BIB_CODI=1597 target=_self><i>redazionale<\/i>, in \"Il Punto\" Maggio-giungo 1993<\/a><br \/><hr>&nbsp;&nbsp;&nbsp;&nbsp;&nbsp;&nbsp;&nbsp;&nbsp;&nbsp;&nbsp;<a style='color:#000000' href=https:\/\/www.arcope.it\/benedini\/catalogo_bib.php?BIB_CODI=664 target=_self><i>Mostre e gallerie<\/i>, in \"Il 2000\", Vicenza 2 maggio 1993<\/a><br \/><hr>&nbsp;&nbsp;&nbsp;&nbsp;&nbsp;&nbsp;&nbsp;&nbsp;&nbsp;&nbsp;<a style='color:#000000' href=https:\/\/www.arcope.it\/benedini\/catalogo_bib.php?BIB_CODI=501 target=_self>Tiziano Marcheselli, <i>Pittura che si fa scultura. Un intervento musicale, tra geometria e fantasia<\/i>, in \"La Gazzetta di Parma\",  Parma  12 maggio 1993<\/a><br \/><hr>&nbsp;&nbsp;&nbsp;&nbsp;&nbsp;&nbsp;&nbsp;&nbsp;&nbsp;&nbsp;<a style='color:#000000' href=https:\/\/www.arcope.it\/benedini\/catalogo_bib.php?BIB_CODI=502 target=_self>Elisabetta Muritti, <i>Anteprima<\/i>, in \"Il Giornale\",  Milano  16 maggio 1993<\/a><br \/><hr>&nbsp;&nbsp;&nbsp;&nbsp;&nbsp;&nbsp;&nbsp;&nbsp;&nbsp;&nbsp;<a style='color:#000000' href=https:\/\/www.arcope.it\/benedini\/catalogo_bib.php?BIB_CODI=1591 target=_self><i>A Como dal 27 maggio al 18 luglio le opere di Gabriella Benedini<\/i>, in \"Il Nord\" 20 maggio 1993<\/a><br \/><hr>&nbsp;&nbsp;&nbsp;&nbsp;&nbsp;&nbsp;&nbsp;&nbsp;&nbsp;&nbsp;<a style='color:#000000' href=https:\/\/www.arcope.it\/benedini\/catalogo_bib.php?BIB_CODI=1592 target=_self><i>Gabriella Benedini<\/i>, in \"Citt\u00e0 Nuova\", Roma 25 maggio 1993<\/a><br \/><hr>&nbsp;&nbsp;&nbsp;&nbsp;&nbsp;&nbsp;&nbsp;&nbsp;&nbsp;&nbsp;<a style='color:#000000' href=https:\/\/www.arcope.it\/benedini\/catalogo_bib.php?BIB_CODI=1593 target=_self><i>Pinacoteca Personale di Benedini<\/i>, in \"La Proviincia\", Como 28 maggio 1993<\/a><br \/><hr>&nbsp;&nbsp;&nbsp;&nbsp;&nbsp;&nbsp;&nbsp;&nbsp;&nbsp;&nbsp;<a style='color:#000000' href=https:\/\/www.arcope.it\/benedini\/catalogo_bib.php?BIB_CODI=1594 target=_self><i>Como<\/i>, in \"Lombardia oggi\" 29 maggio 1993<\/a><br \/><hr>&nbsp;&nbsp;&nbsp;&nbsp;&nbsp;&nbsp;&nbsp;&nbsp;&nbsp;&nbsp;<a style='color:#000000' href=https:\/\/www.arcope.it\/benedini\/catalogo_bib.php?BIB_CODI=1595 target=_self><i>Mostre<\/i>, in \"L'Esagono\" 31 maggio 1993<\/a><br \/><hr>&nbsp;&nbsp;&nbsp;&nbsp;&nbsp;&nbsp;&nbsp;&nbsp;&nbsp;&nbsp;<a style='color:#000000' href=https:\/\/www.arcope.it\/benedini\/catalogo_bib.php?BIB_CODI=503 target=_self>Ezio Maglia, <i>Materiali diversi fili della memoria. Espone a Como Gabriella Benedini di origine cremones. Una rassegna da non perdere<\/i>, in \"La Provincia\",  Cremona  1 giugno 1993<\/a><br \/><hr>&nbsp;&nbsp;&nbsp;&nbsp;&nbsp;&nbsp;&nbsp;&nbsp;&nbsp;&nbsp;<a style='color:#000000' href=https:\/\/www.arcope.it\/benedini\/catalogo_bib.php?BIB_CODI=507 target=_self>Enrico Crispolti, <i>Presenze materiche<\/i>, in \"AD\",  Roma giugno  1993<\/a><br \/><hr>&nbsp;&nbsp;&nbsp;&nbsp;&nbsp;&nbsp;&nbsp;&nbsp;&nbsp;&nbsp;<a style='color:#000000' href=https:\/\/www.arcope.it\/benedini\/catalogo_bib.php?BIB_CODI=509 target=_self>Cristina Ruggeri, <i>Appuntamenti La terza dimensione di Gabriella<\/i>, in \"Ticino Management\",  Lugano  giugno 1993<\/a><br \/><hr>&nbsp;&nbsp;&nbsp;&nbsp;&nbsp;&nbsp;&nbsp;&nbsp;&nbsp;&nbsp;<a style='color:#000000' href=https:\/\/www.arcope.it\/benedini\/catalogo_bib.php?BIB_CODI=512 target=_self>Peppo Peduzzi, <i>Senza titolo<\/i>, in \"Il Giornale dell\u2019arte\",  Torino giugno- luglio-agosto 1993<\/a><br \/><hr>&nbsp;&nbsp;&nbsp;&nbsp;&nbsp;&nbsp;&nbsp;&nbsp;&nbsp;&nbsp;<a style='color:#000000' href=https:\/\/www.arcope.it\/benedini\/catalogo_bib.php?BIB_CODI=1603 target=_self><i>Curiosando per musei<\/i>, in \"Allure\" giugno 1993<\/a><br \/><hr>&nbsp;&nbsp;&nbsp;&nbsp;&nbsp;&nbsp;&nbsp;&nbsp;&nbsp;&nbsp;<a style='color:#000000' href=https:\/\/www.arcope.it\/benedini\/catalogo_bib.php?BIB_CODI=1604 target=_self><i>Iniziative Uesserate<\/i>, in \"Artigianato\" giugno 1993<\/a><br \/><hr>&nbsp;&nbsp;&nbsp;&nbsp;&nbsp;&nbsp;&nbsp;&nbsp;&nbsp;&nbsp;<a style='color:#000000' href=https:\/\/www.arcope.it\/benedini\/catalogo_bib.php?BIB_CODI=1605 target=_self><i>Gabriella Benedini Opere recenti<\/i>, in \"Arte e cornice\" giugno 1993<\/a><br \/><hr>&nbsp;&nbsp;&nbsp;&nbsp;&nbsp;&nbsp;&nbsp;&nbsp;&nbsp;&nbsp;<a style='color:#000000' href=https:\/\/www.arcope.it\/benedini\/catalogo_bib.php?BIB_CODI=1606 target=_self><i>redazionale<\/i>, in \"Arte in\" giugno 1993<\/a><br \/><hr>&nbsp;&nbsp;&nbsp;&nbsp;&nbsp;&nbsp;&nbsp;&nbsp;&nbsp;&nbsp;<a style='color:#000000' href=https:\/\/www.arcope.it\/benedini\/catalogo_bib.php?BIB_CODI=1607 target=_self><i>Benendini Gabriella<\/i>, in \"Arte servie\" giungo-luglio 1993<\/a><br \/><hr>&nbsp;&nbsp;&nbsp;&nbsp;&nbsp;&nbsp;&nbsp;&nbsp;&nbsp;&nbsp;<a style='color:#000000' href=https:\/\/www.arcope.it\/benedini\/catalogo_bib.php?BIB_CODI=1598 target=_self><i>L'arte La nostra guida<\/i>, in \"Vivi Milano - Corriere della Sera\" 2 giugno 1993<\/a><br \/><hr>&nbsp;&nbsp;&nbsp;&nbsp;&nbsp;&nbsp;&nbsp;&nbsp;&nbsp;&nbsp;<a style='color:#000000' href=https:\/\/www.arcope.it\/benedini\/catalogo_bib.php?BIB_CODI=1599 target=_self><i>Mostre in Italia<\/i>, in \"La Gazzetta di Parma\", Parma 2 giugno 1993<\/a><br \/><hr>&nbsp;&nbsp;&nbsp;&nbsp;&nbsp;&nbsp;&nbsp;&nbsp;&nbsp;&nbsp;<a style='color:#000000' href=https:\/\/www.arcope.it\/benedini\/catalogo_bib.php?BIB_CODI=1608 target=_self><i>Mostre & eventi in Italia<\/i>, in \"L'Arena\" 5 luglio 1993<\/a><br \/><hr>&nbsp;&nbsp;&nbsp;&nbsp;&nbsp;&nbsp;&nbsp;&nbsp;&nbsp;&nbsp;<a style='color:#000000' href=https:\/\/www.arcope.it\/benedini\/catalogo_bib.php?BIB_CODI=504 target=_self>Marisa Vescovo, <i>Scegliendo fra le mostre Como Plastica Benedini<\/i>, in \"La Stampa\",  Torino  7 giugno 1993<\/a><br \/><hr>&nbsp;&nbsp;&nbsp;&nbsp;&nbsp;&nbsp;&nbsp;&nbsp;&nbsp;&nbsp;<a style='color:#000000' href=https:\/\/www.arcope.it\/benedini\/catalogo_bib.php?BIB_CODI=505 target=_self>Andrea Lanfranchi, <i>La Pinacoteca fa il pieno d\u2019arte<\/i>, in \"Citt\u00e0 oggi\", Erba (CO)  8 giugno 1993<\/a><br \/><hr>&nbsp;&nbsp;&nbsp;&nbsp;&nbsp;&nbsp;&nbsp;&nbsp;&nbsp;&nbsp;<a style='color:#000000' href=https:\/\/www.arcope.it\/benedini\/catalogo_bib.php?BIB_CODI=506 target=_self>Elena Di Raddo, <i>Benedini, la primordialit\u00e0<\/i>, in \"La Provincia\",  Como  13 giugno 1993<\/a><br \/><hr>&nbsp;&nbsp;&nbsp;&nbsp;&nbsp;&nbsp;&nbsp;&nbsp;&nbsp;&nbsp;<a style='color:#000000' href=https:\/\/www.arcope.it\/benedini\/catalogo_bib.php?BIB_CODI=1600 target=_self><i>Opere recenti di Gabriella Benedini a Como<\/i>, in \"MSA\" 15 giugno 1993<\/a><br \/><hr>&nbsp;&nbsp;&nbsp;&nbsp;&nbsp;&nbsp;&nbsp;&nbsp;&nbsp;&nbsp;<a style='color:#000000' href=https:\/\/www.arcope.it\/benedini\/catalogo_bib.php?BIB_CODI=1601 target=_self><i>Quando Fino al 18 luglio <\/i>, in \"Noi\" 17 giugno 1993<\/a><br \/><hr>&nbsp;&nbsp;&nbsp;&nbsp;&nbsp;&nbsp;&nbsp;&nbsp;&nbsp;&nbsp;<a style='color:#000000' href=https:\/\/www.arcope.it\/benedini\/catalogo_bib.php?BIB_CODI=1602 target=_self><i>In Lombardia<\/i>, in \"Tutto Milano - La Repubblcia\" 24 goiugno - 8 luglio 1993<\/a><br \/><hr>&nbsp;&nbsp;&nbsp;&nbsp;&nbsp;&nbsp;&nbsp;&nbsp;&nbsp;&nbsp;<a style='color:#000000' href=https:\/\/www.arcope.it\/benedini\/catalogo_bib.php?BIB_CODI=511 target=_self>Susanna Busnelli, <i>Appuntamenti con l\u2019arte<\/i>, in \"D e D\"  luglio e agosto 1993<\/a><br \/><hr>&nbsp;&nbsp;&nbsp;&nbsp;&nbsp;&nbsp;&nbsp;&nbsp;&nbsp;&nbsp;<a style='color:#000000' href=https:\/\/www.arcope.it\/benedini\/catalogo_bib.php?BIB_CODI=1611 target=_self><i>Le mostre. Gabriella Benedini alla Pinacoteca di Como<\/i>, in \"Dossier\" luglio 1993<\/a><br \/><hr>&nbsp;&nbsp;&nbsp;&nbsp;&nbsp;&nbsp;&nbsp;&nbsp;&nbsp;&nbsp;<a style='color:#000000' href=https:\/\/www.arcope.it\/benedini\/catalogo_bib.php?BIB_CODI=1612 target=_self><i>Taccuino  Como<\/i>, in \"Tutto turismo\" luglio 1993<\/a><br \/><hr>&nbsp;&nbsp;&nbsp;&nbsp;&nbsp;&nbsp;&nbsp;&nbsp;&nbsp;&nbsp;<a style='color:#000000' href=https:\/\/www.arcope.it\/benedini\/catalogo_bib.php?BIB_CODI=1613 target=_self><i>Como: Gabriella Benedini<\/i>, in \"Dove\" luglio 1993<\/a><br \/><hr>&nbsp;&nbsp;&nbsp;&nbsp;&nbsp;&nbsp;&nbsp;&nbsp;&nbsp;&nbsp;<a style='color:#000000' href=https:\/\/www.arcope.it\/benedini\/catalogo_bib.php?BIB_CODI=1614 target=_self><i>A Como opere recenti di Gabriella Benedini<\/i>, in \"Dialogo\" luglio-agosto 1993<\/a><br \/><hr>&nbsp;&nbsp;&nbsp;&nbsp;&nbsp;&nbsp;&nbsp;&nbsp;&nbsp;&nbsp;<a style='color:#000000' href=https:\/\/www.arcope.it\/benedini\/catalogo_bib.php?BIB_CODI=510 target=_self>Elisabetta Bovo, <i>Mostre & eventi in Italia<\/i>, in \"L\u2019Arena\", Verona  5 luglio 1993<\/a><br \/><hr>&nbsp;&nbsp;&nbsp;&nbsp;&nbsp;&nbsp;&nbsp;&nbsp;&nbsp;&nbsp;<a style='color:#000000' href=https:\/\/www.arcope.it\/benedini\/catalogo_bib.php?BIB_CODI=1609 target=_self><i>Opere recenti di Gabriella Benedini a Como<\/i>, in \"Il quotidiano di Foggia\", Foggia 7 luglio 1993<\/a><br \/><hr>&nbsp;&nbsp;&nbsp;&nbsp;&nbsp;&nbsp;&nbsp;&nbsp;&nbsp;&nbsp;<a style='color:#000000' href=https:\/\/www.arcope.it\/benedini\/catalogo_bib.php?BIB_CODI=1610 target=_self><i>Da non poerdere<\/i>, in \"Gioia\", Milano 12 luglio 1993<\/a><br \/><hr>&nbsp;&nbsp;&nbsp;&nbsp;&nbsp;&nbsp;&nbsp;&nbsp;&nbsp;&nbsp;<a style='color:#000000' href=https:\/\/www.arcope.it\/benedini\/catalogo_bib.php?BIB_CODI=513 target=_self>Sebastiano Grasso, <i>Italia in corsa per il \u201cTotoMir\u00f2\u201d<\/i>, in \"Corriere della Sera\",  Milano  19 settembre 1993<\/a><br \/><hr>&nbsp;&nbsp;&nbsp;&nbsp;&nbsp;&nbsp;&nbsp;&nbsp;&nbsp;&nbsp;<a style='color:#000000' href=https:\/\/www.arcope.it\/benedini\/catalogo_bib.php?BIB_CODI=514 target=_self>Enzo Silvi, <i>Doppio omaggio a Mir\u00f2<\/i>, in \"Gazzetta di Reggio\", Reggio Emilia  24 settembre 1993<\/a><br \/><hr>&nbsp;&nbsp;&nbsp;&nbsp;&nbsp;&nbsp;&nbsp;&nbsp;&nbsp;&nbsp;<a style='color:#000000' href=https:\/\/www.arcope.it\/benedini\/catalogo_bib.php?BIB_CODI=104 target=_self><i>Lineart 1993<\/i>, Gent 1993<\/a><br \/><hr>&nbsp;&nbsp;&nbsp;&nbsp;&nbsp;&nbsp;&nbsp;&nbsp;&nbsp;&nbsp;<a style='color:#000000' href=https:\/\/www.arcope.it\/benedini\/catalogo_bib.php?BIB_CODI=322 target=_self>Lavinia Capritti, <i>Carta-Museo E con 37 mila lire entri in 20 \"templi\" dell'arte milanese<\/i>, in \"La Notte\", Milano 10 novembre 1993<\/a><br \/><hr>&nbsp;&nbsp;&nbsp;&nbsp;&nbsp;&nbsp;&nbsp;&nbsp;&nbsp;&nbsp;<a style='color:#000000' href=https:\/\/www.arcope.it\/benedini\/catalogo_bib.php?BIB_CODI=515 target=_self>Melisa Garzonio, <i>Tutti al Museo con il \u201cpass\u201d elettronico<\/i>, in \"Corriere della Sera\",  Milano  17 novembre 1993<\/a><br \/><hr>&nbsp;&nbsp;&nbsp;&nbsp;&nbsp;&nbsp;&nbsp;&nbsp;&nbsp;&nbsp;<a style='color:#000000' href=https:\/\/www.arcope.it\/benedini\/catalogo_bib.php?BIB_CODI=516 target=_self><i>I cento artisti italiani dell'anno<\/i>, in \"Arte\", <i>I critici, gli storici dell'arte e gli organizzatori di grandi mostre da noi intervistati spiegano le loro scelte<\/i>,  Milano  dicembre 1993<\/a><br \/><hr>&nbsp;&nbsp;&nbsp;&nbsp;&nbsp;&nbsp;&nbsp;&nbsp;&nbsp;&nbsp;<a style='color:#000000' href=https:\/\/www.arcope.it\/benedini\/catalogo_bib.php?BIB_CODI=1615 target=_self><i>Geometria e fantasia di Gabriella Benedini<\/i>, in \"Abruzzo\" 1993<\/a><br \/><hr>&nbsp;&nbsp;&nbsp;&nbsp;&nbsp;&nbsp;&nbsp;&nbsp;&nbsp;&nbsp;<a style='color:#000000' href=https:\/\/www.arcope.it\/benedini\/catalogo_bib.php?BIB_CODI=586 target=_self>Laura Verlicchi, <i>E sotto l'albero una carta-museo<\/i>, in \"Il Giornale\", Milano 21 dicembre 1993<\/a><br \/><hr><b><font size=6 color='#7F81FF'>1994<\/font><\/b><br>&nbsp;&nbsp;&nbsp;&nbsp;&nbsp;&nbsp;&nbsp;&nbsp;&nbsp;&nbsp;<a style='color:#000000' href=https:\/\/www.arcope.it\/benedini\/catalogo_bib.php?BIB_CODI=110 target=_self>Enzo Santese, <i>Cento e pi\u00f9 opere nella prospettiva di un museo<\/i>, Biblioteca Cominiana, Padova 1994<\/a><br \/><hr>&nbsp;&nbsp;&nbsp;&nbsp;&nbsp;&nbsp;&nbsp;&nbsp;&nbsp;&nbsp;<a style='color:#000000' href=https:\/\/www.arcope.it\/benedini\/catalogo_bib.php?BIB_CODI=533 target=_self><i>Gabriella Benedini<\/i>, in \"Images Art & Life\" 1994<\/a><br \/><hr>&nbsp;&nbsp;&nbsp;&nbsp;&nbsp;&nbsp;&nbsp;&nbsp;&nbsp;&nbsp;<a style='color:#000000' href=https:\/\/www.arcope.it\/benedini\/catalogo_bib.php?BIB_CODI=1561 target=_self>Luigi Cavadini, <i>L'assoluto nell'opera di Gabriella Benedini<\/i>, in \"Art in Italy\", Biella 1\u00b0 semestre 1994<\/a><br \/><hr>&nbsp;&nbsp;&nbsp;&nbsp;&nbsp;&nbsp;&nbsp;&nbsp;&nbsp;&nbsp;<a style='color:#000000' href=https:\/\/www.arcope.it\/benedini\/catalogo_bib.php?BIB_CODI=105 target=_self>Anty Pansera, <i>Invenzioni d'autore<\/i>, in <i> Il tempo del ventaglio Memorie ferraresi e invenzioni d\u2019autore<\/i>, a cura di Anna Maria Visser Travagli e Chiara Toschi Cavaliere, Ferrara 1994<\/a><br \/><hr>&nbsp;&nbsp;&nbsp;&nbsp;&nbsp;&nbsp;&nbsp;&nbsp;&nbsp;&nbsp;<a style='color:#000000' href=https:\/\/www.arcope.it\/benedini\/catalogo_bib.php?BIB_CODI=106 target=_self><i>Coscienza della realt\u00e0<\/i>, a cura di Francesco Tedeschi, Milano 1994<\/a><br \/><hr>&nbsp;&nbsp;&nbsp;&nbsp;&nbsp;&nbsp;&nbsp;&nbsp;&nbsp;&nbsp;<a style='color:#000000' href=https:\/\/www.arcope.it\/benedini\/catalogo_bib.php?BIB_CODI=376 target=_self>Livia Fagetti, <i>Piccola \u00e8 bella la scultura oggi<\/i>, in \"Arte\", Milano aprile 1994<\/a><br \/><hr>&nbsp;&nbsp;&nbsp;&nbsp;&nbsp;&nbsp;&nbsp;&nbsp;&nbsp;&nbsp;<a style='color:#000000' href=https:\/\/www.arcope.it\/benedini\/catalogo_bib.php?BIB_CODI=108 target=_self><i>Arbeiten auf Papier. Lavori su carta<\/i>, a cura di Ingo Bartsch, Nuova Editrice Delta, Como 1994<\/a><br \/><hr>&nbsp;&nbsp;&nbsp;&nbsp;&nbsp;&nbsp;&nbsp;&nbsp;&nbsp;&nbsp;<a style='color:#000000' href=https:\/\/www.arcope.it\/benedini\/catalogo_bib.php?BIB_CODI=521 target=_self><i>Memorie e invenzioni<\/i>, in \"Modo\",  Milano  maggio 1994<\/a><br \/><hr>&nbsp;&nbsp;&nbsp;&nbsp;&nbsp;&nbsp;&nbsp;&nbsp;&nbsp;&nbsp;<a style='color:#000000' href=https:\/\/www.arcope.it\/benedini\/catalogo_bib.php?BIB_CODI=522 target=_self>Blandine Bouret, <i>Senza titolo<\/i>, in \"Du Livre\", Parigi maggio-giugno 1994<\/a><br \/><hr>&nbsp;&nbsp;&nbsp;&nbsp;&nbsp;&nbsp;&nbsp;&nbsp;&nbsp;&nbsp;<a style='color:#000000' href=https:\/\/www.arcope.it\/benedini\/catalogo_bib.php?BIB_CODI=545 target=_self><i>Spazi senza tempo<\/i>, in \"La Provincia\", Como 6 giugno 1994<\/a><br \/><hr>&nbsp;&nbsp;&nbsp;&nbsp;&nbsp;&nbsp;&nbsp;&nbsp;&nbsp;&nbsp;<a style='color:#000000' href=https:\/\/www.arcope.it\/benedini\/catalogo_bib.php?BIB_CODI=523 target=_self>Maria Luisa Minarelli, <i>Gabriella Benedini<\/i>, in \"Bipiemme News\", Milano  ottobre 1994<\/a><br \/><hr>&nbsp;&nbsp;&nbsp;&nbsp;&nbsp;&nbsp;&nbsp;&nbsp;&nbsp;&nbsp;<a style='color:#000000' href=https:\/\/www.arcope.it\/benedini\/catalogo_bib.php?BIB_CODI=109 target=_self><i>Gabriella Benedini Equinozi Equinoxes Equinox<\/i>, a cura di Luciano Caramel, presentazione di  Janus, Musumeci Editore, Aosta 1994<\/a><br \/><hr>&nbsp;&nbsp;&nbsp;&nbsp;&nbsp;&nbsp;&nbsp;&nbsp;&nbsp;&nbsp;<a style='color:#000000' href=https:\/\/www.arcope.it\/benedini\/catalogo_bib.php?BIB_CODI=524 target=_self>Gianni Cavazzini, <i>La Benedini tra mito e cielo<\/i>, in \"La Gazzetta di Parma\",  Parma  6 novembre 1994<\/a><br \/><hr>&nbsp;&nbsp;&nbsp;&nbsp;&nbsp;&nbsp;&nbsp;&nbsp;&nbsp;&nbsp;<a style='color:#000000' href=https:\/\/www.arcope.it\/benedini\/catalogo_bib.php?BIB_CODI=525 target=_self><i>Aosta ospita una personale di Benedini<\/i>, in \"Il giornale di Bergamo\",  Bergamo  26 novembre 1994<\/a><br \/><hr>&nbsp;&nbsp;&nbsp;&nbsp;&nbsp;&nbsp;&nbsp;&nbsp;&nbsp;&nbsp;<a style='color:#000000' href=https:\/\/www.arcope.it\/benedini\/catalogo_bib.php?BIB_CODI=526 target=_self>A. Masu, <i>Le mostre della settimana<\/i>, in \"Grazia\",  Milano 27 novembre 1994<\/a><br \/><hr>&nbsp;&nbsp;&nbsp;&nbsp;&nbsp;&nbsp;&nbsp;&nbsp;&nbsp;&nbsp;<a style='color:#000000' href=https:\/\/www.arcope.it\/benedini\/catalogo_bib.php?BIB_CODI=527 target=_self>Elisabetta Bovo, <i>Immagini di confine tra stelle ed equinozi<\/i>, in \"L\u2019Arena\", Verona  28 novembre 1994<\/a><br \/><hr>&nbsp;&nbsp;&nbsp;&nbsp;&nbsp;&nbsp;&nbsp;&nbsp;&nbsp;&nbsp;<a style='color:#000000' href=https:\/\/www.arcope.it\/benedini\/catalogo_bib.php?BIB_CODI=528 target=_self>Jacqueline Ceresoli, <i>Vetrina Aosta Gabriella Benedini<\/i>, in \"Terzocchio\",  Bologna  dicembre 1994<\/a><br \/><hr>&nbsp;&nbsp;&nbsp;&nbsp;&nbsp;&nbsp;&nbsp;&nbsp;&nbsp;&nbsp;<a style='color:#000000' href=https:\/\/www.arcope.it\/benedini\/catalogo_bib.php?BIB_CODI=529 target=_self>P. Pozzi, <i>Presso la Torre del Lebbroso Gli equinozi di Gabriella Benedini<\/i>, in \"Leggimi\", Milano dicembre 1994<\/a><br \/><hr>&nbsp;&nbsp;&nbsp;&nbsp;&nbsp;&nbsp;&nbsp;&nbsp;&nbsp;&nbsp;<a style='color:#000000' href=https:\/\/www.arcope.it\/benedini\/catalogo_bib.php?BIB_CODI=530 target=_self><i>Gabriella Benedini Equinozi<\/i>, in \"Arte e Cornice\",  Milano  dicembre 1994<\/a><br \/><hr>&nbsp;&nbsp;&nbsp;&nbsp;&nbsp;&nbsp;&nbsp;&nbsp;&nbsp;&nbsp;<a style='color:#000000' href=https:\/\/www.arcope.it\/benedini\/catalogo_bib.php?BIB_CODI=531 target=_self><i>Mostre Vi segnaliamo le rassegne pi\u00f9 interessanti. Gabriella Benedini<\/i>, in \"La mia casa\",  Milano  dicembre 1994<\/a><br \/><hr>&nbsp;&nbsp;&nbsp;&nbsp;&nbsp;&nbsp;&nbsp;&nbsp;&nbsp;&nbsp;<a style='color:#000000' href=https:\/\/www.arcope.it\/benedini\/catalogo_bib.php?BIB_CODI=653 target=_self><i>Pippo Baudo organizza una Tombola di Natale e da Milano parte un camion di giocattoli per i bambini<\/i>, in \"L'informazione\", Roma 22 dicembre 1994<\/a><br \/><hr>&nbsp;&nbsp;&nbsp;&nbsp;&nbsp;&nbsp;&nbsp;&nbsp;&nbsp;&nbsp;<a style='color:#000000' href=https:\/\/www.arcope.it\/benedini\/catalogo_bib.php?BIB_CODI=532 target=_self>Rachele Ferrario, <i>Gabriella  Benedini<\/i>, in \"Flash Art\",  Milano  dicembre 1994-gennaio 1995<\/a><br \/><hr><b><font size=6 color='#7F81FF'>1995<\/font><\/b><br>&nbsp;&nbsp;&nbsp;&nbsp;&nbsp;&nbsp;&nbsp;&nbsp;&nbsp;&nbsp;<a style='color:#000000' href=https:\/\/www.arcope.it\/benedini\/catalogo_bib.php?BIB_CODI=111 target=_self><i>Milano Cento artisti per la citt\u00e0<\/i>, a cura di Rossana Bossaglia, Edizioni  Mazzotta, Milano 1995<\/a><br \/><hr>&nbsp;&nbsp;&nbsp;&nbsp;&nbsp;&nbsp;&nbsp;&nbsp;&nbsp;&nbsp;<a style='color:#000000' href=https:\/\/www.arcope.it\/benedini\/catalogo_bib.php?BIB_CODI=114 target=_self><i>La raccolta d\u2019arte della Camera del Lavoro di Reggio Emilia<\/i>, a cura di Sandro Parmiggiani, Edizioni  Mazzotta, Milano 1995<\/a><br \/><hr>&nbsp;&nbsp;&nbsp;&nbsp;&nbsp;&nbsp;&nbsp;&nbsp;&nbsp;&nbsp;<a style='color:#000000' href=https:\/\/www.arcope.it\/benedini\/catalogo_bib.php?BIB_CODI=116 target=_self><i>Omaggio a Isabella Morra<\/i> <i>31 artisti contemporanei per Isabella<\/i>, a cura di Stefania Carrozzini, D'Ars Edizioni, Milano 1995<\/a><br \/><hr>&nbsp;&nbsp;&nbsp;&nbsp;&nbsp;&nbsp;&nbsp;&nbsp;&nbsp;&nbsp;<a style='color:#000000' href=https:\/\/www.arcope.it\/benedini\/catalogo_bib.php?BIB_CODI=654 target=_self><i>Kandinskij e i maestri delle avanguardie nelle capitali europee<\/i>, in \"Allure\", Bologna gennaio-febbraio 1995<\/a><br \/><hr>&nbsp;&nbsp;&nbsp;&nbsp;&nbsp;&nbsp;&nbsp;&nbsp;&nbsp;&nbsp;<a style='color:#000000' href=https:\/\/www.arcope.it\/benedini\/catalogo_bib.php?BIB_CODI=864 target=_self>Lorenza Minoli, <i>Benedini Gabriella<\/i>, in <i>Dizionario Biografico delle Donne Lombarde<\/i>, a cura di Rachele Farina, Baldini & Castoldi, Milano 1995<\/a><br \/><hr>&nbsp;&nbsp;&nbsp;&nbsp;&nbsp;&nbsp;&nbsp;&nbsp;&nbsp;&nbsp;<a style='color:#000000' href=https:\/\/www.arcope.it\/benedini\/catalogo_bib.php?BIB_CODI=536 target=_self>Melisa Garzonio, <i>Cento pittori guardano la citt\u00e0<\/i>, in \"Vivimilano\",  Milano  11-17 gennaio 1995<\/a><br \/><hr>&nbsp;&nbsp;&nbsp;&nbsp;&nbsp;&nbsp;&nbsp;&nbsp;&nbsp;&nbsp;<a style='color:#000000' href=https:\/\/www.arcope.it\/benedini\/catalogo_bib.php?BIB_CODI=537 target=_self><i>La nostra guida<\/i>, in \"Vivimilano\",  Milano  18-24 gennaio 1995<\/a><br \/><hr>&nbsp;&nbsp;&nbsp;&nbsp;&nbsp;&nbsp;&nbsp;&nbsp;&nbsp;&nbsp;<a style='color:#000000' href=https:\/\/www.arcope.it\/benedini\/catalogo_bib.php?BIB_CODI=538 target=_self>Gennaro Coviello, <i>Chagall, Benedini, Nespolo<\/i>, in \"Corriere di Roma\",  Roma  30 gennaio 1995<\/a><br \/><hr>&nbsp;&nbsp;&nbsp;&nbsp;&nbsp;&nbsp;&nbsp;&nbsp;&nbsp;&nbsp;<a style='color:#000000' href=https:\/\/www.arcope.it\/benedini\/catalogo_bib.php?BIB_CODI=539 target=_self>Enrico Crispolti, <i>Oggetti come relitti<\/i>, in \"AD\",  Roma  gennaio 1995<\/a><br \/><hr>&nbsp;&nbsp;&nbsp;&nbsp;&nbsp;&nbsp;&nbsp;&nbsp;&nbsp;&nbsp;<a style='color:#000000' href=https:\/\/www.arcope.it\/benedini\/catalogo_bib.php?BIB_CODI=540 target=_self><i>Emozioni ritrovate<\/i>, in \"L\u2019Arca\",  Milano  gennaio 1995<\/a><br \/><hr>&nbsp;&nbsp;&nbsp;&nbsp;&nbsp;&nbsp;&nbsp;&nbsp;&nbsp;&nbsp;<a style='color:#000000' href=https:\/\/www.arcope.it\/benedini\/catalogo_bib.php?BIB_CODI=822 target=_self><i>Saga. Salon de l'\u00e9dition d'art \u00e0 tirage limit\u00e9 estampes-photographies<\/i>, Paris 1995<\/a><br \/><hr>&nbsp;&nbsp;&nbsp;&nbsp;&nbsp;&nbsp;&nbsp;&nbsp;&nbsp;&nbsp;<a style='color:#000000' href=https:\/\/www.arcope.it\/benedini\/catalogo_bib.php?BIB_CODI=115 target=_self><i>Anni \u201890 Arte a Milano Artisti e artisti designer nella citt\u00e0<\/i>, a cura di Rolando Bellini, Abitare Segesta Cataloghi, Milano 1995<\/a><br \/><hr>&nbsp;&nbsp;&nbsp;&nbsp;&nbsp;&nbsp;&nbsp;&nbsp;&nbsp;&nbsp;<a style='color:#000000' href=https:\/\/www.arcope.it\/benedini\/catalogo_bib.php?BIB_CODI=113 target=_self><i>Per contro<\/i>, a cura di Sandro Parmiggiani, Trezzo sull\u2019Adda (MI) 1995<\/a><br \/><hr>&nbsp;&nbsp;&nbsp;&nbsp;&nbsp;&nbsp;&nbsp;&nbsp;&nbsp;&nbsp;<a style='color:#000000' href=https:\/\/www.arcope.it\/benedini\/catalogo_bib.php?BIB_CODI=112 target=_self><i>Gabriella Benedini \u201cIl viaggio\u201d<\/i>, a cura di Martina Corgnati, Milano 1995<\/a><br \/><hr>&nbsp;&nbsp;&nbsp;&nbsp;&nbsp;&nbsp;&nbsp;&nbsp;&nbsp;&nbsp;<a style='color:#000000' href=https:\/\/www.arcope.it\/benedini\/catalogo_bib.php?BIB_CODI=544 target=_self> Janus, <i>Le poesie delle mille e una notte Illustrazioni Gabriella Benedini<\/i>, in \"Quaderni d\u2019arte della Valle d\u2019Aosta\",  Aosta autunno 1995<\/a><br \/><hr>&nbsp;&nbsp;&nbsp;&nbsp;&nbsp;&nbsp;&nbsp;&nbsp;&nbsp;&nbsp;<a style='color:#000000' href=https:\/\/www.arcope.it\/benedini\/catalogo_bib.php?BIB_CODI=610 target=_self><i>Acquisizioni Pinacoteca Regionale Valle d'Aosta<\/i>, in \"Quaderni d'arte della Valle d'Aosta\", Aosta autunno 1995<\/a><br \/><hr>&nbsp;&nbsp;&nbsp;&nbsp;&nbsp;&nbsp;&nbsp;&nbsp;&nbsp;&nbsp;<a style='color:#000000' href=https:\/\/www.arcope.it\/benedini\/catalogo_bib.php?BIB_CODI=541 target=_self><i>Gabriella Benedini<\/i>, in \"Tuttomilano\",  Milano  9-15 novembre 1995<\/a><br \/><hr>&nbsp;&nbsp;&nbsp;&nbsp;&nbsp;&nbsp;&nbsp;&nbsp;&nbsp;&nbsp;<a style='color:#000000' href=https:\/\/www.arcope.it\/benedini\/catalogo_bib.php?BIB_CODI=542 target=_self><i>Le mostre della settimana a Milano<\/i>, in \"La Provincia\",  Como  17 novembre 1995<\/a><br \/><hr>&nbsp;&nbsp;&nbsp;&nbsp;&nbsp;&nbsp;&nbsp;&nbsp;&nbsp;&nbsp;<a style='color:#000000' href=https:\/\/www.arcope.it\/benedini\/catalogo_bib.php?BIB_CODI=543 target=_self><i>Questa settimana... a Milano<\/i>, in \"La Provincia\",  Como  24 novembre 1995<\/a><br \/><hr>&nbsp;&nbsp;&nbsp;&nbsp;&nbsp;&nbsp;&nbsp;&nbsp;&nbsp;&nbsp;<a style='color:#000000' href=https:\/\/www.arcope.it\/benedini\/catalogo_bib.php?BIB_CODI=655 target=_self><i>Questa settimana \u2026a Milano<\/i>, in \"La provincia- suppl. Week end\", Como 29 dicembre 1995<\/a><br \/><hr><b><font size=6 color='#7F81FF'>1996<\/font><\/b><br>&nbsp;&nbsp;&nbsp;&nbsp;&nbsp;&nbsp;&nbsp;&nbsp;&nbsp;&nbsp;<a style='color:#000000' href=https:\/\/www.arcope.it\/benedini\/catalogo_bib.php?BIB_CODI=122 target=_self><i>Catalogo ovali rotariani<\/i> <i>Arte come progetto di vita<\/i>, a cura di Luciano Caramel, Milano 1996<\/a><br \/><hr>&nbsp;&nbsp;&nbsp;&nbsp;&nbsp;&nbsp;&nbsp;&nbsp;&nbsp;&nbsp;<a style='color:#000000' href=https:\/\/www.arcope.it\/benedini\/catalogo_bib.php?BIB_CODI=547 target=_self><i>Taccuino mostre Il suono del silenzio<\/i>, in \"Il Piccolo\",  Trieste  27 gennaio 1996<\/a><br \/><hr>&nbsp;&nbsp;&nbsp;&nbsp;&nbsp;&nbsp;&nbsp;&nbsp;&nbsp;&nbsp;<a style='color:#000000' href=https:\/\/www.arcope.it\/benedini\/catalogo_bib.php?BIB_CODI=118 target=_self><i>Gabriella Benedini \"Il suono del silenzio\"<\/i>, presentazione di Francesco Poli, Trieste 1996<\/a><br \/><hr>&nbsp;&nbsp;&nbsp;&nbsp;&nbsp;&nbsp;&nbsp;&nbsp;&nbsp;&nbsp;<a style='color:#000000' href=https:\/\/www.arcope.it\/benedini\/catalogo_bib.php?BIB_CODI=121 target=_self><i>MIART Fiera d\u2019arte moderna e contemporanea 96<\/i>, Milano 1996<\/a><br \/><hr>&nbsp;&nbsp;&nbsp;&nbsp;&nbsp;&nbsp;&nbsp;&nbsp;&nbsp;&nbsp;<a style='color:#000000' href=https:\/\/www.arcope.it\/benedini\/catalogo_bib.php?BIB_CODI=548 target=_self> Sigma, <i>Excursus dell'immagine. Omaggio a Isabella Morra<\/i>, in \"Artecultura\",  Milano  marzo 1996<\/a><br \/><hr>&nbsp;&nbsp;&nbsp;&nbsp;&nbsp;&nbsp;&nbsp;&nbsp;&nbsp;&nbsp;<a style='color:#000000' href=https:\/\/www.arcope.it\/benedini\/catalogo_bib.php?BIB_CODI=117 target=_self><i>Gabriella Bendini Bibliotheca Le mutazioni<\/i>, presentazione di Giuseppe Curonici, Milano 1996<\/a><br \/><hr>&nbsp;&nbsp;&nbsp;&nbsp;&nbsp;&nbsp;&nbsp;&nbsp;&nbsp;&nbsp;<a style='color:#000000' href=https:\/\/www.arcope.it\/benedini\/catalogo_bib.php?BIB_CODI=119 target=_self>Giuliana Cerrato, <i>Libra Donne d\u2019arte e di carta<\/i>, a cura di Paola Gribaudo e Silvana Nota, Edizioni d\u2019Arte Fratelli Pozzo, Moncalieri (TO) 1996<\/a><br \/><hr>&nbsp;&nbsp;&nbsp;&nbsp;&nbsp;&nbsp;&nbsp;&nbsp;&nbsp;&nbsp;<a style='color:#000000' href=https:\/\/www.arcope.it\/benedini\/catalogo_bib.php?BIB_CODI=637 target=_self><i>Premio Marche 1995-96<\/i> <i>Biennale d'Arte Contemporanea Edizione nazionale<\/i>, Edizioni  Mazzotta, Milano 1996<\/a><br \/><hr>&nbsp;&nbsp;&nbsp;&nbsp;&nbsp;&nbsp;&nbsp;&nbsp;&nbsp;&nbsp;<a style='color:#000000' href=https:\/\/www.arcope.it\/benedini\/catalogo_bib.php?BIB_CODI=549 target=_self>Giuseppe Curonici, <i>Quella \u201cbiblioteca\u201d di Gabriella Benedini<\/i>, in \"Coriere del Ticino\",  Lugano  14 giugno 1996<\/a><br \/><hr>&nbsp;&nbsp;&nbsp;&nbsp;&nbsp;&nbsp;&nbsp;&nbsp;&nbsp;&nbsp;<a style='color:#000000' href=https:\/\/www.arcope.it\/benedini\/catalogo_bib.php?BIB_CODI=552 target=_self><i>Sondaggio Gli uomini preferiscono le donne<\/i>, in \"Il Giornale dell\u2019arte\",  Torino  luglio-agosto 1996<\/a><br \/><hr>&nbsp;&nbsp;&nbsp;&nbsp;&nbsp;&nbsp;&nbsp;&nbsp;&nbsp;&nbsp;<a style='color:#000000' href=https:\/\/www.arcope.it\/benedini\/catalogo_bib.php?BIB_CODI=550 target=_self><i>Exposition de travaux muraux et sculptures Gabriella Benedini \u00e0 la galerie H\u00e9lios<\/i>, in \"Ouest France\",  Parigi  5 luglio 1996<\/a><br \/><hr>&nbsp;&nbsp;&nbsp;&nbsp;&nbsp;&nbsp;&nbsp;&nbsp;&nbsp;&nbsp;<a style='color:#000000' href=https:\/\/www.arcope.it\/benedini\/catalogo_bib.php?BIB_CODI=551 target=_self><i>Le temps du voyage ou le voyage dans le temps<\/i>, in \"Pays d\u2019auge\", Lisieux 19 luglio 1996<\/a><br \/><hr>&nbsp;&nbsp;&nbsp;&nbsp;&nbsp;&nbsp;&nbsp;&nbsp;&nbsp;&nbsp;<a style='color:#000000' href=https:\/\/www.arcope.it\/benedini\/catalogo_bib.php?BIB_CODI=553 target=_self>G. M., <i>Buchkunst neu definiert<\/i>, in \"Badener Tagblatt\", Baden-Baden 19 settembre  1996<\/a><br \/><hr>&nbsp;&nbsp;&nbsp;&nbsp;&nbsp;&nbsp;&nbsp;&nbsp;&nbsp;&nbsp;<a style='color:#000000' href=https:\/\/www.arcope.it\/benedini\/catalogo_bib.php?BIB_CODI=554 target=_self><i>Buchbilder in der Bibliothek<\/i>, in \"BNN\", Baden Baden 20 settembre 1996<\/a><br \/><hr>&nbsp;&nbsp;&nbsp;&nbsp;&nbsp;&nbsp;&nbsp;&nbsp;&nbsp;&nbsp;<a style='color:#000000' href=https:\/\/www.arcope.it\/benedini\/catalogo_bib.php?BIB_CODI=681 target=_self><i>Pubblicit\u00e0 mostra Palomar<\/i>, in \"Artshow\", Milano ottobre 1996<\/a><br \/><hr>&nbsp;&nbsp;&nbsp;&nbsp;&nbsp;&nbsp;&nbsp;&nbsp;&nbsp;&nbsp;<a style='color:#000000' href=https:\/\/www.arcope.it\/benedini\/catalogo_bib.php?BIB_CODI=555 target=_self><i>L\u2019ombra e la luce<\/i>, in \"Il giornale dell\u2019Altopiano\",  Asiago (VI) 1996<\/a><br \/><hr>&nbsp;&nbsp;&nbsp;&nbsp;&nbsp;&nbsp;&nbsp;&nbsp;&nbsp;&nbsp;<a style='color:#000000' href=https:\/\/www.arcope.it\/benedini\/catalogo_bib.php?BIB_CODI=120 target=_self><i>Escatologica<\/i>, a cura di Patrizia Serra, Viterbo 1996<\/a><br \/><hr><b><font size=6 color='#7F81FF'>1997<\/font><\/b><br>&nbsp;&nbsp;&nbsp;&nbsp;&nbsp;&nbsp;&nbsp;&nbsp;&nbsp;&nbsp;<a style='color:#000000' href=https:\/\/www.arcope.it\/benedini\/catalogo_bib.php?BIB_CODI=123 target=_self><i>Moby Art<\/i>, a cura di Anty Pansera, Electa, Milano 1997<\/a><br \/><hr>&nbsp;&nbsp;&nbsp;&nbsp;&nbsp;&nbsp;&nbsp;&nbsp;&nbsp;&nbsp;<a style='color:#000000' href=https:\/\/www.arcope.it\/benedini\/catalogo_bib.php?BIB_CODI=560 target=_self><i>Moby Lines mostra di design<\/i>, in \"Quotidiano travel\",  Milano  19 marzo 1997<\/a><br \/><hr>&nbsp;&nbsp;&nbsp;&nbsp;&nbsp;&nbsp;&nbsp;&nbsp;&nbsp;&nbsp;<a style='color:#000000' href=https:\/\/www.arcope.it\/benedini\/catalogo_bib.php?BIB_CODI=561 target=_self><i>Triennale Una nave come modella<\/i>, in \"La Notte\",  Milano  28 marzo 1997<\/a><br \/><hr>&nbsp;&nbsp;&nbsp;&nbsp;&nbsp;&nbsp;&nbsp;&nbsp;&nbsp;&nbsp;<a style='color:#000000' href=https:\/\/www.arcope.it\/benedini\/catalogo_bib.php?BIB_CODI=562 target=_self><i>Le mutazioni del \u201cLibri d\u2019artista\u201d<\/i>, in \"La Nuova Ferrara\",  Ferrara  4 aprile 1997<\/a><br \/><hr>&nbsp;&nbsp;&nbsp;&nbsp;&nbsp;&nbsp;&nbsp;&nbsp;&nbsp;&nbsp;<a style='color:#000000' href=https:\/\/www.arcope.it\/benedini\/catalogo_bib.php?BIB_CODI=563 target=_self><i>Le \u201cMutazioni\u201d di Benedini<\/i>, in \"Il Resto del Carlino\",  Ferrara  5 aprile 1997<\/a><br \/><hr>&nbsp;&nbsp;&nbsp;&nbsp;&nbsp;&nbsp;&nbsp;&nbsp;&nbsp;&nbsp;<a style='color:#000000' href=https:\/\/www.arcope.it\/benedini\/catalogo_bib.php?BIB_CODI=564 target=_self><i>Arte moderna all\u2019Ariostea<\/i>, in \"Il Resto del Carlino\", Ferrara  6 aprile 1997<\/a><br \/><hr>&nbsp;&nbsp;&nbsp;&nbsp;&nbsp;&nbsp;&nbsp;&nbsp;&nbsp;&nbsp;<a style='color:#000000' href=https:\/\/www.arcope.it\/benedini\/catalogo_bib.php?BIB_CODI=565 target=_self>Giorgio Chiappini, <i>La Narratrice del Tempo. Cartone, metallo e corde per Gabriella Benedini<\/i>, in \"La Nuova Ferrara\",  Ferrara  12 aprile 1997<\/a><br \/><hr>&nbsp;&nbsp;&nbsp;&nbsp;&nbsp;&nbsp;&nbsp;&nbsp;&nbsp;&nbsp;<a style='color:#000000' href=https:\/\/www.arcope.it\/benedini\/catalogo_bib.php?BIB_CODI=566 target=_self>Antonio Caggiano, <i>Libri di artista in \u201cBibliotheca\u201d<\/i>, in \"Il Resto del Carlino\",  Ferrara  23 aprile  1997<\/a><br \/><hr>&nbsp;&nbsp;&nbsp;&nbsp;&nbsp;&nbsp;&nbsp;&nbsp;&nbsp;&nbsp;<a style='color:#000000' href=https:\/\/www.arcope.it\/benedini\/catalogo_bib.php?BIB_CODI=520 target=_self>Carla Collina, <i>La parola all'immagine<\/i>, in \"Leggere donna\", Ferrara maggio-giugno 1997<\/a><br \/><hr>&nbsp;&nbsp;&nbsp;&nbsp;&nbsp;&nbsp;&nbsp;&nbsp;&nbsp;&nbsp;<a style='color:#000000' href=https:\/\/www.arcope.it\/benedini\/catalogo_bib.php?BIB_CODI=568 target=_self><i>Una personale di Gabriella Benedini<\/i>, in \"Arte & Cornice A&C\",  Milano  giugno 1997<\/a><br \/><hr>&nbsp;&nbsp;&nbsp;&nbsp;&nbsp;&nbsp;&nbsp;&nbsp;&nbsp;&nbsp;<a style='color:#000000' href=https:\/\/www.arcope.it\/benedini\/catalogo_bib.php?BIB_CODI=569 target=_self>Marco Tonelli, <i>Roma Escatologica<\/i>, in \"Terzo Occhio\",  Bologna  giugno 1997<\/a><br \/><hr>&nbsp;&nbsp;&nbsp;&nbsp;&nbsp;&nbsp;&nbsp;&nbsp;&nbsp;&nbsp;<a style='color:#000000' href=https:\/\/www.arcope.it\/benedini\/catalogo_bib.php?BIB_CODI=659 target=_self><i>Gabriella Benedini<\/i>, in \"Turismo Stampa\", Torino 1-30 giugno 1997<\/a><br \/><hr>&nbsp;&nbsp;&nbsp;&nbsp;&nbsp;&nbsp;&nbsp;&nbsp;&nbsp;&nbsp;<a style='color:#000000' href=https:\/\/www.arcope.it\/benedini\/catalogo_bib.php?BIB_CODI=124 target=_self>Martina Corgnati, Gabriella Benedini, <i>Contrappunto<\/i>, Electa, Milano 1997<\/a><br \/><hr>&nbsp;&nbsp;&nbsp;&nbsp;&nbsp;&nbsp;&nbsp;&nbsp;&nbsp;&nbsp;<a style='color:#000000' href=https:\/\/www.arcope.it\/benedini\/catalogo_bib.php?BIB_CODI=575 target=_self><i>Spoleto: la cartografia scultorea di Gabriella Benedini<\/i>, in \"Vernissage - Suppl. Giornale dell\u2019Arte\",  Torino  luglio-agosto 1997<\/a><br \/><hr>&nbsp;&nbsp;&nbsp;&nbsp;&nbsp;&nbsp;&nbsp;&nbsp;&nbsp;&nbsp;<a style='color:#000000' href=https:\/\/www.arcope.it\/benedini\/catalogo_bib.php?BIB_CODI=578 target=_self>Simonetta Serangeli, <i>Scambi culturali al Centro L. Di Sarro<\/i>, in \"Next\",  Roma  estate 1997<\/a><br \/><hr>&nbsp;&nbsp;&nbsp;&nbsp;&nbsp;&nbsp;&nbsp;&nbsp;&nbsp;&nbsp;<a style='color:#000000' href=https:\/\/www.arcope.it\/benedini\/catalogo_bib.php?BIB_CODI=657 target=_self><i>Gabriella Benedini - Spoleto, palazzo Racani-Arroni<\/i>, in \"Il Coro informazioni\" luglio-agosto 1997<\/a><br \/><hr>&nbsp;&nbsp;&nbsp;&nbsp;&nbsp;&nbsp;&nbsp;&nbsp;&nbsp;&nbsp;<a style='color:#000000' href=https:\/\/www.arcope.it\/benedini\/catalogo_bib.php?BIB_CODI=981 target=_self><i>Calendario Mostre d'arte e di design<\/i>, in \"Casamica\" supplemento di \"Amica\", Milano 1997<\/a><br \/><hr>&nbsp;&nbsp;&nbsp;&nbsp;&nbsp;&nbsp;&nbsp;&nbsp;&nbsp;&nbsp;<a style='color:#000000' href=https:\/\/www.arcope.it\/benedini\/catalogo_bib.php?BIB_CODI=570 target=_self><i>Mostra di Gabriella Benedini a Spoleto<\/i>, in \"Secolo d\u2019Italia\",  Roma  8 luglio 1997<\/a><br \/><hr>&nbsp;&nbsp;&nbsp;&nbsp;&nbsp;&nbsp;&nbsp;&nbsp;&nbsp;&nbsp;<a style='color:#000000' href=https:\/\/www.arcope.it\/benedini\/catalogo_bib.php?BIB_CODI=571 target=_self>E. Ma., <i>Tutta la produzione di Benedini in mostra nel \u201cRacani\u201d di Spoleto<\/i>, in \"La Provincia di Cremona\",  Cremona  10 luglio 1997<\/a><br \/><hr>&nbsp;&nbsp;&nbsp;&nbsp;&nbsp;&nbsp;&nbsp;&nbsp;&nbsp;&nbsp;<a style='color:#000000' href=https:\/\/www.arcope.it\/benedini\/catalogo_bib.php?BIB_CODI=998 target=_self><i> Appuntamenti \r\nmostre Gabriella Benedini<\/i>, in \"Citt\u00e0 Nuova\", Roma 10 luglio 1997<\/a><br \/><hr>&nbsp;&nbsp;&nbsp;&nbsp;&nbsp;&nbsp;&nbsp;&nbsp;&nbsp;&nbsp;<a style='color:#000000' href=https:\/\/www.arcope.it\/benedini\/catalogo_bib.php?BIB_CODI=660 target=_self>Rosa Carafa, <i>Gabriella Benedini espone a Palazzo Racani-Arroni di Spoleto. Atmosfere e segni di un itinerario<\/i>, in \"Cronache del Mezzogiorno\", Salerno 13 luglio 1997<\/a><br \/><hr>&nbsp;&nbsp;&nbsp;&nbsp;&nbsp;&nbsp;&nbsp;&nbsp;&nbsp;&nbsp;<a style='color:#000000' href=https:\/\/www.arcope.it\/benedini\/catalogo_bib.php?BIB_CODI=572 target=_self><i>Il cosmo immaginario di Gabriella Benedini in una poetica produzione<\/i>, in \"Puglia\",  Bari  16 luglio 1997<\/a><br \/><hr>&nbsp;&nbsp;&nbsp;&nbsp;&nbsp;&nbsp;&nbsp;&nbsp;&nbsp;&nbsp;<a style='color:#000000' href=https:\/\/www.arcope.it\/benedini\/catalogo_bib.php?BIB_CODI=666 target=_self><i>In mostra all'Elba i lavori per dipingere un\u2026traghetto<\/i>, in \"La Nazione\", Firenze 20 luglio 1997<\/a><br \/><hr>&nbsp;&nbsp;&nbsp;&nbsp;&nbsp;&nbsp;&nbsp;&nbsp;&nbsp;&nbsp;<a style='color:#000000' href=https:\/\/www.arcope.it\/benedini\/catalogo_bib.php?BIB_CODI=573 target=_self><i>Scegliendo tra le mostre Spoleto<\/i>, in \"La Stampa\",  Torino  28 luglio 1997<\/a><br \/><hr>&nbsp;&nbsp;&nbsp;&nbsp;&nbsp;&nbsp;&nbsp;&nbsp;&nbsp;&nbsp;<a style='color:#000000' href=https:\/\/www.arcope.it\/benedini\/catalogo_bib.php?BIB_CODI=576 target=_self><i>Arte contemporanea- Racconti di minuzie<\/i>, in \"AD Architectural Digest\",  Milano  agosto 1997<\/a><br \/><hr>&nbsp;&nbsp;&nbsp;&nbsp;&nbsp;&nbsp;&nbsp;&nbsp;&nbsp;&nbsp;<a style='color:#000000' href=https:\/\/www.arcope.it\/benedini\/catalogo_bib.php?BIB_CODI=577 target=_self>Silvia Dell'Orso, <i>Arte Gabriella Benedini<\/i>, in \"La Repubblica delle donne\",  Milano  26 agosto-1 settembre 1997<\/a><br \/><hr>&nbsp;&nbsp;&nbsp;&nbsp;&nbsp;&nbsp;&nbsp;&nbsp;&nbsp;&nbsp;<a style='color:#000000' href=https:\/\/www.arcope.it\/benedini\/catalogo_bib.php?BIB_CODI=661 target=_self><i>Creativit\u00e0 contemporanea<\/i>, in \"Cose antiche\", Milano agosto 1997<\/a><br \/><hr>&nbsp;&nbsp;&nbsp;&nbsp;&nbsp;&nbsp;&nbsp;&nbsp;&nbsp;&nbsp;<a style='color:#000000' href=https:\/\/www.arcope.it\/benedini\/catalogo_bib.php?BIB_CODI=574 target=_self><i>Calendart Mostre in corso - Spoleto<\/i>, in \"Il Sole 24 ore\",  Milano  17 agosto 1997<\/a><br \/><hr>&nbsp;&nbsp;&nbsp;&nbsp;&nbsp;&nbsp;&nbsp;&nbsp;&nbsp;&nbsp;<a style='color:#000000' href=https:\/\/www.arcope.it\/benedini\/catalogo_bib.php?BIB_CODI=125 target=_self><i>Premio Kiwanis Villa S. Giovanni di pittura - 4\u00b0 edizione<\/i> 1997<\/a><br \/><hr>&nbsp;&nbsp;&nbsp;&nbsp;&nbsp;&nbsp;&nbsp;&nbsp;&nbsp;&nbsp;<a style='color:#000000' href=https:\/\/www.arcope.it\/benedini\/catalogo_bib.php?BIB_CODI=519 target=_self>Licia Spagnesi , <i>Rotta per l'Elba in compagnia di tigri, pappagalli e scimpanz\u00e9<\/i>, in \"Arte\", Milano settembre 1997<\/a><br \/><hr>&nbsp;&nbsp;&nbsp;&nbsp;&nbsp;&nbsp;&nbsp;&nbsp;&nbsp;&nbsp;<a style='color:#000000' href=https:\/\/www.arcope.it\/benedini\/catalogo_bib.php?BIB_CODI=580 target=_self>Gloria Vallese, <i>Il bello \u00e8 Trash la Spazzatura artistica<\/i>, in \"Arte\",  Milano  settembre 1997<\/a><br \/><hr>&nbsp;&nbsp;&nbsp;&nbsp;&nbsp;&nbsp;&nbsp;&nbsp;&nbsp;&nbsp;<a style='color:#000000' href=https:\/\/www.arcope.it\/benedini\/catalogo_bib.php?BIB_CODI=581 target=_self><i>Absolut vodka diventa protagonista dell\u2019art mail<\/i>, in \"Arte & Cornice A&C\",  Milano  settembre 1997<\/a><br \/><hr>&nbsp;&nbsp;&nbsp;&nbsp;&nbsp;&nbsp;&nbsp;&nbsp;&nbsp;&nbsp;<a style='color:#000000' href=https:\/\/www.arcope.it\/benedini\/catalogo_bib.php?BIB_CODI=658 target=_self><i>La spazialit\u00e0 di Gabriella Benedini<\/i>, in \"Abruzzo A\/Z\", L'Aquila 1997<\/a><br \/><hr>&nbsp;&nbsp;&nbsp;&nbsp;&nbsp;&nbsp;&nbsp;&nbsp;&nbsp;&nbsp;<a style='color:#000000' href=https:\/\/www.arcope.it\/benedini\/catalogo_bib.php?BIB_CODI=816 target=_self><i>Trash. Quando i rifiuti diventano arte<\/i>, a cura di Lea Vergine, Electa, Milano 1997<\/a><br \/><hr>&nbsp;&nbsp;&nbsp;&nbsp;&nbsp;&nbsp;&nbsp;&nbsp;&nbsp;&nbsp;<a style='color:#000000' href=https:\/\/www.arcope.it\/benedini\/catalogo_bib.php?BIB_CODI=701 target=_self>Marina Paglieri, <i>Pennelli \"di strada\" in festa a Maglione<\/i>, in \"La Repubblica\", Torino 20 settembre 1997<\/a><br \/><hr>&nbsp;&nbsp;&nbsp;&nbsp;&nbsp;&nbsp;&nbsp;&nbsp;&nbsp;&nbsp;<a style='color:#000000' href=https:\/\/www.arcope.it\/benedini\/catalogo_bib.php?BIB_CODI=579 target=_self>Maria Barresi, <i>L\u2019avanguardia radicale di Anastasi<\/i>, in \"iLQuotidiano della Calabria\",  Castrolibero (CS)  26 settembre 1997<\/a><br \/><hr>&nbsp;&nbsp;&nbsp;&nbsp;&nbsp;&nbsp;&nbsp;&nbsp;&nbsp;&nbsp;<a style='color:#000000' href=https:\/\/www.arcope.it\/benedini\/catalogo_bib.php?BIB_CODI=582 target=_self>Lea Vergine, <i>La cultura del rifiuto<\/i>, in \"Art & Dossier\",  Firenze  ottobre 1997<\/a><br \/><hr>&nbsp;&nbsp;&nbsp;&nbsp;&nbsp;&nbsp;&nbsp;&nbsp;&nbsp;&nbsp;<a style='color:#000000' href=https:\/\/www.arcope.it\/benedini\/catalogo_bib.php?BIB_CODI=584 target=_self>Alessandra Redaelli, <i>Antichi strumenti di misurazione alla ricerca dell\u2019ordine perduto<\/i>, in \"Arte\",  Milano  novembre 1997<\/a><br \/><hr>&nbsp;&nbsp;&nbsp;&nbsp;&nbsp;&nbsp;&nbsp;&nbsp;&nbsp;&nbsp;<a style='color:#000000' href=https:\/\/www.arcope.it\/benedini\/catalogo_bib.php?BIB_CODI=699 target=_self>Cesare Righi, <i>L'arte spedita<\/i>, in \"Strategia\", Milano novembre 1997<\/a><br \/><hr>&nbsp;&nbsp;&nbsp;&nbsp;&nbsp;&nbsp;&nbsp;&nbsp;&nbsp;&nbsp;<a style='color:#000000' href=https:\/\/www.arcope.it\/benedini\/catalogo_bib.php?BIB_CODI=583 target=_self>Germano Beringheli, <i>I messaggi persuasivi di Gabriella Benedini<\/i>, in \"Il Lavoro\", Casale Monferrato (AL)  2 novembre 1997<\/a><br \/><hr>&nbsp;&nbsp;&nbsp;&nbsp;&nbsp;&nbsp;&nbsp;&nbsp;&nbsp;&nbsp;<a style='color:#000000' href=https:\/\/www.arcope.it\/benedini\/catalogo_bib.php?BIB_CODI=697 target=_self>M Bott, <i>\"Orti Sauli\": una mostra al femminile<\/i>, in \"Il Giornale\", Genova 2 novembre 1997<\/a><br \/><hr>&nbsp;&nbsp;&nbsp;&nbsp;&nbsp;&nbsp;&nbsp;&nbsp;&nbsp;&nbsp;<a style='color:#000000' href=https:\/\/www.arcope.it\/benedini\/catalogo_bib.php?BIB_CODI=959 target=_self><i>L'arte<\/i>, in \"Corriere mercantile\", Genova 4 novembre 1997<\/a><br \/><hr>&nbsp;&nbsp;&nbsp;&nbsp;&nbsp;&nbsp;&nbsp;&nbsp;&nbsp;&nbsp;<a style='color:#000000' href=https:\/\/www.arcope.it\/benedini\/catalogo_bib.php?BIB_CODI=126 target=_self><i>Absolut Mail Art<\/i>, a cura di Martina Corgnati, Electa, Milano 1997<\/a><br \/><hr>&nbsp;&nbsp;&nbsp;&nbsp;&nbsp;&nbsp;&nbsp;&nbsp;&nbsp;&nbsp;<a style='color:#000000' href=https:\/\/www.arcope.it\/benedini\/catalogo_bib.php?BIB_CODI=585 target=_self>Viana Conti, <i>Gabriella Benedini Orti Sauli, Genova<\/i>, in \"Flash Art\",  Milano  dicembre 1997-gennaio 1998<\/a><br \/><hr><b><font size=6 color='#7F81FF'>1998<\/font><\/b><br>&nbsp;&nbsp;&nbsp;&nbsp;&nbsp;&nbsp;&nbsp;&nbsp;&nbsp;&nbsp;<a style='color:#000000' href=https:\/\/www.arcope.it\/benedini\/catalogo_bib.php?BIB_CODI=588 target=_self>Beba Marsano, <i>Messaggi d\u2019autore. In bottiglia,  ma col timbro postale<\/i>, in \"Arte\",  Milano  gennaio 1998<\/a><br \/><hr>&nbsp;&nbsp;&nbsp;&nbsp;&nbsp;&nbsp;&nbsp;&nbsp;&nbsp;&nbsp;<a style='color:#000000' href=https:\/\/www.arcope.it\/benedini\/catalogo_bib.php?BIB_CODI=700 target=_self><i>Arte contemporanea e foto americane<\/i>, in \"Dove\", Milano gennaio 1998<\/a><br \/><hr>&nbsp;&nbsp;&nbsp;&nbsp;&nbsp;&nbsp;&nbsp;&nbsp;&nbsp;&nbsp;<a style='color:#000000' href=https:\/\/www.arcope.it\/benedini\/catalogo_bib.php?BIB_CODI=823 target=_self><i>Arte fiera 98<\/i> <i>Mosrta mercato internazionale d'arte contemporanea<\/i>, Umberto Allemandi & C, Torino 1998<\/a><br \/><hr>&nbsp;&nbsp;&nbsp;&nbsp;&nbsp;&nbsp;&nbsp;&nbsp;&nbsp;&nbsp;<a style='color:#000000' href=https:\/\/www.arcope.it\/benedini\/catalogo_bib.php?BIB_CODI=698 target=_self>Angela Madesani, <i>Cartoline d'artista in mostra<\/i>, in \"La Repubblica\", Milano 28 gennaio 1998<\/a><br \/><hr>&nbsp;&nbsp;&nbsp;&nbsp;&nbsp;&nbsp;&nbsp;&nbsp;&nbsp;&nbsp;<a style='color:#000000' href=https:\/\/www.arcope.it\/benedini\/catalogo_bib.php?BIB_CODI=127 target=_self><i>Trasparenze Opere su vetro di artisti contemporanei<\/i>, a cura di Claudio Cerritelli e Anty Pansera, Publiriviera-Cote d'Azur Editore, Finale Ligure (SV) 1998<\/a><br \/><hr>&nbsp;&nbsp;&nbsp;&nbsp;&nbsp;&nbsp;&nbsp;&nbsp;&nbsp;&nbsp;<a style='color:#000000' href=https:\/\/www.arcope.it\/benedini\/catalogo_bib.php?BIB_CODI=589 target=_self><i>Arte visiva dopo il \u201cConcettuale\u201d<\/i>, in \"Casa oggi\",  Milano  marzo 1998<\/a><br \/><hr>&nbsp;&nbsp;&nbsp;&nbsp;&nbsp;&nbsp;&nbsp;&nbsp;&nbsp;&nbsp;<a style='color:#000000' href=https:\/\/www.arcope.it\/benedini\/catalogo_bib.php?BIB_CODI=900 target=_self>Claudio Cerritelli, <i>\"Trasparenze\"<\/i>, in \"Alte Vitrie\", <i>Opere su vetro di artisti contemporanei<\/i>,  Altare (SV) 1998<\/a><br \/><hr>&nbsp;&nbsp;&nbsp;&nbsp;&nbsp;&nbsp;&nbsp;&nbsp;&nbsp;&nbsp;<a style='color:#000000' href=https:\/\/www.arcope.it\/benedini\/catalogo_bib.php?BIB_CODI=131 target=_self><i>Miart 1998<\/i>, Milano 1998<\/a><br \/><hr>&nbsp;&nbsp;&nbsp;&nbsp;&nbsp;&nbsp;&nbsp;&nbsp;&nbsp;&nbsp;<a style='color:#000000' href=https:\/\/www.arcope.it\/benedini\/catalogo_bib.php?BIB_CODI=646 target=_self><i>Escatologica<\/i>, a cura di Patrizia Serra, s.l. 1998<\/a><br \/><hr>&nbsp;&nbsp;&nbsp;&nbsp;&nbsp;&nbsp;&nbsp;&nbsp;&nbsp;&nbsp;<a style='color:#000000' href=https:\/\/www.arcope.it\/benedini\/catalogo_bib.php?BIB_CODI=725 target=_self><i>Asta di oggetti d'arte. A favore del Museo d'Israele di Gerusalemme<\/i>, Milano 21 maggio 1998<\/a><br \/><hr>&nbsp;&nbsp;&nbsp;&nbsp;&nbsp;&nbsp;&nbsp;&nbsp;&nbsp;&nbsp;<a style='color:#000000' href=https:\/\/www.arcope.it\/benedini\/catalogo_bib.php?BIB_CODI=590 target=_self><i>Trasparenze<\/i>, in \"Interni\",  Milano  giugno 1998<\/a><br \/><hr>&nbsp;&nbsp;&nbsp;&nbsp;&nbsp;&nbsp;&nbsp;&nbsp;&nbsp;&nbsp;<a style='color:#000000' href=https:\/\/www.arcope.it\/benedini\/catalogo_bib.php?BIB_CODI=128 target=_self><i>XXV Premio Sulmona Rassegna Internazionale d\u2019arte contemporanea. Omaggio a Renzo Vespignani<\/i>, s.l. 1998<\/a><br \/><hr>&nbsp;&nbsp;&nbsp;&nbsp;&nbsp;&nbsp;&nbsp;&nbsp;&nbsp;&nbsp;<a style='color:#000000' href=https:\/\/www.arcope.it\/benedini\/catalogo_bib.php?BIB_CODI=129 target=_self><i>Arteopen millenovecento98 Meeting multimediale di arte contemporanea internazionale<\/i>, Staranzano (GO) 1998<\/a><br \/><hr>&nbsp;&nbsp;&nbsp;&nbsp;&nbsp;&nbsp;&nbsp;&nbsp;&nbsp;&nbsp;<a style='color:#000000' href=https:\/\/www.arcope.it\/benedini\/catalogo_bib.php?BIB_CODI=130 target=_self>Martina Corgnati, <i>Buon compleanno GAC<\/i>, Edizioni di l\u00e0 dal fiume e tra gli alberi, Concesio San Vigilio (BS) 1998<\/a><br \/><hr><b><font size=6 color='#7F81FF'>1999<\/font><\/b><br>&nbsp;&nbsp;&nbsp;&nbsp;&nbsp;&nbsp;&nbsp;&nbsp;&nbsp;&nbsp;<a style='color:#000000' href=https:\/\/www.arcope.it\/benedini\/catalogo_bib.php?BIB_CODI=134 target=_self><i>Ovazione Collezione Aprile di Cimia<\/i>, presentazione di M Battistini, Electa, Milano 1999<\/a><br \/><hr>&nbsp;&nbsp;&nbsp;&nbsp;&nbsp;&nbsp;&nbsp;&nbsp;&nbsp;&nbsp;<a style='color:#000000' href=https:\/\/www.arcope.it\/benedini\/catalogo_bib.php?BIB_CODI=132 target=_self><i>Artiste Presenze femminili nei movimenti artistici a Milano 1928-1968<\/i>, a cura di Eda Palmieri e Elena Pontiggia, Viennepierre edizioni, Milano 1999<\/a><br \/><hr>&nbsp;&nbsp;&nbsp;&nbsp;&nbsp;&nbsp;&nbsp;&nbsp;&nbsp;&nbsp;<a style='color:#000000' href=https:\/\/www.arcope.it\/benedini\/catalogo_bib.php?BIB_CODI=593 target=_self>Rosanna Biffi, <i>Quarant\u2019anni di artiste all\u2019ombra del Duomo<\/i>, in \"Famiglia Cristiana\", Milano  7 marzo 1999<\/a><br \/><hr>&nbsp;&nbsp;&nbsp;&nbsp;&nbsp;&nbsp;&nbsp;&nbsp;&nbsp;&nbsp;<a style='color:#000000' href=https:\/\/www.arcope.it\/benedini\/catalogo_bib.php?BIB_CODI=704 target=_self>Francesca Bonazzoli, <i>Donne in Movimento<\/i>, in \"Vivmilano\", Milano 10 marzo 1999<\/a><br \/><hr>&nbsp;&nbsp;&nbsp;&nbsp;&nbsp;&nbsp;&nbsp;&nbsp;&nbsp;&nbsp;<a style='color:#000000' href=https:\/\/www.arcope.it\/benedini\/catalogo_bib.php?BIB_CODI=705 target=_self>Marina Cappa, <i>Artiste a Milano: quarant'anni anni vissuti da protagoniste<\/i>, in \"Il Giorno\", Milano 12 marzo 1999<\/a><br \/><hr>&nbsp;&nbsp;&nbsp;&nbsp;&nbsp;&nbsp;&nbsp;&nbsp;&nbsp;&nbsp;<a style='color:#000000' href=https:\/\/www.arcope.it\/benedini\/catalogo_bib.php?BIB_CODI=707 target=_self>Manuela Gandini, <i>Donne del '900<\/i>, in \"Il Sole 24 ore\", Milano 14 marzo 1999<\/a><br \/><hr>&nbsp;&nbsp;&nbsp;&nbsp;&nbsp;&nbsp;&nbsp;&nbsp;&nbsp;&nbsp;<a style='color:#000000' href=https:\/\/www.arcope.it\/benedini\/catalogo_bib.php?BIB_CODI=708 target=_self>Lina Sotis, <i>Una mostra per regalo<\/i>, in \"Corriere della Sera\", Milano 14 marzo 1999<\/a><br \/><hr>&nbsp;&nbsp;&nbsp;&nbsp;&nbsp;&nbsp;&nbsp;&nbsp;&nbsp;&nbsp;<a style='color:#000000' href=https:\/\/www.arcope.it\/benedini\/catalogo_bib.php?BIB_CODI=706 target=_self>Silvia Dell'Orso, <i>Il Castello apre le porta ad \"Artista\"<\/i>, in \"La Repubblica\", Milano 15 marzo 1999<\/a><br \/><hr>&nbsp;&nbsp;&nbsp;&nbsp;&nbsp;&nbsp;&nbsp;&nbsp;&nbsp;&nbsp;<a style='color:#000000' href=https:\/\/www.arcope.it\/benedini\/catalogo_bib.php?BIB_CODI=703 target=_self><i>Arte femminile in Castello. Incontro con la Bossaglia<\/i>, in \"Il Giorno\", Milano 24 marzo 1999<\/a><br \/><hr>&nbsp;&nbsp;&nbsp;&nbsp;&nbsp;&nbsp;&nbsp;&nbsp;&nbsp;&nbsp;<a style='color:#000000' href=https:\/\/www.arcope.it\/benedini\/catalogo_bib.php?BIB_CODI=594 target=_self>Tiziana Fumagalli, <i>Artiste milanesi nel \u2018900: mostra allo Sforzesco<\/i>, in \"Il Cittadino\",  Lodi  25 marzo 1999<\/a><br \/><hr>&nbsp;&nbsp;&nbsp;&nbsp;&nbsp;&nbsp;&nbsp;&nbsp;&nbsp;&nbsp;<a style='color:#000000' href=https:\/\/www.arcope.it\/benedini\/catalogo_bib.php?BIB_CODI=595 target=_self>Flaminio Gualdoni, <i>Realismo e geometrie in un\u2019antologia di opere al femminile<\/i>, in \"Corriere della Sera\",  Milano  25 marzo 1999<\/a><br \/><hr>&nbsp;&nbsp;&nbsp;&nbsp;&nbsp;&nbsp;&nbsp;&nbsp;&nbsp;&nbsp;<a style='color:#000000' href=https:\/\/www.arcope.it\/benedini\/catalogo_bib.php?BIB_CODI=596 target=_self>Stefania Romani, <i>In cornice \u201crosa\u201d<\/i>, in \"La voce di Mantova\",  Mantova  27 marzo 1999<\/a><br \/><hr>&nbsp;&nbsp;&nbsp;&nbsp;&nbsp;&nbsp;&nbsp;&nbsp;&nbsp;&nbsp;<a style='color:#000000' href=https:\/\/www.arcope.it\/benedini\/catalogo_bib.php?BIB_CODI=597 target=_self>Fabrizio Rovesti, <i>Perle rare nell\u2019arte del \u2018900<\/i>, in \"Lombardia oggi Suppl. Prealpina\",  Busto Arsizio (VA)  28 marzo 1999<\/a><br \/><hr>&nbsp;&nbsp;&nbsp;&nbsp;&nbsp;&nbsp;&nbsp;&nbsp;&nbsp;&nbsp;<a style='color:#000000' href=https:\/\/www.arcope.it\/benedini\/catalogo_bib.php?BIB_CODI=702 target=_self><i>Flash Art Top Hundred\/I magnifici 100<\/i>, in \"Flash Art\", Milano aprile-maggio 1999<\/a><br \/><hr>&nbsp;&nbsp;&nbsp;&nbsp;&nbsp;&nbsp;&nbsp;&nbsp;&nbsp;&nbsp;<a style='color:#000000' href=https:\/\/www.arcope.it\/benedini\/catalogo_bib.php?BIB_CODI=133 target=_self><i>Gabriella Benedini Misurare il tempo<\/i>, presentazione di Marco Meneguzzo, Sesto San Giovanni (MI) 1999<\/a><br \/><hr>&nbsp;&nbsp;&nbsp;&nbsp;&nbsp;&nbsp;&nbsp;&nbsp;&nbsp;&nbsp;<a style='color:#000000' href=https:\/\/www.arcope.it\/benedini\/catalogo_bib.php?BIB_CODI=709 target=_self><i>A Siena personale di Gabriella Benedini<\/i>, in \"Secolo d'Italia\", Roma 6 maggio 1999<\/a><br \/><hr>&nbsp;&nbsp;&nbsp;&nbsp;&nbsp;&nbsp;&nbsp;&nbsp;&nbsp;&nbsp;<a style='color:#000000' href=https:\/\/www.arcope.it\/benedini\/catalogo_bib.php?BIB_CODI=643 target=_self>Predrag Matvejevic, <i>Il Mediterraneo e l'Europa<\/i>, in \"Coevit Civitas litterarum\", Viadana (MN) 1999<\/a><br \/><hr>&nbsp;&nbsp;&nbsp;&nbsp;&nbsp;&nbsp;&nbsp;&nbsp;&nbsp;&nbsp;<a style='color:#000000' href=https:\/\/www.arcope.it\/benedini\/catalogo_bib.php?BIB_CODI=662 target=_self><i>Donne nell'arte. Gabriella Benedini - Misurare il tempo<\/i>, in \"Nautilus\", Brindisi giugno 1999<\/a><br \/><hr>&nbsp;&nbsp;&nbsp;&nbsp;&nbsp;&nbsp;&nbsp;&nbsp;&nbsp;&nbsp;<a style='color:#000000' href=https:\/\/www.arcope.it\/benedini\/catalogo_bib.php?BIB_CODI=668 target=_self>Mariaclara Goldschmiedt, <i>Mostre Il giro dell'arte<\/i>, in \"Box International trade\", Milano giugno-luglio 1999<\/a><br \/><hr>&nbsp;&nbsp;&nbsp;&nbsp;&nbsp;&nbsp;&nbsp;&nbsp;&nbsp;&nbsp;<a style='color:#000000' href=https:\/\/www.arcope.it\/benedini\/catalogo_bib.php?BIB_CODI=667 target=_self>Mariolina De Angelis, <i>Artiste a Milano (1928-1968)<\/i>, in \"Leggere donna\", Ferrara luglio-agosto 1999<\/a><br \/><hr>&nbsp;&nbsp;&nbsp;&nbsp;&nbsp;&nbsp;&nbsp;&nbsp;&nbsp;&nbsp;<a style='color:#000000' href=https:\/\/www.arcope.it\/benedini\/catalogo_bib.php?BIB_CODI=1115 target=_self><i>Artisti per l'Epicentro<\/i> <i>VI Esposizione Nazionale Artisti per l'Epcicentro<\/i>, a cura di Nino Abbate, presentazione di Giuseppe Quaglia, s.l. 1999<\/a><br \/><hr>&nbsp;&nbsp;&nbsp;&nbsp;&nbsp;&nbsp;&nbsp;&nbsp;&nbsp;&nbsp;<a style='color:#000000' href=https:\/\/www.arcope.it\/benedini\/catalogo_bib.php?BIB_CODI=644 target=_self><i>VI Biennale di Cremona<\/i> <i>Sezione B Sviluppo della materia<\/i>, a cura di Mauro Corradini, APIC, Cremona 1999<\/a><br \/><hr><b><font size=6 color='#7F81FF'>2000<\/font><\/b><br>&nbsp;&nbsp;&nbsp;&nbsp;&nbsp;&nbsp;&nbsp;&nbsp;&nbsp;&nbsp;<a style='color:#000000' href=https:\/\/www.arcope.it\/benedini\/catalogo_bib.php?BIB_CODI=815 target=_self>Giorgio Di Genova, <i>Generazione anni Trenta<\/i> <i>Storia dell'arte italiana del '900 per generazioni<\/i>, Edizioni Bora, Bologna 2000<\/a><br \/><hr>&nbsp;&nbsp;&nbsp;&nbsp;&nbsp;&nbsp;&nbsp;&nbsp;&nbsp;&nbsp;<a style='color:#000000' href=https:\/\/www.arcope.it\/benedini\/catalogo_bib.php?BIB_CODI=135 target=_self><i>Gabriella Benedini.<\/i>, a cura di Rossana Bossaglia, Milano 2000<\/a><br \/><hr>&nbsp;&nbsp;&nbsp;&nbsp;&nbsp;&nbsp;&nbsp;&nbsp;&nbsp;&nbsp;<a style='color:#000000' href=https:\/\/www.arcope.it\/benedini\/catalogo_bib.php?BIB_CODI=777 target=_self><i>Arte italiana 2000<\/i>, J.J. Brookings Gallery, San Francisco 2000<\/a><br \/><hr>&nbsp;&nbsp;&nbsp;&nbsp;&nbsp;&nbsp;&nbsp;&nbsp;&nbsp;&nbsp;<a style='color:#000000' href=https:\/\/www.arcope.it\/benedini\/catalogo_bib.php?BIB_CODI=136 target=_self><i>Le mani pensano<\/i>, a cura di Sandro Parmiggiani e Silvia Cavalchi, Palazzo Magnani, Reggio Emilia 2000<\/a><br \/><hr>&nbsp;&nbsp;&nbsp;&nbsp;&nbsp;&nbsp;&nbsp;&nbsp;&nbsp;&nbsp;<a style='color:#000000' href=https:\/\/www.arcope.it\/benedini\/catalogo_bib.php?BIB_CODI=137 target=_self><i>Arte come comunicazione di vita Immagini alla soglia del nuovo millennio<\/i>, Franco Maria Ricci, Milano 2000<\/a><br \/><hr>&nbsp;&nbsp;&nbsp;&nbsp;&nbsp;&nbsp;&nbsp;&nbsp;&nbsp;&nbsp;<a style='color:#000000' href=https:\/\/www.arcope.it\/benedini\/catalogo_bib.php?BIB_CODI=642 target=_self><i>Saletta Galaverni 1960-2000<\/i>, a cura di Sandro Parmiggiani, Galaverni, Reggio Emilia 2000<\/a><br \/><hr><b><font size=6 color='#7F81FF'>2001<\/font><\/b><br>&nbsp;&nbsp;&nbsp;&nbsp;&nbsp;&nbsp;&nbsp;&nbsp;&nbsp;&nbsp;<a style='color:#000000' href=https:\/\/www.arcope.it\/benedini\/catalogo_bib.php?BIB_CODI=844 target=_self><i>Catalogo delle collezioni permanenti<\/i> <i>Generazione anni trenta<\/i>, presentazione di Giorgio Di Genova, Edizioni Bora, Bologna 2001<\/a><br \/><hr>&nbsp;&nbsp;&nbsp;&nbsp;&nbsp;&nbsp;&nbsp;&nbsp;&nbsp;&nbsp;<a style='color:#000000' href=https:\/\/www.arcope.it\/benedini\/catalogo_bib.php?BIB_CODI=1100 target=_self><i>Premio di Pittura Citt\u00e0 di Busto Arsizio 2001<\/i> <i>Seconda edizione<\/i>, Busto Arsizio (VA) 2001<\/a><br \/><hr>&nbsp;&nbsp;&nbsp;&nbsp;&nbsp;&nbsp;&nbsp;&nbsp;&nbsp;&nbsp;<a style='color:#000000' href=https:\/\/www.arcope.it\/benedini\/catalogo_bib.php?BIB_CODI=138 target=_self><i>Tra Oriente e Occidente. Gabriela Benedini - Daniela Nenciulescu<\/i>, a cura di Armando Ginesi, Venezia 2001<\/a><br \/><hr>&nbsp;&nbsp;&nbsp;&nbsp;&nbsp;&nbsp;&nbsp;&nbsp;&nbsp;&nbsp;<a style='color:#000000' href=https:\/\/www.arcope.it\/benedini\/catalogo_bib.php?BIB_CODI=695 target=_self><i>Benedini\/Nenciulescu tra Est e Ovest<\/i>, in \"Arteletta\", Bologna marzo-aprile 2001<\/a><br \/><hr>&nbsp;&nbsp;&nbsp;&nbsp;&nbsp;&nbsp;&nbsp;&nbsp;&nbsp;&nbsp;<a style='color:#000000' href=https:\/\/www.arcope.it\/benedini\/catalogo_bib.php?BIB_CODI=139 target=_self><i>Gabriella Benedini Bibliotheca Spartiti<\/i>, a cura di Sandro Parmiggiani, Tipolitografia Emiliana, Reggio Emilia 2001<\/a><br \/><hr>&nbsp;&nbsp;&nbsp;&nbsp;&nbsp;&nbsp;&nbsp;&nbsp;&nbsp;&nbsp;<a style='color:#000000' href=https:\/\/www.arcope.it\/benedini\/catalogo_bib.php?BIB_CODI=711 target=_self>Maria Lucina Ferraguti, <i>Mostre<\/i>, in \"La domenica di Vicenza\", Vicenza 21 aprile 2001<\/a><br \/><hr>&nbsp;&nbsp;&nbsp;&nbsp;&nbsp;&nbsp;&nbsp;&nbsp;&nbsp;&nbsp;<a style='color:#000000' href=https:\/\/www.arcope.it\/benedini\/catalogo_bib.php?BIB_CODI=684 target=_self><i>L'arte verso il domani. Benedini, Calzavacca, Fedi, Gini, Valentini<\/i>, presentazione di Rossana Bossaglia, Samarate 2001<\/a><br \/><hr>&nbsp;&nbsp;&nbsp;&nbsp;&nbsp;&nbsp;&nbsp;&nbsp;&nbsp;&nbsp;<a style='color:#000000' href=https:\/\/www.arcope.it\/benedini\/catalogo_bib.php?BIB_CODI=828 target=_self>Ernesto Ferrero, Daniela Magnetti, <i>Liberazione Collezione Aprile di Cimia<\/i>, Pea Produzioni Editoriali Aprile, San Mauro Torinese (TO) 2001<\/a><br \/><hr>&nbsp;&nbsp;&nbsp;&nbsp;&nbsp;&nbsp;&nbsp;&nbsp;&nbsp;&nbsp;<a style='color:#000000' href=https:\/\/www.arcope.it\/benedini\/catalogo_bib.php?BIB_CODI=712 target=_self>Fiorenza Conti, <i>Una prigione recuperata per l'arte<\/i>, in \"La domenica di Vicenza\", Vicenza 5 maggio 2001<\/a><br \/><hr>&nbsp;&nbsp;&nbsp;&nbsp;&nbsp;&nbsp;&nbsp;&nbsp;&nbsp;&nbsp;<a style='color:#000000' href=https:\/\/www.arcope.it\/benedini\/catalogo_bib.php?BIB_CODI=713 target=_self>Marica Rossi, <i>Il vecchio carcere \"libera\" l'arte<\/i>, in \"Il giornale di Vicenza\", Vicenza 8 maggio 2001<\/a><br \/><hr>&nbsp;&nbsp;&nbsp;&nbsp;&nbsp;&nbsp;&nbsp;&nbsp;&nbsp;&nbsp;<a style='color:#000000' href=https:\/\/www.arcope.it\/benedini\/catalogo_bib.php?BIB_CODI=710 target=_self>A. Curto, <i>Benedini\/Nenciulescu<\/i>, in \"Juliet\", Milano giugno 2001<\/a><br \/><hr><b><font size=6 color='#7F81FF'>2002<\/font><\/b><br>&nbsp;&nbsp;&nbsp;&nbsp;&nbsp;&nbsp;&nbsp;&nbsp;&nbsp;&nbsp;<a style='color:#000000' href=https:\/\/www.arcope.it\/benedini\/catalogo_bib.php?BIB_CODI=628 target=_self>Angela Madesani, <i>Le icone fluttuanti<\/i> <i>Storia del cinema d'artista e della videoarte in Italia<\/i>, presentazione di Vittorio Fagone, Bruno Mondadori, Milano 2002<\/a><br \/><hr>&nbsp;&nbsp;&nbsp;&nbsp;&nbsp;&nbsp;&nbsp;&nbsp;&nbsp;&nbsp;<a style='color:#000000' href=https:\/\/www.arcope.it\/benedini\/catalogo_bib.php?BIB_CODI=640 target=_self><i>Europe  art languages<\/i> <i>Identit\u00e0 Europa: linguaggi e artisti a confronto<\/i>, a cura di Francesca Pensa e Giorgio Seveso, Milano 2002<\/a><br \/><hr>&nbsp;&nbsp;&nbsp;&nbsp;&nbsp;&nbsp;&nbsp;&nbsp;&nbsp;&nbsp;<a style='color:#000000' href=https:\/\/www.arcope.it\/benedini\/catalogo_bib.php?BIB_CODI=634 target=_self><i>De Gustibus. Collezione privata Italia<\/i>, a cura di Achille Bonito Oliva e Sergio Risaliti, m & m, Pistoia 2002<\/a><br \/><hr>&nbsp;&nbsp;&nbsp;&nbsp;&nbsp;&nbsp;&nbsp;&nbsp;&nbsp;&nbsp;<a style='color:#000000' href=https:\/\/www.arcope.it\/benedini\/catalogo_bib.php?BIB_CODI=714 target=_self> Janus, <i>Mitographie Le signore degli anelli<\/i>, in \"Graphie\", Cesena marzo 2002<\/a><br \/><hr>&nbsp;&nbsp;&nbsp;&nbsp;&nbsp;&nbsp;&nbsp;&nbsp;&nbsp;&nbsp;<a style='color:#000000' href=https:\/\/www.arcope.it\/benedini\/catalogo_bib.php?BIB_CODI=810 target=_self><i>Foeminilia memorie ferraresi e invenzioni d'autore<\/i> <i>Mostra e asta a fini benefici<\/i>, Edisal s.r.l., Ferrara 2002<\/a><br \/><hr>&nbsp;&nbsp;&nbsp;&nbsp;&nbsp;&nbsp;&nbsp;&nbsp;&nbsp;&nbsp;<a style='color:#000000' href=https:\/\/www.arcope.it\/benedini\/catalogo_bib.php?BIB_CODI=761 target=_self><i>Gabriella Benedini<\/i>, in \"Turismo Stampa\", Milano luglio-settembre 2002<\/a><br \/><hr>&nbsp;&nbsp;&nbsp;&nbsp;&nbsp;&nbsp;&nbsp;&nbsp;&nbsp;&nbsp;<a style='color:#000000' href=https:\/\/www.arcope.it\/benedini\/catalogo_bib.php?BIB_CODI=639 target=_self><i>SOS colours of peace<\/i> <i>Arte contemporanea italiana a Montecarlo a favore degli orfani delle vittime delle Twin Towers<\/i>, Libri Scheiwiller, Milano 2002<\/a><br \/><hr>&nbsp;&nbsp;&nbsp;&nbsp;&nbsp;&nbsp;&nbsp;&nbsp;&nbsp;&nbsp;<a style='color:#000000' href=https:\/\/www.arcope.it\/benedini\/catalogo_bib.php?BIB_CODI=720 target=_self><i>Le altre navigazioni di Gabriella Benedini<\/i>, in \"Arte & Cornice\", Milano settembre 2002<\/a><br \/><hr>&nbsp;&nbsp;&nbsp;&nbsp;&nbsp;&nbsp;&nbsp;&nbsp;&nbsp;&nbsp;<a style='color:#000000' href=https:\/\/www.arcope.it\/benedini\/catalogo_bib.php?BIB_CODI=760 target=_self>Mariaclara Goldschmiedt, <i>Andar per mostre<\/i>, in \"Art\u00f9\", Milano settembre 2002<\/a><br \/><hr>&nbsp;&nbsp;&nbsp;&nbsp;&nbsp;&nbsp;&nbsp;&nbsp;&nbsp;&nbsp;<a style='color:#000000' href=https:\/\/www.arcope.it\/benedini\/catalogo_bib.php?BIB_CODI=623 target=_self><i>Dedicato a Silvio d'Arzo<\/i>, a cura di Sandro Parmiggiani e Leda Iotti, Reggio Emilia 2002<\/a><br \/><hr>&nbsp;&nbsp;&nbsp;&nbsp;&nbsp;&nbsp;&nbsp;&nbsp;&nbsp;&nbsp;<a style='color:#000000' href=https:\/\/www.arcope.it\/benedini\/catalogo_bib.php?BIB_CODI=612 target=_self><i>Materiamadre Lignea Gabriella Benedini. Giuliano Mauri. Salvatore Scarpitta<\/i>, a cura di Claudio Cerritelli e Piero Quaglino, Edizioni  Mazzotta, Milano 2002<\/a><br \/><hr>&nbsp;&nbsp;&nbsp;&nbsp;&nbsp;&nbsp;&nbsp;&nbsp;&nbsp;&nbsp;<a style='color:#000000' href=https:\/\/www.arcope.it\/benedini\/catalogo_bib.php?BIB_CODI=649 target=_self><i>Gabriella Benendini. Altre navigazioni<\/i>, a cura di Claudio Cerritelli, Milano 2002<\/a><br \/><hr>&nbsp;&nbsp;&nbsp;&nbsp;&nbsp;&nbsp;&nbsp;&nbsp;&nbsp;&nbsp;<a style='color:#000000' href=https:\/\/www.arcope.it\/benedini\/catalogo_bib.php?BIB_CODI=763 target=_self><i>Le \"Altre navigazioni\" di Gabriella Benedini<\/i>, in \"Il giornale d'Italia\", Roma 22 settembre 2002<\/a><br \/><hr>&nbsp;&nbsp;&nbsp;&nbsp;&nbsp;&nbsp;&nbsp;&nbsp;&nbsp;&nbsp;<a style='color:#000000' href=https:\/\/www.arcope.it\/benedini\/catalogo_bib.php?BIB_CODI=716 target=_self><i>Una personale alla Galleria Arte. Benedini, oggetti e colori<\/i>, in \"Tuttomilano\", Milano 26 settembre-2 ottobre 2002<\/a><br \/><hr>&nbsp;&nbsp;&nbsp;&nbsp;&nbsp;&nbsp;&nbsp;&nbsp;&nbsp;&nbsp;<a style='color:#000000' href=https:\/\/www.arcope.it\/benedini\/catalogo_bib.php?BIB_CODI=762 target=_self><i>Gabriella Benedini alla Galleria Arte 92<\/i>, in \"ll Coro\" ottobre 2002<\/a><br \/><hr>&nbsp;&nbsp;&nbsp;&nbsp;&nbsp;&nbsp;&nbsp;&nbsp;&nbsp;&nbsp;<a style='color:#000000' href=https:\/\/www.arcope.it\/benedini\/catalogo_bib.php?BIB_CODI=1045 target=_self><i>Mostre Scellti per voi. Arte 92 Gabriella Benedini Altre navigazioni<\/i>, in \"Archimagazine\", online 1 ottobre 2002<\/a><br \/><hr>&nbsp;&nbsp;&nbsp;&nbsp;&nbsp;&nbsp;&nbsp;&nbsp;&nbsp;&nbsp;<a style='color:#000000' href=https:\/\/www.arcope.it\/benedini\/catalogo_bib.php?BIB_CODI=724 target=_self>Ettore Ceriani, <i>Torre Colombera Di materia lignea<\/i>, in \"Lombardia Oggi. Supplemento a La Prealpina\", Busto Arsizio 6 ottobre 2002<\/a><br \/><hr>&nbsp;&nbsp;&nbsp;&nbsp;&nbsp;&nbsp;&nbsp;&nbsp;&nbsp;&nbsp;<a style='color:#000000' href=https:\/\/www.arcope.it\/benedini\/catalogo_bib.php?BIB_CODI=719 target=_self>Rachele Ferrario, <i>Gabriella Benedini Il colore del viaggio \u00e8 un poetico bianco<\/i>, in \"La Stampa\", Torino 22 ottobre 2002<\/a><br \/><hr>&nbsp;&nbsp;&nbsp;&nbsp;&nbsp;&nbsp;&nbsp;&nbsp;&nbsp;&nbsp;<a style='color:#000000' href=https:\/\/www.arcope.it\/benedini\/catalogo_bib.php?BIB_CODI=715 target=_self>Gianni Cavazzini, <i>Sull'onda dell'arte<\/i>, in \"Gazzetta di Parma\", Parma 25 ottobre 2002<\/a><br \/><hr>&nbsp;&nbsp;&nbsp;&nbsp;&nbsp;&nbsp;&nbsp;&nbsp;&nbsp;&nbsp;<a style='color:#000000' href=https:\/\/www.arcope.it\/benedini\/catalogo_bib.php?BIB_CODI=717 target=_self>Marina Cotelli, <i>Che cosa brucia adesso in galleria<\/i>, in \"Corriere della Sera\", <i>Neodada Gabriella Benedini a Milano<\/i>, Milano 28 ottobre 2002<\/a><br \/><hr>&nbsp;&nbsp;&nbsp;&nbsp;&nbsp;&nbsp;&nbsp;&nbsp;&nbsp;&nbsp;<a style='color:#000000' href=https:\/\/www.arcope.it\/benedini\/catalogo_bib.php?BIB_CODI=764 target=_self>Vanni Zagnoli, <i>D'Arzo visto da 40 artisti<\/i>, in \"Gazzetta di Parma\", Parma 29 ottobre 2002<\/a><br \/><hr>&nbsp;&nbsp;&nbsp;&nbsp;&nbsp;&nbsp;&nbsp;&nbsp;&nbsp;&nbsp;<a style='color:#000000' href=https:\/\/www.arcope.it\/benedini\/catalogo_bib.php?BIB_CODI=721 target=_self>Barbara Caffi, <i>Gabriella Benedini su tutto la materia<\/i>, in \"Pi\u00f9\" supplemento de \"La Provincia\", Cremona 2 novembre 2002<\/a><br \/><hr>&nbsp;&nbsp;&nbsp;&nbsp;&nbsp;&nbsp;&nbsp;&nbsp;&nbsp;&nbsp;<a style='color:#000000' href=https:\/\/www.arcope.it\/benedini\/catalogo_bib.php?BIB_CODI=718 target=_self>Paola Nicolin, <i>Benedini tra spazio e materia<\/i>, in \"La Repubblica\", Milano 4 novembre 2002<\/a><br \/><hr>&nbsp;&nbsp;&nbsp;&nbsp;&nbsp;&nbsp;&nbsp;&nbsp;&nbsp;&nbsp;<a style='color:#000000' href=https:\/\/www.arcope.it\/benedini\/catalogo_bib.php?BIB_CODI=674 target=_self><i>Arteopenduemiladue-Itinerari possibili<\/i> <i>Ottava Performance Multimediale di Arte Ccontemporanea Internazionale-arteopen  2002.<\/i>, Editoriale Ergon, Ronchi dei Legionari (GO) 2002<\/a><br \/><hr><b><font size=6 color='#7F81FF'>2003<\/font><\/b><br>&nbsp;&nbsp;&nbsp;&nbsp;&nbsp;&nbsp;&nbsp;&nbsp;&nbsp;&nbsp;<a style='color:#000000' href=https:\/\/www.arcope.it\/benedini\/catalogo_bib.php?BIB_CODI=633 target=_self><i>Gabriella Benedini \"Altre navigazioni\"<\/i>, presentazione di Claudio Cerritelli, Galaverni, Reggio Emilia 2003<\/a><br \/><hr>&nbsp;&nbsp;&nbsp;&nbsp;&nbsp;&nbsp;&nbsp;&nbsp;&nbsp;&nbsp;<a style='color:#000000' href=https:\/\/www.arcope.it\/benedini\/catalogo_bib.php?BIB_CODI=601 target=_self><i>Mostre a castello: l'artista al lavoro Gabriella Benedini \"Testo a Fronte\"<\/i>, Pitagora Editrice, Bologna 2003<\/a><br \/><hr>&nbsp;&nbsp;&nbsp;&nbsp;&nbsp;&nbsp;&nbsp;&nbsp;&nbsp;&nbsp;<a style='color:#000000' href=https:\/\/www.arcope.it\/benedini\/catalogo_bib.php?BIB_CODI=638 target=_self><i>Nella materia<\/i> <i>Dal Futurismo a Kiefer alfabeti nell'arte del Novecento. Da Burri a Kounellis metalli e ossidazioni<\/i>, a cura di Rachele Ferrario e Lorella Giudici, Silvia Editrice, Cologno Milanese (MI) 2003<\/a><br \/><hr>&nbsp;&nbsp;&nbsp;&nbsp;&nbsp;&nbsp;&nbsp;&nbsp;&nbsp;&nbsp;<a style='color:#000000' href=https:\/\/www.arcope.it\/benedini\/catalogo_bib.php?BIB_CODI=723 target=_self>Clarice Carassi, <i>Ideale viaggio fra arte e corpo. Il \"Testo a fronte\" di Gabriella Benedini<\/i>, in periodico non identificato, Ravenna 17 maggio 2003<\/a><br \/><hr>&nbsp;&nbsp;&nbsp;&nbsp;&nbsp;&nbsp;&nbsp;&nbsp;&nbsp;&nbsp;<a style='color:#000000' href=https:\/\/www.arcope.it\/benedini\/catalogo_bib.php?BIB_CODI=722 target=_self>Silvia Dell'Orso, <i>Artisti del Novecento tra forma e materia<\/i>, in \"Tuttomilano\", Milano 22-28 maggio 2003<\/a><br \/><hr>&nbsp;&nbsp;&nbsp;&nbsp;&nbsp;&nbsp;&nbsp;&nbsp;&nbsp;&nbsp;<a style='color:#000000' href=https:\/\/www.arcope.it\/benedini\/catalogo_bib.php?BIB_CODI=630 target=_self><i>Nove artisti sulla via del sale<\/i>, a cura di Nico Orengo e Silvana Peira, Il Fondaco Edizioni, Bra (CN) 2003<\/a><br \/><hr>&nbsp;&nbsp;&nbsp;&nbsp;&nbsp;&nbsp;&nbsp;&nbsp;&nbsp;&nbsp;<a style='color:#000000' href=https:\/\/www.arcope.it\/benedini\/catalogo_bib.php?BIB_CODI=682 target=_self><i>Il si dei protagonisti dagli anni '60 ad oggi<\/i>, presentazione di Sergio Cambiaghi, Sesto San Giovanni (MI) 2003<\/a><br \/><hr>&nbsp;&nbsp;&nbsp;&nbsp;&nbsp;&nbsp;&nbsp;&nbsp;&nbsp;&nbsp;<a style='color:#000000' href=https:\/\/www.arcope.it\/benedini\/catalogo_bib.php?BIB_CODI=1145 target=_self><i>A cavallo sulle colline tra il mare e la pianura<\/i>, in \"La Stampa\" speciale estate, Torino 1 luglio 2003<\/a><br \/><hr>&nbsp;&nbsp;&nbsp;&nbsp;&nbsp;&nbsp;&nbsp;&nbsp;&nbsp;&nbsp;<a style='color:#000000' href=https:\/\/www.arcope.it\/benedini\/catalogo_bib.php?BIB_CODI=1147 target=_self><i>Arte sulla Via del Sale Musica in tutta la Provincia<\/i>, in periodico non identificato 2003<\/a><br \/><hr>&nbsp;&nbsp;&nbsp;&nbsp;&nbsp;&nbsp;&nbsp;&nbsp;&nbsp;&nbsp;<a style='color:#000000' href=https:\/\/www.arcope.it\/benedini\/catalogo_bib.php?BIB_CODI=1154 target=_self>Massimiliano Cavallo , <i>Il contemporaneo sulla via del Sale<\/i>, in periodico non identificato 2003<\/a><br \/><hr>&nbsp;&nbsp;&nbsp;&nbsp;&nbsp;&nbsp;&nbsp;&nbsp;&nbsp;&nbsp;<a style='color:#000000' href=https:\/\/www.arcope.it\/benedini\/catalogo_bib.php?BIB_CODI=1146 target=_self><i>Torna l'arte contemporanea in Alta Langa<\/i>, in periodico non identificato 11 luglio 2003<\/a><br \/><hr>&nbsp;&nbsp;&nbsp;&nbsp;&nbsp;&nbsp;&nbsp;&nbsp;&nbsp;&nbsp;<a style='color:#000000' href=https:\/\/www.arcope.it\/benedini\/catalogo_bib.php?BIB_CODI=1148 target=_self><i>Nove artisti sull via del sale: mostra d'arte nelleLanghe<\/i>, in \"Gazzetta d'Alba\", Alba (CN) 15 luglio 2003<\/a><br \/><hr>&nbsp;&nbsp;&nbsp;&nbsp;&nbsp;&nbsp;&nbsp;&nbsp;&nbsp;&nbsp;<a style='color:#000000' href=https:\/\/www.arcope.it\/benedini\/catalogo_bib.php?BIB_CODI=1149 target=_self><i>Artisti sulla Via del Sale<\/i>, in \"Cuneo sette\", Cuneo 15 luglio 2003<\/a><br \/><hr>&nbsp;&nbsp;&nbsp;&nbsp;&nbsp;&nbsp;&nbsp;&nbsp;&nbsp;&nbsp;<a style='color:#000000' href=https:\/\/www.arcope.it\/benedini\/catalogo_bib.php?BIB_CODI=1150 target=_self><i>\"Nove artisti lungo la Via del Sale\"<\/i>, in \"Corriere d Mondov\u00ec e Valli Monregalesi\", Mondov\u00ec (CN) 15 luglio 2003<\/a><br \/><hr>&nbsp;&nbsp;&nbsp;&nbsp;&nbsp;&nbsp;&nbsp;&nbsp;&nbsp;&nbsp;<a style='color:#000000' href=https:\/\/www.arcope.it\/benedini\/catalogo_bib.php?BIB_CODI=1151 target=_self>Nino Abbate, <i>Nove artisti espongono in localit\u00e0 Alta Langa<\/i>, in \"Provincia Granda\", Mondov\u00ec (CN) 18 luglio 2003<\/a><br \/><hr>&nbsp;&nbsp;&nbsp;&nbsp;&nbsp;&nbsp;&nbsp;&nbsp;&nbsp;&nbsp;<a style='color:#000000' href=https:\/\/www.arcope.it\/benedini\/catalogo_bib.php?BIB_CODI=1152 target=_self><i>Piemonte e Liguria unite dall'arte sulla via del sale<\/i>, in \"il Corriere\" 21 luglio 2003<\/a><br \/><hr>&nbsp;&nbsp;&nbsp;&nbsp;&nbsp;&nbsp;&nbsp;&nbsp;&nbsp;&nbsp;<a style='color:#000000' href=https:\/\/www.arcope.it\/benedini\/catalogo_bib.php?BIB_CODI=1153 target=_self><i>Sono in arrivo...\"Nove artisti lungo la Via del Sale\"...<\/i>, in \"il Corriere\" 23 luglio 2003<\/a><br \/><hr>&nbsp;&nbsp;&nbsp;&nbsp;&nbsp;&nbsp;&nbsp;&nbsp;&nbsp;&nbsp;<a style='color:#000000' href=https:\/\/www.arcope.it\/benedini\/catalogo_bib.php?BIB_CODI=1155 target=_self>V. P., <i>Anche gli artisti riscoprono la vecchia via del sale<\/i>, in \"La Stampa\", Torino 26 luglio 2003<\/a><br \/><hr>&nbsp;&nbsp;&nbsp;&nbsp;&nbsp;&nbsp;&nbsp;&nbsp;&nbsp;&nbsp;<a style='color:#000000' href=https:\/\/www.arcope.it\/benedini\/catalogo_bib.php?BIB_CODI=1156 target=_self>Valeria Pelle , <i>La via del sale: nove sedi per una mosttra<\/i>, in \"Gazzetta d'Alba\", Alba (CN) 29 luglio 2003<\/a><br \/><hr>&nbsp;&nbsp;&nbsp;&nbsp;&nbsp;&nbsp;&nbsp;&nbsp;&nbsp;&nbsp;<a style='color:#000000' href=https:\/\/www.arcope.it\/benedini\/catalogo_bib.php?BIB_CODI=1157 target=_self><i>Appuntamenti in Granda<\/i>, in \"Provincia oggi\", Mondov\u00ec (CN) 31 luglio 2003<\/a><br \/><hr>&nbsp;&nbsp;&nbsp;&nbsp;&nbsp;&nbsp;&nbsp;&nbsp;&nbsp;&nbsp;<a style='color:#000000' href=https:\/\/www.arcope.it\/benedini\/catalogo_bib.php?BIB_CODI=1158 target=_self>A. R., <i>Le Langhe si mettono in mostra<\/i>, in \"Torino sette\", Torino 31 luglio 2003<\/a><br \/><hr>&nbsp;&nbsp;&nbsp;&nbsp;&nbsp;&nbsp;&nbsp;&nbsp;&nbsp;&nbsp;<a style='color:#000000' href=https:\/\/www.arcope.it\/benedini\/catalogo_bib.php?BIB_CODI=1159 target=_self>Guido Curto, <i>Gastini, Zorio & C sulle strade del sale<\/i>, in \"La Stampa\", Torino 8 agosto 2003<\/a><br \/><hr>&nbsp;&nbsp;&nbsp;&nbsp;&nbsp;&nbsp;&nbsp;&nbsp;&nbsp;&nbsp;<a style='color:#000000' href=https:\/\/www.arcope.it\/benedini\/catalogo_bib.php?BIB_CODI=1160 target=_self>Gianfranco Schialvino, <i>La via de sale<\/i>, in periodico non identificato 20 agosto 2003<\/a><br \/><hr>&nbsp;&nbsp;&nbsp;&nbsp;&nbsp;&nbsp;&nbsp;&nbsp;&nbsp;&nbsp;<a style='color:#000000' href=https:\/\/www.arcope.it\/benedini\/catalogo_bib.php?BIB_CODI=1161 target=_self>Valeria Pelle , <i>Arte moderna e storia unite nella Via del sale<\/i>, in \"Gazzetta d'Alba\", Alba (CN) 26 agosto 2003<\/a><br \/><hr>&nbsp;&nbsp;&nbsp;&nbsp;&nbsp;&nbsp;&nbsp;&nbsp;&nbsp;&nbsp;<a style='color:#000000' href=https:\/\/www.arcope.it\/benedini\/catalogo_bib.php?BIB_CODI=1162 target=_self>D. Mo., <i>Alta Langa: storia ed arte contemporanea<\/i>, in \"Provincia Granda\", Mondov\u00ec (CN) 5 settembre 2003<\/a><br \/><hr>&nbsp;&nbsp;&nbsp;&nbsp;&nbsp;&nbsp;&nbsp;&nbsp;&nbsp;&nbsp;<a style='color:#000000' href=https:\/\/www.arcope.it\/benedini\/catalogo_bib.php?BIB_CODI=1163 target=_self>D. Mo., <i>Verso la conclusione la bella mostra \"Sulla via delSale\"<\/i>, in \"Provincia Granda\", Mondov\u00ec (CN) 19 settembre 2003<\/a><br \/><hr>&nbsp;&nbsp;&nbsp;&nbsp;&nbsp;&nbsp;&nbsp;&nbsp;&nbsp;&nbsp;<a style='color:#000000' href=https:\/\/www.arcope.it\/benedini\/catalogo_bib.php?BIB_CODI=1164 target=_self>D. P., <i>Nove artisti sulle vie del sale: ultimi giorni di esposizione<\/i>, in \"Bra oggi\", Bra (CN) 23 settembre 2003<\/a><br \/><hr>&nbsp;&nbsp;&nbsp;&nbsp;&nbsp;&nbsp;&nbsp;&nbsp;&nbsp;&nbsp;<a style='color:#000000' href=https:\/\/www.arcope.it\/benedini\/catalogo_bib.php?BIB_CODI=1165 target=_self>M. I., <i>Termina la mostra \"Vie del Sale\"<\/i>, in \"Corriere di Mondov\u00ec e Valli Monregalese\", Mondov\u00ec (CN) 24 settembre 2003<\/a><br \/><hr>&nbsp;&nbsp;&nbsp;&nbsp;&nbsp;&nbsp;&nbsp;&nbsp;&nbsp;&nbsp;<a style='color:#000000' href=https:\/\/www.arcope.it\/benedini\/catalogo_bib.php?BIB_CODI=1166 target=_self>V. P., <i>Con nove artisti sulla Via del sale nell'Alta Langa<\/i>, in \"La Stampa\", Torino 27 settembre 2003<\/a><br \/><hr>&nbsp;&nbsp;&nbsp;&nbsp;&nbsp;&nbsp;&nbsp;&nbsp;&nbsp;&nbsp;<a style='color:#000000' href=https:\/\/www.arcope.it\/benedini\/catalogo_bib.php?BIB_CODI=1167 target=_self><i>Nove artisti sulla via del sale<\/i>, in \"L'Unione Monregalese\", Mondov\u00ec (CN) 1 ottobre 2003<\/a><br \/><hr>&nbsp;&nbsp;&nbsp;&nbsp;&nbsp;&nbsp;&nbsp;&nbsp;&nbsp;&nbsp;<a style='color:#000000' href=https:\/\/www.arcope.it\/benedini\/catalogo_bib.php?BIB_CODI=1168 target=_self>M. P., <i>Lungo la Via del Sale, unamostra di successo<\/i>, in \"Corriere di Mondov\u00ec e Valli Monregalesi\", Mondov\u00ec (CN) 29 ottobre 2003<\/a><br \/><hr>&nbsp;&nbsp;&nbsp;&nbsp;&nbsp;&nbsp;&nbsp;&nbsp;&nbsp;&nbsp;<a style='color:#000000' href=https:\/\/www.arcope.it\/benedini\/catalogo_bib.php?BIB_CODI=1169 target=_self> Ga., <i>\"Nove artisti sulla Via del Sale. Armonia d opere nel paesaggio<\/i>, in \"La Guida\", Cuneo 31 ottobre 2003<\/a><br \/><hr>&nbsp;&nbsp;&nbsp;&nbsp;&nbsp;&nbsp;&nbsp;&nbsp;&nbsp;&nbsp;<a style='color:#000000' href=https:\/\/www.arcope.it\/benedini\/catalogo_bib.php?BIB_CODI=673 target=_self><i>Premio Niccolini VIII edizione. Concorso per Opere di Pittura, Scultura e Progettazione Architettonica<\/i>, a cura di Chiara Toschi Cavaliere, s.l. 2003<\/a><br \/><hr>&nbsp;&nbsp;&nbsp;&nbsp;&nbsp;&nbsp;&nbsp;&nbsp;&nbsp;&nbsp;<a style='color:#000000' href=https:\/\/www.arcope.it\/benedini\/catalogo_bib.php?BIB_CODI=677 target=_self><i>Pigotte d'autore<\/i> <i>101 artisti e stilisti vestono ed interpretano  la bambola dell'Unicef<\/i>, Tecnograf, Bologna 2003<\/a><br \/><hr>&nbsp;&nbsp;&nbsp;&nbsp;&nbsp;&nbsp;&nbsp;&nbsp;&nbsp;&nbsp;<a style='color:#000000' href=https:\/\/www.arcope.it\/benedini\/catalogo_bib.php?BIB_CODI=675 target=_self><i>arteopenduemilatre. Itineraripossibili<\/i> <i>Meeting Multimediale di Arte Contemporanea Internazionale<\/i>, Editoriale Lloyd, S. Dorligo della Valle (TS) 2003<\/a><br \/><hr>&nbsp;&nbsp;&nbsp;&nbsp;&nbsp;&nbsp;&nbsp;&nbsp;&nbsp;&nbsp;<a style='color:#000000' href=https:\/\/www.arcope.it\/benedini\/catalogo_bib.php?BIB_CODI=796 target=_self><br \/><hr><b><font size=6 color='#7F81FF'>2004<\/font><\/b><br>&nbsp;&nbsp;&nbsp;&nbsp;&nbsp;&nbsp;&nbsp;&nbsp;&nbsp;&nbsp;<a style='color:#000000' href=https:\/\/www.arcope.it\/benedini\/catalogo_bib.php?BIB_CODI=685 target=_self><i>Workshops 4 artisti, 10 laboratori<\/i>, in \"Alto Adige\", Bolzano 24 marzo 2004<\/a><br \/><hr>&nbsp;&nbsp;&nbsp;&nbsp;&nbsp;&nbsp;&nbsp;&nbsp;&nbsp;&nbsp;<a style='color:#000000' href=https:\/\/www.arcope.it\/benedini\/catalogo_bib.php?BIB_CODI=686 target=_self><i>L'evento a tutto tondo.<\/i>, in \"Alto Adige\", <i>Seminario, mostra, conferenza e spettacolo teatrale<\/i>, Bolzano 24 marzo 2004<\/a><br \/><hr>&nbsp;&nbsp;&nbsp;&nbsp;&nbsp;&nbsp;&nbsp;&nbsp;&nbsp;&nbsp;<a style='color:#000000' href=https:\/\/www.arcope.it\/benedini\/catalogo_bib.php?BIB_CODI=687 target=_self><i>\"Un, due, tre\u2026o'pla\" i bimbi diventano artisti<\/i>, in \"Alto Adige\", Bolzano 24 marzo 2004<\/a><br \/><hr>&nbsp;&nbsp;&nbsp;&nbsp;&nbsp;&nbsp;&nbsp;&nbsp;&nbsp;&nbsp;<a style='color:#000000' href=https:\/\/www.arcope.it\/benedini\/catalogo_bib.php?BIB_CODI=688 target=_self><i>Tutta la creativit\u00e0 degli artisti in erba<\/i>, in \"Alto Adige\", Bolzano 24 marzo 2004<\/a><br \/><hr>&nbsp;&nbsp;&nbsp;&nbsp;&nbsp;&nbsp;&nbsp;&nbsp;&nbsp;&nbsp;<a style='color:#000000' href=https:\/\/www.arcope.it\/benedini\/catalogo_bib.php?BIB_CODI=669 target=_self><i>First International Biennale fot the Artists Book<\/i>, s.l. 2004<\/a><br \/><hr>&nbsp;&nbsp;&nbsp;&nbsp;&nbsp;&nbsp;&nbsp;&nbsp;&nbsp;&nbsp;<a style='color:#000000' href=https:\/\/www.arcope.it\/benedini\/catalogo_bib.php?BIB_CODI=771 target=_self><i>Triplice appuntamento per Gabriella Benedini<\/i>, in \"Stile\", Brescia luglio-agosto 2004<\/a><br \/><hr>&nbsp;&nbsp;&nbsp;&nbsp;&nbsp;&nbsp;&nbsp;&nbsp;&nbsp;&nbsp;<a style='color:#000000' href=https:\/\/www.arcope.it\/benedini\/catalogo_bib.php?BIB_CODI=773 target=_self>Mariaclara Goldschmiedt, <i>Andar per mostre<\/i>, in \"Art\u00f9\", Milano luglio-settembre 2004<\/a><br \/><hr>&nbsp;&nbsp;&nbsp;&nbsp;&nbsp;&nbsp;&nbsp;&nbsp;&nbsp;&nbsp;<a style='color:#000000' href=https:\/\/www.arcope.it\/benedini\/catalogo_bib.php?BIB_CODI=766 target=_self>Pierluigi Casolari, <i>Sarzana l'inventario dei sogni<\/i>, in \"Gulliver\", Milano agosto 2004<\/a><br \/><hr>&nbsp;&nbsp;&nbsp;&nbsp;&nbsp;&nbsp;&nbsp;&nbsp;&nbsp;&nbsp;<a style='color:#000000' href=https:\/\/www.arcope.it\/benedini\/catalogo_bib.php?BIB_CODI=770 target=_self><i>Rassegna di Gabriella Benedini a La Spezia Il ciclone<\/i>, in \"Arte In\", Venezia Mestre 4 agosto-4 settembre 2004<\/a><br \/><hr>&nbsp;&nbsp;&nbsp;&nbsp;&nbsp;&nbsp;&nbsp;&nbsp;&nbsp;&nbsp;<a style='color:#000000' href=https:\/\/www.arcope.it\/benedini\/catalogo_bib.php?BIB_CODI=775 target=_self><i>L'\"Occhio di Dionisio\" alla Fortezza Firmafede<\/i>, in \"La Nazione\", La Spezia 25 agosto 2004<\/a><br \/><hr>&nbsp;&nbsp;&nbsp;&nbsp;&nbsp;&nbsp;&nbsp;&nbsp;&nbsp;&nbsp;<a style='color:#000000' href=https:\/\/www.arcope.it\/benedini\/catalogo_bib.php?BIB_CODI=1552 target=_self><i>Spezia Gabriella Benedini. L'orecchio di Dioniso<\/i>, in www.eartmagazine.com, online 28 agosto 2004<\/a><br \/><hr>&nbsp;&nbsp;&nbsp;&nbsp;&nbsp;&nbsp;&nbsp;&nbsp;&nbsp;&nbsp;<a style='color:#000000' href=https:\/\/www.arcope.it\/benedini\/catalogo_bib.php?BIB_CODI=1551 target=_self><i>L'orecchio di Dioniso<\/i>, in www.arte.it 30 agosto 2004<\/a><br \/><hr>&nbsp;&nbsp;&nbsp;&nbsp;&nbsp;&nbsp;&nbsp;&nbsp;&nbsp;&nbsp;<a style='color:#000000' href=https:\/\/www.arcope.it\/benedini\/catalogo_bib.php?BIB_CODI=631 target=_self>Giovanna Riu, Flaminio Gualdoni, <i>Gabriella Benedini L'orecchio di Dioniso<\/i>, a cura di Giovanna Riu, La Spezia 2004<\/a><br \/><hr>&nbsp;&nbsp;&nbsp;&nbsp;&nbsp;&nbsp;&nbsp;&nbsp;&nbsp;&nbsp;<a style='color:#000000' href=https:\/\/www.arcope.it\/benedini\/catalogo_bib.php?BIB_CODI=1140 target=_self><i>L'orecchio di Dioniso<\/i>, in www.arte.it\/news, online<\/a><br \/><hr>&nbsp;&nbsp;&nbsp;&nbsp;&nbsp;&nbsp;&nbsp;&nbsp;&nbsp;&nbsp;<a style='color:#000000' href=https:\/\/www.arcope.it\/benedini\/catalogo_bib.php?BIB_CODI=768 target=_self>Raffaella Fontanarossa, <i>L'orecchio di Dioniso una mano, tre mostre<\/i>, in \"La Repubblica\", Genova 2 settembre 2004<\/a><br \/><hr>&nbsp;&nbsp;&nbsp;&nbsp;&nbsp;&nbsp;&nbsp;&nbsp;&nbsp;&nbsp;<a style='color:#000000' href=https:\/\/www.arcope.it\/benedini\/catalogo_bib.php?BIB_CODI=1139 target=_self><i>Senza titolo<\/i>, in www.fides.net\/arte_spettacolo.htm, online 2 settembre 2004<\/a><br \/><hr>&nbsp;&nbsp;&nbsp;&nbsp;&nbsp;&nbsp;&nbsp;&nbsp;&nbsp;&nbsp;<a style='color:#000000' href=https:\/\/www.arcope.it\/benedini\/catalogo_bib.php?BIB_CODI=769 target=_self><i>Le \"memorie del vento\" di Gabriella Benedini<\/i>, in \"La Nazione\", La Spezia 4 settembre 2004<\/a><br \/><hr>&nbsp;&nbsp;&nbsp;&nbsp;&nbsp;&nbsp;&nbsp;&nbsp;&nbsp;&nbsp;<a style='color:#000000' href=https:\/\/www.arcope.it\/benedini\/catalogo_bib.php?BIB_CODI=774 target=_self>Silvia Bosio, <i>Gabriella Benedini a Sarzana e La Spezia<\/i>, in \"Pi\u00f9\" supplemento de \"La Provincia\", Cremona 4 settembre 2004<\/a><br \/><hr>&nbsp;&nbsp;&nbsp;&nbsp;&nbsp;&nbsp;&nbsp;&nbsp;&nbsp;&nbsp;<a style='color:#000000' href=https:\/\/www.arcope.it\/benedini\/catalogo_bib.php?BIB_CODI=772 target=_self><i>Ha origini cremonesi \"L'orecchio di Dioniso\"<\/i>, in \"La cronaca\", Cremona 7 settembre 2004<\/a><br \/><hr>&nbsp;&nbsp;&nbsp;&nbsp;&nbsp;&nbsp;&nbsp;&nbsp;&nbsp;&nbsp;<a style='color:#000000' href=https:\/\/www.arcope.it\/benedini\/catalogo_bib.php?BIB_CODI=1141 target=_self>Michele Quarto, <i>La Spezia (23.08.2004)<\/i>, in www.tuttospezia.it, online 11 settembre 2004<\/a><br \/><hr>&nbsp;&nbsp;&nbsp;&nbsp;&nbsp;&nbsp;&nbsp;&nbsp;&nbsp;&nbsp;<a style='color:#000000' href=https:\/\/www.arcope.it\/benedini\/catalogo_bib.php?BIB_CODI=1144 target=_self><i>Sarzana Rassegna itinerante di Gabriella Benedini<\/i>, in www.museionline.it, online 11 settembre 2004<\/a><br \/><hr>&nbsp;&nbsp;&nbsp;&nbsp;&nbsp;&nbsp;&nbsp;&nbsp;&nbsp;&nbsp;<a style='color:#000000' href=https:\/\/www.arcope.it\/benedini\/catalogo_bib.php?BIB_CODI=767 target=_self>Gianni Cavazzini, <i>Le strade ritrovate<\/i>, in \"Gazzetta di Parma\", Parma 18 settembre 2004<\/a><br \/><hr>&nbsp;&nbsp;&nbsp;&nbsp;&nbsp;&nbsp;&nbsp;&nbsp;&nbsp;&nbsp;<a style='color:#000000' href=https:\/\/www.arcope.it\/benedini\/catalogo_bib.php?BIB_CODI=1143 target=_self><i>Gabriella Benedini L'orecchio di Dioniso<\/i>, in www.exibart.com, online 11 settembre 2004<\/a><br \/><hr>&nbsp;&nbsp;&nbsp;&nbsp;&nbsp;&nbsp;&nbsp;&nbsp;&nbsp;&nbsp;<a style='color:#000000' href=https:\/\/www.arcope.it\/benedini\/catalogo_bib.php?BIB_CODI=765 target=_self>Giuseppe L. Coluccia, <i>Le istallazioni della Benedini alla Cittadella<\/i>, in \"La Nazione\", La Spezia 21 settembre 2004<\/a><br \/><hr>&nbsp;&nbsp;&nbsp;&nbsp;&nbsp;&nbsp;&nbsp;&nbsp;&nbsp;&nbsp;<a style='color:#000000' href=https:\/\/www.arcope.it\/benedini\/catalogo_bib.php?BIB_CODI=776 target=_self><i>Sarzana Gabriella Benedini L'orecchio di Dioniso<\/i>, in \"Il Corriere Laziale\", Roma 24 settembre 2004<\/a><br \/><hr>&nbsp;&nbsp;&nbsp;&nbsp;&nbsp;&nbsp;&nbsp;&nbsp;&nbsp;&nbsp;<a style='color:#000000' href=https:\/\/www.arcope.it\/benedini\/catalogo_bib.php?BIB_CODI=694 target=_self><i>Memorie del vento<\/i>, in \"Arte & dintorni\", Torino 25 novembre 2004<\/a><br \/><hr>&nbsp;&nbsp;&nbsp;&nbsp;&nbsp;&nbsp;&nbsp;&nbsp;&nbsp;&nbsp;<a style='color:#000000' href=https:\/\/www.arcope.it\/benedini\/catalogo_bib.php?BIB_CODI=693 target=_self><i>Le memorie di Benedini<\/i>, in \"Pi\u00f9\" supplemento de \"La provincia di Cremona\", Cremona 11 dicembre 2004<\/a><br \/><hr><b><font size=6 color='#7F81FF'>2005<\/font><\/b><br>&nbsp;&nbsp;&nbsp;&nbsp;&nbsp;&nbsp;&nbsp;&nbsp;&nbsp;&nbsp;<a style='color:#000000' href=https:\/\/www.arcope.it\/benedini\/catalogo_bib.php?BIB_CODI=679 target=_self><i>111 +3 artisti e Madreterra per la Casa della Carit\u00e0<\/i>, Skira, Milano 2005<\/a><br \/><hr>&nbsp;&nbsp;&nbsp;&nbsp;&nbsp;&nbsp;&nbsp;&nbsp;&nbsp;&nbsp;<a style='color:#000000' href=https:\/\/www.arcope.it\/benedini\/catalogo_bib.php?BIB_CODI=819 target=_self><i>Il novecento padano: Cremona, Parma e Piacenza si confrontano<\/i> <i>Opere dalle collezioni di Cariparma e Piacenza e cento autori cremonesi nella collezione permanente della Fondazione Citt\u00e0 di Cremona<\/i>, Fondazione Citt\u00e0 di Cremona, Cremona 2005<\/a><br \/><hr>&nbsp;&nbsp;&nbsp;&nbsp;&nbsp;&nbsp;&nbsp;&nbsp;&nbsp;&nbsp;<a style='color:#000000' href=https:\/\/www.arcope.it\/benedini\/catalogo_bib.php?BIB_CODI=615 target=_self><i>La Saletta Reale si racconta 2001-2005<\/i>, a cura di Alberto Crespi, Monza 2005<\/a><br \/><hr>&nbsp;&nbsp;&nbsp;&nbsp;&nbsp;&nbsp;&nbsp;&nbsp;&nbsp;&nbsp;<a style='color:#000000' href=https:\/\/www.arcope.it\/benedini\/catalogo_bib.php?BIB_CODI=617 target=_self><i>Per-turbamenti<\/i> <i>Artiste in Italia tra gli anni Sessanta e Settanta<\/i>, a cura di Angela Madesani, Nicolodi Editore, Rovereto (TN) 2005<\/a><br \/><hr>&nbsp;&nbsp;&nbsp;&nbsp;&nbsp;&nbsp;&nbsp;&nbsp;&nbsp;&nbsp;<a style='color:#000000' href=https:\/\/www.arcope.it\/benedini\/catalogo_bib.php?BIB_CODI=689 target=_self>Simone Fappanni, <i>Benedini protagonista a \"Per-turbamenti\"<\/i>, in \"Cronaca\", Cremona 5 maggio 2005<\/a><br \/><hr>&nbsp;&nbsp;&nbsp;&nbsp;&nbsp;&nbsp;&nbsp;&nbsp;&nbsp;&nbsp;<a style='color:#000000' href=https:\/\/www.arcope.it\/benedini\/catalogo_bib.php?BIB_CODI=622 target=_self><i>Dedicato a Silvio d'Arzo<\/i>, a cura di Sandro Parmiggiani e Leda Iotti, Felina (RE) 2005<\/a><br \/><hr>&nbsp;&nbsp;&nbsp;&nbsp;&nbsp;&nbsp;&nbsp;&nbsp;&nbsp;&nbsp;<a style='color:#000000' href=https:\/\/www.arcope.it\/benedini\/catalogo_bib.php?BIB_CODI=805 target=_self>Alberto Veca, <i>Dedicate 2<\/i>, Cavenaghi Arte, Milano 2005<\/a><br \/><hr><b><font size=6 color='#7F81FF'>2006<\/font><\/b><br>&nbsp;&nbsp;&nbsp;&nbsp;&nbsp;&nbsp;&nbsp;&nbsp;&nbsp;&nbsp;<a style='color:#000000' href=https:\/\/www.arcope.it\/benedini\/catalogo_bib.php?BIB_CODI=801 target=_self>Riccardo Miracco, <i>Mythos Miti e archetipi nel mare della conoscenza<\/i>, presentazione di Claudio Cerritelli, Mazzotta, Milano 2006<\/a><br \/><hr>&nbsp;&nbsp;&nbsp;&nbsp;&nbsp;&nbsp;&nbsp;&nbsp;&nbsp;&nbsp;<a style='color:#000000' href=https:\/\/www.arcope.it\/benedini\/catalogo_bib.php?BIB_CODI=829 target=_self><i>Nube di Magellano Gabriella Benedini<\/i>, presentazione di Giovanna Riu, La Marrana, Montemarcello (SP) 2006<\/a><br \/><hr>&nbsp;&nbsp;&nbsp;&nbsp;&nbsp;&nbsp;&nbsp;&nbsp;&nbsp;&nbsp;<a style='color:#000000' href=https:\/\/www.arcope.it\/benedini\/catalogo_bib.php?BIB_CODI=618 target=_self><i>La collezione Cesare da Sesto<\/i>, Arona (NO) 2006<\/a><br \/><hr>&nbsp;&nbsp;&nbsp;&nbsp;&nbsp;&nbsp;&nbsp;&nbsp;&nbsp;&nbsp;<a style='color:#000000' href=https:\/\/www.arcope.it\/benedini\/catalogo_bib.php?BIB_CODI=807 target=_self>Wang Ying Lin, <i>Classico dei tre caratteri<\/i>, <i>Rima quarantesima<\/i>, Osnago (LC) 2006<\/a><br \/><hr>&nbsp;&nbsp;&nbsp;&nbsp;&nbsp;&nbsp;&nbsp;&nbsp;&nbsp;&nbsp;<a style='color:#000000' href=https:\/\/www.arcope.it\/benedini\/catalogo_bib.php?BIB_CODI=676 target=_self><i>Arteopenduemilacinque. Itineraripossibili<\/i> <i>Meeting multimediale di arte contemporanea internazionale<\/i>, Graphart, San Dorligo della Valle (TS) 2006<\/a><br \/><hr>&nbsp;&nbsp;&nbsp;&nbsp;&nbsp;&nbsp;&nbsp;&nbsp;&nbsp;&nbsp;<a style='color:#000000' href=https:\/\/www.arcope.it\/benedini\/catalogo_bib.php?BIB_CODI=598 target=_self><i>Gabriella Benedini Le arpe di Ninive<\/i>, a cura di Sandro Parmiggiani, Skira, Milano 2006<\/a><br \/><hr>&nbsp;&nbsp;&nbsp;&nbsp;&nbsp;&nbsp;&nbsp;&nbsp;&nbsp;&nbsp;<a style='color:#000000' href=https:\/\/www.arcope.it\/benedini\/catalogo_bib.php?BIB_CODI=1252 target=_self><i>Ziola, Pompili, Benedini<\/i>, in \"Il mese Reggio\", Reggio Emilia aprile 2006<\/a><br \/><hr>&nbsp;&nbsp;&nbsp;&nbsp;&nbsp;&nbsp;&nbsp;&nbsp;&nbsp;&nbsp;<a style='color:#000000' href=https:\/\/www.arcope.it\/benedini\/catalogo_bib.php?BIB_CODI=1258 target=_self>Mirco Nasi, <i>Palazzo Magnani apre tre finestre sul mondo<\/i>, in periodico non identificato 2006<\/a><br \/><hr>&nbsp;&nbsp;&nbsp;&nbsp;&nbsp;&nbsp;&nbsp;&nbsp;&nbsp;&nbsp;<a style='color:#000000' href=https:\/\/www.arcope.it\/benedini\/catalogo_bib.php?BIB_CODI=1270 target=_self><i>I cento volti dei balbinidi Francesco Zizola La memoria dle sacro di Graziano Pompili Le arpe di Ninive di Gabriella Benedini<\/i>, in \"www.artegiovane.it\", online 2006<\/a><br \/><hr>&nbsp;&nbsp;&nbsp;&nbsp;&nbsp;&nbsp;&nbsp;&nbsp;&nbsp;&nbsp;<a style='color:#000000' href=https:\/\/www.arcope.it\/benedini\/catalogo_bib.php?BIB_CODI=1272 target=_self><i>Tre mostre<\/i>, in \"www.artinstitutions.it\", online aprile 2006<\/a><br \/><hr>&nbsp;&nbsp;&nbsp;&nbsp;&nbsp;&nbsp;&nbsp;&nbsp;&nbsp;&nbsp;<a style='color:#000000' href=https:\/\/www.arcope.it\/benedini\/catalogo_bib.php?BIB_CODI=1273 target=_self><i>3 mostre a Palazzo Magnani<\/i>, in \"www.circuitocittadarte.it\", online aprile 2006<\/a><br \/><hr>&nbsp;&nbsp;&nbsp;&nbsp;&nbsp;&nbsp;&nbsp;&nbsp;&nbsp;&nbsp;<a style='color:#000000' href=https:\/\/www.arcope.it\/benedini\/catalogo_bib.php?BIB_CODI=1274 target=_self><i>Zizola, Pompili, Benedini<\/i>, in \"www.clubart.it\", online aprile 2006<\/a><br \/><hr>&nbsp;&nbsp;&nbsp;&nbsp;&nbsp;&nbsp;&nbsp;&nbsp;&nbsp;&nbsp;<a style='color:#000000' href=https:\/\/www.arcope.it\/benedini\/catalogo_bib.php?BIB_CODI=1275 target=_self><i>Rggio Emilia Palazzo Magnani Tre mostre Francesco Zizola,.Graziano Pompili. Gabriella Benedini<\/i>, in \"www.gusnazionale.it\", online aprile 2006<\/a><br \/><hr>&nbsp;&nbsp;&nbsp;&nbsp;&nbsp;&nbsp;&nbsp;&nbsp;&nbsp;&nbsp;<a style='color:#000000' href=https:\/\/www.arcope.it\/benedini\/catalogo_bib.php?BIB_CODI=1276 target=_self><i>Reggio Emilia Tre mostre<\/i>, in \"Marketpress\", online aprile 2006<\/a><br \/><hr>&nbsp;&nbsp;&nbsp;&nbsp;&nbsp;&nbsp;&nbsp;&nbsp;&nbsp;&nbsp;<a style='color:#000000' href=https:\/\/www.arcope.it\/benedini\/catalogo_bib.php?BIB_CODI=1278 target=_self><i>3 mostre a Palazzo Magnani<\/i>, in \"www.roymagazine.it\", online aprile 2006<\/a><br \/><hr>&nbsp;&nbsp;&nbsp;&nbsp;&nbsp;&nbsp;&nbsp;&nbsp;&nbsp;&nbsp;<a style='color:#000000' href=https:\/\/www.arcope.it\/benedini\/catalogo_bib.php?BIB_CODI=1279 target=_self><i>Arte a Reggio Emilia: al via tre mostre<\/i>, in \"www.sestopotere.com\", online aprile 2006<\/a><br \/><hr>&nbsp;&nbsp;&nbsp;&nbsp;&nbsp;&nbsp;&nbsp;&nbsp;&nbsp;&nbsp;<a style='color:#000000' href=https:\/\/www.arcope.it\/benedini\/catalogo_bib.php?BIB_CODI=1281 target=_self><i>tre mostre<\/i>, in \"Undo.net\", online aprile 2006<\/a><br \/><hr>&nbsp;&nbsp;&nbsp;&nbsp;&nbsp;&nbsp;&nbsp;&nbsp;&nbsp;&nbsp;<a style='color:#000000' href=https:\/\/www.arcope.it\/benedini\/catalogo_bib.php?BIB_CODI=1282 target=_self><i>Tre artisti per tre mostre<\/i>, in \"www.vivipiacenza.it\", online aprile 2006<\/a><br \/><hr>&nbsp;&nbsp;&nbsp;&nbsp;&nbsp;&nbsp;&nbsp;&nbsp;&nbsp;&nbsp;<a style='color:#000000' href=https:\/\/www.arcope.it\/benedini\/catalogo_bib.php?BIB_CODI=1253 target=_self><i>Palazzo Magnani si fa in tre Glia rtisti esprimono tensioni diverse, ma affini<\/i>, in \"L'informazione\", Reggio Emilia 4 aprile 2006<\/a><br \/><hr>&nbsp;&nbsp;&nbsp;&nbsp;&nbsp;&nbsp;&nbsp;&nbsp;&nbsp;&nbsp;<a style='color:#000000' href=https:\/\/www.arcope.it\/benedini\/catalogo_bib.php?BIB_CODI=1254 target=_self><i>Sofferenza catartica. Francesco Zizola, Graziano pompili, Gabriella Benedini, tre visioni del mondo a confronto<\/i>, in \"Reporter\", Reggio Emilia 7 aprile 2006<\/a><br \/><hr>&nbsp;&nbsp;&nbsp;&nbsp;&nbsp;&nbsp;&nbsp;&nbsp;&nbsp;&nbsp;<a style='color:#000000' href=https:\/\/www.arcope.it\/benedini\/catalogo_bib.php?BIB_CODI=1255 target=_self><i>Reggio Emilia Tre mostre<\/i>, in \"Marketpress\", online 12 aprile 2006<\/a><br \/><hr>&nbsp;&nbsp;&nbsp;&nbsp;&nbsp;&nbsp;&nbsp;&nbsp;&nbsp;&nbsp;<a style='color:#000000' href=https:\/\/www.arcope.it\/benedini\/catalogo_bib.php?BIB_CODI=1277 target=_self><i>Reggio Emilia Tre mostre a Palazzo Magnani<\/i>, in \"www.pegasonews.info\", online 12 aprile 2006<\/a><br \/><hr>&nbsp;&nbsp;&nbsp;&nbsp;&nbsp;&nbsp;&nbsp;&nbsp;&nbsp;&nbsp;<a style='color:#000000' href=https:\/\/www.arcope.it\/benedini\/catalogo_bib.php?BIB_CODI=755 target=_self>Massimo Tassi, <i>Tre artisti e le tensioni dell'oggi<\/i>, in \"Il Resto del Carlino\", Bologna 13 aprile 2006<\/a><br \/><hr>&nbsp;&nbsp;&nbsp;&nbsp;&nbsp;&nbsp;&nbsp;&nbsp;&nbsp;&nbsp;<a style='color:#000000' href=https:\/\/www.arcope.it\/benedini\/catalogo_bib.php?BIB_CODI=1256 target=_self><i>Palazzo Magnani la sofferenza in mostra tra via Crucis, guerra e bimbi malati<\/i>, in \"Il giornale di Reggio\", Reggio Emilia 13 aprile 2006<\/a><br \/><hr>&nbsp;&nbsp;&nbsp;&nbsp;&nbsp;&nbsp;&nbsp;&nbsp;&nbsp;&nbsp;<a style='color:#000000' href=https:\/\/www.arcope.it\/benedini\/catalogo_bib.php?BIB_CODI=1257 target=_self><i>Da domani Palazzo Magnani spalanca tre finestre sul mondo <\/i>, in \"L'informazione\", Roma 13 aprile 2006<\/a><br \/><hr>&nbsp;&nbsp;&nbsp;&nbsp;&nbsp;&nbsp;&nbsp;&nbsp;&nbsp;&nbsp;<a style='color:#000000' href=https:\/\/www.arcope.it\/benedini\/catalogo_bib.php?BIB_CODI=1271 target=_self><i>Mostre: Zizola, Pompili e Benedini, tre mostre in una a Palazzo Magnani<\/i>, in \"www.artfaq.it\", online 13 aprile 2006<\/a><br \/><hr>&nbsp;&nbsp;&nbsp;&nbsp;&nbsp;&nbsp;&nbsp;&nbsp;&nbsp;&nbsp;<a style='color:#000000' href=https:\/\/www.arcope.it\/benedini\/catalogo_bib.php?BIB_CODI=1259 target=_self><i>Le due facce della sofferenza raccontate da foto e sculture<\/i>, in \"L'Unit\u00e0\", Milano 14 aprile 2006<\/a><br \/><hr>&nbsp;&nbsp;&nbsp;&nbsp;&nbsp;&nbsp;&nbsp;&nbsp;&nbsp;&nbsp;<a style='color:#000000' href=https:\/\/www.arcope.it\/benedini\/catalogo_bib.php?BIB_CODI=1261 target=_self><i>Motori, futurismo e costumi la Romagna si mette in mostra<\/i>, in \"La Repubblica\", Milano 14 aprile 2006<\/a><br \/><hr>&nbsp;&nbsp;&nbsp;&nbsp;&nbsp;&nbsp;&nbsp;&nbsp;&nbsp;&nbsp;<a style='color:#000000' href=https:\/\/www.arcope.it\/benedini\/catalogo_bib.php?BIB_CODI=757 target=_self><i>Le tre esposizioni di palazzo Magnani<\/i>, in \"L'Informazione\", Roma 15 aprile 2006<\/a><br \/><hr>&nbsp;&nbsp;&nbsp;&nbsp;&nbsp;&nbsp;&nbsp;&nbsp;&nbsp;&nbsp;<a style='color:#000000' href=https:\/\/www.arcope.it\/benedini\/catalogo_bib.php?BIB_CODI=1262 target=_self><i>Tre modi per indagare il dolore Da Pompili alle foto di Zizola<\/i>, in \"Giornale di Reggio\", Reggio Emilia 15 aprile 2006<\/a><br \/><hr>&nbsp;&nbsp;&nbsp;&nbsp;&nbsp;&nbsp;&nbsp;&nbsp;&nbsp;&nbsp;<a style='color:#000000' href=https:\/\/www.arcope.it\/benedini\/catalogo_bib.php?BIB_CODI=758 target=_self><i>Benedini e le antiche civilt\u00e0<\/i>, in \"Gazzetta di Reggio\", Reggio Emilia 18 aprile 2006<\/a><br \/><hr>&nbsp;&nbsp;&nbsp;&nbsp;&nbsp;&nbsp;&nbsp;&nbsp;&nbsp;&nbsp;<a style='color:#000000' href=https:\/\/www.arcope.it\/benedini\/catalogo_bib.php?BIB_CODI=1263 target=_self><i>In tre per l'arte<\/i>, in \"Reporter\", Reggio Emilia 21 aprile 2006<\/a><br \/><hr>&nbsp;&nbsp;&nbsp;&nbsp;&nbsp;&nbsp;&nbsp;&nbsp;&nbsp;&nbsp;<a style='color:#000000' href=https:\/\/www.arcope.it\/benedini\/catalogo_bib.php?BIB_CODI=756 target=_self><i>A Palazzo Magnani esplorazioni guidate alle mostre di Zizola, Benedini e Pompili tra suggestioni di pace e religione<\/i>, in \"Il Resto del Carlino\", Bologna 25 aprile 2006<\/a><br \/><hr>&nbsp;&nbsp;&nbsp;&nbsp;&nbsp;&nbsp;&nbsp;&nbsp;&nbsp;&nbsp;<a style='color:#000000' href=https:\/\/www.arcope.it\/benedini\/catalogo_bib.php?BIB_CODI=1269 target=_self><i>Tre mostre dedicate all'arte contemporanea a Palazzo Magnani di Reggio Emilia<\/i>, in \"www.agenziaaise.it\", online 26 aprile 2006<\/a><br \/><hr>&nbsp;&nbsp;&nbsp;&nbsp;&nbsp;&nbsp;&nbsp;&nbsp;&nbsp;&nbsp;<a style='color:#000000' href=https:\/\/www.arcope.it\/benedini\/catalogo_bib.php?BIB_CODI=1265 target=_self><i>Gabriella Benedini a Reggio Emilia<\/i>, in \"Pi\u00f9\" supplemento de \"La provincia di Cremona\", Cremona 6 maggio 2006<\/a><br \/><hr>&nbsp;&nbsp;&nbsp;&nbsp;&nbsp;&nbsp;&nbsp;&nbsp;&nbsp;&nbsp;<a style='color:#000000' href=https:\/\/www.arcope.it\/benedini\/catalogo_bib.php?BIB_CODI=1266 target=_self><i>Calendario<\/i>, in \"Corriere della Sera\", Milano 6 maggio 2006<\/a><br \/><hr>&nbsp;&nbsp;&nbsp;&nbsp;&nbsp;&nbsp;&nbsp;&nbsp;&nbsp;&nbsp;<a style='color:#000000' href=https:\/\/www.arcope.it\/benedini\/catalogo_bib.php?BIB_CODI=783 target=_self><i>Il parco ambientale La Marrana si arricchisce di opere d'arte<\/i>, in \"La Nazione\", La Spezia 10 maggio 2006<\/a><br \/><hr>&nbsp;&nbsp;&nbsp;&nbsp;&nbsp;&nbsp;&nbsp;&nbsp;&nbsp;&nbsp;<a style='color:#000000' href=https:\/\/www.arcope.it\/benedini\/catalogo_bib.php?BIB_CODI=789 target=_self>Gianni Franceschetti, <i>Gabriella Benedini<\/i>, in \"Rinascita\", Roma 23 maggio 2006<\/a><br \/><hr>&nbsp;&nbsp;&nbsp;&nbsp;&nbsp;&nbsp;&nbsp;&nbsp;&nbsp;&nbsp;<a style='color:#000000' href=https:\/\/www.arcope.it\/benedini\/catalogo_bib.php?BIB_CODI=1267 target=_self>Stefania Provinciali, <i>Luce amara del dolore<\/i>, in \"Gazzetta di Parma\", Parma 31 maggio 2006<\/a><br \/><hr>&nbsp;&nbsp;&nbsp;&nbsp;&nbsp;&nbsp;&nbsp;&nbsp;&nbsp;&nbsp;<a style='color:#000000' href=https:\/\/www.arcope.it\/benedini\/catalogo_bib.php?BIB_CODI=613 target=_self><i>Naturarte 2006. Percorsi artistici nel territorio lodigiano IX edizione<\/i>, s.l. 2006<\/a><br \/><hr>&nbsp;&nbsp;&nbsp;&nbsp;&nbsp;&nbsp;&nbsp;&nbsp;&nbsp;&nbsp;<a style='color:#000000' href=https:\/\/www.arcope.it\/benedini\/catalogo_bib.php?BIB_CODI=1280 target=_self><i>Palazzo Magnani<\/i>, in \"www.teknemedia.net\", online aprile 2006<\/a><br \/><hr>&nbsp;&nbsp;&nbsp;&nbsp;&nbsp;&nbsp;&nbsp;&nbsp;&nbsp;&nbsp;<a style='color:#000000' href=https:\/\/www.arcope.it\/benedini\/catalogo_bib.php?BIB_CODI=790 target=_self>Gianni Cavazzini, <i>Gabriella Benedini racconta le arpe di Ninive<\/i>, in \"Gazzetta di Parma\", Parma 13 giugno 2006<\/a><br \/><hr>&nbsp;&nbsp;&nbsp;&nbsp;&nbsp;&nbsp;&nbsp;&nbsp;&nbsp;&nbsp;<a style='color:#000000' href=https:\/\/www.arcope.it\/benedini\/catalogo_bib.php?BIB_CODI=1260 target=_self><i>Arriva il giorno della triplice mostra<\/i>, in \"L'Informazione\", Bergamo 14 aprile 2006<\/a><br \/><hr>&nbsp;&nbsp;&nbsp;&nbsp;&nbsp;&nbsp;&nbsp;&nbsp;&nbsp;&nbsp;<a style='color:#000000' href=https:\/\/www.arcope.it\/benedini\/catalogo_bib.php?BIB_CODI=782 target=_self>Aldo Caserini, <i>L'arte senza confini trova spazio al castello<\/i>, in \"Il Cittadino\", Monza 15 giugno 2006<\/a><br \/><hr>&nbsp;&nbsp;&nbsp;&nbsp;&nbsp;&nbsp;&nbsp;&nbsp;&nbsp;&nbsp;<a style='color:#000000' href=https:\/\/www.arcope.it\/benedini\/catalogo_bib.php?BIB_CODI=784 target=_self><i>Album L'arte ambientale  riapre \"La Marrana\"<\/i>, in \"Il secolo XIX\", La Spezia 26 giugno 2006<\/a><br \/><hr>&nbsp;&nbsp;&nbsp;&nbsp;&nbsp;&nbsp;&nbsp;&nbsp;&nbsp;&nbsp;<a style='color:#000000' href=https:\/\/www.arcope.it\/benedini\/catalogo_bib.php?BIB_CODI=1268 target=_self><i>La ricerca \u00e8 protagonista delle mostre-evento d'inizio estate<\/i>, in \"La cronaca\", Cremona 26 giugno 2006<\/a><br \/><hr>&nbsp;&nbsp;&nbsp;&nbsp;&nbsp;&nbsp;&nbsp;&nbsp;&nbsp;&nbsp;<a style='color:#000000' href=https:\/\/www.arcope.it\/benedini\/catalogo_bib.php?BIB_CODI=786 target=_self>Melisa Garzonio, <i>La stagione dele sculture tra terra, mare e cielo<\/i>, in \"Il secolo XIX\", La Spezia ??? 27 giugno 2006<\/a><br \/><hr>&nbsp;&nbsp;&nbsp;&nbsp;&nbsp;&nbsp;&nbsp;&nbsp;&nbsp;&nbsp;<a style='color:#000000' href=https:\/\/www.arcope.it\/benedini\/catalogo_bib.php?BIB_CODI=1264 target=_self><i>Tris di mostre d'autore<\/i>, in \"Gazzetta di Reggio\", Reggio Emilia 30 aprile 2006<\/a><br \/><hr>&nbsp;&nbsp;&nbsp;&nbsp;&nbsp;&nbsp;&nbsp;&nbsp;&nbsp;&nbsp;<a style='color:#000000' href=https:\/\/www.arcope.it\/benedini\/catalogo_bib.php?BIB_CODI=779 target=_self><i>Mostre Gabriella Benedini la nube di Magellano<\/i>, in \"Casa & Giardino\", Milano luglio-agosto 2006<\/a><br \/><hr>&nbsp;&nbsp;&nbsp;&nbsp;&nbsp;&nbsp;&nbsp;&nbsp;&nbsp;&nbsp;<a style='color:#000000' href=https:\/\/www.arcope.it\/benedini\/catalogo_bib.php?BIB_CODI=780 target=_self><i>La Marrana<\/i>, in \"Tema celeste\", Milano luglio-agosto 2006<\/a><br \/><hr>&nbsp;&nbsp;&nbsp;&nbsp;&nbsp;&nbsp;&nbsp;&nbsp;&nbsp;&nbsp;<a style='color:#000000' href=https:\/\/www.arcope.it\/benedini\/catalogo_bib.php?BIB_CODI=781 target=_self>Aldo Caserini, <i>S. Angelo, fra reperti e frammenti la \"poesia privata\" della Benedini<\/i>, in \"Il Cittadino\", Monza 1 luglio 2006<\/a><br \/><hr>&nbsp;&nbsp;&nbsp;&nbsp;&nbsp;&nbsp;&nbsp;&nbsp;&nbsp;&nbsp;<a style='color:#000000' href=https:\/\/www.arcope.it\/benedini\/catalogo_bib.php?BIB_CODI=785 target=_self><i>Opere al naturale. Gabriella Benedini La nube di Magellano. Ettore Spalletti, Fonte nel giardino<\/i>, in \"Elle\", Milano luglio 2006<\/a><br \/><hr>&nbsp;&nbsp;&nbsp;&nbsp;&nbsp;&nbsp;&nbsp;&nbsp;&nbsp;&nbsp;<a style='color:#000000' href=https:\/\/www.arcope.it\/benedini\/catalogo_bib.php?BIB_CODI=787 target=_self><i>Il museo ambientale apre alla Marrana<\/i>, in \"La Nazione\", La Spezia 1 luglio 2006<\/a><br \/><hr>&nbsp;&nbsp;&nbsp;&nbsp;&nbsp;&nbsp;&nbsp;&nbsp;&nbsp;&nbsp;<a style='color:#000000' href=https:\/\/www.arcope.it\/benedini\/catalogo_bib.php?BIB_CODI=678 target=_self><i>Premio Marina di Ravenna Rassegna di pittura<\/i>, Edizioni Capit, Ravenna 2006<\/a><br \/><hr>&nbsp;&nbsp;&nbsp;&nbsp;&nbsp;&nbsp;&nbsp;&nbsp;&nbsp;&nbsp;<a style='color:#000000' href=https:\/\/www.arcope.it\/benedini\/catalogo_bib.php?BIB_CODI=788 target=_self><i>Montemarcello (SP) Spalletti e Benedini<\/i>, in \"Il Giornale dell'arte\", Torino agosto 2006<\/a><br \/><hr>&nbsp;&nbsp;&nbsp;&nbsp;&nbsp;&nbsp;&nbsp;&nbsp;&nbsp;&nbsp;<a style='color:#000000' href=https:\/\/www.arcope.it\/benedini\/catalogo_bib.php?BIB_CODI=1170 target=_self><i>Il baule appuntamenti con l'arte<\/i>, in \"Auto d'epoca\", San Sepolcro (AR) agosto 2006<\/a><br \/><hr>&nbsp;&nbsp;&nbsp;&nbsp;&nbsp;&nbsp;&nbsp;&nbsp;&nbsp;&nbsp;<a style='color:#000000' href=https:\/\/www.arcope.it\/benedini\/catalogo_bib.php?BIB_CODI=1171 target=_self><i>Frau alta alimentazione e Afon Medical: il benessere naturale sponsor del dialogo fra arte e natura<\/i>, in \"Gazzetta del Sud\", Messina 6 agosto 2006<\/a><br \/><hr>&nbsp;&nbsp;&nbsp;&nbsp;&nbsp;&nbsp;&nbsp;&nbsp;&nbsp;&nbsp;<a style='color:#000000' href=https:\/\/www.arcope.it\/benedini\/catalogo_bib.php?BIB_CODI=778 target=_self>Laura Cherubini, <i>Lungo le strade del contemporaneo<\/i>, in \"Il Giornale\", Milano 8 agosto 2006<\/a><br \/><hr>&nbsp;&nbsp;&nbsp;&nbsp;&nbsp;&nbsp;&nbsp;&nbsp;&nbsp;&nbsp;<a style='color:#000000' href=https:\/\/www.arcope.it\/benedini\/catalogo_bib.php?BIB_CODI=691 target=_self><i>Capit La rassegna di pittura parla revennate Mattia Battistini tra i vincitori<\/i>, in \"La voce\", Ravenna 28 agosto 2006<\/a><br \/><hr>&nbsp;&nbsp;&nbsp;&nbsp;&nbsp;&nbsp;&nbsp;&nbsp;&nbsp;&nbsp;<a style='color:#000000' href=https:\/\/www.arcope.it\/benedini\/catalogo_bib.php?BIB_CODI=1549 target=_self><i>Assegnate le Vele d'oro 2006<\/i>, in \"Il Corriere di Imola e Cesena\" 28 agosto 2006<\/a><br \/><hr>&nbsp;&nbsp;&nbsp;&nbsp;&nbsp;&nbsp;&nbsp;&nbsp;&nbsp;&nbsp;<a style='color:#000000' href=https:\/\/www.arcope.it\/benedini\/catalogo_bib.php?BIB_CODI=671 target=_self>Lea Vergine, <i>Quando i rifiuti diventano arte Trash rubbish mongo<\/i>, Skira, Milano 2006<\/a><br \/><hr>&nbsp;&nbsp;&nbsp;&nbsp;&nbsp;&nbsp;&nbsp;&nbsp;&nbsp;&nbsp;<a style='color:#000000' href=https:\/\/www.arcope.it\/benedini\/catalogo_bib.php?BIB_CODI=1172 target=_self><i>Notizie dalle Aziende<\/i>, in \"Gazzetta del Sud\", Messina 16 settembre 2006<\/a><br \/><hr>&nbsp;&nbsp;&nbsp;&nbsp;&nbsp;&nbsp;&nbsp;&nbsp;&nbsp;&nbsp;<a style='color:#000000' href=https:\/\/www.arcope.it\/benedini\/catalogo_bib.php?BIB_CODI=600 target=_self>Claudio Cerritelli, Angela Madesani, <i>Gabriella Benedini. Ritorno a Itaca 1970-2006<\/i>, presentazione di Claudio Cerritelli, Silvana Editoriale, Cinisello Balsamo (MI) 2006<\/a><br \/><hr>&nbsp;&nbsp;&nbsp;&nbsp;&nbsp;&nbsp;&nbsp;&nbsp;&nbsp;&nbsp;<a style='color:#000000' href=https:\/\/www.arcope.it\/benedini\/catalogo_bib.php?BIB_CODI=1128 target=_self><i>Gabriella Benedini Ritorno a Itaca<\/i>, in www.uesswarte.it, online<\/a><br \/><hr>&nbsp;&nbsp;&nbsp;&nbsp;&nbsp;&nbsp;&nbsp;&nbsp;&nbsp;&nbsp;<a style='color:#000000' href=https:\/\/www.arcope.it\/benedini\/catalogo_bib.php?BIB_CODI=743 target=_self><i>Il Museo ospita il \"Ritorno a Itaca\" dell'artista Gabriella Benedini<\/i>, in \"La cronaca\", Cremona 14 ottobre 2006<\/a><br \/><hr>&nbsp;&nbsp;&nbsp;&nbsp;&nbsp;&nbsp;&nbsp;&nbsp;&nbsp;&nbsp;<a style='color:#000000' href=https:\/\/www.arcope.it\/benedini\/catalogo_bib.php?BIB_CODI=744 target=_self><i>E Gabriella Benedini \"ritorna a Itaca\"<\/i>, in \"La Provincia\", Cremona 21 ottobre 2006<\/a><br \/><hr>&nbsp;&nbsp;&nbsp;&nbsp;&nbsp;&nbsp;&nbsp;&nbsp;&nbsp;&nbsp;<a style='color:#000000' href=https:\/\/www.arcope.it\/benedini\/catalogo_bib.php?BIB_CODI=745 target=_self><i>Gabriella Benedini da sabato al Museo<\/i>, in \"La Provincia\", Cremona 26 ottobre 2006<\/a><br \/><hr>&nbsp;&nbsp;&nbsp;&nbsp;&nbsp;&nbsp;&nbsp;&nbsp;&nbsp;&nbsp;<a style='color:#000000' href=https:\/\/www.arcope.it\/benedini\/catalogo_bib.php?BIB_CODI=746 target=_self><i>Al Museo Civico \"Ritorno a Itaca\"<\/i>, in \"La cronaca\", Cremona 26 ottobre 2006<\/a><br \/><hr>&nbsp;&nbsp;&nbsp;&nbsp;&nbsp;&nbsp;&nbsp;&nbsp;&nbsp;&nbsp;<a style='color:#000000' href=https:\/\/www.arcope.it\/benedini\/catalogo_bib.php?BIB_CODI=747 target=_self>[Silvia Dell'Orso] sdo, <i>\"Ritorno a Itaca\"<\/i>, in \"TuttoMilano\", Monza 26 ottobre 2006<\/a><br \/><hr>&nbsp;&nbsp;&nbsp;&nbsp;&nbsp;&nbsp;&nbsp;&nbsp;&nbsp;&nbsp;<a style='color:#000000' href=https:\/\/www.arcope.it\/benedini\/catalogo_bib.php?BIB_CODI=748 target=_self><i>Viaggio nell'universo poetico di Gabriella Benedini<\/i>, in \"La cronaca\", Cremona 27 ottobre 2006<\/a><br \/><hr>&nbsp;&nbsp;&nbsp;&nbsp;&nbsp;&nbsp;&nbsp;&nbsp;&nbsp;&nbsp;<a style='color:#000000' href=https:\/\/www.arcope.it\/benedini\/catalogo_bib.php?BIB_CODI=1003 target=_self><i>Se l'artista \u00e8 come Ulisse Espone Gabriella Benedini<\/i>, in \"La Provincia\", Cremona 27 ottobre 2006<\/a><br \/><hr>&nbsp;&nbsp;&nbsp;&nbsp;&nbsp;&nbsp;&nbsp;&nbsp;&nbsp;&nbsp;<a style='color:#000000' href=https:\/\/www.arcope.it\/benedini\/catalogo_bib.php?BIB_CODI=1129 target=_self><i>Gabriella Benedini Ritorno a Itaca<\/i>, in www.uessearte.it, online 2006<\/a><br \/><hr>&nbsp;&nbsp;&nbsp;&nbsp;&nbsp;&nbsp;&nbsp;&nbsp;&nbsp;&nbsp;<a style='color:#000000' href=https:\/\/www.arcope.it\/benedini\/catalogo_bib.php?BIB_CODI=1130 target=_self><i>Gabriella Benedini Ritorno a Itaca<\/i>, in www.arte.go.it, online 2006<\/a><br \/><hr>&nbsp;&nbsp;&nbsp;&nbsp;&nbsp;&nbsp;&nbsp;&nbsp;&nbsp;&nbsp;<a style='color:#000000' href=https:\/\/www.arcope.it\/benedini\/catalogo_bib.php?BIB_CODI=1132 target=_self><i>Gabriella Benedini Ritorno a Itaca<\/i>, in www.artworld.com, online 2006<\/a><br \/><hr>&nbsp;&nbsp;&nbsp;&nbsp;&nbsp;&nbsp;&nbsp;&nbsp;&nbsp;&nbsp;<a style='color:#000000' href=https:\/\/www.arcope.it\/benedini\/catalogo_bib.php?BIB_CODI=1133 target=_self><i>Ritorno a Itaca<\/i>, in www.cremonawet.it, online 2006<\/a><br \/><hr>&nbsp;&nbsp;&nbsp;&nbsp;&nbsp;&nbsp;&nbsp;&nbsp;&nbsp;&nbsp;<a style='color:#000000' href=https:\/\/www.arcope.it\/benedini\/catalogo_bib.php?BIB_CODI=1134 target=_self><i>Gabriella Benedini Ritorno a Itaca<\/i>, in www.eartcom.com, online 2006<\/a><br \/><hr>&nbsp;&nbsp;&nbsp;&nbsp;&nbsp;&nbsp;&nbsp;&nbsp;&nbsp;&nbsp;<a style='color:#000000' href=https:\/\/www.arcope.it\/benedini\/catalogo_bib.php?BIB_CODI=1135 target=_self><i>Gabriella Benedini Ritorno a Itaca<\/i>, in www.exibart.com, online 2006<\/a><br \/><hr>&nbsp;&nbsp;&nbsp;&nbsp;&nbsp;&nbsp;&nbsp;&nbsp;&nbsp;&nbsp;<a style='color:#000000' href=https:\/\/www.arcope.it\/benedini\/catalogo_bib.php?BIB_CODI=1136 target=_self><i>Gabriella Benedini Ritorno a Itaca<\/i>, in rinascitaculturale.spaces.com, online 2006<\/a><br \/><hr>&nbsp;&nbsp;&nbsp;&nbsp;&nbsp;&nbsp;&nbsp;&nbsp;&nbsp;&nbsp;<a style='color:#000000' href=https:\/\/www.arcope.it\/benedini\/catalogo_bib.php?BIB_CODI=1137 target=_self><i>Museo civico Ala Ponzone<\/i>, in www.teknemedia.net, online 2006<\/a><br \/><hr>&nbsp;&nbsp;&nbsp;&nbsp;&nbsp;&nbsp;&nbsp;&nbsp;&nbsp;&nbsp;<a style='color:#000000' href=https:\/\/www.arcope.it\/benedini\/catalogo_bib.php?BIB_CODI=1138 target=_self><i>\"Ritorno a Iraca\"<\/i>, in www.welfarecremona.it, online 2006<\/a><br \/><hr>&nbsp;&nbsp;&nbsp;&nbsp;&nbsp;&nbsp;&nbsp;&nbsp;&nbsp;&nbsp;<a style='color:#000000' href=https:\/\/www.arcope.it\/benedini\/catalogo_bib.php?BIB_CODI=749 target=_self>Riccardo Maruti, <i>L'Odissea dentro le forme<\/i>, in \"La Provincia\", Cremona 29 ottobre 2006<\/a><br \/><hr>&nbsp;&nbsp;&nbsp;&nbsp;&nbsp;&nbsp;&nbsp;&nbsp;&nbsp;&nbsp;<a style='color:#000000' href=https:\/\/www.arcope.it\/benedini\/catalogo_bib.php?BIB_CODI=1131 target=_self><i>Gabriella Benedini Ritorno a Itaca<\/i>, in www.artemotore.it, online 2006<\/a><br \/><hr>&nbsp;&nbsp;&nbsp;&nbsp;&nbsp;&nbsp;&nbsp;&nbsp;&nbsp;&nbsp;<a style='color:#000000' href=https:\/\/www.arcope.it\/benedini\/catalogo_bib.php?BIB_CODI=750 target=_self>Barbara Caffi, <i>Gabriella come Ulisse torna alla sua Itaca<\/i>, in \"Pi\u00f9\" supplemento de \"La Provincia\", Cremona 4 novembre 2006<\/a><br \/><hr>&nbsp;&nbsp;&nbsp;&nbsp;&nbsp;&nbsp;&nbsp;&nbsp;&nbsp;&nbsp;<a style='color:#000000' href=https:\/\/www.arcope.it\/benedini\/catalogo_bib.php?BIB_CODI=1016 target=_self>Piero Del Giudice, <i>Le Mostre Cremona Gabriella Benedini - Ritorno a Itaca<\/i>, in \"Arte\", Milano novembre 2006<\/a><br \/><hr>&nbsp;&nbsp;&nbsp;&nbsp;&nbsp;&nbsp;&nbsp;&nbsp;&nbsp;&nbsp;<a style='color:#000000' href=https:\/\/www.arcope.it\/benedini\/catalogo_bib.php?BIB_CODI=1127 target=_self><i>Al Museo le opere di Gabriella Benedini<\/i>, in periodico non identificato novembre 2006<\/a><br \/><hr>&nbsp;&nbsp;&nbsp;&nbsp;&nbsp;&nbsp;&nbsp;&nbsp;&nbsp;&nbsp;<a style='color:#000000' href=https:\/\/www.arcope.it\/benedini\/catalogo_bib.php?BIB_CODI=751 target=_self><i>Viaggio nella forma dentro e fuori dal tempo<\/i>, in \"La cronaca\", Cremona 18 novembre 2006<\/a><br \/><hr>&nbsp;&nbsp;&nbsp;&nbsp;&nbsp;&nbsp;&nbsp;&nbsp;&nbsp;&nbsp;<a style='color:#000000' href=https:\/\/www.arcope.it\/benedini\/catalogo_bib.php?BIB_CODI=648 target=_self>Lea Vergine, <i>Tuttollibri Una mostra di Lea Vergine<\/i>, Milano 2006<\/a><br \/><hr>&nbsp;&nbsp;&nbsp;&nbsp;&nbsp;&nbsp;&nbsp;&nbsp;&nbsp;&nbsp;<a style='color:#000000' href=https:\/\/www.arcope.it\/benedini\/catalogo_bib.php?BIB_CODI=1101 target=_self><i>Gabriella Benedini a Cremona<\/i>, in \"Il Coro informazioni\" dicembre 2006<\/a><br \/><hr>&nbsp;&nbsp;&nbsp;&nbsp;&nbsp;&nbsp;&nbsp;&nbsp;&nbsp;&nbsp;<a style='color:#000000' href=https:\/\/www.arcope.it\/benedini\/catalogo_bib.php?BIB_CODI=1120 target=_self><i>Al Museo Civico in mostra e opere della Benedini<\/i>, in \"La cronaca\", Cremona 2 dicembre 2006<\/a><br \/><hr>&nbsp;&nbsp;&nbsp;&nbsp;&nbsp;&nbsp;&nbsp;&nbsp;&nbsp;&nbsp;<a style='color:#000000' href=https:\/\/www.arcope.it\/benedini\/catalogo_bib.php?BIB_CODI=752 target=_self><i>\"Ritorno ad Itaca\" di Gabriella Benedini in mostra fino al 14 gennaio<\/i>, in \"Il Piccolo\", Trieste 30 dicembre 2006<\/a><br \/><hr><b><font size=6 color='#7F81FF'>2007<\/font><\/b><br>&nbsp;&nbsp;&nbsp;&nbsp;&nbsp;&nbsp;&nbsp;&nbsp;&nbsp;&nbsp;<a style='color:#000000' href=https:\/\/www.arcope.it\/benedini\/catalogo_bib.php?BIB_CODI=1121 target=_self><i>Cremona Gabriella Benedini<\/i>, in \"Auto d'epoca\", San Sepolcro (AR) gennaio 2007<\/a><br \/><hr>&nbsp;&nbsp;&nbsp;&nbsp;&nbsp;&nbsp;&nbsp;&nbsp;&nbsp;&nbsp;<a style='color:#000000' href=https:\/\/www.arcope.it\/benedini\/catalogo_bib.php?BIB_CODI=1122 target=_self>F. C., <i>A Cremona antologica di Gabriella Benedini<\/i>, in \"Eco d'arte contemporanea\" gennaio-marzo 2007<\/a><br \/><hr>&nbsp;&nbsp;&nbsp;&nbsp;&nbsp;&nbsp;&nbsp;&nbsp;&nbsp;&nbsp;<a style='color:#000000' href=https:\/\/www.arcope.it\/benedini\/catalogo_bib.php?BIB_CODI=1123 target=_self><i>Fino al 14 gennaio in mostra al Museo le opere di Gabriella Benedini<\/i>, in \"La cronaca\", Cremona 2 gennaio 2007<\/a><br \/><hr>&nbsp;&nbsp;&nbsp;&nbsp;&nbsp;&nbsp;&nbsp;&nbsp;&nbsp;&nbsp;<a style='color:#000000' href=https:\/\/www.arcope.it\/benedini\/catalogo_bib.php?BIB_CODI=1124 target=_self><i>Il ritorno di Gabriella Benedini<\/i>, in \"La Padania\", Milano 11 gennaio 2007<\/a><br \/><hr>&nbsp;&nbsp;&nbsp;&nbsp;&nbsp;&nbsp;&nbsp;&nbsp;&nbsp;&nbsp;<a style='color:#000000' href=https:\/\/www.arcope.it\/benedini\/catalogo_bib.php?BIB_CODI=754 target=_self><i>\"Ritorno ad Itaca\" la mostra \u00e8 stata prorogata fino al 28 gennaio<\/i>, in \"La voce di Cremona\", Cremona 12 gennaio 2007<\/a><br \/><hr>&nbsp;&nbsp;&nbsp;&nbsp;&nbsp;&nbsp;&nbsp;&nbsp;&nbsp;&nbsp;<a style='color:#000000' href=https:\/\/www.arcope.it\/benedini\/catalogo_bib.php?BIB_CODI=1125 target=_self><i>Cremona Personale di Benedini fino al 28<\/i>, in \"La Provincia\", Cremona 12 gennaio 2007<\/a><br \/><hr>&nbsp;&nbsp;&nbsp;&nbsp;&nbsp;&nbsp;&nbsp;&nbsp;&nbsp;&nbsp;<a style='color:#000000' href=https:\/\/www.arcope.it\/benedini\/catalogo_bib.php?BIB_CODI=692 target=_self><i>La Marrana unisce architetti e artisti<\/i>, in \"La Nazione\", La Spezia 30 gennaio 2007<\/a><br \/><hr>&nbsp;&nbsp;&nbsp;&nbsp;&nbsp;&nbsp;&nbsp;&nbsp;&nbsp;&nbsp;<a style='color:#000000' href=https:\/\/www.arcope.it\/benedini\/catalogo_bib.php?BIB_CODI=619 target=_self><i>Alfabeti<\/i>, a cura di Patrizia Serra, Milano 2007<\/a><br \/><hr>&nbsp;&nbsp;&nbsp;&nbsp;&nbsp;&nbsp;&nbsp;&nbsp;&nbsp;&nbsp;<a style='color:#000000' href=https:\/\/www.arcope.it\/benedini\/catalogo_bib.php?BIB_CODI=1126 target=_self><i>Il Museo Civico accoglie le opere di Gabriella Benedini<\/i>, in \"Cronaca\", Cremona 15 marzo 2007<\/a><br \/><hr>&nbsp;&nbsp;&nbsp;&nbsp;&nbsp;&nbsp;&nbsp;&nbsp;&nbsp;&nbsp;<a style='color:#000000' href=https:\/\/www.arcope.it\/benedini\/catalogo_bib.php?BIB_CODI=647 target=_self><i>Colori per  vincere l'egoismo<\/i>, presentazione di Giuseppe Melzi, Skira, Milano 2007<\/a><br \/><hr>&nbsp;&nbsp;&nbsp;&nbsp;&nbsp;&nbsp;&nbsp;&nbsp;&nbsp;&nbsp;<a style='color:#000000' href=https:\/\/www.arcope.it\/benedini\/catalogo_bib.php?BIB_CODI=1185 target=_self><i>MongArte 2007 - Gabriella Benedini<\/i>, in \"Graphie\", Cesena giugno-agosto 2007<\/a><br \/><hr>&nbsp;&nbsp;&nbsp;&nbsp;&nbsp;&nbsp;&nbsp;&nbsp;&nbsp;&nbsp;<a style='color:#000000' href=https:\/\/www.arcope.it\/benedini\/catalogo_bib.php?BIB_CODI=753 target=_self><i>A Sogliano torna Mongarte<\/i>, in \"Turismoallaariaperta\", online 29 giugno 2007<\/a><br \/><hr>&nbsp;&nbsp;&nbsp;&nbsp;&nbsp;&nbsp;&nbsp;&nbsp;&nbsp;&nbsp;<a style='color:#000000' href=https:\/\/www.arcope.it\/benedini\/catalogo_bib.php?BIB_CODI=1193 target=_self><i>Mostre, Sogliano sul Rubicone: la II ediozne di Mongarte, racconti plurimi del riciclaggio<\/i>, in \"EosArte\", online luglio 2007<\/a><br \/><hr>&nbsp;&nbsp;&nbsp;&nbsp;&nbsp;&nbsp;&nbsp;&nbsp;&nbsp;&nbsp;<a style='color:#000000' href=https:\/\/www.arcope.it\/benedini\/catalogo_bib.php?BIB_CODI=1211 target=_self><i>Mongarte Gabriella Benedini<\/i>, in \"Prima pagina comunicazione immagine\", online 13 luglio 2007<\/a><br \/><hr>&nbsp;&nbsp;&nbsp;&nbsp;&nbsp;&nbsp;&nbsp;&nbsp;&nbsp;&nbsp;<a style='color:#000000' href=https:\/\/www.arcope.it\/benedini\/catalogo_bib.php?BIB_CODI=1204 target=_self><i>Mongarte, Racconti plurimi del ricilaggio<\/i>, in \"Terranauta\", online 20 luglio 2007<\/a><br \/><hr>&nbsp;&nbsp;&nbsp;&nbsp;&nbsp;&nbsp;&nbsp;&nbsp;&nbsp;&nbsp;<a style='color:#000000' href=https:\/\/www.arcope.it\/benedini\/catalogo_bib.php?BIB_CODI=1205 target=_self><i>A sogliano torna Mongarte<\/i>, in \"PressToday\", online 29 giugno 2007<\/a><br \/><hr>&nbsp;&nbsp;&nbsp;&nbsp;&nbsp;&nbsp;&nbsp;&nbsp;&nbsp;&nbsp;<a style='color:#000000' href=https:\/\/www.arcope.it\/benedini\/catalogo_bib.php?BIB_CODI=1192 target=_self><i>Mongarte Racconti plurimi di riciclaggio Gabriella Benedini<\/i>, in \"Pack Magazine\", online 31 luglio 2007<\/a><br \/><hr>&nbsp;&nbsp;&nbsp;&nbsp;&nbsp;&nbsp;&nbsp;&nbsp;&nbsp;&nbsp;<a style='color:#000000' href=https:\/\/www.arcope.it\/benedini\/catalogo_bib.php?BIB_CODI=1184 target=_self><i>Racconti plurimi del ricilaggio<\/i>, in \"Il Salvagente\", Roma 30 agosto 2007<\/a><br \/><hr>&nbsp;&nbsp;&nbsp;&nbsp;&nbsp;&nbsp;&nbsp;&nbsp;&nbsp;&nbsp;<a style='color:#000000' href=https:\/\/www.arcope.it\/benedini\/catalogo_bib.php?BIB_CODI=741 target=_self><i>Mongarte, racconti plurimi del riciclaggio<\/i>, in \"Fly Forl\u00ec\", Forl\u00ec (FC) settembre-novembre 2007<\/a><br \/><hr>&nbsp;&nbsp;&nbsp;&nbsp;&nbsp;&nbsp;&nbsp;&nbsp;&nbsp;&nbsp;<a style='color:#000000' href=https:\/\/www.arcope.it\/benedini\/catalogo_bib.php?BIB_CODI=1186 target=_self><i>Mongarte, many recycling stories<\/i>, in \"Fly Forl\u00ec\", Forl\u00ec (FC) settembre-novembre 2007<\/a><br \/><hr>&nbsp;&nbsp;&nbsp;&nbsp;&nbsp;&nbsp;&nbsp;&nbsp;&nbsp;&nbsp;<a style='color:#000000' href=https:\/\/www.arcope.it\/benedini\/catalogo_bib.php?BIB_CODI=1194 target=_self><i>Mongarte, Racconti plurimi del riciclaggio<\/i>, in \"Villaggio globale\", online 4 settembre 2007<\/a><br \/><hr>&nbsp;&nbsp;&nbsp;&nbsp;&nbsp;&nbsp;&nbsp;&nbsp;&nbsp;&nbsp;<a style='color:#000000' href=https:\/\/www.arcope.it\/benedini\/catalogo_bib.php?BIB_CODI=1191 target=_self><i>Le opere di Gabriella Benedini a Mongarte, racconti plurimi del ricilaggio<\/i>, in \"Il turismo culturale\", online 4 settembre 2007<\/a><br \/><hr>&nbsp;&nbsp;&nbsp;&nbsp;&nbsp;&nbsp;&nbsp;&nbsp;&nbsp;&nbsp;<a style='color:#000000' href=https:\/\/www.arcope.it\/benedini\/catalogo_bib.php?BIB_CODI=729 target=_self>Claudia Rocchi, <i>A Sogliano il riciclo \u00e8 un'arte<\/i>, in \"Corriere Romagna\", Forl\u00ec (FC) 12 settembre 2007<\/a><br \/><hr>&nbsp;&nbsp;&nbsp;&nbsp;&nbsp;&nbsp;&nbsp;&nbsp;&nbsp;&nbsp;<a style='color:#000000' href=https:\/\/www.arcope.it\/benedini\/catalogo_bib.php?BIB_CODI=1175 target=_self><i>Sul Rubicone racconti d'arte e di riciclaggio<\/i>, in \"Avvenire\", Milano 14 settembre 2007<\/a><br \/><hr>&nbsp;&nbsp;&nbsp;&nbsp;&nbsp;&nbsp;&nbsp;&nbsp;&nbsp;&nbsp;<a style='color:#000000' href=https:\/\/www.arcope.it\/benedini\/catalogo_bib.php?BIB_CODI=726 target=_self><i>Gabriella Benedini espone a Sogliano<\/i>, in \"La cronaca\", Cremona 18 settembre 2007<\/a><br \/><hr>&nbsp;&nbsp;&nbsp;&nbsp;&nbsp;&nbsp;&nbsp;&nbsp;&nbsp;&nbsp;<a style='color:#000000' href=https:\/\/www.arcope.it\/benedini\/catalogo_bib.php?BIB_CODI=727 target=_self><i>Quando riciclare diventa arte<\/i>, in \"La cronaca\", Cremona 19 settembre 2007<\/a><br \/><hr>&nbsp;&nbsp;&nbsp;&nbsp;&nbsp;&nbsp;&nbsp;&nbsp;&nbsp;&nbsp;<a style='color:#000000' href=https:\/\/www.arcope.it\/benedini\/catalogo_bib.php?BIB_CODI=1176 target=_self><i>A Sogliano Al via \"Mongarte racconti plurimi di riciclaggio\"<\/i>, in \"La voce di Romagna\", Rimini 20 settembre 2007<\/a><br \/><hr>&nbsp;&nbsp;&nbsp;&nbsp;&nbsp;&nbsp;&nbsp;&nbsp;&nbsp;&nbsp;<a style='color:#000000' href=https:\/\/www.arcope.it\/benedini\/catalogo_bib.php?BIB_CODI=728 target=_self>M G, <i>Quando il riciclaggio diventa opera d'arte: Sogliano prova a stupire<\/i>, in \"Corriere Romagna\", Forl\u00ec (FC) 21 settembre 2007<\/a><br \/><hr>&nbsp;&nbsp;&nbsp;&nbsp;&nbsp;&nbsp;&nbsp;&nbsp;&nbsp;&nbsp;<a style='color:#000000' href=https:\/\/www.arcope.it\/benedini\/catalogo_bib.php?BIB_CODI=730 target=_self>Cinzia Mondaini, <i>Gabriella, che fa arte con il \"mongo\"<\/i>, in \"La voce di Romagna\", Rimini 21 settembre 2007<\/a><br \/><hr>&nbsp;&nbsp;&nbsp;&nbsp;&nbsp;&nbsp;&nbsp;&nbsp;&nbsp;&nbsp;<a style='color:#000000' href=https:\/\/www.arcope.it\/benedini\/catalogo_bib.php?BIB_CODI=759 target=_self>Luca Ravaglia, <i>\"Mongarte\" fa il bis<\/i>, in \"Il Resto del Carlino\", Bologna 21 settembre 2007<\/a><br \/><hr>&nbsp;&nbsp;&nbsp;&nbsp;&nbsp;&nbsp;&nbsp;&nbsp;&nbsp;&nbsp;<a style='color:#000000' href=https:\/\/www.arcope.it\/benedini\/catalogo_bib.php?BIB_CODI=1201 target=_self><i>Gabriella Benedini<\/i>, in \"uessearte\", online 21 settembre 2007<\/a><br \/><hr>&nbsp;&nbsp;&nbsp;&nbsp;&nbsp;&nbsp;&nbsp;&nbsp;&nbsp;&nbsp;<a style='color:#000000' href=https:\/\/www.arcope.it\/benedini\/catalogo_bib.php?BIB_CODI=731 target=_self><i>Quando lo scarto diventa arte<\/i>, in \"La voce di Romagna\", Rimini 22 settembre 2007<\/a><br \/><hr>&nbsp;&nbsp;&nbsp;&nbsp;&nbsp;&nbsp;&nbsp;&nbsp;&nbsp;&nbsp;<a style='color:#000000' href=https:\/\/www.arcope.it\/benedini\/catalogo_bib.php?BIB_CODI=732 target=_self>Cristina Fiuzzi, <i>Dalla pattumiera al museo: cos\u00ec impari<\/i>, in \"La voce di Romagna\", Rimini 25 settembre 2007<\/a><br \/><hr>&nbsp;&nbsp;&nbsp;&nbsp;&nbsp;&nbsp;&nbsp;&nbsp;&nbsp;&nbsp;<a style='color:#000000' href=https:\/\/www.arcope.it\/benedini\/catalogo_bib.php?BIB_CODI=1190 target=_self><i>Sul Rubicone racconti d'arte e di riciclaggio<\/i>, in \"Avvenire\", online 25 settembre 2007<\/a><br \/><hr>&nbsp;&nbsp;&nbsp;&nbsp;&nbsp;&nbsp;&nbsp;&nbsp;&nbsp;&nbsp;<a style='color:#000000' href=https:\/\/www.arcope.it\/benedini\/catalogo_bib.php?BIB_CODI=1199 target=_self><i>Forl\u00ec-Cesena Arte, al via Mongarte a Sogliano<\/i>, in \"Sesto potere.com\", online 25 settembre 2007<\/a><br \/><hr>&nbsp;&nbsp;&nbsp;&nbsp;&nbsp;&nbsp;&nbsp;&nbsp;&nbsp;&nbsp;<a style='color:#000000' href=https:\/\/www.arcope.it\/benedini\/catalogo_bib.php?BIB_CODI=1202 target=_self><i>MongArte comes back!<\/i>, in \"Bazar\", online 25 settembre 2007<\/a><br \/><hr>&nbsp;&nbsp;&nbsp;&nbsp;&nbsp;&nbsp;&nbsp;&nbsp;&nbsp;&nbsp;<a style='color:#000000' href=https:\/\/www.arcope.it\/benedini\/catalogo_bib.php?BIB_CODI=1206 target=_self><i>Gabriella Benedimi<\/i>, in \"Art World\", online 28 settembre 2007<\/a><br \/><hr>&nbsp;&nbsp;&nbsp;&nbsp;&nbsp;&nbsp;&nbsp;&nbsp;&nbsp;&nbsp;<a style='color:#000000' href=https:\/\/www.arcope.it\/benedini\/catalogo_bib.php?BIB_CODI=624 target=_self><i>Da rifiuti a opera d'arte<\/i>, in \"Mare & monti. Vivere e viaggiare con gusto\", Cesena ottobre 2007<\/a><br \/><hr>&nbsp;&nbsp;&nbsp;&nbsp;&nbsp;&nbsp;&nbsp;&nbsp;&nbsp;&nbsp;<a style='color:#000000' href=https:\/\/www.arcope.it\/benedini\/catalogo_bib.php?BIB_CODI=641 target=_self><i>ArtVerona<\/i> <i>Fiera d'arte moderna e contemporanea<\/i>, Sona (VR) 2007<\/a><br \/><hr>&nbsp;&nbsp;&nbsp;&nbsp;&nbsp;&nbsp;&nbsp;&nbsp;&nbsp;&nbsp;<a style='color:#000000' href=https:\/\/www.arcope.it\/benedini\/catalogo_bib.php?BIB_CODI=680 target=_self><i>I 40 anni della Mosaico di Gino Macconi<\/i>, presentazione di Chiara Gatti, Galleria Mosaico, Chiasso 2007<\/a><br \/><hr>&nbsp;&nbsp;&nbsp;&nbsp;&nbsp;&nbsp;&nbsp;&nbsp;&nbsp;&nbsp;<a style='color:#000000' href=https:\/\/www.arcope.it\/benedini\/catalogo_bib.php?BIB_CODI=739 target=_self>Giulia Fellini, <i>Mongarte: Gabriella Benedini<\/i>, in \"Mia\", <i>Riciclare con grande originalit\u00e0 materiali di recupero<\/i>, Udine ottobre 2007<\/a><br \/><hr>&nbsp;&nbsp;&nbsp;&nbsp;&nbsp;&nbsp;&nbsp;&nbsp;&nbsp;&nbsp;<a style='color:#000000' href=https:\/\/www.arcope.it\/benedini\/catalogo_bib.php?BIB_CODI=740 target=_self><i>Mongarte, Racconti plurimi del Riciclaggio<\/i>, in \"Ars amandi\", Forl\u00ec (FC) ottobre 2007<\/a><br \/><hr>&nbsp;&nbsp;&nbsp;&nbsp;&nbsp;&nbsp;&nbsp;&nbsp;&nbsp;&nbsp;<a style='color:#000000' href=https:\/\/www.arcope.it\/benedini\/catalogo_bib.php?BIB_CODI=1200 target=_self><i>Mongarte Racconti plurimi del Riciclaggio Gabriella Benedini<\/i>, in \"Romagnapolis.it\", online ottobre 2007<\/a><br \/><hr>&nbsp;&nbsp;&nbsp;&nbsp;&nbsp;&nbsp;&nbsp;&nbsp;&nbsp;&nbsp;<a style='color:#000000' href=https:\/\/www.arcope.it\/benedini\/catalogo_bib.php?BIB_CODI=1187 target=_self><i>Mongarte. Raccconti plurimi del riciclaggio Sogliano sul Rubicone<\/i>, in \"Rimini donna\", Rimoni ottobre 2007<\/a><br \/><hr>&nbsp;&nbsp;&nbsp;&nbsp;&nbsp;&nbsp;&nbsp;&nbsp;&nbsp;&nbsp;<a style='color:#000000' href=https:\/\/www.arcope.it\/benedini\/catalogo_bib.php?BIB_CODI=733 target=_self>Carlotta Benini, <i>Benedetta Benedini A Sogliano riciclare \u00e8 un'arte<\/i>, in \"La voce di Romagna\", Rimini 5 ottobre 2007<\/a><br \/><hr>&nbsp;&nbsp;&nbsp;&nbsp;&nbsp;&nbsp;&nbsp;&nbsp;&nbsp;&nbsp;<a style='color:#000000' href=https:\/\/www.arcope.it\/benedini\/catalogo_bib.php?BIB_CODI=1188 target=_self>Cristina Fiuzzi, <i>Mongarte a Sogliano<\/i>, in \"Corriere Cesenate\", Cesena 5 ottobre 2007<\/a><br \/><hr>&nbsp;&nbsp;&nbsp;&nbsp;&nbsp;&nbsp;&nbsp;&nbsp;&nbsp;&nbsp;<a style='color:#000000' href=https:\/\/www.arcope.it\/benedini\/catalogo_bib.php?BIB_CODI=670 target=_self><i>Mongarte. Racconti plurimi del Riciclaggio Gabriella Benedini<\/i>, a cura di Marisa Zattini, Il Vicolo, Cesena (FC) 2007<\/a><br \/><hr>&nbsp;&nbsp;&nbsp;&nbsp;&nbsp;&nbsp;&nbsp;&nbsp;&nbsp;&nbsp;<a style='color:#000000' href=https:\/\/www.arcope.it\/benedini\/catalogo_bib.php?BIB_CODI=1177 target=_self><i>Appuntamenti \"Mongarte\" a Sogliano<\/i>, in \"La voce di Romagna\", Rimini 19 ottobre 2007<\/a><br \/><hr>&nbsp;&nbsp;&nbsp;&nbsp;&nbsp;&nbsp;&nbsp;&nbsp;&nbsp;&nbsp;<a style='color:#000000' href=https:\/\/www.arcope.it\/benedini\/catalogo_bib.php?BIB_CODI=734 target=_self>Claudia Rocchi, <i>\"Mongarte\", Pneumatica live<\/i>, in \"Corriere Romagna\", <i>Intervista alla scultrice cremonese Gabriella Benedini<\/i>, Forl\u00ec (FC) 14 ottobre 2007<\/a><br \/><hr>&nbsp;&nbsp;&nbsp;&nbsp;&nbsp;&nbsp;&nbsp;&nbsp;&nbsp;&nbsp;<a style='color:#000000' href=https:\/\/www.arcope.it\/benedini\/catalogo_bib.php?BIB_CODI=735 target=_self><i>La pneumatica suona per Gabriella<\/i>, in \"La voce di Romagna\", Rimini 14 ottorbe 2007<\/a><br \/><hr>&nbsp;&nbsp;&nbsp;&nbsp;&nbsp;&nbsp;&nbsp;&nbsp;&nbsp;&nbsp;<a style='color:#000000' href=https:\/\/www.arcope.it\/benedini\/catalogo_bib.php?BIB_CODI=1189 target=_self><i>Gabriella Benedini protagonista di \"Mongarte\" a Sogliano<\/i>, in \"Ansa.it! Turismo Emilia-Romagna, online 17 ottobre 2007<\/a><br \/><hr>&nbsp;&nbsp;&nbsp;&nbsp;&nbsp;&nbsp;&nbsp;&nbsp;&nbsp;&nbsp;<a style='color:#000000' href=https:\/\/www.arcope.it\/benedini\/catalogo_bib.php?BIB_CODI=1195 target=_self><i>Sogliano- Inaugura l\"Mongarte - Racconti plurimi dle ricialggio\"<\/i>, in \"Romagna oggi.it\", online 17 ottobre 2007<\/a><br \/><hr>&nbsp;&nbsp;&nbsp;&nbsp;&nbsp;&nbsp;&nbsp;&nbsp;&nbsp;&nbsp;<a style='color:#000000' href=https:\/\/www.arcope.it\/benedini\/catalogo_bib.php?BIB_CODI=1210 target=_self><i>Da rifiuti ad opera d'arte<\/i>, in \"Mare&Monti\", online 17 ottobre 2007<\/a><br \/><hr>&nbsp;&nbsp;&nbsp;&nbsp;&nbsp;&nbsp;&nbsp;&nbsp;&nbsp;&nbsp;<a style='color:#000000' href=https:\/\/www.arcope.it\/benedini\/catalogo_bib.php?BIB_CODI=1178 target=_self><i>Bellezza senza fretta Zattini e Benedini a Sogliano per \"Mongarte\"<\/i>, in \"Corriere Romagna\", Forl\u00ec (FC) 21 ottobre 2007<\/a><br \/><hr>&nbsp;&nbsp;&nbsp;&nbsp;&nbsp;&nbsp;&nbsp;&nbsp;&nbsp;&nbsp;<a style='color:#000000' href=https:\/\/www.arcope.it\/benedini\/catalogo_bib.php?BIB_CODI=1198 target=_self><i>21 ottobre 2007 - Sogliano al Rubicone (PC) \/Open day<\/i>, in \"Marketpress\", online 21 ottobre 2007<\/a><br \/><hr>&nbsp;&nbsp;&nbsp;&nbsp;&nbsp;&nbsp;&nbsp;&nbsp;&nbsp;&nbsp;<a style='color:#000000' href=https:\/\/www.arcope.it\/benedini\/catalogo_bib.php?BIB_CODI=616 target=_self><i>Artisti al quadrato<\/i> <i>Mostra mercato d'arte contemporanea<\/i>, Milano 2007<\/a><br \/><hr>&nbsp;&nbsp;&nbsp;&nbsp;&nbsp;&nbsp;&nbsp;&nbsp;&nbsp;&nbsp;<a style='color:#000000' href=https:\/\/www.arcope.it\/benedini\/catalogo_bib.php?BIB_CODI=738 target=_self>B. B., <i>Mongarte racconti plurimi del riciclaggio con le arpe di Gabriella Benedini<\/i>, in \"Cesena In Magazine\", Cesena novembre 2007<\/a><br \/><hr>&nbsp;&nbsp;&nbsp;&nbsp;&nbsp;&nbsp;&nbsp;&nbsp;&nbsp;&nbsp;<a style='color:#000000' href=https:\/\/www.arcope.it\/benedini\/catalogo_bib.php?BIB_CODI=1208 target=_self><i>MongArte 2007 - II Edizione: Gabriella Benedini e i racconti plurimi del Ricilaggio a Sogliano sul Rubicone<\/i>, in \"Whipart.it\", online 7 novembre 2007<\/a><br \/><hr>&nbsp;&nbsp;&nbsp;&nbsp;&nbsp;&nbsp;&nbsp;&nbsp;&nbsp;&nbsp;<a style='color:#000000' href=https:\/\/www.arcope.it\/benedini\/catalogo_bib.php?BIB_CODI=736 target=_self><i>\"Quando il rifiuto va a teatro\" in scena a Sogliano al Rubicone<\/i>, in \"La voce di Romagna\", Rimini 15 novembre 2007<\/a><br \/><hr>&nbsp;&nbsp;&nbsp;&nbsp;&nbsp;&nbsp;&nbsp;&nbsp;&nbsp;&nbsp;<a style='color:#000000' href=https:\/\/www.arcope.it\/benedini\/catalogo_bib.php?BIB_CODI=1179 target=_self><i>Quelli che non rifiutano i rifiuti<\/i>, in \"La voce di Romagna\", Rimini 15 novembre 2007<\/a><br \/><hr>&nbsp;&nbsp;&nbsp;&nbsp;&nbsp;&nbsp;&nbsp;&nbsp;&nbsp;&nbsp;<a style='color:#000000' href=https:\/\/www.arcope.it\/benedini\/catalogo_bib.php?BIB_CODI=1209 target=_self><i>Mongo: un rifiuto ci seppellir\u00e0!<\/i>, in \"Tobacco.net\", online 20 novembre 2007<\/a><br \/><hr>&nbsp;&nbsp;&nbsp;&nbsp;&nbsp;&nbsp;&nbsp;&nbsp;&nbsp;&nbsp;<a style='color:#000000' href=https:\/\/www.arcope.it\/benedini\/catalogo_bib.php?BIB_CODI=1180 target=_self><i>Pooesia e note nella new-art del riciclaggio<\/i>, in \"La voce di Romagna\", Rimini 22 novembre 2007<\/a><br \/><hr>&nbsp;&nbsp;&nbsp;&nbsp;&nbsp;&nbsp;&nbsp;&nbsp;&nbsp;&nbsp;<a style='color:#000000' href=https:\/\/www.arcope.it\/benedini\/catalogo_bib.php?BIB_CODI=1181 target=_self><i>Sogliano Incontro finale di \"Mongarte\"<\/i>, in \"Il Resto del Carlino\", Bologna 23 novembre 2007<\/a><br \/><hr>&nbsp;&nbsp;&nbsp;&nbsp;&nbsp;&nbsp;&nbsp;&nbsp;&nbsp;&nbsp;<a style='color:#000000' href=https:\/\/www.arcope.it\/benedini\/catalogo_bib.php?BIB_CODI=1182 target=_self><i>A Sogliano gran finale tra musica e poesia per MongArte-Racconti plurimi del Riciclaggio<\/i>, in \"La voce di Romagna\", Rimini 23 novembre 2007<\/a><br \/><hr>&nbsp;&nbsp;&nbsp;&nbsp;&nbsp;&nbsp;&nbsp;&nbsp;&nbsp;&nbsp;<a style='color:#000000' href=https:\/\/www.arcope.it\/benedini\/catalogo_bib.php?BIB_CODI=737 target=_self>Simone Rossi, <i>La musica dei titoli di coda di MongArte<\/i>, in \"La voce di Romagna\", Rimini 24 novembre 2007<\/a><br \/><hr>&nbsp;&nbsp;&nbsp;&nbsp;&nbsp;&nbsp;&nbsp;&nbsp;&nbsp;&nbsp;<a style='color:#000000' href=https:\/\/www.arcope.it\/benedini\/catalogo_bib.php?BIB_CODI=1183 target=_self>Claudia Rocchi, <i>Mongarte 2007 verso un gran finale tra musica e poesia<\/i>, in \"Corriere Romagna\", Forl\u00ec (FC) 24 novembre 2007<\/a><br \/><hr>&nbsp;&nbsp;&nbsp;&nbsp;&nbsp;&nbsp;&nbsp;&nbsp;&nbsp;&nbsp;<a style='color:#000000' href=https:\/\/www.arcope.it\/benedini\/catalogo_bib.php?BIB_CODI=1196 target=_self><i>Sogliano- Al via \"Mongarte arte e fashion cin materale riciclato<\/i>, in \"Romagna oggi.it\", online 29 novembre 2007<\/a><br \/><hr>&nbsp;&nbsp;&nbsp;&nbsp;&nbsp;&nbsp;&nbsp;&nbsp;&nbsp;&nbsp;<a style='color:#000000' href=https:\/\/www.arcope.it\/benedini\/catalogo_bib.php?BIB_CODI=1197 target=_self><i>Sogliano ambiente Mongarte \"Racconti plurimi dle ricialggio\"<\/i>, in \"Marketpress\", online 29 novembre 2007<\/a><br \/><hr>&nbsp;&nbsp;&nbsp;&nbsp;&nbsp;&nbsp;&nbsp;&nbsp;&nbsp;&nbsp;<a style='color:#000000' href=https:\/\/www.arcope.it\/benedini\/catalogo_bib.php?BIB_CODI=1203 target=_self><i>Mongarte Racconti plurimi dle riciclaggio gabriella Benedini<\/i>, in \"Bazar\", online 29 novembre 2007<\/a><br \/><hr>&nbsp;&nbsp;&nbsp;&nbsp;&nbsp;&nbsp;&nbsp;&nbsp;&nbsp;&nbsp;<a style='color:#000000' href=https:\/\/www.arcope.it\/benedini\/catalogo_bib.php?BIB_CODI=1207 target=_self><i>Gabriella Benedini protagonista di Mongarte<\/i>, in \"altarimini.it\", online 29 novembre 2007<\/a><br \/><hr>&nbsp;&nbsp;&nbsp;&nbsp;&nbsp;&nbsp;&nbsp;&nbsp;&nbsp;&nbsp;<a style='color:#000000' href=https:\/\/www.arcope.it\/benedini\/catalogo_bib.php?BIB_CODI=645 target=_self>Marisa Zattini, <i>Cromografie. Le ragioni dell'incanto<\/i>, in \"Graphie\", Cesena (FC) 2007<\/a><br \/><hr><b><font size=6 color='#7F81FF'>2008<\/font><\/b><br>&nbsp;&nbsp;&nbsp;&nbsp;&nbsp;&nbsp;&nbsp;&nbsp;&nbsp;&nbsp;<a style='color:#000000' href=https:\/\/www.arcope.it\/benedini\/catalogo_bib.php?BIB_CODI=614 target=_self><i>Memorie e materiali.   MIART 2008<\/i>, a cura di Patrizia Serra, Milano 2008<\/a><br \/><hr>&nbsp;&nbsp;&nbsp;&nbsp;&nbsp;&nbsp;&nbsp;&nbsp;&nbsp;&nbsp;<a style='color:#000000' href=https:\/\/www.arcope.it\/benedini\/catalogo_bib.php?BIB_CODI=632 target=_self>Anty Pansera, <i>Artist-e-design. Letto e riflesso<\/i>, in <i>Dcomedesign La mano la mente e il cuore<\/i>, presentazione di Silvana Peira, Eventi & progetti, Biella 2008<\/a><br \/><hr>&nbsp;&nbsp;&nbsp;&nbsp;&nbsp;&nbsp;&nbsp;&nbsp;&nbsp;&nbsp;<a style='color:#000000' href=https:\/\/www.arcope.it\/benedini\/catalogo_bib.php?BIB_CODI=793 target=_self><i>Gabriella Benedini. Mappe e Reperti<\/i>, a cura di Angela Madesani, Milano 2008<\/a><br \/><hr>&nbsp;&nbsp;&nbsp;&nbsp;&nbsp;&nbsp;&nbsp;&nbsp;&nbsp;&nbsp;<a style='color:#000000' href=https:\/\/www.arcope.it\/benedini\/catalogo_bib.php?BIB_CODI=599 target=_self><i>Gabriella Benedini I relitti o la memoria dell'essere<\/i>, presentazione di Giovanni Tesio, Milano 2008<\/a><br \/><hr>&nbsp;&nbsp;&nbsp;&nbsp;&nbsp;&nbsp;&nbsp;&nbsp;&nbsp;&nbsp;<a style='color:#000000' href=https:\/\/www.arcope.it\/benedini\/catalogo_bib.php?BIB_CODI=891 target=_self><i>Nerazzurra 100 artisti per 100 anni di inter<\/i>, Seregno (MB) 2008<\/a><br \/><hr>&nbsp;&nbsp;&nbsp;&nbsp;&nbsp;&nbsp;&nbsp;&nbsp;&nbsp;&nbsp;<a style='color:#000000' href=https:\/\/www.arcope.it\/benedini\/catalogo_bib.php?BIB_CODI=636 target=_self><i>The (he)art of pin<\/i>, a cura di Alice Capiaghi, Milano 2008<\/a><br \/><hr><b><font size=6 color='#7F81FF'>2009<\/font><\/b><br>&nbsp;&nbsp;&nbsp;&nbsp;&nbsp;&nbsp;&nbsp;&nbsp;&nbsp;&nbsp;<a style='color:#000000' href=https:\/\/www.arcope.it\/benedini\/catalogo_bib.php?BIB_CODI=813 target=_self><i>Arte Cremona<\/i> <i>Fiera d'arte moderna e contemporanea<\/i> 2009<\/a><br \/><hr>&nbsp;&nbsp;&nbsp;&nbsp;&nbsp;&nbsp;&nbsp;&nbsp;&nbsp;&nbsp;<a style='color:#000000' href=https:\/\/www.arcope.it\/benedini\/catalogo_bib.php?BIB_CODI=791 target=_self><i>Scultura nella citt\u00e0. Progetti per Milano<\/i>, Skira, Milano 2009<\/a><br \/><hr>&nbsp;&nbsp;&nbsp;&nbsp;&nbsp;&nbsp;&nbsp;&nbsp;&nbsp;&nbsp;<a style='color:#000000' href=https:\/\/www.arcope.it\/benedini\/catalogo_bib.php?BIB_CODI=792 target=_self><i>Gabriella Benedini Circumnavigare<\/i>, Edizioni Capit Ravenna - Edizioni Essegi, Ravenna 2009<\/a><br \/><hr>&nbsp;&nbsp;&nbsp;&nbsp;&nbsp;&nbsp;&nbsp;&nbsp;&nbsp;&nbsp;<a style='color:#000000' href=https:\/\/www.arcope.it\/benedini\/catalogo_bib.php?BIB_CODI=833 target=_self><i>Omaggi per tutti<\/i>, in \"L'Espresso\", Milano 14 maggio  2009<\/a><br \/><hr>&nbsp;&nbsp;&nbsp;&nbsp;&nbsp;&nbsp;&nbsp;&nbsp;&nbsp;&nbsp;<a style='color:#000000' href=https:\/\/www.arcope.it\/benedini\/catalogo_bib.php?BIB_CODI=838 target=_self>Alessandra Artale, <i>Ventisei artista nel nome di Simone<\/i>, in \"La Nuova Venezia\", Venezia 29  maggio 2009<\/a><br \/><hr>&nbsp;&nbsp;&nbsp;&nbsp;&nbsp;&nbsp;&nbsp;&nbsp;&nbsp;&nbsp;<a style='color:#000000' href=https:\/\/www.arcope.it\/benedini\/catalogo_bib.php?BIB_CODI=839 target=_self>P. L., <i>Surian chiama a raccolta 24 artiste per l'omaggio a Simone Weil \"Venezia salva\"<\/i>, in \"Il Gazzettino\", Venezia 29 maggio 2009<\/a><br \/><hr>&nbsp;&nbsp;&nbsp;&nbsp;&nbsp;&nbsp;&nbsp;&nbsp;&nbsp;&nbsp;<a style='color:#000000' href=https:\/\/www.arcope.it\/benedini\/catalogo_bib.php?BIB_CODI=635 target=_self><i>Venezia salva Omaggio a Simone Weil. 53 Esposizione Internazionale d'Arte. Eventi collaterali<\/i>, Editrice Eidos, Mirano-Venezia 2009<\/a><br \/><hr>&nbsp;&nbsp;&nbsp;&nbsp;&nbsp;&nbsp;&nbsp;&nbsp;&nbsp;&nbsp;<a style='color:#000000' href=https:\/\/www.arcope.it\/benedini\/catalogo_bib.php?BIB_CODI=672 target=_self><i>Venezia salva. Omaggio a Simone Weil<\/i>, in <i>53\u00b0 Biennale di Venezia Fare mondi<\/i>, a cura di Vittoria Surian, Marsilio Editore, Venezia 2009<\/a><br \/><hr>&nbsp;&nbsp;&nbsp;&nbsp;&nbsp;&nbsp;&nbsp;&nbsp;&nbsp;&nbsp;<a style='color:#000000' href=https:\/\/www.arcope.it\/benedini\/catalogo_bib.php?BIB_CODI=830 target=_self><i>Le mostre collaterali. Virtuali, dissacranti, lontane\u2026<\/i>, in \"Arte\", Milano giugno 2009<\/a><br \/><hr>&nbsp;&nbsp;&nbsp;&nbsp;&nbsp;&nbsp;&nbsp;&nbsp;&nbsp;&nbsp;<a style='color:#000000' href=https:\/\/www.arcope.it\/benedini\/catalogo_bib.php?BIB_CODI=831 target=_self><i>Una via in rosa<\/i>, in \"Vernissage\", Torino giugno 2009<\/a><br \/><hr>&nbsp;&nbsp;&nbsp;&nbsp;&nbsp;&nbsp;&nbsp;&nbsp;&nbsp;&nbsp;<a style='color:#000000' href=https:\/\/www.arcope.it\/benedini\/catalogo_bib.php?BIB_CODI=832 target=_self><i>Al Limite\u2026 Venezia salva<\/i>, in \"D'Ars\", Milano giugno 2009<\/a><br \/><hr>&nbsp;&nbsp;&nbsp;&nbsp;&nbsp;&nbsp;&nbsp;&nbsp;&nbsp;&nbsp;<a style='color:#000000' href=https:\/\/www.arcope.it\/benedini\/catalogo_bib.php?BIB_CODI=834 target=_self><i>Per Simone Weil<\/i>, in \"Vivi Jesolo\", Jesolo (VE) giugno 2009<\/a><br \/><hr>&nbsp;&nbsp;&nbsp;&nbsp;&nbsp;&nbsp;&nbsp;&nbsp;&nbsp;&nbsp;<a style='color:#000000' href=https:\/\/www.arcope.it\/benedini\/catalogo_bib.php?BIB_CODI=837 target=_self>Roberto Gramiccia, <i>Omaggio a Simone Weil opera cahier di artiste<\/i>, in \"Liberazione\", Roma 5 giugno 2009<\/a><br \/><hr>&nbsp;&nbsp;&nbsp;&nbsp;&nbsp;&nbsp;&nbsp;&nbsp;&nbsp;&nbsp;<a style='color:#000000' href=https:\/\/www.arcope.it\/benedini\/catalogo_bib.php?BIB_CODI=836 target=_self>Nicoletta Ferrari, <i>In onore di Simone Weil ventisei artista italiane creano un'opera- libro<\/i>, in \"Cultura\" (?) 14  giugno 2009<\/a><br \/><hr>&nbsp;&nbsp;&nbsp;&nbsp;&nbsp;&nbsp;&nbsp;&nbsp;&nbsp;&nbsp;<a style='color:#000000' href=https:\/\/www.arcope.it\/benedini\/catalogo_bib.php?BIB_CODI=835 target=_self>Nicola Passarotto, <i>Venezia Omaggio di carta a Simone Weil<\/i>, in \"Corriere del Veneto\" 20 giugno 2009<\/a><br \/><hr>&nbsp;&nbsp;&nbsp;&nbsp;&nbsp;&nbsp;&nbsp;&nbsp;&nbsp;&nbsp;<a style='color:#000000' href=https:\/\/www.arcope.it\/benedini\/catalogo_bib.php?BIB_CODI=665 target=_self>Attilia Tartagni, <i>Gabriella Benedini espone a Marina di Ravenna<\/i>, in periodico non identificato 27 giugno 2009<\/a><br \/><hr>&nbsp;&nbsp;&nbsp;&nbsp;&nbsp;&nbsp;&nbsp;&nbsp;&nbsp;&nbsp;<a style='color:#000000' href=https:\/\/www.arcope.it\/benedini\/catalogo_bib.php?BIB_CODI=794 target=_self>Marica Rossi, <i>Il volto femminile della Biennale<\/i>, in \"La voce dei Berici\", Vicenza 12 luglio 2009<\/a><br \/><hr>&nbsp;&nbsp;&nbsp;&nbsp;&nbsp;&nbsp;&nbsp;&nbsp;&nbsp;&nbsp;<a style='color:#000000' href=https:\/\/www.arcope.it\/benedini\/catalogo_bib.php?BIB_CODI=795 target=_self>Enzo Di Martino, <i>Venezia Salva, un omaggio a Simone Weil<\/i>, in \"Il Gazzettino\", Venezia 15 luglio 2009<\/a><br \/><hr><b><font size=6 color='#7F81FF'>2010<\/font><\/b><br>&nbsp;&nbsp;&nbsp;&nbsp;&nbsp;&nbsp;&nbsp;&nbsp;&nbsp;&nbsp;<a style='color:#000000' href=https:\/\/www.arcope.it\/benedini\/catalogo_bib.php?BIB_CODI=843 target=_self><i>Apocalisse<\/i> <i>Profezia della storia. Rivelazione per il tempo presente<\/i>, Milano 2010<\/a><br \/><hr>&nbsp;&nbsp;&nbsp;&nbsp;&nbsp;&nbsp;&nbsp;&nbsp;&nbsp;&nbsp;<a style='color:#000000' href=https:\/\/www.arcope.it\/benedini\/catalogo_bib.php?BIB_CODI=814 target=_self><i>Arte Cremona<\/i> 2010<\/a><br \/><hr>&nbsp;&nbsp;&nbsp;&nbsp;&nbsp;&nbsp;&nbsp;&nbsp;&nbsp;&nbsp;<a style='color:#000000' href=https:\/\/www.arcope.it\/benedini\/catalogo_bib.php?BIB_CODI=821 target=_self><i>Libri d'artista dalla collezione Consolandi 1919-2009<\/i>, a cura di Giorgio Maffei e Angela Vettese, Charta, Milano 2010<\/a><br \/><hr>&nbsp;&nbsp;&nbsp;&nbsp;&nbsp;&nbsp;&nbsp;&nbsp;&nbsp;&nbsp;<a style='color:#000000' href=https:\/\/www.arcope.it\/benedini\/catalogo_bib.php?BIB_CODI=826 target=_self><i>Quinto di luna. Milena Barberis Gabriella Benedini Irma Blank Lucia Pescador Elisabeth Scherffig<\/i>, a cura di Alberto Crespi, Grezzago (MI) 2010<\/a><br \/><hr>&nbsp;&nbsp;&nbsp;&nbsp;&nbsp;&nbsp;&nbsp;&nbsp;&nbsp;&nbsp;<a style='color:#000000' href=https:\/\/www.arcope.it\/benedini\/catalogo_bib.php?BIB_CODI=840 target=_self>Mariateresa Chirico, <i>Incisioni di Gabriella Benedini<\/i>, in \"Grafica d'arte\", Milano 2010<\/a><br \/><hr>&nbsp;&nbsp;&nbsp;&nbsp;&nbsp;&nbsp;&nbsp;&nbsp;&nbsp;&nbsp;<a style='color:#000000' href=https:\/\/www.arcope.it\/benedini\/catalogo_bib.php?BIB_CODI=841 target=_self>Claudio Cerritelli, Sandro Parmiggiani, <i>Saletta Galaverni, 1960-2010<\/i> <i>Cinquant'anni di passione per l'arte<\/i>, Reggio Emilia 2010<\/a><br \/><hr>&nbsp;&nbsp;&nbsp;&nbsp;&nbsp;&nbsp;&nbsp;&nbsp;&nbsp;&nbsp;<a style='color:#000000' href=https:\/\/www.arcope.it\/benedini\/catalogo_bib.php?BIB_CODI=845 target=_self>Marco Fazzini, <i>Collezione 7 x 11 La poesia degli artisti<\/i>, Amos edizioni, Venezia Mestre 2010<\/a><br \/><hr><b><font size=6 color='#7F81FF'>2011<\/font><\/b><br>&nbsp;&nbsp;&nbsp;&nbsp;&nbsp;&nbsp;&nbsp;&nbsp;&nbsp;&nbsp;<a style='color:#000000' href=https:\/\/www.arcope.it\/benedini\/catalogo_bib.php?BIB_CODI=1060 target=_self>Francesco Tedeschi, <i>Diario critico bisestile dell'anno 2000<\/i> <i>Gabriella Benedini (ad vocem)<\/i>, Editore Campanotto, Pasian di Prato (UD) 2011<\/a><br \/><hr>&nbsp;&nbsp;&nbsp;&nbsp;&nbsp;&nbsp;&nbsp;&nbsp;&nbsp;&nbsp;<a style='color:#000000' href=https:\/\/www.arcope.it\/benedini\/catalogo_bib.php?BIB_CODI=846 target=_self><i>10 anni di Museo a Lissone Una collezione che cresce. 2000-2010<\/i>, presentazione di Luigi Cavadini, Oggiono (LC) 2011<\/a><br \/><hr>&nbsp;&nbsp;&nbsp;&nbsp;&nbsp;&nbsp;&nbsp;&nbsp;&nbsp;&nbsp;<a style='color:#000000' href=https:\/\/www.arcope.it\/benedini\/catalogo_bib.php?BIB_CODI=847 target=_self><i>L'arte contemporanea per UNA Onlus<\/i> <i>62 Artisti per un charity event a favore di UNA Onlus, Associazione Genitori Oncologia Pediatrica Milano<\/i>, Milano 2011<\/a><br \/><hr>&nbsp;&nbsp;&nbsp;&nbsp;&nbsp;&nbsp;&nbsp;&nbsp;&nbsp;&nbsp;<a style='color:#000000' href=https:\/\/www.arcope.it\/benedini\/catalogo_bib.php?BIB_CODI=855 target=_self>Arturo Schwarz, <i>Asta di Arte Contemporanea a favore di Amig - Onlus<\/i> <i>Amici Italiani del Museo d'Israele di Gerusalemme<\/i>, Carlo Cambi Editore, Poggibonsi (SI) 2011<\/a><br \/><hr>&nbsp;&nbsp;&nbsp;&nbsp;&nbsp;&nbsp;&nbsp;&nbsp;&nbsp;&nbsp;<a style='color:#000000' href=https:\/\/www.arcope.it\/benedini\/catalogo_bib.php?BIB_CODI=850 target=_self><i>XLIV Premio Vasto di arte contemporanea<\/i> <i>Vitalit\u00e0 dell'arte<\/i>, a cura di Sandro Parmiggiani 2011<\/a><br \/><hr>&nbsp;&nbsp;&nbsp;&nbsp;&nbsp;&nbsp;&nbsp;&nbsp;&nbsp;&nbsp;<a style='color:#000000' href=https:\/\/www.arcope.it\/benedini\/catalogo_bib.php?BIB_CODI=851 target=_self><i>Mailart uno sguardo sull'arte moderna<\/i>, presentazione di Giuseppe Ferro 2011<\/a><br \/><hr>&nbsp;&nbsp;&nbsp;&nbsp;&nbsp;&nbsp;&nbsp;&nbsp;&nbsp;&nbsp;<a style='color:#000000' href=https:\/\/www.arcope.it\/benedini\/catalogo_bib.php?BIB_CODI=849 target=_self><i>2011-8\u00b0 edizione Via del sale arte contemporanea dal Roero alla Langa fino al mare.<\/i> <i>Omaggio a Nico Orengo<\/i>, a cura di Silvana Peira, presentazione di Guido Curto, Il Fondaco Edizioni, Bra (CN) 2011<\/a><br \/><hr>&nbsp;&nbsp;&nbsp;&nbsp;&nbsp;&nbsp;&nbsp;&nbsp;&nbsp;&nbsp;<a style='color:#000000' href=https:\/\/www.arcope.it\/benedini\/catalogo_bib.php?BIB_CODI=854 target=_self>Gillo Dorfles, <i>Gabriella Benedini Mutazioni<\/i>, in \"AreaArte\", Thiene (VI) autunno 2011<\/a><br \/><hr>&nbsp;&nbsp;&nbsp;&nbsp;&nbsp;&nbsp;&nbsp;&nbsp;&nbsp;&nbsp;<a style='color:#000000' href=https:\/\/www.arcope.it\/benedini\/catalogo_bib.php?BIB_CODI=1064 target=_self>Francesco Tedeschi, <i>Il mondo ridisegnato<\/i> <i>Arte e geografia nella contemporaneit\u00e0<\/i>, Vita e Pensiero, Milano 2011<\/a><br \/><hr>&nbsp;&nbsp;&nbsp;&nbsp;&nbsp;&nbsp;&nbsp;&nbsp;&nbsp;&nbsp;<a style='color:#000000' href=https:\/\/www.arcope.it\/benedini\/catalogo_bib.php?BIB_CODI=853 target=_self><i>Museo Diocesano Catalogo<\/i>, Mondadori - Electa, Milano 2011<\/a><br \/><hr><b><font size=6 color='#7F81FF'>2012<\/font><\/b><br>&nbsp;&nbsp;&nbsp;&nbsp;&nbsp;&nbsp;&nbsp;&nbsp;&nbsp;&nbsp;<a style='color:#000000' href=https:\/\/www.arcope.it\/benedini\/catalogo_bib.php?BIB_CODI=852 target=_self><i>Arte per la vita<\/i>, Milano 2012<\/a><br \/><hr>&nbsp;&nbsp;&nbsp;&nbsp;&nbsp;&nbsp;&nbsp;&nbsp;&nbsp;&nbsp;<a style='color:#000000' href=https:\/\/www.arcope.it\/benedini\/catalogo_bib.php?BIB_CODI=1336 target=_self><i>Non si riposa il mare. La mostra di Gabriella Benedini allo Spazio Oberdan della Provincia di Milano<\/i>, in www.libero.it\/focus, online<\/a><br \/><hr>&nbsp;&nbsp;&nbsp;&nbsp;&nbsp;&nbsp;&nbsp;&nbsp;&nbsp;&nbsp;<a style='color:#000000' href=https:\/\/www.arcope.it\/benedini\/catalogo_bib.php?BIB_CODI=856 target=_self>Arturo Schwarz, <i>Asta d'Arte Contemporanea per CIPMO Centro Italiano per la Pace in Medio Oriente<\/i>, Moretti & Vitali Editori, Bergamo 2012<\/a><br \/><hr>&nbsp;&nbsp;&nbsp;&nbsp;&nbsp;&nbsp;&nbsp;&nbsp;&nbsp;&nbsp;<a style='color:#000000' href=https:\/\/www.arcope.it\/benedini\/catalogo_bib.php?BIB_CODI=1560 target=_self><i>Gioco di specchi. Galleria Maria Cilena, Milano<\/i>, in Undo.net, online 5 marzo 2012<\/a><br \/><hr>&nbsp;&nbsp;&nbsp;&nbsp;&nbsp;&nbsp;&nbsp;&nbsp;&nbsp;&nbsp;<a style='color:#000000' href=https:\/\/www.arcope.it\/benedini\/catalogo_bib.php?BIB_CODI=857 target=_self><i>Terra madre<\/i>, a cura di Vittoria Surian, Edizioni Colorama, San Don\u00e0 di Piave (VE) 2012<\/a><br \/><hr>&nbsp;&nbsp;&nbsp;&nbsp;&nbsp;&nbsp;&nbsp;&nbsp;&nbsp;&nbsp;<a style='color:#000000' href=https:\/\/www.arcope.it\/benedini\/catalogo_bib.php?BIB_CODI=858 target=_self>Stella Ferrara, <i>Quando l'eccellenza \u00e8 Donna<\/i>, in \"AreaArte\", Thiene (VI) 2012<\/a><br \/><hr>&nbsp;&nbsp;&nbsp;&nbsp;&nbsp;&nbsp;&nbsp;&nbsp;&nbsp;&nbsp;<a style='color:#000000' href=https:\/\/www.arcope.it\/benedini\/catalogo_bib.php?BIB_CODI=859 target=_self><i>Asta benefica Rotary Aquaplus<\/i> <i>Arte contro la sete nel mondo<\/i>, s.l. 2012<\/a><br \/><hr>&nbsp;&nbsp;&nbsp;&nbsp;&nbsp;&nbsp;&nbsp;&nbsp;&nbsp;&nbsp;<a style='color:#000000' href=https:\/\/www.arcope.it\/benedini\/catalogo_bib.php?BIB_CODI=889 target=_self><i>Siamo tutti greci<\/i> <i> 112 artisti italiani<\/i>, s.l. 2012<\/a><br \/><hr>&nbsp;&nbsp;&nbsp;&nbsp;&nbsp;&nbsp;&nbsp;&nbsp;&nbsp;&nbsp;<a style='color:#000000' href=https:\/\/www.arcope.it\/benedini\/catalogo_bib.php?BIB_CODI=860 target=_self><i>Remote sensing<\/i> <i>Italian artist reflect on Armenia<\/i>, a cura di Martina Corgnati, s.l. 2012<\/a><br \/><hr>&nbsp;&nbsp;&nbsp;&nbsp;&nbsp;&nbsp;&nbsp;&nbsp;&nbsp;&nbsp;<a style='color:#000000' href=https:\/\/www.arcope.it\/benedini\/catalogo_bib.php?BIB_CODI=887 target=_self><i>L'instancabile mare di Gabriella Benedini<\/i>, in \"Art & Art\", Roma giugno-luglio 2012<\/a><br \/><hr>&nbsp;&nbsp;&nbsp;&nbsp;&nbsp;&nbsp;&nbsp;&nbsp;&nbsp;&nbsp;<a style='color:#000000' href=https:\/\/www.arcope.it\/benedini\/catalogo_bib.php?BIB_CODI=1049 target=_self>Elena Di Raddo, <i>Un\u2019esperienza al femminile: il gruppo \u201cMetamorfosi\u201d 1977-\r\n1984<\/i>, in \"Ricerche di S\/Confine\", Parma 25 giugno 2012<\/a><br \/><hr>&nbsp;&nbsp;&nbsp;&nbsp;&nbsp;&nbsp;&nbsp;&nbsp;&nbsp;&nbsp;<a style='color:#000000' href=https:\/\/www.arcope.it\/benedini\/catalogo_bib.php?BIB_CODI=1353 target=_self><i>Non si riposa il mare<\/i>, in \"Geonotizie.it\", online 12 luglio 2012<\/a><br \/><hr>&nbsp;&nbsp;&nbsp;&nbsp;&nbsp;&nbsp;&nbsp;&nbsp;&nbsp;&nbsp;<a style='color:#000000' href=https:\/\/www.arcope.it\/benedini\/catalogo_bib.php?BIB_CODI=1323 target=_self><i>Spazio Oberdan Gabriella Benedini Non si riposa il mare<\/i>, in www.nanopress.it, online 19 luglio 2012<\/a><br \/><hr>&nbsp;&nbsp;&nbsp;&nbsp;&nbsp;&nbsp;&nbsp;&nbsp;&nbsp;&nbsp;<a style='color:#000000' href=https:\/\/www.arcope.it\/benedini\/catalogo_bib.php?BIB_CODI=1324 target=_self><i>Gabriella Benedini, non si riposa il mare<\/i>, in www.beniculturali.it, online 19 luglio 2012<\/a><br \/><hr>&nbsp;&nbsp;&nbsp;&nbsp;&nbsp;&nbsp;&nbsp;&nbsp;&nbsp;&nbsp;<a style='color:#000000' href=https:\/\/www.arcope.it\/benedini\/catalogo_bib.php?BIB_CODI=1325 target=_self><i>Non Si Riposa il mare<\/i>, in www.ritter.hotel.com, online 25 luglio 2012<\/a><br \/><hr>&nbsp;&nbsp;&nbsp;&nbsp;&nbsp;&nbsp;&nbsp;&nbsp;&nbsp;&nbsp;<a style='color:#000000' href=https:\/\/www.arcope.it\/benedini\/catalogo_bib.php?BIB_CODI=1326 target=_self><i>Non si riposa il mare<\/i>, in \"Latuamilano.com\", online 25 luglio 2012<\/a><br \/><hr>&nbsp;&nbsp;&nbsp;&nbsp;&nbsp;&nbsp;&nbsp;&nbsp;&nbsp;&nbsp;<a style='color:#000000' href=https:\/\/www.arcope.it\/benedini\/catalogo_bib.php?BIB_CODI=1327 target=_self><i>Gabriella Benedini<\/i>, in \"VisitaMilano.it\", online 26 luglio 2012<\/a><br \/><hr>&nbsp;&nbsp;&nbsp;&nbsp;&nbsp;&nbsp;&nbsp;&nbsp;&nbsp;&nbsp;<a style='color:#000000' href=https:\/\/www.arcope.it\/benedini\/catalogo_bib.php?BIB_CODI=1328 target=_self><i>Allo Spazio Oberdan le opere polimateriche di Gabriella Benedini<\/i>, in www.Milanodabere.it, online 26 luglio 2012<\/a><br \/><hr>&nbsp;&nbsp;&nbsp;&nbsp;&nbsp;&nbsp;&nbsp;&nbsp;&nbsp;&nbsp;<a style='color:#000000' href=https:\/\/www.arcope.it\/benedini\/catalogo_bib.php?BIB_CODI=1329 target=_self><i>Gabriella Benedini. Non si riposa il mare<\/i>, in \"Arte.it\", online 27 luglio 2012<\/a><br \/><hr>&nbsp;&nbsp;&nbsp;&nbsp;&nbsp;&nbsp;&nbsp;&nbsp;&nbsp;&nbsp;<a style='color:#000000' href=https:\/\/www.arcope.it\/benedini\/catalogo_bib.php?BIB_CODI=1330 target=_self><i>Gabriella Benedini. Non si riposa il mare<\/i>, in www.indipedia.it, online 27 luglio 2012<\/a><br \/><hr>&nbsp;&nbsp;&nbsp;&nbsp;&nbsp;&nbsp;&nbsp;&nbsp;&nbsp;&nbsp;<a style='color:#000000' href=https:\/\/www.arcope.it\/benedini\/catalogo_bib.php?BIB_CODI=861 target=_self><i>Harmonia Plantarum<\/i>, Venezia 2012<\/a><br \/><hr>&nbsp;&nbsp;&nbsp;&nbsp;&nbsp;&nbsp;&nbsp;&nbsp;&nbsp;&nbsp;<a style='color:#000000' href=https:\/\/www.arcope.it\/benedini\/catalogo_bib.php?BIB_CODI=1331 target=_self><i>Mostre<\/i>, in \"Larepubblica.it\", online 17 agosto 2012<\/a><br \/><hr>&nbsp;&nbsp;&nbsp;&nbsp;&nbsp;&nbsp;&nbsp;&nbsp;&nbsp;&nbsp;<a style='color:#000000' href=https:\/\/www.arcope.it\/benedini\/catalogo_bib.php?BIB_CODI=1332 target=_self><i>A Milano espone l'artista cremonese Gabriella Benedini<\/i>, in www.cremonaoggi.it, online 21 agosto 2012<\/a><br \/><hr>&nbsp;&nbsp;&nbsp;&nbsp;&nbsp;&nbsp;&nbsp;&nbsp;&nbsp;&nbsp;<a style='color:#000000' href=https:\/\/www.arcope.it\/benedini\/catalogo_bib.php?BIB_CODI=1333 target=_self><i>L'inviato Tempo libero \"Non si riposa il mare\" Spazio Oberdan a Milano dedica ina mostra ll'artista cremonese Gabriella Benedini<\/i>, in \"Inviatoquotidiano.it\", online 22 agosto 2012<\/a><br \/><hr>&nbsp;&nbsp;&nbsp;&nbsp;&nbsp;&nbsp;&nbsp;&nbsp;&nbsp;&nbsp;<a style='color:#000000' href=https:\/\/www.arcope.it\/benedini\/catalogo_bib.php?BIB_CODI=1334 target=_self><i>Non si riposa il mare La mostra di Gabriella Benedini allo Spazio Oberdan della Provincia diMilano<\/i>, in www.vivicremona.it, online 28 agosto 2012<\/a><br \/><hr>&nbsp;&nbsp;&nbsp;&nbsp;&nbsp;&nbsp;&nbsp;&nbsp;&nbsp;&nbsp;<a style='color:#000000' href=https:\/\/www.arcope.it\/benedini\/catalogo_bib.php?BIB_CODI=1335 target=_self><i>Milano. Mostra di Gabriella Benedini<\/i>, in www.welfarecremona.it, online 28 agosto 2012<\/a><br \/><hr>&nbsp;&nbsp;&nbsp;&nbsp;&nbsp;&nbsp;&nbsp;&nbsp;&nbsp;&nbsp;<a style='color:#000000' href=https:\/\/www.arcope.it\/benedini\/catalogo_bib.php?BIB_CODI=1337 target=_self><i>Gabriella Benedini.Opere 1972-2012<\/i>, in \"Csfree.it\", online 29 agosto 2012<\/a><br \/><hr>&nbsp;&nbsp;&nbsp;&nbsp;&nbsp;&nbsp;&nbsp;&nbsp;&nbsp;&nbsp;<a style='color:#000000' href=https:\/\/www.arcope.it\/benedini\/catalogo_bib.php?BIB_CODI=1554 target=_self><i>Non si riposa il mare<\/i>, in www.libero.it, <i>La mostra di gabriella Benedini allo Spazio Oberdan della Provincia di Milano<\/i>, online 29 agosto 2012<\/a><br \/><hr>&nbsp;&nbsp;&nbsp;&nbsp;&nbsp;&nbsp;&nbsp;&nbsp;&nbsp;&nbsp;<a style='color:#000000' href=https:\/\/www.arcope.it\/benedini\/catalogo_bib.php?BIB_CODI=1284 target=_self>G. Reb., <i>Un viaggio nella metafora della navigazione<\/i>, in \"La vita cattolica\", Udine 30 agosto 2012<\/a><br \/><hr>&nbsp;&nbsp;&nbsp;&nbsp;&nbsp;&nbsp;&nbsp;&nbsp;&nbsp;&nbsp;<a style='color:#000000' href=https:\/\/www.arcope.it\/benedini\/catalogo_bib.php?BIB_CODI=1338 target=_self><i>Gabriella Benedini. Non si riposa il mare<\/i>, in \"Youfeed.it, online 30 agosto 2012<\/a><br \/><hr>&nbsp;&nbsp;&nbsp;&nbsp;&nbsp;&nbsp;&nbsp;&nbsp;&nbsp;&nbsp;<a style='color:#000000' href=https:\/\/www.arcope.it\/benedini\/catalogo_bib.php?BIB_CODI=873 target=_self><i>Le opere di Gabriella Benedini in esposizione a Milano<\/i>, in \"Cremonaweb.it\", online 31 agosto 2012<\/a><br \/><hr>&nbsp;&nbsp;&nbsp;&nbsp;&nbsp;&nbsp;&nbsp;&nbsp;&nbsp;&nbsp;<a style='color:#000000' href=https:\/\/www.arcope.it\/benedini\/catalogo_bib.php?BIB_CODI=1339 target=_self><i>\"Gabriella Benedini. Non si riposa il mare\"<\/i>, in \"Newspettacolo.com\", online 31 agosto 2012<\/a><br \/><hr>&nbsp;&nbsp;&nbsp;&nbsp;&nbsp;&nbsp;&nbsp;&nbsp;&nbsp;&nbsp;<a style='color:#000000' href=https:\/\/www.arcope.it\/benedini\/catalogo_bib.php?BIB_CODI=1340 target=_self><i>Comunicati stampa<\/i>, in www.informazione.it, online 31 agosto 2012<\/a><br \/><hr>&nbsp;&nbsp;&nbsp;&nbsp;&nbsp;&nbsp;&nbsp;&nbsp;&nbsp;&nbsp;<a style='color:#000000' href=https:\/\/www.arcope.it\/benedini\/catalogo_bib.php?BIB_CODI=1341 target=_self><i>Le opere di Gabriella Benedini in esposizione a Milano<\/i>, in \"Cremona.it\", online 31 agosto 2012<\/a><br \/><hr>&nbsp;&nbsp;&nbsp;&nbsp;&nbsp;&nbsp;&nbsp;&nbsp;&nbsp;&nbsp;<a style='color:#000000' href=https:\/\/www.arcope.it\/benedini\/catalogo_bib.php?BIB_CODI=1342 target=_self><i>Non si riposa il mare<\/i>, in www.milano.mentelocale.it, online 31 agosto 2012<\/a><br \/><hr>&nbsp;&nbsp;&nbsp;&nbsp;&nbsp;&nbsp;&nbsp;&nbsp;&nbsp;&nbsp;<a style='color:#000000' href=https:\/\/www.arcope.it\/benedini\/catalogo_bib.php?BIB_CODI=1343 target=_self><i>Gabriella Benedini. Non si riposa il mare<\/i>, in \"Appuntamentimetropolitani.it\", online 31 agosto 2012<\/a><br \/><hr>&nbsp;&nbsp;&nbsp;&nbsp;&nbsp;&nbsp;&nbsp;&nbsp;&nbsp;&nbsp;<a style='color:#000000' href=https:\/\/www.arcope.it\/benedini\/catalogo_bib.php?BIB_CODI=874 target=_self><i>Gabriella Benedini Opere 1972-2012<\/i>, a cura di Martina Corgnati, Skira, Milano 2012<\/a><br \/><hr>&nbsp;&nbsp;&nbsp;&nbsp;&nbsp;&nbsp;&nbsp;&nbsp;&nbsp;&nbsp;<a style='color:#000000' href=https:\/\/www.arcope.it\/benedini\/catalogo_bib.php?BIB_CODI=875 target=_self><i>Gabriella Benedini Non si riposa il mare<\/i>, a cura di Martina Corgnati, Skira, Milano 2012<\/a><br \/><hr>&nbsp;&nbsp;&nbsp;&nbsp;&nbsp;&nbsp;&nbsp;&nbsp;&nbsp;&nbsp;<a style='color:#000000' href=https:\/\/www.arcope.it\/benedini\/catalogo_bib.php?BIB_CODI=876 target=_self><i>Il mare non si riposa mai<\/i>, in \"Arte\"  supplemento de \"La Provincia di Cremona\", Cremona 2012<\/a><br \/><hr>&nbsp;&nbsp;&nbsp;&nbsp;&nbsp;&nbsp;&nbsp;&nbsp;&nbsp;&nbsp;<a style='color:#000000' href=https:\/\/www.arcope.it\/benedini\/catalogo_bib.php?BIB_CODI=877 target=_self>Sandro Parmiggiani, <i>Benedini e la pittura in versi<\/i>, in \"Il Giornale dlel'arte\", Torino 2012<\/a><br \/><hr>&nbsp;&nbsp;&nbsp;&nbsp;&nbsp;&nbsp;&nbsp;&nbsp;&nbsp;&nbsp;<a style='color:#000000' href=https:\/\/www.arcope.it\/benedini\/catalogo_bib.php?BIB_CODI=879 target=_self>Lorenza Scardovi, <i>Gabriella Benedini Non si riposa il mare<\/i>, in \"Graphie\", Cesena 2012<\/a><br \/><hr>&nbsp;&nbsp;&nbsp;&nbsp;&nbsp;&nbsp;&nbsp;&nbsp;&nbsp;&nbsp;<a style='color:#000000' href=https:\/\/www.arcope.it\/benedini\/catalogo_bib.php?BIB_CODI=1283 target=_self><i>News Milano Non si riposa il  mare<\/i>, in \"Leggendaria\", Roma 2012<\/a><br \/><hr>&nbsp;&nbsp;&nbsp;&nbsp;&nbsp;&nbsp;&nbsp;&nbsp;&nbsp;&nbsp;<a style='color:#000000' href=https:\/\/www.arcope.it\/benedini\/catalogo_bib.php?BIB_CODI=1285 target=_self><i>Benedini e la pittura in versi<\/i>, in \"Il Giornale dell'arte\", Torino settembre 2012<\/a><br \/><hr>&nbsp;&nbsp;&nbsp;&nbsp;&nbsp;&nbsp;&nbsp;&nbsp;&nbsp;&nbsp;<a style='color:#000000' href=https:\/\/www.arcope.it\/benedini\/catalogo_bib.php?BIB_CODI=1286 target=_self><i>Gabriella Benedini. Il viaggio come scoperta continua<\/i>, in \"Art & Art\", Roma settembre 2012<\/a><br \/><hr>&nbsp;&nbsp;&nbsp;&nbsp;&nbsp;&nbsp;&nbsp;&nbsp;&nbsp;&nbsp;<a style='color:#000000' href=https:\/\/www.arcope.it\/benedini\/catalogo_bib.php?BIB_CODI=1287 target=_self><i>Personaggi Non si riposa il mare<\/i>, in \"Dentro Milano\", Milano settembre 2012<\/a><br \/><hr>&nbsp;&nbsp;&nbsp;&nbsp;&nbsp;&nbsp;&nbsp;&nbsp;&nbsp;&nbsp;<a style='color:#000000' href=https:\/\/www.arcope.it\/benedini\/catalogo_bib.php?BIB_CODI=1288 target=_self><i>Milano-Spazio Oberdam Gabriella Benedini Non si riposa il mare<\/i>, in \"Terza pagina\", Bergamo settembre 2012<\/a><br \/><hr>&nbsp;&nbsp;&nbsp;&nbsp;&nbsp;&nbsp;&nbsp;&nbsp;&nbsp;&nbsp;<a style='color:#000000' href=https:\/\/www.arcope.it\/benedini\/catalogo_bib.php?BIB_CODI=1289 target=_self><i>Le architettura temporali i Gabriella Benedini<\/i>, in \"Architetti\" settembre 2012<\/a><br \/><hr>&nbsp;&nbsp;&nbsp;&nbsp;&nbsp;&nbsp;&nbsp;&nbsp;&nbsp;&nbsp;<a style='color:#000000' href=https:\/\/www.arcope.it\/benedini\/catalogo_bib.php?BIB_CODI=1290 target=_self><i>Milano Gabriella Benedini - Non si riposa il mare<\/i>, in \"Insider magazine\", Roma settembre 2012<\/a><br \/><hr>&nbsp;&nbsp;&nbsp;&nbsp;&nbsp;&nbsp;&nbsp;&nbsp;&nbsp;&nbsp;<a style='color:#000000' href=https:\/\/www.arcope.it\/benedini\/catalogo_bib.php?BIB_CODI=1291 target=_self><i>Le opere di Gabriella Benedini alla Castiglia<\/i>, in \"Ieri, oggi, domani\", Carignano settembre 2012<\/a><br \/><hr>&nbsp;&nbsp;&nbsp;&nbsp;&nbsp;&nbsp;&nbsp;&nbsp;&nbsp;&nbsp;<a style='color:#000000' href=https:\/\/www.arcope.it\/benedini\/catalogo_bib.php?BIB_CODI=1292 target=_self><i>Milano\/Saluzzo<\/i>, in \"Insideart\", Roma settembre 2012<\/a><br \/><hr>&nbsp;&nbsp;&nbsp;&nbsp;&nbsp;&nbsp;&nbsp;&nbsp;&nbsp;&nbsp;<a style='color:#000000' href=https:\/\/www.arcope.it\/benedini\/catalogo_bib.php?BIB_CODI=1293 target=_self>Michela Delfino, <i>Agenda Benedini in due mostre<\/i>, in \"Arte\", Milano settembre 2012<\/a><br \/><hr>&nbsp;&nbsp;&nbsp;&nbsp;&nbsp;&nbsp;&nbsp;&nbsp;&nbsp;&nbsp;<a style='color:#000000' href=https:\/\/www.arcope.it\/benedini\/catalogo_bib.php?BIB_CODI=1294 target=_self><i>Agenda Gabriella Benedini Non si riposa il mare<\/i>, in \"Cose & Casa\" settembre 2012<\/a><br \/><hr>&nbsp;&nbsp;&nbsp;&nbsp;&nbsp;&nbsp;&nbsp;&nbsp;&nbsp;&nbsp;<a style='color:#000000' href=https:\/\/www.arcope.it\/benedini\/catalogo_bib.php?BIB_CODI=1295 target=_self><i>Mostre e manifestazioni<\/i>, in \"L'orologio\", Milano settembre 2012<\/a><br \/><hr>&nbsp;&nbsp;&nbsp;&nbsp;&nbsp;&nbsp;&nbsp;&nbsp;&nbsp;&nbsp;<a style='color:#000000' href=https:\/\/www.arcope.it\/benedini\/catalogo_bib.php?BIB_CODI=1296 target=_self><i>Agenda Saluzzo (CN) Gabriella Benedini.Opere 1972-2012<\/i>, in \"Touring\", Milano settembre 2012<\/a><br \/><hr>&nbsp;&nbsp;&nbsp;&nbsp;&nbsp;&nbsp;&nbsp;&nbsp;&nbsp;&nbsp;<a style='color:#000000' href=https:\/\/www.arcope.it\/benedini\/catalogo_bib.php?BIB_CODI=1297 target=_self><i>Le opere della Benedini in esposizione a Milano<\/i>, in \"Piccolo giornale del Cremasco\", Crema (CR) settembre 2012<\/a><br \/><hr>&nbsp;&nbsp;&nbsp;&nbsp;&nbsp;&nbsp;&nbsp;&nbsp;&nbsp;&nbsp;<a style='color:#000000' href=https:\/\/www.arcope.it\/benedini\/catalogo_bib.php?BIB_CODI=1344 target=_self><i>Gabriella Benedini Opere 1972-2012<\/i>, in \"Fotoantologia.it\", online 1 settembre 2012<\/a><br \/><hr>&nbsp;&nbsp;&nbsp;&nbsp;&nbsp;&nbsp;&nbsp;&nbsp;&nbsp;&nbsp;<a style='color:#000000' href=https:\/\/www.arcope.it\/benedini\/catalogo_bib.php?BIB_CODI=1345 target=_self><i>Mostra \"Gabriella Benedini. Non si riposa il mare\" Spazio Oberdan -Milano<\/i>, in \"Okarte.it\", online 2 settembre 2012<\/a><br \/><hr>&nbsp;&nbsp;&nbsp;&nbsp;&nbsp;&nbsp;&nbsp;&nbsp;&nbsp;&nbsp;<a style='color:#000000' href=https:\/\/www.arcope.it\/benedini\/catalogo_bib.php?BIB_CODI=1346 target=_self><i>Mostra \"Gabriella Benedni. Non si riposa il mare\"<\/i>, in \"Pinterest.com\", online 2 settembre 2012<\/a><br \/><hr>&nbsp;&nbsp;&nbsp;&nbsp;&nbsp;&nbsp;&nbsp;&nbsp;&nbsp;&nbsp;<a style='color:#000000' href=https:\/\/www.arcope.it\/benedini\/catalogo_bib.php?BIB_CODI=1347 target=_self><i>Gabriella Benedini - Non si riposa il mare<\/i>, in \"Equilibriarte.net\", online 3 settembre 2012<\/a><br \/><hr>&nbsp;&nbsp;&nbsp;&nbsp;&nbsp;&nbsp;&nbsp;&nbsp;&nbsp;&nbsp;<a style='color:#000000' href=https:\/\/www.arcope.it\/benedini\/catalogo_bib.php?BIB_CODI=1348 target=_self><i>Gabriella Benedini Non si riposa il mare<\/i>, in Provincia.milano.it, online 3 settembre 2012<\/a><br \/><hr>&nbsp;&nbsp;&nbsp;&nbsp;&nbsp;&nbsp;&nbsp;&nbsp;&nbsp;&nbsp;<a style='color:#000000' href=https:\/\/www.arcope.it\/benedini\/catalogo_bib.php?BIB_CODI=1312 target=_self><i>Non si riposa il mare Benedini e Spaziani Libri polimaterici<\/i>, in \"Pi\u00f9\" supplemento de \"La provincia di Cremona\", Cremona 6 ottobre 2012<\/a><br \/><hr>&nbsp;&nbsp;&nbsp;&nbsp;&nbsp;&nbsp;&nbsp;&nbsp;&nbsp;&nbsp;<a style='color:#000000' href=https:\/\/www.arcope.it\/benedini\/catalogo_bib.php?BIB_CODI=1349 target=_self><i>Milano spazio Oberdan: \"Non si riposa io mare\" mostra di Gabriella Benedini<\/i>, in www.pegasonews.info, online 8 settembre 2012<\/a><br \/><hr>&nbsp;&nbsp;&nbsp;&nbsp;&nbsp;&nbsp;&nbsp;&nbsp;&nbsp;&nbsp;<a style='color:#000000' href=https:\/\/www.arcope.it\/benedini\/catalogo_bib.php?BIB_CODI=1350 target=_self><i>Gabriella Benedini. Non si riposa il mare<\/i>, in \"wsimagazine.com\", online 8 settembre 2012<\/a><br \/><hr>&nbsp;&nbsp;&nbsp;&nbsp;&nbsp;&nbsp;&nbsp;&nbsp;&nbsp;&nbsp;<a style='color:#000000' href=https:\/\/www.arcope.it\/benedini\/catalogo_bib.php?BIB_CODI=1351 target=_self><i>Gabriella Benedini - Non si riposa il mare<\/i>, in Movimentocontaminarte.blogspot.it, online 12 settembre 2012<\/a><br \/><hr>&nbsp;&nbsp;&nbsp;&nbsp;&nbsp;&nbsp;&nbsp;&nbsp;&nbsp;&nbsp;<a style='color:#000000' href=https:\/\/www.arcope.it\/benedini\/catalogo_bib.php?BIB_CODI=1352 target=_self><i>Gabriella Benedini. Non si riposa il mare<\/i>, in \"Cosebelleantichemoderne.it\", online 12 settembre 2012<\/a><br \/><hr>&nbsp;&nbsp;&nbsp;&nbsp;&nbsp;&nbsp;&nbsp;&nbsp;&nbsp;&nbsp;<a style='color:#000000' href=https:\/\/www.arcope.it\/benedini\/catalogo_bib.php?BIB_CODI=1354 target=_self><i>Gabriella Benedini. Opere 1972-2012<\/i>, in \"Touringclub.it\", online 12 settembre 2012<\/a><br \/><hr>&nbsp;&nbsp;&nbsp;&nbsp;&nbsp;&nbsp;&nbsp;&nbsp;&nbsp;&nbsp;<a style='color:#000000' href=https:\/\/www.arcope.it\/benedini\/catalogo_bib.php?BIB_CODI=871 target=_self><i>Cultura\/ Gabriella Benedini, Non si riposa il mare<\/i>, in \"Informazione.it\", online 2012<\/a><br \/><hr>&nbsp;&nbsp;&nbsp;&nbsp;&nbsp;&nbsp;&nbsp;&nbsp;&nbsp;&nbsp;<a style='color:#000000' href=https:\/\/www.arcope.it\/benedini\/catalogo_bib.php?BIB_CODI=1298 target=_self><i>Cuneo il 16\/09 a Saluzzo inaugura \"Gabriella Bendini. Opere 1972-2012\"<\/i>, in \"Agenparl\", Roma 13 settembre 2012<\/a><br \/><hr>&nbsp;&nbsp;&nbsp;&nbsp;&nbsp;&nbsp;&nbsp;&nbsp;&nbsp;&nbsp;<a style='color:#000000' href=https:\/\/www.arcope.it\/benedini\/catalogo_bib.php?BIB_CODI=1355 target=_self><i>Milano Non si riposa il mare<\/i>, in \"FlashArtonline.it!, online 13 settembre 2012<\/a><br \/><hr>&nbsp;&nbsp;&nbsp;&nbsp;&nbsp;&nbsp;&nbsp;&nbsp;&nbsp;&nbsp;<a style='color:#000000' href=https:\/\/www.arcope.it\/benedini\/catalogo_bib.php?BIB_CODI=1356 target=_self><i>Cultura\/Gabriella Benedini, Non si riposa il mare<\/i>, in \"Assesempione.info\", online 13 settembre 2012<\/a><br \/><hr>&nbsp;&nbsp;&nbsp;&nbsp;&nbsp;&nbsp;&nbsp;&nbsp;&nbsp;&nbsp;<a style='color:#000000' href=https:\/\/www.arcope.it\/benedini\/catalogo_bib.php?BIB_CODI=1357 target=_self><i>Milano (Spazio Oberdan): Gabriella Benedini - Non si riposa il mare<\/i>, in \"Marketpress.info\", online 14 settembre 2012<\/a><br \/><hr>&nbsp;&nbsp;&nbsp;&nbsp;&nbsp;&nbsp;&nbsp;&nbsp;&nbsp;&nbsp;<a style='color:#000000' href=https:\/\/www.arcope.it\/benedini\/catalogo_bib.php?BIB_CODI=1358 target=_self><i>Allo Spazio Oberdan, le opere polimateriche di Gabriella Benedini<\/i>, in \"Cipmo.it\", online 14 settembre 2012<\/a><br \/><hr>&nbsp;&nbsp;&nbsp;&nbsp;&nbsp;&nbsp;&nbsp;&nbsp;&nbsp;&nbsp;<a style='color:#000000' href=https:\/\/www.arcope.it\/benedini\/catalogo_bib.php?BIB_CODI=882 target=_self>R. S., <i>Un weekend per mostre fra ceamiche, tele, foto<\/i>, in \"La Stampa\", Torino 2012<\/a><br \/><hr>&nbsp;&nbsp;&nbsp;&nbsp;&nbsp;&nbsp;&nbsp;&nbsp;&nbsp;&nbsp;<a style='color:#000000' href=https:\/\/www.arcope.it\/benedini\/catalogo_bib.php?BIB_CODI=1359 target=_self><i>Gabriella Benedini<\/i>, in \"Undo.net\", online 15 settembre 2012<\/a><br \/><hr>&nbsp;&nbsp;&nbsp;&nbsp;&nbsp;&nbsp;&nbsp;&nbsp;&nbsp;&nbsp;<a style='color:#000000' href=https:\/\/www.arcope.it\/benedini\/catalogo_bib.php?BIB_CODI=1360 target=_self><i>Gabriella Benedini. Non si riposa il mare<\/i>, in \"Iviagginellastoria.it\", online 16 settembre 2012<\/a><br \/><hr>&nbsp;&nbsp;&nbsp;&nbsp;&nbsp;&nbsp;&nbsp;&nbsp;&nbsp;&nbsp;<a style='color:#000000' href=https:\/\/www.arcope.it\/benedini\/catalogo_bib.php?BIB_CODI=1361 target=_self><i>Gabriella Benedini: Non si riposa il mare<\/i>, in \"Hestetika.it\", online 17 settembre 2012<\/a><br \/><hr>&nbsp;&nbsp;&nbsp;&nbsp;&nbsp;&nbsp;&nbsp;&nbsp;&nbsp;&nbsp;<a style='color:#000000' href=https:\/\/www.arcope.it\/benedini\/catalogo_bib.php?BIB_CODI=1362 target=_self><i>Installazioni a Milano Gabriella Benedini \"Non si riposa il mare\"<\/i>, in \"Spaziodimagazine.it\", online 17 settembre 2012<\/a><br \/><hr>&nbsp;&nbsp;&nbsp;&nbsp;&nbsp;&nbsp;&nbsp;&nbsp;&nbsp;&nbsp;<a style='color:#000000' href=https:\/\/www.arcope.it\/benedini\/catalogo_bib.php?BIB_CODI=1299 target=_self><i>Quattro artiste contemporanee protagoniste alla Castiglia<\/i>, in \"Saluzzo oggi\", Saluzzo (CN) 18 settembre 2012<\/a><br \/><hr>&nbsp;&nbsp;&nbsp;&nbsp;&nbsp;&nbsp;&nbsp;&nbsp;&nbsp;&nbsp;<a style='color:#000000' href=https:\/\/www.arcope.it\/benedini\/catalogo_bib.php?BIB_CODI=1363 target=_self><i>Gabriella Benedini - Non si riposa il mare<\/i>, in \"Exibart.com\", online 19 settembre 2012<\/a><br \/><hr>&nbsp;&nbsp;&nbsp;&nbsp;&nbsp;&nbsp;&nbsp;&nbsp;&nbsp;&nbsp;<a style='color:#000000' href=https:\/\/www.arcope.it\/benedini\/catalogo_bib.php?BIB_CODI=1364 target=_self><i>\"Gabriella Benedini. Non si riposa il mare\"<\/i>, in \"Ilpuntostampa.info\", online 19 settembre 2012<\/a><br \/><hr>&nbsp;&nbsp;&nbsp;&nbsp;&nbsp;&nbsp;&nbsp;&nbsp;&nbsp;&nbsp;<a style='color:#000000' href=https:\/\/www.arcope.it\/benedini\/catalogo_bib.php?BIB_CODI=1365 target=_self>Rosella Ghezzi, <i>Arte - Gbariella Benedini <\/i>, in \"Vivimilano.corriere.it\", online 19 settembre 2012<\/a><br \/><hr>&nbsp;&nbsp;&nbsp;&nbsp;&nbsp;&nbsp;&nbsp;&nbsp;&nbsp;&nbsp;<a style='color:#000000' href=https:\/\/www.arcope.it\/benedini\/catalogo_bib.php?BIB_CODI=1366 target=_self><i>30 anni di opere di Gabiella Benedini alla Castiglia di Saluzzo<\/i>, in \"aise.it\", online 19 settembre 2012<\/a><br \/><hr>&nbsp;&nbsp;&nbsp;&nbsp;&nbsp;&nbsp;&nbsp;&nbsp;&nbsp;&nbsp;<a style='color:#000000' href=https:\/\/www.arcope.it\/benedini\/catalogo_bib.php?BIB_CODI=1367 target=_self><i>Non si riposa il mare<\/i>, in \"MyMi.it\", online 19 settembre 2012<\/a><br \/><hr>&nbsp;&nbsp;&nbsp;&nbsp;&nbsp;&nbsp;&nbsp;&nbsp;&nbsp;&nbsp;<a style='color:#000000' href=https:\/\/www.arcope.it\/benedini\/catalogo_bib.php?BIB_CODI=866 target=_self>Anna Cavallera, <i>Tam tam dal mare\u2026Opere di Gabriella Benedini in Castiglia<\/i>, in \"Coriere di Saluzzo\", Saluzzo (CN) 2012<\/a><br \/><hr>&nbsp;&nbsp;&nbsp;&nbsp;&nbsp;&nbsp;&nbsp;&nbsp;&nbsp;&nbsp;<a style='color:#000000' href=https:\/\/www.arcope.it\/benedini\/catalogo_bib.php?BIB_CODI=867 target=_self><i>In viaggio con Gabriella<\/i>, in \"Tuttomilano\" supplemento de \"La Repubblica\", Milano 2012<\/a><br \/><hr>&nbsp;&nbsp;&nbsp;&nbsp;&nbsp;&nbsp;&nbsp;&nbsp;&nbsp;&nbsp;<a style='color:#000000' href=https:\/\/www.arcope.it\/benedini\/catalogo_bib.php?BIB_CODI=868 target=_self><i>All'Oberdan non si riposa il mare<\/i>, in \"Il Giorno\", Milano 20\/09\/2012<\/a><br \/><hr>&nbsp;&nbsp;&nbsp;&nbsp;&nbsp;&nbsp;&nbsp;&nbsp;&nbsp;&nbsp;<a style='color:#000000' href=https:\/\/www.arcope.it\/benedini\/catalogo_bib.php?BIB_CODI=869 target=_self><i>Mostre Gabriella Benedini<\/i>, in \"Leggo\", Milano 20\/09\/2012<\/a><br \/><hr>&nbsp;&nbsp;&nbsp;&nbsp;&nbsp;&nbsp;&nbsp;&nbsp;&nbsp;&nbsp;<a style='color:#000000' href=https:\/\/www.arcope.it\/benedini\/catalogo_bib.php?BIB_CODI=870 target=_self><i>Gabriella Benedini<\/i>, in \"Unod.net\", online 2012<\/a><br \/><hr>&nbsp;&nbsp;&nbsp;&nbsp;&nbsp;&nbsp;&nbsp;&nbsp;&nbsp;&nbsp;<a style='color:#000000' href=https:\/\/www.arcope.it\/benedini\/catalogo_bib.php?BIB_CODI=872 target=_self><i>Non si riposa il mare<\/i>, in \"Cremona oggi.it\", online 2012<\/a><br \/><hr>&nbsp;&nbsp;&nbsp;&nbsp;&nbsp;&nbsp;&nbsp;&nbsp;&nbsp;&nbsp;<a style='color:#000000' href=https:\/\/www.arcope.it\/benedini\/catalogo_bib.php?BIB_CODI=888 target=_self><i>In viaggio con Gabriella<\/i>, in \"Tutto Milano\" supplemento de \"La Repubblica\", Milano 20-25 settembre 2012<\/a><br \/><hr>&nbsp;&nbsp;&nbsp;&nbsp;&nbsp;&nbsp;&nbsp;&nbsp;&nbsp;&nbsp;<a style='color:#000000' href=https:\/\/www.arcope.it\/benedini\/catalogo_bib.php?BIB_CODI=1300 target=_self><i>Gabriella Benedini Opere 1972-2012<\/i>, in \"News spettacolo\", Torino 20 settembre 2012<\/a><br \/><hr>&nbsp;&nbsp;&nbsp;&nbsp;&nbsp;&nbsp;&nbsp;&nbsp;&nbsp;&nbsp;<a style='color:#000000' href=https:\/\/www.arcope.it\/benedini\/catalogo_bib.php?BIB_CODI=1301 target=_self><i>Giorno&notte Gabriella Benedini \"Non si riposa il mare\"<\/i>, in \"La Repubblica\", Milano 20 settembre 2012<\/a><br \/><hr>&nbsp;&nbsp;&nbsp;&nbsp;&nbsp;&nbsp;&nbsp;&nbsp;&nbsp;&nbsp;<a style='color:#000000' href=https:\/\/www.arcope.it\/benedini\/catalogo_bib.php?BIB_CODI=1368 target=_self><i>Gabriella Benedini<\/i>, in \"Undo.net\", online 20 settembre 2012<\/a><br \/><hr>&nbsp;&nbsp;&nbsp;&nbsp;&nbsp;&nbsp;&nbsp;&nbsp;&nbsp;&nbsp;<a style='color:#000000' href=https:\/\/www.arcope.it\/benedini\/catalogo_bib.php?BIB_CODI=1369 target=_self><i>Gabriella Benedini - Non si riposa il mare<\/i>, in \"Artribune.com\", online 20 settembre 2012<\/a><br \/><hr>&nbsp;&nbsp;&nbsp;&nbsp;&nbsp;&nbsp;&nbsp;&nbsp;&nbsp;&nbsp;<a style='color:#000000' href=https:\/\/www.arcope.it\/benedini\/catalogo_bib.php?BIB_CODI=1370 target=_self><i>Gabriella Benedini Non si riposa il mare<\/i>, in \"Gdapress.it\", online 20 settembre 2012<\/a><br \/><hr>&nbsp;&nbsp;&nbsp;&nbsp;&nbsp;&nbsp;&nbsp;&nbsp;&nbsp;&nbsp;<a style='color:#000000' href=https:\/\/www.arcope.it\/benedini\/catalogo_bib.php?BIB_CODI=1371 target=_self><i>Dall'alba al tramonto in Lombardia Gli eventi da non perdere.  Milano-Spazio Oberdan<\/i>, in \"Ilgiorno.it\", online 20 settemrbe 2012<\/a><br \/><hr>&nbsp;&nbsp;&nbsp;&nbsp;&nbsp;&nbsp;&nbsp;&nbsp;&nbsp;&nbsp;<a style='color:#000000' href=https:\/\/www.arcope.it\/benedini\/catalogo_bib.php?BIB_CODI=1372 target=_self><i>Gabriella Benedini Non si riposa il mare<\/i>, in \"Skira.news.net\", online 20 settembre 2012<\/a><br \/><hr>&nbsp;&nbsp;&nbsp;&nbsp;&nbsp;&nbsp;&nbsp;&nbsp;&nbsp;&nbsp;<a style='color:#000000' href=https:\/\/www.arcope.it\/benedini\/catalogo_bib.php?BIB_CODI=1374 target=_self><i>Giorno &  notte Gariella Benedini Non si riposa il mare<\/i>, in \"Larepubblica.it\", online 20 settembre 2012<\/a><br \/><hr>&nbsp;&nbsp;&nbsp;&nbsp;&nbsp;&nbsp;&nbsp;&nbsp;&nbsp;&nbsp;<a style='color:#000000' href=https:\/\/www.arcope.it\/benedini\/catalogo_bib.php?BIB_CODI=1375 target=_self><i>Gabriella Benedini. Non si riposa il mare<\/i>, in \"Tiscali.it\", online 20 settembre 2012<\/a><br \/><hr>&nbsp;&nbsp;&nbsp;&nbsp;&nbsp;&nbsp;&nbsp;&nbsp;&nbsp;&nbsp;<a style='color:#000000' href=https:\/\/www.arcope.it\/benedini\/catalogo_bib.php?BIB_CODI=1553 target=_self><i>Gli appuntamenti Milano All'Oberdan non si riposa il mare<\/i>, in \"Il Giorno\", Milano 20 settembre 2012<\/a><br \/><hr>&nbsp;&nbsp;&nbsp;&nbsp;&nbsp;&nbsp;&nbsp;&nbsp;&nbsp;&nbsp;<a style='color:#000000' href=https:\/\/www.arcope.it\/benedini\/catalogo_bib.php?BIB_CODI=865 target=_self>Maurizio Bonassina, <i>Gabriella Benendini: metafore \"spiaggiate\"<\/i>, in \"Corriere della Sera\", Milano 2012<\/a><br \/><hr>&nbsp;&nbsp;&nbsp;&nbsp;&nbsp;&nbsp;&nbsp;&nbsp;&nbsp;&nbsp;<a style='color:#000000' href=https:\/\/www.arcope.it\/benedini\/catalogo_bib.php?BIB_CODI=1302 target=_self><i>G. Benedini<\/i>, in \"Metro Milano\", Milano 21 settembre 2012<\/a><br \/><hr>&nbsp;&nbsp;&nbsp;&nbsp;&nbsp;&nbsp;&nbsp;&nbsp;&nbsp;&nbsp;<a style='color:#000000' href=https:\/\/www.arcope.it\/benedini\/catalogo_bib.php?BIB_CODI=1376 target=_self><i>Gabriella Benedini \"Non si riposa il mare\"<\/i>, in \"Tuttoqui.it\", online 21 settembre 2012<\/a><br \/><hr>&nbsp;&nbsp;&nbsp;&nbsp;&nbsp;&nbsp;&nbsp;&nbsp;&nbsp;&nbsp;<a style='color:#000000' href=https:\/\/www.arcope.it\/benedini\/catalogo_bib.php?BIB_CODI=1377 target=_self>Maurizio Bonassina, <i>Spazio Oberdan Gabriella Benedini: metafore \"spiaggiate\"<\/i>, in \"Corrieredellasera.it\", online 21 settembre 2012<\/a><br \/><hr>&nbsp;&nbsp;&nbsp;&nbsp;&nbsp;&nbsp;&nbsp;&nbsp;&nbsp;&nbsp;<a style='color:#000000' href=https:\/\/www.arcope.it\/benedini\/catalogo_bib.php?BIB_CODI=1378 target=_self><i>Gabriella Benendini: \"Non si riposa il mare\"<\/i>, in Youtube.com\/Video, online 21 settembre 2012<\/a><br \/><hr>&nbsp;&nbsp;&nbsp;&nbsp;&nbsp;&nbsp;&nbsp;&nbsp;&nbsp;&nbsp;<a style='color:#000000' href=https:\/\/www.arcope.it\/benedini\/catalogo_bib.php?BIB_CODI=1303 target=_self><i>Il mare non si riposa mai<\/i>, in \"Pi\u00f9\" supplemento de \"La provincia di Cremona\", Cremona 22 settembre 2012<\/a><br \/><hr>&nbsp;&nbsp;&nbsp;&nbsp;&nbsp;&nbsp;&nbsp;&nbsp;&nbsp;&nbsp;<a style='color:#000000' href=https:\/\/www.arcope.it\/benedini\/catalogo_bib.php?BIB_CODI=1373 target=_self><i>Gabriella Benedini - Non si riposa il mare<\/i>, in \"Comune.guardia.lombardi.it\", online 20 settembre 2012<\/a><br \/><hr>&nbsp;&nbsp;&nbsp;&nbsp;&nbsp;&nbsp;&nbsp;&nbsp;&nbsp;&nbsp;<a style='color:#000000' href=https:\/\/www.arcope.it\/benedini\/catalogo_bib.php?BIB_CODI=1304 target=_self><i>Spazio Oberdan Gabriella Benedini<\/i>, in \"Il Giornale\", Milano 23 settemrbe 2012<\/a><br \/><hr>&nbsp;&nbsp;&nbsp;&nbsp;&nbsp;&nbsp;&nbsp;&nbsp;&nbsp;&nbsp;<a style='color:#000000' href=https:\/\/www.arcope.it\/benedini\/catalogo_bib.php?BIB_CODI=883 target=_self>Susanna Vallebona, <i>La mostra. L'architettura di piante e foglie rivelata dall'arte<\/i>, in \"La Nuova di Venezia e Mestre\", Venezia 2012<\/a><br \/><hr>&nbsp;&nbsp;&nbsp;&nbsp;&nbsp;&nbsp;&nbsp;&nbsp;&nbsp;&nbsp;<a style='color:#000000' href=https:\/\/www.arcope.it\/benedini\/catalogo_bib.php?BIB_CODI=1305 target=_self><i>La poesia polimaterica di Gabriella Benedini<\/i>, in \"Italia sera\", Roma 25 settembre 2012<\/a><br \/><hr>&nbsp;&nbsp;&nbsp;&nbsp;&nbsp;&nbsp;&nbsp;&nbsp;&nbsp;&nbsp;<a style='color:#000000' href=https:\/\/www.arcope.it\/benedini\/catalogo_bib.php?BIB_CODI=1379 target=_self><i>Video Arte. Il viaggio degli oggetti recperati di Gabriella Benedini<\/i>, in \"Ilsole24ore.com\", online 25 settembre 2012<\/a><br \/><hr>&nbsp;&nbsp;&nbsp;&nbsp;&nbsp;&nbsp;&nbsp;&nbsp;&nbsp;&nbsp;<a style='color:#000000' href=https:\/\/www.arcope.it\/benedini\/catalogo_bib.php?BIB_CODI=1380 target=_self><i>Video. Arte, viaggio degli oggetti recuperati di Gabriella Benendini<\/i>, in \"Notizie.virigilio.it\", online 25 settembre 2012<\/a><br \/><hr>&nbsp;&nbsp;&nbsp;&nbsp;&nbsp;&nbsp;&nbsp;&nbsp;&nbsp;&nbsp;<a style='color:#000000' href=https:\/\/www.arcope.it\/benedini\/catalogo_bib.php?BIB_CODI=1381 target=_self><i>Video. Arte, viaggio degli oggetti recuperati di Gabriella Benendini<\/i>, in \"Bresciaoggi.it\", online 25 settembre 2012<\/a><br \/><hr>&nbsp;&nbsp;&nbsp;&nbsp;&nbsp;&nbsp;&nbsp;&nbsp;&nbsp;&nbsp;<a style='color:#000000' href=https:\/\/www.arcope.it\/benedini\/catalogo_bib.php?BIB_CODI=1382 target=_self><i>Video. Arte, viaggio degli oggetti recuperati di Gabriella Benendini<\/i>, in \"Tmnews.it\", online 25 settembre 2012<\/a><br \/><hr>&nbsp;&nbsp;&nbsp;&nbsp;&nbsp;&nbsp;&nbsp;&nbsp;&nbsp;&nbsp;<a style='color:#000000' href=https:\/\/www.arcope.it\/benedini\/catalogo_bib.php?BIB_CODI=1383 target=_self><i>Allo spazio Obrdan di Milnao la mostra di Gabriella Benedini<\/i>, in \"Mergendo.it\", online 25 settembre 2012<\/a><br \/><hr>&nbsp;&nbsp;&nbsp;&nbsp;&nbsp;&nbsp;&nbsp;&nbsp;&nbsp;&nbsp;<a style='color:#000000' href=https:\/\/www.arcope.it\/benedini\/catalogo_bib.php?BIB_CODI=1384 target=_self><i>Allo spazio Oberdan di Milano la mostra di Gabriella Benedini<\/i>, in \"Artsblog.it\", online 25 settembre 2012<\/a><br \/><hr>&nbsp;&nbsp;&nbsp;&nbsp;&nbsp;&nbsp;&nbsp;&nbsp;&nbsp;&nbsp;<a style='color:#000000' href=https:\/\/www.arcope.it\/benedini\/catalogo_bib.php?BIB_CODI=1385 target=_self><i>Video Arte, il viaggio degli oggetti recuperati di Gabriella Benedini<\/i>, in \"Yahoo.com\", online 25 settembre 2012<\/a><br \/><hr>&nbsp;&nbsp;&nbsp;&nbsp;&nbsp;&nbsp;&nbsp;&nbsp;&nbsp;&nbsp;<a style='color:#000000' href=https:\/\/www.arcope.it\/benedini\/catalogo_bib.php?BIB_CODI=1386 target=_self><i>Arte, il viaggio degli oggetti recuperati di Gabriella Benedini. Mostra allo Spazio Oberdan di Milano: \"Non si riposa il mare\"<\/i>, in \"Dailymotion.com\", online 25 settembre 2012<\/a><br \/><hr>&nbsp;&nbsp;&nbsp;&nbsp;&nbsp;&nbsp;&nbsp;&nbsp;&nbsp;&nbsp;<a style='color:#000000' href=https:\/\/www.arcope.it\/benedini\/catalogo_bib.php?BIB_CODI=1387 target=_self><i>Video<\/i>, in \"Ilgiornaledivicenza.it\", online 25 settembre 2012<\/a><br \/><hr>&nbsp;&nbsp;&nbsp;&nbsp;&nbsp;&nbsp;&nbsp;&nbsp;&nbsp;&nbsp;<a style='color:#000000' href=https:\/\/www.arcope.it\/benedini\/catalogo_bib.php?BIB_CODI=1388 target=_self><i>Video Il viaggio degli oggetti recuperati di Gabriella Benedini<\/i>, in \"Lastampa.it\", online 26 settembre 2012<\/a><br \/><hr>&nbsp;&nbsp;&nbsp;&nbsp;&nbsp;&nbsp;&nbsp;&nbsp;&nbsp;&nbsp;<a style='color:#000000' href=https:\/\/www.arcope.it\/benedini\/catalogo_bib.php?BIB_CODI=1389 target=_self><i>Dalla Liguria materiali recuperati dal mare arrivano a Milano sotto forma di opere d'arte<\/i>, in Montenapoleoneweb.com, online 26 settembre 2012<\/a><br \/><hr>&nbsp;&nbsp;&nbsp;&nbsp;&nbsp;&nbsp;&nbsp;&nbsp;&nbsp;&nbsp;<a style='color:#000000' href=https:\/\/www.arcope.it\/benedini\/catalogo_bib.php?BIB_CODI=1390 target=_self><i>Allo spazio Oberdan di Milano la mostra di Gabriella Benedini<\/i>, in \"Nanopress.it\", online 26 settembre 2012<\/a><br \/><hr>&nbsp;&nbsp;&nbsp;&nbsp;&nbsp;&nbsp;&nbsp;&nbsp;&nbsp;&nbsp;<a style='color:#000000' href=https:\/\/www.arcope.it\/benedini\/catalogo_bib.php?BIB_CODI=1306 target=_self><i>Spazio Oberdan Gabriella Benedini. Non si riposa il mare<\/i>, in \"TuttoMilano\", Milano 27 settembre 2012<\/a><br \/><hr>&nbsp;&nbsp;&nbsp;&nbsp;&nbsp;&nbsp;&nbsp;&nbsp;&nbsp;&nbsp;<a style='color:#000000' href=https:\/\/www.arcope.it\/benedini\/catalogo_bib.php?BIB_CODI=1391 target=_self><i>Giornate Europee del Patrimonio 2012. Il programmma completo<\/i>, in \"Milano.menteocale.it\", online 27 settembre 2012<\/a><br \/><hr>&nbsp;&nbsp;&nbsp;&nbsp;&nbsp;&nbsp;&nbsp;&nbsp;&nbsp;&nbsp;<a style='color:#000000' href=https:\/\/www.arcope.it\/benedini\/catalogo_bib.php?BIB_CODI=1392 target=_self><i>Non si riposa il mare<\/i>, in \"6e20.it\", online 27 settembre 2012<\/a><br \/><hr>&nbsp;&nbsp;&nbsp;&nbsp;&nbsp;&nbsp;&nbsp;&nbsp;&nbsp;&nbsp;<a style='color:#000000' href=https:\/\/www.arcope.it\/benedini\/catalogo_bib.php?BIB_CODI=884 target=_self><i>\"Non si riposa il mare\", genialit\u00e0 poetica di Gabriella Benedini<\/i>, in \"Ore 12\", Roma 28 settembre 2012<\/a><br \/><hr>&nbsp;&nbsp;&nbsp;&nbsp;&nbsp;&nbsp;&nbsp;&nbsp;&nbsp;&nbsp;<a style='color:#000000' href=https:\/\/www.arcope.it\/benedini\/catalogo_bib.php?BIB_CODI=1307 target=_self><i>Cultura e Spettacolo Il mare di Gabriella Benedini \"non si riposa\"<\/i>, in \"Milano Cinquegiorni\", Milano 28 settemrbe 2012<\/a><br \/><hr>&nbsp;&nbsp;&nbsp;&nbsp;&nbsp;&nbsp;&nbsp;&nbsp;&nbsp;&nbsp;<a style='color:#000000' href=https:\/\/www.arcope.it\/benedini\/catalogo_bib.php?BIB_CODI=1393 target=_self><i>Opere 1972-2012 - Gabriella Benedini<\/i>, in Cuneiforme.wordpress.com, online 28 settembre 2012<\/a><br \/><hr>&nbsp;&nbsp;&nbsp;&nbsp;&nbsp;&nbsp;&nbsp;&nbsp;&nbsp;&nbsp;<a style='color:#000000' href=https:\/\/www.arcope.it\/benedini\/catalogo_bib.php?BIB_CODI=1394 target=_self><i>Il mare di Gabriella Benedini \"Non si riposa\"<\/i>, in \"Cinquegiorni.it\", online 28 settembre 2012<\/a><br \/><hr>&nbsp;&nbsp;&nbsp;&nbsp;&nbsp;&nbsp;&nbsp;&nbsp;&nbsp;&nbsp;<a style='color:#000000' href=https:\/\/www.arcope.it\/benedini\/catalogo_bib.php?BIB_CODI=1395 target=_self><i>Milano e provincia. appuntamenti<\/i>, in \"24orenews.it\", online 30 settembre 2012<\/a><br \/><hr>&nbsp;&nbsp;&nbsp;&nbsp;&nbsp;&nbsp;&nbsp;&nbsp;&nbsp;&nbsp;<a style='color:#000000' href=https:\/\/www.arcope.it\/benedini\/catalogo_bib.php?BIB_CODI=878 target=_self><i>Gabriella Benedini Non si riposa il mare Bibliotheca<\/i>, Cento Amici del Libro, Milano 2012<\/a><br \/><hr>&nbsp;&nbsp;&nbsp;&nbsp;&nbsp;&nbsp;&nbsp;&nbsp;&nbsp;&nbsp;<a style='color:#000000' href=https:\/\/www.arcope.it\/benedini\/catalogo_bib.php?BIB_CODI=881 target=_self><i>La poesia incontra l'arte. I libri d'artista di Benedini con le liriche di Spaziani<\/i>, in \"La Provincia\", Cremona 2012<\/a><br \/><hr>&nbsp;&nbsp;&nbsp;&nbsp;&nbsp;&nbsp;&nbsp;&nbsp;&nbsp;&nbsp;<a style='color:#000000' href=https:\/\/www.arcope.it\/benedini\/catalogo_bib.php?BIB_CODI=886 target=_self><i>Non si riposa il mare Maria Luisa Spaziani - Gabriella Benedini<\/i> <i>Presentazione<\/i>, Cento Amici del Libro, Milano 2012<\/a><br \/><hr>&nbsp;&nbsp;&nbsp;&nbsp;&nbsp;&nbsp;&nbsp;&nbsp;&nbsp;&nbsp;<a style='color:#000000' href=https:\/\/www.arcope.it\/benedini\/catalogo_bib.php?BIB_CODI=896 target=_self><i>Castello Gamba Arte moderna e contemporanea in Valle d'Aosta<\/i>, a cura di Rosanna Maggio Serra, Silvana Editoriale, Cinisello Balsamo (MI) 2012<\/a><br \/><hr>&nbsp;&nbsp;&nbsp;&nbsp;&nbsp;&nbsp;&nbsp;&nbsp;&nbsp;&nbsp;<a style='color:#000000' href=https:\/\/www.arcope.it\/benedini\/catalogo_bib.php?BIB_CODI=978 target=_self><i>Castello Gamba. Arte moderna e contemporanea in Valle d'Aosta<\/i>, Silvana Editoriale, Cinisello Balsamo (MI) 2012<\/a><br \/><hr>&nbsp;&nbsp;&nbsp;&nbsp;&nbsp;&nbsp;&nbsp;&nbsp;&nbsp;&nbsp;<a style='color:#000000' href=https:\/\/www.arcope.it\/benedini\/catalogo_bib.php?BIB_CODI=1308 target=_self>Stefano De Angelis, <i>Artroom Appunti di viaggio Travel Notes<\/i>, in \"Live in\" ottobre 2012<\/a><br \/><hr>&nbsp;&nbsp;&nbsp;&nbsp;&nbsp;&nbsp;&nbsp;&nbsp;&nbsp;&nbsp;<a style='color:#000000' href=https:\/\/www.arcope.it\/benedini\/catalogo_bib.php?BIB_CODI=1309 target=_self><i>Gabriella Benedini non si riposa il mare<\/i>, in \"Artecultura\", Milano ottobre 2012<\/a><br \/><hr>&nbsp;&nbsp;&nbsp;&nbsp;&nbsp;&nbsp;&nbsp;&nbsp;&nbsp;&nbsp;<a style='color:#000000' href=https:\/\/www.arcope.it\/benedini\/catalogo_bib.php?BIB_CODI=1310 target=_self><i>Il baule\/appuntament con l'arte Milano Gabriella Benedini Arte contemporanea <\/i>, in \"Auto d'epoca\", San Sepolcro (AR) ottobre 2012<\/a><br \/><hr>&nbsp;&nbsp;&nbsp;&nbsp;&nbsp;&nbsp;&nbsp;&nbsp;&nbsp;&nbsp;<a style='color:#000000' href=https:\/\/www.arcope.it\/benedini\/catalogo_bib.php?BIB_CODI=1311 target=_self><i>Gabriella Benedini<\/i>, in \"Club Milano\", Milano ottobre 2012<\/a><br \/><hr>&nbsp;&nbsp;&nbsp;&nbsp;&nbsp;&nbsp;&nbsp;&nbsp;&nbsp;&nbsp;<a style='color:#000000' href=https:\/\/www.arcope.it\/benedini\/catalogo_bib.php?BIB_CODI=1396 target=_self><i>Calendario eventi: Non si riposa il mare<\/i>, in \"Equilibri.net\", online 1 ottobre 2012<\/a><br \/><hr>&nbsp;&nbsp;&nbsp;&nbsp;&nbsp;&nbsp;&nbsp;&nbsp;&nbsp;&nbsp;<a style='color:#000000' href=https:\/\/www.arcope.it\/benedini\/catalogo_bib.php?BIB_CODI=1397 target=_self><i>Presentazione del Libro polimaterico di Gabriella Benedini \"Non si riposa il mare\" con liriche inedite di Maria Luisa Spaziani<\/i>, in \"Informazione.it\", online 1 ottobre 2012<\/a><br \/><hr>&nbsp;&nbsp;&nbsp;&nbsp;&nbsp;&nbsp;&nbsp;&nbsp;&nbsp;&nbsp;<a style='color:#000000' href=https:\/\/www.arcope.it\/benedini\/catalogo_bib.php?BIB_CODI=1398 target=_self><i>Il mare di Gabriella Benedini<\/i>, in \"Smial.bolgeri.blogspot.it\", online 1 ottobre 2012<\/a><br \/><hr>&nbsp;&nbsp;&nbsp;&nbsp;&nbsp;&nbsp;&nbsp;&nbsp;&nbsp;&nbsp;<a style='color:#000000' href=https:\/\/www.arcope.it\/benedini\/catalogo_bib.php?BIB_CODI=1399 target=_self><i>Vedere nel mondo Tutte le mostre del mese in tuttoil mondo- Spazio Oberdan<\/i>, in \"Ilgiornaledell'arte.com\", online 1 ottobre 2012<\/a><br \/><hr>&nbsp;&nbsp;&nbsp;&nbsp;&nbsp;&nbsp;&nbsp;&nbsp;&nbsp;&nbsp;<a style='color:#000000' href=https:\/\/www.arcope.it\/benedini\/catalogo_bib.php?BIB_CODI=1400 target=_self><i>Mostra di Gabriella Benedini \"Non si riposa il mare\"<\/i>, in \"Milanotoday.it\", online 4 ottobre 2012<\/a><br \/><hr>&nbsp;&nbsp;&nbsp;&nbsp;&nbsp;&nbsp;&nbsp;&nbsp;&nbsp;&nbsp;<a style='color:#000000' href=https:\/\/www.arcope.it\/benedini\/catalogo_bib.php?BIB_CODI=1401 target=_self><i>Spazio Oberdan presentazione del libro polimaterico di Gabriella Benedini<\/i>, in \"Pegasonews.it\", online 4 ottobre 2012<\/a><br \/><hr>&nbsp;&nbsp;&nbsp;&nbsp;&nbsp;&nbsp;&nbsp;&nbsp;&nbsp;&nbsp;<a style='color:#000000' href=https:\/\/www.arcope.it\/benedini\/catalogo_bib.php?BIB_CODI=1402 target=_self><i>Gabriella Benedini \"Non si riposa il mare\"<\/i>, in Provincia.milano.it, online 4 ottobre 2012<\/a><br \/><hr>&nbsp;&nbsp;&nbsp;&nbsp;&nbsp;&nbsp;&nbsp;&nbsp;&nbsp;&nbsp;<a style='color:#000000' href=https:\/\/www.arcope.it\/benedini\/catalogo_bib.php?BIB_CODI=1403 target=_self><i>Mostre\/Presentaizone de libro di Gabriella Benedini \"Non si riposa il mare\"<\/i>, in \"Assesempione.it\", online 4 ottobre 2012<\/a><br \/><hr>&nbsp;&nbsp;&nbsp;&nbsp;&nbsp;&nbsp;&nbsp;&nbsp;&nbsp;&nbsp;<a style='color:#000000' href=https:\/\/www.arcope.it\/benedini\/catalogo_bib.php?BIB_CODI=1404 target=_self><i>Spazio Oberdan Mi\/ Marted\u00ec 9 ottobre oer 18.30 \/Presentazione del Libro polimaterico di Gabriella Benedini con liriche inedite di Maria Luisa Spaziani<\/i>, in \"Sfogliamilano.it\", online 4 ottobre 2012<\/a><br \/><hr>&nbsp;&nbsp;&nbsp;&nbsp;&nbsp;&nbsp;&nbsp;&nbsp;&nbsp;&nbsp;<a style='color:#000000' href=https:\/\/www.arcope.it\/benedini\/catalogo_bib.php?BIB_CODI=1405 target=_self><i>\"Non si riposa il mare\": Gabriella Benedini<\/i>, in \"Artevarese.com\", online 4 ottobre 2012<\/a><br \/><hr>&nbsp;&nbsp;&nbsp;&nbsp;&nbsp;&nbsp;&nbsp;&nbsp;&nbsp;&nbsp;<a style='color:#000000' href=https:\/\/www.arcope.it\/benedini\/catalogo_bib.php?BIB_CODI=1406 target=_self><i>Mostra di Gabriella Benedini \"Non si riposa il mare\"<\/i>, in \"Politicalsocial.it\", online 4 ottobre 2012<\/a><br \/><hr>&nbsp;&nbsp;&nbsp;&nbsp;&nbsp;&nbsp;&nbsp;&nbsp;&nbsp;&nbsp;<a style='color:#000000' href=https:\/\/www.arcope.it\/benedini\/catalogo_bib.php?BIB_CODI=1407 target=_self><i>Mostre<\/i>, in \"Larepubblica.it\", online 5 ottobre 2012<\/a><br \/><hr>&nbsp;&nbsp;&nbsp;&nbsp;&nbsp;&nbsp;&nbsp;&nbsp;&nbsp;&nbsp;<a style='color:#000000' href=https:\/\/www.arcope.it\/benedini\/catalogo_bib.php?BIB_CODI=1408 target=_self><i>Non si riposa il mare<\/i>, in \"Cipmo.it\", online 5 ottobre 2012<\/a><br \/><hr>&nbsp;&nbsp;&nbsp;&nbsp;&nbsp;&nbsp;&nbsp;&nbsp;&nbsp;&nbsp;<a style='color:#000000' href=https:\/\/www.arcope.it\/benedini\/catalogo_bib.php?BIB_CODI=1313 target=_self><i>Spazio Oberdan Gabriella Benedini<\/i>, in \"Il Giornale\", Milano 7 ottobre 2012<\/a><br \/><hr>&nbsp;&nbsp;&nbsp;&nbsp;&nbsp;&nbsp;&nbsp;&nbsp;&nbsp;&nbsp;<a style='color:#000000' href=https:\/\/www.arcope.it\/benedini\/catalogo_bib.php?BIB_CODI=1409 target=_self><i>Presentazione Libro Polimaterico: Non si Riposa il Mare di Gabriella Benedini<\/i>, in \"arte.go.it\", online 8 ottobre 2012<\/a><br \/><hr>&nbsp;&nbsp;&nbsp;&nbsp;&nbsp;&nbsp;&nbsp;&nbsp;&nbsp;&nbsp;<a style='color:#000000' href=https:\/\/www.arcope.it\/benedini\/catalogo_bib.php?BIB_CODI=880 target=_self>Gian Marco Walch, <i>Benedini e Spaziani I due volti dell'arte<\/i>, in \"Il Giorno\", Milano 09\/10\/2012<\/a><br \/><hr>&nbsp;&nbsp;&nbsp;&nbsp;&nbsp;&nbsp;&nbsp;&nbsp;&nbsp;&nbsp;<a style='color:#000000' href=https:\/\/www.arcope.it\/benedini\/catalogo_bib.php?BIB_CODI=1314 target=_self><i>Benedini e Spaziani I due volti dell'arte<\/i>, in \"Il Giorno\", Milano 9 ottobre 2012<\/a><br \/><hr>&nbsp;&nbsp;&nbsp;&nbsp;&nbsp;&nbsp;&nbsp;&nbsp;&nbsp;&nbsp;<a style='color:#000000' href=https:\/\/www.arcope.it\/benedini\/catalogo_bib.php?BIB_CODI=1410 target=_self><i>Gabriella Benedini - Non si riposa il mare<\/i>, in \"Artribune\", online 9 ottobre 2012<\/a><br \/><hr>&nbsp;&nbsp;&nbsp;&nbsp;&nbsp;&nbsp;&nbsp;&nbsp;&nbsp;&nbsp;<a style='color:#000000' href=https:\/\/www.arcope.it\/benedini\/catalogo_bib.php?BIB_CODI=1411 target=_self><i>Maria Luisa Spaziani e il girasole<\/i>, in \"Donnedellarealta.wordpress.com\", online 9 ottobre 2012<\/a><br \/><hr>&nbsp;&nbsp;&nbsp;&nbsp;&nbsp;&nbsp;&nbsp;&nbsp;&nbsp;&nbsp;<a style='color:#000000' href=https:\/\/www.arcope.it\/benedini\/catalogo_bib.php?BIB_CODI=1412 target=_self>Massimo Cecconi, <i>Andar per mostre...Non si riposa il mare<\/i>, in \"z3xmi.it\", online 9 ottobre 2012<\/a><br \/><hr>&nbsp;&nbsp;&nbsp;&nbsp;&nbsp;&nbsp;&nbsp;&nbsp;&nbsp;&nbsp;<a style='color:#000000' href=https:\/\/www.arcope.it\/benedini\/catalogo_bib.php?BIB_CODI=1413 target=_self><i>Spazio Oberdan: presentazione del libro polimaterico di Gabriella Benedini<\/i>, in \"Gdapress.it\", online 9 ottobre 2012<\/a><br \/><hr>&nbsp;&nbsp;&nbsp;&nbsp;&nbsp;&nbsp;&nbsp;&nbsp;&nbsp;&nbsp;<a style='color:#000000' href=https:\/\/www.arcope.it\/benedini\/catalogo_bib.php?BIB_CODI=1414 target=_self><i>Gabriella Benedini<\/i>, in \"Undo.net\", online 9 ottobre 2012<\/a><br \/><hr>&nbsp;&nbsp;&nbsp;&nbsp;&nbsp;&nbsp;&nbsp;&nbsp;&nbsp;&nbsp;<a style='color:#000000' href=https:\/\/www.arcope.it\/benedini\/catalogo_bib.php?BIB_CODI=1315 target=_self>Chiara Gatti, <i>Arte Spazio Oberdan Gabriella Benedini. Non si riposail mare<\/i>, in \"TuttoMilano\", Milano 11 ottobre 2012<\/a><br \/><hr>&nbsp;&nbsp;&nbsp;&nbsp;&nbsp;&nbsp;&nbsp;&nbsp;&nbsp;&nbsp;<a style='color:#000000' href=https:\/\/www.arcope.it\/benedini\/catalogo_bib.php?BIB_CODI=1415 target=_self><i>Mostre d'arte, le architetture temporali di Gabriella Benedini<\/i>, in \"Architetti.it\", online 11 ottobre 2012<\/a><br \/><hr>&nbsp;&nbsp;&nbsp;&nbsp;&nbsp;&nbsp;&nbsp;&nbsp;&nbsp;&nbsp;<a style='color:#000000' href=https:\/\/www.arcope.it\/benedini\/catalogo_bib.php?BIB_CODI=1416 target=_self><i>Gabriella Benedini - Non si riposa il mare<\/i>, in \"Mondopressing.com\", online 11 ottobre 2012<\/a><br \/><hr>&nbsp;&nbsp;&nbsp;&nbsp;&nbsp;&nbsp;&nbsp;&nbsp;&nbsp;&nbsp;<a style='color:#000000' href=https:\/\/www.arcope.it\/benedini\/catalogo_bib.php?BIB_CODI=1417 target=_self><i>Mostre d'arte, le architetture temporali d Gabriella Benedini<\/i>, in \"Blogbabel.com\", online 11 ottobre 2012<\/a><br \/><hr>&nbsp;&nbsp;&nbsp;&nbsp;&nbsp;&nbsp;&nbsp;&nbsp;&nbsp;&nbsp;<a style='color:#000000' href=https:\/\/www.arcope.it\/benedini\/catalogo_bib.php?BIB_CODI=1316 target=_self><i>Schede critiche Gabriella Benedini<\/i>, in \"ViviMilano\", Milano 17 ottobre 2012<\/a><br \/><hr>&nbsp;&nbsp;&nbsp;&nbsp;&nbsp;&nbsp;&nbsp;&nbsp;&nbsp;&nbsp;<a style='color:#000000' href=https:\/\/www.arcope.it\/benedini\/catalogo_bib.php?BIB_CODI=1317 target=_self><i>\"Non si riposa il mare\"<\/i>, in \"Vita\", Milano 18 ottobre 2012<\/a><br \/><hr>&nbsp;&nbsp;&nbsp;&nbsp;&nbsp;&nbsp;&nbsp;&nbsp;&nbsp;&nbsp;<a style='color:#000000' href=https:\/\/www.arcope.it\/benedini\/catalogo_bib.php?BIB_CODI=1318 target=_self><i>G. Benedini<\/i>, in \"Avvenire\", Milano 18 ottobre 2012<\/a><br \/><hr>&nbsp;&nbsp;&nbsp;&nbsp;&nbsp;&nbsp;&nbsp;&nbsp;&nbsp;&nbsp;<a style='color:#000000' href=https:\/\/www.arcope.it\/benedini\/catalogo_bib.php?BIB_CODI=1418 target=_self><i>Gabriella Benedini Non si riposa il mare<\/i>, in \"Women.it\", online 20 ottobre 2012<\/a><br \/><hr>&nbsp;&nbsp;&nbsp;&nbsp;&nbsp;&nbsp;&nbsp;&nbsp;&nbsp;&nbsp;<a style='color:#000000' href=https:\/\/www.arcope.it\/benedini\/catalogo_bib.php?BIB_CODI=1419 target=_self><i>Gabriella Benedini fa sognare allo Spaizo Oberdan<\/i>, in \"Tgcom24.mediaset.it\", online 23 ottobre 2012<\/a><br \/><hr>&nbsp;&nbsp;&nbsp;&nbsp;&nbsp;&nbsp;&nbsp;&nbsp;&nbsp;&nbsp;<a style='color:#000000' href=https:\/\/www.arcope.it\/benedini\/catalogo_bib.php?BIB_CODI=894 target=_self>Mauro Bianchini, <i>Mostre Con Gabriella Benedini \"Non si riposa il mare\"<\/i>, in \"Assesempione\"<\/a><br \/><hr>&nbsp;&nbsp;&nbsp;&nbsp;&nbsp;&nbsp;&nbsp;&nbsp;&nbsp;&nbsp;<a style='color:#000000' href=https:\/\/www.arcope.it\/benedini\/catalogo_bib.php?BIB_CODI=1420 target=_self>Mauro Bianchini, <i>Mostre\/ Con Gabriella Benedini \"Non si riposa il mare\"<\/i>, in \"Assesempione.info\", online 25 ottobre 2012<\/a><br \/><hr>&nbsp;&nbsp;&nbsp;&nbsp;&nbsp;&nbsp;&nbsp;&nbsp;&nbsp;&nbsp;<a style='color:#000000' href=https:\/\/www.arcope.it\/benedini\/catalogo_bib.php?BIB_CODI=1421 target=_self><i>Gabriella Benedini \"Non si riposa il mare\"<\/i>, in \"Artinmostra.wordpress.com\", online 26 ottobre 2012<\/a><br \/><hr>&nbsp;&nbsp;&nbsp;&nbsp;&nbsp;&nbsp;&nbsp;&nbsp;&nbsp;&nbsp;<a style='color:#000000' href=https:\/\/www.arcope.it\/benedini\/catalogo_bib.php?BIB_CODI=1422 target=_self><i>Mostre\/Con Gabriella Benedini \"Non si riposa il mare\"<\/i>, in \"Innordovest.rigagialla.it\", online 26 ottobre 2012<\/a><br \/><hr>&nbsp;&nbsp;&nbsp;&nbsp;&nbsp;&nbsp;&nbsp;&nbsp;&nbsp;&nbsp;<a style='color:#000000' href=https:\/\/www.arcope.it\/benedini\/catalogo_bib.php?BIB_CODI=1319 target=_self>Marta Cereda, <i>Il lungo viaggio di Gabriella Benedini<\/i>, in \"Studi cattolici\", Milano novembre 2012<\/a><br \/><hr>&nbsp;&nbsp;&nbsp;&nbsp;&nbsp;&nbsp;&nbsp;&nbsp;&nbsp;&nbsp;<a style='color:#000000' href=https:\/\/www.arcope.it\/benedini\/catalogo_bib.php?BIB_CODI=1320 target=_self><i>Dall'alba al tramonto, gli eventi da non perdere in Lombardia<\/i>, in \"Il Giorno\", Milano 2 novembre 2012<\/a><br \/><hr>&nbsp;&nbsp;&nbsp;&nbsp;&nbsp;&nbsp;&nbsp;&nbsp;&nbsp;&nbsp;<a style='color:#000000' href=https:\/\/www.arcope.it\/benedini\/catalogo_bib.php?BIB_CODI=1423 target=_self><i>Milano. Spazio Oberdan ultmi giorni della mostra \"Gabriella Benedini\"<\/i>, in \"24orenews.it\", online 2 novembre 2012<\/a><br \/><hr>&nbsp;&nbsp;&nbsp;&nbsp;&nbsp;&nbsp;&nbsp;&nbsp;&nbsp;&nbsp;<a style='color:#000000' href=https:\/\/www.arcope.it\/benedini\/catalogo_bib.php?BIB_CODI=1321 target=_self><i>Milano Il mare secondo Benedini<\/i>, in \"Il Giorno\", Milano 3 novembre 2012<\/a><br \/><hr>&nbsp;&nbsp;&nbsp;&nbsp;&nbsp;&nbsp;&nbsp;&nbsp;&nbsp;&nbsp;<a style='color:#000000' href=https:\/\/www.arcope.it\/benedini\/catalogo_bib.php?BIB_CODI=1322 target=_self><i>Spazio Oberdan Gabriella Benedini<\/i>, in \"Il Giornale\", Milano 3 novembre 2012<\/a><br \/><hr>&nbsp;&nbsp;&nbsp;&nbsp;&nbsp;&nbsp;&nbsp;&nbsp;&nbsp;&nbsp;<a style='color:#000000' href=https:\/\/www.arcope.it\/benedini\/catalogo_bib.php?BIB_CODI=1424 target=_self><i>Spazio Oberdan Ultimo weekend per la mostra \"Non si riposa il mare\" di Gabriella Benedini - Milano<\/i>, in \"Gdapress.it\", online 3 novembre 2012<\/a><br \/><hr>&nbsp;&nbsp;&nbsp;&nbsp;&nbsp;&nbsp;&nbsp;&nbsp;&nbsp;&nbsp;<a style='color:#000000' href=https:\/\/www.arcope.it\/benedini\/catalogo_bib.php?BIB_CODI=1425 target=_self>Laura Crespi, <i>Il cosmo dentro. Gabrieella Benedini - Costellazioni<\/i>, in \"Lastampa.it\", online 7 novembre 2012<\/a><br \/><hr>&nbsp;&nbsp;&nbsp;&nbsp;&nbsp;&nbsp;&nbsp;&nbsp;&nbsp;&nbsp;<a style='color:#000000' href=https:\/\/www.arcope.it\/benedini\/catalogo_bib.php?BIB_CODI=921 target=_self><i>Voci della scultura<\/i> <i>Poetiche del contemporaneo Linee di ricerca dell'arte italiana<\/i>, a cura di Claudio Cerritelli, Milano 2012<\/a><br \/><hr>&nbsp;&nbsp;&nbsp;&nbsp;&nbsp;&nbsp;&nbsp;&nbsp;&nbsp;&nbsp;<a style='color:#000000' href=https:\/\/www.arcope.it\/benedini\/catalogo_bib.php?BIB_CODI=388 target=_self>Fernanda Fedi, <i>Collettivi e gruppi artistici a Milano<\/i>, in \"Enthymema\",  Milano 2012<\/a><br \/><hr><b><font size=6 color='#7F81FF'>2013<\/font><\/b><br>&nbsp;&nbsp;&nbsp;&nbsp;&nbsp;&nbsp;&nbsp;&nbsp;&nbsp;&nbsp;<a style='color:#000000' href=https:\/\/www.arcope.it\/benedini\/catalogo_bib.php?BIB_CODI=890 target=_self><i>Novanta artisti per una bandiera<\/i> <i>Una mostra per il nuovo Ospedale della Donna e del Bambino di Reggio Emilia<\/i>, a cura di Sandro Parmiggiani, Corsiero Editore, Reggio Emilia 2013<\/a><br \/><hr>&nbsp;&nbsp;&nbsp;&nbsp;&nbsp;&nbsp;&nbsp;&nbsp;&nbsp;&nbsp;<a style='color:#000000' href=https:\/\/www.arcope.it\/benedini\/catalogo_bib.php?BIB_CODI=892 target=_self><i>Mid Industry capital<\/i> <i>Progetto di relazioni e bilanci 2012<\/i>, Milano 2013<\/a><br \/><hr>&nbsp;&nbsp;&nbsp;&nbsp;&nbsp;&nbsp;&nbsp;&nbsp;&nbsp;&nbsp;<a style='color:#000000' href=https:\/\/www.arcope.it\/benedini\/catalogo_bib.php?BIB_CODI=893 target=_self><i>Mid Industru capital<\/i> <i>relazione dell'anno 2012<\/i>, Milano 2013<\/a><br \/><hr>&nbsp;&nbsp;&nbsp;&nbsp;&nbsp;&nbsp;&nbsp;&nbsp;&nbsp;&nbsp;<a style='color:#000000' href=https:\/\/www.arcope.it\/benedini\/catalogo_bib.php?BIB_CODI=1562 target=_self>Gabriele Pipia, <i>A Villa Morosini Harmonia Plantarum, tra mostre e convegni<\/i>, in \"Il Gazzettino\", Venezia 11 maggio 2013<\/a><br \/><hr>&nbsp;&nbsp;&nbsp;&nbsp;&nbsp;&nbsp;&nbsp;&nbsp;&nbsp;&nbsp;<a style='color:#000000' href=https:\/\/www.arcope.it\/benedini\/catalogo_bib.php?BIB_CODI=895 target=_self>Claudio Cerritelli, <i>Biennale Internazionale di scultura Racconigi 2013<\/i> <i>Pensare lo spazio: dialoghi tra natura e immaginazione<\/i>, Allemandi & C., Torino 2013<\/a><br \/><hr>&nbsp;&nbsp;&nbsp;&nbsp;&nbsp;&nbsp;&nbsp;&nbsp;&nbsp;&nbsp;<a style='color:#000000' href=https:\/\/www.arcope.it\/benedini\/catalogo_bib.php?BIB_CODI=897 target=_self>Anna Comino, <i>Gabriella Benedini  Carteggio<\/i>, in \"Juliet\", Milano giugno-luglio 2013<\/a><br \/><hr>&nbsp;&nbsp;&nbsp;&nbsp;&nbsp;&nbsp;&nbsp;&nbsp;&nbsp;&nbsp;<a style='color:#000000' href=https:\/\/www.arcope.it\/benedini\/catalogo_bib.php?BIB_CODI=899 target=_self><i>Scultori nel parco della reggia<\/i>, in \"La Provincia\", Cremona 2013<\/a><br \/><hr>&nbsp;&nbsp;&nbsp;&nbsp;&nbsp;&nbsp;&nbsp;&nbsp;&nbsp;&nbsp;<a style='color:#000000' href=https:\/\/www.arcope.it\/benedini\/catalogo_bib.php?BIB_CODI=862 target=_self><i>With a little help from my friends<\/i> <i>Artisti per il MAGA<\/i>, s.l. 2013<\/a><br \/><hr>&nbsp;&nbsp;&nbsp;&nbsp;&nbsp;&nbsp;&nbsp;&nbsp;&nbsp;&nbsp;<a style='color:#000000' href=https:\/\/www.arcope.it\/benedini\/catalogo_bib.php?BIB_CODI=901 target=_self><i>Rito, costume, paradosso<\/i> <i>Il cammino del pane<\/i>, Edizioni esseblu, Milano 2013<\/a><br \/><hr>&nbsp;&nbsp;&nbsp;&nbsp;&nbsp;&nbsp;&nbsp;&nbsp;&nbsp;&nbsp;<a style='color:#000000' href=https:\/\/www.arcope.it\/benedini\/catalogo_bib.php?BIB_CODI=898 target=_self><i>Gabriella Benedini Scritti a mano<\/i> <i>Inventario<\/i>, Milano 2013<\/a><br \/><hr>&nbsp;&nbsp;&nbsp;&nbsp;&nbsp;&nbsp;&nbsp;&nbsp;&nbsp;&nbsp;<a style='color:#000000' href=https:\/\/www.arcope.it\/benedini\/catalogo_bib.php?BIB_CODI=905 target=_self>Giovanna Grossato, <i>Benedini l'amanuense che riscrive la materia<\/i>, in \"Il giornale di Vicenza\", Vicenza 2013<\/a><br \/><hr>&nbsp;&nbsp;&nbsp;&nbsp;&nbsp;&nbsp;&nbsp;&nbsp;&nbsp;&nbsp;<a style='color:#000000' href=https:\/\/www.arcope.it\/benedini\/catalogo_bib.php?BIB_CODI=902 target=_self><i>Gabriella Benedini Scritti a mano<\/i>, a cura di Giovanna Grossato, s.l. 2013<\/a><br \/><hr><b><font size=6 color='#7F81FF'>2014<\/font><\/b><br>&nbsp;&nbsp;&nbsp;&nbsp;&nbsp;&nbsp;&nbsp;&nbsp;&nbsp;&nbsp;<a style='color:#000000' href=https:\/\/www.arcope.it\/benedini\/catalogo_bib.php?BIB_CODI=903 target=_self><i>La citt\u00e0 salvata. Omaggio a Simone Weil<\/i>, a cura di Vittoria Surian, Eidos, Mirano (VE) 2014<\/a><br \/><hr>&nbsp;&nbsp;&nbsp;&nbsp;&nbsp;&nbsp;&nbsp;&nbsp;&nbsp;&nbsp;<a style='color:#000000' href=https:\/\/www.arcope.it\/benedini\/catalogo_bib.php?BIB_CODI=906 target=_self>Elena Pontiggia, Cristina Casero, <i>Nati nei '30<\/i> <i>Milano e la generazione di Piero Manzoni<\/i>, Skira, Milano 2014<\/a><br \/><hr>&nbsp;&nbsp;&nbsp;&nbsp;&nbsp;&nbsp;&nbsp;&nbsp;&nbsp;&nbsp;<a style='color:#000000' href=https:\/\/www.arcope.it\/benedini\/catalogo_bib.php?BIB_CODI=1490 target=_self>Francesca Am\u00e9 , <i>Negli anni Sessanta con i \u00abcugini\u00bb di Piero Manzoni<\/i>, in \"Il Giornale\", Milano 9 aprile 2014<\/a><br \/><hr>&nbsp;&nbsp;&nbsp;&nbsp;&nbsp;&nbsp;&nbsp;&nbsp;&nbsp;&nbsp;<a style='color:#000000' href=https:\/\/www.arcope.it\/benedini\/catalogo_bib.php?BIB_CODI=908 target=_self><i>Nutrire la pace energia della vita<\/i> <i>Asta di arte contemporanea<\/i>, a cura di Arturo Schwarz, Milano 2014<\/a><br \/><hr>&nbsp;&nbsp;&nbsp;&nbsp;&nbsp;&nbsp;&nbsp;&nbsp;&nbsp;&nbsp;<a style='color:#000000' href=https:\/\/www.arcope.it\/benedini\/catalogo_bib.php?BIB_CODI=949 target=_self>Sandro Parmiggiani, <i>In viaggio in tutto il mondo per l'arte<\/i>, in \"Vedere in Lombardia\" supplemento de \"Il Giornale dell'arte\", <i>Ma per Gabriella Benedini la citt\u00e0 natale \u00e8 rimasta il luogo dove ornare<\/i>, Torino maggio-giugno-luglio 2014<\/a><br \/><hr>&nbsp;&nbsp;&nbsp;&nbsp;&nbsp;&nbsp;&nbsp;&nbsp;&nbsp;&nbsp;<a style='color:#000000' href=https:\/\/www.arcope.it\/benedini\/catalogo_bib.php?BIB_CODI=909 target=_self><i>Ricognizione sulla scultura \/2 scritti di Alberto Veca<\/i> <i>Anni novanta e duemila quaderno 4<\/i>, Milano 2014<\/a><br \/><hr>&nbsp;&nbsp;&nbsp;&nbsp;&nbsp;&nbsp;&nbsp;&nbsp;&nbsp;&nbsp;<a style='color:#000000' href=https:\/\/www.arcope.it\/benedini\/catalogo_bib.php?BIB_CODI=914 target=_self>Silvana Peira, <i>Via del sale. Arte contemporanea dalla langa al mare 2014<\/i>, presentazione di Viviana Siviero, Il Fondaco Edizioni, Bra (CN) 2014<\/a><br \/><hr>&nbsp;&nbsp;&nbsp;&nbsp;&nbsp;&nbsp;&nbsp;&nbsp;&nbsp;&nbsp;<a style='color:#000000' href=https:\/\/www.arcope.it\/benedini\/catalogo_bib.php?BIB_CODI=1214 target=_self><i>Sere estive al Museo diocesano<\/i>, in \"Avvenire\", Milano<\/a><br \/><hr>&nbsp;&nbsp;&nbsp;&nbsp;&nbsp;&nbsp;&nbsp;&nbsp;&nbsp;&nbsp;<a style='color:#000000' href=https:\/\/www.arcope.it\/benedini\/catalogo_bib.php?BIB_CODI=1224 target=_self><i>Milano: \"Gabriella Benedini. Transiti e incontri\"<\/i>, in \"touringclub.it\", online 10 giugno 2014<\/a><br \/><hr>&nbsp;&nbsp;&nbsp;&nbsp;&nbsp;&nbsp;&nbsp;&nbsp;&nbsp;&nbsp;<a style='color:#000000' href=https:\/\/www.arcope.it\/benedini\/catalogo_bib.php?BIB_CODI=1225 target=_self><i>Transiti e Incontri Gabriella Benedini<\/i>, in \"nowevents.net\", online 11 giugno 2014<\/a><br \/><hr>&nbsp;&nbsp;&nbsp;&nbsp;&nbsp;&nbsp;&nbsp;&nbsp;&nbsp;&nbsp;<a style='color:#000000' href=https:\/\/www.arcope.it\/benedini\/catalogo_bib.php?BIB_CODI=1226 target=_self><i>Arte e Cultura. Gabriella Benedini<\/i>, in \"Vivimilano.it\", online 12 giugno 2014<\/a><br \/><hr>&nbsp;&nbsp;&nbsp;&nbsp;&nbsp;&nbsp;&nbsp;&nbsp;&nbsp;&nbsp;<a style='color:#000000' href=https:\/\/www.arcope.it\/benedini\/catalogo_bib.php?BIB_CODI=1227 target=_self><i>Transiti e Incontri Gabriella Benedini 1984-2014<\/i>, in \"wherevent.it\", online 13 giugno 2014<\/a><br \/><hr>&nbsp;&nbsp;&nbsp;&nbsp;&nbsp;&nbsp;&nbsp;&nbsp;&nbsp;&nbsp;<a style='color:#000000' href=https:\/\/www.arcope.it\/benedini\/catalogo_bib.php?BIB_CODI=1228 target=_self><i>Gabriella Benedini-Transiti e incontri<\/i>, in \"Artribune\", online 14 giugno 2014<\/a><br \/><hr>&nbsp;&nbsp;&nbsp;&nbsp;&nbsp;&nbsp;&nbsp;&nbsp;&nbsp;&nbsp;<a style='color:#000000' href=https:\/\/www.arcope.it\/benedini\/catalogo_bib.php?BIB_CODI=1229 target=_self><i>Gabriella Benedini - Transiti e incontri 1984-2014<\/i>, in \"Exibart\", online 16 giugno 2014<\/a><br \/><hr>&nbsp;&nbsp;&nbsp;&nbsp;&nbsp;&nbsp;&nbsp;&nbsp;&nbsp;&nbsp;<a style='color:#000000' href=https:\/\/www.arcope.it\/benedini\/catalogo_bib.php?BIB_CODI=1230 target=_self><i>Transiti e incontri di Gabriella Benedini<\/i>, in \"incrocinews.it\", online 16 giugno 2014<\/a><br \/><hr>&nbsp;&nbsp;&nbsp;&nbsp;&nbsp;&nbsp;&nbsp;&nbsp;&nbsp;&nbsp;<a style='color:#000000' href=https:\/\/www.arcope.it\/benedini\/catalogo_bib.php?BIB_CODI=942 target=_self>Irene Lasalvia, <i>Oltre il mito a vele spiegate<\/i>, in \"Il Corriere di Milano\", Milano 2014<\/a><br \/><hr>&nbsp;&nbsp;&nbsp;&nbsp;&nbsp;&nbsp;&nbsp;&nbsp;&nbsp;&nbsp;<a style='color:#000000' href=https:\/\/www.arcope.it\/benedini\/catalogo_bib.php?BIB_CODI=1232 target=_self><i>\"Transiti e incontri\" di Gabriella Benedini<\/i>, in \"mondomilano.it\", online 18 giugno 2014<\/a><br \/><hr>&nbsp;&nbsp;&nbsp;&nbsp;&nbsp;&nbsp;&nbsp;&nbsp;&nbsp;&nbsp;<a style='color:#000000' href=https:\/\/www.arcope.it\/benedini\/catalogo_bib.php?BIB_CODI=1233 target=_self><i>La cremonese Benedini al Museo Diocesano di Milano<\/i>, in \"welfarenetwork.it\", online 18 giugno 2014<\/a><br \/><hr>&nbsp;&nbsp;&nbsp;&nbsp;&nbsp;&nbsp;&nbsp;&nbsp;&nbsp;&nbsp;<a style='color:#000000' href=https:\/\/www.arcope.it\/benedini\/catalogo_bib.php?BIB_CODI=939 target=_self>Chiara Gatti, <i>Viaggio mistico tra estetica e antropologia<\/i>, in \"Tutto Milano\" supplemento de \"La Repubblica\", Milano 19-25 giugno 2014<\/a><br \/><hr>&nbsp;&nbsp;&nbsp;&nbsp;&nbsp;&nbsp;&nbsp;&nbsp;&nbsp;&nbsp;<a style='color:#000000' href=https:\/\/www.arcope.it\/benedini\/catalogo_bib.php?BIB_CODI=1231 target=_self><i>Transiti e incontri. Gabriella Benedini 1984-2014<\/i>, in \"www.arte.it\", online 19 giugno 2014<\/a><br \/><hr>&nbsp;&nbsp;&nbsp;&nbsp;&nbsp;&nbsp;&nbsp;&nbsp;&nbsp;&nbsp;<a style='color:#000000' href=https:\/\/www.arcope.it\/benedini\/catalogo_bib.php?BIB_CODI=1234 target=_self><i>Transiti e incontri. Gabriella Benedini 1984-2014<\/i>, in \"www.bedandbreakfast.it\", online 19 giugno 2014<\/a><br \/><hr>&nbsp;&nbsp;&nbsp;&nbsp;&nbsp;&nbsp;&nbsp;&nbsp;&nbsp;&nbsp;<a style='color:#000000' href=https:\/\/www.arcope.it\/benedini\/catalogo_bib.php?BIB_CODI=1235 target=_self><i>Mudi contemporanea presenta la mostra di Gabriella Benedini \"Transiti e incontri\"<\/i>, in \"eventisagre.it\", online 19 giugno 2014<\/a><br \/><hr>&nbsp;&nbsp;&nbsp;&nbsp;&nbsp;&nbsp;&nbsp;&nbsp;&nbsp;&nbsp;<a style='color:#000000' href=https:\/\/www.arcope.it\/benedini\/catalogo_bib.php?BIB_CODI=1236 target=_self><i>Transiti e incontri<\/i>, in \"www.turismo.milano.it\", online 19 giugno 2014<\/a><br \/><hr>&nbsp;&nbsp;&nbsp;&nbsp;&nbsp;&nbsp;&nbsp;&nbsp;&nbsp;&nbsp;<a style='color:#000000' href=https:\/\/www.arcope.it\/benedini\/catalogo_bib.php?BIB_CODI=1237 target=_self><i>Transiti e incontri<\/i>, in \"www.visitamilano.it\", online 19 giugno 2014<\/a><br \/><hr>&nbsp;&nbsp;&nbsp;&nbsp;&nbsp;&nbsp;&nbsp;&nbsp;&nbsp;&nbsp;<a style='color:#000000' href=https:\/\/www.arcope.it\/benedini\/catalogo_bib.php?BIB_CODI=907 target=_self><i>Gabriella Benedini 1984-2014 Transiti e incontri<\/i>, a cura di Paolo Biscottini, presentazione di Paolo Bolpagni, Galli Tierry stampa, Milano 2014<\/a><br \/><hr>&nbsp;&nbsp;&nbsp;&nbsp;&nbsp;&nbsp;&nbsp;&nbsp;&nbsp;&nbsp;<a style='color:#000000' href=https:\/\/www.arcope.it\/benedini\/catalogo_bib.php?BIB_CODI=1238 target=_self><i>\"Transiti e incontri\" di Gabriella Benedini<\/i>, in \"blogs.mondomilano.it\", online 20 giugno 2014<\/a><br \/><hr>&nbsp;&nbsp;&nbsp;&nbsp;&nbsp;&nbsp;&nbsp;&nbsp;&nbsp;&nbsp;<a style='color:#000000' href=https:\/\/www.arcope.it\/benedini\/catalogo_bib.php?BIB_CODI=1213 target=_self><i>Benedini, \"Transiti e Incontri\"<\/i>, in \"Pi\u00f9\" supplemento de \"La provincia di Cremona\", Cremona 21 giugno 2014<\/a><br \/><hr>&nbsp;&nbsp;&nbsp;&nbsp;&nbsp;&nbsp;&nbsp;&nbsp;&nbsp;&nbsp;<a style='color:#000000' href=https:\/\/www.arcope.it\/benedini\/catalogo_bib.php?BIB_CODI=1239 target=_self>Cristina Casero, <i>Il \"viaggio\" di Gabriella Benedini, tra mito e realt\u00e0<\/i>, in \"Espoarte\", online 21 giugno 2014<\/a><br \/><hr>&nbsp;&nbsp;&nbsp;&nbsp;&nbsp;&nbsp;&nbsp;&nbsp;&nbsp;&nbsp;<a style='color:#000000' href=https:\/\/www.arcope.it\/benedini\/catalogo_bib.php?BIB_CODI=1215 target=_self><i>Diocesano d'estate, la cultura \u00e8 gratis<\/i>, in \"Libero\", MIlano 22 giugno 2014<\/a><br \/><hr>&nbsp;&nbsp;&nbsp;&nbsp;&nbsp;&nbsp;&nbsp;&nbsp;&nbsp;&nbsp;<a style='color:#000000' href=https:\/\/www.arcope.it\/benedini\/catalogo_bib.php?BIB_CODI=1241 target=_self>Stefano Biolchini, <i>Tra viaggi e naufragi il mito senza tempo di Gabriella Beneedini<\/i>, in \"www.ilsole24ore.com\", online 22 giugno 2014<\/a><br \/><hr>&nbsp;&nbsp;&nbsp;&nbsp;&nbsp;&nbsp;&nbsp;&nbsp;&nbsp;&nbsp;<a style='color:#000000' href=https:\/\/www.arcope.it\/benedini\/catalogo_bib.php?BIB_CODI=940 target=_self>Chiara Vanzetto, <i>Museo Diocesano Gabriella Benedini in equilibrio tra alchimia e memoria<\/i>, in \"Corriere della Sera\", Milano 23 giugno 2014<\/a><br \/><hr>&nbsp;&nbsp;&nbsp;&nbsp;&nbsp;&nbsp;&nbsp;&nbsp;&nbsp;&nbsp;<a style='color:#000000' href=https:\/\/www.arcope.it\/benedini\/catalogo_bib.php?BIB_CODI=1216 target=_self><i>Gabriella Benedini in equilibrio tra alchimia e memoria<\/i>, in \"Corriere della Sera\", Milano 23 giugno 2014<\/a><br \/><hr>&nbsp;&nbsp;&nbsp;&nbsp;&nbsp;&nbsp;&nbsp;&nbsp;&nbsp;&nbsp;<a style='color:#000000' href=https:\/\/www.arcope.it\/benedini\/catalogo_bib.php?BIB_CODI=1242 target=_self><i>Milano Museo Diocesano<\/i>, in \"artedamangiare\", online 23 giugno 2014<\/a><br \/><hr>&nbsp;&nbsp;&nbsp;&nbsp;&nbsp;&nbsp;&nbsp;&nbsp;&nbsp;&nbsp;<a style='color:#000000' href=https:\/\/www.arcope.it\/benedini\/catalogo_bib.php?BIB_CODI=1243 target=_self><i>Museo diocesano: Transiti e incontri<\/i>, in \"www.associazione peguy.org\", online 23 giugno 2014<\/a><br \/><hr>&nbsp;&nbsp;&nbsp;&nbsp;&nbsp;&nbsp;&nbsp;&nbsp;&nbsp;&nbsp;<a style='color:#000000' href=https:\/\/www.arcope.it\/benedini\/catalogo_bib.php?BIB_CODI=1244 target=_self><i>Gabriella Benedini Transiti e incontri<\/i>, in \"magazineart.net\", online 23 giugno 2014<\/a><br \/><hr>&nbsp;&nbsp;&nbsp;&nbsp;&nbsp;&nbsp;&nbsp;&nbsp;&nbsp;&nbsp;<a style='color:#000000' href=https:\/\/www.arcope.it\/benedini\/catalogo_bib.php?BIB_CODI=1245 target=_self><i>Estate al Diocesano. Il museo \u00e8 aperto by night<\/i>, in \"mentelocale.it\", online 23 giugno 2014<\/a><br \/><hr>&nbsp;&nbsp;&nbsp;&nbsp;&nbsp;&nbsp;&nbsp;&nbsp;&nbsp;&nbsp;<a style='color:#000000' href=https:\/\/www.arcope.it\/benedini\/catalogo_bib.php?BIB_CODI=1246 target=_self><i>Notti d'estate a ingresso gratuito al Museo Diocesano<\/i>, in \"Milanoweekend..it\", online 23 giugno 2014<\/a><br \/><hr>&nbsp;&nbsp;&nbsp;&nbsp;&nbsp;&nbsp;&nbsp;&nbsp;&nbsp;&nbsp;<a style='color:#000000' href=https:\/\/www.arcope.it\/benedini\/catalogo_bib.php?BIB_CODI=1247 target=_self><i>La cremonese Benedini al Museo Diocesano di Milano<\/i>, in \"mondopadano.it\", online 23 giugno 2014<\/a><br \/><hr>&nbsp;&nbsp;&nbsp;&nbsp;&nbsp;&nbsp;&nbsp;&nbsp;&nbsp;&nbsp;<a style='color:#000000' href=https:\/\/www.arcope.it\/benedini\/catalogo_bib.php?BIB_CODI=1248 target=_self><i>Gabriella Benedini<\/i>, in \"Undo.net\", online 23 giugno 2014<\/a><br \/><hr>&nbsp;&nbsp;&nbsp;&nbsp;&nbsp;&nbsp;&nbsp;&nbsp;&nbsp;&nbsp;<a style='color:#000000' href=https:\/\/www.arcope.it\/benedini\/catalogo_bib.php?BIB_CODI=1251 target=_self><i>\"Transiti e incontri\", una retrospettiva  sull'artista lombarda Gabriella Benedini<\/i>, in \"Il Pensiero Artistico\", online 23 giugno 2014<\/a><br \/><hr>&nbsp;&nbsp;&nbsp;&nbsp;&nbsp;&nbsp;&nbsp;&nbsp;&nbsp;&nbsp;<a style='color:#000000' href=https:\/\/www.arcope.it\/benedini\/catalogo_bib.php?BIB_CODI=1217 target=_self><i>Al Diocesano tutta lopera di Gabriella Benedini<\/i>, in \"Il Giornale\", Milano 24 giugno 2014<\/a><br \/><hr>&nbsp;&nbsp;&nbsp;&nbsp;&nbsp;&nbsp;&nbsp;&nbsp;&nbsp;&nbsp;<a style='color:#000000' href=https:\/\/www.arcope.it\/benedini\/catalogo_bib.php?BIB_CODI=1218 target=_self><i>Con \"Transiti e incontri\" Benedini fra mito e viaggio<\/i>, in \"La Provincia\", Cremona 25 giugno 2014<\/a><br \/><hr>&nbsp;&nbsp;&nbsp;&nbsp;&nbsp;&nbsp;&nbsp;&nbsp;&nbsp;&nbsp;<a style='color:#000000' href=https:\/\/www.arcope.it\/benedini\/catalogo_bib.php?BIB_CODI=1249 target=_self><i>Al Diocesano tutta l'opera di Gabriella Benedini<\/i>, in \"Il Giornale.it\", online 25 giugno 2014<\/a><br \/><hr>&nbsp;&nbsp;&nbsp;&nbsp;&nbsp;&nbsp;&nbsp;&nbsp;&nbsp;&nbsp;<a style='color:#000000' href=https:\/\/www.arcope.it\/benedini\/catalogo_bib.php?BIB_CODI=1250 target=_self><i>\"Transiti e incontri\" della scultrice Gabriella Benedini al Museo Diocesano di Milano<\/i>, in \"www.mondoliberoonline.it\", online 25 giugno 2014<\/a><br \/><hr>&nbsp;&nbsp;&nbsp;&nbsp;&nbsp;&nbsp;&nbsp;&nbsp;&nbsp;&nbsp;<a style='color:#000000' href=https:\/\/www.arcope.it\/benedini\/catalogo_bib.php?BIB_CODI=1220 target=_self><i>Le mostre Gabriella Benedini<\/i>, in \"Avvenire\", Milano 27 giugno 2014<\/a><br \/><hr>&nbsp;&nbsp;&nbsp;&nbsp;&nbsp;&nbsp;&nbsp;&nbsp;&nbsp;&nbsp;<a style='color:#000000' href=https:\/\/www.arcope.it\/benedini\/catalogo_bib.php?BIB_CODI=1221 target=_self>Chiara Gatti, <i>Gabriella Benedini memorie di viaggio e visioni liriche in salsa new age<\/i>, in \"La Repubblica\", Milano 28 giugno 2014<\/a><br \/><hr>&nbsp;&nbsp;&nbsp;&nbsp;&nbsp;&nbsp;&nbsp;&nbsp;&nbsp;&nbsp;<a style='color:#000000' href=https:\/\/www.arcope.it\/benedini\/catalogo_bib.php?BIB_CODI=910 target=_self>Manuela Brevi, <i>Le alchimie esotiche e gentili di Gabriella Benedini<\/i>, in \"Arte\", Milano 2014<\/a><br \/><hr>&nbsp;&nbsp;&nbsp;&nbsp;&nbsp;&nbsp;&nbsp;&nbsp;&nbsp;&nbsp;<a style='color:#000000' href=https:\/\/www.arcope.it\/benedini\/catalogo_bib.php?BIB_CODI=915 target=_self>Livia Savorelli, <i>Lungo la via del sale Arte contemporanea dalla langa al mare<\/i>, in \"Espoarte\", <i>Intervista a Silvana Peira<\/i>, Albissola Marina (SV) 2014<\/a><br \/><hr>&nbsp;&nbsp;&nbsp;&nbsp;&nbsp;&nbsp;&nbsp;&nbsp;&nbsp;&nbsp;<a style='color:#000000' href=https:\/\/www.arcope.it\/benedini\/catalogo_bib.php?BIB_CODI=922 target=_self>Donatella Migliore, <i>Gabriella Benedini 1984-2014: transiti e incontri<\/i>, in \"Presse Summer\", Cremona 2014<\/a><br \/><hr>&nbsp;&nbsp;&nbsp;&nbsp;&nbsp;&nbsp;&nbsp;&nbsp;&nbsp;&nbsp;<a style='color:#000000' href=https:\/\/www.arcope.it\/benedini\/catalogo_bib.php?BIB_CODI=932 target=_self>Luca Pietro Nicoletti, <i>Archetipo, musica e reperto. Il \"transito\" di Gabriella Benedini<\/i>, in \"La Biblioteca di Via Senato\", Milano luglio-agosto 2014<\/a><br \/><hr>&nbsp;&nbsp;&nbsp;&nbsp;&nbsp;&nbsp;&nbsp;&nbsp;&nbsp;&nbsp;<a style='color:#000000' href=https:\/\/www.arcope.it\/benedini\/catalogo_bib.php?BIB_CODI=941 target=_self>Ada Masoero, <i>Benedini benedetta<\/i>, in \"Il Giornale dell'arte\", Torino luglio-agosto 2014<\/a><br \/><hr>&nbsp;&nbsp;&nbsp;&nbsp;&nbsp;&nbsp;&nbsp;&nbsp;&nbsp;&nbsp;<a style='color:#000000' href=https:\/\/www.arcope.it\/benedini\/catalogo_bib.php?BIB_CODI=1212 target=_self><i>Mostre<\/i>, in \"Touring\", Milano luglio-agosto 2014<\/a><br \/><hr>&nbsp;&nbsp;&nbsp;&nbsp;&nbsp;&nbsp;&nbsp;&nbsp;&nbsp;&nbsp;<a style='color:#000000' href=https:\/\/www.arcope.it\/benedini\/catalogo_bib.php?BIB_CODI=1219 target=_self><i>Sere estive al Museo diocesano<\/i>, in \"Avvenire\", Milano 6 luglio 2014<\/a><br \/><hr>&nbsp;&nbsp;&nbsp;&nbsp;&nbsp;&nbsp;&nbsp;&nbsp;&nbsp;&nbsp;<a style='color:#000000' href=https:\/\/www.arcope.it\/benedini\/catalogo_bib.php?BIB_CODI=913 target=_self><i>Via del sale<\/i>, in \"Corriere di Alba Bra Langhe e Roero\", <i>Storia e arte per un weekend fuori porta<\/i>, Alba (CN) 11\/07\/2014  ???<\/a><br \/><hr>&nbsp;&nbsp;&nbsp;&nbsp;&nbsp;&nbsp;&nbsp;&nbsp;&nbsp;&nbsp;<a style='color:#000000' href=https:\/\/www.arcope.it\/benedini\/catalogo_bib.php?BIB_CODI=1222 target=_self><i>Al Museo Diocesano di Milano il viaggio senza tempo di Gabriella Benedini<\/i>, in \"La voce di Mantova\", Mantova 19 luglio 2014<\/a><br \/><hr>&nbsp;&nbsp;&nbsp;&nbsp;&nbsp;&nbsp;&nbsp;&nbsp;&nbsp;&nbsp;<a style='color:#000000' href=https:\/\/www.arcope.it\/benedini\/catalogo_bib.php?BIB_CODI=1068 target=_self><i>Gabriella Benedini al Museo Diocesano di Milano<\/i>, in \"Il Sole 24 ore\", Milano 27 luglio 2014<\/a><br \/><hr>&nbsp;&nbsp;&nbsp;&nbsp;&nbsp;&nbsp;&nbsp;&nbsp;&nbsp;&nbsp;<a style='color:#000000' href=https:\/\/www.arcope.it\/benedini\/catalogo_bib.php?BIB_CODI=918 target=_self>Melissa Proietti, Raffaella A. Caruso, <i>I have a dream<\/i> <i>50 artisti pi\u00f9 uno a sostegno dei diritti umani<\/i>, Mondadori, Milano 2014<\/a><br \/><hr>&nbsp;&nbsp;&nbsp;&nbsp;&nbsp;&nbsp;&nbsp;&nbsp;&nbsp;&nbsp;<a style='color:#000000' href=https:\/\/www.arcope.it\/benedini\/catalogo_bib.php?BIB_CODI=916 target=_self>Vera Agosti, <i>Il tempo, il mito e il mistero di Gabriella Benedini<\/i>, in \"Libero\", Milano 19 agosto 2014<\/a><br \/><hr>&nbsp;&nbsp;&nbsp;&nbsp;&nbsp;&nbsp;&nbsp;&nbsp;&nbsp;&nbsp;<a style='color:#000000' href=https:\/\/www.arcope.it\/benedini\/catalogo_bib.php?BIB_CODI=917 target=_self>Paolo Lagazzi, <i>Maria Luisa Spaziani<\/i>, in \"Poesia\", Milano 2014<\/a><br \/><hr>&nbsp;&nbsp;&nbsp;&nbsp;&nbsp;&nbsp;&nbsp;&nbsp;&nbsp;&nbsp;<a style='color:#000000' href=https:\/\/www.arcope.it\/benedini\/catalogo_bib.php?BIB_CODI=919 target=_self><i>L'Orlando furioso<\/i> <i>L'arte contemporanea legge l'Ariosto. Incantamenti, passioni e follie<\/i>, a cura di Sandro Parmiggiani, Silvana Editoriale, Cinisello Balsamo (MI) 2014<\/a><br \/><hr>&nbsp;&nbsp;&nbsp;&nbsp;&nbsp;&nbsp;&nbsp;&nbsp;&nbsp;&nbsp;<a style='color:#000000' href=https:\/\/www.arcope.it\/benedini\/catalogo_bib.php?BIB_CODI=1223 target=_self><i>Arte e mito al Museo Diocesano<\/i>, in \"Libero Milano\", Milano 4 settembre 2014<\/a><br \/><hr>&nbsp;&nbsp;&nbsp;&nbsp;&nbsp;&nbsp;&nbsp;&nbsp;&nbsp;&nbsp;<a style='color:#000000' href=https:\/\/www.arcope.it\/benedini\/catalogo_bib.php?BIB_CODI=920 target=_self><i>Appunti di viaggio<\/i> <i>Il paesaggio alpino nelle inciisoni di Federica Galli\/I libri materici di Gabriella Benedini<\/i>, San Bernardino 2014<\/a><br \/><hr>&nbsp;&nbsp;&nbsp;&nbsp;&nbsp;&nbsp;&nbsp;&nbsp;&nbsp;&nbsp;<a style='color:#000000' href=https:\/\/www.arcope.it\/benedini\/catalogo_bib.php?BIB_CODI=1514 target=_self><i>S. Bernardino Grigioni, \"Appunti di viaggio\" con Galli e Benedini<\/i>, in \"Il Corriere del Verbano\", online 3 dicembre 2014<\/a><br \/><hr><b><font size=6 color='#7F81FF'>2015<\/font><\/b><br>&nbsp;&nbsp;&nbsp;&nbsp;&nbsp;&nbsp;&nbsp;&nbsp;&nbsp;&nbsp;<a style='color:#000000' href=https:\/\/www.arcope.it\/benedini\/catalogo_bib.php?BIB_CODI=973 target=_self>Anita Franchi, <i>Gabriella Benedini: l'arte di dar forma ai ricordi di viaggio<\/i> <i>Tesi di laurea<\/i> 2015-2016<\/a><br \/><hr>&nbsp;&nbsp;&nbsp;&nbsp;&nbsp;&nbsp;&nbsp;&nbsp;&nbsp;&nbsp;<a style='color:#000000' href=https:\/\/www.arcope.it\/benedini\/catalogo_bib.php?BIB_CODI=923 target=_self>Fabio Francione, <i>Gabriella Benedini lo spettacolo dell'arte<\/i>, in \"Alias interview\"  supplemento de \"Il Manifesto\", Milano 3 gennaio 2015<\/a><br \/><hr>&nbsp;&nbsp;&nbsp;&nbsp;&nbsp;&nbsp;&nbsp;&nbsp;&nbsp;&nbsp;<a style='color:#000000' href=https:\/\/www.arcope.it\/benedini\/catalogo_bib.php?BIB_CODI=1043 target=_self>Fabio Francione, <i>Gabriella Benedini \"Transiti e incontri\"<\/i>, in \"Il Manifesto\", <i>intervista realizzata il 3 gennaio 2015<\/i>, Roma 4 gennaio 2015<\/a><br \/><hr>&nbsp;&nbsp;&nbsp;&nbsp;&nbsp;&nbsp;&nbsp;&nbsp;&nbsp;&nbsp;<a style='color:#000000' href=https:\/\/www.arcope.it\/benedini\/catalogo_bib.php?BIB_CODI=924 target=_self><i>Corrispondenze<\/i>, presentazione di Patrizia Serra, Milano 2015<\/a><br \/><hr>&nbsp;&nbsp;&nbsp;&nbsp;&nbsp;&nbsp;&nbsp;&nbsp;&nbsp;&nbsp;<a style='color:#000000' href=https:\/\/www.arcope.it\/benedini\/catalogo_bib.php?BIB_CODI=1491 target=_self><i>Gabriella Benedini. Corrispondenze<\/i>, in \"Wall Street International\", online aprile 2015<\/a><br \/><hr>&nbsp;&nbsp;&nbsp;&nbsp;&nbsp;&nbsp;&nbsp;&nbsp;&nbsp;&nbsp;<a style='color:#000000' href=https:\/\/www.arcope.it\/benedini\/catalogo_bib.php?BIB_CODI=925 target=_self>Vittoria Surian, <i>Il gusto della visione<\/i>, s.l. 2015<\/a><br \/><hr>&nbsp;&nbsp;&nbsp;&nbsp;&nbsp;&nbsp;&nbsp;&nbsp;&nbsp;&nbsp;<a style='color:#000000' href=https:\/\/www.arcope.it\/benedini\/catalogo_bib.php?BIB_CODI=1489 target=_self><i>Ad Expo 2015 \"Il Gusto della Visione\"<\/i>, in \"Ristorazione e catering\", online 7 maggio 2015<\/a><br \/><hr>&nbsp;&nbsp;&nbsp;&nbsp;&nbsp;&nbsp;&nbsp;&nbsp;&nbsp;&nbsp;<a style='color:#000000' href=https:\/\/www.arcope.it\/benedini\/catalogo_bib.php?BIB_CODI=931 target=_self>Enrico Cattaneo, Stefano Soddu, <i>Ritratti di studio 3<\/i>, Scoglio di Quarto, Milano 2015<\/a><br \/><hr>&nbsp;&nbsp;&nbsp;&nbsp;&nbsp;&nbsp;&nbsp;&nbsp;&nbsp;&nbsp;<a style='color:#000000' href=https:\/\/www.arcope.it\/benedini\/catalogo_bib.php?BIB_CODI=926 target=_self><i>Pagine di pane<\/i> <i>Libri d'artista e divagazioni<\/i>, a cura di Susanna Vallebona, Milano 2015<\/a><br \/><hr>&nbsp;&nbsp;&nbsp;&nbsp;&nbsp;&nbsp;&nbsp;&nbsp;&nbsp;&nbsp;<a style='color:#000000' href=https:\/\/www.arcope.it\/benedini\/catalogo_bib.php?BIB_CODI=927 target=_self><i>Il gusto della visione<\/i> <i>Artiste in Expo 2015<\/i>, a cura di Vittoria Surian, Eidos, Mirano (VE) settembre 2015<\/a><br \/><hr>&nbsp;&nbsp;&nbsp;&nbsp;&nbsp;&nbsp;&nbsp;&nbsp;&nbsp;&nbsp;<a style='color:#000000' href=https:\/\/www.arcope.it\/benedini\/catalogo_bib.php?BIB_CODI=928 target=_self><i>La pace nutre la vita. Asta d'arte contemporanea<\/i>, a cura di Arturo Schwarz, Milano 2015<\/a><br \/><hr>&nbsp;&nbsp;&nbsp;&nbsp;&nbsp;&nbsp;&nbsp;&nbsp;&nbsp;&nbsp;<a style='color:#000000' href=https:\/\/www.arcope.it\/benedini\/catalogo_bib.php?BIB_CODI=933 target=_self>Paolo Biscottini, <i>L'immagine Diario del silenzio<\/i>, Mimesis  Edizioni, Milano 2015<\/a><br \/><hr>&nbsp;&nbsp;&nbsp;&nbsp;&nbsp;&nbsp;&nbsp;&nbsp;&nbsp;&nbsp;<a style='color:#000000' href=https:\/\/www.arcope.it\/benedini\/catalogo_bib.php?BIB_CODI=929 target=_self><i>Generazioni a colloquio<\/i> <i>Gabriella Benedini - Marco La Rosa<\/i>, a cura di Paolo Bolpagni, Milano 2015<\/a><br \/><hr>&nbsp;&nbsp;&nbsp;&nbsp;&nbsp;&nbsp;&nbsp;&nbsp;&nbsp;&nbsp;<a style='color:#000000' href=https:\/\/www.arcope.it\/benedini\/catalogo_bib.php?BIB_CODI=930 target=_self>Sandro Parmiggiani, <i>Artisti scoprono artisti<\/i>, in \"Prima pagina Reggio\", Reggio Emilia 28 novembre 2015<\/a><br \/><hr>&nbsp;&nbsp;&nbsp;&nbsp;&nbsp;&nbsp;&nbsp;&nbsp;&nbsp;&nbsp;<a style='color:#000000' href=https:\/\/www.arcope.it\/benedini\/catalogo_bib.php?BIB_CODI=1062 target=_self>Claudio Cerritelli, <i>Gabriella Benedini Sulle tracce dell'altrove<\/i>, in \"Nuova Meta Parole & immagini\", Rivoli (Torino) dicembre 2015<\/a><br \/><hr>&nbsp;&nbsp;&nbsp;&nbsp;&nbsp;&nbsp;&nbsp;&nbsp;&nbsp;&nbsp;<a style='color:#000000' href=https:\/\/www.arcope.it\/benedini\/catalogo_bib.php?BIB_CODI=1563 target=_self><i>Reggio Emilia<\/i>, in www.informazione.it 3 dicembre 2015<\/a><br \/><hr><b><font size=6 color='#7F81FF'>2016<\/font><\/b><br>&nbsp;&nbsp;&nbsp;&nbsp;&nbsp;&nbsp;&nbsp;&nbsp;&nbsp;&nbsp;<a style='color:#000000' href=https:\/\/www.arcope.it\/benedini\/catalogo_bib.php?BIB_CODI=936 target=_self><i>Cultura Cremona 2016 Mostre, festival, eventi. Le grandi mostre<\/i>, <i>Concerto per Sofonisba<\/i>, Cremona 2016<\/a><br \/><hr>&nbsp;&nbsp;&nbsp;&nbsp;&nbsp;&nbsp;&nbsp;&nbsp;&nbsp;&nbsp;<a style='color:#000000' href=https:\/\/www.arcope.it\/benedini\/catalogo_bib.php?BIB_CODI=937 target=_self>Giulia Digiovanni, <i>Il film d'artista in Italia: lo sguardo femminile di Gabriella Benedini Valentina Berardinone e Anna Valeria Borsari<\/i>, Milano 2016<\/a><br \/><hr>&nbsp;&nbsp;&nbsp;&nbsp;&nbsp;&nbsp;&nbsp;&nbsp;&nbsp;&nbsp;<a style='color:#000000' href=https:\/\/www.arcope.it\/benedini\/catalogo_bib.php?BIB_CODI=1480 target=_self><i>Le mostre. Concerto per Sofonisba<\/i>, in \"Mondo padano\", Cremona 12 febbraio 2016<\/a><br \/><hr>&nbsp;&nbsp;&nbsp;&nbsp;&nbsp;&nbsp;&nbsp;&nbsp;&nbsp;&nbsp;<a style='color:#000000' href=https:\/\/www.arcope.it\/benedini\/catalogo_bib.php?BIB_CODI=1438 target=_self><i>\"Concerto per Sofonisba Anguissola\": da aprile al via mostra al Museo del Violino\"<\/i>, in \"Cremona Oggi\", online 18 febbraio 2016<\/a><br \/><hr>&nbsp;&nbsp;&nbsp;&nbsp;&nbsp;&nbsp;&nbsp;&nbsp;&nbsp;&nbsp;<a style='color:#000000' href=https:\/\/www.arcope.it\/benedini\/catalogo_bib.php?BIB_CODI=1439 target=_self><i>Mostra in omaggio alla pittrice cremonese Anguissola<\/i>, in \"L'inviato quotidiano\", online 18 febbraio 2016<\/a><br \/><hr>&nbsp;&nbsp;&nbsp;&nbsp;&nbsp;&nbsp;&nbsp;&nbsp;&nbsp;&nbsp;<a style='color:#000000' href=https:\/\/www.arcope.it\/benedini\/catalogo_bib.php?BIB_CODI=1440 target=_self><i>Dal 9 aprile 2016 grande mostra a Cremona intitolata \"Concerto per Sofonisba Anguissola\"<\/i>, in \"Welfare Cremona\", online 18 febbraio 2016<\/a><br \/><hr>&nbsp;&nbsp;&nbsp;&nbsp;&nbsp;&nbsp;&nbsp;&nbsp;&nbsp;&nbsp;<a style='color:#000000' href=https:\/\/www.arcope.it\/benedini\/catalogo_bib.php?BIB_CODI=1086 target=_self><i>Tra Benedini e Anguisola Dialogo a distanza all'MdV<\/i>, in \"La Provincia\", Cremona 19 febbraio 2016<\/a><br \/><hr>&nbsp;&nbsp;&nbsp;&nbsp;&nbsp;&nbsp;&nbsp;&nbsp;&nbsp;&nbsp;<a style='color:#000000' href=https:\/\/www.arcope.it\/benedini\/catalogo_bib.php?BIB_CODI=1442 target=_self><i>Al Museo del Violino in mostra Gabriella Benedini<\/i>, in \"La Provincia di Cremona.it\", online 19 febbraio 2016<\/a><br \/><hr>&nbsp;&nbsp;&nbsp;&nbsp;&nbsp;&nbsp;&nbsp;&nbsp;&nbsp;&nbsp;<a style='color:#000000' href=https:\/\/www.arcope.it\/benedini\/catalogo_bib.php?BIB_CODI=1441 target=_self><i>In aprile la mostra \"Concerto per Sofonisba\"<\/i>, in \"Milano on line\", online 19 febbraio 2016<\/a><br \/><hr>&nbsp;&nbsp;&nbsp;&nbsp;&nbsp;&nbsp;&nbsp;&nbsp;&nbsp;&nbsp;<a style='color:#000000' href=https:\/\/www.arcope.it\/benedini\/catalogo_bib.php?BIB_CODI=1431 target=_self><i>Omaggio di Gabriella Benedini alla grande pittrice cremonese del '500 Concerto per Sofonisba<\/i>, in \"La Vita cattolica\", Udine 25 febbraio 2016<\/a><br \/><hr>&nbsp;&nbsp;&nbsp;&nbsp;&nbsp;&nbsp;&nbsp;&nbsp;&nbsp;&nbsp;<a style='color:#000000' href=https:\/\/www.arcope.it\/benedini\/catalogo_bib.php?BIB_CODI=1443 target=_self><i>\"Concerto per Sofonisba\": omaggio di Gabriella Benedini alla pittrice cremonese del Cinquecento<\/i>, in \"La Vita Cattolica\", online 1 marzo 2016<\/a><br \/><hr>&nbsp;&nbsp;&nbsp;&nbsp;&nbsp;&nbsp;&nbsp;&nbsp;&nbsp;&nbsp;<a style='color:#000000' href=https:\/\/www.arcope.it\/benedini\/catalogo_bib.php?BIB_CODI=1492 target=_self><i>Concerto per Sofonisba: la personale di Gabriella Benedini<\/i>, in Fondazione Dominato Leonense, online 18 marzo 2016<\/a><br \/><hr>&nbsp;&nbsp;&nbsp;&nbsp;&nbsp;&nbsp;&nbsp;&nbsp;&nbsp;&nbsp;<a style='color:#000000' href=https:\/\/www.arcope.it\/benedini\/catalogo_bib.php?BIB_CODI=1483 target=_self><i>Cremona, la mostra \"Concerto per Sofonisb\" sar\u00e0 presentata gioved\u00ec mattina<\/i>, in \"Welfare Cremona\", online 29 marzo 2016<\/a><br \/><hr>&nbsp;&nbsp;&nbsp;&nbsp;&nbsp;&nbsp;&nbsp;&nbsp;&nbsp;&nbsp;<a style='color:#000000' href=https:\/\/www.arcope.it\/benedini\/catalogo_bib.php?BIB_CODI=1445 target=_self><i>\"Concerto per Sofonisba\": dal 9 aprile al via la mostra di Gabriella Benedini<\/i>, in \"Cremona Oggi\", online 31 marzo 2016<\/a><br \/><hr>&nbsp;&nbsp;&nbsp;&nbsp;&nbsp;&nbsp;&nbsp;&nbsp;&nbsp;&nbsp;<a style='color:#000000' href=https:\/\/www.arcope.it\/benedini\/catalogo_bib.php?BIB_CODI=1446 target=_self>Marco Sacchi , <i>Concerto per Sofonisba: la personale di Gabriella Benedini<\/i>, in \"Vivere Cremona\", online 31 marzo 2016<\/a><br \/><hr>&nbsp;&nbsp;&nbsp;&nbsp;&nbsp;&nbsp;&nbsp;&nbsp;&nbsp;&nbsp;<a style='color:#000000' href=https:\/\/www.arcope.it\/benedini\/catalogo_bib.php?BIB_CODI=934 target=_self>Paolo Bolpagni, <i>Gabriella Benedini Concerto per Sofonisba<\/i>, Cremona 2016<\/a><br \/><hr>&nbsp;&nbsp;&nbsp;&nbsp;&nbsp;&nbsp;&nbsp;&nbsp;&nbsp;&nbsp;<a style='color:#000000' href=https:\/\/www.arcope.it\/benedini\/catalogo_bib.php?BIB_CODI=935 target=_self>Matteo Galbiati, <i>Mostre Sotto un altro cielo<\/i>, in \"San Fedele Incontri\", Milano 2016<\/a><br \/><hr>&nbsp;&nbsp;&nbsp;&nbsp;&nbsp;&nbsp;&nbsp;&nbsp;&nbsp;&nbsp;<a style='color:#000000' href=https:\/\/www.arcope.it\/benedini\/catalogo_bib.php?BIB_CODI=944 target=_self><i>Omaggio a Sofonisba tra l'arte e la musica<\/i>, in \"Mondo padano\", <i>Come strumenti musicali le grandi sculture di Gabriella Benedini<\/i>, Cremona 2016<\/a><br \/><hr>&nbsp;&nbsp;&nbsp;&nbsp;&nbsp;&nbsp;&nbsp;&nbsp;&nbsp;&nbsp;<a style='color:#000000' href=https:\/\/www.arcope.it\/benedini\/catalogo_bib.php?BIB_CODI=945 target=_self>Barbara Caffi, <i>\"Al buio, cercando Sofonisba\"<\/i>, in \"La Provincia\", <i>Gabriella Benedini: con l'Anguissola un rapporto iniziato anni fa<\/i>, Cremona 2016<\/a><br \/><hr>&nbsp;&nbsp;&nbsp;&nbsp;&nbsp;&nbsp;&nbsp;&nbsp;&nbsp;&nbsp;<a style='color:#000000' href=https:\/\/www.arcope.it\/benedini\/catalogo_bib.php?BIB_CODI=1447 target=_self><i>A Cremona \"Concerto per Sofonisba\", in mostra le opere di Gabriella Benedini<\/i>, in \"Welfare Cremona\", online 1 aprile 2016<\/a><br \/><hr>&nbsp;&nbsp;&nbsp;&nbsp;&nbsp;&nbsp;&nbsp;&nbsp;&nbsp;&nbsp;<a style='color:#000000' href=https:\/\/www.arcope.it\/benedini\/catalogo_bib.php?BIB_CODI=1482 target=_self>Michela Delfino, <i>Agenda. Un concerto epr Sofonisba<\/i>, in \"Arte\", Milano aprile 2016<\/a><br \/><hr>&nbsp;&nbsp;&nbsp;&nbsp;&nbsp;&nbsp;&nbsp;&nbsp;&nbsp;&nbsp;<a style='color:#000000' href=https:\/\/www.arcope.it\/benedini\/catalogo_bib.php?BIB_CODI=1486 target=_self><i>Sotto un altro cielo Benedini, Costantini, Modorati, Squatriti Galleria San Fedele<\/i>, in IAM Italia ArtMagazine, online aprile 2016<\/a><br \/><hr>&nbsp;&nbsp;&nbsp;&nbsp;&nbsp;&nbsp;&nbsp;&nbsp;&nbsp;&nbsp;<a style='color:#000000' href=https:\/\/www.arcope.it\/benedini\/catalogo_bib.php?BIB_CODI=1450 target=_self><i>\"Concerto per Sofonisba\", Gabriella Benedini dialoga con la pittrice di Cremona<\/i>, in \"Welfare Cremona\", online 5 aprile 2016<\/a><br \/><hr>&nbsp;&nbsp;&nbsp;&nbsp;&nbsp;&nbsp;&nbsp;&nbsp;&nbsp;&nbsp;<a style='color:#000000' href=https:\/\/www.arcope.it\/benedini\/catalogo_bib.php?BIB_CODI=1451 target=_self><i>Concerto per Sofonisba. Gabriella Benedini omaggia Anguissola<\/i>, in \"Artslife\", online 6 aprile 2016<\/a><br \/><hr>&nbsp;&nbsp;&nbsp;&nbsp;&nbsp;&nbsp;&nbsp;&nbsp;&nbsp;&nbsp;<a style='color:#000000' href=https:\/\/www.arcope.it\/benedini\/catalogo_bib.php?BIB_CODI=1452 target=_self><i>Gabriella Benedini - Concerto per Sofonisba<\/i>, in \"Exibart\", online 6 aprile 2016<\/a><br \/><hr>&nbsp;&nbsp;&nbsp;&nbsp;&nbsp;&nbsp;&nbsp;&nbsp;&nbsp;&nbsp;<a style='color:#000000' href=https:\/\/www.arcope.it\/benedini\/catalogo_bib.php?BIB_CODI=1427 target=_self>Mariagrazia Teschi, <i>La pittura e la musica Un \"Concerto\" per due<\/i>, in \"La Provincia\", Cremona 7 aprile 2016<\/a><br \/><hr>&nbsp;&nbsp;&nbsp;&nbsp;&nbsp;&nbsp;&nbsp;&nbsp;&nbsp;&nbsp;<a style='color:#000000' href=https:\/\/www.arcope.it\/benedini\/catalogo_bib.php?BIB_CODI=1432 target=_self>L. Z., <i>Concerto per Sofonisba<\/i>, in \"La Vita cattolica\", Udine 7 aprile 2016<\/a><br \/><hr>&nbsp;&nbsp;&nbsp;&nbsp;&nbsp;&nbsp;&nbsp;&nbsp;&nbsp;&nbsp;<a style='color:#000000' href=https:\/\/www.arcope.it\/benedini\/catalogo_bib.php?BIB_CODI=1444 target=_self><i>Gabriella Benedini: Concerto per Sofonisba Anguissola, Museo del Violino, Cremona<\/i>, in \"Art directory.tgcom24.it\", online 7 aprile 2016<\/a><br \/><hr>&nbsp;&nbsp;&nbsp;&nbsp;&nbsp;&nbsp;&nbsp;&nbsp;&nbsp;&nbsp;<a style='color:#000000' href=https:\/\/www.arcope.it\/benedini\/catalogo_bib.php?BIB_CODI=1448 target=_self><i>Concierto para Sofonisba<\/i>, in www.mujeresvalientes.es, online 7 aprile 2016<\/a><br \/><hr>&nbsp;&nbsp;&nbsp;&nbsp;&nbsp;&nbsp;&nbsp;&nbsp;&nbsp;&nbsp;<a style='color:#000000' href=https:\/\/www.arcope.it\/benedini\/catalogo_bib.php?BIB_CODI=1485 target=_self><i>Concerto per Sofonisba. Gabriella Benedini omaggia Anguissola<\/i>, in \"Make Me Feed\", online 7 aprile 2016<\/a><br \/><hr>&nbsp;&nbsp;&nbsp;&nbsp;&nbsp;&nbsp;&nbsp;&nbsp;&nbsp;&nbsp;<a style='color:#000000' href=https:\/\/www.arcope.it\/benedini\/catalogo_bib.php?BIB_CODI=1458 target=_self><i>Concerti e conferenze e un film di Ren\u00e9 Clair in omaggio a sofonisba<\/i>, in \"La Provincia di Cremona\", Cremona 8  aprile 2016<\/a><br \/><hr>&nbsp;&nbsp;&nbsp;&nbsp;&nbsp;&nbsp;&nbsp;&nbsp;&nbsp;&nbsp;<a style='color:#000000' href=https:\/\/www.arcope.it\/benedini\/catalogo_bib.php?BIB_CODI=1478 target=_self><i>Oggi (17) all'MdV vernissage della mostra Concerto per Sofonisba<\/i>, in \"La Provincia di Cremoa\", Cremona 8 aprile 2016<\/a><br \/><hr>&nbsp;&nbsp;&nbsp;&nbsp;&nbsp;&nbsp;&nbsp;&nbsp;&nbsp;&nbsp;<a style='color:#000000' href=https:\/\/www.arcope.it\/benedini\/catalogo_bib.php?BIB_CODI=943 target=_self>Mariagrazia Teschi, <i>Benedini, il suono del silenzio<\/i>, in \"La Provincia\", <i>Dall'incontro fra due artiste e due donne nasce un \"Concerto\" possibile<\/i>, Cremona 2016<\/a><br \/><hr>&nbsp;&nbsp;&nbsp;&nbsp;&nbsp;&nbsp;&nbsp;&nbsp;&nbsp;&nbsp;<a style='color:#000000' href=https:\/\/www.arcope.it\/benedini\/catalogo_bib.php?BIB_CODI=1428 target=_self><i>Cremona All'MdV fino al 5 giugno<\/i>, in \"La Provincia\", Cremona 9 aprile 2016<\/a><br \/><hr>&nbsp;&nbsp;&nbsp;&nbsp;&nbsp;&nbsp;&nbsp;&nbsp;&nbsp;&nbsp;<a style='color:#000000' href=https:\/\/www.arcope.it\/benedini\/catalogo_bib.php?BIB_CODI=1433 target=_self><i>Gabriella Benedini espone nella sua ctt\u00e0<\/i>, in \"Il piccolo\", Trieste 9 aprile 2016<\/a><br \/><hr>&nbsp;&nbsp;&nbsp;&nbsp;&nbsp;&nbsp;&nbsp;&nbsp;&nbsp;&nbsp;<a style='color:#000000' href=https:\/\/www.arcope.it\/benedini\/catalogo_bib.php?BIB_CODI=1453 target=_self><i>Concerto per Sofonisba una mostra rivelata. Gabriella Benedini dialoga con la grande pittrice<\/i>, in \"Il vascello\", online 11 aprile 2016<\/a><br \/><hr>&nbsp;&nbsp;&nbsp;&nbsp;&nbsp;&nbsp;&nbsp;&nbsp;&nbsp;&nbsp;<a style='color:#000000' href=https:\/\/www.arcope.it\/benedini\/catalogo_bib.php?BIB_CODI=1464 target=_self>Barbara Ponzoni, <i>Strumenti musicali nell'arte, insieme al CrArt<\/i>, in \"Vivere Cremona\", online 11 aprile 2016<\/a><br \/><hr>&nbsp;&nbsp;&nbsp;&nbsp;&nbsp;&nbsp;&nbsp;&nbsp;&nbsp;&nbsp;<a style='color:#000000' href=https:\/\/www.arcope.it\/benedini\/catalogo_bib.php?BIB_CODI=1465 target=_self><i>Cremona, iniziativa del CrStY a corollario della mostra \"Concerto per Sofonisba\" Ideato il percorso \"Strumenti musicali nell'arte\"<\/i>, in \"Welfare Cremona\", Cremona 11 aprile 2016<\/a><br \/><hr>&nbsp;&nbsp;&nbsp;&nbsp;&nbsp;&nbsp;&nbsp;&nbsp;&nbsp;&nbsp;<a style='color:#000000' href=https:\/\/www.arcope.it\/benedini\/catalogo_bib.php?BIB_CODI=1449 target=_self><i>\"Concerto per Sofonisba\", mostra all'MdV<\/i>, in \"La Provincia di Cremona.it\", online 13 aprile 2016<\/a><br \/><hr>&nbsp;&nbsp;&nbsp;&nbsp;&nbsp;&nbsp;&nbsp;&nbsp;&nbsp;&nbsp;<a style='color:#000000' href=https:\/\/www.arcope.it\/benedini\/catalogo_bib.php?BIB_CODI=1484 target=_self><i>Concerto per Sofonisba. opere di Gabriella Benedini in mostra<\/i>, in Enciclopedia delle donne, online 13 aprile 2016<\/a><br \/><hr>&nbsp;&nbsp;&nbsp;&nbsp;&nbsp;&nbsp;&nbsp;&nbsp;&nbsp;&nbsp;<a style='color:#000000' href=https:\/\/www.arcope.it\/benedini\/catalogo_bib.php?BIB_CODI=1434 target=_self>Miriam Bergamaschi, <i>Un dialogo oltre tempo e spazio<\/i>, in \"La Vita cattolica\", Udine 14 aprile 2016<\/a><br \/><hr>&nbsp;&nbsp;&nbsp;&nbsp;&nbsp;&nbsp;&nbsp;&nbsp;&nbsp;&nbsp;<a style='color:#000000' href=https:\/\/www.arcope.it\/benedini\/catalogo_bib.php?BIB_CODI=1462 target=_self><i>Al MdV Concerto d'arpa<\/i>, in \"La Vita cattolica\", Cremona 14 aprile 2016<\/a><br \/><hr>&nbsp;&nbsp;&nbsp;&nbsp;&nbsp;&nbsp;&nbsp;&nbsp;&nbsp;&nbsp;<a style='color:#000000' href=https:\/\/www.arcope.it\/benedini\/catalogo_bib.php?BIB_CODI=1454 target=_self><i>L'artista Gabriella Benedini  omaggia la pittrice cremonese del '500 Sofonisba Anguissola<\/i>, in \"La Vita Cattolica\", online 15 aprile 2016<\/a><br \/><hr>&nbsp;&nbsp;&nbsp;&nbsp;&nbsp;&nbsp;&nbsp;&nbsp;&nbsp;&nbsp;<a style='color:#000000' href=https:\/\/www.arcope.it\/benedini\/catalogo_bib.php?BIB_CODI=1455 target=_self><i>Sabato 16 aprile apertura prolungata della mostra \"Concerto per Sofonisba\"<\/i>, in \"Cremona Oggi\", online 15 aprile 2016<\/a><br \/><hr>&nbsp;&nbsp;&nbsp;&nbsp;&nbsp;&nbsp;&nbsp;&nbsp;&nbsp;&nbsp;<a style='color:#000000' href=https:\/\/www.arcope.it\/benedini\/catalogo_bib.php?BIB_CODI=1466 target=_self><i>L'arpa di Mara Galassi in concerto al Museo del Violino<\/i>, in \"L'inviato quotidiano\", online 15 aprile 2016<\/a><br \/><hr>&nbsp;&nbsp;&nbsp;&nbsp;&nbsp;&nbsp;&nbsp;&nbsp;&nbsp;&nbsp;<a style='color:#000000' href=https:\/\/www.arcope.it\/benedini\/catalogo_bib.php?BIB_CODI=1467 target=_self><i>A Cremona i \"Concerti per Sofonisba\"<\/i>, in \"Welfare Cremona\", online 15 aprile 2016<\/a><br \/><hr>&nbsp;&nbsp;&nbsp;&nbsp;&nbsp;&nbsp;&nbsp;&nbsp;&nbsp;&nbsp;<a style='color:#000000' href=https:\/\/www.arcope.it\/benedini\/catalogo_bib.php?BIB_CODI=1481 target=_self><i>Fino al 5 giugno Gabriella Benedini dialoga con Sofonisba Anguissola<\/i>, in \"Mondo padano\", Cremona 15 aprile 2016<\/a><br \/><hr>&nbsp;&nbsp;&nbsp;&nbsp;&nbsp;&nbsp;&nbsp;&nbsp;&nbsp;&nbsp;<a style='color:#000000' href=https:\/\/www.arcope.it\/benedini\/catalogo_bib.php?BIB_CODI=1429 target=_self>Sandro Parmiggiani, <i>Il \"Concerto per Sofonisba\" di Gabriella [sic] Benedini<\/i>, in \"Prima pagina Reggio\", Reggio Emilia 16 aprile 2016<\/a><br \/><hr>&nbsp;&nbsp;&nbsp;&nbsp;&nbsp;&nbsp;&nbsp;&nbsp;&nbsp;&nbsp;<a style='color:#000000' href=https:\/\/www.arcope.it\/benedini\/catalogo_bib.php?BIB_CODI=1456 target=_self><i>Fino al 5 giugno 2016 grande mostra a Cremona intitolata \"Concerto epr Sofonisba\"<\/i>, in \"Welfare Cremona\", online 16 aprile 2016<\/a><br \/><hr>&nbsp;&nbsp;&nbsp;&nbsp;&nbsp;&nbsp;&nbsp;&nbsp;&nbsp;&nbsp;<a style='color:#000000' href=https:\/\/www.arcope.it\/benedini\/catalogo_bib.php?BIB_CODI=1468 target=_self><i>Il primo dei concerti per Sofonisba<\/i>, in \"Vivere Cremona\", online 18 aprile 2016<\/a><br \/><hr>&nbsp;&nbsp;&nbsp;&nbsp;&nbsp;&nbsp;&nbsp;&nbsp;&nbsp;&nbsp;<a style='color:#000000' href=https:\/\/www.arcope.it\/benedini\/catalogo_bib.php?BIB_CODI=1469 target=_self><i>\"Concerto per Sofonisba\", esibizione dei violinisti<\/i>, in \"Cremona Oggi\", online 26 aprile 2016<\/a><br \/><hr>&nbsp;&nbsp;&nbsp;&nbsp;&nbsp;&nbsp;&nbsp;&nbsp;&nbsp;&nbsp;<a style='color:#000000' href=https:\/\/www.arcope.it\/benedini\/catalogo_bib.php?BIB_CODI=1471 target=_self><i>Conerto dei violinisti Paolo Ghidoni e Giacomo Invernizzial Museo del Violino di Cremona<\/i>, in \"Welfare Cremona\", online 26 aprile 2016<\/a><br \/><hr>&nbsp;&nbsp;&nbsp;&nbsp;&nbsp;&nbsp;&nbsp;&nbsp;&nbsp;&nbsp;<a style='color:#000000' href=https:\/\/www.arcope.it\/benedini\/catalogo_bib.php?BIB_CODI=1470 target=_self><i>Concerto dei violinisti Paolo Ghidoni e Giacomo Invernizzi<\/i>, in \"L'inviato quotidiano\", online 26 aprile 2016<\/a><br \/><hr>&nbsp;&nbsp;&nbsp;&nbsp;&nbsp;&nbsp;&nbsp;&nbsp;&nbsp;&nbsp;<a style='color:#000000' href=https:\/\/www.arcope.it\/benedini\/catalogo_bib.php?BIB_CODI=1463 target=_self><i>Sofonisba e le Altre secondo il Gruppo Artistico \"Il Cascinetto\"<\/i>, in \"La Vita cattolica\", Cremona 28 aprile 2016<\/a><br \/><hr>&nbsp;&nbsp;&nbsp;&nbsp;&nbsp;&nbsp;&nbsp;&nbsp;&nbsp;&nbsp;<a style='color:#000000' href=https:\/\/www.arcope.it\/benedini\/catalogo_bib.php?BIB_CODI=947 target=_self>Chiara Mari, <i>Gabriella Benedini. La musicalit\u00e0 della scultura<\/i>, in \"Titolo\", Perugia inverno - primavera 2016<\/a><br \/><hr>&nbsp;&nbsp;&nbsp;&nbsp;&nbsp;&nbsp;&nbsp;&nbsp;&nbsp;&nbsp;<a style='color:#000000' href=https:\/\/www.arcope.it\/benedini\/catalogo_bib.php?BIB_CODI=948 target=_self>Luca Pietro Nicoletti, <i>Arpe per Sofonisba. Concerto di Gabriella Benedini<\/i>, in \"La Biblioteca di Via Senato\", Milano maggio 2016<\/a><br \/><hr>&nbsp;&nbsp;&nbsp;&nbsp;&nbsp;&nbsp;&nbsp;&nbsp;&nbsp;&nbsp;<a style='color:#000000' href=https:\/\/www.arcope.it\/benedini\/catalogo_bib.php?BIB_CODI=950 target=_self><i>Asta d'arte contemporanea<\/i>, a cura di Arturo Schwarz e Ermanno Tedeschi, Milano 2016<\/a><br \/><hr>&nbsp;&nbsp;&nbsp;&nbsp;&nbsp;&nbsp;&nbsp;&nbsp;&nbsp;&nbsp;<a style='color:#000000' href=https:\/\/www.arcope.it\/benedini\/catalogo_bib.php?BIB_CODI=1437 target=_self><i>Appunti Cremona <\/i>, in \"Amadeus\", Milano maggio 2016<\/a><br \/><hr>&nbsp;&nbsp;&nbsp;&nbsp;&nbsp;&nbsp;&nbsp;&nbsp;&nbsp;&nbsp;<a style='color:#000000' href=https:\/\/www.arcope.it\/benedini\/catalogo_bib.php?BIB_CODI=1576 target=_self>Piero Del Giudice, <i>Metronomi e musiche stellari<\/i>, in \"Galatea\", Lugano (maggio 2016)<\/a><br \/><hr>&nbsp;&nbsp;&nbsp;&nbsp;&nbsp;&nbsp;&nbsp;&nbsp;&nbsp;&nbsp;<a style='color:#000000' href=https:\/\/www.arcope.it\/benedini\/catalogo_bib.php?BIB_CODI=1472 target=_self><i>Cremona, \"Concerto per Sofonisba\": Simone Benvenuti suona al Museo del Violino<\/i>, in \"Welfare Cremona\", online 5 maggio 2016<\/a><br \/><hr>&nbsp;&nbsp;&nbsp;&nbsp;&nbsp;&nbsp;&nbsp;&nbsp;&nbsp;&nbsp;<a style='color:#000000' href=https:\/\/www.arcope.it\/benedini\/catalogo_bib.php?BIB_CODI=1459 target=_self><i>Oggi alle 16.30 Le percussioni di Beneventi per la mosra di benedini aperta all'MdV<\/i>, in \"La Provincia di Cremona\", Cremona 6 maggio 2016<\/a><br \/><hr>&nbsp;&nbsp;&nbsp;&nbsp;&nbsp;&nbsp;&nbsp;&nbsp;&nbsp;&nbsp;<a style='color:#000000' href=https:\/\/www.arcope.it\/benedini\/catalogo_bib.php?BIB_CODI=1473 target=_self><i>\"Concerto per Sofonisba\", incontro musicale con i Solisti Dedalo Ensemble<\/i>, in \"Cremona Oggi\", online 10 maggio 2016<\/a><br \/><hr>&nbsp;&nbsp;&nbsp;&nbsp;&nbsp;&nbsp;&nbsp;&nbsp;&nbsp;&nbsp;<a style='color:#000000' href=https:\/\/www.arcope.it\/benedini\/catalogo_bib.php?BIB_CODI=1474 target=_self><i>\"Concerto per Sofonisba\", incontro musicale con i Solisti Dedalo Ensemble<\/i>, in \"Cremona Oggi\", online 10 maggio 2016<\/a><br \/><hr>&nbsp;&nbsp;&nbsp;&nbsp;&nbsp;&nbsp;&nbsp;&nbsp;&nbsp;&nbsp;<a style='color:#000000' href=https:\/\/www.arcope.it\/benedini\/catalogo_bib.php?BIB_CODI=1475 target=_self><i>Cremona, Museo del Villino: I Solisti di dedalo Ensemble e Gruppo Musica Insieme<\/i>, in \"Welfare Cremona\", online 10 maggio 2016<\/a><br \/><hr>&nbsp;&nbsp;&nbsp;&nbsp;&nbsp;&nbsp;&nbsp;&nbsp;&nbsp;&nbsp;<a style='color:#000000' href=https:\/\/www.arcope.it\/benedini\/catalogo_bib.php?BIB_CODI=1435 target=_self>Tiziana Cordani, <i>Segni, suoni, suggestioni ma chi manca \u00e8 Sofonisba<\/i>, in \"Mondo padano\", Cremona 13 maggio 2016<\/a><br \/><hr>&nbsp;&nbsp;&nbsp;&nbsp;&nbsp;&nbsp;&nbsp;&nbsp;&nbsp;&nbsp;<a style='color:#000000' href=https:\/\/www.arcope.it\/benedini\/catalogo_bib.php?BIB_CODI=1460 target=_self><i>Concerto per Sofonisba. ensemble dello stradivari coi solisti di \"Musica Insieme\"<\/i>, in \"La Provincia di Cremona\", Cremona 16 maggio 2016<\/a><br \/><hr>&nbsp;&nbsp;&nbsp;&nbsp;&nbsp;&nbsp;&nbsp;&nbsp;&nbsp;&nbsp;<a style='color:#000000' href=https:\/\/www.arcope.it\/benedini\/catalogo_bib.php?BIB_CODI=1479 target=_self><i>Sabato al Museo una notte con l'arte<\/i>, in \"La Provincia di Cremona\", Cremona 17 maggio 2016<\/a><br \/><hr>&nbsp;&nbsp;&nbsp;&nbsp;&nbsp;&nbsp;&nbsp;&nbsp;&nbsp;&nbsp;<a style='color:#000000' href=https:\/\/www.arcope.it\/benedini\/catalogo_bib.php?BIB_CODI=946 target=_self>Piero Del Giudice, <i>Benedini e Sofonisba dialogo sull'essere artiste<\/i>, in \"Avvenire\", Milano 2016<\/a><br \/><hr>&nbsp;&nbsp;&nbsp;&nbsp;&nbsp;&nbsp;&nbsp;&nbsp;&nbsp;&nbsp;<a style='color:#000000' href=https:\/\/www.arcope.it\/benedini\/catalogo_bib.php?BIB_CODI=1461 target=_self><i>Domani alle 17 Conferenza su Sofonisba Anguissola con Parente<\/i>, in \"La Provincia di Cremona\", Cremona 24 maggio 2016<\/a><br \/><hr>&nbsp;&nbsp;&nbsp;&nbsp;&nbsp;&nbsp;&nbsp;&nbsp;&nbsp;&nbsp;<a style='color:#000000' href=https:\/\/www.arcope.it\/benedini\/catalogo_bib.php?BIB_CODI=1476 target=_self><i>Il 25 maggio conferenze di Elisabetta Paeente su Sofonisba Anguissola<\/i>, in \"Cremona Oggi\", online 24 maggio 2016<\/a><br \/><hr>&nbsp;&nbsp;&nbsp;&nbsp;&nbsp;&nbsp;&nbsp;&nbsp;&nbsp;&nbsp;<a style='color:#000000' href=https:\/\/www.arcope.it\/benedini\/catalogo_bib.php?BIB_CODI=1477 target=_self><i>Alla scoperta di Sofonisba Anguissola<\/i>, in \"L'inviato quotidiano\", online 24 maggio 2016<\/a><br \/><hr>&nbsp;&nbsp;&nbsp;&nbsp;&nbsp;&nbsp;&nbsp;&nbsp;&nbsp;&nbsp;<a style='color:#000000' href=https:\/\/www.arcope.it\/benedini\/catalogo_bib.php?BIB_CODI=1457 target=_self><i>Cremona, successo della mostra \"Concerto per sofonisba\" al Museo del Violino<\/i>, in \"Welfare Cremona\", online 8 giugno 2016<\/a><br \/><hr>&nbsp;&nbsp;&nbsp;&nbsp;&nbsp;&nbsp;&nbsp;&nbsp;&nbsp;&nbsp;<a style='color:#000000' href=https:\/\/www.arcope.it\/benedini\/catalogo_bib.php?BIB_CODI=1430 target=_self><i>Note per Sofonisba<\/i>, in \"La Provincia\", Cremona 9 giugno 2016<\/a><br \/><hr>&nbsp;&nbsp;&nbsp;&nbsp;&nbsp;&nbsp;&nbsp;&nbsp;&nbsp;&nbsp;<a style='color:#000000' href=https:\/\/www.arcope.it\/benedini\/catalogo_bib.php?BIB_CODI=1436 target=_self><i>La critica applaude Gabriella Benedini<\/i>, in \"Il piccolo\", Trieste 11 giugno 2016<\/a><br \/><hr>&nbsp;&nbsp;&nbsp;&nbsp;&nbsp;&nbsp;&nbsp;&nbsp;&nbsp;&nbsp;<a style='color:#000000' href=https:\/\/www.arcope.it\/benedini\/catalogo_bib.php?BIB_CODI=953 target=_self><i>Mostra Arte,viaggi e natura a Villa Carlotta<\/i>, in \"Corriere della Sera\", <i>inserto Milano e Lombardia<\/i>, Milano 2016<\/a><br \/><hr>&nbsp;&nbsp;&nbsp;&nbsp;&nbsp;&nbsp;&nbsp;&nbsp;&nbsp;&nbsp;<a style='color:#000000' href=https:\/\/www.arcope.it\/benedini\/catalogo_bib.php?BIB_CODI=1516 target=_self><i>D'acqua e di memoria. Gabriella Benedini<\/i>, in \"lagodicomo,com\", online 24 luglio 2016<\/a><br \/><hr>&nbsp;&nbsp;&nbsp;&nbsp;&nbsp;&nbsp;&nbsp;&nbsp;&nbsp;&nbsp;<a style='color:#000000' href=https:\/\/www.arcope.it\/benedini\/catalogo_bib.php?BIB_CODI=1517 target=_self><i>D\u2019Acqua, di Musica, di Cielo<\/i>, in \"Mytremezzina\", online 24 luglio 2016<\/a><br \/><hr>&nbsp;&nbsp;&nbsp;&nbsp;&nbsp;&nbsp;&nbsp;&nbsp;&nbsp;&nbsp;<a style='color:#000000' href=https:\/\/www.arcope.it\/benedini\/catalogo_bib.php?BIB_CODI=951 target=_self><i>Omaggio al Premio Marina di Ravenna- 60\u00b0 edizione<\/i>, a cura di Pericle Stoppa, Edizioni  Capit Ravenna, Ravenna 2016<\/a><br \/><hr>&nbsp;&nbsp;&nbsp;&nbsp;&nbsp;&nbsp;&nbsp;&nbsp;&nbsp;&nbsp;<a style='color:#000000' href=https:\/\/www.arcope.it\/benedini\/catalogo_bib.php?BIB_CODI=1515 target=_self><i>Gabriella Benedini a Villa Carlotta La vicinanza del lago ha determinato la scelta delle opere <\/i>, in \"Giornale Como 7\", Como 6 agosto 2016<\/a><br \/><hr>&nbsp;&nbsp;&nbsp;&nbsp;&nbsp;&nbsp;&nbsp;&nbsp;&nbsp;&nbsp;<a style='color:#000000' href=https:\/\/www.arcope.it\/benedini\/catalogo_bib.php?BIB_CODI=954 target=_self><i>Installazioni d'acqua e cielo<\/i>, in \"Gazzetta di Parma\", <i>Opere di Gabriella Benedini a Villa Carlotta di Tremezzo (Como)<\/i>, Parma 2016<\/a><br \/><hr>&nbsp;&nbsp;&nbsp;&nbsp;&nbsp;&nbsp;&nbsp;&nbsp;&nbsp;&nbsp;<a style='color:#000000' href=https:\/\/www.arcope.it\/benedini\/catalogo_bib.php?BIB_CODI=952 target=_self>Cristina Casero, Elena Di Raddo, <i>La parola agli artisti<\/i> <i>Arte e impegno a Milano negli anni Settanta<\/i>, Postmedia book, Milano 2016<\/a><br \/><hr>&nbsp;&nbsp;&nbsp;&nbsp;&nbsp;&nbsp;&nbsp;&nbsp;&nbsp;&nbsp;<a style='color:#000000' href=https:\/\/www.arcope.it\/benedini\/catalogo_bib.php?BIB_CODI=12 target=_self><i>Artiste al lavoro. Il lavoro delle donne Capolavori dalle Raccolte d'arte della CGIL\r\n<\/i>, a cura di Patrizia Lazoi e Flavia Matitti, presentazione di Susanna Camusso, Casa editrice Ediesse, Roma 2016<\/a><br \/><hr>&nbsp;&nbsp;&nbsp;&nbsp;&nbsp;&nbsp;&nbsp;&nbsp;&nbsp;&nbsp;<a style='color:#000000' href=https:\/\/www.arcope.it\/benedini\/catalogo_bib.php?BIB_CODI=955 target=_self>Simona Bartolena, <i>Dintorni di Brera. Scegliere di essere artiste<\/i>, in <i>La signorina Kores e le altre. Donne al lavoro a Milano (1950-1970)<\/i>, Enciclopediadelledonne, Milano 2016<\/a><br \/><hr>&nbsp;&nbsp;&nbsp;&nbsp;&nbsp;&nbsp;&nbsp;&nbsp;&nbsp;&nbsp;<a style='color:#000000' href=https:\/\/www.arcope.it\/benedini\/catalogo_bib.php?BIB_CODI=1113 target=_self><i>Mantova \"Artiste al lavoro. Il lavoro delle donne\"<\/i>, in \"La provincia digitale  di Cremona\", online 2 novembre 2016<\/a><br \/><hr>&nbsp;&nbsp;&nbsp;&nbsp;&nbsp;&nbsp;&nbsp;&nbsp;&nbsp;&nbsp;<a style='color:#000000' href=https:\/\/www.arcope.it\/benedini\/catalogo_bib.php?BIB_CODI=1098 target=_self><i>Senza titolo<\/i>, in \"Gazzetta di Mantova\", Mantova 4 novembre 2016<\/a><br \/><hr>&nbsp;&nbsp;&nbsp;&nbsp;&nbsp;&nbsp;&nbsp;&nbsp;&nbsp;&nbsp;<a style='color:#000000' href=https:\/\/www.arcope.it\/benedini\/catalogo_bib.php?BIB_CODI=911 target=_self><i>Violenza. L'arte ne d\u00e0 coscienza<\/i>, Allemandi & C., Torino 17 novembre 2016<\/a><br \/><hr><b><font size=6 color='#7F81FF'>2017<\/font><\/b><br>&nbsp;&nbsp;&nbsp;&nbsp;&nbsp;&nbsp;&nbsp;&nbsp;&nbsp;&nbsp;<a style='color:#000000' href=https:\/\/www.arcope.it\/benedini\/catalogo_bib.php?BIB_CODI=976 target=_self>Rosalba Riscatto, <i>Gabriella Benedini Fare per conoscere. Conoscere per cambiare<\/i> <i>Tesi di Laurea<\/i> 2016-2017<\/a><br \/><hr>&nbsp;&nbsp;&nbsp;&nbsp;&nbsp;&nbsp;&nbsp;&nbsp;&nbsp;&nbsp;<a style='color:#000000' href=https:\/\/www.arcope.it\/benedini\/catalogo_bib.php?BIB_CODI=1047 target=_self>Jennifer Malvezzi, <i>Per un cinema d\u2019artista nel sociale. La rassegna\r\nArte e Cinema  al Centro Internazionale di Brera e alcuni casi di studio<\/i>, in <i>Arte fuori dall'arte. Incontri e scambi fra arti visive e societ\u00e0 negli anni Settanta<\/i>, a cura di Cristina Casero e Elena Di Raddo, Postmedia book, Milano 2017<\/a><br \/><hr>&nbsp;&nbsp;&nbsp;&nbsp;&nbsp;&nbsp;&nbsp;&nbsp;&nbsp;&nbsp;<a style='color:#000000' href=https:\/\/www.arcope.it\/benedini\/catalogo_bib.php?BIB_CODI=960 target=_self> Collegio dei docenti di teologia e centro pastrorale, <i>L'Ombra e la Grazie. Itinerario tra arte e teologia nell'Universit\u00e0 Cattolica<\/i>, Milano 2017<\/a><br \/><hr>&nbsp;&nbsp;&nbsp;&nbsp;&nbsp;&nbsp;&nbsp;&nbsp;&nbsp;&nbsp;<a style='color:#000000' href=https:\/\/www.arcope.it\/benedini\/catalogo_bib.php?BIB_CODI=956 target=_self>Paolo Bolpagni, <i>Gabriella Benedini Leggere frammenti Ascoltare silenzi<\/i>, Arte 92, Milano 2017<\/a><br \/><hr>&nbsp;&nbsp;&nbsp;&nbsp;&nbsp;&nbsp;&nbsp;&nbsp;&nbsp;&nbsp;<a style='color:#000000' href=https:\/\/www.arcope.it\/benedini\/catalogo_bib.php?BIB_CODI=1487 target=_self><i>Gabriella Benedini - Leggere frammenti. Ascoltare silenzi<\/i>, in \"Exibart\", online aprile 2017<\/a><br \/><hr>&nbsp;&nbsp;&nbsp;&nbsp;&nbsp;&nbsp;&nbsp;&nbsp;&nbsp;&nbsp;<a style='color:#000000' href=https:\/\/www.arcope.it\/benedini\/catalogo_bib.php?BIB_CODI=974 target=_self>Raffaella A. Caruso, <i>Leggere frammenti Ascoltare silenzi<\/i>, in \"artevista.eu. Sguardi d'arte e cultura tra passato e futuro\", online 2017<\/a><br \/><hr>&nbsp;&nbsp;&nbsp;&nbsp;&nbsp;&nbsp;&nbsp;&nbsp;&nbsp;&nbsp;<a style='color:#000000' href=https:\/\/www.arcope.it\/benedini\/catalogo_bib.php?BIB_CODI=957 target=_self>Luca Pietro Nicoletti, <i>La mostra\/2 Per Gabriella Benedini<\/i>, in \"La Biblioteca di Via Senato Milano\", <i>Una mostra per Arte 92<\/i>, Milano maggio 2017<\/a><br \/><hr>&nbsp;&nbsp;&nbsp;&nbsp;&nbsp;&nbsp;&nbsp;&nbsp;&nbsp;&nbsp;<a style='color:#000000' href=https:\/\/www.arcope.it\/benedini\/catalogo_bib.php?BIB_CODI=1035 target=_self><br \/><hr>&nbsp;&nbsp;&nbsp;&nbsp;&nbsp;&nbsp;&nbsp;&nbsp;&nbsp;&nbsp;<a style='color:#000000' href=https:\/\/www.arcope.it\/benedini\/catalogo_bib.php?BIB_CODI=1564 target=_self><i>Artiste al lavoro. Il lavoro delle donne\r\nCapolavori dalle Raccolte darte della CGIL<\/i>, a cura di Patrizia Lazoi e Flavia Matitti, presentazione di Susanna Camusso, Casa editrice Ediesse, Roma 2017<\/a><br \/><hr>&nbsp;&nbsp;&nbsp;&nbsp;&nbsp;&nbsp;&nbsp;&nbsp;&nbsp;&nbsp;<a style='color:#000000' href=https:\/\/www.arcope.it\/benedini\/catalogo_bib.php?BIB_CODI=1547 target=_self><br \/><hr>&nbsp;&nbsp;&nbsp;&nbsp;&nbsp;&nbsp;&nbsp;&nbsp;&nbsp;&nbsp;<a style='color:#000000' href=https:\/\/www.arcope.it\/benedini\/catalogo_bib.php?BIB_CODI=962 target=_self><i>Art Spaces gli spazi dell'arte<\/i>, a cura di Sandro Parmiggiani, La Tipografica Varese srl, Varese 2017<\/a><br \/><hr>&nbsp;&nbsp;&nbsp;&nbsp;&nbsp;&nbsp;&nbsp;&nbsp;&nbsp;&nbsp;<a style='color:#000000' href=https:\/\/www.arcope.it\/benedini\/catalogo_bib.php?BIB_CODI=1112 target=_self>Alessandra  Troncana , <i>La collezione Paolo VI riparte da Gabriella Benedini<\/i>, in \"Corriere della Sera\", Brescia 9 settembre 2017<\/a><br \/><hr>&nbsp;&nbsp;&nbsp;&nbsp;&nbsp;&nbsp;&nbsp;&nbsp;&nbsp;&nbsp;<a style='color:#000000' href=https:\/\/www.arcope.it\/benedini\/catalogo_bib.php?BIB_CODI=961 target=_self><i>Lo sguardo oltre. Francesco Bartoli (1933-1997)<\/i> <i>Lettere ad amici artisti<\/i>, a cura di Cesare Guerra, Publi Paoloini, Mantova 2017<\/a><br \/><hr>&nbsp;&nbsp;&nbsp;&nbsp;&nbsp;&nbsp;&nbsp;&nbsp;&nbsp;&nbsp;<a style='color:#000000' href=https:\/\/www.arcope.it\/benedini\/catalogo_bib.php?BIB_CODI=982 target=_self><i>1987-2017 Il Triangolo nero<\/i> <i>Trent'anni di Grafica Pittura Scultura ad Alessandria<\/i>, LineLab Edizioni, Alessandria 2017<\/a><br \/><hr>&nbsp;&nbsp;&nbsp;&nbsp;&nbsp;&nbsp;&nbsp;&nbsp;&nbsp;&nbsp;<a style='color:#000000' href=https:\/\/www.arcope.it\/benedini\/catalogo_bib.php?BIB_CODI=966 target=_self>Antonio Gramsci, <i>Il teatro lancia bombe nei cervelli<\/i> <i>Articoli, critiche, recensioni 1915-1920<\/i>, a cura di Fabio Francione, Mimesis  Edizioni, Sesto San Giovanni (MI) 2017<\/a><br \/><hr>&nbsp;&nbsp;&nbsp;&nbsp;&nbsp;&nbsp;&nbsp;&nbsp;&nbsp;&nbsp;<a style='color:#000000' href=https:\/\/www.arcope.it\/benedini\/catalogo_bib.php?BIB_CODI=968 target=_self><i>Storia del Premio di Pittura Marina di ravenna 1955-2016<\/i>, a cura di Pericle Stoppa, presentazione di Claudio Spadoni, Edizioni  Capit Ravenna, Ravenna 2017<\/a><br \/><hr>&nbsp;&nbsp;&nbsp;&nbsp;&nbsp;&nbsp;&nbsp;&nbsp;&nbsp;&nbsp;<a style='color:#000000' href=https:\/\/www.arcope.it\/benedini\/catalogo_bib.php?BIB_CODI=969 target=_self><i>Gabriella Benedini I tempi del cielo<\/i>, Concesio (BS) 2017<\/a><br \/><hr>&nbsp;&nbsp;&nbsp;&nbsp;&nbsp;&nbsp;&nbsp;&nbsp;&nbsp;&nbsp;<a style='color:#000000' href=https:\/\/www.arcope.it\/benedini\/catalogo_bib.php?BIB_CODI=1494 target=_self>Alessandra  Troncana , <i>Benedini, visioni sacre al femminile<\/i>, in \"Corriere della Sera\", Brescia 1 novembre 2017<\/a><br \/><hr>&nbsp;&nbsp;&nbsp;&nbsp;&nbsp;&nbsp;&nbsp;&nbsp;&nbsp;&nbsp;<a style='color:#000000' href=https:\/\/www.arcope.it\/benedini\/catalogo_bib.php?BIB_CODI=1496 target=_self><i>Mostra<\/i>, in \"La voce del popolo\" 2 novembre 2017<\/a><br \/><hr>&nbsp;&nbsp;&nbsp;&nbsp;&nbsp;&nbsp;&nbsp;&nbsp;&nbsp;&nbsp;<a style='color:#000000' href=https:\/\/www.arcope.it\/benedini\/catalogo_bib.php?BIB_CODI=1498 target=_self>Jacopo Manessi, <i>Benedini Archetipi<\/i>, in \"Brescia oggi\", online 2 novembre 2017<\/a><br \/><hr>&nbsp;&nbsp;&nbsp;&nbsp;&nbsp;&nbsp;&nbsp;&nbsp;&nbsp;&nbsp;<a style='color:#000000' href=https:\/\/www.arcope.it\/benedini\/catalogo_bib.php?BIB_CODI=1493 target=_self><i>Gabriella Benedini. I tempi del cielo<\/i>, in www.arte.it, online 3 novembre 2017<\/a><br \/><hr>&nbsp;&nbsp;&nbsp;&nbsp;&nbsp;&nbsp;&nbsp;&nbsp;&nbsp;&nbsp;<a style='color:#000000' href=https:\/\/www.arcope.it\/benedini\/catalogo_bib.php?BIB_CODI=1497 target=_self><i>I tempi del cielo<\/i>, in www.popolis.it, online 3 novembre 2017<\/a><br \/><hr>&nbsp;&nbsp;&nbsp;&nbsp;&nbsp;&nbsp;&nbsp;&nbsp;&nbsp;&nbsp;<a style='color:#000000' href=https:\/\/www.arcope.it\/benedini\/catalogo_bib.php?BIB_CODI=1499 target=_self><i>Benedini: \"La volta celeste da sempre ammirata, libri illeggibili e metamorfosi\"<\/i>, in periodico non identificato 3 novembre 2017<\/a><br \/><hr>&nbsp;&nbsp;&nbsp;&nbsp;&nbsp;&nbsp;&nbsp;&nbsp;&nbsp;&nbsp;<a style='color:#000000' href=https:\/\/www.arcope.it\/benedini\/catalogo_bib.php?BIB_CODI=1495 target=_self><i>Concesio, alla Collezione Paolo VI si inaugura \"I Tempi del Cielo\"<\/i>, in www.edv.24.i, online 3 novembre 2017<\/a><br \/><hr>&nbsp;&nbsp;&nbsp;&nbsp;&nbsp;&nbsp;&nbsp;&nbsp;&nbsp;&nbsp;<a style='color:#000000' href=https:\/\/www.arcope.it\/benedini\/catalogo_bib.php?BIB_CODI=964 target=_self>Fabio Francione, <i>Gramsci a San Vittore<\/i>, in \"Il Manifesto\", Milano 18\/11\/2017<\/a><br \/><hr>&nbsp;&nbsp;&nbsp;&nbsp;&nbsp;&nbsp;&nbsp;&nbsp;&nbsp;&nbsp;<a style='color:#000000' href=https:\/\/www.arcope.it\/benedini\/catalogo_bib.php?BIB_CODI=965 target=_self><i>Violenza, l'arte ne d\u00e0 coscienza<\/i>, a cura di Associazione Culturale Eidos Venezia Associazione Culturale Eidos Venezia, s.l. 2017<\/a><br \/><hr>&nbsp;&nbsp;&nbsp;&nbsp;&nbsp;&nbsp;&nbsp;&nbsp;&nbsp;&nbsp;<a style='color:#000000' href=https:\/\/www.arcope.it\/benedini\/catalogo_bib.php?BIB_CODI=967 target=_self><i>I libri d'artista dei Cento Amici del Libro Aggiornamento 2017<\/i>, Milano 2017<\/a><br \/><hr>&nbsp;&nbsp;&nbsp;&nbsp;&nbsp;&nbsp;&nbsp;&nbsp;&nbsp;&nbsp;<a style='color:#000000' href=https:\/\/www.arcope.it\/benedini\/catalogo_bib.php?BIB_CODI=971 target=_self><i>Purezza<\/i> <i>XXII Edizione di Arte da mangiare mangiare Arte festival internazionale dei Depuratori<\/i>, Milano 2017<\/a><br \/><hr><b><font size=6 color='#7F81FF'>2018<\/font><\/b><br>&nbsp;&nbsp;&nbsp;&nbsp;&nbsp;&nbsp;&nbsp;&nbsp;&nbsp;&nbsp;<a style='color:#000000' href=https:\/\/www.arcope.it\/benedini\/catalogo_bib.php?BIB_CODI=970 target=_self>Claudio Cerritelli, <i>Viaggi senza meta<\/i>, in \"Titolo\", <i>Viaggio alle origini<\/i>, Soveria Mannelli (CZ) 2018 inverno-primavera<\/a><br \/><hr>&nbsp;&nbsp;&nbsp;&nbsp;&nbsp;&nbsp;&nbsp;&nbsp;&nbsp;&nbsp;<a style='color:#000000' href=https:\/\/www.arcope.it\/benedini\/catalogo_bib.php?BIB_CODI=972 target=_self>Carlo Catiri, Giulio Crisanti, <i>Urbanart colore\/materia\/luce<\/i> <i>Mostra degli artisti contemporanei della Permanente<\/i> e Alfredo Mazzotta, Rodano Millepini (MI) 2018<\/a><br \/><hr>&nbsp;&nbsp;&nbsp;&nbsp;&nbsp;&nbsp;&nbsp;&nbsp;&nbsp;&nbsp;<a style='color:#000000' href=https:\/\/www.arcope.it\/benedini\/catalogo_bib.php?BIB_CODI=975 target=_self>Nadia Nava, Sergio Borrini, <i>Gabriella Benedini per qui Libri<\/i>, in \"Qui Libri\", Milano marzo - aprile 2018<\/a><br \/><hr>&nbsp;&nbsp;&nbsp;&nbsp;&nbsp;&nbsp;&nbsp;&nbsp;&nbsp;&nbsp;<a style='color:#000000' href=https:\/\/www.arcope.it\/benedini\/catalogo_bib.php?BIB_CODI=977 target=_self><i>Nuove immagini nuovi segni<\/i> <i>Opere del secondo novecento dal Museo della Permanente<\/i>, a cura di Luca Pietro Nicoletti e Gianluca Poldi, Edizioni Antiga, Crocetta del Montello (TV) 2018<\/a><br \/><hr>&nbsp;&nbsp;&nbsp;&nbsp;&nbsp;&nbsp;&nbsp;&nbsp;&nbsp;&nbsp;<a style='color:#000000' href=https:\/\/www.arcope.it\/benedini\/catalogo_bib.php?BIB_CODI=979 target=_self>Patrizia Serra, <i>Risonanze Gabriella Benedini<\/i>, Milano 2018<\/a><br \/><hr>&nbsp;&nbsp;&nbsp;&nbsp;&nbsp;&nbsp;&nbsp;&nbsp;&nbsp;&nbsp;<a style='color:#000000' href=https:\/\/www.arcope.it\/benedini\/catalogo_bib.php?BIB_CODI=980 target=_self><i>L'arte \u00e8 rosa. Artiste donne del Novecento italiano<\/i>, presentazione di Luigi Cavadini, s.l. 2018<\/a><br \/><hr><b><font size=6 color='#7F81FF'>2019<\/font><\/b><br>&nbsp;&nbsp;&nbsp;&nbsp;&nbsp;&nbsp;&nbsp;&nbsp;&nbsp;&nbsp;<a style='color:#000000' href=https:\/\/www.arcope.it\/benedini\/catalogo_bib.php?BIB_CODI=1114 target=_self>Caterina Iaquinta, <i>Sovvertire il domestico.<\/i>, in \"Palinsesti\", <i>Femminismo e mitologia del femminile nell'arte di Clemen Parrocchetti<\/i>, Trento agosto 2019<\/a><br \/><hr>&nbsp;&nbsp;&nbsp;&nbsp;&nbsp;&nbsp;&nbsp;&nbsp;&nbsp;&nbsp;<a style='color:#000000' href=https:\/\/www.arcope.it\/benedini\/catalogo_bib.php?BIB_CODI=1032 target=_self><i>Storie perdute<\/i>, in \"SF Incontri\", <i>Mostra di Gabriella Benedini<\/i>, Milano settembre-novembre 2019<\/a><br \/><hr>&nbsp;&nbsp;&nbsp;&nbsp;&nbsp;&nbsp;&nbsp;&nbsp;&nbsp;&nbsp;<a style='color:#000000' href=https:\/\/www.arcope.it\/benedini\/catalogo_bib.php?BIB_CODI=1033 target=_self><br \/><hr>&nbsp;&nbsp;&nbsp;&nbsp;&nbsp;&nbsp;&nbsp;&nbsp;&nbsp;&nbsp;<a style='color:#000000' href=https:\/\/www.arcope.it\/benedini\/catalogo_bib.php?BIB_CODI=1041 target=_self><i>2da Muestra Cultural Artistas Contamporaneos Italianos y Dominicanos<\/i> <i>Celebramos el V Centenario de Leonardo Da Vinci y la Llegada de Alessandro Geraldini<\/i>, a cura di Angela Occhipinti e Marco Meneguzzo 2019<\/a><br \/><hr>&nbsp;&nbsp;&nbsp;&nbsp;&nbsp;&nbsp;&nbsp;&nbsp;&nbsp;&nbsp;<a style='color:#000000' href=https:\/\/www.arcope.it\/benedini\/catalogo_bib.php?BIB_CODI=1058 target=_self><i>Mostra \"Gibson: the Soud of Art\" alla Galleria Spaziotemporaneo<\/i>, in \"Larepubblica.it\", online novembre 2019<\/a><br \/><hr>&nbsp;&nbsp;&nbsp;&nbsp;&nbsp;&nbsp;&nbsp;&nbsp;&nbsp;&nbsp;<a style='color:#000000' href=https:\/\/www.arcope.it\/benedini\/catalogo_bib.php?BIB_CODI=1059 target=_self><i>Gibson: The Soud Of Art<\/i>, in \"MyMi.it\", online 19 novembre 2019<\/a><br \/><hr><b><font size=6 color='#7F81FF'>2020<\/font><\/b><br>&nbsp;&nbsp;&nbsp;&nbsp;&nbsp;&nbsp;&nbsp;&nbsp;&nbsp;&nbsp;<a style='color:#000000' href=https:\/\/www.arcope.it\/benedini\/catalogo_bib.php?BIB_CODI=806 target=_self>Chiara Agnello, <i>Senza titolo<\/i>, in \"Geniodonna\", Como febbraio 2010<\/a><br \/><hr>&nbsp;&nbsp;&nbsp;&nbsp;&nbsp;&nbsp;&nbsp;&nbsp;&nbsp;&nbsp;<a style='color:#000000' href=https:\/\/www.arcope.it\/benedini\/catalogo_bib.php?BIB_CODI=1036 target=_self>Cristina Casero, <i>Gesti di rivolta<\/i> <i>Arte, fotografia e femminismo a Milano 1975-1980<\/i>, i libri di enciclopedia delle donne, Milano marzo 2020<\/a><br \/><hr>&nbsp;&nbsp;&nbsp;&nbsp;&nbsp;&nbsp;&nbsp;&nbsp;&nbsp;&nbsp;<a style='color:#000000' href=https:\/\/www.arcope.it\/benedini\/catalogo_bib.php?BIB_CODI=1034 target=_self><br \/><hr>&nbsp;&nbsp;&nbsp;&nbsp;&nbsp;&nbsp;&nbsp;&nbsp;&nbsp;&nbsp;<a style='color:#000000' href=https:\/\/www.arcope.it\/benedini\/catalogo_bib.php?BIB_CODI=1040 target=_self>Chiara Vanzetto, <i>Femminismo e arte nella Milano anno 70<\/i>, in \"Corriere della Sera\" - inserto di Milano, Milano 28 settembre 2020<\/a><br \/><hr><b><font size=6 color='#7F81FF'>2021<\/font><\/b><br>&nbsp;&nbsp;&nbsp;&nbsp;&nbsp;&nbsp;&nbsp;&nbsp;&nbsp;&nbsp;<a style='color:#000000' href=https:\/\/www.arcope.it\/benedini\/catalogo_bib.php?BIB_CODI=1069 target=_self><br \/><hr>&nbsp;&nbsp;&nbsp;&nbsp;&nbsp;&nbsp;&nbsp;&nbsp;&nbsp;&nbsp;<a style='color:#000000' href=https:\/\/www.arcope.it\/benedini\/catalogo_bib.php?BIB_CODI=1488 target=_self><i>Nuove intersezioni e altri dialoghi, nella Collezione dell'Istituto Garuzzo<\/i>, in \"Exibart\", online giugno 2021<\/a><br \/><hr>&nbsp;&nbsp;&nbsp;&nbsp;&nbsp;&nbsp;&nbsp;&nbsp;&nbsp;&nbsp;<a style='color:#000000' href=https:\/\/www.arcope.it\/benedini\/catalogo_bib.php?BIB_CODI=1063 target=_self><i>Sono tazza di te!<\/i> <i>100 smashing women designer<\/i>, a cura di Anty Pansera e Patrizia Sacchi, DcomeDesign, Milano 2021<\/a><br \/><hr>&nbsp;&nbsp;&nbsp;&nbsp;&nbsp;&nbsp;&nbsp;&nbsp;&nbsp;&nbsp;<a style='color:#000000' href=https:\/\/www.arcope.it\/benedini\/catalogo_bib.php?BIB_CODI=1173 target=_self>Letizia Rittatore Vonwiller, <i>E la creativit\u00e0 delle designer fin\u00ec in una tazza di t\u00e9<\/i>, in \"Corriere della Sera\", Milano settembre 2021<\/a><br \/><hr>&nbsp;&nbsp;&nbsp;&nbsp;&nbsp;&nbsp;&nbsp;&nbsp;&nbsp;&nbsp;<a style='color:#000000' href=https:\/\/www.arcope.it\/benedini\/catalogo_bib.php?BIB_CODI=1065 target=_self><i>Nulla dies sine linea<\/i> <i>XVII Edizione Itinerario di Arte e Spiritualit\u00e0<\/i>, EDUCatt, Milano ottobre 2021<\/a><br \/><hr>&nbsp;&nbsp;&nbsp;&nbsp;&nbsp;&nbsp;&nbsp;&nbsp;&nbsp;&nbsp;<a style='color:#000000' href=https:\/\/www.arcope.it\/benedini\/catalogo_bib.php?BIB_CODI=1067 target=_self>Chiara Vanzetto, <i>In tour tra studi e musei<\/i>, in \"Corriere della Sera Milano\", Milano 2021<\/a><br \/><hr>&nbsp;&nbsp;&nbsp;&nbsp;&nbsp;&nbsp;&nbsp;&nbsp;&nbsp;&nbsp;<a style='color:#000000' href=https:\/\/www.arcope.it\/benedini\/catalogo_bib.php?BIB_CODI=1066 target=_self>Chiara Vanzetto, <i>Auditorium San Fedele. Viaggio negli atelier di tre scultrici di oggi<\/i>, in \"Corriere della Sera Milano\", Milano 2021<\/a><br \/><hr>&nbsp;&nbsp;&nbsp;&nbsp;&nbsp;&nbsp;&nbsp;&nbsp;&nbsp;&nbsp;<a style='color:#000000' href=https:\/\/www.arcope.it\/benedini\/catalogo_bib.php?BIB_CODI=1070 target=_self><i>La porte rouge<\/i> <i>Petite hiostoire d'une collection<\/i>, Sonia de Waillet, Bruxelles 2021<\/a><br \/><hr>&nbsp;&nbsp;&nbsp;&nbsp;&nbsp;&nbsp;&nbsp;&nbsp;&nbsp;&nbsp;<a style='color:#000000' href=https:\/\/www.arcope.it\/benedini\/catalogo_bib.php?BIB_CODI=1071 target=_self><i>Collezione Paolo VI Arte contemporanea 100 artisti, 100 opere<\/i>, a cura di Paolo Sacchini e Marisa Paderni, Silvana Editoriale, Cinisello Balsamo (MI) dicembre 2021<\/a><br \/><hr><b><font size=6 color='#7F81FF'>2022<\/font><\/b><br>&nbsp;&nbsp;&nbsp;&nbsp;&nbsp;&nbsp;&nbsp;&nbsp;&nbsp;&nbsp;<a style='color:#000000' href=https:\/\/www.arcope.it\/benedini\/catalogo_bib.php?BIB_CODI=1571 target=_self><i>Annuario d'arte Contemporane Cina-Italia<\/i>, a cura di Pengpeng Wang, Edizioni A60, Novate Milanese (MI) 2022<\/a><br \/><hr>&nbsp;&nbsp;&nbsp;&nbsp;&nbsp;&nbsp;&nbsp;&nbsp;&nbsp;&nbsp;<a style='color:#000000' href=https:\/\/www.arcope.it\/benedini\/catalogo_bib.php?BIB_CODI=1072 target=_self><i>Astratte Donne e astrazione in Italia 1930-2000,<\/i>, a cura di Elena Di Raddo, Antiga Edizioni, Crocetta del Montello (TV) 2022<\/a><br \/><hr>&nbsp;&nbsp;&nbsp;&nbsp;&nbsp;&nbsp;&nbsp;&nbsp;&nbsp;&nbsp;<a style='color:#000000' href=https:\/\/www.arcope.it\/benedini\/catalogo_bib.php?BIB_CODI=1519 target=_self><i>\"Un viagigo\", mostra di Gabriella Benedini<\/i>, in \"Ravenna eventi\", online marzo 2022<\/a><br \/><hr>&nbsp;&nbsp;&nbsp;&nbsp;&nbsp;&nbsp;&nbsp;&nbsp;&nbsp;&nbsp;<a style='color:#000000' href=https:\/\/www.arcope.it\/benedini\/catalogo_bib.php?BIB_CODI=1526 target=_self><i>Gabriella Benedini Un viaggio<\/i>, in \"Segnonline\", online marzo 2022<\/a><br \/><hr>&nbsp;&nbsp;&nbsp;&nbsp;&nbsp;&nbsp;&nbsp;&nbsp;&nbsp;&nbsp;<a style='color:#000000' href=https:\/\/www.arcope.it\/benedini\/catalogo_bib.php?BIB_CODI=1528 target=_self><i>Gabriella Benedini \u2018Un Viaggio\u2019 a cura di Francesco Tedeschi<\/i>, in \"YM You mark\", online marzo 2022<\/a><br \/><hr>&nbsp;&nbsp;&nbsp;&nbsp;&nbsp;&nbsp;&nbsp;&nbsp;&nbsp;&nbsp;<a style='color:#000000' href=https:\/\/www.arcope.it\/benedini\/catalogo_bib.php?BIB_CODI=1530 target=_self><i>Gabriella Benedini. Un viaggio<\/i>, in \"arte.go\", online marzo 2022<\/a><br \/><hr>&nbsp;&nbsp;&nbsp;&nbsp;&nbsp;&nbsp;&nbsp;&nbsp;&nbsp;&nbsp;<a style='color:#000000' href=https:\/\/www.arcope.it\/benedini\/catalogo_bib.php?BIB_CODI=1531 target=_self><i>Gabriella Benedini. Un viaggio<\/i>, in \"Arte.it\", online marzo 2022<\/a><br \/><hr>&nbsp;&nbsp;&nbsp;&nbsp;&nbsp;&nbsp;&nbsp;&nbsp;&nbsp;&nbsp;<a style='color:#000000' href=https:\/\/www.arcope.it\/benedini\/catalogo_bib.php?BIB_CODI=1532 target=_self><i>Gabriella Benedini. Un viaggio<\/i>, in \"Verso l'arte\", online marzo 2022<\/a><br \/><hr>&nbsp;&nbsp;&nbsp;&nbsp;&nbsp;&nbsp;&nbsp;&nbsp;&nbsp;&nbsp;<a style='color:#000000' href=https:\/\/www.arcope.it\/benedini\/catalogo_bib.php?BIB_CODI=1533 target=_self><i>Gabriella Benedini. Un viaggio<\/i>, in \"Area\", online marzo 2022<\/a><br \/><hr>&nbsp;&nbsp;&nbsp;&nbsp;&nbsp;&nbsp;&nbsp;&nbsp;&nbsp;&nbsp;<a style='color:#000000' href=https:\/\/www.arcope.it\/benedini\/catalogo_bib.php?BIB_CODI=1535 target=_self><i>Gabriella Benedini. Un viaggio<\/i>, in \"Zero\", online marzo 2022<\/a><br \/><hr>&nbsp;&nbsp;&nbsp;&nbsp;&nbsp;&nbsp;&nbsp;&nbsp;&nbsp;&nbsp;<a style='color:#000000' href=https:\/\/www.arcope.it\/benedini\/catalogo_bib.php?BIB_CODI=1538 target=_self><i>Il secondo evento espositivo della Fondazione Sabe per l'arte \u00e8 dedicato a Gabriella Benedini<\/i>, in \"Artemagazine\", online marzo 2022<\/a><br \/><hr>&nbsp;&nbsp;&nbsp;&nbsp;&nbsp;&nbsp;&nbsp;&nbsp;&nbsp;&nbsp;<a style='color:#000000' href=https:\/\/www.arcope.it\/benedini\/catalogo_bib.php?BIB_CODI=1570 target=_self><i>Utopia quieta<\/i>, a cura di Emanuele Gregolin e Pengpeng Wang, Edizioni A60, Novate Milanese (Mi) 2022<\/a><br \/><hr>&nbsp;&nbsp;&nbsp;&nbsp;&nbsp;&nbsp;&nbsp;&nbsp;&nbsp;&nbsp;<a style='color:#000000' href=https:\/\/www.arcope.it\/benedini\/catalogo_bib.php?BIB_CODI=1087 target=_self>Camilla Profeta, <i>Tondi di bellezza e Kabul resiste in galleria<\/i>, in \"La Repubblica - TuttoMilano\", Milano 3-9 marzo 2022<\/a><br \/><hr>&nbsp;&nbsp;&nbsp;&nbsp;&nbsp;&nbsp;&nbsp;&nbsp;&nbsp;&nbsp;<a style='color:#000000' href=https:\/\/www.arcope.it\/benedini\/catalogo_bib.php?BIB_CODI=1518 target=_self><i>\"Gabriella Benedini. Un viaggio\" Fondazione Sabe per l'arte, dal 26 marzo al 16 luglio 2022<\/i>, in \"udite! udite!\", online 7 marzo 2022<\/a><br \/><hr>&nbsp;&nbsp;&nbsp;&nbsp;&nbsp;&nbsp;&nbsp;&nbsp;&nbsp;&nbsp;<a style='color:#000000' href=https:\/\/www.arcope.it\/benedini\/catalogo_bib.php?BIB_CODI=1524 target=_self><i>Fondazione Sabe per l\u2019arte, mostra di Gabriella Benedini: Un Viaggio<\/i>, in Ravenna webTV, online 7 marzo 2022<\/a><br \/><hr>&nbsp;&nbsp;&nbsp;&nbsp;&nbsp;&nbsp;&nbsp;&nbsp;&nbsp;&nbsp;<a style='color:#000000' href=https:\/\/www.arcope.it\/benedini\/catalogo_bib.php?BIB_CODI=1539 target=_self><i>Mostra Gabriella Benedini. Un viaggio - Ravenna<\/i>, in \"Cose di casa\", online 7 marzo 2022<\/a><br \/><hr>&nbsp;&nbsp;&nbsp;&nbsp;&nbsp;&nbsp;&nbsp;&nbsp;&nbsp;&nbsp;<a style='color:#000000' href=https:\/\/www.arcope.it\/benedini\/catalogo_bib.php?BIB_CODI=1543 target=_self><i>Gabriella Benedini Un viagigo<\/i>, in \"SpecialeItaliadelgusto\", online 7 marzo 2022<\/a><br \/><hr>&nbsp;&nbsp;&nbsp;&nbsp;&nbsp;&nbsp;&nbsp;&nbsp;&nbsp;&nbsp;<a style='color:#000000' href=https:\/\/www.arcope.it\/benedini\/catalogo_bib.php?BIB_CODI=1513 target=_self><i>ASTRATTE. Donne e astrazione in Italia 1930-2000<\/i>, in \"Politicamente corretto.com\", online 8 marzo 2022<\/a><br \/><hr>&nbsp;&nbsp;&nbsp;&nbsp;&nbsp;&nbsp;&nbsp;&nbsp;&nbsp;&nbsp;<a style='color:#000000' href=https:\/\/www.arcope.it\/benedini\/catalogo_bib.php?BIB_CODI=1527 target=_self><i>Gabriella Benedini Un viaggio a cura di Francesco Tedeschi<\/i>, in Eventi culturali, online 8 marzo 2022<\/a><br \/><hr>&nbsp;&nbsp;&nbsp;&nbsp;&nbsp;&nbsp;&nbsp;&nbsp;&nbsp;&nbsp;<a style='color:#000000' href=https:\/\/www.arcope.it\/benedini\/catalogo_bib.php?BIB_CODI=1541 target=_self><i>Un viaggio Gabriella Beneedini<\/i>, in \"Smallzine\", online 8 marzo 2022<\/a><br \/><hr>&nbsp;&nbsp;&nbsp;&nbsp;&nbsp;&nbsp;&nbsp;&nbsp;&nbsp;&nbsp;<a style='color:#000000' href=https:\/\/www.arcope.it\/benedini\/catalogo_bib.php?BIB_CODI=1540 target=_self><i>Mostre: \u2018Un viaggio\u2019 di Gabriella Benedini a Ravenna<\/i>, in \"Giornale di Ravenna\", online 15 marzo 2022<\/a><br \/><hr>&nbsp;&nbsp;&nbsp;&nbsp;&nbsp;&nbsp;&nbsp;&nbsp;&nbsp;&nbsp;<a style='color:#000000' href=https:\/\/www.arcope.it\/benedini\/catalogo_bib.php?BIB_CODI=1544 target=_self><i>Mostre: \u2018Un viaggio\u2019 di Gabriella Benedini a Ravenna<\/i>, in \"Giornale Riccione\", online 15 marzo 2022<\/a><br \/><hr>&nbsp;&nbsp;&nbsp;&nbsp;&nbsp;&nbsp;&nbsp;&nbsp;&nbsp;&nbsp;<a style='color:#000000' href=https:\/\/www.arcope.it\/benedini\/catalogo_bib.php?BIB_CODI=1545 target=_self><i>Mostre: 'Un viaggio' di Gabriella Benedini a Ravenna<\/i>, in \"Tisscali cultura\", online 15 marzo 2022<\/a><br \/><hr>&nbsp;&nbsp;&nbsp;&nbsp;&nbsp;&nbsp;&nbsp;&nbsp;&nbsp;&nbsp;<a style='color:#000000' href=https:\/\/www.arcope.it\/benedini\/catalogo_bib.php?BIB_CODI=1523 target=_self><i>Con Gabriella Benedini, al via la seconda mostra di Fondazione Sabe per l'arte<\/i>, in \"Espoarte\", online 16 marzo 2022<\/a><br \/><hr>&nbsp;&nbsp;&nbsp;&nbsp;&nbsp;&nbsp;&nbsp;&nbsp;&nbsp;&nbsp;<a style='color:#000000' href=https:\/\/www.arcope.it\/benedini\/catalogo_bib.php?BIB_CODI=1534 target=_self><i>Gabriella Benedini. Un Viaggio  - Fondazione Sabe per l\u2019arte<\/i>, in \"asknews\", online 21 marzo 2022<\/a><br \/><hr>&nbsp;&nbsp;&nbsp;&nbsp;&nbsp;&nbsp;&nbsp;&nbsp;&nbsp;&nbsp;<a style='color:#000000' href=https:\/\/www.arcope.it\/benedini\/catalogo_bib.php?BIB_CODI=1521 target=_self><i>Il \"viaggio\"\u009d di Gabriella Benedini alla Fondazione Sabe per l'arte di Ravenna<\/i>, in \"aise.it\", online 22 marzo 2022<\/a><br \/><hr>&nbsp;&nbsp;&nbsp;&nbsp;&nbsp;&nbsp;&nbsp;&nbsp;&nbsp;&nbsp;<a style='color:#000000' href=https:\/\/www.arcope.it\/benedini\/catalogo_bib.php?BIB_CODI=1542 target=_self><i>Un viaggio a cura di Gabriella Benedini<\/i>, in \"CorrierePl.it\", online 22 marzo 2022<\/a><br \/><hr>&nbsp;&nbsp;&nbsp;&nbsp;&nbsp;&nbsp;&nbsp;&nbsp;&nbsp;&nbsp;<a style='color:#000000' href=https:\/\/www.arcope.it\/benedini\/catalogo_bib.php?BIB_CODI=1537 target=_self><i>Gabriella Benedini: viaggio e rielaborazione<\/i>, in \"periodico daily\", online 23 marzo 2022<\/a><br \/><hr>&nbsp;&nbsp;&nbsp;&nbsp;&nbsp;&nbsp;&nbsp;&nbsp;&nbsp;&nbsp;<a style='color:#000000' href=https:\/\/www.arcope.it\/benedini\/catalogo_bib.php?BIB_CODI=1520 target=_self><i>\u201cUn viaggio\u201d: mostra di Gabriella Benedini alla Fondazione Sabe per l\u2019arte<\/i>, in \"Pi\u00f9 notizie\", online 25 marzo 2022<\/a><br \/><hr>&nbsp;&nbsp;&nbsp;&nbsp;&nbsp;&nbsp;&nbsp;&nbsp;&nbsp;&nbsp;<a style='color:#000000' href=https:\/\/www.arcope.it\/benedini\/catalogo_bib.php?BIB_CODI=1522 target=_self><i>Alla galleria Sabe si apre \u201cUn Viaggio\u201d tra le opere di Gabriella Benedini<\/i>, in \"RavennaeDintorni.it\", online 25 marzo 2022<\/a><br \/><hr>&nbsp;&nbsp;&nbsp;&nbsp;&nbsp;&nbsp;&nbsp;&nbsp;&nbsp;&nbsp;<a style='color:#000000' href=https:\/\/www.arcope.it\/benedini\/catalogo_bib.php?BIB_CODI=1546 target=_self><i>Ravenna. Alla Fondazione Sabe la mostra personale dell\u2019artista Gabriella Benedini<\/i>, in \"Romagna notizie\", online 25 marzo 2022<\/a><br \/><hr>&nbsp;&nbsp;&nbsp;&nbsp;&nbsp;&nbsp;&nbsp;&nbsp;&nbsp;&nbsp;<a style='color:#000000' href=https:\/\/www.arcope.it\/benedini\/catalogo_bib.php?BIB_CODI=1525 target=_self><i>Gabriella Benedini - Un viaggio\r\n<\/i>, in \"Artribune\", online 26 marzo 2022<\/a><br \/><hr>&nbsp;&nbsp;&nbsp;&nbsp;&nbsp;&nbsp;&nbsp;&nbsp;&nbsp;&nbsp;<a style='color:#000000' href=https:\/\/www.arcope.it\/benedini\/catalogo_bib.php?BIB_CODI=1529 target=_self><i>Gabriella Benedini Un viaggio, personale alla Fondazione Sabe per l\u2019arte<\/i>, in \"Art a part\", online 26 marzo 2022<\/a><br \/><hr>&nbsp;&nbsp;&nbsp;&nbsp;&nbsp;&nbsp;&nbsp;&nbsp;&nbsp;&nbsp;<a style='color:#000000' href=https:\/\/www.arcope.it\/benedini\/catalogo_bib.php?BIB_CODI=1536 target=_self><i>Gabriella Benedini: Un Viaggio dal 26 marzo al 16 luglio 2022 a Ravenna<\/i>, in \"L'Opinionista\", online 26 marzo 2022<\/a><br \/><hr>&nbsp;&nbsp;&nbsp;&nbsp;&nbsp;&nbsp;&nbsp;&nbsp;&nbsp;&nbsp;<a style='color:#000000' href=https:\/\/www.arcope.it\/benedini\/catalogo_bib.php?BIB_CODI=1080 target=_self><i>C'era una volta Bergamo...La Galleria 72\r\n<\/i>, A.S.A.V. Associazione Seriatese Arti Visive, Seriate 2022<\/a><br \/><hr>&nbsp;&nbsp;&nbsp;&nbsp;&nbsp;&nbsp;&nbsp;&nbsp;&nbsp;&nbsp;<a style='color:#000000' href=https:\/\/www.arcope.it\/benedini\/catalogo_bib.php?BIB_CODI=1079 target=_self>Gabriella Benedini, <i>Deserto bianco<\/i>, presentazione di Flaminio Gualdoni, Arti Grafiche Castello, Viadana (MN) 2022<\/a><br \/><hr>&nbsp;&nbsp;&nbsp;&nbsp;&nbsp;&nbsp;&nbsp;&nbsp;&nbsp;&nbsp;<a style='color:#000000' href=https:\/\/www.arcope.it\/benedini\/catalogo_bib.php?BIB_CODI=1090 target=_self><i>Gabiella Benedini Un viaggio<\/i>, a cura di Francesco Tedeschi, Danilo Montanari Editore, Ravenna maggio 2022<\/a><br \/><hr>&nbsp;&nbsp;&nbsp;&nbsp;&nbsp;&nbsp;&nbsp;&nbsp;&nbsp;&nbsp;<a style='color:#000000' href=https:\/\/www.arcope.it\/benedini\/catalogo_bib.php?BIB_CODI=1104 target=_self><br \/><hr>&nbsp;&nbsp;&nbsp;&nbsp;&nbsp;&nbsp;&nbsp;&nbsp;&nbsp;&nbsp;<a style='color:#000000' href=https:\/\/www.arcope.it\/benedini\/catalogo_bib.php?BIB_CODI=1078 target=_self><i>Gabriella Benedini Biblioteca<\/i>, Associazione Archivio Gabriella Benedini, Milano 2022<\/a><br \/><hr>&nbsp;&nbsp;&nbsp;&nbsp;&nbsp;&nbsp;&nbsp;&nbsp;&nbsp;&nbsp;<a style='color:#000000' href=https:\/\/www.arcope.it\/benedini\/catalogo_bib.php?BIB_CODI=1503 target=_self><i>Gallerie d\u2019Italia, a Milano si celebra Gabriella Benedini<\/i>, in \"asknews\", online 14 settembre 2022<\/a><br \/><hr>&nbsp;&nbsp;&nbsp;&nbsp;&nbsp;&nbsp;&nbsp;&nbsp;&nbsp;&nbsp;<a style='color:#000000' href=https:\/\/www.arcope.it\/benedini\/catalogo_bib.php?BIB_CODI=1505 target=_self><i>Intesa Sanpaolo, presentato il programma autunnale delle Gallerie d'Italia: da Artemisia Gentileschi ai Rothschild<\/i>, in \"Il guiornale d'Italia\", online 31 agosto 2022<\/a><br \/><hr>&nbsp;&nbsp;&nbsp;&nbsp;&nbsp;&nbsp;&nbsp;&nbsp;&nbsp;&nbsp;<a style='color:#000000' href=https:\/\/www.arcope.it\/benedini\/catalogo_bib.php?BIB_CODI=1506 target=_self><i>La ricerca artistica di Gabriella Benedini alle \"Gallerie d'Italia\u201c Milano<\/i>, in www.intesasanpaolo, online settembre 2022<\/a><br \/><hr>&nbsp;&nbsp;&nbsp;&nbsp;&nbsp;&nbsp;&nbsp;&nbsp;&nbsp;&nbsp;<a style='color:#000000' href=https:\/\/www.arcope.it\/benedini\/catalogo_bib.php?BIB_CODI=1509 target=_self><i>Milano, le 7 mostre da non perdere a settembre 2022<\/i>, in Sky Tg24, online 3 settembre 2022<\/a><br \/><hr>&nbsp;&nbsp;&nbsp;&nbsp;&nbsp;&nbsp;&nbsp;&nbsp;&nbsp;&nbsp;<a style='color:#000000' href=https:\/\/www.arcope.it\/benedini\/catalogo_bib.php?BIB_CODI=1500 target=_self><i>Alle Gallerie d'Italia, Athanor, mostra su Gabriella Benedini<\/i>, in \"geos.news\", online 14 settembre 2022<\/a><br \/><hr>&nbsp;&nbsp;&nbsp;&nbsp;&nbsp;&nbsp;&nbsp;&nbsp;&nbsp;&nbsp;<a style='color:#000000' href=https:\/\/www.arcope.it\/benedini\/catalogo_bib.php?BIB_CODI=1501 target=_self><i>Bolpagni, curatore: \"Athanor alle Gallerie d'Italia: la trasformazione \u00e8 alla base del nostro essere e dell'arte di Gabriella Benedini\"<\/i>, in \"Il giornale d'Italia\", online 14 settembre 2022<\/a><br \/><hr>&nbsp;&nbsp;&nbsp;&nbsp;&nbsp;&nbsp;&nbsp;&nbsp;&nbsp;&nbsp;<a style='color:#000000' href=https:\/\/www.arcope.it\/benedini\/catalogo_bib.php?BIB_CODI=1088 target=_self>Francesca Bonazzoli, <i>Il viaggio spirituale di Gabriella Benedini<\/i>, in \"Corriere della Sera\", Milano 15 settembre 2022<\/a><br \/><hr>&nbsp;&nbsp;&nbsp;&nbsp;&nbsp;&nbsp;&nbsp;&nbsp;&nbsp;&nbsp;<a style='color:#000000' href=https:\/\/www.arcope.it\/benedini\/catalogo_bib.php?BIB_CODI=1504 target=_self><i>Intesa SP, inaugura a Milano la mostra \u201cGabriella Benedini. Athanor\u201d<\/i>, in \"esg news\", online 15 settembre 2022<\/a><br \/><hr>&nbsp;&nbsp;&nbsp;&nbsp;&nbsp;&nbsp;&nbsp;&nbsp;&nbsp;&nbsp;<a style='color:#000000' href=https:\/\/www.arcope.it\/benedini\/catalogo_bib.php?BIB_CODI=1510 target=_self><i>Mostra Gabriella Benedini. Athanor - Milano<\/i>, in \"Cosedicasa.com\", online 15 settembre 2022<\/a><br \/><hr>&nbsp;&nbsp;&nbsp;&nbsp;&nbsp;&nbsp;&nbsp;&nbsp;&nbsp;&nbsp;<a style='color:#000000' href=https:\/\/www.arcope.it\/benedini\/catalogo_bib.php?BIB_CODI=1502 target=_self><i>Gabriella Benedini. Athanor<\/i>, in \"Arte.it\", online 21 settembre 2022<\/a><br \/><hr>&nbsp;&nbsp;&nbsp;&nbsp;&nbsp;&nbsp;&nbsp;&nbsp;&nbsp;&nbsp;<a style='color:#000000' href=https:\/\/www.arcope.it\/benedini\/catalogo_bib.php?BIB_CODI=1507 target=_self><i>L'artista Gabriella Benedini: \"Athanor, nel mio fornello fondo materie, forme, concetti che si trasformano in queste mie opere\"<\/i>, in \"Il giornale d'Italia\", online 21 settembre 2022<\/a><br \/><hr>&nbsp;&nbsp;&nbsp;&nbsp;&nbsp;&nbsp;&nbsp;&nbsp;&nbsp;&nbsp;<a style='color:#000000' href=https:\/\/www.arcope.it\/benedini\/catalogo_bib.php?BIB_CODI=1103 target=_self><br \/><hr>&nbsp;&nbsp;&nbsp;&nbsp;&nbsp;&nbsp;&nbsp;&nbsp;&nbsp;&nbsp;<a style='color:#000000' href=https:\/\/www.arcope.it\/benedini\/catalogo_bib.php?BIB_CODI=1084 target=_self><i>Rosa alchemico<\/i>, Antiga Edizioni, Crocetta del Montello (TV) 2022<\/a><br \/><hr>&nbsp;&nbsp;&nbsp;&nbsp;&nbsp;&nbsp;&nbsp;&nbsp;&nbsp;&nbsp;<a style='color:#000000' href=https:\/\/www.arcope.it\/benedini\/catalogo_bib.php?BIB_CODI=1512 target=_self><i>Il Rosa Alchemico di Miniartextil colora Villa Olmo fino all\u20198 gennaio<\/i>, in \"Universit\u00e0 Ecampus\", online 17 ottobre 2022<\/a><br \/><hr>&nbsp;&nbsp;&nbsp;&nbsp;&nbsp;&nbsp;&nbsp;&nbsp;&nbsp;&nbsp;<a style='color:#000000' href=https:\/\/www.arcope.it\/benedini\/catalogo_bib.php?BIB_CODI=1508 target=_self><i>Le costellazioni archeologiche di Gabriella Benedini<\/i>, in \"Il manifesto\", Milano 2 novembre 2022<\/a><br \/><hr>&nbsp;&nbsp;&nbsp;&nbsp;&nbsp;&nbsp;&nbsp;&nbsp;&nbsp;&nbsp;<a style='color:#000000' href=https:\/\/www.arcope.it\/benedini\/catalogo_bib.php?BIB_CODI=1511 target=_self>Mariagrazia Teschi, <i>Mostra L'arte di Benedini nle fornello dell'alchimista<\/i>, in \"La Provincia\", Cremona 5 novembre 2022<\/a><br \/><hr><b><font size=6 color='#7F81FF'>2023<\/font><\/b><br>&nbsp;&nbsp;&nbsp;&nbsp;&nbsp;&nbsp;&nbsp;&nbsp;&nbsp;&nbsp;<a style='color:#000000' href=https:\/\/www.arcope.it\/benedini\/catalogo_bib.php?BIB_CODI=1093 target=_self><i>1970\/2023 Un percorso nell'arte italiana degli anni settanta<\/i>, a cura di Simona Bartolena e Armando Fettolini, Art Center, Bernareggio (MB) 2023<\/a><br \/><hr>&nbsp;&nbsp;&nbsp;&nbsp;&nbsp;&nbsp;&nbsp;&nbsp;&nbsp;&nbsp;<a style='color:#000000' href=https:\/\/www.arcope.it\/benedini\/catalogo_bib.php?BIB_CODI=1105 target=_self><br \/><hr>&nbsp;&nbsp;&nbsp;&nbsp;&nbsp;&nbsp;&nbsp;&nbsp;&nbsp;&nbsp;<a style='color:#000000' href=https:\/\/www.arcope.it\/benedini\/catalogo_bib.php?BIB_CODI=1091 target=_self><i>Gabriella Benedini Navigare Cieli<\/i>, a cura di Monica Di Matteo e Maria Vittoria Mondini, Universit\u00e0 Cattolica del Sacro Cuore, Milano 2023<\/a><br \/><hr>&nbsp;&nbsp;&nbsp;&nbsp;&nbsp;&nbsp;&nbsp;&nbsp;&nbsp;&nbsp;<a style='color:#000000' href=https:\/\/www.arcope.it\/benedini\/catalogo_bib.php?BIB_CODI=1174 target=_self>Mariagrazia Teschi, <i>La mostra Se Benedini naviga nei cieli dell'arte<\/i>, in \"La Provincia\", Cremona 7 ottobre 2023<\/a><br \/><hr>&nbsp;&nbsp;&nbsp;&nbsp;&nbsp;&nbsp;&nbsp;&nbsp;&nbsp;&nbsp;<a style='color:#000000' href=https:\/\/www.arcope.it\/benedini\/catalogo_bib.php?BIB_CODI=1099 target=_self><i>DiSegni carte del '900 italiano<\/i>, a cura di Luigi Cavadini e Simona Bartolena, Heart book 68 - Pulsazioni culturali, Vimercate (MB) 2023<\/a><br \/><hr><b><font size=6 color='#7F81FF'>2024<\/font><\/b><br>&nbsp;&nbsp;&nbsp;&nbsp;&nbsp;&nbsp;&nbsp;&nbsp;&nbsp;&nbsp;<a style='color:#000000' href=https:\/\/www.arcope.it\/benedini\/catalogo_bib.php?BIB_CODI=904 target=_self><i>Gabriella Benedini Open studio. Il tempo si era fermato<\/i>, a cura di Anty Pansera, presentazione di Maria Fratelli, s.l. febbraio 2024<\/a><br \/><hr>&nbsp;&nbsp;&nbsp;&nbsp;&nbsp;&nbsp;&nbsp;&nbsp;&nbsp;&nbsp;<a style='color:#000000' href=https:\/\/www.arcope.it\/benedini\/catalogo_bib.php?BIB_CODI=1569 target=_self><i>Diciottesima edizione Premio Morlotti - Imbersago maggio 2024<\/i>, a cura di Giorgio Seveso e Simona Bartolena, Imbersago (LC) 2024<\/a><br \/><hr>&nbsp;&nbsp;&nbsp;&nbsp;&nbsp;&nbsp;&nbsp;&nbsp;&nbsp;&nbsp;<a style='color:#000000' href=https:\/\/www.arcope.it\/benedini\/catalogo_bib.php?BIB_CODI=1548 target=_self><br \/><hr>&nbsp;&nbsp;&nbsp;&nbsp;&nbsp;&nbsp;&nbsp;&nbsp;&nbsp;&nbsp;<a style='color:#000000' href=https:\/\/www.arcope.it\/benedini\/catalogo_bib.php?BIB_CODI=1573 target=_self><i>Museo del 900. Gabriella Benedini e il suo Catalogo con 2300 opere<\/i>, in \"Il Giorno\", Milano 25 ottobre 2024<\/a><br \/><hr>&nbsp;&nbsp;&nbsp;&nbsp;&nbsp;&nbsp;&nbsp;&nbsp;&nbsp;&nbsp;<a style='color:#000000' href=https:\/\/www.arcope.it\/benedini\/catalogo_bib.php?BIB_CODI=1574 target=_self>Stefania Consenti, <i>Gabriella Benedini \"Spazio alle donne artiste c'\u00e8 ancora molto da fare. Atelier aperti ai giovani\"<\/i>, in \"Il Giorno\", Milano 5 novembre 2024<\/a><br \/><hr>&nbsp;&nbsp;&nbsp;&nbsp;&nbsp;&nbsp;&nbsp;&nbsp;&nbsp;&nbsp;<a style='color:#000000' href=https:\/\/www.arcope.it\/benedini\/catalogo_bib.php?BIB_CODI=1575 target=_self>Beatrice Zara, <i>Tempo, viaggio, mito e memoria Il catalogo ragionato online di Gabriella Benedini<\/i>, in \"ArtsLife\", online 19 novembre 2024<\/a><br \/><hr><b><font size=6 color='#7F81FF'>2025<\/font><\/b><br>&nbsp;&nbsp;&nbsp;&nbsp;&nbsp;&nbsp;&nbsp;&nbsp;&nbsp;&nbsp;<a style='color:#000000' href=https:\/\/www.arcope.it\/benedini\/catalogo_bib.php?BIB_CODI=1577 target=_self><i>Gabriella Benedini. Poesie nuove<\/i>, a cura di Marcella Cattaneo e Cristiana Iommi, Danilo Montanari Editore, Milano 2025<\/a><br \/><hr>&nbsp;&nbsp;&nbsp;&nbsp;&nbsp;&nbsp;&nbsp;&nbsp;&nbsp;&nbsp;<a style='color:#000000' href=https:\/\/www.arcope.it\/benedini\/catalogo_bib.php?BIB_CODI=1579 target=_self><br \/><hr>&nbsp;&nbsp;&nbsp;&nbsp;&nbsp;&nbsp;&nbsp;&nbsp;&nbsp;&nbsp;<a style='color:#000000' href=https:\/\/www.arcope.it\/benedini\/catalogo_bib.php?BIB_CODI=1580 target=_self><i>Gabriella Benedini rilegge il mito di Persefone per raccontare l'emergenza climatica<\/i>, in \"Targatocn\", online 29 settembre 2025<\/a><br \/><hr>&nbsp;&nbsp;&nbsp;&nbsp;&nbsp;&nbsp;&nbsp;&nbsp;&nbsp;&nbsp;<a style='color:#000000' href=https:\/\/www.arcope.it\/benedini\/catalogo_bib.php?BIB_CODI=1581 target=_self><i>Saluzzo. L'inverno di Persefone: Mito e cultura del contemporaneo. Mostra personale di Gabriella Benedini<\/i>, in \"100 torri\", online 30 settembre 2025<\/a><br \/><hr>&nbsp;&nbsp;&nbsp;&nbsp;&nbsp;&nbsp;&nbsp;&nbsp;&nbsp;&nbsp;<a style='color:#000000' href=https:\/\/www.arcope.it\/benedini\/catalogo_bib.php?BIB_CODI=1582 target=_self><i>L'Inverno di Persefone. Mito e cultura del contemporaneo<\/i>, in \"Visit Saluzzo\", online 30 settembre 2025<\/a><br \/><hr>&nbsp;&nbsp;&nbsp;&nbsp;&nbsp;&nbsp;&nbsp;&nbsp;&nbsp;&nbsp;<a style='color:#000000' href=https:\/\/www.arcope.it\/benedini\/catalogo_bib.php?BIB_CODI=1583 target=_self><i>Il mito di Persefone approda nelle antiche sale della Castiglia<\/i>, in \"La nuova Gazzetta di Saluzzo\", online 1 ottobre 2025<\/a><br \/><hr>&nbsp;&nbsp;&nbsp;&nbsp;&nbsp;&nbsp;&nbsp;&nbsp;&nbsp;&nbsp;<a style='color:#000000' href=https:\/\/www.arcope.it\/benedini\/catalogo_bib.php?BIB_CODI=1584 target=_self><i>Start 2025: cala il sipario<\/i>, in \"Corriere di Saluzzo\", online 1 ottobre 2025<\/a><br \/><hr>&nbsp;&nbsp;&nbsp;&nbsp;&nbsp;&nbsp;&nbsp;&nbsp;&nbsp;&nbsp;<a style='color:#000000' href=https:\/\/www.arcope.it\/benedini\/catalogo_bib.php?BIB_CODI=1585 target=_self><i>Saluzzo. Si inaugura \"l'Inverno di Persefone\"<\/i>, in \"Idea\", online 2 ottobre 2025<\/a><br \/><hr>&nbsp;&nbsp;&nbsp;&nbsp;&nbsp;&nbsp;&nbsp;&nbsp;&nbsp;&nbsp;<a style='color:#000000' href=https:\/\/www.arcope.it\/benedini\/catalogo_bib.php?BIB_CODI=1586 target=_self>Anna Cavallera, <i>Arte. La Fondazione Garuzzo inaugura, sabato 4 ottobre, \"L'Inverno di Persefone\"\r\nStart 2025: cala il sipario<\/i>, in \"Corriere di Saluzzo\", online 2 ottobre 2025<\/a><br \/><hr>&nbsp;&nbsp;&nbsp;&nbsp;&nbsp;&nbsp;&nbsp;&nbsp;&nbsp;&nbsp;<a style='color:#000000' href=https:\/\/www.arcope.it\/benedini\/catalogo_bib.php?BIB_CODI=1587 target=_self><i>Gabriella Benedini - L'inverno di Persefone<\/i>, in \"Arttribune\", online 4 ottobre 2025<\/a><br \/><hr>&nbsp;&nbsp;&nbsp;&nbsp;&nbsp;&nbsp;&nbsp;&nbsp;&nbsp;&nbsp;<a style='color:#000000' href=https:\/\/www.arcope.it\/benedini\/catalogo_bib.php?BIB_CODI=1588 target=_self>Vanna Pescatori, <i>Pippi Calzelunghe con l'ambasciatrice<\/i>, in \"La Stampa\", online 4 ottobre 2025<\/a><br \/><hr>&nbsp;&nbsp;&nbsp;&nbsp;&nbsp;&nbsp;&nbsp;&nbsp;&nbsp;&nbsp;<a style='color:#000000' href=https:\/\/www.arcope.it\/benedini\/catalogo_bib.php?BIB_CODI=1589 target=_self><i>Gabriella Benedini. L'Inverno di Persefone: Mito e cultura del contemporaneo<\/i>, in itinerarinellarte.it, online 4 ottobre 2025<\/a><br \/><hr>&nbsp;&nbsp;&nbsp;&nbsp;&nbsp;&nbsp;&nbsp;&nbsp;&nbsp;&nbsp;<a style='color:#000000' href=https:\/\/www.arcope.it\/benedini\/catalogo_bib.php?BIB_CODI=1617 target=_self><i>Premio Marche 2025 Biennale d'arte contemporanea<\/i>, Silvana Editoriale, Cinisello Balsamo  2025<\/a><br \/><hr><b><font size=6 color='#7F81FF'>2026<\/font><\/b><br>&nbsp;&nbsp;&nbsp;&nbsp;&nbsp;&nbsp;&nbsp;&nbsp;&nbsp;&nbsp;<a style='color:#000000' href=https:\/\/www.arcope.it\/benedini\/catalogo_bib.php?BIB_CODI=1590 target=_self><i>Cinque artisti per cinque materiali Benedini - Coletta - Cuschera - de Marchi - Oki<\/i>, a cura di Luigi Sansone, Milano 2026<\/a><br \/><hr>\n\n","protected":false},"excerpt":{"rendered":"<p>Bibliografia<\/p>\n","protected":false},"author":1,"featured_media":0,"parent":0,"menu_order":0,"comment_status":"closed","ping_status":"closed","template":"","meta":{"footnotes":""},"class_list":["post-867","page","type-page","status-publish","hentry"],"_links":{"self":[{"href":"https:\/\/www.athema.it\/catalogo_benedini\/wp-json\/wp\/v2\/pages\/867","targetHints":{"allow":["GET"]}}],"collection":[{"href":"https:\/\/www.athema.it\/catalogo_benedini\/wp-json\/wp\/v2\/pages"}],"about":[{"href":"https:\/\/www.athema.it\/catalogo_benedini\/wp-json\/wp\/v2\/types\/page"}],"author":[{"embeddable":true,"href":"https:\/\/www.athema.it\/catalogo_benedini\/wp-json\/wp\/v2\/users\/1"}],"replies":[{"embeddable":true,"href":"https:\/\/www.athema.it\/catalogo_benedini\/wp-json\/wp\/v2\/comments?post=867"}],"version-history":[{"count":5,"href":"https:\/\/www.athema.it\/catalogo_benedini\/wp-json\/wp\/v2\/pages\/867\/revisions"}],"predecessor-version":[{"id":2145,"href":"https:\/\/www.athema.it\/catalogo_benedini\/wp-json\/wp\/v2\/pages\/867\/revisions\/2145"}],"wp:attachment":[{"href":"https:\/\/www.athema.it\/catalogo_benedini\/wp-json\/wp\/v2\/media?parent=867"}],"curies":[{"name":"wp","href":"https:\/\/api.w.org\/{rel}","templated":true}]}}