{"id":1156,"date":"2024-06-21T10:15:38","date_gmt":"2024-06-21T08:15:38","guid":{"rendered":"https:\/\/www.athema.it\/catalogo_benedini\/?page_id=1156"},"modified":"2025-05-01T10:58:35","modified_gmt":"2025-05-01T08:58:35","slug":"biografia","status":"publish","type":"page","link":"https:\/\/www.athema.it\/catalogo_benedini\/biografia\/","title":{"rendered":"Copia di Biografia"},"content":{"rendered":"\n<h2>\n\t\tGabriella Benedini\n\t<\/h2>\n\t<p><strong><em>La formazione e gli esordi<\/em><\/strong><\/p>\n<figure id=\"attachment_1107\" aria-describedby=\"caption-attachment-1107\" style=\"width: 300px\" class=\"wp-caption alignleft\"><img loading=\"lazy\" decoding=\"async\" src=\"https:\/\/www.athema.it\/catalogo_benedini\/wp-content\/uploads\/2024\/06\/01-300x217.jpg\" alt=\"\" width=\"300\" height=\"217\" \/><figcaption id=\"caption-attachment-1107\" class=\"wp-caption-text\">con la mamma sul Monte Carmelo e alle spalle il panorama di Haifa<\/figcaption><\/figure>\n<p>Milanese d&#8217;adozione, nasce a Cremona il 19 settembre 1932 da Palmiro Orlando (1905-1947), infermiere, figura ben poco presente sia per essere stato a lungo sotto le armi sia per una morte precoce, e da Elsa Scarabello (1905-1986), casalinga, donna forte ma sensibile, capace di sostenere con intelligenza e convinzione le scelte della figlia, da cui \u00e8 stata sempre amatissima. L&#8217;amore per l&#8217;arte \u00e8 innato: gi\u00e0 da piccola disegna sulle pareti di casa, e anche su quelle delle case degli amichetti, immagini ben pi\u00f9 mature dei consueti scarabocchi infantili. Negli anni successivi per integrare il modesto bilancio familiare d\u00e0 lezioni di matematica e francese, realizza decorazioni per un cartolaio cremonese e disegna illustrazioni per libri per bambini. In anni certo non facili per le difficolt\u00e0 del dopoguerra Gabriella Benedini<a href=\"#_ftn1\" name=\"_ftnref1\">\t<a class=\"paoc-popup-click paoc-popup-cust-923 paoc-popup-button paoc-popup-btn \" href=\"javascript:void(0);\">[1]<\/a>\r\n<\/a> frequenta a Cremona il biennio dell&#8217;Istituto Tecnico Commerciale Eugenio Beltrami, dedicandosi al pomeriggio a un lavoro di decorazione e restauro,\u00a0 che fa emergere le sue doti. Si prepara allora privatamente\u00a0 e in parte da autodidatta per entrare all&#8217;Istituto Paolo Toschi<a href=\"#_ftn2\" name=\"_ftnref2\">\t<a class=\"paoc-popup-click paoc-popup-cust-1082 paoc-popup-button paoc-popup-btn \" href=\"javascript:void(0);\">[2]<\/a>\r\n<\/a> di Parma, dove frequenta<a href=\"#_ftn3\" name=\"_ftnref3\">\t<a class=\"paoc-popup-click paoc-popup-cust-1087 paoc-popup-button paoc-popup-btn \" href=\"javascript:void(0);\">[3]<\/a>\r\n<\/a> gli ultimi due anni con i docenti Umberto Lilloni<a href=\"#_ftn4\" name=\"_ftnref4\">\t<a class=\"paoc-popup-click paoc-popup-cust-1089 paoc-popup-button paoc-popup-btn \" href=\"javascript:void(0);\">[4]<\/a>\r\n<\/a>, Latino Barilli<a href=\"#_ftn5\" name=\"_ftnref5\">\t<a class=\"paoc-popup-click paoc-popup-cust-1091 paoc-popup-button paoc-popup-btn \" href=\"javascript:void(0);\">[5]<\/a>\r\n<\/a> e Armando Pizzinato<a href=\"#_ftn6\" name=\"_ftnref6\">\t<a class=\"paoc-popup-click paoc-popup-cust-1094 paoc-popup-button paoc-popup-btn \" href=\"javascript:void(0);\">[6]<\/a>\r\n<\/a> e si diploma nel luglio del 1953<a href=\"#_ftn7\" name=\"_ftnref7\">\t<a class=\"paoc-popup-click paoc-popup-cust-1096 paoc-popup-button paoc-popup-btn \" href=\"javascript:void(0);\">[7]<\/a>\r\n<\/a>; trasferitasi a Milano, si iscrive all&#8217;Accademia di Brera, frequentandola saltuariamente e senza conseguire il diploma: risulta, infatti, iscritta a Pittura, con matricola 2656, nell&#8217;anno scolastico 1953-1954 per il quale ha pagato le tasse, ma \u00e8 indicata assente\t<a class=\"paoc-popup-click paoc-popup-cust-1098 paoc-popup-button paoc-popup-btn \" href=\"javascript:void(0);\">[8]<\/a>\r\n, mentre dal registro delle iscrizioni<a href=\"#_ftn9\" name=\"_ftnref9\">\t<a class=\"paoc-popup-click paoc-popup-cust-1099 paoc-popup-button paoc-popup-btn \" href=\"javascript:void(0);\">[9]<\/a>\r\n<\/a>, si evince che abbia frequentato il corso di Pittura di Aldo Carpi<a href=\"#_ftn10\" name=\"_ftnref10\">\t<a class=\"paoc-popup-click paoc-popup-cust-1102 paoc-popup-button paoc-popup-btn \" href=\"javascript:void(0);\">[10]<\/a>\r\n<\/a>. Interpellata a questo proposito, Gabriella Benedini ricorda di aver seguito per\u00f2 i corsi di pittura di Pompeo Borra<a href=\"#_ftn11\" name=\"_ftnref11\">\t<a class=\"paoc-popup-click paoc-popup-cust-1104 paoc-popup-button paoc-popup-btn \" href=\"javascript:void(0);\">[11]<\/a>\r\n<\/a>. Intanto nel capoluogo lombardo incomincia a collaborare con case editrici di libri per bambini, realizzando delle illustrazioni.<\/p>\n<figure id=\"attachment_1114\" aria-describedby=\"caption-attachment-1114\" style=\"width: 217px\" class=\"wp-caption alignright\"><img loading=\"lazy\" decoding=\"async\" src=\"https:\/\/www.athema.it\/catalogo_benedini\/wp-content\/uploads\/2024\/06\/02-217x300.jpg\" alt=\"\" width=\"217\" height=\"300\" \/><figcaption id=\"caption-attachment-1114\" class=\"wp-caption-text\">a Parigi<\/figcaption><\/figure>\n<p>Affascinata da sempre dal mondo della parola &#8211; passione che rester\u00e0 negli anni -, \u00e8 autrice di alcuni racconti e di un romanzo che, se non vede le stampe, funge da lasciapassare per trasferirsi a Parigi. Arturo Schwarz<a href=\"#_ftn12\" name=\"_ftnref12\">\t<a class=\"paoc-popup-click paoc-popup-cust-1153 paoc-popup-button paoc-popup-btn \" href=\"javascript:void(0);\">[12]<\/a>\r\n<\/a>, editore allora agli esordi, infatti, che ha apprezzato la sua scrittura, le prepara una lettera di presentazione per l&#8217;amico Ren\u00e9 Juillard<a href=\"#_ftn13\" name=\"_ftnref13\">\t<a class=\"paoc-popup-click paoc-popup-cust-1161 paoc-popup-button paoc-popup-btn \" href=\"javascript:void(0);\">[13]<\/a>\r\n<\/a>: \u00e8 l&#8217;autunno del 1957<a href=\"#_ftn14\" name=\"_ftnref14\">\t<a class=\"paoc-popup-click paoc-popup-cust-1163 paoc-popup-button paoc-popup-btn \" href=\"javascript:void(0);\">[14]<\/a>\r\n<\/a>. Inizia un periodo molto intenso dal punto di vista del lavoro, ma anche dei contatti. Collabora con alcuni giornali cattolici appartenenti al gruppo de &#8220;La Croix&#8221;,\u00a0 in particolare con &#8220;Bayard&#8221;, il cui capo redattore \u00e8 Padre Marie Paul S\u00e8ve<a href=\"#_ftn15\" name=\"_ftnref15\">\t<a class=\"paoc-popup-click paoc-popup-cust-1164 paoc-popup-button paoc-popup-btn \" href=\"javascript:void(0);\">[15]<\/a>\r\n<\/a>: per questo giornale Gabriella disegna settimanalmente anche una strip, illustrando proprio i testi di Padre S\u00e8ve, introito modesto, ma importante garanzia per sostenersi.\u00a0 Appena arrivata nella capitale francese si stabilisce in un piccolo albergo in rue des Ecoles, nel quartiere di Montparnasse, poi in rue de l&#8217;Echiquier, per ultimo in quai Voltaire 33, all&#8217;ottavo e ultimo piano dell&#8217;edificio, un tempo riservato alla servit\u00f9, accompagnata dall&#8217;inseparabile gatto Dal\u00ec<a href=\"#_ftn16\" name=\"_ftnref16\">\t<a class=\"paoc-popup-click paoc-popup-cust-1166 paoc-popup-button paoc-popup-btn \" href=\"javascript:void(0);\">[16]<\/a>\r\n<\/a>. Grazie al compagno, che l&#8217;ha seguita dall&#8217;Italia e che sposer\u00e0 poco dopo, ottiene uno studio alla Cit\u00e9 Universitaire nel padiglione della Maison d&#8217;Italie, il cui direttore \u00e8 Ruggero Romano<a href=\"#_ftn17\" name=\"_ftnref17\">\t<a class=\"paoc-popup-click paoc-popup-cust-1167 paoc-popup-button paoc-popup-btn \" href=\"javascript:void(0);\">[17]<\/a>\r\n<\/a>,\u00a0 in\u00a0 Boulevard Jourdan\u00a0 9. Presente a inaugurazioni, conferenze e incontri &#8211; conosce Fran\u00e7oise Sagan in occasione di una sua esposizione<a href=\"#_ftn18\" name=\"_ftnref18\">\t<a class=\"paoc-popup-click paoc-popup-cust-1169 paoc-popup-button paoc-popup-btn \" href=\"javascript:void(0);\">[18]<\/a>\r\n<\/a> -, frequenta il mondo culturale di una Parigi quanto mai vivace, moderna, innovativa e resta affascinata dal Surrealismo, come \u00e8 riconosciuto dalla critica sulla stampa francese<a href=\"#_ftn19\" name=\"_ftnref19\">\t<a class=\"paoc-popup-click paoc-popup-cust-1171 paoc-popup-button paoc-popup-btn \" href=\"javascript:void(0);\">[19]<\/a>\r\n<\/a>, e dalla pittura astratto-informale. Bench\u00e9 arrivata da pochi mesi, i contatti\u00a0 nella <em>ville lumi\u00e8re<\/em> la portano ad esporre sei tele<a href=\"#_ftn20\" name=\"_ftnref20\">\t<a class=\"paoc-popup-click paoc-popup-cust-1173 paoc-popup-button paoc-popup-btn \" href=\"javascript:void(0);\">[20]<\/a>\r\n<\/a>, purtroppo non identificate,\u00a0 alla Cimaise de Paris<a href=\"#_ftn21\" name=\"_ftnref21\">\t<a class=\"paoc-popup-click paoc-popup-cust-1174 paoc-popup-button paoc-popup-btn \" href=\"javascript:void(0);\">[21]<\/a>\r\n<\/a> insieme a Jean Schafer<a href=\"#_ftn22\" name=\"_ftnref22\">\t<a class=\"paoc-popup-click paoc-popup-cust-1175 paoc-popup-button paoc-popup-btn \" href=\"javascript:void(0);\">[22]<\/a>\r\n<\/a>, Michel Pourteyron<a href=\"#_ftn23\" name=\"_ftnref23\">\t<a class=\"paoc-popup-click paoc-popup-cust-1176 paoc-popup-button paoc-popup-btn \" href=\"javascript:void(0);\">[23]<\/a>\r\n<\/a>, Jean Cuillerat<a href=\"#_ftn24\" name=\"_ftnref24\">\t<a class=\"paoc-popup-click paoc-popup-cust-1177 paoc-popup-button paoc-popup-btn \" href=\"javascript:void(0);\">[24]<\/a>\r\n<\/a>.\u00a0 In seguito, oltre alla partecipazione a mostre collettive &#8211; tra cui al\u00a0 <em>69\u00b0 Salon des Ind\u00e9pendants<\/em><a href=\"#_ftn25\" name=\"_ftnref25\">\t<a class=\"paoc-popup-click paoc-popup-cust-1178 paoc-popup-button paoc-popup-btn \" href=\"javascript:void(0);\">[25]<\/a>\r\n<\/a> al Grand Palais &#8211; espone in due personali\u00a0 alla Galerie A.G.<a href=\"#_ftn26\" name=\"_ftnref26\">\t<a class=\"paoc-popup-click paoc-popup-cust-1179 paoc-popup-button paoc-popup-btn \" href=\"javascript:void(0);\">[26]<\/a>\r\n<\/a> e alla Galerie Ror Volmar<a href=\"#_ftn27\" name=\"_ftnref27\">\t<a class=\"paoc-popup-click paoc-popup-cust-1180 paoc-popup-button paoc-popup-btn \" href=\"javascript:void(0);\">[27]<\/a>\r\n<\/a>. Fallito il matrimonio, nel 1960 preferisce rientrare in Italia, prima a Cremona per un breve periodo e poi a Milano, dove dal 1961 si stabilisce in Via Morgantini\u00a0 con studio in Via Camperio; si trasferir\u00e0 poco dopo in Via Poerio<a href=\"#_ftn28\" name=\"_ftnref28\">\t<a class=\"paoc-popup-click paoc-popup-cust-1181 paoc-popup-button paoc-popup-btn \" href=\"javascript:void(0);\">[28]<\/a>\r\n<\/a>, cui seguir\u00e0 Via Cosimo del Fante per approdare infine in Corso di Porta Romana, dove trovano spazio sia l&#8217;abitazione che lo studio.<\/p>\n<p><strong><em>\u00a0<\/em><\/strong><\/p>\n<p><strong><em>A Milano: esperienze di gruppo<\/em><\/strong><\/p>\n<figure id=\"attachment_1300\" aria-describedby=\"caption-attachment-1300\" style=\"width: 150px\" class=\"wp-caption alignright\"><img loading=\"lazy\" decoding=\"async\" src=\"https:\/\/www.athema.it\/catalogo_benedini\/wp-content\/uploads\/2024\/06\/03-150x150.jpg\" alt=\"\" width=\"150\" height=\"150\" \/><figcaption id=\"caption-attachment-1300\" class=\"wp-caption-text\">con Bepi Romagnoni<\/figcaption><\/figure>\n<p>Anche il capoluogo lombardo sta vivendo un periodo culturalmente molto vivace e qui entra in contatto con il Realismo Esistenziale\t<a class=\"paoc-popup-click paoc-popup-cust-1183 paoc-popup-button paoc-popup-btn \" href=\"javascript:void(0);\">[29]<\/a>\r\n e partecipa al clima della Nuova Figurazione<a href=\"#_ftn30\" name=\"_ftnref30\">\t<a class=\"paoc-popup-click paoc-popup-cust-1184 paoc-popup-button paoc-popup-btn \" href=\"javascript:void(0);\">[30]<\/a>\r\n<\/a>. Frequenta in modo particolare Bepi Romagnoni<a href=\"#_ftn31\" name=\"_ftnref31\">\t<a class=\"paoc-popup-click paoc-popup-cust-1185 paoc-popup-button paoc-popup-btn \" href=\"javascript:void(0);\">[31]<\/a>\r\n<\/a> al quale \u00e8 debitrice del contatto con la Galleria Bergamini<a href=\"#_ftn32\" name=\"_ftnref32\">\t<a class=\"paoc-popup-click paoc-popup-cust-1186 paoc-popup-button paoc-popup-btn \" href=\"javascript:void(0);\">[32]<\/a>\r\n<\/a>, che nel 1962<a href=\"#_ftn33\" name=\"_ftnref33\">\t<a class=\"paoc-popup-click paoc-popup-cust-1187 paoc-popup-button paoc-popup-btn \" href=\"javascript:void(0);\">[33]<\/a>\r\n<\/a> organizza la sua prima personale italiana<a href=\"#_ftn34\" name=\"_ftnref34\">\t<a class=\"paoc-popup-click paoc-popup-cust-1188 paoc-popup-button paoc-popup-btn \" href=\"javascript:void(0);\">[34]<\/a>\r\n<\/a>, presentata in catalogo da Carlo Munari.<\/p>\n<figure id=\"attachment_1301\" aria-describedby=\"caption-attachment-1301\" style=\"width: 223px\" class=\"wp-caption alignleft\"><img loading=\"lazy\" decoding=\"async\" src=\"https:\/\/www.athema.it\/catalogo_benedini\/wp-content\/uploads\/2024\/06\/03-bis-223x300.jpg\" alt=\"\" width=\"223\" height=\"300\" \/><figcaption id=\"caption-attachment-1301\" class=\"wp-caption-text\">alla Galleria Bergamini, Milano 1962 in occasione della prima personale<\/figcaption><\/figure>\n<p>Importante riconoscimento della sua attivit\u00e0 \u00e8 l&#8217;invito nel 1965 alla IX Quadriennale\t<a class=\"paoc-popup-click paoc-popup-cust-1189 paoc-popup-button paoc-popup-btn \" href=\"javascript:void(0);\">[35]<\/a>\r\n di Roma alla quale espone tre opere\t<a class=\"paoc-popup-click paoc-popup-cust-1190 paoc-popup-button paoc-popup-btn \" href=\"javascript:void(0);\">[36]<\/a>\r\n che risentono del clima della Nuova Figurazione e in particolare dell&#8217;influenza di Francis Bacon, cui segue l&#8217;anno successivo il premio all&#8217;<em>XI Concorso Nazionale di Pittura Premio Ramazzotti<\/em><a href=\"#_ftn37\" name=\"_ftnref37\">\t<a class=\"paoc-popup-click paoc-popup-cust-1191 paoc-popup-button paoc-popup-btn \" href=\"javascript:void(0);\">[37]<\/a>\r\n<\/a> con <em>Attraverso il cancello del nostro primo mondo<\/em> (AGB 0346), espressione\u00a0 del suo breve periodo neofigurativo, anche se Gabriella afferma che \u00abla figurazione\u00a0 [&#8230;] non mi ha mai veramente interessato\u00bb\t<a class=\"paoc-popup-click paoc-popup-cust-1193 paoc-popup-button paoc-popup-btn \" href=\"javascript:void(0);\">[38]<\/a>\r\n<a href=\"#_ftn38\" name=\"_ftnref38\"><\/a>. E molte saranno le partecipazioni a premi e concorsi, specie nel corso dei decenni Sessanta e Settanta, secondo un uso in quegli anni molto diffuso, a molti dei quali ottiene premi\u00a0 e segnalazioni.<\/p>\n<figure id=\"attachment_1302\" aria-describedby=\"caption-attachment-1302\" style=\"width: 300px\" class=\"wp-caption alignright\"><img loading=\"lazy\" decoding=\"async\" src=\"https:\/\/www.athema.it\/catalogo_benedini\/wp-content\/uploads\/2024\/06\/03-TER-300x203.jpg\" alt=\"\" width=\"300\" height=\"203\" \/><figcaption id=\"caption-attachment-1302\" class=\"wp-caption-text\">con il marito Giorgio Azzoni (di spalle) a una mostra<\/figcaption><\/figure>\nIl 28 maggio 1967 si sposa con Pier Giorgio Azzoni (1931-1982), direttore dell&#8217;ufficio legale di una Banca, il vero amore di una vita, prematuramente scomparso, con il quale Gabriella ha condiviso non solo il quotidiano, ma anche esperienze uniche e memorabili, quali avventurosi ed emozionanti viaggi, che hanno profondamente inciso sul suo percorso artistico. Questi hanno portato la coppia a percorrere, da soli, con un vecchio fuoristrada &#8211; mezzo di trasporto e casa -, nel 1969 la rotta verso oriente fino all&#8217;Afganistan e poi al Pakistan,\u00a0 attraverso Jugoslavia, Bulgaria, Turchia e Iran, in seguito, in un arco di tempo compreso tra il 1974 e il 1978, a compiere ripetuti viaggi lungo le piste dell&#8217;Africa prima attraverso Algeria, Niger, Togo, Costa d&#8217;Avorio fino al Mali, poi attraverso\u00a0 Marocco, Sahara spagnolo, Mauritania, Senegal, stregati dal fascino del deserto.<br \/>\n<img loading=\"lazy\" decoding=\"async\" src=\"https:\/\/www.athema.it\/catalogo_benedini\/wp-content\/uploads\/2024\/06\/05-150x150.jpg\" alt=\"\" width=\"209\" height=\"209\" \/>\n<p><img loading=\"lazy\" decoding=\"async\" src=\"https:\/\/www.athema.it\/catalogo_benedini\/wp-content\/uploads\/2024\/06\/04-150x150.jpg\" alt=\"\" width=\"193\" height=\"193\" \/><\/p>\n<figure id=\"attachment_1305\" aria-describedby=\"caption-attachment-1305\" style=\"width: 187px\" class=\"wp-caption alignleft\"><img loading=\"lazy\" decoding=\"async\" src=\"https:\/\/www.athema.it\/catalogo_benedini\/wp-content\/uploads\/2024\/06\/06-150x150.jpg\" alt=\"\" width=\"187\" height=\"187\" \/><figcaption id=\"caption-attachment-1305\" class=\"wp-caption-text\">nel deserto<\/figcaption><\/figure>\n<figure id=\"attachment_1306\" aria-describedby=\"caption-attachment-1306\" style=\"width: 300px\" class=\"wp-caption alignright\"><img loading=\"lazy\" decoding=\"async\" src=\"https:\/\/www.athema.it\/catalogo_benedini\/wp-content\/uploads\/2024\/06\/07-300x294.jpg\" alt=\"\" width=\"300\" height=\"294\" \/><figcaption id=\"caption-attachment-1306\" class=\"wp-caption-text\">nel deserto nel 1974<\/figcaption><\/figure>\n<p>&nbsp;<\/p>\n<p>&nbsp;<\/p>\n<p>&nbsp;<\/p>\n<p>&nbsp;<\/p>\n<p>Altrettanto\u00a0 poco convenzionale\u00a0 un viaggio in Messico nel 1971 raggiunto su una nave cargo della Compagnia di navigazione Cesare D&#8217;Amico con destinazione Vancouver,\u00a0 attraccando a Panama, per poi fare tappa anche a Chicago e a New York e soddisfare il desiderio di Giorgio di vedere gli Stati Uniti.<\/p>\n<p>Nel 1977 con Lucia Pescador, cui si uniscono Alessandra Bonelli e Lucia Sterlocchi, costituisce il\u00a0 Gruppo Metamorfosi, &#8220;un caso esemplare&#8221; come scrive Elena Di Raddo, la cui \u00ab[&#8230;] peculiarit\u00e0 [&#8230;] e anche probabilmente la motivazione che ha fatto in modo che rimanesse attivo per diversi anni, fino al 1985, \u00e8 che ciascuna individualit\u00e0 al suo interno ha mantenuto una propria autonomia: pur partecipando a mostre collettive e personali, le artiste si sono riconosciute unite da un punto di vista creativo e si sono presentate insieme in occasione di esposizioni pensate specificatamente attorno a un tema condiviso.\u00bb\t<a class=\"paoc-popup-click paoc-popup-cust-1194 paoc-popup-button paoc-popup-btn \" href=\"javascript:void(0);\">[39]<\/a>\r\n<\/p>\n<p>Sono ben undici le rassegne del gruppo a partire dalla prima<em>, Metamorfosi: dalla natura alla &#8220;ragione&#8221; (Gruppo Metamorfosi)<\/em>, svoltasi\u00a0 nel 1977-1978 a Palazzo dei Diamanti-Centro di attivit\u00e0 visive di Ferrara\t<a class=\"paoc-popup-click paoc-popup-cust-1195 paoc-popup-button paoc-popup-btn \" href=\"javascript:void(0);\">[40]<\/a>\r\n all&#8217;ultima nel 1984 nella stessa citt\u00e0 emiliana alla Galleria Massari di Palazzo Massari<a href=\"#_ftn41\" name=\"_ftnref41\">\t<a class=\"paoc-popup-click paoc-popup-cust-1197 paoc-popup-button paoc-popup-btn \" href=\"javascript:void(0);\">[41]<\/a>\r\n<\/a>,\u00a0 <em>I mesi mancanti (da Schifanoia 1984) (Gruppo Metamorfosi)<\/em>, una riflessione delle artiste\u00a0 a integrare lo splendido ciclo di affreschi quattrocenteschi ormai lacunoso. Il gruppo si fa conoscere anche a livello internazionale con mostre a Macon, Bruxelles, Londra e Vlietje. La forza del sodalizio, cio\u00e8 l&#8217;aver permesso a ciascuna componente di esprimere la propria individualit\u00e0, \u00e8 anche la ragione della sua fine, poich\u00e9 ad un certo punto l&#8217;esperienza risulta conclusa e ciascuna artista prosegue il proprio personale cammino.<\/p>\n<figure id=\"attachment_1311\" aria-describedby=\"caption-attachment-1311\" style=\"width: 150px\" class=\"wp-caption alignleft\"><img loading=\"lazy\" decoding=\"async\" src=\"https:\/\/www.athema.it\/catalogo_benedini\/wp-content\/uploads\/2024\/06\/09-150x150.jpg\" alt=\"\" width=\"150\" height=\"150\" \/><figcaption id=\"caption-attachment-1311\" class=\"wp-caption-text\">il Gruppo Metamorfosi: (da sinistra) Lucia Pescador, Gabriella Benedini, Lucia Sterlocchi, Alessandra Bonelli<br \/>foto Giovanna Calvenzi<\/figcaption><\/figure>\n<p>Sempre nel 1977 aderisce anche a Coop 77 Arti visive, un collettivo di artisti\t<a class=\"paoc-popup-click paoc-popup-cust-1198 paoc-popup-button paoc-popup-btn \" href=\"javascript:void(0);\">[42]<\/a>\r\n, che condividono, pi\u00f9 che esperienze creative, un medesimo sentire politico-ideologico. Scrive infatti Bruno Montefiori, presidente del Comitato esecutivo della prima mostra tenutasi a La Spezia, che gli artisti che la compongono si sono associati per \u00ab[&#8230;] delineare una propria proposta di politica culturale e convogliare la creativit\u00e0 individuale in un unico solidale impegno.\u00bb\t<a class=\"paoc-popup-click paoc-popup-cust-1200 paoc-popup-button paoc-popup-btn \" href=\"javascript:void(0);\">[43]<\/a>\r\n<\/p>\n<figure id=\"attachment_1313\" aria-describedby=\"caption-attachment-1313\" style=\"width: 247px\" class=\"wp-caption alignright\"><img loading=\"lazy\" decoding=\"async\" src=\"https:\/\/www.athema.it\/catalogo_benedini\/wp-content\/uploads\/2024\/06\/10-300x199.jpg\" alt=\"\" width=\"247\" height=\"164\" \/><figcaption id=\"caption-attachment-1313\" class=\"wp-caption-text\">il Gruppo Coop 77 in occasione della mostra a La Spezia:<br \/>Renzo Borella, Gabriella Benedini, Giovanni Cappelli, Giuseppe Martinelli, Giancarlo Ossola, in ginocchio Fabrizio Merisi; Piero Leddi, Giuseppe Guarino, Lino Marzulli, Ruggero Savinio<\/figcaption><\/figure>\n<p>Le riunioni si svolgono in casa di Piero Leddi in Via Lanzone a Milano e la prima uscita pubblica\u00a0 \u00e8, appunto, la mostra al Centro Allende di La Spezia\t<a class=\"paoc-popup-click paoc-popup-cust-1201 paoc-popup-button paoc-popup-btn \" href=\"javascript:void(0);\">[44]<\/a>\r\n. Come sottolinea Gianni Cavazzini in uno dei testi in catalogo \u00abQuesti pittori, \u00e8 il caso di precisarlo, non formano un gruppo omogeneo sul piano del linguaggio e nemmeno delimitano, a livello teorico, un&#8217;organica area di ricerca. L&#8217;elemento primo che li unisce \u00e8 proprio il rifiuto di qualsiasi disegno dogmatico e programmato che tenda a guidare su linee prestabilite le loro singole esperienze. Una diversit\u00e0, quindi, che si traduce in una testimonianza unitaria quanto alle ispirazioni ideali e in una difesa delle prerogative individuali quanto alle scelte linguistiche. La dichiarata salvaguardia dell&#8217;autonomia creativa assume inoltre un significato di opposizione nei riguardi dell&#8217;attuale pianificazione culturale addomesticata agli interessi dei gruppi di potere e degli indirizzi critici dominanti\u00bb.<a href=\"#_ftn45\" name=\"_ftnref45\">\t<a class=\"paoc-popup-click paoc-popup-cust-1202 paoc-popup-button paoc-popup-btn \" href=\"javascript:void(0);\">[45]<\/a>\r\n<\/a> A questa seguiranno due altre rassegne una sempre nel 1978\t<a class=\"paoc-popup-click paoc-popup-cust-1203 paoc-popup-button paoc-popup-btn \" href=\"javascript:void(0);\">[46]<\/a>\r\n al Circolo Culturale &#8220;La Nuova Torretta&#8221; di Sesto San Giovanni (Milano) e l&#8217;altra l&#8217;anno successivo, curata da Giorgio Trentin, alla Galleria\u00a0 Bevilacqua La Masa di Venezia.\t<a class=\"paoc-popup-click paoc-popup-cust-1205 paoc-popup-button paoc-popup-btn \" href=\"javascript:void(0);\">[47]<\/a>\r\n<\/p>\n<figure id=\"attachment_1668\" aria-describedby=\"caption-attachment-1668\" style=\"width: 255px\" class=\"wp-caption alignleft\"><img loading=\"lazy\" decoding=\"async\" src=\"https:\/\/www.athema.it\/catalogo_benedini\/wp-content\/uploads\/2024\/07\/11-300x298.jpg\" alt=\"\" width=\"255\" height=\"253\" \/><figcaption id=\"caption-attachment-1668\" class=\"wp-caption-text\">alla Galleria d&#8217;Arte di Porta Ticinese, Milano 1978. Dibattito sulla ricerca su Il trasparente in occasione della mostra <i>Mezzo cielo<\/i> (Gruppo Metamorfosi)<\/figcaption><\/figure>\n<p>In questi stessi anni si collocano le\u00a0 presenze alla Galleria di Porta Ticinese\t<a class=\"paoc-popup-click paoc-popup-cust-1206 paoc-popup-button paoc-popup-btn \" href=\"javascript:void(0);\">[48]<\/a>\r\n<a href=\"#_ftn48\" name=\"_ftnref48\"><\/a>, aperta da Gigliola Ravasino nel 1973, molto attenta all&#8217;opera delle artiste donne. La prima partecipazione \u00e8 nel 1978 all&#8217;interno dell&#8217;articolata rassegna <em>Mezzo cielo<\/em>\t<a class=\"paoc-popup-click paoc-popup-cust-1207 paoc-popup-button paoc-popup-btn \" href=\"javascript:void(0);\">[49]<\/a>\r\n<em>, <\/em>dedicata, appunto, alla realt\u00e0 artistica femminile: nel corso di un mese numerose artiste e gruppi di artiste presentano le proprie ricerche e Gabriella Benedini, con Lucia Pescador e Lucia Sterlocchi, si interroga su <em>Il trasparente<\/em>\t<a class=\"paoc-popup-click paoc-popup-cust-1208 paoc-popup-button paoc-popup-btn \" href=\"javascript:void(0);\">[50]<\/a>\r\n<em>, <\/em>cui segue nel 1980 la personale \u00a0<em>Sogno, bisogno. Analisi al soggetto.<\/em>\t<a class=\"paoc-popup-click paoc-popup-cust-1209 paoc-popup-button paoc-popup-btn \" href=\"javascript:void(0);\">[51]<\/a>\r\n<\/p>\n<figure id=\"attachment_1694\" aria-describedby=\"caption-attachment-1694\" style=\"width: 366px\" class=\"wp-caption alignright\"><img loading=\"lazy\" decoding=\"async\" src=\"https:\/\/www.athema.it\/catalogo_benedini\/wp-content\/uploads\/2024\/07\/12-300x210.jpg\" alt=\"\" width=\"366\" height=\"256\" \/><figcaption id=\"caption-attachment-1694\" class=\"wp-caption-text\">alla Galleria d&#8217;Arte di Porta Ticinese, Milano 1980. Dibattito in occasione della mostra personale <i>Sogno, bisogno. Analisi al soggetto<\/i>. <br \/>A sinistra in primo piano Gio Pomodoro; sopra Benedini con Mauro Staccioli<\/figcaption><\/figure>\n<p><img loading=\"lazy\" decoding=\"async\" src=\"https:\/\/www.athema.it\/catalogo_benedini\/wp-content\/uploads\/2024\/07\/13-187x300.jpg\" alt=\"\" width=\"233\" height=\"373\" \/><\/p>\n<p>&nbsp;<\/p>\n<p>&nbsp;<\/p>\n<p>&nbsp;<\/p>\n<p>&nbsp;<\/p>\n<p>&nbsp;<\/p>\n<p>&nbsp;<\/p>\n<p>&nbsp;<\/p>\n<p>&nbsp;<\/p>\n<p>&nbsp;<\/p>\n<p><strong><em>Un cammino indipendente<\/em><\/strong><\/p>\n<p>Progressivamente, dopo queste esperienze di condivisione, nelle quali, tuttavia, Gabriella Benedini ha mantenuto sempre una forte identit\u00e0 personale, la scelta dell&#8217;artista si indirizza verso un operare in solitudine. Il suo \u00e8 un continuo approfondimento\u00a0 lungo un percorso\u00a0 attento a quanto avviene nella realt\u00e0 che la circonda, ma che si mantiene del tutto indipendente. \u00ab[&#8230;]a un certo punto, decisi di andare per conto mio: non mi identificavo con nessuno, cominciai a cercare solo dentro di me e i libri furono i miei compagni\u00bb afferma Gabriella Benedini nel dialogo con Sandro Parmiggiani in occasione della rassegna <em>Le arpe di Ninive <\/em>del\u00a0 2006.\t<a class=\"paoc-popup-click paoc-popup-cust-1210 paoc-popup-button paoc-popup-btn \" href=\"javascript:void(0);\">[52]<\/a>\r\n<\/p>\n<p>E l&#8217;interesse per una ricerca autonoma la porta a sperimentare anche mezzi espressivi diversi e nuovi quali la cinepresa, strumento non solo in grado di fermare momenti particolari dei viaggi, ma anche capace di dar vita a vere\u00a0 e proprie storie cariche di poesia, ma anche dai forti toni di denuncia. Sono tre i cortometraggi realizzati dall&#8217;artista:\u00a0 il primo <em>Doprenoi<\/em> (AGB 2205) del 1973 a colori, seguito da <em>Diutop <\/em>(AGB 2206) del 1975 in bianco e nero e infine di tre anni pi\u00f9 tardi <em>Deserto<\/em> (AGB 247) in seppia di soli quattro,\u00a0 intensi minuti. E con <em>Diutop<\/em> di ben 30 minuti partecipa alla seconda edizione di <em>Arte e Cinema<\/em>, il Festival del cinema d&#8217;artista curato da Vittorio Fagone che si svolge al Circolo Formentini di Milano dal 17-25 giugno 1977\t<a class=\"paoc-popup-click paoc-popup-cust-1211 paoc-popup-button paoc-popup-btn \" href=\"javascript:void(0);\">[53]<\/a>\r\n.<\/p>\n<p><img loading=\"lazy\" decoding=\"async\" src=\"https:\/\/www.athema.it\/catalogo_benedini\/wp-content\/uploads\/2024\/07\/18-291x300.jpg\" alt=\"\" width=\"291\" height=\"300\" \/> <img loading=\"lazy\" decoding=\"async\" src=\"https:\/\/www.athema.it\/catalogo_benedini\/wp-content\/uploads\/2024\/07\/15-293x300.jpg\" alt=\"\" width=\"293\" height=\"300\" \/> <img loading=\"lazy\" decoding=\"async\" src=\"https:\/\/www.athema.it\/catalogo_benedini\/wp-content\/uploads\/2024\/07\/16-291x300.jpg\" alt=\"\" width=\"291\" height=\"300\" \/> <img loading=\"lazy\" decoding=\"async\" src=\"https:\/\/www.athema.it\/catalogo_benedini\/wp-content\/uploads\/2024\/07\/17-294x300.jpg\" alt=\"\" width=\"294\" height=\"300\" \/> <img loading=\"lazy\" decoding=\"async\" src=\"https:\/\/www.athema.it\/catalogo_benedini\/wp-content\/uploads\/2024\/07\/19-293x300.jpg\" alt=\"\" width=\"293\" height=\"300\" \/> <img loading=\"lazy\" decoding=\"async\" src=\"https:\/\/www.athema.it\/catalogo_benedini\/wp-content\/uploads\/2024\/07\/14-291x300.jpg\" alt=\"\" width=\"291\" height=\"300\" \/><\/p>\n<p><i>Utopia<\/i>, la scultura in PVC creata nel 1972 e utilizzata per realizzare il film <i>Diutop<\/i> del 1975<\/p>\n<p>&nbsp;<\/p>\n<p>Nel corso degli anni si susseguono alcuni riconoscimenti prestigiosi quali la partecipazione nel 1986 alla<em> XLII Esposizione Internazionale d&#8217;Arte La Biennale di Venezia <\/em>nella rassegna<em> Arte e Scienza Arte e alchimia<\/em>\t<a class=\"paoc-popup-click paoc-popup-cust-1212 paoc-popup-button paoc-popup-btn \" href=\"javascript:void(0);\">[54]<\/a>\r\n, curata da Arturo Schwarz, nella quale espone <em>Teatro chimico di novembre<\/em> (AGB 0120), il lavoro che aveva realizzato per la mostra <em>I mesi mancanti (da Schifanoia 1984) (Gruppo Metamorfosi)<\/em> del 1984.<\/p>\n<figure id=\"attachment_1693\" aria-describedby=\"caption-attachment-1693\" style=\"width: 300px\" class=\"wp-caption alignleft\"><img loading=\"lazy\" decoding=\"async\" src=\"https:\/\/www.athema.it\/catalogo_benedini\/wp-content\/uploads\/2024\/07\/20-300x296.jpg\" alt=\"\" width=\"300\" height=\"296\" \/><figcaption id=\"caption-attachment-1693\" class=\"wp-caption-text\">tra le sue sculture<\/figcaption><\/figure>\n<p>Progressivamente Gabriella Benedini, a partire dalla fine del decennio ottanta, si allontana dalla dimensione bidimensionale della pittura, interessata invece da quella volumetrica. Nei suoi lavori, infatti, vengono inseriti elementi di recupero &#8211; reperti che l&#8217;artista trova per caso, durante le passeggiate sulla spiaggia &#8211; che acquistano, o meglio ri-acquistano, un nuovo significato e che inseriscono nelle opere una terza dimensione.<\/p>\n<p>\u00abSo dipingere, ma non mi interessa la pittura di per s\u00e9. E&#8217; solo dagli anni ottanta che sento di essere nella mia pelle vera. In tutti quegli anni cercavo; adesso trovo, il che \u00e8 molto diverso\u00bb afferma\u00a0 nel dialogo con Sandro Parmiggiani \t<a class=\"paoc-popup-click paoc-popup-cust-1213 paoc-popup-button paoc-popup-btn \" href=\"javascript:void(0);\">[55]<\/a>\r\n. Da qui poi il passaggio alla scultura: grandi forme che propongono con le Arpe, le Vele, le Barche i temi pi\u00f9 cari, oltre a quello della misurazione, legati al viaggio, alla navigazione e al suono.<\/p>\n<p>Moltissime, dunque, dai primi anni novanta, oltre alle presenze in numerose collettive, le rassegne personali nelle quali Gabriella Benedini presenta gli esiti delle sue ricerche. Grazie ad allestimenti studiati e accurati le opere si pongono in dialogo con i luoghi ospitanti in esposizioni di grande suggestione.<\/p>\n\t<p>Ultimo aggiornamento: 30-4-2025<\/p>\n\n","protected":false},"excerpt":{"rendered":"<p>Gabriella Benedini La formazione e gli esordi Milanese d&#8217;adozione, nasce a Cremona il 19 settembre 1932 da Palmiro Orlando (1905-1947), infermiere, figura ben poco presente sia per essere stato a lungo sotto le armi sia per una morte precoce, e da Elsa Scarabello (1905-1986), casalinga, donna forte ma sensibile, capace di sostenere con intelligenza e convinzione le scelte della figlia, da cui \u00e8 stata sempre amatissima. L&#8217;amore per l&#8217;arte \u00e8 innato: gi\u00e0 da piccola disegna sulle pareti di casa, e anche su quelle delle case degli amichetti, immagini ben pi\u00f9 mature dei consueti scarabocchi infantili. Negli anni successivi per integrare il modesto bilancio familiare d\u00e0 lezioni di matematica e francese,&hellip; <a class=\"read-more\" href=\"https:\/\/www.athema.it\/catalogo_benedini\/biografia\/\">Read More<\/a><\/p>\n","protected":false},"author":1,"featured_media":0,"parent":0,"menu_order":0,"comment_status":"closed","ping_status":"closed","template":"","meta":{"footnotes":""},"class_list":["post-1156","page","type-page","status-publish","hentry"],"_links":{"self":[{"href":"https:\/\/www.athema.it\/catalogo_benedini\/wp-json\/wp\/v2\/pages\/1156","targetHints":{"allow":["GET"]}}],"collection":[{"href":"https:\/\/www.athema.it\/catalogo_benedini\/wp-json\/wp\/v2\/pages"}],"about":[{"href":"https:\/\/www.athema.it\/catalogo_benedini\/wp-json\/wp\/v2\/types\/page"}],"author":[{"embeddable":true,"href":"https:\/\/www.athema.it\/catalogo_benedini\/wp-json\/wp\/v2\/users\/1"}],"replies":[{"embeddable":true,"href":"https:\/\/www.athema.it\/catalogo_benedini\/wp-json\/wp\/v2\/comments?post=1156"}],"version-history":[{"count":60,"href":"https:\/\/www.athema.it\/catalogo_benedini\/wp-json\/wp\/v2\/pages\/1156\/revisions"}],"predecessor-version":[{"id":2260,"href":"https:\/\/www.athema.it\/catalogo_benedini\/wp-json\/wp\/v2\/pages\/1156\/revisions\/2260"}],"wp:attachment":[{"href":"https:\/\/www.athema.it\/catalogo_benedini\/wp-json\/wp\/v2\/media?parent=1156"}],"curies":[{"name":"wp","href":"https:\/\/api.w.org\/{rel}","templated":true}]}}